{"id":113,"date":"2018-07-02T21:16:48","date_gmt":"2018-07-02T21:16:48","guid":{"rendered":"https:\/\/webs.uab.cat\/3dvirtualherp\/fitxa-descriptiva\/sargantana-iberica\/"},"modified":"2024-10-11T16:00:04","modified_gmt":"2024-10-11T14:00:04","slug":"sargantana-iberica","status":"publish","type":"fitxa_descriptiva","link":"https:\/\/webs.uab.cat\/3dvirtualherp\/fitxa-descriptiva\/sargantana-iberica\/","title":{"rendered":"Sargantana ib\u00e8rica"},"content":{"rendered":"<h2><strong><em>Podarcis hispanicus<\/em> (Steindachner, 1870)<\/strong><\/h2>\n<p><strong>ESP\u00a0<\/strong>Lagartija com\u00fan \/\/\u00a0Lagartija hisp\u00e1nica \/\/\u00a0Lagartija ib\u00e9rica<strong>\u00a0EN\u00a0<\/strong>Iberian wall lizard<\/p>\n\n\n<figure class=\"wp-block-embed is-type-rich is-provider-sketchfab wp-block-embed-sketchfab\"><div class=\"wp-block-embed__wrapper\">\n<div class=\"sketchfab-embed-wrapper\">    <iframe loading=\"lazy\" title=\"Podarcis hispanica\" id=\"\" class=\"\" width=\"580\" height=\"326\" src=\"https:\/\/sketchfab.com\/models\/368f4f122f9249e4b07c31a78f90d3cf\/embed\" frameborder=\"0\" allow=\"autoplay; fullscreen; xr-spatial-tracking\" allowfullscreen=\"\" mozallowfullscreen=\"true\" webkitallowfullscreen=\"true\" xr-spatial-tracking=\"true\" execution-while-out-of-viewport=\"true\" execution-while-not-rendered=\"true\" web-share=\"true\"><\/iframe><\/div>\n<\/div><figcaption class=\"wp-element-caption\">Model 3D de la regi\u00f3 cef\u00e0lica d\u2019un adult de <em>P. hispanicus<\/em> capturat a XXXXX el dd\/mm\/aaaa. Model obtingut per XXXXXXX<\/figcaption><\/figure>\n\n\n\n<figure class=\"wp-block-embed is-type-rich is-provider-sketchfab wp-block-embed-sketchfab\"><div class=\"wp-block-embed__wrapper\">\n<div class=\"sketchfab-embed-wrapper\">    <iframe loading=\"lazy\" title=\"Podarcis hispanica\" id=\"\" class=\"\" width=\"580\" height=\"326\" src=\"https:\/\/sketchfab.com\/models\/dcdf556e8fd64eaf9c9a6d69bcac495d\/embed\" frameborder=\"0\" allow=\"autoplay; fullscreen; xr-spatial-tracking\" allowfullscreen=\"\" mozallowfullscreen=\"true\" webkitallowfullscreen=\"true\" xr-spatial-tracking=\"true\" execution-while-out-of-viewport=\"true\" execution-while-not-rendered=\"true\" web-share=\"true\"><\/iframe><\/div>\n<\/div><figcaption class=\"wp-element-caption\">Model 3D d\u2019un adult de <em>P. hispanicus<\/em> capturat a XXXXX el dd\/mm\/aaaa. Model obtingut per XXXXXXX<\/figcaption><\/figure>\n\n\n<p><strong>Descripci\u00f3<\/strong><\/p>\n<p style=\"padding-left: 40px\">Sargantana d&#8217;aspecte generalment esvelt i grand\u00e0ria notablement variable, entre 3,7 i 7 cm de longitud cap-cos. Cap generalment aplanat, de manera que les \u00f2rbites oculars sobresurten per sobre del mateix. Es comptabilitzen de 43 a 73 escates dorsals petites i granulars, en una l\u00ednia transversal en el centre del cos. Coloraci\u00f3 molt variable. El dors t\u00e9 tons que van del marr\u00f3 clar al verd intens amb taques dorsals negroses disperses, tot just aparents en els individus d&#8217;algunes poblacions o profusament distribu\u00efdes en els d&#8217;altres. De vegades apareixen taques fosques dorsals que formen una banda o l\u00ednia central (l\u00ednia vertebral). Els costats solen tenir taques negroses i trobar-se m\u00e9s pigmentats que el dors. El ventre, de fons blanquin\u00f3s o groguenc, sol no tenir taques fosques; quan existeixen, aquestes estan situades \u00fanicament en les escates ventrals de les files longitudinals m\u00e9s externes de cada costat. La gola normalment no posseeix taques o b\u00e9 aquestes s\u00f3n definides, de vores n\u00edtides i circumscrites tamb\u00e9 a les zones laterals. En molts mascles i en algunes femelles el ventre pot ser vermell marr\u00f3, i no nom\u00e9s a la primavera, durant el per\u00edode d&#8217;aparellament, sin\u00f3 fins i tot en ple hivern (Barbadillo et al., 1999).<\/p>\n<p style=\"padding-left: 40px\"><strong>Dimorfisme sexual<\/strong>: els mascles s\u00f3n una mica m\u00e9s grans que les femelles i posseeixen caps m\u00e9s robusts i potes i cua relativament m\u00e9s llargues. En els mascles, el dors sol presentar un disseny reticulat, amb taques fosques disperses irregularment sobre el fons, que \u00e9s m\u00e9s clar. En les femelles, aquest reticulat sol ser menys intens o b\u00e9 no existir; en aquest \u00faltim cas, el dors presenta tonalitats brunes o verdoses uniformes. A m\u00e9s, \u00e9s caracter\u00edstic de moltes poblacions ib\u00e8riques que les femelles tinguin dues l\u00ednies dorsolaterals n\u00edtides de color blanc, crema o verd. Aquestes l\u00ednies es troben interiorment flanquejades per bandes m\u00e9s fosques i de vores irregulars (Barbadillo et al., 1999).<\/p>\n<p style=\"padding-left: 40px\"><strong>Juvenil:<\/strong> els nounats tenen una longitud cap-cos compresa generalment entre 22 i 26 mm i un pes mitj\u00e0 al voltant dels 0,3 g. Els juvenils s\u00f3n similars en disseny als adults, en general amb menor o molt escassa pigmentaci\u00f3 ventral. En moltes poblacions la cua \u00e9s verdosa o blavosa, ben contrastada respecte a la resta del tronc, en el qual, dorsalment, dominen les tonalitats marrons (Barbadillo et al., 1999).<\/p>\n<p><strong>H\u00e0bitat<\/strong><\/p>\n<p style=\"padding-left: 40px\">Al sud de la seva \u00e0rea arriba fins als 2.500 m d&#8217;altitud. Sol ser una esp\u00e8cie enfiladissa que es troba en roques, desmunts de carretera, murs, parapets i afloraments, i fins i tot, en troncs d&#8217;arbres en alguns llocs (E. N. Arnold, 2002).<\/p>\n<p style=\"padding-left: 40px\">Ocupa una \u00e0mplia varietat d&#8217;h\u00e0bitats que, en general, estan lligats a substrats rocosos; d&#8217;aquesta manera, es comporta com l&#8217;esp\u00e8cie m\u00e9s rup\u00edcola entre tots els lac\u00e8rtids ib\u00e8rics. Nom\u00e9s exhibeix una conducta arbor\u00edcola quan falta l&#8217;element roc\u00f3s, com passa en algunes zones llevantines i al sud de la Pen\u00ednsula. Trobada des del nivell del mar fins a una altitud de 3.480 m a Sierra Nevada. \u00c9s caracter\u00edstic que assoleixi majors altituds en els massissos muntanyosos m\u00e9s meridionals (Barbadillo et al., 1999).<\/p>\n<p><a href=\"https:\/\/www.iucnredlist.org\/species\/204865442\/137855369\" target=\"_blank\" rel=\"noopener\"><strong>Distribuci\u00f3<\/strong><\/a><\/p>\n<p style=\"padding-left: 40px\">Pen\u00ednsula Ib\u00e8rica i part oest del litoral mediterrani franc\u00e8s, endinsant-se fins Tolosa i Li\u00f3. Tamb\u00e9 en el nord-oest d&#8217;\u00c0frica, des del Marroc fins a l&#8217;est com Tun\u00edsia (E. N. Arnold, 2002).<\/p>\n<p style=\"padding-left: 40px\">Present en gaireb\u00e9 tota la pen\u00ednsula Ib\u00e8rica, sud de Fran\u00e7a i \u00e0rees muntanyoses o costaneres del nord d&#8217;\u00c0frica. Pel nord, el seu l\u00edmit oriental se situa al mass\u00eds central franc\u00e8s. Per l&#8217;oest arriba fins al sud de Gal\u00edcia (en aquest cas, no sobrepassa la isoterma dels 14\u00baC de temperatura mitjana anual). Sembla faltar tamb\u00e9 d&#8217;algunes zones costaneres asturianes i c\u00e0ntabres. S&#8217;ha citat en nombroses illes i illots costaners mediterranis i atl\u00e0ntics (Barbadillo et al., 1999). Tamb\u00e9 \u00e9s present a Portugal (Jose Antonio Mateo Miras, 2009).<\/p>\n<p><strong>Estat de conservaci\u00f3<\/strong><\/p>\n<p style=\"padding-left: 40px\"><strong>Categoria global IUCN: <u>Preocupaci\u00f3 menor LC<\/u><\/strong> (Jose Antonio Mateo Miras, 2009).<\/p>\n<p style=\"padding-left: 40px\"><strong>Categoria Espanya IUCN:<\/strong><\/p>\n<p style=\"padding-left: 40px\">Aquesta esp\u00e8cie figura en l\u2019Anex III del Conveni de Berna i es presumeix que est\u00e0 present en diverses \u00e0rees protegides.<\/p>\n<p><strong>Bibliografia<\/strong><\/p>\n<p style=\"padding-left: 40px\">Barbadillo L.J., Lacomba J.I., P\u00e9rez-Mellado V., Sancho V., L\u00f3pez-Jurado L.F. Anfibios y reptiles de la Pen\u00edsula Ib\u00e9rica, Baleares y Canarias: gu\u00eda ilustrada para identificar y conocer todas las especies (Barcelona: Editorial Planeta; 1999).<\/p>\n<p style=\"padding-left: 40px\">Nicholas Arnold y Denys Ovenden. Reptiles y anfibios: gu\u00eda de campo, todas las especies de Espa\u00f1a y de Europa descritas e ilustradas en color (Barcelona: Ediciones Omega; 2002).<\/p>\n<p style=\"padding-left: 40px\">Jose Antonio Mateo Miras, Marc Cheylan, M. Sa\u00efd Nouira, Ulrich Joger, Paulo S\u00e1-Sousa, Valentin P\u00e9rez-Mellado, I\u00f1igo Mart\u00ednez-Solano\u00a02009.\u00a0<em>Podarcis hispanicus<\/em>.\u00a0<em>The IUCN Red List of Threatened Species<\/em>\u00a02009: e.T61548A12513281.\u00a0<a href=\"http:\/\/dx.doi.org\/10.2305\/IUCN.UK.2009.RLTS.T61548A12513281.en\">http:\/\/dx.doi.org\/10.2305\/IUCN.UK.2009.RLTS.T61548A12513281.en<\/a>.\u00a0Downloaded on\u00a009 January 2019 (acc\u00e9s, 9 de gener 2019).<\/p>\n<p style=\"padding-left: 40px\">Webgrafia:<\/p>\n<p style=\"padding-left: 40px\"><a href=\"http:\/\/www.vertebradosibericos.org\">http:\/\/www.vertebradosibericos.org<\/a><\/p>\n<p style=\"padding-left: 40px\"><a href=\"https:\/\/amphibiaweb.org\/\">https:\/\/amphibiaweb.org\/<\/a><\/p>\n<p style=\"padding-left: 40px\"><a href=\"https:\/\/iucnredlist.org\/\">https:\/\/iucnredlist.org\/<\/a><\/p>","protected":false},"excerpt":{"rendered":"<p>Podarcis hispanicus (Steindachner, 1870) ESP\u00a0Lagartija com\u00fan \/\/\u00a0Lagartija hisp\u00e1nica \/\/\u00a0Lagartija ib\u00e9rica\u00a0EN\u00a0Iberian wall lizard Descripci\u00f3 Sargantana d&#8217;aspecte generalment esvelt i grand\u00e0ria notablement variable, entre 3,7 i 7 cm de longitud cap-cos. Cap generalment aplanat, de manera que les \u00f2rbites oculars sobresurten per sobre del mateix. Es comptabilitzen de 43 a 73 escates dorsals petites i granulars, en [&hellip;]<\/p>\n","protected":false},"author":20,"featured_media":0,"template":"","class_list":["post-113","fitxa_descriptiva","type-fitxa_descriptiva","status-publish","hentry"],"_links":{"self":[{"href":"https:\/\/webs.uab.cat\/3dvirtualherp\/wp-json\/wp\/v2\/fitxa_descriptiva\/113","targetHints":{"allow":["GET"]}}],"collection":[{"href":"https:\/\/webs.uab.cat\/3dvirtualherp\/wp-json\/wp\/v2\/fitxa_descriptiva"}],"about":[{"href":"https:\/\/webs.uab.cat\/3dvirtualherp\/wp-json\/wp\/v2\/types\/fitxa_descriptiva"}],"author":[{"embeddable":true,"href":"https:\/\/webs.uab.cat\/3dvirtualherp\/wp-json\/wp\/v2\/users\/20"}],"wp:attachment":[{"href":"https:\/\/webs.uab.cat\/3dvirtualherp\/wp-json\/wp\/v2\/media?parent=113"}],"curies":[{"name":"wp","href":"https:\/\/api.w.org\/{rel}","templated":true}]}}