{"id":181,"date":"2018-08-29T21:12:31","date_gmt":"2018-08-29T21:12:31","guid":{"rendered":"https:\/\/webs.uab.cat\/3dvirtualherp\/fitxa-descriptiva\/escurco-pirinenc\/"},"modified":"2024-12-04T18:13:16","modified_gmt":"2024-12-04T17:13:16","slug":"escurco-pirinenc","status":"publish","type":"fitxa_descriptiva","link":"https:\/\/webs.uab.cat\/3dvirtualherp\/fitxa-descriptiva\/escurco-pirinenc\/","title":{"rendered":"Escur\u00e7\u00f3 pirinenc"},"content":{"rendered":"<h2 class=\"rtecenter\"><strong><i>Vipera aspis\u00a0<\/i>(Linnaeus, 1758)<\/strong><\/h2>\n<p class=\"rtecenter\"><strong>ESP <\/strong>V\u00edbora \u00e1spid<strong>\u00a0EN <\/strong>Asp \/\/ Aspic viper<\/p>\n<p><strong>Descripci\u00f3<\/strong><\/p>\n<p style=\"padding-left: 40px\"><span style=\"font-weight: 400\">Escur\u00e7\u00f3 de mida mitjana que fa 60 cm de longitud, tot i que pot arribar a fer-ne 68 cm. El seu cos presenta 21 fileres dorsals d\u2019escates imbricades i carenades, d\u2019una coloraci\u00f3 brunenca, grisa, ataronjada o verd apagada segons el sexe i edat de cada individu. Tamb\u00e9 a la cara dorsal presenta unes taques m\u00e9s fosques en forma de barres transversal que es connecten en forma de zig-zag o b\u00e9 per una l\u00ednia m\u00e9s clara que recorre l\u2019eix vertebral de l\u2019escur\u00e7\u00f3. Pels seus costats acostuma a tindre m\u00e9s taques fosques m\u00e9s difuminades i de formes ovalades (Garc\u00eda-Salmer\u00f3n et al., 2024).<\/span><\/p>\n<p style=\"padding-left: 40px\"><span style=\"font-weight: 400\">El cap \u00e9s triangular i ben diferenciat del cos. T\u00e9 una lleugera promin\u00e8ncia a l&#8217;extrem del musell, semblant al de la <\/span><a href=\"https:\/\/webs.uab.cat\/3dvirtualherp\/fitxa-descriptiva\/escurco-iberic\/\" target=\"_blank\" rel=\"noopener\"><i><span style=\"font-weight: 400\">Vipera latastei<\/span><\/i><\/a><span style=\"font-weight: 400\">, tot i que m\u00e9s baix i format per dues o tres escates. Tamb\u00e9 presenta dues fileres d\u2019escates entre els ulls i les escates supralabials. Presenta diferents taques fosques al cap; habitualment, tenen unes franges que van des dels ulls fins al final del coll, tamb\u00e9 tenen m\u00e9s franges dorsals que es disposen en forma de V. T\u00e9 pupil\u00b7les verticals amb iris de color ataronjat que van de m\u00e9s clars en la part superior a m\u00e9s fosca en la part inferior(Garc\u00eda-Salmer\u00f3n et al., 2024) (Barbadillo et al., 1999).<\/span><\/p>\n<p style=\"padding-left: 40px\"><span style=\"font-weight: 400\">La coloraci\u00f3 de la cua acostuma a ser de colors groguencs (Barbadillo et al., 1999).<\/span><\/p>\n<p style=\"padding-left: 40px\"><b>Dimorfisme sexual:<\/b><span style=\"font-weight: 400\"> Generalment, els mascles tenen una cua lleugerament m\u00e9s llarga i un major nombre d\u2019escates sublabials i ventrals que les femelles (Garc\u00eda-Salmer\u00f3n et al., 2024). El sexe tamb\u00e9 pot influir en la coloraci\u00f3 dels individus. Els dissenys i colors dorsals dels mascles estan m\u00e9s contrastats i enfosquits (Barbadillo et al., 1999).<\/span><\/p>\n<p style=\"padding-left: 40px\"><b>Juvenil: <\/b><span style=\"font-weight: 400\">Els escur\u00e7ons nounats mesuren entre 15 i 25 cm. Les seves coloracions s\u00f3n variables, per\u00f2 generalment tenen tons m\u00e9s p\u00e0l\u00b7lids i grisencs (Barbadillo et al., 1999).<\/span><\/p>\n<p><strong>H\u00e0bitat<\/strong><\/p>\n<p style=\"padding-left: 40px\"><span style=\"font-weight: 400\">Es pot trobar en zones de clima eurosiberi\u00e0, en boscos humits d\u2019alzinars, fagedes, rouredes, pinedes i avetoses. Tamb\u00e9 es pot trobar en prats de muntanya i subalp\u00ed. En \u00e8poques de m\u00e9s fred, acostuma a habitar parets de roca o zones assolellades (Garc\u00eda-Salmer\u00f3n et al., 2024).<\/span><\/p>\n<p style=\"padding-left: 40px\"><span style=\"font-weight: 400\">Es troba distribu\u00eft en un ampli gradient altitudinal. A la pen\u00ednsula Ib\u00e8rica est\u00e0 tant a nivell del mar com als 2500 metres al Pirineu catal\u00e0, o fins als 2900 a la vessant Francesa (Barbadillo et al., 1999).<\/span><\/p>\n<p><a href=\"https:\/\/www.iucnredlist.org\/species\/61591\/137859549\" target=\"_blank\" rel=\"noopener\"><strong>Distribuci\u00f3<\/strong><\/a><\/p>\n<p style=\"padding-left: 40px\"><span style=\"font-weight: 400\">L&#8217;escur\u00e7\u00f3 ib\u00e8ric es distribueix pel nord-est de la pen\u00ednsula Ib\u00e8rica, Andorra, bona part de Fran\u00e7a, l\u2019extrem sud d\u2019Alemanya, Su\u00efssa i It\u00e0lia, a banda d\u2019algunes illes mediterr\u00e0nies com Sic\u00edlia, Elba i Montecristo (Garc\u00eda-Salmer\u00f3n et al., 2024).<\/span><\/p>\n<p style=\"padding-left: 40px\"><span style=\"font-weight: 400\">A Espanya, es troba sobretot al Pirineu i Prepirineu que fa frontera amb Fran\u00e7a, de manera que es troba a Catalunya, nord d\u2019Arag\u00f3, Navarra, Pa\u00eds Basc, La Rioja i petites regions del nord-est de Cant\u00e0bria i Castella i Lle\u00f3.<\/span><\/p>\n<p style=\"padding-left: 40px\"><span style=\"font-weight: 400\">A certes zones d\u2019Espanya acostuma a conviure amb l&#8217;<\/span><a href=\"https:\/\/webs.uab.cat\/3dvirtualherp\/fitxa-descriptiva\/escurco-iberic\/\" target=\"_blank\" rel=\"noopener\"><span style=\"font-weight: 400\">escur\u00e7\u00f3 ib\u00e8ric<\/span><\/a><span style=\"font-weight: 400\"> i l\u2019<\/span><a href=\"https:\/\/webs.uab.cat\/3dvirtualherp\/fitxa-descriptiva\/vipera-seoanei\/\" target=\"_blank\" rel=\"noopener\"><span style=\"font-weight: 400\">escur\u00e7\u00f3 de Seoanei<\/span><\/a><span style=\"font-weight: 400\"> (Barbadillo et al., 1999).<\/span><\/p>\n<p><strong>Estat de conservaci\u00f3<\/strong><\/p>\n<p style=\"padding-left: 40px\"><b>Categoria global IUCN (2022): <strong><u>Vulnerable VU<\/u><\/strong><\/b><span style=\"font-weight: 400\">\u00a0(Ursenbacher et al. 2024)<\/span><\/p>\n<p style=\"padding-left: 40px\"><b>Categoria Espanya IUCN (2002): <strong><u>Preocupaci\u00f3 Menor LC<\/u><\/strong><\/b><span style=\"font-weight: 400\">\u00a0(Gos\u00e1, 2002)<\/span><\/p>\n<p style=\"padding-left: 40px\"><span style=\"font-weight: 400\">La seva distribuci\u00f3 sovint es veu amena\u00e7ada pels canvis en els usos del s\u00f2l, ja sigui per la intensificaci\u00f3 agr\u00edcola, l\u2019increment de terreny urb\u00e0, creixement del bosc a causa de l\u2019abandonament d\u2019altres zones de conreu o ramaderia. Actualment (2024) protegida per llei a Catalunya (Garc\u00eda-Salmer\u00f3n et al., 2024).<\/span><\/p>\n<p><strong>Galeria d&#8217;imatges<\/strong><\/p>\n<p><strong>Bibliografia<\/strong><\/p>\n<p style=\"padding-left: 40px\"><span style=\"font-weight: 400\">Barbadillo L.J., Lacomba J.I., P\u00e9rez-Mellado V., Sancho V., L\u00f3pez-Jurado L.F. Anfibios y reptiles de la Pen\u00ednsula Ib\u00e9rica, Baleares y Canarias: gu\u00eda ilustrada para identificar y conocer todas las especies (Barcelona: Editorial Planeta; 1999).<\/span><\/p>\n<p style=\"padding-left: 40px\"><span style=\"font-weight: 400\">Garc\u00eda-Salmer\u00f3n A., Carbonell-Morales G., Torres-Orriols N., Mart\u00ednez-Silvestre A., Baena-Crespo O., Mora-Rueda C., Melero J.A., Loras-Ort\u00ed F., Valera-Florensa J., Rivera X., Maluquer-Margalef J. Gu\u00eda dels r\u00e8ptils de Catalunya (Barcelona: Editorial Cosset\u00e0nia; 2024)<\/span><\/p>\n<p style=\"padding-left: 40px\"><span style=\"font-weight: 400\">Gos\u00e1 A. (2002). <\/span><i><span style=\"font-weight: 400\">Vipera aspis<\/span><\/i><span style=\"font-weight: 400\"> (Linnaeus, 1758). V\u00edbora \u00e1spid. Pp. 296-298. En: Pleguezuelos J. M., M\u00e1rquez R., Lizana M. (Eds.). Atlas y Libro Rojo de los Anfibios y Reptiles de Espa\u00f1a. Direcci\u00f3n General de Conservaci\u00f3n de la Naturaleza-Asociaci\u00f3n Herpetol\u00f3gica Espa\u00f1ola, Madrid<\/span><\/p>\n<p style=\"padding-left: 40px\"><span style=\"font-weight: 400\">Ursenbacher, S., Bowles, P., Mart\u00ednez-Freir\u00eda, F., Pleguezuelos, J.M., Joger, U., Zuffi, M.A.L. &amp; Crochet, P.-A. 2024. <\/span><i><span style=\"font-weight: 400\">Vipera aspis<\/span><\/i><span style=\"font-weight: 400\"> (errata version published in 2024). <\/span><i><span style=\"font-weight: 400\">The IUCN Red List of Threatened Species<\/span><\/i><span style=\"font-weight: 400\"> 2024: e.T61591A260760059.<\/span><\/p>\n\n\n<p><\/p>\n","protected":false},"excerpt":{"rendered":"<p>Vipera aspis\u00a0(Linnaeus, 1758) ESP V\u00edbora \u00e1spid\u00a0EN Asp \/\/ Aspic viper Descripci\u00f3 Escur\u00e7\u00f3 de mida mitjana que fa 60 cm de longitud, tot i que pot arribar a fer-ne 68 cm. El seu cos presenta 21 fileres dorsals d\u2019escates imbricades i carenades, d\u2019una coloraci\u00f3 brunenca, grisa, ataronjada o verd apagada segons el sexe i edat de [&hellip;]<\/p>\n","protected":false},"author":20,"featured_media":0,"template":"","class_list":["post-181","fitxa_descriptiva","type-fitxa_descriptiva","status-publish","hentry"],"_links":{"self":[{"href":"https:\/\/webs.uab.cat\/3dvirtualherp\/wp-json\/wp\/v2\/fitxa_descriptiva\/181","targetHints":{"allow":["GET"]}}],"collection":[{"href":"https:\/\/webs.uab.cat\/3dvirtualherp\/wp-json\/wp\/v2\/fitxa_descriptiva"}],"about":[{"href":"https:\/\/webs.uab.cat\/3dvirtualherp\/wp-json\/wp\/v2\/types\/fitxa_descriptiva"}],"author":[{"embeddable":true,"href":"https:\/\/webs.uab.cat\/3dvirtualherp\/wp-json\/wp\/v2\/users\/20"}],"wp:attachment":[{"href":"https:\/\/webs.uab.cat\/3dvirtualherp\/wp-json\/wp\/v2\/media?parent=181"}],"curies":[{"name":"wp","href":"https:\/\/api.w.org\/{rel}","templated":true}]}}