{"id":184,"date":"2018-08-29T21:21:18","date_gmt":"2018-08-29T21:21:18","guid":{"rendered":"https:\/\/webs.uab.cat\/3dvirtualherp\/fitxa-descriptiva\/serp-desculapi\/"},"modified":"2024-12-11T16:43:11","modified_gmt":"2024-12-11T15:43:11","slug":"serp-desculapi","status":"publish","type":"fitxa_descriptiva","link":"https:\/\/webs.uab.cat\/3dvirtualherp\/fitxa-descriptiva\/serp-desculapi\/","title":{"rendered":"Serp d&#8217;Esculapi"},"content":{"rendered":"<h2 class=\"rtecenter\"><strong><i>Zamenis longissimus\u00a0<\/i>(Laurenti, 1768)<\/strong><\/h2>\n<p class=\"rtecenter\"><strong>ESP <\/strong>Culebra de Esculapio<strong>\u00a0EN <\/strong>Aesculapian ratsnake<\/p>\n<p><strong>Descripci\u00f3<\/strong><\/p>\n<p style=\"padding-left: 40px\"><span style=\"font-weight: 400\">Serp que acostuma a mesurar 155 cm de longitud total tot i que els mascles poden arribar als 200 cm. T\u00e9 unes 23 fileres d\u2019escates llises al dorsal del cos. Aquest, presenta una coloraci\u00f3 bastant uniforme, de tons olivacis i verd o gris fosc. Sovint pot presentar unes fines ratlles blanques, fent un patr\u00f3 en forma de xarxa. Amb menys freq\u00fc\u00e8ncia, tamb\u00e9 pot tindre una fina l\u00ednia m\u00e9s clara que la coloraci\u00f3 de fons que segueix tot l&#8217;eix vertebral. Ventralment, t\u00e9 unes escates lleugerament carenades a les vores m\u00e9s externes. Aquestes s\u00f3n d\u2019un color m\u00e9s clar, de groc p\u00e0l\u00b7lid (Garc\u00eda-Salmer\u00f3n et al., 2024).<\/span><\/p>\n<p style=\"padding-left: 40px\"><span style=\"font-weight: 400\">T\u00e9 un cap for\u00e7a allargat, per\u00f2 no gaire diferenciat de la resta del cos. La seva escatel\u00b7laci\u00f3 o folidosi cef\u00e0lica (disposici\u00f3 de les escates cef\u00e0liques) \u00e9s similar a la de <\/span><a href=\"https:\/\/webs.uab.cat\/3dvirtualherp\/fitxa-descriptiva\/serp-blanca-serp-ratllada\/\" target=\"_blank\" rel=\"noopener\"><i><span style=\"font-weight: 400\">Zamenis scalaris<\/span><\/i><\/a><span style=\"font-weight: 400\">. Per contra, <\/span><i><span style=\"font-weight: 400\">Z. longissimus<\/span><\/i><span style=\"font-weight: 400\"> t\u00e9 una escata rostral m\u00e9s ampla, fent que el musell tingui un aspecte m\u00e9s arrodonit. La coloraci\u00f3 de les escates m\u00e9s dorsals i les de darrere els ulls (vestigi d\u2019una taca present en juvenils) \u00e9s similar a la del cos, mentre que les escates labials i les m\u00e9s pr\u00f2ximes al coll s\u00f3n de colors m\u00e9s verdosos, grocs o ataronjats (Garc\u00eda-Salmer\u00f3n et al., 2024).<\/span><\/p>\n<p style=\"padding-left: 40px\"><span style=\"font-weight: 400\">La coloraci\u00f3 del cos i del cap es pot veure influ\u00efda per l\u2019axantisme i, menys sovint, l\u2019albinisme; fent que les coloracions m\u00e9s groguenques esdevinguin simplement blanques o de colors m\u00e9s p\u00e0l\u00b7lids (Garc\u00eda-Salmer\u00f3n et al., 2024).<\/span><\/p>\n<p style=\"padding-left: 40px\"><b>Dimorfisme sexual:<\/b><span style=\"font-weight: 400\"> El mascle acostuma a tindre cossos m\u00e9s grans i amb cues m\u00e9s llargues (Barbadillo et al., 1999).<\/span><\/p>\n<p style=\"padding-left: 40px\"><b>Juvenil:<\/b><span style=\"font-weight: 400\"> Els nounats mesuren entre 28 i 29 cm. Els seus cossos tenen uns colors de fons que varien entre els grisos, verds i grocs m\u00e9s vius que els dels adults. Aix\u00ed i tot, aquesta no es pot apreciar gaire per la pres\u00e8ncia d\u2019una gran quantitat de taques fosques i arrodonides de colors marrons o verd gris\u00f3s. Al cap, t\u00e9 unes taques fosques que van des del darrere dels ulls fins a la comissura bucal. Tamb\u00e9 tenen unes taques grogues al coll que, en contrast amb la coloraci\u00f3 dorsal, sembla que facin una \u201cU\u201d invertida (Barbadillo et al., 1999) (Garc\u00eda-Salmer\u00f3n et al., 2024).<\/span><\/p>\n<p><strong>H\u00e0bitat<\/strong><\/p>\n<p style=\"padding-left: 40px\"><span style=\"font-weight: 400\">A les regions eurosiberianes, freq\u00fcenta boscos caducifolis (rouredes, castanyedes i fagedes) i boscos mixtos. Per contra, a zones amb clima m\u00e9s mediterrani prefereix boscos de ribera (Garc\u00eda-Salmer\u00f3n et al., 2024).<\/span><\/p>\n<p style=\"padding-left: 40px\"><span style=\"font-weight: 400\">Acostuma a preferir zones humides amb una certa vegetaci\u00f3 arbustiva o arb\u00f2ria. Tamb\u00e9 s\u2019acostuma a trobar en les transicions entre bosc i prat.<\/span><\/p>\n<p style=\"padding-left: 40px\"><span style=\"font-weight: 400\">Gr\u00e0cies a les seves escates ventrals lleugerament carenades, s\u00f3n bones escaladores i sovint es poden trobar enfilades als arbres (Barbadillo et al., 1999).<\/span><\/p>\n<p style=\"padding-left: 40px\"><span style=\"font-weight: 400\">Segons la zona geogr\u00e0fica, el gradient altitudinal a la que es troba va variant. Generalment, pot trobar-se des del nivell del mar o els 100 msnm fins als 1750 m (altura m\u00e0xima registrada a Catalunya, Pallars Sobir\u00e0). Aix\u00ed i tot, sembla trobar-se amb m\u00e9s freq\u00fc\u00e8ncia a rangs de muntanya mitjana, entre els 600 i 1200 metres (Garc\u00eda-Salmer\u00f3n et al., 2024).<\/span><\/p>\n<p><a href=\"https:\/\/www.iucnredlist.org\/species\/157266\/49063773\" target=\"_blank\" rel=\"noopener\"><strong>Distribuci\u00f3<\/strong><\/a><\/p>\n<p style=\"padding-left: 40px\"><span style=\"font-weight: 400\">\u00c9s una esp\u00e8cie molt distribu\u00efda per tot el centre i sud d\u2019Europa. Es pot trobar pel nord-est de la pen\u00ednsula Ib\u00e8rica, bona part de Fran\u00e7a, It\u00e0lia i els Balcans. Tamb\u00e9 es troba en bona part d\u2019Hongria, Romania i Ucra\u00efna (Agasyan et al. 2017).<\/span><\/p>\n<p style=\"padding-left: 40px\"><span style=\"font-weight: 400\">Igualment, existeixen diverses poblacions a\u00efllades a Alemanya, Rep\u00fablica Txeca, a les costes del Mar Negre a Turquia i Ge\u00f2rgia, sent una regi\u00f3 del nord-oest de l\u2019Iran el l\u00edmit de la seva distribuci\u00f3 a orient (Garc\u00eda-Salmer\u00f3n et al., 2024).<\/span><\/p>\n<p><strong>Estat de conservaci\u00f3<\/strong><\/p>\n<p style=\"padding-left: 40px\"><b>Categoria global IUCN (2016): <strong><u>Preocupaci\u00f3 Menor LC<\/u><\/strong><\/b><b>\u00a0<\/b><span style=\"font-weight: 400\">(Agasyan et al. 2017)<\/span><\/p>\n<p style=\"padding-left: 40px\"><b>Categoria Espanya IUCN (2002): <strong><u>Dades insuficients DD<\/u><\/strong><\/b><span style=\"font-weight: 400\">\u00a0(Santos et al., 2002)<\/span><\/p>\n<p style=\"padding-left: 40px\"><span style=\"font-weight: 400\">No hi han prou dades de l\u2019estat de les poblacions de la serp d\u2019Esculapi a Espanya i a Catalunya. Aix\u00ed i tot, les poques observacions i la possible rarificaci\u00f3 d\u2019aquesta esp\u00e8cie es creu deguda al fet que pateixen les conseq\u00fc\u00e8ncies de la destrucci\u00f3 del seu h\u00e0bitat i les desforestacions. Tamb\u00e9 es veu afectada per l\u2019escalfament global i la sequera, ja que \u00e9s una esp\u00e8cie que requereix un cert nivell d\u2019humitat i que no troba a tots els boscos (Santos et al., 2002) (Garc\u00eda-Salmer\u00f3n et al., 2024).<\/span><\/p>\n<p><strong>Galeria d&#8217;imatges<\/strong><\/p>\n<p><strong>Bibliografia<\/strong><\/p>\n<p style=\"padding-left: 40px\"><span style=\"font-weight: 400\">Aram Agasyan, Aziz Avci, Boris Tuniyev, Jelka Crnobrnja Isailovic, Petros Lymberakis, Claes Andr\u00e9n, Dan Cogalniceanu, John Wilkinson, Natalia Ananjeva, Nazan \u00dcz\u00fcm, Nikolai Orlov, Richard Podloucky, Sako Tuniyev, U\u011fur Kaya, Wolfgang B\u00f6hme, Rastko Ajtic, Milan Vogrin, Claudia Corti, Valentin P\u00e9rez Mellado, Paulo S\u00e1-Sousa, Marc Cheylan, Juan Pleguezuelos, Bartosz Borczyk, Benedikt Schmidt, Andreas Meyer. 2017. Zamenis longissimus. The IUCN Red List of Threatened Species 2017: e.T157266A49063773. <\/span><a href=\"https:\/\/dx.doi.org\/10.2305\/IUCN.UK.2017-2.RLTS.T157266A49063773.en\"><span style=\"font-weight: 400\">https:\/\/dx.doi.org\/10.2305\/IUCN.UK.2017-2.RLTS.T157266A49063773.en<\/span><\/a><span style=\"font-weight: 400\">.<\/span><\/p>\n<p style=\"padding-left: 40px\"><span style=\"font-weight: 400\">Barbadillo L.J., Lacomba J.I., P\u00e9rez-Mellado V., Sancho V., L\u00f3pez-Jurado L.F. Anfibios y reptiles de la Pen\u00ednsula Ib\u00e9rica, Baleares y Canarias: gu\u00eda ilustrada para identificar y conocer todas las especies (Barcelona: Editorial Planeta; 1999).<\/span><\/p>\n<p style=\"padding-left: 40px\"><span style=\"font-weight: 400\">Garc\u00eda-Salmer\u00f3n A., Carbonell-Morales G., Torres-Orriols N., Mart\u00ednez-Silvestre A., Baena-Crespo O., Mora-Rueda C., Melero J.A., Loras-Ort\u00ed F., Valera-Florensa J., Rivera X., Maluquer-Margalef J. Gu\u00eda dels r\u00e8ptils de Catalunya (Barcelona: Editorial Cosset\u00e0nia; 2024)<\/span><\/p>\n<p style=\"padding-left: 40px\"><span style=\"font-weight: 400\">Santos X., Montori A., Llorente G.A., Carretero M.A. (2002). <\/span><i><span style=\"font-weight: 400\">Elaphe longissima<\/span><\/i><span style=\"font-weight: 400\"> (Laurenti, 1768). Culebra de escalera. Pp. 278-280. En: Pleguezuelos J. M., M\u00e1rquez R., Lizana M. (Eds.). Atlas y Libro Rojo de los Anfibios y Reptiles de Espa\u00f1a. Direcci\u00f3n General de Conservaci\u00f3n de la Naturaleza-Asociaci\u00f3n Herpetol\u00f3gica Espa\u00f1ola, Madrid<\/span><\/p>\n","protected":false},"excerpt":{"rendered":"<p>Zamenis longissimus\u00a0(Laurenti, 1768) ESP Culebra de Esculapio\u00a0EN Aesculapian ratsnake Descripci\u00f3 Serp que acostuma a mesurar 155 cm de longitud total tot i que els mascles poden arribar als 200 cm. T\u00e9 unes 23 fileres d\u2019escates llises al dorsal del cos. Aquest, presenta una coloraci\u00f3 bastant uniforme, de tons olivacis i verd o gris fosc. Sovint [&hellip;]<\/p>\n","protected":false},"author":20,"featured_media":0,"template":"","class_list":["post-184","fitxa_descriptiva","type-fitxa_descriptiva","status-publish","hentry"],"_links":{"self":[{"href":"https:\/\/webs.uab.cat\/3dvirtualherp\/wp-json\/wp\/v2\/fitxa_descriptiva\/184","targetHints":{"allow":["GET"]}}],"collection":[{"href":"https:\/\/webs.uab.cat\/3dvirtualherp\/wp-json\/wp\/v2\/fitxa_descriptiva"}],"about":[{"href":"https:\/\/webs.uab.cat\/3dvirtualherp\/wp-json\/wp\/v2\/types\/fitxa_descriptiva"}],"author":[{"embeddable":true,"href":"https:\/\/webs.uab.cat\/3dvirtualherp\/wp-json\/wp\/v2\/users\/20"}],"wp:attachment":[{"href":"https:\/\/webs.uab.cat\/3dvirtualherp\/wp-json\/wp\/v2\/media?parent=184"}],"curies":[{"name":"wp","href":"https:\/\/api.w.org\/{rel}","templated":true}]}}