{"id":505,"date":"2018-02-16T12:13:48","date_gmt":"2018-02-16T10:13:48","guid":{"rendered":"http:\/\/blogs.uab.cat\/acaia\/?page_id=505"},"modified":"2023-03-19T05:19:08","modified_gmt":"2023-03-19T03:19:08","slug":"conf2018","status":"publish","type":"page","link":"https:\/\/webs.uab.cat\/acaia\/public\/conferencias\/conf2018\/","title":{"rendered":"Conferencias 2018"},"content":{"rendered":"<div class=\"_1mf _1mj\" style=\"text-align: justify\">\n<div class=\"_1mf _1mj\" style=\"text-align: justify\">\n<div class=\"_1mf _1mj\" style=\"text-align: justify\">\n<div class=\"_1mf _1mj\" style=\"text-align: justify\">\n<div class=\"_1mf _1mj\">\n<div class=\"_1mf _1mj\">\n<hr>\n<p><strong><span style=\"font-size: xx-large\"><span style=\"color: #ff0000\">22.8.2018<\/span><\/span><\/strong><\/p>\n<\/div>\n<div class=\"_1mf _1mj\">\n<p><span style=\"color: #008000\">ESCORIZA-MATEU, T (20180822).&nbsp;<\/span><strong><span style=\"color: #008000\">\u00abMujeres y Arqueolog\u00eda: Sexuando el Pasado\u00bb.&nbsp;<\/span><\/strong><span style=\"color: #008000\">Ciclo de Conferencias Arqueol\u00f3gicas. Escuela Profesional de Arqueolog\u00eda-Maestr\u00eda de Arqueolog\u00eda Andina-Grupo de Investigaci\u00f3n Yungas. Facultad de Ciencias Sociales, Universidad Nacional Mayor de San&nbsp;Marcos, Auditorio \u00abJose Mar\u00eda Arguedas\u00bb, Ciudad Universitaria UNMSM, Cercado de Lima. Mi\u00e9rcoles 22 Agosto 2018, 16,00 h.&nbsp;<\/span><\/p>\n<p><a href=\"https:\/\/webs.uab.cat\/acaia\/wp-content\/uploads\/sites\/303\/2018\/08\/Cartel-UNMSM-Trini-.png\" target=\"_blank\" rel=\"noopener\"><img loading=\"lazy\" decoding=\"async\" class=\"alignnone wp-image-644 size-medium\" src=\"http:\/\/blogs.uab.cat\/acaia\/files\/2018\/08\/Cartel-UNMSM-Trini--262x300.png\" alt=\"\" width=\"262\" height=\"300\" srcset=\"https:\/\/webs.uab.cat\/acaia\/wp-content\/uploads\/sites\/303\/2018\/08\/Cartel-UNMSM-Trini--262x300.png 262w, https:\/\/webs.uab.cat\/acaia\/wp-content\/uploads\/sites\/303\/2018\/08\/Cartel-UNMSM-Trini--895x1024.png 895w, https:\/\/webs.uab.cat\/acaia\/wp-content\/uploads\/sites\/303\/2018\/08\/Cartel-UNMSM-Trini--768x878.png 768w, https:\/\/webs.uab.cat\/acaia\/wp-content\/uploads\/sites\/303\/2018\/08\/Cartel-UNMSM-Trini--1343x1536.png 1343w, https:\/\/webs.uab.cat\/acaia\/wp-content\/uploads\/sites\/303\/2018\/08\/Cartel-UNMSM-Trini--1200x1372.png 1200w, https:\/\/webs.uab.cat\/acaia\/wp-content\/uploads\/sites\/303\/2018\/08\/Cartel-UNMSM-Trini-.png 1714w\" sizes=\"auto, (max-width: 262px) 100vw, 262px\" \/><\/a><\/p>\n<\/div>\n<hr>\n<p><strong><span style=\"font-size: xx-large\"><span style=\"color: #ff0000\">22.8.2018<\/span><\/span><\/strong><\/p>\n<\/div>\n<div class=\"_1mf _1mj\">\n<p><span style=\"color: #008000\">CASTRO-MARTINEZ, PV (20180822).&nbsp;<\/span><strong><span style=\"color: #008000\">\u00abProyecto La&nbsp;Puntilla (Nasca, Ica): Arqueolog\u00eda Social en la Costa Sur del Per\u00fa\u00bb<\/span><\/strong><span style=\"color: #008000\">. Ciclo de Conferencias Arqueol\u00f3gicas. Escuela Profesional de Arqueolog\u00eda-Maestr\u00eda de Arqueolog\u00eda Andina-Grupo de Investigaci\u00f3n Yungas. Facultad de Ciencias Sociales, Universidad Nacional Mayor de San&nbsp;Marcos, Auditorio \u00abJose Mar\u00eda Arguedas\u00bb, Ciudad Universitaria UNMSM, Cercado de Lima. Mi\u00e9rcoles 22 Agosto 2018, 15,00 h.<\/span><\/p>\n<p><a href=\"https:\/\/webs.uab.cat\/acaia\/wp-content\/uploads\/sites\/303\/2018\/08\/Cartel-UNMSM-PVCM.png\" target=\"_blank\" rel=\"noopener\"><img loading=\"lazy\" decoding=\"async\" class=\"alignnone wp-image-645 size-medium\" src=\"http:\/\/blogs.uab.cat\/acaia\/files\/2018\/08\/Cartel-UNMSM-PVCM-260x300.png\" alt=\"\" width=\"260\" height=\"300\" srcset=\"https:\/\/webs.uab.cat\/acaia\/wp-content\/uploads\/sites\/303\/2018\/08\/Cartel-UNMSM-PVCM-260x300.png 260w, https:\/\/webs.uab.cat\/acaia\/wp-content\/uploads\/sites\/303\/2018\/08\/Cartel-UNMSM-PVCM-887x1024.png 887w, https:\/\/webs.uab.cat\/acaia\/wp-content\/uploads\/sites\/303\/2018\/08\/Cartel-UNMSM-PVCM-768x886.png 768w, https:\/\/webs.uab.cat\/acaia\/wp-content\/uploads\/sites\/303\/2018\/08\/Cartel-UNMSM-PVCM-1331x1536.png 1331w, https:\/\/webs.uab.cat\/acaia\/wp-content\/uploads\/sites\/303\/2018\/08\/Cartel-UNMSM-PVCM-1200x1385.png 1200w, https:\/\/webs.uab.cat\/acaia\/wp-content\/uploads\/sites\/303\/2018\/08\/Cartel-UNMSM-PVCM.png 1722w\" sizes=\"auto, (max-width: 260px) 100vw, 260px\" \/><\/a><\/p>\n<\/div>\n<hr>\n<p><strong><span style=\"font-size: xx-large\"><span style=\"color: #ff0000\">27.4.2018<\/span><\/span><\/strong><\/p>\n<\/div>\n<div class=\"_1mf _1mj\" style=\"text-align: justify\">\n<p><span style=\"color: #008000\">GUERRERO PERALES, MD (20180427).&nbsp;<strong>\u00abLa Producci\u00f3n de la Vida Social a trav\u00e9s de las Representaciones Figurativas\u00bb<\/strong>. Seminario \u00abArqueolog\u00edas de la reproducci\u00f3n. La materialidad de las pr\u00e1cticas maternales\u201d, Departamento de Prehistoria y Arqueolog\u00eda de la Universidad de Granada. Facultad de Filosof\u00eda y Letras, Universidad de Almer\u00eda. Viernes 27 Abril 2018, 12,15 h.&nbsp;<\/span><\/p>\n<p><a href=\"https:\/\/www.webgea.es\/actividades\/congresos-seminarios\/86-seminario-\u201carqueologias-de-la-reproduccion-la-materialidad-de-las-practicas-maternales\u201d-y-exposicion-fotografica-\u201cla-reproduccion-en-imagenes\u201d\">https:\/\/www.webgea.es\/actividades\/congresos-seminarios\/86-seminario-\u201carqueologias-de-la-reproduccion-la-materialidad-de-las-practicas-maternales\u201d-y-exposicion-fotografica-\u201cla-reproduccion-en-imagenes\u201d&nbsp;<\/a><\/p>\n<p><a href=\"https:\/\/webs.uab.cat\/acaia\/wp-content\/uploads\/sites\/303\/2018\/04\/Diptico.pdf\">Diptico<\/a><\/p>\n<p><a href=\"https:\/\/webs.uab.cat\/acaia\/wp-content\/uploads\/sites\/303\/2018\/04\/Arq-Reproduccion_IMG.png\" target=\"_blank\" rel=\"noopener\"><img loading=\"lazy\" decoding=\"async\" class=\"alignnone wp-image-552 size-medium\" src=\"http:\/\/blogs.uab.cat\/acaia\/files\/2018\/04\/Arq-Reproduccion_IMG-300x144.png\" alt=\"\" width=\"300\" height=\"144\" srcset=\"https:\/\/webs.uab.cat\/acaia\/wp-content\/uploads\/sites\/303\/2018\/04\/Arq-Reproduccion_IMG-300x144.png 300w, https:\/\/webs.uab.cat\/acaia\/wp-content\/uploads\/sites\/303\/2018\/04\/Arq-Reproduccion_IMG-1024x491.png 1024w, https:\/\/webs.uab.cat\/acaia\/wp-content\/uploads\/sites\/303\/2018\/04\/Arq-Reproduccion_IMG-768x368.png 768w, https:\/\/webs.uab.cat\/acaia\/wp-content\/uploads\/sites\/303\/2018\/04\/Arq-Reproduccion_IMG-1536x736.png 1536w, https:\/\/webs.uab.cat\/acaia\/wp-content\/uploads\/sites\/303\/2018\/04\/Arq-Reproduccion_IMG-1200x575.png 1200w, https:\/\/webs.uab.cat\/acaia\/wp-content\/uploads\/sites\/303\/2018\/04\/Arq-Reproduccion_IMG.png 1654w\" sizes=\"auto, (max-width: 300px) 100vw, 300px\" \/><\/a><\/p>\n<p><a href=\"https:\/\/webs.uab.cat\/acaia\/wp-content\/uploads\/sites\/303\/2018\/04\/30923684_1657910350994324_6697173595850177745_o.png\" target=\"_blank\" rel=\"noopener\"><img loading=\"lazy\" decoding=\"async\" class=\"alignnone wp-image-582\" src=\"http:\/\/blogs.uab.cat\/acaia\/files\/2018\/04\/30923684_1657910350994324_6697173595850177745_o-1024x678.png\" alt=\"\" width=\"302\" height=\"200\" srcset=\"https:\/\/webs.uab.cat\/acaia\/wp-content\/uploads\/sites\/303\/2018\/04\/30923684_1657910350994324_6697173595850177745_o-1024x678.png 1024w, https:\/\/webs.uab.cat\/acaia\/wp-content\/uploads\/sites\/303\/2018\/04\/30923684_1657910350994324_6697173595850177745_o-300x199.png 300w, https:\/\/webs.uab.cat\/acaia\/wp-content\/uploads\/sites\/303\/2018\/04\/30923684_1657910350994324_6697173595850177745_o-768x509.png 768w, https:\/\/webs.uab.cat\/acaia\/wp-content\/uploads\/sites\/303\/2018\/04\/30923684_1657910350994324_6697173595850177745_o-1536x1017.png 1536w, https:\/\/webs.uab.cat\/acaia\/wp-content\/uploads\/sites\/303\/2018\/04\/30923684_1657910350994324_6697173595850177745_o-1200x795.png 1200w, https:\/\/webs.uab.cat\/acaia\/wp-content\/uploads\/sites\/303\/2018\/04\/30923684_1657910350994324_6697173595850177745_o-1980x1311.png 1980w, https:\/\/webs.uab.cat\/acaia\/wp-content\/uploads\/sites\/303\/2018\/04\/30923684_1657910350994324_6697173595850177745_o.png 2048w\" sizes=\"auto, (max-width: 302px) 100vw, 302px\" \/><\/a><a href=\"https:\/\/webs.uab.cat\/acaia\/wp-content\/uploads\/sites\/303\/2018\/04\/30424843_1657909470994412_2605108951347686205_o.png\" target=\"_blank\" rel=\"noopener\"><img loading=\"lazy\" decoding=\"async\" class=\"alignnone wp-image-583\" src=\"http:\/\/blogs.uab.cat\/acaia\/files\/2018\/04\/30424843_1657909470994412_2605108951347686205_o-1024x678.png\" alt=\"\" width=\"302\" height=\"200\" srcset=\"https:\/\/webs.uab.cat\/acaia\/wp-content\/uploads\/sites\/303\/2018\/04\/30424843_1657909470994412_2605108951347686205_o-1024x678.png 1024w, https:\/\/webs.uab.cat\/acaia\/wp-content\/uploads\/sites\/303\/2018\/04\/30424843_1657909470994412_2605108951347686205_o-300x199.png 300w, https:\/\/webs.uab.cat\/acaia\/wp-content\/uploads\/sites\/303\/2018\/04\/30424843_1657909470994412_2605108951347686205_o-768x509.png 768w, https:\/\/webs.uab.cat\/acaia\/wp-content\/uploads\/sites\/303\/2018\/04\/30424843_1657909470994412_2605108951347686205_o-1536x1017.png 1536w, https:\/\/webs.uab.cat\/acaia\/wp-content\/uploads\/sites\/303\/2018\/04\/30424843_1657909470994412_2605108951347686205_o-1200x795.png 1200w, https:\/\/webs.uab.cat\/acaia\/wp-content\/uploads\/sites\/303\/2018\/04\/30424843_1657909470994412_2605108951347686205_o-1980x1311.png 1980w, https:\/\/webs.uab.cat\/acaia\/wp-content\/uploads\/sites\/303\/2018\/04\/30424843_1657909470994412_2605108951347686205_o.png 2048w\" sizes=\"auto, (max-width: 302px) 100vw, 302px\" \/><\/a><\/p>\n<\/div>\n<hr>\n<p><strong><span style=\"font-size: xx-large\"><span style=\"color: #ff0000\">26.4.2018<\/span><\/span><\/strong><\/p>\n<\/div>\n<div class=\"_1mf _1mj\" style=\"text-align: justify\">\n<p><span style=\"color: #008000\">ESCORIZA-MATEU, T. (20180426).&nbsp;<strong>\u00abTrabajo Femenino, Reproducci\u00f3n Biol\u00f3gica y Mantenimiento de Sujetos Sociales\u00bb<\/strong>. Seminario \u00abArqueolog\u00edas de la reproducci\u00f3n. La materialidad de las pr\u00e1cticas maternales\u201d, Departamento de Prehistoria y Arqueolog\u00eda de la Universidad de Granada. Facultad de Filosof\u00eda y Letras, Universidad de Almer\u00eda. Jueves 26 Abril 2018, 17 h.&nbsp;<\/span><\/p>\n<p><a href=\"https:\/\/www.webgea.es\/actividades\/congresos-seminarios\/86-seminario-\u201carqueologias-de-la-reproduccion-la-materialidad-de-las-practicas-maternales\u201d-y-exposicion-fotografica-\u201cla-reproduccion-en-imagenes\u201d\">https:\/\/www.webgea.es\/actividades\/congresos-seminarios\/86-seminario-\u201carqueologias-de-la-reproduccion-la-materialidad-de-las-practicas-maternales\u201d-y-exposicion-fotografica-\u201cla-reproduccion-en-imagenes\u201d&nbsp;<\/a><\/p>\n<p><a href=\"https:\/\/webs.uab.cat\/acaia\/wp-content\/uploads\/sites\/303\/2018\/04\/Diptico.pdf\">Diptico<\/a><\/p>\n<p><a href=\"https:\/\/webs.uab.cat\/acaia\/wp-content\/uploads\/sites\/303\/2018\/04\/Arq-Reproduccion_IMG.png\" target=\"_blank\" rel=\"noopener\"><img loading=\"lazy\" decoding=\"async\" class=\"alignnone wp-image-552 size-medium\" src=\"http:\/\/blogs.uab.cat\/acaia\/files\/2018\/04\/Arq-Reproduccion_IMG-300x144.png\" alt=\"\" width=\"300\" height=\"144\" srcset=\"https:\/\/webs.uab.cat\/acaia\/wp-content\/uploads\/sites\/303\/2018\/04\/Arq-Reproduccion_IMG-300x144.png 300w, https:\/\/webs.uab.cat\/acaia\/wp-content\/uploads\/sites\/303\/2018\/04\/Arq-Reproduccion_IMG-1024x491.png 1024w, https:\/\/webs.uab.cat\/acaia\/wp-content\/uploads\/sites\/303\/2018\/04\/Arq-Reproduccion_IMG-768x368.png 768w, https:\/\/webs.uab.cat\/acaia\/wp-content\/uploads\/sites\/303\/2018\/04\/Arq-Reproduccion_IMG-1536x736.png 1536w, https:\/\/webs.uab.cat\/acaia\/wp-content\/uploads\/sites\/303\/2018\/04\/Arq-Reproduccion_IMG-1200x575.png 1200w, https:\/\/webs.uab.cat\/acaia\/wp-content\/uploads\/sites\/303\/2018\/04\/Arq-Reproduccion_IMG.png 1654w\" sizes=\"auto, (max-width: 300px) 100vw, 300px\" \/><\/a><\/p>\n<p><a href=\"https:\/\/webs.uab.cat\/acaia\/wp-content\/uploads\/sites\/303\/2018\/04\/30806250_1657891294329563_2761188953138803918_o.png\" target=\"_blank\" rel=\"noopener\"><img loading=\"lazy\" decoding=\"async\" class=\"alignnone wp-image-586\" src=\"http:\/\/blogs.uab.cat\/acaia\/files\/2018\/04\/30806250_1657891294329563_2761188953138803918_o-1024x728.png\" alt=\"\" width=\"281\" height=\"200\" srcset=\"https:\/\/webs.uab.cat\/acaia\/wp-content\/uploads\/sites\/303\/2018\/04\/30806250_1657891294329563_2761188953138803918_o-1024x728.png 1024w, https:\/\/webs.uab.cat\/acaia\/wp-content\/uploads\/sites\/303\/2018\/04\/30806250_1657891294329563_2761188953138803918_o-300x213.png 300w, https:\/\/webs.uab.cat\/acaia\/wp-content\/uploads\/sites\/303\/2018\/04\/30806250_1657891294329563_2761188953138803918_o-768x546.png 768w, https:\/\/webs.uab.cat\/acaia\/wp-content\/uploads\/sites\/303\/2018\/04\/30806250_1657891294329563_2761188953138803918_o-1536x1092.png 1536w, https:\/\/webs.uab.cat\/acaia\/wp-content\/uploads\/sites\/303\/2018\/04\/30806250_1657891294329563_2761188953138803918_o-1200x853.png 1200w, https:\/\/webs.uab.cat\/acaia\/wp-content\/uploads\/sites\/303\/2018\/04\/30806250_1657891294329563_2761188953138803918_o.png 1569w\" sizes=\"auto, (max-width: 281px) 100vw, 281px\" \/><\/a>&nbsp;<a href=\"https:\/\/webs.uab.cat\/acaia\/wp-content\/uploads\/sites\/303\/2018\/04\/30171635_1657890740996285_6762433532968665276_o.png\" target=\"_blank\" rel=\"noopener\"><img loading=\"lazy\" decoding=\"async\" class=\"alignnone wp-image-587\" src=\"http:\/\/blogs.uab.cat\/acaia\/files\/2018\/04\/30171635_1657890740996285_6762433532968665276_o-1024x727.png\" alt=\"\" width=\"282\" height=\"200\" srcset=\"https:\/\/webs.uab.cat\/acaia\/wp-content\/uploads\/sites\/303\/2018\/04\/30171635_1657890740996285_6762433532968665276_o-1024x727.png 1024w, https:\/\/webs.uab.cat\/acaia\/wp-content\/uploads\/sites\/303\/2018\/04\/30171635_1657890740996285_6762433532968665276_o-300x213.png 300w, https:\/\/webs.uab.cat\/acaia\/wp-content\/uploads\/sites\/303\/2018\/04\/30171635_1657890740996285_6762433532968665276_o-768x545.png 768w, https:\/\/webs.uab.cat\/acaia\/wp-content\/uploads\/sites\/303\/2018\/04\/30171635_1657890740996285_6762433532968665276_o-1536x1090.png 1536w, https:\/\/webs.uab.cat\/acaia\/wp-content\/uploads\/sites\/303\/2018\/04\/30171635_1657890740996285_6762433532968665276_o-1200x851.png 1200w, https:\/\/webs.uab.cat\/acaia\/wp-content\/uploads\/sites\/303\/2018\/04\/30171635_1657890740996285_6762433532968665276_o-1980x1405.png 1980w, https:\/\/webs.uab.cat\/acaia\/wp-content\/uploads\/sites\/303\/2018\/04\/30171635_1657890740996285_6762433532968665276_o.png 2048w\" sizes=\"auto, (max-width: 282px) 100vw, 282px\" \/><\/a><\/p>\n<\/div>\n<div class=\"_1mf _1mj\" style=\"text-align: justify\">\n<hr>\n<p><strong><span style=\"font-size: xx-large\"><span style=\"color: #ff0000\">24.4.2018<\/span><\/span><\/strong><\/p>\n<\/div>\n<div class=\"_1mf _1mj\" style=\"text-align: justify\">\n<p><span style=\"color: #008000\">GUERRERO PERALES, MD.&nbsp;(20180424).&nbsp;<strong>\u00abArqueolog\u00eda y Feminismo: Las Representaciones Figurativas\u00bb<\/strong>. \u00abMujeres y Desigualdad Social\u00bb. Grado de Historia de la UAL. Facultad de Humanidades y Psicolog\u00eda, Universidad de Almer\u00eda. Martes 24 Abril 2018.&nbsp;<\/span><\/p>\n<p><a href=\"https:\/\/webs.uab.cat\/acaia\/wp-content\/uploads\/sites\/303\/2018\/04\/31286720_1653500028102023_4096843388386294789_n.png\" target=\"_blank\" rel=\"noopener\"><img loading=\"lazy\" decoding=\"async\" class=\"alignnone wp-image-576\" src=\"https:\/\/webs.uab.cat\/acaia\/wp-content\/uploads\/sites\/303\/2018\/04\/31286720_1653500028102023_4096843388386294789_n.png\" alt=\"\" width=\"292\" height=\"220\" srcset=\"https:\/\/webs.uab.cat\/acaia\/wp-content\/uploads\/sites\/303\/2018\/04\/31286720_1653500028102023_4096843388386294789_n.png 707w, https:\/\/webs.uab.cat\/acaia\/wp-content\/uploads\/sites\/303\/2018\/04\/31286720_1653500028102023_4096843388386294789_n-300x226.png 300w\" sizes=\"auto, (max-width: 292px) 100vw, 292px\" \/><\/a><a href=\"https:\/\/webs.uab.cat\/acaia\/wp-content\/uploads\/sites\/303\/2018\/04\/31290110_1653499891435370_1859693090530236609_n.png\" target=\"_blank\" rel=\"noopener\"><img loading=\"lazy\" decoding=\"async\" class=\"alignnone wp-image-575\" src=\"https:\/\/webs.uab.cat\/acaia\/wp-content\/uploads\/sites\/303\/2018\/04\/31290110_1653499891435370_1859693090530236609_n.png\" alt=\"\" width=\"293\" height=\"220\" srcset=\"https:\/\/webs.uab.cat\/acaia\/wp-content\/uploads\/sites\/303\/2018\/04\/31290110_1653499891435370_1859693090530236609_n.png 960w, https:\/\/webs.uab.cat\/acaia\/wp-content\/uploads\/sites\/303\/2018\/04\/31290110_1653499891435370_1859693090530236609_n-300x225.png 300w, https:\/\/webs.uab.cat\/acaia\/wp-content\/uploads\/sites\/303\/2018\/04\/31290110_1653499891435370_1859693090530236609_n-768x576.png 768w\" sizes=\"auto, (max-width: 293px) 100vw, 293px\" \/><\/a><\/p>\n<\/div>\n<hr>\n<p><strong><span style=\"font-size: xx-large\"><span style=\"color: #ff0000\">17.4.2018<\/span><\/span><\/strong><\/p>\n<\/div>\n<div class=\"_1mf _1mj\" style=\"text-align: justify\">\n<p><span style=\"color: #008000\">ORTIZ HERNANDEZ, M. (20180417).&nbsp;<strong>\u00abLa Teor\u00eda de la Diferencia Sexual\u00bb<\/strong>. \u00abMujeres y Desigualdad Social\u00bb. Grado de Historia de la UAL. Facultad de Humanidades y Psicolog\u00eda, Universidad de Almer\u00eda. Martes 17 Abril 2018.&nbsp;<\/span><\/p>\n<p><a href=\"https:\/\/webs.uab.cat\/acaia\/wp-content\/uploads\/sites\/303\/2018\/04\/29983443_1646520398799986_7753680913570716063_o.jpg\" target=\"_blank\" rel=\"noopener\"><img loading=\"lazy\" decoding=\"async\" class=\"alignnone wp-image-530\" src=\"http:\/\/blogs.uab.cat\/acaia\/files\/2018\/04\/29983443_1646520398799986_7753680913570716063_o-300x200.jpg\" alt=\"\" width=\"330\" height=\"220\" srcset=\"https:\/\/webs.uab.cat\/acaia\/wp-content\/uploads\/sites\/303\/2018\/04\/29983443_1646520398799986_7753680913570716063_o-300x200.jpg 300w, https:\/\/webs.uab.cat\/acaia\/wp-content\/uploads\/sites\/303\/2018\/04\/29983443_1646520398799986_7753680913570716063_o-1024x683.jpg 1024w, https:\/\/webs.uab.cat\/acaia\/wp-content\/uploads\/sites\/303\/2018\/04\/29983443_1646520398799986_7753680913570716063_o-768x513.jpg 768w, https:\/\/webs.uab.cat\/acaia\/wp-content\/uploads\/sites\/303\/2018\/04\/29983443_1646520398799986_7753680913570716063_o-1200x801.jpg 1200w, https:\/\/webs.uab.cat\/acaia\/wp-content\/uploads\/sites\/303\/2018\/04\/29983443_1646520398799986_7753680913570716063_o.jpg 1440w\" sizes=\"auto, (max-width: 330px) 100vw, 330px\" \/><\/a><a href=\"https:\/\/webs.uab.cat\/acaia\/wp-content\/uploads\/sites\/303\/2018\/04\/30728289_1646520485466644_1294152657230061293_n.jpg\" target=\"_blank\" rel=\"noopener\"><img loading=\"lazy\" decoding=\"async\" class=\"alignnone wp-image-529\" src=\"http:\/\/blogs.uab.cat\/acaia\/files\/2018\/04\/30728289_1646520485466644_1294152657230061293_n-300x225.jpg\" alt=\"\" width=\"293\" height=\"220\" srcset=\"https:\/\/webs.uab.cat\/acaia\/wp-content\/uploads\/sites\/303\/2018\/04\/30728289_1646520485466644_1294152657230061293_n-300x225.jpg 300w, https:\/\/webs.uab.cat\/acaia\/wp-content\/uploads\/sites\/303\/2018\/04\/30728289_1646520485466644_1294152657230061293_n-768x576.jpg 768w, https:\/\/webs.uab.cat\/acaia\/wp-content\/uploads\/sites\/303\/2018\/04\/30728289_1646520485466644_1294152657230061293_n.jpg 960w\" sizes=\"auto, (max-width: 293px) 100vw, 293px\" \/><\/a><\/p>\n<\/div>\n<hr>\n<p><strong><span style=\"font-size: xx-large\"><span style=\"color: #ff0000\">15.2.2018<\/span><\/span><\/strong><\/p>\n<\/div>\n<div class=\"_1mf _1mj\" style=\"text-align: justify\">\n<p><span style=\"color: #008000\">ESCORIZA-MATEU, T. (20180215).&nbsp;<strong>\u00abLa Violencia Patriarcal contra el Cuerpo Femenino\u00bb<\/strong>. III Jornadas \u00abPedagog\u00edas Libertarias\u00bb. Federaci\u00f3n Andaluza de Sindicatos de Ense\u00f1anza (FASE) de CGT. Facultad de Ciencias de la Educaci\u00f3n, Universidad de Granada. Jueves 15 Febrero 2018. 16,00-18,30 h.&nbsp;<\/span><\/p>\n<p><a href=\"https:\/\/webs.uab.cat\/acaia\/wp-content\/uploads\/sites\/303\/2018\/02\/PEDAGOGIASLIBERTARIAS.png\" target=\"_blank\" rel=\"noopener\"><img loading=\"lazy\" decoding=\"async\" class=\"alignnone wp-image-518\" src=\"http:\/\/blogs.uab.cat\/acaia\/files\/2018\/02\/PEDAGOGIASLIBERTARIAS-797x1024.png\" alt=\"\" width=\"500\" height=\"643\" srcset=\"https:\/\/webs.uab.cat\/acaia\/wp-content\/uploads\/sites\/303\/2018\/02\/PEDAGOGIASLIBERTARIAS-797x1024.png 797w, https:\/\/webs.uab.cat\/acaia\/wp-content\/uploads\/sites\/303\/2018\/02\/PEDAGOGIASLIBERTARIAS-233x300.png 233w, https:\/\/webs.uab.cat\/acaia\/wp-content\/uploads\/sites\/303\/2018\/02\/PEDAGOGIASLIBERTARIAS-768x987.png 768w, https:\/\/webs.uab.cat\/acaia\/wp-content\/uploads\/sites\/303\/2018\/02\/PEDAGOGIASLIBERTARIAS.png 950w\" sizes=\"auto, (max-width: 500px) 100vw, 500px\" \/><\/a><\/p>\n<hr>\n<p>&nbsp;<\/p>\n<\/div>\n","protected":false},"excerpt":{"rendered":"<p>22.8.2018 ESCORIZA-MATEU, T (20180822).&nbsp;\u00abMujeres y Arqueolog\u00eda: Sexuando el Pasado\u00bb.&nbsp;Ciclo de Conferencias Arqueol\u00f3gicas. Escuela Profesional de Arqueolog\u00eda-Maestr\u00eda de Arqueolog\u00eda Andina-Grupo de Investigaci\u00f3n Yungas. Facultad de Ciencias Sociales, Universidad Nacional Mayor de San&nbsp;Marcos, Auditorio \u00abJose Mar\u00eda Arguedas\u00bb, Ciudad Universitaria UNMSM, Cercado de Lima. Mi\u00e9rcoles 22 Agosto 2018, 16,00 h.&nbsp; 22.8.2018 CASTRO-MARTINEZ, PV (20180822).&nbsp;\u00abProyecto La&nbsp;Puntilla (Nasca, Ica): Arqueolog\u00eda [&hellip;]<\/p>\n","protected":false},"author":2061,"featured_media":0,"parent":179,"menu_order":0,"comment_status":"closed","ping_status":"closed","template":"","meta":{"footnotes":""},"class_list":["post-505","page","type-page","status-publish","hentry"],"_links":{"self":[{"href":"https:\/\/webs.uab.cat\/acaia\/wp-json\/wp\/v2\/pages\/505","targetHints":{"allow":["GET"]}}],"collection":[{"href":"https:\/\/webs.uab.cat\/acaia\/wp-json\/wp\/v2\/pages"}],"about":[{"href":"https:\/\/webs.uab.cat\/acaia\/wp-json\/wp\/v2\/types\/page"}],"author":[{"embeddable":true,"href":"https:\/\/webs.uab.cat\/acaia\/wp-json\/wp\/v2\/users\/2061"}],"replies":[{"embeddable":true,"href":"https:\/\/webs.uab.cat\/acaia\/wp-json\/wp\/v2\/comments?post=505"}],"version-history":[{"count":1,"href":"https:\/\/webs.uab.cat\/acaia\/wp-json\/wp\/v2\/pages\/505\/revisions"}],"predecessor-version":[{"id":1009,"href":"https:\/\/webs.uab.cat\/acaia\/wp-json\/wp\/v2\/pages\/505\/revisions\/1009"}],"up":[{"embeddable":true,"href":"https:\/\/webs.uab.cat\/acaia\/wp-json\/wp\/v2\/pages\/179"}],"wp:attachment":[{"href":"https:\/\/webs.uab.cat\/acaia\/wp-json\/wp\/v2\/media?parent=505"}],"curies":[{"name":"wp","href":"https:\/\/api.w.org\/{rel}","templated":true}]}}