{"id":669,"date":"2024-09-10T09:44:36","date_gmt":"2024-09-10T07:44:36","guid":{"rendered":"https:\/\/webs.uab.cat\/afronta\/?page_id=669"},"modified":"2025-07-06T12:28:43","modified_gmt":"2025-07-06T10:28:43","slug":"vulnerabilidad-climatica-y-ambiental","status":"publish","type":"page","link":"https:\/\/webs.uab.cat\/afronta\/recursos\/vulnerabilidad-climatica-y-ambiental\/","title":{"rendered":"Vulnerabilidad clim\u00e1tica y ambiental"},"content":{"rendered":"\n<div class=\"wp-block-media-text alignwide is-stacked-on-mobile is-vertically-aligned-center\" style=\"grid-template-columns:29% auto\"><figure class=\"wp-block-media-text__media\"><img loading=\"lazy\" decoding=\"async\" width=\"1024\" height=\"538\" src=\"https:\/\/webs.uab.cat\/afronta\/wp-content\/uploads\/sites\/472\/2024\/09\/logo-1024x538.jpg\" alt=\"\" class=\"wp-image-720 size-full\" srcset=\"https:\/\/webs.uab.cat\/afronta\/wp-content\/uploads\/sites\/472\/2024\/09\/logo-1024x538.jpg 1024w, https:\/\/webs.uab.cat\/afronta\/wp-content\/uploads\/sites\/472\/2024\/09\/logo-300x158.jpg 300w, https:\/\/webs.uab.cat\/afronta\/wp-content\/uploads\/sites\/472\/2024\/09\/logo-768x403.jpg 768w, https:\/\/webs.uab.cat\/afronta\/wp-content\/uploads\/sites\/472\/2024\/09\/logo.jpg 1200w\" sizes=\"auto, (max-width: 1024px) 100vw, 1024px\" \/><\/figure><div class=\"wp-block-media-text__content\">\n<h2 class=\"wp-block-heading has-text-color\" style=\"color:#000000;font-size:32px\"><strong>European Environment Agency<\/strong><\/h2>\n\n\n\n<p class=\"has-text-color\" style=\"color:#000000;font-size:17px\">P\u00e1gina web de la Agencia Europea del Medio Ambiente, con acceso a datos y recursos relacionados con el medio ambiente y la sostenibilidad.<\/p>\n\n\n\n<div class=\"wp-block-buttons is-layout-flex wp-block-buttons-is-layout-flex\">\n<div class=\"wp-block-button is-style-fill\"><a class=\"wp-block-button__link wp-element-button\" href=\"https:\/\/www.eea.europa.eu\/en\">P\u00e1gina web (EN)<\/a><\/div>\n\n\n\n<div class=\"wp-block-button is-style-fill\"><a class=\"wp-block-button__link wp-element-button\" href=\"https:\/\/www.eea.europa.eu\/es\">Pagina web (ES)<\/a><\/div>\n<\/div>\n<\/div><\/div>\n\n\n\n<div class=\"wp-block-media-text alignwide is-stacked-on-mobile is-vertically-aligned-center\" style=\"grid-template-columns:29% auto\"><figure class=\"wp-block-media-text__media\"><img loading=\"lazy\" decoding=\"async\" width=\"512\" height=\"135\" src=\"https:\/\/webs.uab.cat\/afronta\/wp-content\/uploads\/sites\/472\/2024\/09\/512px-European_Commission_Logo.svg_.png\" alt=\"\" class=\"wp-image-670 size-full\" srcset=\"https:\/\/webs.uab.cat\/afronta\/wp-content\/uploads\/sites\/472\/2024\/09\/512px-European_Commission_Logo.svg_.png 512w, https:\/\/webs.uab.cat\/afronta\/wp-content\/uploads\/sites\/472\/2024\/09\/512px-European_Commission_Logo.svg_-300x79.png 300w\" sizes=\"auto, (max-width: 512px) 100vw, 512px\" \/><\/figure><div class=\"wp-block-media-text__content\">\n<h2 class=\"wp-block-heading has-text-color\" style=\"color:#000000;font-size:32px\"><strong>Climate change&nbsp;<\/strong><\/h2>\n\n\n\n<p class=\"has-text-color\" style=\"color:#000000;font-size:17px\">\u00abThrough EU policy, legislation and strategies the EU has set itself the goal of becoming a climate-resilient society by 2050, fully adapted to the unavoidable impacts of climate change\u00bb (<a href=\"https:\/\/commission.europa.eu\/energy-climate-change-environment\/topics\/climate-change_en\">cita<\/a>).<\/p>\n\n\n\n<div class=\"wp-block-buttons is-layout-flex wp-block-buttons-is-layout-flex\">\n<div class=\"wp-block-button is-style-fill\"><a class=\"wp-block-button__link wp-element-button\" href=\"https:\/\/commission.europa.eu\/energy-climate-change-environment\/topics\/climate-change_en\">P\u00e1gina web<\/a><\/div>\n<\/div>\n<\/div><\/div>\n\n\n\n<div class=\"wp-block-media-text alignwide is-stacked-on-mobile is-vertically-aligned-center\" style=\"grid-template-columns:29% auto\"><figure class=\"wp-block-media-text__media\"><img loading=\"lazy\" decoding=\"async\" width=\"580\" height=\"176\" src=\"https:\/\/webs.uab.cat\/afronta\/wp-content\/uploads\/sites\/472\/2024\/09\/Captura-de-pantalla-2024-09-10-a-las-9.41.38.png\" alt=\"\" class=\"wp-image-671 size-full\" srcset=\"https:\/\/webs.uab.cat\/afronta\/wp-content\/uploads\/sites\/472\/2024\/09\/Captura-de-pantalla-2024-09-10-a-las-9.41.38.png 580w, https:\/\/webs.uab.cat\/afronta\/wp-content\/uploads\/sites\/472\/2024\/09\/Captura-de-pantalla-2024-09-10-a-las-9.41.38-300x91.png 300w\" sizes=\"auto, (max-width: 580px) 100vw, 580px\" \/><\/figure><div class=\"wp-block-media-text__content\">\n<h2 class=\"wp-block-heading has-text-color\" style=\"color:#000000;font-size:32px\"><strong>Climate change: what the EU is doing<\/strong><\/h2>\n\n\n\n<p class=\"has-text-color\" style=\"color:#000000;font-size:17px\">P\u00e1gina Web del Consejo Europeo con informaci\u00f3n sobre diversas actuaciones relacionadas con el cambio clim\u00e1tico y sus efectos sobre la poblaci\u00f3n.<\/p>\n\n\n\n<div class=\"wp-block-buttons is-layout-flex wp-block-buttons-is-layout-flex\">\n<div class=\"wp-block-button is-style-fill\"><a class=\"wp-block-button__link wp-element-button\" href=\"https:\/\/www.consilium.europa.eu\/es\/policies\/climate-change\/\">P\u00e1gina web (ES)<\/a><\/div>\n<\/div>\n<\/div><\/div>\n\n\n\n<div class=\"wp-block-media-text alignwide is-stacked-on-mobile is-vertically-aligned-center\" style=\"grid-template-columns:29% auto\"><figure class=\"wp-block-media-text__media\"><img loading=\"lazy\" decoding=\"async\" width=\"696\" height=\"168\" src=\"https:\/\/webs.uab.cat\/afronta\/wp-content\/uploads\/sites\/472\/2024\/09\/Captura-de-pantalla-2024-09-10-a-las-9.46.21.png\" alt=\"\" class=\"wp-image-676 size-full\" srcset=\"https:\/\/webs.uab.cat\/afronta\/wp-content\/uploads\/sites\/472\/2024\/09\/Captura-de-pantalla-2024-09-10-a-las-9.46.21.png 696w, https:\/\/webs.uab.cat\/afronta\/wp-content\/uploads\/sites\/472\/2024\/09\/Captura-de-pantalla-2024-09-10-a-las-9.46.21-300x72.png 300w\" sizes=\"auto, (max-width: 696px) 100vw, 696px\" \/><\/figure><div class=\"wp-block-media-text__content\">\n<h2 class=\"wp-block-heading has-text-color\" style=\"color:#000000;font-size:32px\"><strong><strong>European Climate Data Explorer<\/strong><\/strong><\/h2>\n\n\n\n<p class=\"has-text-color\" style=\"color:#000000;font-size:17px\">Servicios clave, las caracter\u00edsticas tem\u00e1ticas y las herramientas de Climate-ADAPT con la intenci\u00f3n de conocimientos de adaptaci\u00f3n para una Europa resiliente al cambio clim\u00e1tico (<a href=\"https:\/\/climate-adapt.eea.europa.eu\/es?set_language=es\">cita<\/a>)<\/p>\n\n\n\n<div class=\"wp-block-buttons is-layout-flex wp-block-buttons-is-layout-flex\">\n<div class=\"wp-block-button is-style-fill\"><a class=\"wp-block-button__link wp-element-button\" href=\"https:\/\/climate-adapt.eea.europa.eu\/es?set_language=es\">P\u00e1gina web (ES)<\/a><\/div>\n<\/div>\n<\/div><\/div>\n\n\n\n<div class=\"wp-block-media-text alignwide is-stacked-on-mobile is-vertically-aligned-center\" style=\"grid-template-columns:29% auto\"><figure class=\"wp-block-media-text__media\"><img loading=\"lazy\" decoding=\"async\" width=\"1024\" height=\"167\" src=\"https:\/\/webs.uab.cat\/afronta\/wp-content\/uploads\/sites\/472\/2024\/09\/Captura-de-pantalla-2024-09-10-a-las-9.49.27-1024x167.png\" alt=\"\" class=\"wp-image-678 size-full\" srcset=\"https:\/\/webs.uab.cat\/afronta\/wp-content\/uploads\/sites\/472\/2024\/09\/Captura-de-pantalla-2024-09-10-a-las-9.49.27-1024x167.png 1024w, https:\/\/webs.uab.cat\/afronta\/wp-content\/uploads\/sites\/472\/2024\/09\/Captura-de-pantalla-2024-09-10-a-las-9.49.27-300x49.png 300w, https:\/\/webs.uab.cat\/afronta\/wp-content\/uploads\/sites\/472\/2024\/09\/Captura-de-pantalla-2024-09-10-a-las-9.49.27-768x125.png 768w, https:\/\/webs.uab.cat\/afronta\/wp-content\/uploads\/sites\/472\/2024\/09\/Captura-de-pantalla-2024-09-10-a-las-9.49.27.png 1154w\" sizes=\"auto, (max-width: 1024px) 100vw, 1024px\" \/><\/figure><div class=\"wp-block-media-text__content\">\n<h2 class=\"wp-block-heading has-text-color\" style=\"color:#000000;font-size:32px\">European State of the Climate 2023<\/h2>\n\n\n\n<p class=\"has-text-color\" style=\"color:#000000;font-size:17px\">\u00abcompiled by the Copernicus Climate Change Service (C3S) and the World Meteorological Organization (WMO). C3S is implemented by the European Centre for Medium-Range Weather Forecasts (ECMWF) on behalf of the European Commission\u00bb. (<a href=\"https:\/\/climate.copernicus.eu\/esotc\/2023\">cita<\/a>)<\/p>\n\n\n\n<div class=\"wp-block-buttons is-layout-flex wp-block-buttons-is-layout-flex\">\n<div class=\"wp-block-button is-style-fill\"><a class=\"wp-block-button__link wp-element-button\" href=\"https:\/\/climate.copernicus.eu\/esotc\/2023\">P\u00e1gina web (EN)<\/a><\/div>\n<\/div>\n<\/div><\/div>\n\n\n\n<div class=\"wp-block-media-text alignwide is-stacked-on-mobile is-vertically-aligned-center\" style=\"grid-template-columns:29% auto\"><figure class=\"wp-block-media-text__media\"><img loading=\"lazy\" decoding=\"async\" width=\"918\" height=\"1024\" src=\"https:\/\/webs.uab.cat\/afronta\/wp-content\/uploads\/sites\/472\/2025\/01\/Captura-de-pantalla-2025-01-29-a-las-10.52.26-918x1024.png\" alt=\"\" class=\"wp-image-910 size-full\" srcset=\"https:\/\/webs.uab.cat\/afronta\/wp-content\/uploads\/sites\/472\/2025\/01\/Captura-de-pantalla-2025-01-29-a-las-10.52.26-918x1024.png 918w, https:\/\/webs.uab.cat\/afronta\/wp-content\/uploads\/sites\/472\/2025\/01\/Captura-de-pantalla-2025-01-29-a-las-10.52.26-269x300.png 269w, https:\/\/webs.uab.cat\/afronta\/wp-content\/uploads\/sites\/472\/2025\/01\/Captura-de-pantalla-2025-01-29-a-las-10.52.26-768x857.png 768w, https:\/\/webs.uab.cat\/afronta\/wp-content\/uploads\/sites\/472\/2025\/01\/Captura-de-pantalla-2025-01-29-a-las-10.52.26-1200x1338.png 1200w, https:\/\/webs.uab.cat\/afronta\/wp-content\/uploads\/sites\/472\/2025\/01\/Captura-de-pantalla-2025-01-29-a-las-10.52.26.png 1232w\" sizes=\"auto, (max-width: 918px) 100vw, 918px\" \/><\/figure><div class=\"wp-block-media-text__content\">\n<h2 class=\"wp-block-heading has-text-color\" style=\"color:#000000;font-size:32px\">ARTICLE &#8211; \u00abEstimating future heat-related and cold-related mortality under climate change, demographic and adaptation scenarios in 854 European cities\u00bb. <em>Nature Medicine<\/em> (2025)<\/h2>\n\n\n\n<p class=\"has-text-color\" style=\"color:#000000;font-size:17px\">\u00abPrevious health impact assessments of temperature-related mortality in Europe indicated that the mortality burden attributable to cold is much larger than for heat. Questions remain as to whether climate change can result in a net decrease in temperature-related mortality. In this study, we estimated how climate change could affect future heat-related and cold-related mortality in 854 European urban areas, under several climate, demographic and adaptation scenarios. We showed that, with no adaptation to heat, the increase in heat-related deaths consistently exceeds any decrease in cold-related deaths across all considered scenarios in Europe [&#8230;] Unless strong mitigation and adaptation measures are implemented, most European cities should experience an increase of their temperature-related mortality burden\u00bb. (<a href=\"https:\/\/www.nature.com\/articles\/s41591-024-03452-2\">Fuente<\/a>).<\/p>\n\n\n\n<p>(Masselot, P., Mistry, M.N., Rao, S.&nbsp;<em>et al.<\/em>&nbsp;(2025) Estimating future heat-related and cold-related mortality under climate change, demographic and adaptation scenarios in 854 European cities.&nbsp;<em>Nature Medicine<\/em>. https:\/\/doi.org\/10.1038\/s41591-024-03452-2)<\/p>\n\n\n\n<div class=\"wp-block-buttons is-layout-flex wp-block-buttons-is-layout-flex\">\n<div class=\"wp-block-button is-style-fill\"><a class=\"wp-block-button__link wp-element-button\" href=\"https:\/\/www.nature.com\/articles\/s41591-024-03452-2.pdf\">art\u00edculo PDF (en)<\/a><\/div>\n<\/div>\n<\/div><\/div>\n\n\n\n<div class=\"wp-block-media-text alignwide is-stacked-on-mobile is-vertically-aligned-center\" style=\"grid-template-columns:29% auto\"><figure class=\"wp-block-media-text__media\"><img loading=\"lazy\" decoding=\"async\" width=\"1024\" height=\"204\" src=\"https:\/\/webs.uab.cat\/afronta\/wp-content\/uploads\/sites\/472\/2024\/09\/Captura-de-pantalla-2024-09-10-a-las-9.53.27-1024x204.png\" alt=\"\" class=\"wp-image-680 size-full\" srcset=\"https:\/\/webs.uab.cat\/afronta\/wp-content\/uploads\/sites\/472\/2024\/09\/Captura-de-pantalla-2024-09-10-a-las-9.53.27-1024x204.png 1024w, https:\/\/webs.uab.cat\/afronta\/wp-content\/uploads\/sites\/472\/2024\/09\/Captura-de-pantalla-2024-09-10-a-las-9.53.27-300x60.png 300w, https:\/\/webs.uab.cat\/afronta\/wp-content\/uploads\/sites\/472\/2024\/09\/Captura-de-pantalla-2024-09-10-a-las-9.53.27-768x153.png 768w, https:\/\/webs.uab.cat\/afronta\/wp-content\/uploads\/sites\/472\/2024\/09\/Captura-de-pantalla-2024-09-10-a-las-9.53.27.png 1074w\" sizes=\"auto, (max-width: 1024px) 100vw, 1024px\" \/><\/figure><div class=\"wp-block-media-text__content\">\n<h2 class=\"wp-block-heading has-text-color\" style=\"color:#000000;font-size:32px\"><strong>Urban Adaptation Map Viewer&nbsp;<\/strong><\/h2>\n\n\n\n<p class=\"has-text-color\" style=\"color:#000000;font-size:17px\">\u00abThe aim of this map viewer is to provide an overview of the current and future climate-related health risks facing the European cities. The map viewer collates information from various sources on the observed and projected spatial distribution and intensity of high temperatures, flooding, water scarcity, wildfires and vector-borne diseases. It also provides some information on the exposure of the urban population to these hazards, and on the characteristics of people living in cities that may make them more vulnerable to impacts of climate- and weather-related hazards. In most cases, information is available for the cities included in&nbsp;<a href=\"https:\/\/ec.europa.eu\/eurostat\/web\/cities\/background\" target=\"_blank\" rel=\"noreferrer noopener\">Urban Audit<\/a>\u00ab. (<a href=\"https:\/\/climate-adapt.eea.europa.eu\/en\/observatory\/evidence\/projections-and-tools\/urban-adaptation-mapviewer-health-focus\/\">Cita<\/a>)<\/p>\n\n\n\n<div class=\"wp-block-buttons is-layout-flex wp-block-buttons-is-layout-flex\">\n<div class=\"wp-block-button is-style-fill\"><a class=\"wp-block-button__link wp-element-button\" href=\"https:\/\/climate-adapt.eea.europa.eu\/en\/observatory\/evidence\/projections-and-tools\/urban-adaptation-mapviewer-health-focus\/\">P\u00e1gina web (EN)<\/a><\/div>\n<\/div>\n<\/div><\/div>\n\n\n\n<div class=\"wp-block-media-text alignwide is-stacked-on-mobile is-vertically-aligned-center\" style=\"grid-template-columns:29% auto\"><figure class=\"wp-block-media-text__media\"><img loading=\"lazy\" decoding=\"async\" width=\"724\" height=\"1024\" src=\"https:\/\/webs.uab.cat\/afronta\/wp-content\/uploads\/sites\/472\/2024\/09\/Couv_Rapport@2x-724x1024.png\" alt=\"\" class=\"wp-image-700 size-full\" srcset=\"https:\/\/webs.uab.cat\/afronta\/wp-content\/uploads\/sites\/472\/2024\/09\/Couv_Rapport@2x-724x1024.png 724w, https:\/\/webs.uab.cat\/afronta\/wp-content\/uploads\/sites\/472\/2024\/09\/Couv_Rapport@2x-212x300.png 212w, https:\/\/webs.uab.cat\/afronta\/wp-content\/uploads\/sites\/472\/2024\/09\/Couv_Rapport@2x.png 764w\" sizes=\"auto, (max-width: 724px) 100vw, 724px\" \/><\/figure><div class=\"wp-block-media-text__content\">\n<h2 class=\"wp-block-heading has-text-color\" style=\"color:#000000;font-size:32px\"><strong>Climate and Environmental Change in the Mediterranean Basin&nbsp;<\/strong><\/h2>\n\n\n\n<p class=\"has-text-color\" style=\"color:#000000;font-size:17px\">\u00abThe First Mediterranean Assessment Report (MAR1) prepared by the independent network of Mediterranean Experts on Climate and environmental Change (MedECC) was published in November 2020.<\/p>\n\n\n\n<p>The report assesses the best available scientific knowledge on climate and environmental change and associated risks in the Mediterranean Basin in order to render it accessible to policymakers, stakeholders and citizens. The report has been written by almost 190 scientists from 25 countries, all contributing in individual capacity and without financial compensation\u00bb. (<a href=\"https:\/\/www.medecc.org\/medecc-reports\/climate-and-environmental-change-in-the-mediterranean-basin-current-situation-and-risks-for-the-future-1st-mediterranean-assessment-report\/\">Cita<\/a>).<\/p>\n\n\n\n<div class=\"wp-block-buttons is-layout-flex wp-block-buttons-is-layout-flex\">\n<div class=\"wp-block-button is-style-fill\"><a class=\"wp-block-button__link wp-element-button\" href=\"https:\/\/www.medecc.org\/medecc-reports\/climate-and-environmental-change-in-the-mediterranean-basin-current-situation-and-risks-for-the-future-1st-mediterranean-assessment-report\/\">web<\/a><\/div>\n\n\n\n<div class=\"wp-block-button is-style-fill\"><a class=\"wp-block-button__link wp-element-button\" href=\"https:\/\/www.medecc.org\/wp-content\/uploads\/2021\/05\/MedECC_MAR1_complete.pdf\">informe (EN)<\/a><\/div>\n<\/div>\n<\/div><\/div>\n\n\n\n<div class=\"wp-block-media-text alignwide is-stacked-on-mobile is-vertically-aligned-center\" style=\"grid-template-columns:29% auto\"><figure class=\"wp-block-media-text__media\"><img loading=\"lazy\" decoding=\"async\" width=\"1024\" height=\"189\" src=\"https:\/\/webs.uab.cat\/afronta\/wp-content\/uploads\/sites\/472\/2024\/09\/Captura-de-pantalla-2024-09-10-a-las-9.58.43-1024x189.png\" alt=\"\" class=\"wp-image-682 size-full\" srcset=\"https:\/\/webs.uab.cat\/afronta\/wp-content\/uploads\/sites\/472\/2024\/09\/Captura-de-pantalla-2024-09-10-a-las-9.58.43-1024x189.png 1024w, https:\/\/webs.uab.cat\/afronta\/wp-content\/uploads\/sites\/472\/2024\/09\/Captura-de-pantalla-2024-09-10-a-las-9.58.43-300x55.png 300w, https:\/\/webs.uab.cat\/afronta\/wp-content\/uploads\/sites\/472\/2024\/09\/Captura-de-pantalla-2024-09-10-a-las-9.58.43-768x142.png 768w, https:\/\/webs.uab.cat\/afronta\/wp-content\/uploads\/sites\/472\/2024\/09\/Captura-de-pantalla-2024-09-10-a-las-9.58.43.png 1038w\" sizes=\"auto, (max-width: 1024px) 100vw, 1024px\" \/><\/figure><div class=\"wp-block-media-text__content\">\n<h2 class=\"wp-block-heading has-text-color\" style=\"color:#000000;font-size:32px\"><strong><strong>Cambio clim\u00e1tico y recursos h\u00eddricos en Espa\u00f1a &#8211; Aplicaci\u00f3n CAMREC<\/strong><\/strong><\/h2>\n\n\n\n<p class=\"has-text-color\" style=\"color:#000000;font-size:17px\">\u00abEl principal objetivo de la aplicaci\u00f3n inform\u00e1tica CAMREC es facilitar la consulta y an\u00e1lisis de los mapas que resumen los resultados del estudio \u201c<a href=\"https:\/\/www.miteco.gob.es\/es\/cambio-climatico\/publicaciones\/publicaciones\/Memoria_encomienda_CEDEX_tcm30-178474.pdf\"><strong>Evaluaci\u00f3n del Impacto del Cambio Clim\u00e1tico en los Recursos H\u00eddricos y Sequ\u00edas en Espa\u00f1<\/strong>a<\/a>\u201d realizado por el Centro de Estudios y Experimentaci\u00f3n de Obras P\u00fablicas (CEDEX) para la Oficina Espa\u00f1ola del Cambio Clim\u00e1tico (OECC)\u00bb. (<a href=\"https:\/\/adaptecca.es\/cambio-climatico-y-recursos-hidricos-en-espana-aplicacion-camrec\">Cita<\/a>)<\/p>\n\n\n\n<div class=\"wp-block-buttons is-layout-flex wp-block-buttons-is-layout-flex\">\n<div class=\"wp-block-button is-style-fill\"><a class=\"wp-block-button__link wp-element-button\" href=\"https:\/\/adaptecca.es\/cambio-climatico-y-recursos-hidricos-en-espana-aplicacion-camrec\">P\u00e1gina web (ES)<\/a><\/div>\n<\/div>\n<\/div><\/div>\n\n\n\n<div class=\"wp-block-media-text alignwide is-stacked-on-mobile is-vertically-aligned-center\" style=\"grid-template-columns:29% auto\"><figure class=\"wp-block-media-text__media\"><img loading=\"lazy\" decoding=\"async\" width=\"278\" height=\"80\" src=\"https:\/\/webs.uab.cat\/afronta\/wp-content\/uploads\/sites\/472\/2025\/07\/Logo-adapteCCa.png\" alt=\"\" class=\"wp-image-1060 size-full\" \/><\/figure><div class=\"wp-block-media-text__content\">\n<h2 class=\"wp-block-heading has-text-color\" style=\"color:#000000;font-size:32px\"><strong><strong>Plataforma sobre Adaptaci\u00f3n al Cambio Clim\u00e1tico en Espa\u00f1a<\/strong><\/strong><\/h2>\n\n\n\n<p class=\"has-text-color\" style=\"color:#000000;font-size:17px\">\u00abAdapteCCa es una\u00a0<strong>plataforma de consulta e intercambio de informaci\u00f3n<\/strong>\u00a0en materia de impactos, vulnerabilidad y adaptaci\u00f3n al cambio clim\u00e1tico [&#8230;] <strong>AdapteCCa es una iniciativa conjunta de la Oficina Espa\u00f1ola de Cambio Clim\u00e1tico y la Fundaci\u00f3n Biodiversidad, ambas del Ministerio para la Transici\u00f3n Ecol\u00f3gica y el Reto Demogr\u00e1fico<\/strong>\u00ab. (<a href=\"https:\/\/www.adaptecca.es\/que-es-adaptecca\">Cita<\/a>)<\/p>\n\n\n\n<div class=\"wp-block-buttons is-layout-flex wp-block-buttons-is-layout-flex\">\n<div class=\"wp-block-button is-style-fill\"><a class=\"wp-block-button__link wp-element-button\" href=\"https:\/\/www.adaptecca.es\/index.php\/\">P\u00e1gina web (ES)<\/a><\/div>\n<\/div>\n<\/div><\/div>\n\n\n\n<div class=\"wp-block-media-text alignwide is-stacked-on-mobile is-vertically-aligned-center\" style=\"grid-template-columns:29% auto\"><figure class=\"wp-block-media-text__media\"><img loading=\"lazy\" decoding=\"async\" width=\"592\" height=\"218\" src=\"https:\/\/webs.uab.cat\/afronta\/wp-content\/uploads\/sites\/472\/2024\/09\/Captura-de-pantalla-2024-09-10-a-las-10.01.36.png\" alt=\"\" class=\"wp-image-686 size-full\" srcset=\"https:\/\/webs.uab.cat\/afronta\/wp-content\/uploads\/sites\/472\/2024\/09\/Captura-de-pantalla-2024-09-10-a-las-10.01.36.png 592w, https:\/\/webs.uab.cat\/afronta\/wp-content\/uploads\/sites\/472\/2024\/09\/Captura-de-pantalla-2024-09-10-a-las-10.01.36-300x110.png 300w\" sizes=\"auto, (max-width: 592px) 100vw, 592px\" \/><\/figure><div class=\"wp-block-media-text__content\">\n<h2 class=\"wp-block-heading has-text-color\" style=\"color:#000000;font-size:32px\"><strong><strong>Impactos y riesgos derivados del cambio clim\u00e1tico en Espa\u00f1a<\/strong><\/strong> (2021)<\/h2>\n\n\n\n<p class=\"has-text-color\" style=\"color:#000000;font-size:17px\">\u00abEn este informe promovido por el Ministerio para la Transici\u00f3n Ecol\u00f3gica y el Reto Demogr\u00e1fico (MITECO), con la coordinaci\u00f3n t\u00e9cnica del Basque Centre for Climate Change (BC3), expone los principales impactos del cambio clim\u00e1tico en los distintos sectores productivos y sistemas naturales de Espa\u00f1a. Se elabora adem\u00e1s, una relaci\u00f3n de los principales riesgos derivados de estos impactos, as\u00ed como una propuesta de valoraci\u00f3n sobre el grado de urgencia para ser abordados. Para ello, se analiza documentaci\u00f3n publicada en un total de 10 \u00e1mbitos de trabajo o sectores y sistemas naturales considerados prioritarios tanto en el Plan Nacional de Adaptaci\u00f3n al Cambio Clim\u00e1tico 1 (PNACC-1) como en el PNACC-2 (recursos h\u00eddricos, ecosistemas terrestres, agricultura y ganader\u00eda, medio marino, costas, \u00e1reas urbanas, salud, energ\u00eda, transporte y turismo. Sintetiza la informaci\u00f3n sobre impactos del cambio clim\u00e1tico para cada \u00e1mbito de trabajo y se profundiza en la interrelaci\u00f3n de los riesgos entre diferentes \u00e1mbitos, de manera que pueda servir para informar a las personas y organizaciones interesadas en conocer los riesgos derivados del cambio clim\u00e1tico en Espa\u00f1a\u00bb. (<a href=\"https:\/\/www.miteco.gob.es\/es\/ceneam\/recursos\/pag-web\/impactos-cambio-climatico-espana.html\">Cita<\/a>).<\/p>\n\n\n\n<div class=\"wp-block-buttons is-layout-flex wp-block-buttons-is-layout-flex\">\n<div class=\"wp-block-button is-style-fill\"><a class=\"wp-block-button__link wp-element-button\" href=\"https:\/\/adaptecca.es\/sites\/default\/files\/documentos\/impactosyriesgosccespanawebfinal_tcm30-518210_0.pdf\">Informe (pdf)<\/a><\/div>\n<\/div>\n<\/div><\/div>\n\n\n\n<div class=\"wp-block-media-text alignwide is-stacked-on-mobile is-vertically-aligned-center\" style=\"grid-template-columns:29% auto\"><figure class=\"wp-block-media-text__media\"><img loading=\"lazy\" decoding=\"async\" width=\"1014\" height=\"363\" src=\"https:\/\/webs.uab.cat\/afronta\/wp-content\/uploads\/sites\/472\/2024\/12\/Imatge1.png\" alt=\"\" class=\"wp-image-884 size-full\" srcset=\"https:\/\/webs.uab.cat\/afronta\/wp-content\/uploads\/sites\/472\/2024\/12\/Imatge1.png 1014w, https:\/\/webs.uab.cat\/afronta\/wp-content\/uploads\/sites\/472\/2024\/12\/Imatge1-300x107.png 300w, https:\/\/webs.uab.cat\/afronta\/wp-content\/uploads\/sites\/472\/2024\/12\/Imatge1-768x275.png 768w\" sizes=\"auto, (max-width: 1014px) 100vw, 1014px\" \/><\/figure><div class=\"wp-block-media-text__content\">\n<h2 class=\"wp-block-heading has-text-color\" style=\"color:#000000;font-size:32px\">\u00cdndices de vulnerabilidad y riesgo municipal frente al cambio clim\u00e1tico<\/h2>\n\n\n\n<p class=\"has-text-color\" style=\"color:#000000;font-size:17px\">Dise\u00f1o y elaboraci\u00f3n de indicadores de vulnerabilidad y riesgo frente al cambio clim\u00e1tico para 4 impactos: Sequ\u00eda (enfocado al sector agr\u00edcola), olas de calor (enfocado a la salud), inundaci\u00f3n fluvial en medio urbano, inundaci\u00f3n por subida del nivel del mar en medio urbano. (<a href=\"https:\/\/datos.gob.es\/es\/catalogo\/a16003011-indices-de-vulnerabilidad-y-riesgo-municipal-frente-al-cambio-climatico1\">Cita<\/a>)<\/p>\n\n\n\n<div class=\"wp-block-buttons is-layout-flex wp-block-buttons-is-layout-flex\">\n<div class=\"wp-block-button\"><a class=\"wp-block-button__link wp-element-button\" href=\"https:\/\/datos.gob.es\/es\/catalogo\/a16003011-indices-de-vulnerabilidad-y-riesgo-municipal-frente-al-cambio-climatico1\">WEB<\/a><\/div>\n<\/div>\n<\/div><\/div>\n\n\n\n<div class=\"wp-block-media-text alignwide is-stacked-on-mobile is-vertically-aligned-center\" style=\"grid-template-columns:29% auto\"><figure class=\"wp-block-media-text__media\"><img loading=\"lazy\" decoding=\"async\" width=\"1024\" height=\"754\" src=\"https:\/\/webs.uab.cat\/afronta\/wp-content\/uploads\/sites\/472\/2024\/09\/Captura-de-pantalla-2024-09-10-a-las-11.00.20-1024x754.png\" alt=\"\" class=\"wp-image-688 size-full\" srcset=\"https:\/\/webs.uab.cat\/afronta\/wp-content\/uploads\/sites\/472\/2024\/09\/Captura-de-pantalla-2024-09-10-a-las-11.00.20-1024x754.png 1024w, https:\/\/webs.uab.cat\/afronta\/wp-content\/uploads\/sites\/472\/2024\/09\/Captura-de-pantalla-2024-09-10-a-las-11.00.20-300x221.png 300w, https:\/\/webs.uab.cat\/afronta\/wp-content\/uploads\/sites\/472\/2024\/09\/Captura-de-pantalla-2024-09-10-a-las-11.00.20-768x565.png 768w, https:\/\/webs.uab.cat\/afronta\/wp-content\/uploads\/sites\/472\/2024\/09\/Captura-de-pantalla-2024-09-10-a-las-11.00.20-1200x883.png 1200w, https:\/\/webs.uab.cat\/afronta\/wp-content\/uploads\/sites\/472\/2024\/09\/Captura-de-pantalla-2024-09-10-a-las-11.00.20.png 1530w\" sizes=\"auto, (max-width: 1024px) 100vw, 1024px\" \/><\/figure><div class=\"wp-block-media-text__content\">\n<h2 class=\"wp-block-heading has-text-color\" style=\"color:#000000;font-size:32px\">Medidas para el afrontamiento  y la recuperaci\u00f3n. Informe diagn\u00f3stico<\/h2>\n\n\n\n<p class=\"has-text-color\" style=\"color:#000000;font-size:17px\">Investigaci\u00f3n aplicada sobre el impacto del cambio clim\u00e1tico en las poblaciones en pobreza y vulnerabilidad social.<\/p>\n\n\n\n<div class=\"wp-block-buttons is-layout-flex wp-block-buttons-is-layout-flex\">\n<div class=\"wp-block-button is-style-fill\"><a class=\"wp-block-button__link wp-element-button\" href=\"https:\/\/www.eapn.es\/cambio-climatico\/ARCHIVO\/documentos\/documentos\/informe-diagnostico-investigacion-aplicada-EAPN-ES.pdf\">Informe (pdf)<\/a><\/div>\n\n\n\n<div class=\"wp-block-button is-style-fill\"><a class=\"wp-block-button__link wp-element-button\" href=\"https:\/\/www.eapn.es\/cambio-climatico\/ARCHIVO\/documentos\/documentos\/informe-final-eapn.pdf\">INFORME FINAL (pdf)<\/a><\/div>\n<\/div>\n<\/div><\/div>\n\n\n\n<div class=\"wp-block-media-text alignwide is-stacked-on-mobile is-vertically-aligned-center\" style=\"grid-template-columns:29% auto\"><figure class=\"wp-block-media-text__media\"><a href=\"https:\/\/atlasnacional.ign.es\/wane\/Riesgos_ambientales\"><img loading=\"lazy\" decoding=\"async\" width=\"625\" height=\"549\" src=\"https:\/\/webs.uab.cat\/afronta\/wp-content\/uploads\/sites\/472\/2024\/12\/Imatge2.png\" alt=\"\" class=\"wp-image-886 size-full\" srcset=\"https:\/\/webs.uab.cat\/afronta\/wp-content\/uploads\/sites\/472\/2024\/12\/Imatge2.png 625w, https:\/\/webs.uab.cat\/afronta\/wp-content\/uploads\/sites\/472\/2024\/12\/Imatge2-300x264.png 300w\" sizes=\"auto, (max-width: 625px) 100vw, 625px\" \/><\/a><\/figure><div class=\"wp-block-media-text__content\">\n<h2 class=\"wp-block-heading has-text-color\" style=\"color:#000000;font-size:32px\">Riesgos ambientales (Instituto Geogr\u00e1fico Nacional)<\/h2>\n\n\n\n<p class=\"has-text-color\" style=\"color:#000000;font-size:17px\">\u00abEl grado de riesgo de un espacio geogr\u00e1fico est\u00e1 en funci\u00f3n de la frecuencia y magnitud que pueden alcanzar los eventos naturales extremos y del grado de ocupaci\u00f3n del territorio, esto es, la poblaci\u00f3n, las viviendas, incluyendo el patrimonio hist\u00f3rico-art\u00edstico, las infraestructuras y las actividades econ\u00f3micas implantadas. La combinaci\u00f3n de estos par\u00e1metros permite conocer el nivel de riesgo existente, que resulta esencial para la planificaci\u00f3n del territorio y el desarrollo de pol\u00edticas y pr\u00e1cticas de defensa ante la peligrosidad ambiental\u00bb. (<a href=\"https:\/\/atlasnacional.ign.es\/wane\/Riesgos_ambientales\">Cita<\/a>).<\/p>\n\n\n\n<div class=\"wp-block-buttons is-layout-flex wp-block-buttons-is-layout-flex\">\n<div class=\"wp-block-button is-style-fill\"><a class=\"wp-block-button__link wp-element-button\" href=\"https:\/\/atlasnacional.ign.es\/wane\/Riesgos_ambientales\">Web<\/a><\/div>\n<\/div>\n<\/div><\/div>\n\n\n\n<div class=\"wp-block-media-text alignwide is-stacked-on-mobile is-vertically-aligned-center\" style=\"grid-template-columns:29% auto\"><figure class=\"wp-block-media-text__media\"><img loading=\"lazy\" decoding=\"async\" width=\"1024\" height=\"763\" src=\"https:\/\/webs.uab.cat\/afronta\/wp-content\/uploads\/sites\/472\/2024\/09\/Captura-de-pantalla-2024-09-10-a-las-11.09.52-1024x763.png\" alt=\"\" class=\"wp-image-691 size-full\" srcset=\"https:\/\/webs.uab.cat\/afronta\/wp-content\/uploads\/sites\/472\/2024\/09\/Captura-de-pantalla-2024-09-10-a-las-11.09.52-1024x763.png 1024w, https:\/\/webs.uab.cat\/afronta\/wp-content\/uploads\/sites\/472\/2024\/09\/Captura-de-pantalla-2024-09-10-a-las-11.09.52-300x224.png 300w, https:\/\/webs.uab.cat\/afronta\/wp-content\/uploads\/sites\/472\/2024\/09\/Captura-de-pantalla-2024-09-10-a-las-11.09.52-768x573.png 768w, https:\/\/webs.uab.cat\/afronta\/wp-content\/uploads\/sites\/472\/2024\/09\/Captura-de-pantalla-2024-09-10-a-las-11.09.52-1200x895.png 1200w, https:\/\/webs.uab.cat\/afronta\/wp-content\/uploads\/sites\/472\/2024\/09\/Captura-de-pantalla-2024-09-10-a-las-11.09.52.png 1430w\" sizes=\"auto, (max-width: 1024px) 100vw, 1024px\" \/><\/figure><div class=\"wp-block-media-text__content\">\n<h2 class=\"wp-block-heading has-text-color\" style=\"color:#000000;font-size:32px\">Visor de escenarios de cambio clim\u00e1tico<\/h2>\n\n\n\n<p class=\"has-text-color\" style=\"color:#000000;font-size:17px\">\u00abInvestigaci\u00f3n aplicada sobre el impacto del cambio clim\u00e1tico en las poblaciones en pobreza y vulnerabilidad social.\u00bbproyecciones regionalizadas de cambio clim\u00e1tico para Espa\u00f1a realizadas a partir de las proyecciones globales del Quinto Informe de Evaluaci\u00f3n del IPCC (Grupo Intergubernamental de Expertos sobre Cambio Clim\u00e1tico) en el marco de la iniciativa Escenarios PNACC y concretamente, de la&nbsp;<strong><a href=\"https:\/\/escenarios.adaptecca.es\/doc\/pnacc.pdf?v=2020a\" target=\"_blank\" rel=\"noreferrer noopener\">colecci\u00f3n de Escenarios PNACC 2017<\/a><\/strong>\u00ab. (<a href=\"https:\/\/escenarios.adaptecca.es\/info\">Cita<\/a>).<\/p>\n\n\n\n<div class=\"wp-block-buttons is-layout-flex wp-block-buttons-is-layout-flex\">\n<div class=\"wp-block-button is-style-fill\"><a class=\"wp-block-button__link wp-element-button\" href=\"https:\/\/escenarios.adaptecca.es\/info\">Web<\/a><\/div>\n<\/div>\n<\/div><\/div>\n\n\n\n<div class=\"wp-block-media-text alignwide is-stacked-on-mobile is-vertically-aligned-center\" style=\"grid-template-columns:29% auto\"><figure class=\"wp-block-media-text__media\"><a href=\"https:\/\/www.eapn.es\/cambio-climatico\/mapa-interactivo.php\"><img loading=\"lazy\" decoding=\"async\" width=\"517\" height=\"200\" src=\"https:\/\/webs.uab.cat\/afronta\/wp-content\/uploads\/sites\/472\/2024\/12\/cabecera.png\" alt=\"\" class=\"wp-image-881 size-full\" srcset=\"https:\/\/webs.uab.cat\/afronta\/wp-content\/uploads\/sites\/472\/2024\/12\/cabecera.png 517w, https:\/\/webs.uab.cat\/afronta\/wp-content\/uploads\/sites\/472\/2024\/12\/cabecera-300x116.png 300w\" sizes=\"auto, (max-width: 517px) 100vw, 517px\" \/><\/a><\/figure><div class=\"wp-block-media-text__content\">\n<h2 class=\"wp-block-heading has-text-color\" style=\"color:#000000;font-size:32px\">Act\u00edvate contra el cambio clim\u00e1tico y la pobreza<\/h2>\n\n\n\n<p class=\"has-text-color\" style=\"color:#000000;font-size:17px\">\u00abPor sus condiciones geogr\u00e1ficas y su latitud,&nbsp;<strong>Espa\u00f1a es el pa\u00eds europeo m\u00e1s vulnerable al cambio clim\u00e1tico<\/strong>, con algunas regiones que presentan niveles altos de riesgo frente a los efectos del calentamiento global [&#8230;] En los \u00faltimos a\u00f1os, los&nbsp;<strong>desastres medioambientales en Espa\u00f1a<\/strong>, y en el mundo,&nbsp;<strong>costaron millones de euros y afectaron a millones de personas<\/strong>, incluido un n\u00famero desproporcionadamente elevado de personas mayores, mujeres, ni\u00f1os y otros grupos vulnerables. En este nuevo contexto,&nbsp;<strong>las comunidades se enfrentan a crecientes riesgos m\u00faltiples e interconectados<\/strong>&nbsp;que pueden revertir el desarrollo de determinados territorios, en los que carecer de los recursos econ\u00f3micos necesarios, poseer malas condiciones f\u00edsicas o determinadas desventajas sociales, puede multiplicar la vulnerabilidad de personas y grupos poblacionales\u00bb. (<a href=\"https:\/\/www.eapn.es\/cambio-climatico\/presentacion.php\">Cita<\/a>).<\/p>\n\n\n\n<div class=\"wp-block-buttons is-layout-flex wp-block-buttons-is-layout-flex\">\n<div class=\"wp-block-button is-style-fill\"><a class=\"wp-block-button__link wp-element-button\" href=\"https:\/\/www.eapn.es\/cambio-climatico\/mapa-interactivo.php\">Web<\/a><\/div>\n<\/div>\n<\/div><\/div>\n\n\n\n<div class=\"wp-block-media-text alignwide is-stacked-on-mobile is-vertically-aligned-center\" style=\"grid-template-columns:29% auto\"><figure class=\"wp-block-media-text__media\"><img loading=\"lazy\" decoding=\"async\" width=\"336\" height=\"196\" src=\"https:\/\/webs.uab.cat\/afronta\/wp-content\/uploads\/sites\/472\/2024\/09\/Captura-de-pantalla-2024-09-12-a-las-17.29.40.png\" alt=\"\" class=\"wp-image-697 size-full\" srcset=\"https:\/\/webs.uab.cat\/afronta\/wp-content\/uploads\/sites\/472\/2024\/09\/Captura-de-pantalla-2024-09-12-a-las-17.29.40.png 336w, https:\/\/webs.uab.cat\/afronta\/wp-content\/uploads\/sites\/472\/2024\/09\/Captura-de-pantalla-2024-09-12-a-las-17.29.40-300x175.png 300w\" sizes=\"auto, (max-width: 336px) 100vw, 336px\" \/><\/figure><div class=\"wp-block-media-text__content\">\n<h2 class=\"wp-block-heading has-text-color\" style=\"color:#000000;font-size:32px\">Impactes del canvi clim\u00e0tic (Catal\u00e1n)<\/h2>\n\n\n\n<p class=\"has-text-color\" style=\"color:#000000;font-size:17px\">\u00abinformaci\u00f3n sobre los principales impactos del cambio clim\u00e1tico sobre los sistemas naturales y humanos que la comunidad cient\u00edfica prev\u00e9 tanto a escala planetararia como a la regi\u00f3n Mediterr\u00e1nea\u00bb. (<a href=\"https:\/\/canviclimatic.gencat.cat\/es\/canvi\/consequencies\/index.html\">CIta<\/a>).<\/p>\n\n\n\n<div class=\"wp-block-buttons is-layout-flex wp-block-buttons-is-layout-flex\">\n<div class=\"wp-block-button is-style-fill\"><a class=\"wp-block-button__link wp-element-button\" href=\"https:\/\/canviclimatic.gencat.cat\/es\/canvi\/consequencies\/index.html\">Web<\/a><\/div>\n<\/div>\n<\/div><\/div>\n\n\n\n<div class=\"wp-block-media-text alignwide is-stacked-on-mobile is-vertically-aligned-center\" style=\"grid-template-columns:29% auto\"><figure class=\"wp-block-media-text__media\"><img loading=\"lazy\" decoding=\"async\" width=\"588\" height=\"106\" src=\"https:\/\/webs.uab.cat\/afronta\/wp-content\/uploads\/sites\/472\/2024\/09\/Captura-de-pantalla-2024-09-12-a-las-17.36.09.png\" alt=\"\" class=\"wp-image-702 size-full\" srcset=\"https:\/\/webs.uab.cat\/afronta\/wp-content\/uploads\/sites\/472\/2024\/09\/Captura-de-pantalla-2024-09-12-a-las-17.36.09.png 588w, https:\/\/webs.uab.cat\/afronta\/wp-content\/uploads\/sites\/472\/2024\/09\/Captura-de-pantalla-2024-09-12-a-las-17.36.09-300x54.png 300w\" sizes=\"auto, (max-width: 588px) 100vw, 588px\" \/><\/figure><div class=\"wp-block-media-text__content\">\n<h2 class=\"wp-block-heading has-text-color\" style=\"color:#000000;font-size:32px\">Visor d&#8217;escenaris Futurs (Catal\u00e1n)<\/h2>\n\n\n\n<p class=\"has-text-color\" style=\"color:#000000;font-size:17px\">\u00abAquest visor serveix per cercar dades i projeccions clim\u00e0tiques sobre temperatura i precipitaci\u00f3 als municipis metropolitans. Aquest visor s&#8217;ha elaborat en el marc del Pla Clima i Energia 2030, i permet cercar i con\u00e8ixer les principals projeccions clim\u00e0tiques de temperatura, precipitaci\u00f3 i altres \u00edndexs clim\u00e0tics previstos per les properes d\u00e8cades (dies c\u00e0lids, dies t\u00f2rrids, nits tropicals, nits t\u00f2rrides, etc.).\u00bb (<a href=\"https:\/\/www.amb.cat\/s\/web\/medi-ambient\/sostenibilitat\/canvi-climatic\/vulnerabilitat.html\">Cita<\/a>)<br>&nbsp;<\/p>\n\n\n\n<div class=\"wp-block-buttons is-layout-flex wp-block-buttons-is-layout-flex\">\n<div class=\"wp-block-button is-style-fill\"><a class=\"wp-block-button__link wp-element-button\" href=\"https:\/\/www.amb.cat\/s\/web\/medi-ambient\/sostenibilitat\/canvi-climatic\/vulnerabilitat.html\">Web<\/a><\/div>\n\n\n\n<div class=\"wp-block-button is-style-fill\"><a class=\"wp-block-button__link wp-element-button\" href=\"http:\/\/geoportal.amb.cat\/canviclimatic\/visor\/\">visor <strong>Escenaris clim\u00e0tics futurs<\/strong><\/a><\/div>\n<\/div>\n<\/div><\/div>\n\n\n\n<div class=\"wp-block-media-text alignwide is-stacked-on-mobile is-vertically-aligned-center\" style=\"grid-template-columns:29% auto\"><figure class=\"wp-block-media-text__media\"><img loading=\"lazy\" decoding=\"async\" width=\"304\" height=\"82\" src=\"https:\/\/webs.uab.cat\/afronta\/wp-content\/uploads\/sites\/472\/2024\/09\/Captura-de-pantalla-2024-09-12-a-las-17.40.33.png\" alt=\"\" class=\"wp-image-704 size-full\" srcset=\"https:\/\/webs.uab.cat\/afronta\/wp-content\/uploads\/sites\/472\/2024\/09\/Captura-de-pantalla-2024-09-12-a-las-17.40.33.png 304w, https:\/\/webs.uab.cat\/afronta\/wp-content\/uploads\/sites\/472\/2024\/09\/Captura-de-pantalla-2024-09-12-a-las-17.40.33-300x81.png 300w\" sizes=\"auto, (max-width: 304px) 100vw, 304px\" \/><\/figure><div class=\"wp-block-media-text__content\">\n<h2 class=\"wp-block-heading has-text-color\" style=\"color:#000000;font-size:32px\">\u00cdndex de vulnerabilitat al canvi clim\u00e0tic (IVAC)(Catal\u00e1n)<\/h2>\n\n\n\n<p class=\"has-text-color\" style=\"color:#000000;font-size:17px\">\u00abL&#8217;objectiu de l&#8217;\u00edndex de vulnerabilitat al canvi clim\u00e0tic \u00e9s posar el focus en els riscos provocats per l&#8217;augment de les temperatures i en algunes de les mesures d&#8217;adaptaci\u00f3 que s&#8217;hi estan implementant al respecte\u00bb.&nbsp;(Cita)<\/p>\n\n\n\n<div class=\"wp-block-buttons is-layout-flex wp-block-buttons-is-layout-flex\">\n<div class=\"wp-block-button is-style-fill\"><a class=\"wp-block-button__link wp-element-button\" href=\"https:\/\/catalegs.ide.cat\/geonetwork\/srv\/api\/records\/index-vulnerabilitat-canvi-climatic-area-metropolitana-barcelona\">Web<\/a><\/div>\n<\/div>\n<\/div><\/div>\n\n\n\n<div class=\"wp-block-cover alignfull is-light\" style=\"min-height:100vh;aspect-ratio:unset;\"><span aria-hidden=\"true\" class=\"wp-block-cover__background has-background-dim-100 has-background-dim\" style=\"background-color:#ffffff\"><\/span><div class=\"wp-block-cover__inner-container is-layout-flow wp-block-cover-is-layout-flow\">\n<p class=\"has-text-align-center has-large-font-size\"><\/p>\n<\/div><\/div>\n","protected":false},"excerpt":{"rendered":"","protected":false},"author":99,"featured_media":0,"parent":71,"menu_order":6,"comment_status":"closed","ping_status":"closed","template":"","meta":{"footnotes":""},"class_list":["post-669","page","type-page","status-publish","hentry"],"_links":{"self":[{"href":"https:\/\/webs.uab.cat\/afronta\/wp-json\/wp\/v2\/pages\/669","targetHints":{"allow":["GET"]}}],"collection":[{"href":"https:\/\/webs.uab.cat\/afronta\/wp-json\/wp\/v2\/pages"}],"about":[{"href":"https:\/\/webs.uab.cat\/afronta\/wp-json\/wp\/v2\/types\/page"}],"author":[{"embeddable":true,"href":"https:\/\/webs.uab.cat\/afronta\/wp-json\/wp\/v2\/users\/99"}],"replies":[{"embeddable":true,"href":"https:\/\/webs.uab.cat\/afronta\/wp-json\/wp\/v2\/comments?post=669"}],"version-history":[{"count":26,"href":"https:\/\/webs.uab.cat\/afronta\/wp-json\/wp\/v2\/pages\/669\/revisions"}],"predecessor-version":[{"id":1062,"href":"https:\/\/webs.uab.cat\/afronta\/wp-json\/wp\/v2\/pages\/669\/revisions\/1062"}],"up":[{"embeddable":true,"href":"https:\/\/webs.uab.cat\/afronta\/wp-json\/wp\/v2\/pages\/71"}],"wp:attachment":[{"href":"https:\/\/webs.uab.cat\/afronta\/wp-json\/wp\/v2\/media?parent=669"}],"curies":[{"name":"wp","href":"https:\/\/api.w.org\/{rel}","templated":true}]}}