{"id":2379,"date":"2023-11-07T13:50:21","date_gmt":"2023-11-07T11:50:21","guid":{"rendered":"https:\/\/webs.uab.cat\/jornades-investigacio-crue\/?page_id=2379"},"modified":"2024-05-30T10:38:04","modified_gmt":"2024-05-30T08:38:04","slug":"accessibilitat","status":"publish","type":"page","link":"https:\/\/webs.uab.cat\/aniversari-cerec\/accessibilitat\/","title":{"rendered":"Accessibilitat"},"content":{"rendered":"\n<h2 class=\"wp-block-heading alignwide has-verd-tropic-color has-text-color\">Web<\/h2>\n\n\n\n<div class=\"wp-block-columns alignwide is-layout-flex wp-container-core-columns-is-layout-9d6595d7 wp-block-columns-is-layout-flex\">\n<div class=\"wp-block-column is-layout-flow wp-block-column-is-layout-flow\" style=\"flex-basis:8%\">\n<figure class=\"wp-block-image size-full\"><img decoding=\"async\" src=\"https:\/\/webs.uab.cat\/jornades-investigacio-crue\/wp-content\/uploads\/sites\/358\/2023\/11\/visibilitat.png\" alt=\"\" class=\"wp-image-2380\" \/><\/figure>\n<\/div>\n\n\n\n<div class=\"wp-block-column is-layout-flow wp-block-column-is-layout-flow\" style=\"flex-basis:8%\">\n<figure class=\"wp-block-image size-full\"><img decoding=\"async\" src=\"https:\/\/webs.uab.cat\/jornades-investigacio-crue\/wp-content\/uploads\/sites\/358\/2023\/11\/midalletra.png\" alt=\"\" class=\"wp-image-2382\" \/><\/figure>\n<\/div>\n\n\n\n<div class=\"wp-block-column is-vertically-aligned-center is-layout-flow wp-block-column-is-layout-flow\" style=\"flex-basis:15%\">\n<p>S\u2019ha fixat un m\u00ednim en la mida de les lletres i car\u00e0cters.<\/p>\n<\/div>\n\n\n\n<div class=\"wp-block-column is-vertically-aligned-center is-layout-flow wp-block-column-is-layout-flow\" style=\"flex-basis:18%\">\n<p>La p\u00e0gina t\u00e9 un contrast correcte per facilitar-ne la lectura.<\/p>\n<\/div>\n\n\n\n<div class=\"wp-block-column is-vertically-aligned-center is-layout-flow wp-block-column-is-layout-flow\" style=\"flex-basis:21%\">\n<p>Els colors utilitzats s\u00f3n accessibles per a les persones amb daltonisme.<\/p>\n<\/div>\n\n\n\n<div class=\"wp-block-column is-vertically-aligned-center is-layout-flow wp-block-column-is-layout-flow\" style=\"flex-basis:30%\">\n<p>Els textos estan justificats a l\u2019esquerra per facilitar-ne la lectura a les persones amb disl\u00e8xia i als lectors electr\u00f2nics.<\/p>\n<\/div>\n<\/div>\n\n\n\n<h2 class=\"wp-block-heading alignwide has-verd-tropic-color has-text-color\">Seus<\/h2>\n\n\n\n<div class=\"wp-block-columns alignwide is-layout-flex wp-container-core-columns-is-layout-9d6595d7 wp-block-columns-is-layout-flex\">\n<div class=\"wp-block-column is-vertically-aligned-top is-layout-flow wp-block-column-is-layout-flow\" style=\"flex-basis:8.07%\">\n<figure class=\"wp-block-image size-full\"><img decoding=\"async\" src=\"https:\/\/webs.uab.cat\/jornades-investigacio-crue\/wp-content\/uploads\/sites\/358\/2023\/11\/cadirarodes.png\" alt=\"\" class=\"wp-image-2384\" \/><\/figure>\n<\/div>\n\n\n\n<div class=\"wp-block-column is-vertically-aligned-center is-layout-flow wp-block-column-is-layout-flow\" style=\"flex-basis:30%\">\n<p>Rectorat de la UAB<\/p>\n<\/div>\n\n\n\n<div class=\"wp-block-column is-layout-flow wp-block-column-is-layout-flow\" style=\"flex-basis:30%\">\n<p><\/p>\n<\/div>\n\n\n\n<div class=\"wp-block-column is-layout-flow wp-block-column-is-layout-flow\" style=\"flex-basis:16.67%\"><\/div>\n\n\n\n<div class=\"wp-block-column is-layout-flow wp-block-column-is-layout-flow\" style=\"flex-basis:16.67%\"><\/div>\n\n\n\n<div class=\"wp-block-column is-layout-flow wp-block-column-is-layout-flow\" style=\"flex-basis:16.67%\"><\/div>\n<\/div>\n","protected":false},"excerpt":{"rendered":"<p>Web S\u2019ha fixat un m\u00ednim en la mida de les lletres i car\u00e0cters. La p\u00e0gina t\u00e9 un contrast correcte per facilitar-ne la lectura. Els colors utilitzats s\u00f3n accessibles per a les persones amb daltonisme. Els textos estan justificats a l\u2019esquerra per facilitar-ne la lectura a les persones amb disl\u00e8xia i als lectors electr\u00f2nics. Seus Rectorat [&hellip;]<\/p>\n","protected":false},"author":2655,"featured_media":0,"parent":0,"menu_order":0,"comment_status":"closed","ping_status":"closed","template":"","meta":{"footnotes":""},"class_list":["post-2379","page","type-page","status-publish","hentry"],"_links":{"self":[{"href":"https:\/\/webs.uab.cat\/aniversari-cerec\/wp-json\/wp\/v2\/pages\/2379","targetHints":{"allow":["GET"]}}],"collection":[{"href":"https:\/\/webs.uab.cat\/aniversari-cerec\/wp-json\/wp\/v2\/pages"}],"about":[{"href":"https:\/\/webs.uab.cat\/aniversari-cerec\/wp-json\/wp\/v2\/types\/page"}],"author":[{"embeddable":true,"href":"https:\/\/webs.uab.cat\/aniversari-cerec\/wp-json\/wp\/v2\/users\/2655"}],"replies":[{"embeddable":true,"href":"https:\/\/webs.uab.cat\/aniversari-cerec\/wp-json\/wp\/v2\/comments?post=2379"}],"version-history":[{"count":1,"href":"https:\/\/webs.uab.cat\/aniversari-cerec\/wp-json\/wp\/v2\/pages\/2379\/revisions"}],"predecessor-version":[{"id":3079,"href":"https:\/\/webs.uab.cat\/aniversari-cerec\/wp-json\/wp\/v2\/pages\/2379\/revisions\/3079"}],"wp:attachment":[{"href":"https:\/\/webs.uab.cat\/aniversari-cerec\/wp-json\/wp\/v2\/media?parent=2379"}],"curies":[{"name":"wp","href":"https:\/\/api.w.org\/{rel}","templated":true}]}}