{"id":78,"date":"2023-04-14T07:44:20","date_gmt":"2023-04-14T05:44:20","guid":{"rendered":"https:\/\/webs.uab.cat\/jornades-investigacio-crue\/?page_id=78"},"modified":"2024-09-18T10:51:05","modified_gmt":"2024-09-18T08:51:05","slug":"programa","status":"publish","type":"page","link":"https:\/\/webs.uab.cat\/aniversari-cerec\/programa\/","title":{"rendered":"Programa general"},"content":{"rendered":"\n<h2 class=\"wp-block-heading alignwide\">Programa <\/h2>\n\n\n\n<div class=\"wp-block-columns alignwide is-not-stacked-on-mobile is-layout-flex wp-container-core-columns-is-layout-9d6595d7 wp-block-columns-is-layout-flex\">\n<div class=\"wp-block-column is-layout-flow wp-block-column-is-layout-flow\" style=\"flex-basis:20px\">\n<p class=\"has-drop-cap\">1<\/p>\n<\/div>\n\n\n\n<div class=\"wp-block-column is-layout-flow wp-block-column-is-layout-flow\" style=\"flex-basis:40px\">\n<p class=\"has-drop-cap\">9<\/p>\n<\/div>\n\n\n\n<div class=\"wp-block-column is-layout-flow wp-block-column-is-layout-flow\" style=\"flex-basis:500px\">\n<p class=\"has-larger-font-size\"><strong>de setembre de 2024<\/strong><\/p>\n\n\n\n<p class=\"has-verd-tropic-color has-text-color has-normal-font-size\">Sala d&#8217;Actes del<strong> <a href=\"https:\/\/maps.app.goo.gl\/prc7T7a2N8SjvJbNA\" target=\"_blank\" rel=\"noreferrer noopener\">Rectorat<\/a><\/strong><\/p>\n<\/div>\n<\/div>\n\n\n\n<div class=\"wp-block-columns alignwide is-layout-flex wp-container-core-columns-is-layout-9d6595d7 wp-block-columns-is-layout-flex\">\n<div class=\"wp-block-column is-layout-flow wp-block-column-is-layout-flow\" style=\"flex-basis:100px\"><\/div>\n\n\n\n<div class=\"wp-block-column is-layout-flow wp-block-column-is-layout-flow\" style=\"flex-basis:110px\">\n<p><strong>8.30-9.30 h<\/strong><\/p>\n<\/div>\n\n\n\n<div class=\"wp-block-column is-layout-flow wp-block-column-is-layout-flow\">\n<p>Lliurament de credencials<\/p>\n\n\n\n<div class=\"wp-block-columns is-layout-flex wp-container-core-columns-is-layout-9d6595d7 wp-block-columns-is-layout-flex\">\n<div class=\"wp-block-column is-layout-flow wp-block-column-is-layout-flow\" style=\"flex-basis:40%\">\n<figure class=\"wp-block-image size-full is-resized is-style-rounded\"><img loading=\"lazy\" decoding=\"async\" width=\"480\" height=\"270\" src=\"https:\/\/webs.uab.cat\/aniversari-cerec\/wp-content\/uploads\/sites\/564\/2024\/06\/rectoratweb.jpg\" alt=\"\" class=\"wp-image-3130\" style=\"width:299px;height:auto\" srcset=\"https:\/\/webs.uab.cat\/aniversari-cerec\/wp-content\/uploads\/sites\/564\/2024\/06\/rectoratweb.jpg 480w, https:\/\/webs.uab.cat\/aniversari-cerec\/wp-content\/uploads\/sites\/564\/2024\/06\/rectoratweb-300x169.jpg 300w\" sizes=\"auto, (max-width: 480px) 100vw, 480px\" \/><\/figure>\n<\/div>\n\n\n\n<div class=\"wp-block-column is-layout-flow wp-block-column-is-layout-flow\" style=\"flex-basis:50%\">\n<blockquote class=\"wp-block-quote is-layout-flow wp-block-quote-is-layout-flow\">\n<p><\/p>\n<\/blockquote>\n\n\n\n<p><\/p>\n\n\n\n<p><\/p>\n<\/div>\n<\/div>\n<\/div>\n<\/div>\n\n\n\n<div class=\"wp-block-columns alignwide is-layout-flex wp-container-core-columns-is-layout-9d6595d7 wp-block-columns-is-layout-flex\">\n<div class=\"wp-block-column is-layout-flow wp-block-column-is-layout-flow\" style=\"flex-basis:100px\">\n<p><\/p>\n<\/div>\n\n\n\n<div class=\"wp-block-column is-layout-flow wp-block-column-is-layout-flow\" style=\"flex-basis:110px\">\n<p><strong>9.30-10:45 h<\/strong><\/p>\n<\/div>\n\n\n\n<div class=\"wp-block-column is-layout-flow wp-block-column-is-layout-flow\">\n<p class=\"has-blanc-coco-color has-verd-tropic-background-color has-text-color has-background\"><strong>Benvinguda<\/strong><\/p>\n\n\n\n<p>Rector, vicerectora de Recerca i autoritats.<\/p>\n\n\n\n<p><strong>Javier Lafuente Sancho<\/strong>, rector de la Universitat Aut\u00f2noma de Barcelona<\/p>\n\n\n\n<p><strong>Assumpci\u00f3 Malgosa Morera<\/strong>, vicerectora de Recerca<\/p>\n\n\n\n<p class=\"has-blanc-coco-color has-verd-tropic-background-color has-text-color has-background\"><strong>Confer\u00e8ncia inaugural<\/strong><\/p>\n\n\n\n<p>&lt;&lt;<strong>New Ethics for a New Era<\/strong> &gt;&gt;<\/p>\n\n\n\n<p><a href=\"https:\/\/webs.uab.cat\/aniversari-cerec\/ponents-2\/\">Dirk Lanzerath<\/a>, president de l&#8217;EUREC confer\u00e8ncia en angl\u00e8s.<\/p>\n<\/div>\n<\/div>\n\n\n\n<div class=\"wp-block-columns alignwide is-layout-flex wp-container-core-columns-is-layout-9d6595d7 wp-block-columns-is-layout-flex\">\n<div class=\"wp-block-column is-layout-flow wp-block-column-is-layout-flow\" style=\"flex-basis:100px\"><\/div>\n\n\n\n<div class=\"wp-block-column is-layout-flow wp-block-column-is-layout-flow\" style=\"flex-basis:110px\">\n<p><strong>10:45-11 h<\/strong><\/p>\n<\/div>\n\n\n\n<div class=\"wp-block-column is-layout-flow wp-block-column-is-layout-flow\">\n<p class=\"has-verd-tropic-color has-verd-tropic-transparent-background-color has-text-color has-background has-link-color wp-elements-978a2dc513d9cc60b78617b9fdafa471\"><strong>Pausa caf\u00e8<\/strong><\/p>\n<\/div>\n<\/div>\n\n\n\n<div class=\"wp-block-columns alignwide is-layout-flex wp-container-core-columns-is-layout-9d6595d7 wp-block-columns-is-layout-flex\">\n<div class=\"wp-block-column is-layout-flow wp-block-column-is-layout-flow\" style=\"flex-basis:100px\">\n<p><\/p>\n<\/div>\n\n\n\n<div class=\"wp-block-column is-layout-flow wp-block-column-is-layout-flow\" style=\"flex-basis:110px\">\n<p><strong>11.00-13 h<\/strong><\/p>\n<\/div>\n\n\n\n<div class=\"wp-block-column is-layout-flow wp-block-column-is-layout-flow\">\n<p class=\"has-blanc-coco-color has-verd-tropic-background-color has-text-color has-background\"><strong>Pon\u00e8ncies<\/strong><\/p>\n\n\n\n<p>&lt;&lt;<strong>Present i futur de l\u2019experimentaci\u00f3 animal<\/strong>&gt;&gt;<\/p>\n\n\n\n<p><a href=\"https:\/\/webs.uab.cat\/aniversari-cerec\/ponents-2\/\">Lluis Montoliu<\/a>, director adjunt del Centre Nacional de Biotecnologia (CNB) 30\u2019<\/p>\n\n\n\n<p>&lt;&lt;<strong>\u00c8tica i intel\u00b7lig\u00e8ncia artificial<\/strong>&gt;&gt;<\/p>\n\n\n\n<p><a href=\"https:\/\/webs.uab.cat\/aniversari-cerec\/ponents-2\/\"> Jordi Cortadella<\/a>, Universitat Polit\u00e8cnica de Catalunya. 30\u2019<\/p>\n\n\n\n<p>&lt;&lt;<strong><em>Big data<\/em> i dades de salut<\/strong>&gt;&gt;<\/p>\n\n\n\n<p><a href=\"https:\/\/webs.uab.cat\/aniversari-cerec\/ponents-2\/\">Itziar Lecuona<\/a>, Observatori de Bio\u00e8tica de laUniversitat de Barcelona. 30\u2019<\/p>\n\n\n\n<p><strong><em>Torn de preguntes i conclusions <\/em><\/strong><em>(30\u2019<\/em>)<strong> <\/strong>Jos\u00e9 Luis Molina<\/p>\n<\/div>\n<\/div>\n\n\n\n<div class=\"wp-block-columns alignwide is-layout-flex wp-container-core-columns-is-layout-9d6595d7 wp-block-columns-is-layout-flex\">\n<div class=\"wp-block-column is-layout-flow wp-block-column-is-layout-flow\" style=\"flex-basis:100px\"><\/div>\n\n\n\n<div class=\"wp-block-column is-layout-flow wp-block-column-is-layout-flow\" style=\"flex-basis:110px\">\n<p><strong>13.00 h<\/strong><\/p>\n<\/div>\n\n\n\n<div class=\"wp-block-column is-layout-flow wp-block-column-is-layout-flow\">\n<p class=\"has-blanc-coco-color has-verd-tropic-background-color has-text-color has-background\"><strong>Cloenda <\/strong><\/p>\n\n\n\n<p><strong>Assumpci\u00f3 Malgosa Morera<\/strong>, vicerectora de Recerca de la Universitat Aut\u00f2noma de Barcelona<\/p>\n<\/div>\n<\/div>\n\n\n\n<hr class=\"wp-block-separator has-alpha-channel-opacity\" \/>\n\n\n\n<div class=\"wp-block-columns alignwide is-not-stacked-on-mobile is-layout-flex wp-container-core-columns-is-layout-9d6595d7 wp-block-columns-is-layout-flex\">\n<div class=\"wp-block-column is-layout-flow wp-block-column-is-layout-flow\" style=\"flex-basis:20px\">\n<p class=\"has-drop-cap\">2<\/p>\n<\/div>\n\n\n\n<div class=\"wp-block-column is-layout-flow wp-block-column-is-layout-flow\" style=\"flex-basis:40px\">\n<p class=\"has-drop-cap\">0<\/p>\n<\/div>\n\n\n\n<div class=\"wp-block-column is-layout-flow wp-block-column-is-layout-flow\" style=\"flex-basis:500px\">\n<p class=\"has-larger-font-size\"><strong>de setembre de 2024<\/strong> <\/p>\n\n\n\n<p class=\"has-verd-tropic-color has-text-color has-normal-font-size\">Sala d&#8217;Actes del<strong> <a href=\"https:\/\/maps.app.goo.gl\/prc7T7a2N8SjvJbNA\" target=\"_blank\" rel=\"noreferrer noopener\">Rectorat<\/a><\/strong><\/p>\n<\/div>\n<\/div>\n\n\n\n<div class=\"wp-block-columns alignwide is-layout-flex wp-container-core-columns-is-layout-9d6595d7 wp-block-columns-is-layout-flex\">\n<div class=\"wp-block-column is-layout-flow wp-block-column-is-layout-flow\" style=\"flex-basis:100px\"><\/div>\n\n\n\n<div class=\"wp-block-column is-layout-flow wp-block-column-is-layout-flow\" style=\"flex-basis:110px\">\n<p><strong>9.30-9.45 h<\/strong><\/p>\n<\/div>\n\n\n\n<div class=\"wp-block-column is-layout-flow wp-block-column-is-layout-flow\">\n<p class=\"has-blanc-coco-color has-verd-tropic-background-color has-text-color has-background\"><strong>Obertura institucional<\/strong>. Benvinguda<\/p>\n\n\n\n<p><strong>Assumpci\u00f3 Malgosa Morera<\/strong>, vicerectora de Recerca de la Universitat Aut\u00f2noma de Barcelona<\/p>\n<\/div>\n<\/div>\n\n\n\n<div class=\"wp-block-columns alignwide is-layout-flex wp-container-core-columns-is-layout-9d6595d7 wp-block-columns-is-layout-flex\">\n<div class=\"wp-block-column is-layout-flow wp-block-column-is-layout-flow\" style=\"flex-basis:100px\"><\/div>\n\n\n\n<div class=\"wp-block-column is-layout-flow wp-block-column-is-layout-flow\" style=\"flex-basis:110px\">\n<p><strong>9.45 -10 h<\/strong><\/p>\n<\/div>\n\n\n\n<div class=\"wp-block-column is-layout-flow wp-block-column-is-layout-flow\">\n<p class=\"has-blanc-coco-color has-verd-tropic-background-color has-text-color has-background\"><strong>Presentaci\u00f3 del v\u00eddeo institucional: <em>30 anys de recerca \u00e8tica a la UAB<\/em><\/strong><\/p>\n\n\n\n<p><strong>Virginia Luz\u00f3n Fern\u00e1ndez<\/strong>, vicerectora de Comunicaci\u00f3 i de Cultura de la Universitat Aut\u00f2noma de Barcelona<\/p>\n<\/div>\n<\/div>\n\n\n\n<div class=\"wp-block-columns alignwide is-layout-flex wp-container-core-columns-is-layout-9d6595d7 wp-block-columns-is-layout-flex\">\n<div class=\"wp-block-column is-layout-flow wp-block-column-is-layout-flow\" style=\"flex-basis:100px\"><\/div>\n\n\n\n<div class=\"wp-block-column is-layout-flow wp-block-column-is-layout-flow\" style=\"flex-basis:110px\">\n<p><strong>10 h-10.45h<\/strong><\/p>\n<\/div>\n\n\n\n<div class=\"wp-block-column is-layout-flow wp-block-column-is-layout-flow\">\n<p class=\"has-blanc-coco-color has-verd-tropic-background-color has-text-color has-background\"><strong>Presentaci\u00f3 del llibre<\/strong>: <strong><em>30 anys de recerca \u00e8tica a la UAB<\/em><\/strong><\/p>\n\n\n\n<p><strong>Jos\u00e9 Luis Molina<\/strong>, president del CERec<\/p>\n\n\n\n<p><strong>S\u00edlvia Villagrasa<\/strong><\/p>\n<\/div>\n<\/div>\n\n\n\n<div class=\"wp-block-columns alignwide is-layout-flex wp-container-core-columns-is-layout-9d6595d7 wp-block-columns-is-layout-flex\">\n<div class=\"wp-block-column is-layout-flow wp-block-column-is-layout-flow\" style=\"flex-basis:100px\"><\/div>\n\n\n\n<div class=\"wp-block-column is-layout-flow wp-block-column-is-layout-flow\" style=\"flex-basis:110px\">\n<p><strong>10.45-11.15 h<\/strong><\/p>\n<\/div>\n\n\n\n<div class=\"wp-block-column is-layout-flow wp-block-column-is-layout-flow\">\n<p class=\"has-verd-tropic-color has-verd-tropic-transparent-background-color has-text-color has-background has-link-color wp-elements-978a2dc513d9cc60b78617b9fdafa471\"><strong>Pausa caf\u00e8<\/strong><\/p>\n<\/div>\n<\/div>\n\n\n\n<div class=\"wp-block-columns alignwide is-layout-flex wp-container-core-columns-is-layout-9d6595d7 wp-block-columns-is-layout-flex\">\n<div class=\"wp-block-column is-layout-flow wp-block-column-is-layout-flow\" style=\"flex-basis:100px\"><\/div>\n\n\n\n<div class=\"wp-block-column is-layout-flow wp-block-column-is-layout-flow\" style=\"flex-basis:110px\">\n<p><strong>11.15-13 h<\/strong><\/p>\n<\/div>\n\n\n\n<div class=\"wp-block-column is-layout-flow wp-block-column-is-layout-flow\">\n<p class=\"has-blanc-coco-color has-verd-tropic-background-color has-text-color has-background\"><strong>Taula rodona.<\/strong> <strong><em>Testimonis de protagonistes <\/em><\/strong><\/p>\n\n\n\n<p>Moderador: <em> <\/em><strong>Iv\u00e1n Mart\u00ednez Flores<\/strong><em>, <\/em>vicegerent de Recerca de la Universitat Aut\u00f2noma de Barcelona<\/p>\n<\/div>\n<\/div>\n\n\n\n<div class=\"wp-block-columns alignwide is-layout-flex wp-container-core-columns-is-layout-9d6595d7 wp-block-columns-is-layout-flex\">\n<div class=\"wp-block-column is-layout-flow wp-block-column-is-layout-flow\" style=\"flex-basis:100px\"><\/div>\n\n\n\n<div class=\"wp-block-column is-layout-flow wp-block-column-is-layout-flow\" style=\"flex-basis:110px\">\n<p><strong>13-13.30 h<\/strong><\/p>\n<\/div>\n\n\n\n<div class=\"wp-block-column is-layout-flow wp-block-column-is-layout-flow\">\n<p class=\"has-blanc-coco-color has-verd-tropic-background-color has-text-color has-background\"><strong>Clausura<\/strong><\/p>\n\n\n\n<p><strong>Javier Lafuente Sancho<\/strong>, rector de la Universitat Aut\u00f2noma de Barcelona<\/p>\n\n\n\n<p><\/p>\n<\/div>\n<\/div>\n\n\n\n<p class=\"has-drop-cap has-gris-londres-background-color has-background\"><em>\u2193 Utilitzeu les etiquetes <\/em><strong>#30\u00e8CERec_UAB2024<\/strong> <em>i compartiu les vostres experi\u00e8ncies durant les Jornades.<\/em><\/p>\n","protected":false},"excerpt":{"rendered":"<p>Programa 1 9 de setembre de 2024 Sala d&#8217;Actes del Rectorat 8.30-9.30 h Lliurament de credencials 9.30-10:45 h Benvinguda Rector, vicerectora de Recerca i autoritats. Javier Lafuente Sancho, rector de la Universitat Aut\u00f2noma de Barcelona Assumpci\u00f3 Malgosa Morera, vicerectora de Recerca Confer\u00e8ncia inaugural &lt;&lt;New Ethics for a New Era &gt;&gt; Dirk Lanzerath, president de l&#8217;EUREC [&hellip;]<\/p>\n","protected":false},"author":2655,"featured_media":0,"parent":0,"menu_order":0,"comment_status":"closed","ping_status":"closed","template":"","meta":{"footnotes":""},"class_list":["post-78","page","type-page","status-publish","hentry"],"_links":{"self":[{"href":"https:\/\/webs.uab.cat\/aniversari-cerec\/wp-json\/wp\/v2\/pages\/78","targetHints":{"allow":["GET"]}}],"collection":[{"href":"https:\/\/webs.uab.cat\/aniversari-cerec\/wp-json\/wp\/v2\/pages"}],"about":[{"href":"https:\/\/webs.uab.cat\/aniversari-cerec\/wp-json\/wp\/v2\/types\/page"}],"author":[{"embeddable":true,"href":"https:\/\/webs.uab.cat\/aniversari-cerec\/wp-json\/wp\/v2\/users\/2655"}],"replies":[{"embeddable":true,"href":"https:\/\/webs.uab.cat\/aniversari-cerec\/wp-json\/wp\/v2\/comments?post=78"}],"version-history":[{"count":42,"href":"https:\/\/webs.uab.cat\/aniversari-cerec\/wp-json\/wp\/v2\/pages\/78\/revisions"}],"predecessor-version":[{"id":3250,"href":"https:\/\/webs.uab.cat\/aniversari-cerec\/wp-json\/wp\/v2\/pages\/78\/revisions\/3250"}],"wp:attachment":[{"href":"https:\/\/webs.uab.cat\/aniversari-cerec\/wp-json\/wp\/v2\/media?parent=78"}],"curies":[{"name":"wp","href":"https:\/\/api.w.org\/{rel}","templated":true}]}}