{"id":178,"date":"2024-04-03T14:46:19","date_gmt":"2024-04-03T12:46:19","guid":{"rendered":"https:\/\/webs.uab.cat\/antena-cipa\/?page_id=178"},"modified":"2024-05-08T11:53:00","modified_gmt":"2024-05-08T09:53:00","slug":"revue-langues-et-parole","status":"publish","type":"page","link":"https:\/\/webs.uab.cat\/antena-cipa\/revue-langues-et-parole\/","title":{"rendered":"REVUE LANGUE(S) &amp; PAROLE"},"content":{"rendered":"\n<p class=\"has-text-align-center\"><a href=\"https:\/\/revistes.uab.cat\/languesparole\/index\" target=\"_blank\" rel=\"noreferrer noopener\">https:\/\/revistes.uab.cat\/languesparole\/index<\/a><\/p>\n\n\n\n<p>La revue&nbsp;<em>Langue(s) &amp; Parole&nbsp;<\/em>est n\u00e9e en 2015 dans le cadre d\u2019une convention de collaboration entre le Centre International de Phon\u00e9tique Appliqu\u00e9e (CIPA), dont le si\u00e8ge est \u00e0 Mons (Belgique), et l\u2019Universitat Aut\u00f2noma de Barcelona (UAB), les deux institutions ayant op\u00e9r\u00e9 conjointement pendant plus de quarante ans dans la recherche, la formation des formateurs et le transfert des connaissances. En cr\u00e9ant cette revue, les deux institutions entendaient s\u2019inscrire dans la tradition inaugur\u00e9e par la&nbsp;<em>Revue de Phon\u00e9tique Appliqu\u00e9e (RPA),&nbsp;<\/em>puis poursuivie par la&nbsp;<em>Revue PArole&nbsp;<\/em>(deux publications de pointe en linguistique et en linguistique appliqu\u00e9e), en publiant des recherches originales dans ces domaines. Depuis sa premi\u00e8re parution, la revue&nbsp;<em>Langue(s) &amp; Parole<\/em>a publi\u00e9 un num\u00e9ro th\u00e9matique annuel (sauf pour l\u2019ann\u00e9e 2017) :&nbsp;<em>La la\u00efcit\u00e9&nbsp;<\/em>(2015),&nbsp;<em>Quelle grammaire pour la langue parl\u00e9e&nbsp;<\/em>(2016),&nbsp;<em>L\u2019enseignement plurilingue&nbsp;<\/em>(2017-18),&nbsp;<em>La dimension litt\u00e9raire et culturelle dans l\u2019enseignement-apprentissage des langues&nbsp;<\/em>(2019).<\/p>\n\n\n\n<h6 class=\"wp-block-heading\">PROCESSUS D&rsquo;\u00c9VALUATION PAR DES EXPERTS\/EXPERTES<\/h6>\n\n\n\n<p>Pour la s\u00e9lection des articles en vue de leur publication,&nbsp;<em>Langue(s) &amp; Parole&nbsp;<\/em>les soumet \u00e0 \u00e9valuation par des sp\u00e9cialistes du domaine concern\u00e9. Toutefois, apr\u00e8s une premi\u00e8re lecture par le conseil de r\u00e9daction, les articles re\u00e7us pourront \u00eatre refus\u00e9s s\u2019ils ne remplissent pas les crit\u00e8res de qualit\u00e9 et de contenu requis ou s\u2019ils ne respectent pas le format requis pour un article scientifique ou un compte rendu.<\/p>\n\n\n\n<p>Tous les articles re\u00e7us seront soumis \u00e0 l\u2019\u00e9valuation d\u2019au moins deux sp\u00e9cialistes du domaine desdits articles, et qui seront choisis par le Conseil de r\u00e9daction ou par le Coordinateur du num\u00e9ro. Les sp\u00e9cialistes \u00e9valueront les contributions en adoptant une politique de r\u00e9vision anonyme d\u2019experts qui garantira que ni les auteurs conna\u00eetront l\u2019identit\u00e9 des r\u00e9viseurs ni les rapporteurs celle des auteurs.<\/p>\n\n\n\n<p>Les r\u00e9viseurs remettront leurs rapports au conseil de r\u00e9daction qui sera en derni\u00e8re instance le responsable de la d\u00e9cision finale concernant la publication des travaux. Les auteurs des contributions recevront les rapports des experts dont elles ont fait l\u2019objet, accompagn\u00e9s de la d\u00e9cision d\u00e9finitive concernant leur \u00e9ventuelle publication.<\/p>\n\n\n\n<p>La revue se r\u00e9servera le droit, apr\u00e8s l\u2019avoir communiqu\u00e9 aux auteurs, de reporter, pour des raisons de programmation interne, la publication d\u2019un article initialement retenu. Les auteurs sont tenus de respecter les d\u00e9lais fix\u00e9s pour chaque \u00e9tape de la pr\u00e9sentation et la production du num\u00e9ro. La revue se r\u00e9serve \u00e9galement le droit d\u2019annuler la publication d\u2019un article initialement retenu si les d\u00e9lais fix\u00e9s par le conseil de r\u00e9daction pendant le processus de s\u00e9lection et de production n\u2019ont pas \u00e9t\u00e9 respect\u00e9s.<\/p>\n\n\n\n<p>Les articles envoy\u00e9s \u00e0 la revue en vue de leur \u00e9valuation devront \u00eatre in\u00e9dits et ne pourront pas avoir \u00e9t\u00e9 accept\u00e9s simultan\u00e9ment par d\u2019autres revues.<\/p>\n\n\n\n<p>Le d\u00e9lai maximum pour la r\u00e9vision des articles est de 3 mois.<\/p>\n\n\n\n<h6 class=\"wp-block-heading\">TAXES DE PUBLICATION<\/h6>\n\n\n\n<p>Vu que les frais de publication de la revue&nbsp;<em>Langue(s) &amp; Parole<\/em>&nbsp;sont couverts par le budget de l\u2019universit\u00e9 responsable de l\u2019\u00e9dition (UAB), les auteurs n\u2019auront pas \u00e0 payer de taxe de publication pour l\u2019\u00e9dition de leur article&nbsp;(<em>article-processing charges, APC<\/em>) et pour cela m\u00eame la revue n\u2019a aucune politique de subvention d\u2019articles (<em>waivers<\/em>).<\/p>\n\n\n\n<h6 class=\"wp-block-heading\">POLITIQUE D\u2019ACC\u00c8S OUVERT<\/h6>\n\n\n\n<p>Cette Revue permet l\u2019acc\u00e8s libre et imm\u00e9diat \u00e0 ses contenus, elle adh\u00e8re par l\u00e0 au principe selon lequel l\u2018acc\u00e8s public&nbsp;<strong><em>&nbsp;<\/em><\/strong>et gratuit \u00e0 la recherche favorise le&nbsp;d\u00e9veloppement des \u00e9changes de connaissance. Les usagers peuvent ainsi lire, t\u00e9l\u00e9charger, distribuer, imprimer, ou reproduire partiellement les textes mais aussi y recourir pour trouver ou<strong><em>&nbsp;<\/em><\/strong>cr\u00e9er un lien sans avoir \u00e0 demander l\u2019autorisation pr\u00e9alable des \u00e9diteurs ou des auteurs.<\/p>\n\n\n\n<p>La revue est soumise \u00e0 une licence de&nbsp;<a href=\"https:\/\/creativecommons.org\/licenses\/by-sa\/4.0\/deed.fr\" target=\"_blank\" rel=\"noreferrer noopener\">Attribution &#8211; Partage dans les M\u00eames Conditions 4.0 International<\/a><\/p>\n\n\n\n<p>Attribution \u2014 Vous devez cr\u00e9diter l&rsquo;\u0152uvre, int\u00e9grer un lien vers la licence et indiquer si des modifications ont \u00e9t\u00e9 effectu\u00e9es \u00e0 l&rsquo;Oeuvre. Vous devez indiquer ces informations par tous les moyens raisonnables, sans toutefois sugg\u00e9rer que l&rsquo;Offrant vous soutient ou soutient la fa\u00e7on dont vous avez utilis\u00e9 son Oeuvre.<br>Partage dans les M\u00eames Conditions \u2014 Dans le cas o\u00f9 vous effectuez un remix, que vous transformez, ou cr\u00e9ez \u00e0 partir du mat\u00e9riel composant l&rsquo;Oeuvre originale, vous devez diffuser l&rsquo;Oeuvre modifi\u00e9e dans les m\u00eame conditions, c&rsquo;est \u00e0 dire avec la m\u00eame licence avec laquelle l&rsquo;Oeuvre originale a \u00e9t\u00e9 diffus\u00e9e.<\/p>\n","protected":false},"excerpt":{"rendered":"<p>https:\/\/revistes.uab.cat\/languesparole\/index La revue&nbsp;Langue(s) &amp; Parole&nbsp;est n\u00e9e en 2015 dans le cadre d\u2019une convention de collaboration entre le Centre International de Phon\u00e9tique Appliqu\u00e9e (CIPA), dont le si\u00e8ge est \u00e0 Mons (Belgique), et l\u2019Universitat Aut\u00f2noma de Barcelona (UAB), les deux institutions ayant op\u00e9r\u00e9 conjointement pendant plus de quarante ans dans la recherche, la formation des formateurs et [&hellip;]<\/p>\n","protected":false},"author":2855,"featured_media":0,"parent":0,"menu_order":0,"comment_status":"closed","ping_status":"closed","template":"sidebar.php","meta":{"footnotes":""},"class_list":["post-178","page","type-page","status-publish","hentry"],"_links":{"self":[{"href":"https:\/\/webs.uab.cat\/antena-cipa\/wp-json\/wp\/v2\/pages\/178","targetHints":{"allow":["GET"]}}],"collection":[{"href":"https:\/\/webs.uab.cat\/antena-cipa\/wp-json\/wp\/v2\/pages"}],"about":[{"href":"https:\/\/webs.uab.cat\/antena-cipa\/wp-json\/wp\/v2\/types\/page"}],"author":[{"embeddable":true,"href":"https:\/\/webs.uab.cat\/antena-cipa\/wp-json\/wp\/v2\/users\/2855"}],"replies":[{"embeddable":true,"href":"https:\/\/webs.uab.cat\/antena-cipa\/wp-json\/wp\/v2\/comments?post=178"}],"version-history":[{"count":4,"href":"https:\/\/webs.uab.cat\/antena-cipa\/wp-json\/wp\/v2\/pages\/178\/revisions"}],"predecessor-version":[{"id":576,"href":"https:\/\/webs.uab.cat\/antena-cipa\/wp-json\/wp\/v2\/pages\/178\/revisions\/576"}],"wp:attachment":[{"href":"https:\/\/webs.uab.cat\/antena-cipa\/wp-json\/wp\/v2\/media?parent=178"}],"curies":[{"name":"wp","href":"https:\/\/api.w.org\/{rel}","templated":true}]}}