{"id":332,"date":"2025-04-08T13:50:35","date_gmt":"2025-04-08T11:50:35","guid":{"rendered":"https:\/\/webs.uab.cat\/antigona\/?page_id=332"},"modified":"2026-01-26T09:58:56","modified_gmt":"2026-01-26T07:58:56","slug":"membres","status":"publish","type":"page","link":"https:\/\/webs.uab.cat\/antigona\/membres\/","title":{"rendered":"Integrants"},"content":{"rendered":"\n<div class=\"wp-block-media-text alignwide is-stacked-on-mobile\" style=\"grid-template-columns:25% auto\"><figure class=\"wp-block-media-text__media\"><img loading=\"lazy\" decoding=\"async\" width=\"200\" height=\"300\" src=\"https:\/\/webs.uab.cat\/antigona\/wp-content\/uploads\/sites\/622\/2025\/01\/encarna.jpg\" alt=\"\" class=\"wp-image-11 size-full\" \/><\/figure><div class=\"wp-block-media-text__content\">\n<h2 class=\"wp-block-heading\">Encarna Bodel\u00f3n Gonz\u00e1lez<\/h2>\n\n\n\n<p>Encarna Bodel\u00f3n Gonz\u00e1lez. Nascuda a Barcelona, 1967. Doctora en Dret i postgrau en Common Study Programma on Criminal Justice and Critical Criminology (UB). Professora Titular de Filosofia del Dret en la Universitat Aut\u00f2noma de Barcelona (UAB). Ha estat professora tamb\u00e9 de Criminologia de la Universitat de Barcelona i professora de Dret a l&#8217;Escola de Dret de Sant Joan de Puerto Rico. Ha realitzat estades de recerca a Rotterdam, Londres, Nova York i M\u00e8xic.<\/p>\n\n\n\n<p>Fundadora del grup de recerca: Ant\u00edgona, grup de recerca sobre Drets i societat en perspectiva de g\u00e8nere, de la UAB.<\/p>\n\n\n\n<p>Codirectora i fundadora del diploma de postgrau en G\u00e8nere i Igualtat (des de l&#8217;any 2007) i del diploma de postgrau en Viol\u00e8ncies Masclistes (des de 2014), i del M\u00e0ster en Feminisme jur\u00eddics. Aquests postgraus han estat pioners en la formaci\u00f3 en pol\u00edtiques de g\u00e8nere i en l&#8217;an\u00e0lisi soci-jur\u00eddic contra les viol\u00e8ncies masclistes<\/p>\n\n\n\n<p>Ha tingut diversos c\u00e0rrecs acad\u00e8mics: vicedirectora de l&#8217;Institut Interuniversitari d&#8217;Estudis de Dones i G\u00e8nere de Catalunya i miembra de la comissi\u00f3 de direcci\u00f3 del M\u00e0ster Oficial de *Estudis de Dons, G\u00e8nere i Ciutadana. Ha estat co-directora del M\u00e0ster en G\u00e8nere i Dret, de la UAB, i CIESAS, realitzat a M\u00e8xic DF; Directora del Departament de Ci\u00e8ncia Pol\u00edtica i de Dret P\u00fablic de la UAB. Vicedegana de mobilitat de la Facultat de dret de la UAB.<\/p>\n\n\n\n<p>En l&#8217;actualitat \u00e9s directora general del CEJFE, Centre d&#8217;Estudis jur\u00eddics i formaci\u00f3 especialitzada, del Departament de Just\u00edcia de la Generalitat de Catalunya.<\/p>\n\n\n\n<p>Des de fa vint anys col\u00b7labora amb l&#8217;Associaci\u00f3 Dons *Juristes i \u00e9s *miembra de la seva junta. Forma part del grup de professores que han impulsat activitats sota el lema \u201cUniversitat sense censura\u201d.<\/p>\n\n\n\n<p>La seva recerca s&#8217;ha orientat a l&#8217;an\u00e0lisi de diferents temes des d&#8217;una perspectiva soci-jur\u00eddica. Especialment, i en primer lloc, a l&#8217;estudi de les teories jur\u00eddiques feministes; en segon lloc, a la recerca sobre la situaci\u00f3 de les dones preses i el funcionament del sistema penal en relaci\u00f3 amb el tractament de la viol\u00e8ncia de g\u00e8nere i la seva resposta judicial, l&#8217;assetjament sexual, la criminalitzaci\u00f3 de la prostituci\u00f3, les pol\u00edtiques de seguretat i g\u00e8nere, les agressions sexuals; i en tercer lloc, a les pol\u00edtiques de g\u00e8nere en diferents \u00e0mbits com la igualtat en les empreses.<\/p>\n\n\n\n<p><a href=\"https:\/\/portalrecerca.uab.cat\/ca\/persons\/encarnacion-bodelon-gonzalez-3\" target=\"_blank\" rel=\"noreferrer noopener\">M\u00e9s informaci\u00f3<\/a><\/p>\n<\/div><\/div>\n\n\n\n<div class=\"wp-block-media-text alignwide is-stacked-on-mobile\" style=\"grid-template-columns:25% auto\"><figure class=\"wp-block-media-text__media\"><img loading=\"lazy\" decoding=\"async\" width=\"667\" height=\"1000\" src=\"https:\/\/webs.uab.cat\/antigona\/wp-content\/uploads\/sites\/622\/2025\/03\/noelia.jpg\" alt=\"\" class=\"wp-image-241 size-full\" srcset=\"https:\/\/webs.uab.cat\/antigona\/wp-content\/uploads\/sites\/622\/2025\/03\/noelia.jpg 667w, https:\/\/webs.uab.cat\/antigona\/wp-content\/uploads\/sites\/622\/2025\/03\/noelia-200x300.jpg 200w\" sizes=\"auto, (max-width: 667px) 100vw, 667px\" \/><\/figure><div class=\"wp-block-media-text__content\">\n<h2 class=\"wp-block-heading\">Noelia Igareda Gonz\u00e1lez<\/h2>\n\n\n\n<p>Professora titular de Filosofia del Dret en la UAB, es codirectora del Postgrau \u201cG\u00e8nere i Igualtat\u201d i el Postgrau \u201cViol\u00e8ncies Masclistes\u201d de la UAB i investigadora del Grup Ant\u00edgona. Ha estat tamb\u00e9 vicedecana de mobilitat i pr\u00e0ctiques externes del grau de Dret i d\u2019ADE + Dret de la Facultat de Dret (2019-actualment).<\/p>\n\n\n\n<p>Imparteix docencia en els graus de Dret, Criminolog\u00eda, Intelig\u00e8ncia Artificial i Master Oficial d\u2019Estudis de Dones, G\u00e8nere i Ciutadania (iiedg). Ha co-dirigit el Master en Feminismes Jur\u00eddics (UAB).<\/p>\n\n\n\n<p>Doctora en Dret per la Universitat Aut\u00f2noma de Barcelona (UAB), M\u00e0ster en Pol\u00edtiques d\u2019Igualtat de G\u00e8nere: Agents d\u2019Igualtat (UAB), Llicenciada en Dret, especialitat juridicoecon\u00f2mica per la Universitat de Deusto.<\/p>\n\n\n\n<p>Les seves principals l\u00ednies de recerca s\u00f3n g\u00e8nere i dret, bio\u00e8tica i feminisme, Viol\u00e8ncies maclistes, ciberviolencies de g\u00e8nere i jurisprud\u00e8ncia feminista. Ha coordinat i participat com a investigadora en projectes d\u2019investigaci\u00f3 competitius en l\u2019\u00e0mbit europeu, nacional, auton\u00f2mic i local.<\/p>\n\n\n\n<p>Ha realitzat estancies de recerca en la Universitat de Kent (Regne Unit), en la Universitat Carlos III de Madrid, en la Universitat de Val\u00e8ncia i en el Institut Max Planck de Freiburg (Alemanya).<\/p>\n\n\n\n<p><a href=\"https:\/\/portalrecerca.uab.cat\/ca\/persons\/noelia-igareda-gonzalez-2\" target=\"_blank\" rel=\"noreferrer noopener\">M\u00e9s informaci\u00f3<\/a><\/p>\n<\/div><\/div>\n\n\n\n<div class=\"wp-block-media-text alignwide is-stacked-on-mobile\" style=\"grid-template-columns:25% auto\"><figure class=\"wp-block-media-text__media\"><img loading=\"lazy\" decoding=\"async\" width=\"681\" height=\"1024\" src=\"https:\/\/webs.uab.cat\/antigona\/wp-content\/uploads\/sites\/622\/2025\/01\/maria.jpg\" alt=\"\" class=\"wp-image-25 size-full\" srcset=\"https:\/\/webs.uab.cat\/antigona\/wp-content\/uploads\/sites\/622\/2025\/01\/maria.jpg 681w, https:\/\/webs.uab.cat\/antigona\/wp-content\/uploads\/sites\/622\/2025\/01\/maria-200x300.jpg 200w\" sizes=\"auto, (max-width: 681px) 100vw, 681px\" \/><\/figure><div class=\"wp-block-media-text__content\">\n<h2 class=\"wp-block-heading\">Maria Barcons Campmaj\u00f3<\/h2>\n\n\n\n<p>Professora lectora de Filosofia del Dret de la Facultat de Dret de la UAB i investigadora del Grup Antigona (2021_SGR_00639). Doctora en Dret per la UAB (2018), M\u00e0ster en Estudis de Dones, G\u00e8nere i Ciutadania per la Universitat de Barcelona (UB) (2011), Llicenciada en Ci\u00e8ncies Pol\u00edtiques i de l\u2019Administraci\u00f3, especialitat en Pol\u00edtiques P\u00fabliques i Administraci\u00f3 (UAB) (2007). Obtenci\u00f3 per la mateixa universitat, del Certificat d\u2019Aptitud Pedag\u00f2gica (CAP) en Ci\u00e8ncies Socials (2007).<\/p>\n\n\n\n<p>\u00c9s docent del postgrau en Viol\u00e8ncies Masclistes de la UAB. Ha estat professora col\u00b7laboradora de la Universitat Oberta de Catalunya (UOC) i professora associada de Filosofia del Dret de la UAB. Ha treballat deu anys com a t\u00e8cnica de recerca del Grup Antigona.<\/p>\n\n\n\n<p>Activitat investigadora desenvolupada en l\u2019\u00e0mbit del g\u00e8nere, dret i pol\u00edtiques p\u00fabliques. Les principals l\u00ednies de recerca s\u00f3n matrimonis for\u00e7ats, viol\u00e8ncies contra les dones: aspectes s\u00f2cio-jur\u00eddics, viol\u00e8ncies sexuals, prostituci\u00f3 i plans d\u2019igualtat a les empreses.<\/p>\n\n\n\n<p><a href=\"https:\/\/portalrecerca.uab.cat\/ca\/persons\/maria-barcons-campmajo-5\" target=\"_blank\" rel=\"noreferrer noopener\">M\u00e9s informaci\u00f3<\/a><\/p>\n<\/div><\/div>\n\n\n\n<div class=\"wp-block-media-text alignwide is-stacked-on-mobile\" style=\"grid-template-columns:25% auto\"><figure class=\"wp-block-media-text__media\"><img loading=\"lazy\" decoding=\"async\" width=\"667\" height=\"1000\" src=\"https:\/\/webs.uab.cat\/antigona\/wp-content\/uploads\/sites\/622\/2025\/03\/rocio.jpg\" alt=\"\" class=\"wp-image-237 size-full\" srcset=\"https:\/\/webs.uab.cat\/antigona\/wp-content\/uploads\/sites\/622\/2025\/03\/rocio.jpg 667w, https:\/\/webs.uab.cat\/antigona\/wp-content\/uploads\/sites\/622\/2025\/03\/rocio-200x300.jpg 200w\" sizes=\"auto, (max-width: 667px) 100vw, 667px\" \/><\/figure><div class=\"wp-block-media-text__content\">\n<h2 class=\"wp-block-heading\">Roc\u00edo Medina Mart\u00edn<\/h2>\n\n\n\n<p>Professora Lectora al Dept. de Ci\u00e8ncies Pol\u00edtiques i Dret P\u00fablic (UAB) i investigadora del Grup de recerca \u201cAnt\u00edgona\u201d. Doctora en \u201cDrets Humans, Desenvolupament i Interculturalitat\u201d (UPO), \u00e9s a m\u00e9s postgraduada en \u201cMigracions, Relacions Inter\u00e8tniques i Multiculturalisme\u201d en Antropologia Social i llicenciada en Dret (US).<\/p>\n\n\n\n<p>Docent des de fa anys en diferents m\u00e0sters i postgraus especialitzats en pensament feminista i\/o descolonial, com ara el M\u00e0ster Erasmus Mundus \u201cEstudis de les Dones i de G\u00e8nere\u201d (UGR), el M\u00e0ster interuniversitari catal\u00e0 \u201cEstudis de Dones, G\u00e8nere i Ciutadania\u201d i postgraus sobre \u201cViol\u00e8ncies Masclistes\u201d i \u201cG\u00e8nere i Igualtat\u201d (UAB), el Postgrau de la Universitat de Lleida sobre Pol\u00edtiques p\u00fabliques LGTBIQ o el M\u00e0ster sobre Cooperaci\u00f3 de la Universitat de Val\u00e8ncia, entre d&#8217;altres.<\/p>\n\n\n\n<p>Entre les seves principals l\u00ednies de recerca destaquen les migracions, els drets humans, el pensament pol\u00edtic feminista, les teories descolonials i poscolonials, amb q\u00fcestions centrals com la interseccionalitat, la criminalitzaci\u00f3 de les dones i el punitivisme feminista. Ha realitzat estades de recerca a Col\u00f2mbia, Costa Rica, Harvard (EUA) i l&#8217;Argentina (2022-24) despr\u00e9s d&#8217;obtenir els ajuts \u201cJos\u00e9 Castillejo\u201d i l&#8217;\u201cAjut de requalificaci\u00f3 del professorat\u201d.<\/p>\n\n\n\n<p><a href=\"https:\/\/portalrecerca.uab.cat\/ca\/persons\/roc%C3%ADo-medina-mart%C3%ADn\" target=\"_blank\" rel=\"noreferrer noopener\">M\u00e9s informaci\u00f3<\/a><\/p>\n<\/div><\/div>\n\n\n\n<div class=\"wp-block-media-text alignwide is-stacked-on-mobile\" style=\"grid-template-columns:25% auto\"><figure class=\"wp-block-media-text__media\"><img loading=\"lazy\" decoding=\"async\" width=\"737\" height=\"1000\" src=\"https:\/\/webs.uab.cat\/antigona\/wp-content\/uploads\/sites\/622\/2025\/01\/olga.jpg\" alt=\"\" class=\"wp-image-31 size-full\" srcset=\"https:\/\/webs.uab.cat\/antigona\/wp-content\/uploads\/sites\/622\/2025\/01\/olga.jpg 737w, https:\/\/webs.uab.cat\/antigona\/wp-content\/uploads\/sites\/622\/2025\/01\/olga-221x300.jpg 221w\" sizes=\"auto, (max-width: 737px) 100vw, 737px\" \/><\/figure><div class=\"wp-block-media-text__content\">\n<h2 class=\"wp-block-heading\">Olga Paz Torres<\/h2>\n\n\n\n<p>Professora Agregada  d\u2019Hist\u00f2ria del Dret i de les Institucions a la UAB, doctora en Dret per la UAB, va realitzar la tesi sobre la republicana Isabel Oyarz\u00e1bal Smith, publicada a la Col\u00b7lecci\u00f3 Premis d\u2019Investigaci\u00f3 del&nbsp;<em>Consejo Econ\u00f3mico y Social de la Junta de Andaluc\u00eda<\/em>, amb el t\u00edtol&nbsp;<em>Isabel Oyarz\u00e1bal Smith (1878-1974). Una intelectual en la Segunda Rep\u00fablica espa\u00f1ola. Del reto del discurso a los surcos del exilio<\/em>&nbsp;(Sevilla, 2009). Investigadora visitant al Institut Max Planck per a la Hist\u00f2ria del Dret a Frankfurt (Alemanya), en la University Fordham School of Law de Nueva York (EEUU), en la Florida International University College of Law (FIU, Miami, EEUU) y en la University of Edinburgh School of Law (Escocia). Es miembro del \u201cCentro de Estudios sobre las \u00e9pocas franquista y Democr\u00e1tica\u201d (CEFID \u2013UAB). En relaci\u00f3n a la docencia de postgrados, durante los \u00faltimos a\u00f1os ha impartido docencia en el M\u00e1ster Oficial Interuniversitario en Estudios de Mujeres, G\u00e9nero y Ciudadan\u00eda (IIEDG); profesora invitada en el M\u00e1ster Oficial en Lengua espa\u00f1ola y literatura hisp\u00e1nica de la Fcaultad de Filosof\u00eda y Letras de la UAB; y profesora en el Postgrado \u00abG\u00e9nero e Igualdad\u00bb de la UAB. Sus principales l\u00edneas de invetsigaci\u00f3n son la historia socials y el g\u00e9nero, mujeres, Segunda Rep\u00fablica y exilio franquista, y el acceso de las mujeres a profesiones masculinas desde el punto de vista hist\u00f3rico. Ha participado en proyectos de investigaci\u00f3n competitivos.<\/p>\n\n\n\n<p><a href=\"https:\/\/portalrecerca.uab.cat\/ca\/persons\/olga-paz-torres-7\" target=\"_blank\" rel=\"noreferrer noopener\">M\u00e9s informaci\u00f3<\/a><\/p>\n<\/div><\/div>\n\n\n\n<div class=\"wp-block-media-text alignwide is-stacked-on-mobile\" style=\"grid-template-columns:25% auto\"><figure class=\"wp-block-media-text__media\"><img loading=\"lazy\" decoding=\"async\" width=\"667\" height=\"1000\" src=\"https:\/\/webs.uab.cat\/antigona\/wp-content\/uploads\/sites\/622\/2025\/02\/Marc.jpg\" alt=\"\" class=\"wp-image-184 size-full\" srcset=\"https:\/\/webs.uab.cat\/antigona\/wp-content\/uploads\/sites\/622\/2025\/02\/Marc.jpg 667w, https:\/\/webs.uab.cat\/antigona\/wp-content\/uploads\/sites\/622\/2025\/02\/Marc-200x300.jpg 200w\" sizes=\"auto, (max-width: 667px) 100vw, 667px\" \/><\/figure><div class=\"wp-block-media-text__content\">\n<h2 class=\"wp-block-heading\">Marc-Abraham Puig Hern\u00e1ndez<\/h2>\n\n\n\n<p>MARC-ABRAHAM PUIG HERN\u00c1NDEZ, professor de l&#8217;\u00e0rea de Filosofia del Dret de la Universitat Aut\u00f2noma de Barcelona (UAB), m\u00e0ster en Ciutadania i Drets Humans: \u00c8tica i Pol\u00edtica (UB), doctor en Dret per la Universitat de Barcelona (UB). Coordinador de l&#8217;\u00e0rea de Filosofia del Dret de la Universitat Aut\u00f2noma de Barcelona (2022-present) i codirector de la Revista Dret i G\u00e8nere (UAB).<\/p>\n\n\n\n<p>Les seves principals l\u00ednies de recerca s\u00f3n la Teoria del Dret, amb una atenci\u00f3 especial a la fonamentaci\u00f3 dels drets i llibertats fonamentals, les concepcions de la Just\u00edcia en Filosofia del Dret i la Bio\u00e8tica, principalment en reproducci\u00f3 assistida.<\/p>\n\n\n\n<p>Ha realitzat estades postdoctorals de recerca a la Universidad Complutense de Madrid (Espanya) i a la Freie Universit\u00e4t Berlin (Alemanya). Ha participat en diversos projectes de recerca, nacionals i internacionals, sobre Teoria i Filosofia del Dret i Bio\u00e8tica. Membre de la Societat Espanyola de Filosofia Jur\u00eddica i Pol\u00edtica (SEFJP) i de la Xarxa Llatina d&#8217;Investigadors en Bioeconomies Reproductives (REDLIBRE).<\/p>\n\n\n\n<p><a href=\"https:\/\/portalrecerca.uab.cat\/ca\/persons\/marc-abraham-puig-hernandez\/\" target=\"_blank\" rel=\"noreferrer noopener\">M\u00e9s informaci\u00f3<\/a><\/p>\n<\/div><\/div>\n\n\n\n<div class=\"wp-block-media-text alignwide is-stacked-on-mobile\" style=\"grid-template-columns:25% auto\"><figure class=\"wp-block-media-text__media\"><img loading=\"lazy\" decoding=\"async\" width=\"667\" height=\"1000\" src=\"https:\/\/webs.uab.cat\/antigona\/wp-content\/uploads\/sites\/622\/2025\/02\/Patricia.jpg\" alt=\"\" class=\"wp-image-175 size-full\" srcset=\"https:\/\/webs.uab.cat\/antigona\/wp-content\/uploads\/sites\/622\/2025\/02\/Patricia.jpg 667w, https:\/\/webs.uab.cat\/antigona\/wp-content\/uploads\/sites\/622\/2025\/02\/Patricia-200x300.jpg 200w\" sizes=\"auto, (max-width: 667px) 100vw, 667px\" \/><\/figure><div class=\"wp-block-media-text__content\">\n<h2 class=\"wp-block-heading\">Patricia Gonz\u00e1lez Prado<\/h2>\n\n\n\n<p>\u00c9s professora al Departament de Ci\u00e8ncia Pol\u00edtica i Dret P\u00fablic de la Universitat Aut\u00f2noma de Barcelona. \u00c9s Llicenciada en Dret (Universidad Nacional de Cuyo -Argentina), M\u00e0ster en Estudis de les Dones, G\u00e8nere i Ciutadania (Universitat de Barcelona) i Doctora en Dret P\u00fablic i Filosofia jur\u00eddic-pol\u00edtica per la Universitat Aut\u00f2noma de Barcelona (UAB).<\/p>\n\n\n\n<p>La seva recerca es centra en l\u2019estudi de les viol\u00e8ncies masclistes, en particular la dimensi\u00f3 institucional d\u2019aquestes viol\u00e8ncies, els feminismes jur\u00eddics, l\u2019autonomia sexual i els drets sexuals i reproductius. En aquest sentit treballa des de una perspectiva de drets humans, feminista, interseccional i d\u2019inf\u00e0ncia.<\/p>\n\n\n\n<p>Ha estat investigadora visitant a l\u2019Instituto de Ci\u00eancias Sociais da Universidade de Lisboa (Portugal) i a la Universitat Pablo de Olavide (Sevilla- Espanya). Integra el Grup de Recerca Consolidat Ant\u00edgona, Dret i Societat amb perspectiva de g\u00e8nere de la UAB. La seva traject\u00f2ria acad\u00e8mica s\u2019ha desenvolupat a l\u2019Argentina i a Catalunya.<\/p>\n\n\n\n<p>Ha exercit com advocada durant 15 anys, i ha treballat com jurista experta al Ministeri de Govern de Mendoza, Argentina (Coordinaci\u00f3 de Drets Humans), a l\u2019Institut Catal\u00e0 de les Dones i a la Direcci\u00f3 General per a l\u2019erradicaci\u00f3 de les Viol\u00e8ncies Masclistes, del Departament d\u2019Igualtats i Feminismes de la Generalitat de Catalunya.<\/p>\n\n\n\n<p><a href=\"https:\/\/portalrecerca.uab.cat\/ca\/persons\/patricia-fernanda-gonzalez-prado-4\" target=\"_blank\" rel=\"noreferrer noopener\">M\u00e9s informaci\u00f3<\/a><\/p>\n<\/div><\/div>\n\n\n\n<div class=\"wp-block-media-text alignwide is-stacked-on-mobile\" style=\"grid-template-columns:25% auto\"><figure class=\"wp-block-media-text__media\"><img loading=\"lazy\" decoding=\"async\" width=\"667\" height=\"1000\" src=\"https:\/\/webs.uab.cat\/antigona\/wp-content\/uploads\/sites\/622\/2025\/02\/Elena.jpg\" alt=\"\" class=\"wp-image-171 size-full\" srcset=\"https:\/\/webs.uab.cat\/antigona\/wp-content\/uploads\/sites\/622\/2025\/02\/Elena.jpg 667w, https:\/\/webs.uab.cat\/antigona\/wp-content\/uploads\/sites\/622\/2025\/02\/Elena-200x300.jpg 200w\" sizes=\"auto, (max-width: 667px) 100vw, 667px\" \/><\/figure><div class=\"wp-block-media-text__content\">\n<h2 class=\"wp-block-heading\">Elena Garrido Gait\u00e1n<\/h2>\n\n\n\n<p>Experi\u00e8ncia en l&#8217;\u00e0mbit psicol\u00f2gic criminal i forense amb m\u00e9s de 20 anys d&#8217;experi\u00e8ncia en&nbsp;l&#8217;atenci\u00f3 i intervenci\u00f3 amb persones penades, v\u00edctimes i en la valoraci\u00f3 pericial psicol\u00f2gica en l&#8217;\u00e0mbit penal. Formadora recurrent en entitats p\u00fabliques dedicades a l&#8217;\u00e0mbit jur\u00eddic (CEJFE) o de la seguretat p\u00fablica (ISPC).<\/p>\n\n\n\n<p>Les seves principals l\u00ednies de recerca es basen en la comprensi\u00f3 de fen\u00f2mens violents o victimol\u00f2gics des de la vessant psicol\u00f2gica, aix\u00ed com en la divulgaci\u00f3 i publicaci\u00f3 sobre compet\u00e8ncies i capacitaci\u00f3 de l&#8217;\u00e0mbit psicol\u00f2gic i pericial forense.&nbsp;<\/p>\n\n\n\n<p><a href=\"https:\/\/portalrecerca.uab.cat\/ca\/persons\/elena-garrido-gaitn\" target=\"_blank\" rel=\"noreferrer noopener\">M\u00e9s informaci\u00f3<\/a><\/p>\n<\/div><\/div>\n\n\n\n<h2 class=\"wp-block-heading\">Persones col\u00b7laboradores<\/h2>\n\n\n\n<div class=\"wp-block-media-text alignwide is-stacked-on-mobile\" style=\"grid-template-columns:25% auto\"><figure class=\"wp-block-media-text__media\"><img loading=\"lazy\" decoding=\"async\" width=\"667\" height=\"1000\" src=\"https:\/\/webs.uab.cat\/antigona\/wp-content\/uploads\/sites\/622\/2025\/03\/Barbara.jpg\" alt=\"\" class=\"wp-image-233 size-full\" srcset=\"https:\/\/webs.uab.cat\/antigona\/wp-content\/uploads\/sites\/622\/2025\/03\/Barbara.jpg 667w, https:\/\/webs.uab.cat\/antigona\/wp-content\/uploads\/sites\/622\/2025\/03\/Barbara-200x300.jpg 200w\" sizes=\"auto, (max-width: 667px) 100vw, 667px\" \/><\/figure><div class=\"wp-block-media-text__content\">\n<h2 class=\"wp-block-heading\">B\u00e1rbara L. Monllor Taltavull <\/h2>\n\n\n\n<p>B\u00e1rbara L. Monllor Taltavull \u00e9s professora substituta de l\u2019\u00c0rea de Filosofia del Dret de la Universitat Aut\u00f2noma de Barcelona i Doctora en Dret (l\u00ednia \u201cDret i g\u00e8nere\u201d). En el marc del doctorat, ha realitzat una estancia d\u2019investigaci\u00f3 pre-doctoral a Finl\u00e0ndia, Universitat de Turku, Facultat de Dret.<\/p>\n\n\n\n<p>Graduada en Dret per la Universitat de Val\u00e8ncia (2016), compta amb l\u2019especialitzaci\u00f3 en Dret Penal i Ci\u00e8ncies Penals per la Universitat de Barcelona i la Universitat Pompeu Fabra (M\u00e0ster Propi, al 2017) i en Estudis de Dones, G\u00e8nere i Ciutadania per la Universitat de Barcelona, Institut Interuniversitari d\u2019Estudi de Dones i G\u00e8nere (M\u00e0ster Oficial, 2021). Ha treballat en despatxos com a consultora en l\u2019\u00e0mbit del dret penal i penitenciari. \u00c9s, tamb\u00e9, M\u00e0ster en Advocacies per la Universitat Oberta de Catalunya (2022) i apta per a l\u2019exercici professional de l\u2019Advocacia des de 2023.<\/p>\n\n\n\n<p>A m\u00e9s, \u00e9s s\u00f2cia de Dones Juristes des de 2018 i forma part del Gabinet Jur\u00eddic del Observatori contra la LGTBIf\u00f2bia des de 2019, fent tasques d\u2019assessorament jur\u00eddic, litigaci\u00f3 estrat\u00e8gica i formaci\u00f3 especialitzada en drets LGTBIQA+.<\/p>\n\n\n\n<p>Les seues l\u00ednees d\u2019investigaci\u00f3 es focalitzen en la filosof\u00eda del dret penal, les teories feministes i els drets humans de les persones LGTBIQA+.<\/p>\n<\/div><\/div>\n\n\n\n<div class=\"wp-block-media-text alignwide is-stacked-on-mobile\" style=\"grid-template-columns:25% auto\"><figure class=\"wp-block-media-text__media\"><img loading=\"lazy\" decoding=\"async\" width=\"667\" height=\"1000\" src=\"https:\/\/webs.uab.cat\/antigona\/wp-content\/uploads\/sites\/622\/2025\/03\/Luisa.jpg\" alt=\"\" class=\"wp-image-227 size-full\" srcset=\"https:\/\/webs.uab.cat\/antigona\/wp-content\/uploads\/sites\/622\/2025\/03\/Luisa.jpg 667w, https:\/\/webs.uab.cat\/antigona\/wp-content\/uploads\/sites\/622\/2025\/03\/Luisa-200x300.jpg 200w\" sizes=\"auto, (max-width: 667px) 100vw, 667px\" \/><\/figure><div class=\"wp-block-media-text__content\">\n<h2 class=\"wp-block-heading\">Luisa Moreno Cuerva<\/h2>\n\n\n\n<p>Luisa Moreno Cuerva es va llicenciar en Dret en la Universitat de Barcelona l&#8217;any 1992, va realitzar el M\u00e0ster Oficial de Criminologia i Sociologia Jur\u00eddic Penal en la Universitat de Barcelona (2011-2012) i el &nbsp;M\u00e1ster en Dret&nbsp; de Fam\u00edlia e Inf\u00e0ncia de la Universitat de Barcelona (2012).&nbsp; En l\u00b4any 2016 &nbsp;es va doctorar en Dret P\u00f9blic i Filosofia Jur\u00eddica Pol\u00edtica en la Universitat Aut\u00f2noma de Barcelona. En la seva tesi doctoral va voler evidenciar la desconnexi\u00f3 que existeix entre la legislaci\u00f3 vigent en mat\u00e8ria de viol\u00e8ncia de g\u00e8nere&nbsp; i la realitat a causa dels nombrosos obstacles amb els quals es troben les dones a la via judicial.<\/p>\n\n\n\n<p>Es advocada en exercici des de 1997, adscrita al Torn d\u00b4 Ofici del Col.legi de l\u00b4Advocacia de Barcelona especialitzat en viol\u00e8ncia de g\u00e8nere des de l&#8217;any (2004-2025). En la seva&nbsp; experi\u00e8ncia professional com a advocada de dones v\u00edctimes de viol\u00e8ncia de g\u00e8nere ha pogut comprovar les diferents dificultats amb les quals es troben les dones que acudeixen al sistema penal esperant obtenir protecci\u00f3 i just\u00edcia i que acaben sent revictimitzades pel propi sistema.<\/p>\n\n\n\n<p>Des del curs acad\u00e8mic 2018-2019 \u00e9s professora associada de la&nbsp; UAB (Departament de Ci\u00e8ncia Pol\u00edtica i Dret P\u00fablic-\u00c0rea de Filosofia del Dret) i es va integrar amb el Grup Ant\u00edgona amb l\u2019objectiu d\u00b4 analitzar el desenvolupament dels drets de les dones amb perspectiva de g\u00e8nere.<\/p>\n<\/div><\/div>\n\n\n\n<div class=\"wp-block-media-text alignwide is-stacked-on-mobile\" style=\"grid-template-columns:25% auto\"><figure class=\"wp-block-media-text__media\"><img loading=\"lazy\" decoding=\"async\" width=\"667\" height=\"1000\" src=\"https:\/\/webs.uab.cat\/antigona\/wp-content\/uploads\/sites\/622\/2025\/03\/ariana.jpg\" alt=\"\" class=\"wp-image-248 size-full\" srcset=\"https:\/\/webs.uab.cat\/antigona\/wp-content\/uploads\/sites\/622\/2025\/03\/ariana.jpg 667w, https:\/\/webs.uab.cat\/antigona\/wp-content\/uploads\/sites\/622\/2025\/03\/ariana-200x300.jpg 200w\" sizes=\"auto, (max-width: 667px) 100vw, 667px\" \/><\/figure><div class=\"wp-block-media-text__content\">\n<h2 class=\"wp-block-heading\">Ariana Pisonero Francisco<\/h2>\n\n\n\n<p>Llicenciada en Dret per la UAB. Postgrau en Viol\u00e8ncies Masclistes i M\u00e0ster en Criminologia i Execuci\u00f3 Penal i M\u00e0ster en Feminismes Jur\u00eddics. Teories i pr\u00e0ctiques del Dret<\/p>\n\n\n\n<p>Actualment col\u00b7labora amb la coordinaci\u00f3 acad\u00e8mica dels estudis gestionats per Ant\u00edgona. Tamb\u00e9 ha participat en diverses investigacions (\u00abLes viol\u00e8ncies sexuals a l&#8217;Estat espanyol: marc jur\u00eddic i an\u00e0lisi jurisprudencial\u00bb o \u00abOrdres de protecci\u00f3 i dret de les dones que han patit viol\u00e8ncia de g\u00e8nere: obstacles per a una protecci\u00f3 efectiva.\u00bb)<\/p>\n<\/div><\/div>\n\n\n\n<div class=\"wp-block-media-text alignwide is-stacked-on-mobile\" style=\"grid-template-columns:25% auto\"><figure class=\"wp-block-media-text__media\"><img loading=\"lazy\" decoding=\"async\" width=\"667\" height=\"1000\" src=\"https:\/\/webs.uab.cat\/antigona\/wp-content\/uploads\/sites\/622\/2025\/03\/lorena.jpg\" alt=\"\" class=\"wp-image-253 size-full\" srcset=\"https:\/\/webs.uab.cat\/antigona\/wp-content\/uploads\/sites\/622\/2025\/03\/lorena.jpg 667w, https:\/\/webs.uab.cat\/antigona\/wp-content\/uploads\/sites\/622\/2025\/03\/lorena-200x300.jpg 200w\" sizes=\"auto, (max-width: 667px) 100vw, 667px\" \/><\/figure><div class=\"wp-block-media-text__content\">\n<h2 class=\"wp-block-heading\">Lorena Garrido Jim\u00e9nez<\/h2>\n\n\n\n<p>Professora associada de Filosofia del Dret de la Universitat Aut\u00f2noma de Barcelona i investigadora del Grup Ant\u00edgona.&nbsp; Jurista i experta en temes de dret i g\u00e8nere i viol\u00e8ncies masclistes. Docent dels Postgraus \u00abG\u00e8nere i Igualtat\u00bb (UAB) i \u00abViol\u00e8ncies masclistes\u00bb (UAB) i Postgrau en Cultura de Pau (Escola de Cultura de Pau-UAB).<\/p>\n\n\n\n<p>Llicenciada en Ci\u00e8ncies Jur\u00eddiques i Socials per la Universitat de Xile i llicenciada en Dret per la UAB. Diploma d&#8217;Estudis Avan\u00e7ats (DEA) en Dret del programa Les transformacions del dret p\u00fablic, del Departament de Ci\u00e8ncia Pol\u00edtica i Dret P\u00fablic de la UAB. Postgrau en Gesti\u00f3 ambiental (UPF) i Postgrau en Dret Civil Catal\u00e0 (UB).<\/p>\n\n\n\n<p>Ha estat professora del M\u00e0ster Interuniversitari en Estudis de Dones, G\u00e8nere i Ciutadania (IIEDG) i del M\u00e0ster en Criminologia, Pol\u00edtica Criminal i Sociologia Juridicopenal (UB).<\/p>\n\n\n\n<p>Ha estat col\u00b7laboradora de l&#8217;Associaci\u00f3 GENERA (Associaci\u00f3 en defensa dels drets de les dones) entre el 2007 i el 2015 i assessora jur\u00eddica a PIAD (Punt d&#8217;Informaci\u00f3 i Atenci\u00f3 a les Dones) entre el 2004 i el 2010. Ha estat consultora de la CEPAL de les Nacions Unides en la Divisi\u00f3 de Desenvolupament Sostenible i Assentaments Humans.<\/p>\n<\/div><\/div>\n\n\n\n<p><\/p>\n","protected":false},"excerpt":{"rendered":"<p>Encarna Bodel\u00f3n Gonz\u00e1lez Encarna Bodel\u00f3n Gonz\u00e1lez. Nascuda a Barcelona, 1967. Doctora en Dret i postgrau en Common Study Programma on Criminal Justice and Critical Criminology (UB). Professora Titular de Filosofia del Dret en la Universitat Aut\u00f2noma de Barcelona (UAB). Ha estat professora tamb\u00e9 de Criminologia de la Universitat de Barcelona i professora de Dret a [&hellip;]<\/p>\n","protected":false},"author":205,"featured_media":0,"parent":0,"menu_order":0,"comment_status":"closed","ping_status":"closed","template":"","meta":{"footnotes":""},"class_list":["post-332","page","type-page","status-publish","hentry"],"_links":{"self":[{"href":"https:\/\/webs.uab.cat\/antigona\/wp-json\/wp\/v2\/pages\/332","targetHints":{"allow":["GET"]}}],"collection":[{"href":"https:\/\/webs.uab.cat\/antigona\/wp-json\/wp\/v2\/pages"}],"about":[{"href":"https:\/\/webs.uab.cat\/antigona\/wp-json\/wp\/v2\/types\/page"}],"author":[{"embeddable":true,"href":"https:\/\/webs.uab.cat\/antigona\/wp-json\/wp\/v2\/users\/205"}],"replies":[{"embeddable":true,"href":"https:\/\/webs.uab.cat\/antigona\/wp-json\/wp\/v2\/comments?post=332"}],"version-history":[{"count":11,"href":"https:\/\/webs.uab.cat\/antigona\/wp-json\/wp\/v2\/pages\/332\/revisions"}],"predecessor-version":[{"id":429,"href":"https:\/\/webs.uab.cat\/antigona\/wp-json\/wp\/v2\/pages\/332\/revisions\/429"}],"wp:attachment":[{"href":"https:\/\/webs.uab.cat\/antigona\/wp-json\/wp\/v2\/media?parent=332"}],"curies":[{"name":"wp","href":"https:\/\/api.w.org\/{rel}","templated":true}]}}