{"id":50,"date":"2025-01-15T13:30:37","date_gmt":"2025-01-15T11:30:37","guid":{"rendered":"https:\/\/webs.uab.cat\/antigona\/?page_id=50"},"modified":"2025-04-22T12:05:55","modified_gmt":"2025-04-22T10:05:55","slug":"projectes-estatals-rd-competitius","status":"publish","type":"page","link":"https:\/\/webs.uab.cat\/antigona\/projectes-estatals-rd-competitius\/","title":{"rendered":"Projectes estatals R+D competitius"},"content":{"rendered":"\n<ul class=\"wp-block-list\">\n<li>T\u00edtol del projecte:&nbsp;<strong>La prevenci\u00f3n y la respuesta frente a las ciberviolencias de g\u00e9nero (CIBERVIO)<\/strong>\n<ul class=\"wp-block-list\">\n<li>Refer\u00e8ncia: PID2020-116798RB-I00<\/li>\n\n\n\n<li>Entitat finan\u00e7adora: Ministerio de Ciencia e Innovaci\u00f3n<\/li>\n\n\n\n<li>Per\u00edode: 01\/09\/2021 \u2013 31\/08\/2024<\/li>\n\n\n\n<li>Investigadora principal: Dra. Noelia Igareda Gonz\u00e1lez<\/li>\n\n\n\n<li>Equip investigador: Dra. Noelia Igareda Gonz\u00e1lez (IP), Dra. Olga Paz Torres (UAB), Dr. Josep Ca\u00f1abate (UAB), Dra. Anna Mel\u00e9ndez (UAB), Dra. Maria Barcons Campmaj\u00f3 (UAB), Dra. Cristina Vasilescu (UdG\/UAB), Dra. Paz Olaciregui (UAB).<\/li>\n<\/ul>\n<\/li>\n\n\n\n<li>T\u00edtol del projecte:&nbsp;<a href=\"https:\/\/violenciasexual.info\/\"><strong>Claves ius-filos\u00f3ficas para el an\u00e1lisis del tratamiento judicial de agresiones y abusos sexuales<\/strong>&nbsp;<strong>(JURISAGREX)<\/strong><\/a>\n<ul class=\"wp-block-list\">\n<li>Refer\u00e8ncia: RTI2018-096476-B-I00<\/li>\n\n\n\n<li>Entitat finan\u00e7adora: Ministerio de Ciencia, Innovaci\u00f3n y Universidades<\/li>\n\n\n\n<li>Per\u00edode: 2019-2021<\/li>\n\n\n\n<li>Equip investigador: Dra. Encarna Bodel\u00f3n Gonz\u00e1lez (IP), Dra. Teresa Picont\u00f3 Novales (UNIZAR), Dra. Arantza Campos Rubio (EHU), Dr. Ra\u00fal Sus\u00edn Betr\u00e1n (UR), Dra. Yolanda Fontanil G\u00f3mez (UniOvi), Dra. Est\u00edbaliz de Miguel Calvo (EHU), Dr. V\u00edctor Merino Sancho (URV), Dra. Olga Paz Torres (UAB), Dra. Roc\u00edo Medina Mart\u00edn (UAB), Dra. Maria Barcons Campmaj\u00f3 (UAB), Ariana Pisonero Francisco (UAB)<\/li>\n<\/ul>\n<\/li>\n\n\n\n<li>T\u00edtol del projecte:&nbsp;<strong><a href=\"http:\/\/www.gessus.es\/\">Gestaci\u00f3n por Sustituci\u00f3n (GESSUS)<\/a><\/strong>\n<ul class=\"wp-block-list\">\n<li>Refer\u00e8ncia: DER2015-74308-JIN<\/li>\n\n\n\n<li>Entitat finan\u00e7adora: Ministerio de Econom\u00eda y Competitividad<\/li>\n\n\n\n<li>Per\u00edode: 2016-2019<\/li>\n\n\n\n<li>Equip investigador: Dra. Noelia Igareda Gonz\u00e1lez (IP), Adri\u00e1n Pascale.<\/li>\n<\/ul>\n<\/li>\n\n\n\n<li>T\u00edtol del projecte:&nbsp;<strong>El desarrollo de los derechos fundamentales en las ordenanzas municipales: l\u00edmites y vulneraciones de derechos desde la perspectiva de g\u00e9nero (DEORGE)<\/strong>\n<ul class=\"wp-block-list\">\n<li>Refer\u00e8ncia: DER2014-58553-R<\/li>\n\n\n\n<li>Entitat finan\u00e7adora: Ministerio de Econom\u00eda y Competitividad<\/li>\n\n\n\n<li>Per\u00edode: 2015-2018<\/li>\n\n\n\n<li>Equip investigador: Dra. Encarna Bodel\u00f3n Gonz\u00e1lez (IP), Dra. Teresa Picont\u00f3 Novales (UNIZAR), Dra. M\u00aa Eugenia Rodr\u00edguez Palop (UC3M), Dra. Aranzta Campos Rubio (EHU), Dr. Ra\u00fal Sus\u00edn Betr\u00e1n (UR), Dr. Marco Aparicio Wilhelmi (UdG), Maria Barcons Campmaj\u00f3 (UAB), Paula Arce Becerra (UAB), Lorena Garrido Jim\u00e9nez (UAB).<\/li>\n<\/ul>\n<\/li>\n\n\n\n<li>T\u00edtol del projecte:&nbsp;<strong>El Derecho de acceso a la Justicia: El caso de la Violencia de G\u00e9nero<\/strong>\n<ul class=\"wp-block-list\">\n<li>Refer\u00e8ncia: DER2011-27532<\/li>\n\n\n\n<li>Entitat finan\u00e7adora: Ministerio de Ciencia e Innovaci\u00f3n<\/li>\n\n\n\n<li>Per\u00edode: 2012-2014<\/li>\n\n\n\n<li>Equip investigador: Dra. Encarna Bodel\u00f3n Gonz\u00e1lez (IP), Dr. Ricardo Rodr\u00edguez Luna (UAB), Dra. Teresa Cabruja Ubach (UdG), Samara de las Heras Aguilera (UAB), Maria Barcons Campmaj\u00f3 (UAB).<\/li>\n<\/ul>\n<\/li>\n\n\n\n<li>T\u00edtol del projecte:&nbsp;<strong>El impacto de los planes de igualdad en las empresas<\/strong>\n<ul class=\"wp-block-list\">\n<li>Refer\u00e8ncia: FEM2009-12450<\/li>\n\n\n\n<li>Entitat finan\u00e7adora: Ministerio de Ciencia e Innovaci\u00f3n. Instituto de la Mujer<\/li>\n\n\n\n<li>Per\u00edode: 2010-2013<\/li>\n\n\n\n<li>Equip investigador: Dra. Encarna Bodel\u00f3n Gonz\u00e1lez (IP), Dr. Ricardo Rodr\u00edguez Luna (UAB), Luc\u00eda Ortiz Amaro (UAB), Maria Barcons Campmaj\u00f3 (UAB).<\/li>\n<\/ul>\n<\/li>\n\n\n\n<li>T\u00edtol del projecte:&nbsp;<strong>De la protecci\u00f3n a la maternidad a una legislaci\u00f3n sobre el cuidado<\/strong>\n<ul class=\"wp-block-list\">\n<li>Refer\u00e8ncia:<\/li>\n\n\n\n<li>Entitat finan\u00e7adora: Direcci\u00f3n General de Protecci\u00f3n Social, Ministerio de Trabajo y Asuntos Sociales<\/li>\n\n\n\n<li>Per\u00edode: 2007-2008<\/li>\n\n\n\n<li>Equip investigador: Dra. Noelia Igareda Gonz\u00e1lez (IP)<\/li>\n<\/ul>\n<\/li>\n\n\n\n<li>T\u00edtol del projecte:&nbsp;<strong>Modelos de legislaci\u00f3n en materia de igualdad de g\u00e9nero: presupuestos filos\u00f3fico-jur\u00eddicos e impacto jur\u00eddico-social<\/strong>\n<ul class=\"wp-block-list\">\n<li>Refer\u00e8ncia:<\/li>\n\n\n\n<li>Entitat finan\u00e7adora: Ministerio de Educaci\u00f3n y Ciencia<\/li>\n\n\n\n<li>Per\u00edode: 2006-2009<\/li>\n\n\n\n<li>Equip investigador: Dra. Encarna Bodel\u00f3n Gonz\u00e1lez (IP)<\/li>\n<\/ul>\n<\/li>\n<\/ul>\n","protected":false},"excerpt":{"rendered":"","protected":false},"author":1385,"featured_media":0,"parent":0,"menu_order":0,"comment_status":"closed","ping_status":"closed","template":"","meta":{"footnotes":""},"class_list":["post-50","page","type-page","status-publish","hentry"],"_links":{"self":[{"href":"https:\/\/webs.uab.cat\/antigona\/wp-json\/wp\/v2\/pages\/50","targetHints":{"allow":["GET"]}}],"collection":[{"href":"https:\/\/webs.uab.cat\/antigona\/wp-json\/wp\/v2\/pages"}],"about":[{"href":"https:\/\/webs.uab.cat\/antigona\/wp-json\/wp\/v2\/types\/page"}],"author":[{"embeddable":true,"href":"https:\/\/webs.uab.cat\/antigona\/wp-json\/wp\/v2\/users\/1385"}],"replies":[{"embeddable":true,"href":"https:\/\/webs.uab.cat\/antigona\/wp-json\/wp\/v2\/comments?post=50"}],"version-history":[{"count":3,"href":"https:\/\/webs.uab.cat\/antigona\/wp-json\/wp\/v2\/pages\/50\/revisions"}],"predecessor-version":[{"id":361,"href":"https:\/\/webs.uab.cat\/antigona\/wp-json\/wp\/v2\/pages\/50\/revisions\/361"}],"wp:attachment":[{"href":"https:\/\/webs.uab.cat\/antigona\/wp-json\/wp\/v2\/media?parent=50"}],"curies":[{"name":"wp","href":"https:\/\/api.w.org\/{rel}","templated":true}]}}