{"id":53,"date":"2025-01-15T13:31:14","date_gmt":"2025-01-15T11:31:14","guid":{"rendered":"https:\/\/webs.uab.cat\/antigona\/?page_id=53"},"modified":"2025-04-08T13:02:37","modified_gmt":"2025-04-08T11:02:37","slug":"projectes-autonomics-rd-competitius","status":"publish","type":"page","link":"https:\/\/webs.uab.cat\/antigona\/projectes-autonomics-rd-competitius\/","title":{"rendered":"Projectes auton\u00f2mics R+D competitius"},"content":{"rendered":"\n<ul class=\"wp-block-list\">\n<li>T\u00edtol del projecte:\u00a0<strong>Les agressions sexuals comeses en grup a Catalunya: an\u00e0lisi de l\u2019atenci\u00f3 i resposta a les v\u00edctimes des d\u2019una perspectiva de g\u00e8nere i interseccional i propostes de millora<\/strong>\n<ul class=\"wp-block-list\">\n<li>Entitat finan\u00e7adora: Departament de Igualtat i Feminisme, Generalitat de Catalunya<\/li>\n\n\n\n<li>Refer\u00e8ncia de la concessi\u00f3: IFE038\/24\/000012<\/li>\n\n\n\n<li>Import concedit: 49.200 \u20ac<\/li>\n\n\n\n<li>Durada: des de 2025 fins a 2026<\/li>\n\n\n\n<li>Investigador\/a principal: Dra. Maria Barcons Campmaj\u00f3<\/li>\n\n\n\n<li>Investigadoras: Dra. Elena Garrido Gait\u00e1n (UAB); Dra. Cristina Vasilescu (UdG); Sra. Nahxeli Beas (AADAS)<\/li>\n<\/ul>\n<\/li>\n\n\n\n<li><strong>Beca de recerca. Finalitat:<\/strong> Dur a terme la investigaci\u00f3 titulada \u201cViol\u00e8ncia masclista digital: an\u00e0lisis de l\u2019atenci\u00f3 i respostes a les v\u00edctimes\u201d.\n<ul class=\"wp-block-list\">\n<li>Import de la beca d\u2019investigaci\u00f3: 8.000\u20ac. <\/li>\n\n\n\n<li>Equip: Cristina Vasilescu (IP), Maria Barcons Campmaj\u00f3, Noelia Igareda Gonz\u00e1lez.<\/li>\n\n\n\n<li>Entitat finan\u00e7adora: Centre d\u2019Estudis Jur\u00eddics i Formaci\u00f3 Especialitzada (CEJFE), Departament de Just\u00edcia, Generalitat de Catalunya<\/li>\n\n\n\n<li>Durada: 12 mesos (per\u00edode 11\/11\/2022 a 30\/11\/2023)<\/li>\n\n\n\n<li>Instituci\u00f3: Centre d\u2019Estudis Jur\u00eddics i Formaci\u00f3 Especialitzada (CEJFE), Departament de Just\u00edcia, Generalitat de Catalunya<\/li>\n<\/ul>\n<\/li>\n\n\n\n<li>T\u00edtol del projecte:&nbsp;<strong>Les mesures de protecci\u00f3 contra la viol\u00e8ncia de g\u00e8nere: construint una protecci\u00f3 multidisciplinar<\/strong>\n<ul class=\"wp-block-list\">\n<li>Refer\u00e8ncia: 2020 INDOV 00013<\/li>\n\n\n\n<li>Entitat finan\u00e7adora: Ag\u00e8ncia de Gesti\u00f3 d\u2019Ajuts Universitaris i de Recerca (AGAUR)<\/li>\n\n\n\n<li>Per\u00edode: 2021-2022<\/li>\n\n\n\n<li>Investigadora principal: Dra. Encarna Bodel\u00f3n Gonz\u00e1lez<\/li>\n\n\n\n<li>Equip investigador: Dra. Encarna Bodel\u00f3n Gonz\u00e1lez (IP), Dra. S\u00edlvia Daniela Heim (Universidad Nacional de R\u00edo Negro-UNRN \u2013 Argentina), Dra. Gl\u00f2ria Casas Vila (Universit\u00e9 de Toulouse Jean Jaur\u00e8s \u2013 Fran\u00e7a), Luc\u00eda Ortiz Amaro (UAB), Paula Arce Becerra (UAB), Dra. Cristina Vasilescu (UdG\/UAB).<\/li>\n<\/ul>\n<\/li>\n\n\n\n<li>T\u00edtol del projecte:&nbsp;<strong><a href=\"http:\/\/dones.gencat.cat\/ca\/ambits\/centre_documentacio\/publicacions\/informes_estudis_avaluacions\">L\u2019abordatge de les viol\u00e8ncies sexuals a Catalunya<\/a><\/strong>\n<ul class=\"wp-block-list\">\n<li>Entitat finan\u00e7adora: Institut Catal\u00e0 de les Dones (ICD)<\/li>\n\n\n\n<li>Per\u00edode: 2016<\/li>\n<\/ul>\n<\/li>\n\n\n\n<li>T\u00edtol del projecte:&nbsp;<strong><a href=\"http:\/\/dones.gencat.cat\/ca\/ambits\/centre_documentacio\/publicacions\/informes_estudis_avaluacions\/\">Diagnosi per a la Xarxa d\u2019Atenci\u00f3 i Recuperaci\u00f3 Integral per a les dones en situaci\u00f3 de viol\u00e8ncia masclista \u2013 Resum<\/a><\/strong>\n<ul class=\"wp-block-list\">\n<li>Entitat finan\u00e7adora: Institut Catal\u00e0 de les Dones (ICD)<\/li>\n\n\n\n<li>Per\u00edode: 2016<\/li>\n<\/ul>\n<\/li>\n\n\n\n<li>T\u00edtol del projecte:<strong>&nbsp;Les mutilacions genitals i els matrimonis for\u00e7ats com noves formes de vulneracions dels drets de les dones a Catalunya<\/strong>\n<ul class=\"wp-block-list\">\n<li>Entitat finan\u00e7adora: Departamento de Interior, Relaciones Institucionales y Participaci\u00f3n. Oficina de Promoci\u00f3n de los Derechos Humanos<\/li>\n\n\n\n<li>Per\u00edode: 2010-2011<\/li>\n<\/ul>\n<\/li>\n\n\n\n<li>T\u00edtol del projecte:&nbsp;<strong>L\u2019acc\u00e9s a la just\u00edcia i la llei 5\/2008 del dret de les dones a eradicar la viol\u00e8ncia masclista: l\u2019impacte en la xarxa d\u2019atenci\u00f3 i recuperaci\u00f3 integral per a les dones que pateixen viol\u00e8ncia en les seves relacions de (ex)parella<\/strong>\n<ul class=\"wp-block-list\">\n<li>Entitat finan\u00e7adora: Institut Catal\u00e0 de les Dones<\/li>\n\n\n\n<li>Per\u00edode: 2010-2011<\/li>\n<\/ul>\n<\/li>\n\n\n\n<li>T\u00edtol del projecte:&nbsp;<strong>VIII y IX Jornadas de Mujeres y Derecho en el marco de la celebraci\u00f3n del 8 de marzo. D\u00eda Internacional de la Dona<\/strong>\n<ul class=\"wp-block-list\">\n<li>Entitat finan\u00e7adora: Institut Catal\u00e0 de les Dones (ICD)<\/li>\n\n\n\n<li>Per\u00edode: 2010-2011<\/li>\n<\/ul>\n<\/li>\n\n\n\n<li>T\u00edtol del projecte:&nbsp;<strong>Anuario de los derechos humanos de las mujeres<\/strong><br>Entitat finan\u00e7adora: Departament d\u2019Interior, Relacions Institucionals i Participaci\u00f3. Oficina de Promoci\u00f3 dels Drets Humans<br>Per\u00edode: 2010<\/li>\n\n\n\n<li>T\u00edtol del projecte:<strong>&nbsp;Els drets de les dones en les pol\u00edtiques p\u00fabliques catalanes. Noves definicions jur\u00eddiques dels drets de les dones<\/strong><br>Entitat finan\u00e7adora: Institut Catal\u00e0 de les Dones (ICD)<br>Per\u00edode: 2008-2009<\/li>\n\n\n\n<li>T\u00edtol del projecte:<strong>&nbsp;An\u00e1lisis sobre los derechos de las mujeres. Actividades en marco de la celebraci\u00f3n del 8 de marzo<\/strong><br>Entitat finan\u00e7adora: Institut Catal\u00e0 de les Dones (ICD)<br>Per\u00edode: 2008-2009<\/li>\n\n\n\n<li>T\u00edtol del projecte:&nbsp;<strong>VI i VII Jornades de Dones i Dret en el marc de la celebraci\u00f3 del 8 de mar\u00e7. Dia Internacional de la Dona<\/strong><br>Entitat finan\u00e7adora: Institut Catal\u00e0 de les Dones (ICD)<br>Per\u00edode: 2008-2009<\/li>\n\n\n\n<li>T\u00edtol del projecte:&nbsp;<strong>Estudi comparatiu de la legislaci\u00f3 en mat\u00e8ria d\u2019igualtat i desenvolupament dels drets de les dones<\/strong><br>Entitat finan\u00e7adora: Institut Catal\u00e0 de les Dones (ICD)<br>Per\u00edode: 2006<\/li>\n\n\n\n<li>T\u00edtol del projecte:<strong>&nbsp;Centre virtual d\u2019observaci\u00f3, recursos i iniciatives sobre dones i drets. Centre Ant\u00edgona<\/strong><br>Entitat finan\u00e7adora: Institut Catal\u00e0 de les Dones (ICD)<br>Per\u00edode: 2006-2007<\/li>\n<\/ul>\n","protected":false},"excerpt":{"rendered":"","protected":false},"author":1385,"featured_media":0,"parent":0,"menu_order":0,"comment_status":"closed","ping_status":"closed","template":"","meta":{"footnotes":""},"class_list":["post-53","page","type-page","status-publish","hentry"],"_links":{"self":[{"href":"https:\/\/webs.uab.cat\/antigona\/wp-json\/wp\/v2\/pages\/53","targetHints":{"allow":["GET"]}}],"collection":[{"href":"https:\/\/webs.uab.cat\/antigona\/wp-json\/wp\/v2\/pages"}],"about":[{"href":"https:\/\/webs.uab.cat\/antigona\/wp-json\/wp\/v2\/types\/page"}],"author":[{"embeddable":true,"href":"https:\/\/webs.uab.cat\/antigona\/wp-json\/wp\/v2\/users\/1385"}],"replies":[{"embeddable":true,"href":"https:\/\/webs.uab.cat\/antigona\/wp-json\/wp\/v2\/comments?post=53"}],"version-history":[{"count":9,"href":"https:\/\/webs.uab.cat\/antigona\/wp-json\/wp\/v2\/pages\/53\/revisions"}],"predecessor-version":[{"id":274,"href":"https:\/\/webs.uab.cat\/antigona\/wp-json\/wp\/v2\/pages\/53\/revisions\/274"}],"wp:attachment":[{"href":"https:\/\/webs.uab.cat\/antigona\/wp-json\/wp\/v2\/media?parent=53"}],"curies":[{"name":"wp","href":"https:\/\/api.w.org\/{rel}","templated":true}]}}