{"id":56,"date":"2025-01-15T13:32:06","date_gmt":"2025-01-15T11:32:06","guid":{"rendered":"https:\/\/webs.uab.cat\/antigona\/?page_id=56"},"modified":"2025-12-12T12:57:59","modified_gmt":"2025-12-12T10:57:59","slug":"contractes-convenis-no-competitius","status":"publish","type":"page","link":"https:\/\/webs.uab.cat\/antigona\/contractes-convenis-no-competitius\/","title":{"rendered":"Contractes\/convenis no competitius"},"content":{"rendered":"\n<p>T\u00edtulo del proyecto: <strong>Estudi situaci\u00f3 actual discursos d&#8217;odi a Catalunya i Europa<\/strong><\/p>\n\n\n\n<ul class=\"wp-block-list\">\n<li>Entidad financiadora: Direcci\u00f3 General de Promoci\u00f3 i Defensa dels Drets Humans, Departament d&#8217;Igualtat i Feminisme, Generalitat de Catalunya<\/li>\n\n\n\n<li>Referencia de la concesi\u00f3n: IF-2025-51<\/li>\n\n\n\n<li>Diraci\u00f3n: 2025<\/li>\n\n\n\n<li>Importe concedido:<\/li>\n\n\n\n<li>Investigadora principal: Noelia Igareda Gonz\u00e1lez<\/li>\n\n\n\n<li>Equipo de Investigaci\u00f3n: Dra. Maria Barcons Campmaj\u00f3 (UAB); Dra. Noelia Igareda Gonz\u00e1lez (UAB)<\/li>\n<\/ul>\n\n\n\n<p>T\u00edtol del contracte: <strong>Explicaci\u00f3n sobre los marcos legales y jur\u00eddicos que sea de utilidad para las 20 organizaciones beneficiarias del proyecto SEE Change en el estado espa\u00f1ol<\/strong><\/p>\n\n\n\n<ul class=\"wp-block-list\">\n<li>Empresa\/administraci\u00f3 finan\u00e7adora: Calala Fondo de Mujeres<\/li>\n\n\n\n<li>Pa\u00eds: Espanya<\/li>\n\n\n\n<li>Durada: des de 07\/01\/2025 fins a 31\/03\/2025<\/li>\n\n\n\n<li>Investigador responsable: Dra. Maria Barcons Campmaj\u00f3<\/li>\n<\/ul>\n\n\n\n<p>T\u00edtol del projecte:&nbsp;<strong>Estudi sobre l\u2019abordatge europeu de les viol\u00e8ncies masclistes contra les dones: intervencions i respostes des de l\u2019\u00e0mbit local<\/strong><\/p>\n\n\n\n<ul class=\"wp-block-list\">\n<li>Refer\u00e8ncia: 2020\/0017795<\/li>\n<\/ul>\n\n\n\n<ul class=\"wp-block-list\">\n<li>Entitat finan\u00e7adora: Oficina de les Dones i LGTBI de la Diputaci\u00f3 de Barcelona<\/li>\n\n\n\n<li>Per\u00edode: 2020-2021<\/li>\n\n\n\n<li>Investigadora principal: Dra. Encarna Bodel\u00f3n Gonz\u00e1lez<\/li>\n\n\n\n<li>Equip investigador: Dra. Encarna Bodel\u00f3n Gonz\u00e1lez (IP), Dra. Maria Barcons Campmaj\u00f3 (UAB), Dra. Gl\u00f2ria Casas Vila (Universit\u00e9 de Toulouse Jean Jaur\u00e8s \u2013 Fran\u00e7a), Dra. Patrizia Romito (Universit\u00e0 di Trieste \u2013 It\u00e0lia), Moa Bladini (University of Gothenburg \u2013 Su\u00e8cia).<\/li>\n<\/ul>\n\n\n\n<p>T\u00edtol del projecte:&nbsp;<strong><a href=\"https:\/\/ddd.uab.cat\/record\/219734\">An\u00e0lisi jur\u00eddica de les ordres de protecci\u00f3 a Catalunya des d\u2019una perspectiva de g\u00e8nere<\/a><\/strong><\/p>\n\n\n\n<ul class=\"wp-block-list\">\n<li>Entitat finan\u00e7adora: Observatori Catal\u00e0 de la Just\u00edcia en Viol\u00e8ncia Masclista, Departament de Just\u00edcia. Generalitat de Catalunya<\/li>\n\n\n\n<li>Per\u00edode: 2019<\/li>\n\n\n\n<li>Equip investigador: Dra. Encarna Bodel\u00f3n Gonz\u00e1lez (IP), Dra. Maria Barcons Campmaj\u00f3, Luc\u00eda Ortiz Amaro, Ariana Pisonero, Esther Murillo, Mar\u00eda Naredo.<\/li>\n<\/ul>\n\n\n\n<p>T\u00edtol del projecte:&nbsp;<strong><a href=\"https:\/\/ddd.uab.cat\/record\/226904\">Ordres de protecci\u00f3 i drets de les dones que han patit viol\u00e8ncia de g\u00e8nere: obstacles per a una efectiva protecci\u00f3<\/a><\/strong><\/p>\n\n\n\n<ul class=\"wp-block-list\">\n<li>Entitat finan\u00e7adora: Institut Catal\u00e0 de les Dones (ICD) de la Generalitat de Catalunya<\/li>\n\n\n\n<li>Per\u00edode: 2019<\/li>\n\n\n\n<li>Equip investigador: Dra. Encarna Bodel\u00f3n Gonz\u00e1lez (IP), Dra. Maria Barcons Campmaj\u00f3, Luc\u00eda Ortiz Amaro, Ariana Pisonero, Esther Murillo.<\/li>\n<\/ul>\n\n\n\n<p>T\u00edtol del projecte:&nbsp;<strong><a href=\"https:\/\/ddd.uab.cat\/record\/249630\">Guia dels Drets de les Dones treballadores de la llar i de les cures<\/a><\/strong><\/p>\n\n\n\n<ul class=\"wp-block-list\">\n<li>Entitat finan\u00e7adora: Departament de Treball, Afers Socials i Fam\u00edlies de la Generalitat de Catalunya<\/li>\n\n\n\n<li>Per\u00edode: 2019<\/li>\n\n\n\n<li>Equip investigador: Dra. Noelia Igareda Gonz\u00e1lez (IP), Dra. Olga Paz Torres, Dra. Maria Barcons Campmaj\u00f3, Dra. Roc\u00edo Medina Mart\u00edn.<\/li>\n<\/ul>\n\n\n\n<p>T\u00edtol del projecte:&nbsp;<strong><a href=\"https:\/\/ddd.uab.cat\/record\/233750\">Ciberviol\u00e8ncies masclistes<\/a><\/strong><\/p>\n\n\n\n<ul class=\"wp-block-list\">\n<li>Entitat finan\u00e7adora: Institut Catal\u00e0 de les Dones (ICD) de la Generalitat de Catalunya<\/li>\n\n\n\n<li>Per\u00edode: 2019<\/li>\n\n\n\n<li>Equip investigador: Dra. Noelia Igareda Gonz\u00e1lez (IP), Dra. Olga Paz Torres, Adri\u00e1n Pascale, DonesTech.<\/li>\n<\/ul>\n\n\n\n<p>T\u00edtol del projecte:&nbsp;<strong><a href=\"https:\/\/ddd.uab.cat\/record\/218654\">Las violencias sexuales en el Estado espa\u00f1ol: marco jur\u00eddico y an\u00e1lisis jurisprudencial<\/a><\/strong><\/p>\n\n\n\n<ul class=\"wp-block-list\">\n<li>Entitat finan\u00e7adora: Creaci\u00f3n Positiva<\/li>\n\n\n\n<li>Per\u00edode: 2018<\/li>\n\n\n\n<li>Equip investigador: Dra. Encarna Bodel\u00f3n Gonz\u00e1lez (IP), Maria Barcons Campmaj\u00f3, Jimena Mart\u00ednez Berruete, Ariana Pisonero, Esther Murillo, Patsil\u00ed Toledo V\u00e1squez.<\/li>\n<\/ul>\n\n\n\n<p>T\u00edtol del projecte:&nbsp;<strong><a href=\"https:\/\/ddd.uab.cat\/record\/232633\">L\u2019estat de la q\u00fcesti\u00f3 dels drets sexuals i reproductius a Catalunya i la seva relaci\u00f3 amb les pol\u00edtiques p\u00fabliques catalanes<\/a><\/strong><\/p>\n\n\n\n<ul class=\"wp-block-list\">\n<li>Entitat finan\u00e7adora: Creaci\u00f3n Positiva<\/li>\n\n\n\n<li>Per\u00edode: 2018<\/li>\n\n\n\n<li>Equip investigador: Dra. Encarna Bodel\u00f3n Gonz\u00e1lez i Dra. Noelia Igareda Gonz\u00e1lez.<\/li>\n<\/ul>\n\n\n\n<p>T\u00edtol del projecte:&nbsp;<strong>Reglament municipal per a la igualtat de g\u00e8nere de l\u2019Ajuntament de Matar\u00f3<\/strong><\/p>\n\n\n\n<ul class=\"wp-block-list\">\n<li>Entitat finan\u00e7adora: Ajuntament de Matar\u00f3<\/li>\n\n\n\n<li>Per\u00edode: 2018<\/li>\n\n\n\n<li>Equip investigador: Dra. Encarna Bodel\u00f3n Gonz\u00e1lez i Dra. Noelia Igareda Gonz\u00e1lez.<\/li>\n<\/ul>\n\n\n\n<p>T\u00edtol del projecte:&nbsp;<strong>Estudi sobre la incorporaci\u00f3 de la transversalitat de g\u00e8nere en els districtes de la ciutat de Barcelona<\/strong><\/p>\n\n\n\n<ul class=\"wp-block-list\">\n<li>Entitat finan\u00e7adora: Ajuntament de Barcelona<\/li>\n\n\n\n<li>Per\u00edode: 2016-2017<\/li>\n\n\n\n<li>Equip investigador: Dra. Noelia Igareda Gonz\u00e1lez (IP) i Neus Tur Bujosa.<\/li>\n<\/ul>\n\n\n\n<p>T\u00edtol del projecte:&nbsp;<a href=\"https:\/\/ddd.uab.cat\/record\/190127?ln=ca\"><strong>Estudi sobre la situaci\u00f3 dels matrimonis for\u00e7ats a la ciutat de Barcelona<\/strong><\/a><\/p>\n\n\n\n<ul class=\"wp-block-list\">\n<li>Entitat finan\u00e7adora: Ajuntament de Barcelona<\/li>\n\n\n\n<li>Per\u00edode: 2015-2016<\/li>\n\n\n\n<li>Equip investigador: Dra. Noelia Igareda Gonz\u00e1lez (IP) i Maria Barcons Campmaj\u00f3.<\/li>\n<\/ul>\n\n\n\n<p>T\u00edtol del projecte:&nbsp;<a href=\"http:\/\/ajuntament.barcelona.cat\/dretssocials\/sites\/default\/files\/arxius-documents\/estudi-juridic-antigona.pdf\"><strong>An\u00e0lisi de la normativa europea, estatal, auton\u00f2mica i local de la prostituci\u00f3: Implicacions per a l\u2019exercici de la prostituci\u00f3 a la ciutat de Barcelona<\/strong><\/a><\/p>\n\n\n\n<ul class=\"wp-block-list\">\n<li>Entitat finan\u00e7adora: Ajuntament de Barcelona<\/li>\n\n\n\n<li>Per\u00edode: 2014<\/li>\n\n\n\n<li>Equip investigador: Dra. Encarna Bodel\u00f3n Gonz\u00e1lez (IP), Dra. Patsil\u00ed Toledo V\u00e1squez, Neus Tur Bujosa.<\/li>\n<\/ul>\n\n\n\n<p>T\u00edtol del projecte:&nbsp;<strong><a href=\"https:\/\/www.poderjudicial.es\/cgpj\/es\/Temas\/Igualdad-de-Genero\/Estadisticas--estudios-e-informes\/Estudios\/Valoracion-de-las-medidas-de-conciliacion-de-la-vida-familiar-y-personal-y-la-vida-laboral-segun-la-regulacion-de-la-Ley-Organica-3-2007-para-la-igualdad-efectiva-de-mujeres-y-hombres\">Valoraci\u00f3n de las medidas de conciliaci\u00f3n de la vida familiar y personal seg\u00fan la relaci\u00f3n de la Ley Org\u00e1nica 3\/2007 para la igualdad efectiva de mujeres y hombres<\/a><\/strong><\/p>\n\n\n\n<ul class=\"wp-block-list\">\n<li>Entitat finan\u00e7adora: Consejo General del Poder Judicial (CGPJ)<\/li>\n\n\n\n<li>Per\u00edode: 2016<\/li>\n<\/ul>\n\n\n\n<p>T\u00edtol del projecte:&nbsp;<strong><a href=\"http:\/\/www.poderjudicial.es\/cgpj\/es\/Temas\/Igualdad-de-Genero\/Estadisticas--estudios-e-informes\/Estudios\/Acoso-sexual-y-acoso-por-razon-de-sexo--actuacion-de-las-administraciones-publicas-y-de-las-empresas\">Acoso sexual y acoso por raz\u00f3n de sexo: actuaci\u00f3n de las administraciones p\u00fablicas y de las empresas<\/a><\/strong>&nbsp;(versi\u00f3 en&nbsp;<a href=\"http:\/\/www.poderjudicial.es\/cgpj\/es\/Temas\/Igualdad-de-Genero\/Estadisticas--estudios-e-informes\/Estudios\/Acoso-sexual-y-acoso-por-razon-de-sexo--actuacion-de-las-administraciones-publicas-y-de-las-empresas\"><strong>catal\u00e0<\/strong><\/a>)<\/p>\n\n\n\n<ul class=\"wp-block-list\">\n<li>Entitat finan\u00e7adora: Consejo General del Poder Judicial (CGPJ)<\/li>\n\n\n\n<li>Per\u00edode: 2013<\/li>\n<\/ul>\n\n\n\n<p>T\u00edtol del projecte:&nbsp;<strong><a href=\"https:\/\/www.poderjudicial.es\/cgpj\/es\/Temas\/Igualdad-de-Genero\/Estadisticas--estudios-e-informes\/Estudios\/Estudio-sobre-la-aplicacion-de-la-Ley-Organica-3-2007--de-22-de-marzo--para-la-igualdad-efectiva-de-mujeres-y-hombres\">Estudio sobre la aplicaci\u00f3n de la ley org\u00e1nica 3\/2007, de 22 de marzo, para la igualdad efectiva de mujeres y hombres<\/a><\/strong><\/p>\n\n\n\n<ul class=\"wp-block-list\">\n<li>Entitat finan\u00e7adora: Consejo General del Poder Judicial (CGPJ)<\/li>\n\n\n\n<li>Per\u00edode: 2011<\/li>\n<\/ul>\n\n\n\n<p>T\u00edtol del projecte:&nbsp;<strong>Disseny, implementaci\u00f3 i avaluaci\u00f3 a l\u2019Ajuntament de Terrassa del Pla de pol\u00edtiques transversals de g\u00e8nere<\/strong><\/p>\n\n\n\n<ul class=\"wp-block-list\">\n<li>Entitat finan\u00e7adora: Ajuntament de Terrassa<\/li>\n\n\n\n<li>Per\u00edode: 2007-2008<\/li>\n<\/ul>\n\n\n\n<p>T\u00edtol del projecte:&nbsp;<strong>An\u00e0lisi del marc legislatiu i compet\u00e8ncia de les pol\u00edtiques de g\u00e8nere en l\u2019\u00e0mbit local i realitzar propostes de futur<\/strong><\/p>\n\n\n\n<ul class=\"wp-block-list\">\n<li>Entitat finan\u00e7adora: Diputaci\u00f3 de Barcelona. \u00c0rea d\u2019Igualtat i Ciutadania<\/li>\n\n\n\n<li>Per\u00edode: 2005-2006<\/li>\n<\/ul>\n","protected":false},"excerpt":{"rendered":"<p>T\u00edtulo del proyecto: Estudi situaci\u00f3 actual discursos d&#8217;odi a Catalunya i Europa T\u00edtol del contracte: Explicaci\u00f3n sobre los marcos legales y jur\u00eddicos que sea de utilidad para las 20 organizaciones beneficiarias del proyecto SEE Change en el estado espa\u00f1ol T\u00edtol del projecte:&nbsp;Estudi sobre l\u2019abordatge europeu de les viol\u00e8ncies masclistes contra les dones: intervencions i respostes [&hellip;]<\/p>\n","protected":false},"author":1385,"featured_media":0,"parent":0,"menu_order":0,"comment_status":"closed","ping_status":"closed","template":"","meta":{"footnotes":""},"class_list":["post-56","page","type-page","status-publish","hentry"],"_links":{"self":[{"href":"https:\/\/webs.uab.cat\/antigona\/wp-json\/wp\/v2\/pages\/56","targetHints":{"allow":["GET"]}}],"collection":[{"href":"https:\/\/webs.uab.cat\/antigona\/wp-json\/wp\/v2\/pages"}],"about":[{"href":"https:\/\/webs.uab.cat\/antigona\/wp-json\/wp\/v2\/types\/page"}],"author":[{"embeddable":true,"href":"https:\/\/webs.uab.cat\/antigona\/wp-json\/wp\/v2\/users\/1385"}],"replies":[{"embeddable":true,"href":"https:\/\/webs.uab.cat\/antigona\/wp-json\/wp\/v2\/comments?post=56"}],"version-history":[{"count":3,"href":"https:\/\/webs.uab.cat\/antigona\/wp-json\/wp\/v2\/pages\/56\/revisions"}],"predecessor-version":[{"id":411,"href":"https:\/\/webs.uab.cat\/antigona\/wp-json\/wp\/v2\/pages\/56\/revisions\/411"}],"wp:attachment":[{"href":"https:\/\/webs.uab.cat\/antigona\/wp-json\/wp\/v2\/media?parent=56"}],"curies":[{"name":"wp","href":"https:\/\/api.w.org\/{rel}","templated":true}]}}