{"id":67,"date":"2025-01-15T13:34:45","date_gmt":"2025-01-15T11:34:45","guid":{"rendered":"https:\/\/webs.uab.cat\/antigona\/?page_id=67"},"modified":"2025-12-12T13:02:14","modified_gmt":"2025-12-12T11:02:14","slug":"capitols-de-llibre","status":"publish","type":"page","link":"https:\/\/webs.uab.cat\/antigona\/capitols-de-llibre\/","title":{"rendered":"Cap\u00edtols de llibre"},"content":{"rendered":"\n<ul class=\"wp-block-list\">\n<li>Garrido Gait\u00e1n, Elena. (2025). <em>Comprensi\u00f3 i identificaci\u00f3 de les viol\u00e8ncies masclistes. Aspectes victimol\u00f2gics desde la vessant psicol\u00f2gica<\/em>. En <em>Mediaci\u00f3 i G\u00e8nere<\/em>. <a href=\"https:\/\/ddd.uab.cat\/record\/311825\">https:\/\/ddd.uab.cat\/record\/311825<\/a><\/li>\n\n\n\n<li>Igareda Gonz\u00e1lez, Noelia. (2025). Las leyes de igualdad de trato versus las leyes de igualdad. El ejemplo de la Ley 15\/2022. En Alazne Irigoien, Juana Goizueta y Maggy Barr\u00e8re (directoras), <em>La Ley 15\/2022, de 12 de julio, integral para la igualdad de trato y la no discriminaci\u00f3n<\/em> (pp. 27\u201338). Dykinson.<\/li>\n\n\n\n<li>Igareda Gonz\u00e1lez, Noelia. (2025). El derecho a la reproducci\u00f3n y el papel del Estado. En Estefan\u00eda Izrael, Laia Forn\u00e9 y Miquel Miss\u00e9 (editores), <em>El precio de la reproducci\u00f3n<\/em> (pp. 61\u201372). Bellaterra Edicions.<\/li>\n\n\n\n<li>Igareda Gonz\u00e1lez, Noelia. (2025). La ciberviolencia de g\u00e9nero en Espa\u00f1a: l\u00edmites y oportunidades de la respuesta legal a un fen\u00f3meno global. En Angela Di Stasi y Rosario Espinosa Calabuig (editoras), <em>Ciberviolencia de g\u00e9nero y nuevas \u201cfronteras\u201d normativas y jurisprudenciales: la Directiva UE 2024\/1385<\/em> (pp. 477\u2013500). Editorial Cient\u00edfica.<\/li>\n\n\n\n<li>Igareda Gonz\u00e1lez, Noelia. (2025). Las experiencias de las v\u00edctimas de ciberviolencia de g\u00e9nero y la respuesta del Derecho. En Miguel \u00c1ngel S\u00e1nchez Huete (editor), <em>Conectadas y desiguales: la brecha de g\u00e9nero en la era digital<\/em> (pp. 345\u2013360). Reus.<\/li>\n\n\n\n<li>Gonz\u00e1lez Prado, Patricia. (2025). Violencias patriarcales e interseccionalidad. Debates pendientes para la comprensi\u00f3n del tiempo presente. En Yolanda Doig D\u00edaz e Isabel Tur\u00e9gano Mansilla (editoras), <em>Crisis y retos de la justicia. Entre la eficiencia y la inclusi\u00f3n<\/em> (pp. 267\u2013306). Tirant lo Blanch.<\/li>\n\n\n\n<li>Monllor Taltavull, B\u00e1rbara. (2025). Visibilidad y representatividad de las personas no binarias: la importancia de la SUP-REC-0277\/2020 para la efectiva aplicaci\u00f3n del principio de igualdad. En Irene Spigo, Luis Efr\u00e9n Rius y Yessica Esquivel Alonso, <em>Estudios de casos l\u00edderes nacionales. Vol. XXX. El sistema electoral mexicano a discusi\u00f3n<\/em>. Tirant lo Blanch.<\/li>\n\n\n\n<li>Puig Hern\u00e1ndez, Marc-Abraham. (2025). El derecho, en dos niveles: con reglas y principios. En Montse Sol\u00e9 Truyols (editora), <em>Innovaci\u00f3n en la ense\u00f1anza y el aprendizaje del derecho: Entre la tradici\u00f3n dogm\u00e1tica y los desaf\u00edos del siglo XXI<\/em> (pp. 187\u2013208). Colex.<\/li>\n\n\n\n<li>Puig Hern\u00e1ndez, Marc-Abraham. (2025). La dignidad humana y la singularidad de la IA. En N\u00faria Reynal Querol, Francisco Ramos Romeu, Arantza Libano Beristain, Consuelo Ruiz de la Fuente y Santiago Orriols Garc\u00eda (coordinadores), <em>De la ejecuci\u00f3n a la historia del Derecho Procesal y de sus protagonistas. Libro V: Liber Amicorum en homenaje al Profesor Manuel-Jes\u00fas Cach\u00f3n Cadenas<\/em> (pp. 479\u2013493). Atelier.<\/li>\n\n\n\n<li>Barcons Campmaj\u00f3, Maria. (2025). La ciberviolencia de g\u00e9nero: novedades legislativas. En Tania Garc\u00eda Sedano, Samara de las Heras Aguilera y Elena Laporta Hern\u00e1ndez (directoras y coordinadoras), <em>De la violencia de g\u00e9nero a las violencias contra las mujeres por raz\u00f3n de g\u00e9nero. 20 a\u00f1os de Ley Org\u00e1nica 1\/2004<\/em> (pp. 163\u2013187). Colex.<\/li>\n\n\n\n<li>Vasilescu, Cristina, &amp; Barcons Campmaj\u00f3, Maria. (2025). La criminalizaci\u00f3n de la prostituci\u00f3n en Espa\u00f1a y las consecuencias para las trabajadoras sexuales. En Cristina Fern\u00e1ndez Bessa (directora), <em>Criminolog\u00eda p\u00fablica y feminismos no punitivos. Violencia sexual, g\u00e9nero y castigo<\/em> (pp. 69\u201390). Tirant lo Blanch.<\/li>\n\n\n\n<li>Ballesta Mart\u00ed, L\u00eddia, &amp; Barcons Campmaj\u00f3, Maria. (2025). La transversalidad de g\u00e9nero en la docencia del Derecho: fundamentos, desaf\u00edos y propuestas de innovaci\u00f3n docente. En Zuley Fern\u00e1ndez Caballero y Santiago Robert Guill\u00e9n (directores), <em>Innovaci\u00f3n en la ense\u00f1anza y el aprendizaje del Derecho: Entre la tradici\u00f3n dogm\u00e1tica y los desaf\u00edos del siglo XXI<\/em> (pp. 232\u2013245). Colex.<\/li>\n\n\n\n<li>Monllor Taltavull, B\u00e1rbara. (2024). La identidad de g\u00e9nero de las personas no binarias: implicaciones conceptuales y protecci\u00f3n del derecho al libre desarrollo de la personalidad. En Carla Romero \u00c1lvarez (coordinadora), <em>Retos actuales de la filosof\u00eda del derecho. Especial atenci\u00f3n a la inteligencia artificial<\/em>. Editorial Reus.<\/li>\n\n\n\n<li>Barcons Campmaj\u00f3, Maria. (2024). La ciberviolencia de g\u00e9nero: un nuevo \u00e1mbito de violencia contra las mujeres y las ni\u00f1as. En Carla Romero \u00c1lvarez (coordinadora), <em>Retos actuales de la Filosof\u00eda del Derecho. Especial atenci\u00f3n a la Inteligencia Artificial<\/em> (pp. 145\u2013157). Editorial Reus.<\/li>\n\n\n\n<li>Medina Mart\u00edn, Roc\u00edo. (2024). La pandemia como oportunidad pol\u00edtica para abolicionismo punitivista. En Cecilia Varela y Deborah Daich (coordinadoras), <em>Feminismos y Pol\u00edticas Antitrata. Perspectivas comparadas<\/em> (pp. 135\u2013164). Biblos.<\/li>\n\n\n\n<li>Medina Mart\u00edn, Roc\u00edo. (2023). Abordajes introductorios para una epistemolog\u00eda feminista interseccional. En Marta Erika P\u00e9rez Dom\u00ednguez, Pilar God\u00ednez Mej\u00eda y Miguel \u00c1ngel Ram\u00edrez Zaragoza (coordinadores), <em>Los feminismos en M\u00e9xico. Reflexiones anal\u00edticas sobre su potencia hist\u00f3rica y pol\u00edtica<\/em> (pp. 125\u2013137). Universidad Nacional Aut\u00f3noma de M\u00e9xico.<\/li>\n\n\n\n<li>Medina Mart\u00edn, Roc\u00edo. (2023). Trabajo sexual, Derecho penal e Interseccionalidad: La paulatina conversi\u00f3n de \u201cv\u00edctimas\u201d en victimarias. En Victoria Fraga Utges y Gisela Santangelo (coordinadoras), <em>Violencias sexuales, g\u00e9nero y sistema penal. Miradas actuales sobre problemas estructurales (Segunda parte)<\/em> (pp. 273\u2013294). Ediciones del Sur.<\/li>\n\n\n\n<li>\u00a0Gonz\u00e1lez Prado, Patricia. (2021). Autonom\u00eda, g\u00e9nero y derecho: lo que la pretensi\u00f3n jur\u00eddica de neutralidad esconde. En Liliana Ronconi y Mar\u00eda de los \u00c1ngeles Ramallo (editoras), <em>G\u00e9nero y Derecho P\u00fablico Local<\/em>. Editorial La Ley \u2013 Thomson Reuters.<\/li>\n\n\n\n<li>Gonz\u00e1lez Prado, Patricia. (2021). Manifiesto Legal Feminista Postmoderno: Las contribuciones de Mary Joe Frug. En Malena Costa Wegsman y Romina Lerussi (editoras), <em>Feminismos jur\u00eddicos: Interpelaciones y debates<\/em> (pp. 155\u2013166).<\/li>\n\n\n\n<li>Puig Hern\u00e1ndez, Marc-Abraham. (2021). El empleo de \u00abTEAMS\u00bb en la docencia de Teor\u00eda del Derecho. En Eduardo Vendrell Vidal, Virginia Vega Carrero, Juan Carlos Cano Escrib\u00e1 y Jos\u00e9 P. Garc\u00eda-Sabater (editores), <em>In-Red 2021. VII Congreso nacional de innovaci\u00f3n educativa y docencia en red<\/em>. Universitat Polit\u00e8cnica de Val\u00e8ncia.<\/li>\n\n\n\n<li>Puig Hern\u00e1ndez, Marc-Abraham. (2021). La relaci\u00f3n entre compensaci\u00f3n, precio y altruismo en la donaci\u00f3n de gametos. En Maria Casado y Manuel Jes\u00fas L\u00f3pez Baroni (coordinadores), <em>El Convenio de Oviedo cumple veinte a\u00f1os<\/em>. Edicions de la Universitat de Barcelona.<\/li>\n\n\n\n<li>\u00a0Puig Hern\u00e1ndez, Marc-Abraham. (2020). La raz\u00f3n p\u00fablica en el ejercicio de la libertad de conciencia. En Joan Lara Amat y Le\u00f3n (editor), <em>La ciudadan\u00eda y lo pol\u00edtico. Ciudadan\u00eda y crisis de la democracia liberal en un mundo en transformaci\u00f3n<\/em>. ONPE; Universidad Nacional Mayor de San Marcos.<\/li>\n\n\n\n<li>\u00a0Medina Mart\u00edn, Roc\u00edo. (2019). Las fronteras pol\u00edticas del sexo, g\u00e9nero como variable \u00fanica de an\u00e1lisis metodol\u00f3gico: de la interseccionalidad a la fusi\u00f3n. En Losandro Antonio Tedeschi y Karina Bidaseca (coordinadores), <em>Fronteiras de g\u00eanero: Corpos, feminismos e historia das mulheres<\/em> (pp. 245\u2013260). C\u00e1tedra UNESCO \/ UEPG \/ UFGD.<\/li>\n\n\n\n<li>Medina Mart\u00edn, Roc\u00edo. (2019). Aplicaciones metodol\u00f3gicas en feminismos y de(s)colonialidad. En <em>Otras formas de (des)aprender: Investigaci\u00f3n feminista en tiempos de violencia, resistencias y decolonialidad<\/em> (pp. 111\u2013128). Universidad del Pa\u00eds Vasco \/ HEGOA \/ SIMREF.<\/li>\n\n\n\n<li>Medina Mart\u00edn, Roc\u00edo. (2016). Experiencias e identidades colectivas en las mujeres saharauis desde los feminismos descoloniales. En <em>Mujeres saharauis: Tres tuizas para la memoria de la resistencia<\/em> (pp. 51\u201372). Aconcagua Libros.<\/li>\n\n\n\n<li>Medina Mart\u00edn, Roc\u00edo. (2016). Agencia y mujeres saharauis refugiadas. En <em>Genealog\u00edas cr\u00edticas de la colonialidad en Am\u00e9rica Latina, \u00c1frica, Oriente<\/em> (pp. 125\u2013146). CLACSO \/ IDAES.<\/li>\n\n\n\n<li>Medina Mart\u00edn, Roc\u00edo. (2016). La tuiza como una ecolog\u00eda de saberes. En Roc\u00edo Medina Mart\u00edn (coordinadora), <em>Mujeres saharauis: Tres tuizas para la memoria de la resistencia<\/em> (pp. 15\u201320). Aconcagua Libros.<\/li>\n\n\n\n<li>\u00a0Garrido Gait\u00e1n, Elena. (2014). Din\u00e1micas familiares en casos de violencia familiar. En M. \u00c1. Soria Verde (Ed.), <em>Violencia y homicidios familiares<\/em>. Logos Verlag Berlin GmbH.<\/li>\n\n\n\n<li>Inchaurrondo, Alicia Mar\u00eda, Garrido Gait\u00e1n, Elena, &amp; Rodr\u00edguez Vega, Norma. (2014). Violencia: tolerancia cero: Gu\u00eda pr\u00e1ctica para la prevenci\u00f3n de la violencia en secundaria. En Alicia Mateos Inchaurrondo (Ed.), <em>Violencia: tolerancia cero. Manual para el profesorado de secundaria<\/em>.<\/li>\n\n\n\n<li>Medina Mart\u00edn, Roc\u00edo. (2014). El devenir feminista de las mujeres saharauis en los campamentos de refugiados\/as en Tindouf (Argelia). En Roc\u00edo Medina Mart\u00edn y Ram\u00f3n Luis Soriano D\u00edaz (coordinadores), <em>Activismo acad\u00e9mico en la causa saharaui: Nuevas perspectivas cr\u00edticas en Derecho, Pol\u00edtica y Arte<\/em> (pp. 189\u2013216). Aconcagua.<\/li>\n\n\n\n<li>Medina Mart\u00edn, Roc\u00edo. (2014). Por un activismo acad\u00e9mico comprometido con la Justicia Social Global: el caso saharaui. En Roc\u00edo Medina Mart\u00edn y Ram\u00f3n Luis Soriano D\u00edaz (coordinadores), <em>Activismo acad\u00e9mico en la causa saharaui: Nuevas perspectivas cr\u00edticas en Derecho, Pol\u00edtica y Arte<\/em> (pp. 37\u201346). Aconcagua.<\/li>\n\n\n\n<li>\u00a0Garrido Gait\u00e1n, Elena. (2006). Din\u00e1micas familiares en los casos de violencia dom\u00e9stica. En M. \u00c1. Soria Verde (Ed.), <em>Violencia dom\u00e9stica. Manual para la prevenci\u00f3n, detecci\u00f3n y tratamiento de la violencia dom\u00e9stica<\/em> (pp. 201\u2013214). Eduforma.<\/li>\n\n\n\n<li>Garrido Gait\u00e1n, Elena, &amp; Florio, Valeria. (2006). L&#8217;esperienza operativa di un centro diagnostico e di intervento. En <em>Abusi sui minori: manuale investigativo<\/em>. Nuovo Studio Tecna.<\/li>\n\n\n\n<li>Igareda, Noelia (2025): \u201cLa ciberviolencia de g\u00e9nero como violencia de g\u00e9nero\u201d, en M\u00aa Jos\u00e9 Gonz\u00e1lez Ordov\u00e1s y Daniel Vila Vi\u00f1as (coord.):&nbsp;<em>Debates actuales en la Filosof\u00eda del Derecho y en la Sociolog\u00eda jur\u00eddica. Libro homenaje al profesor Manuel Calvo Garc\u00eda<\/em>, Tirant Lo Blanch, pp. 643-652.<\/li>\n\n\n\n<li>Igareda Gonz\u00e1lez, Noelia (2023): \u201cLos discursos de odio antig\u00e9nero en redes sociales como ciberviolencia de g\u00e9nero\u201d en Del Amo, Irene (editora<em>): Desmontar la casa del amo. Reflexiones y tensiones feministes sobre la ley, el Derecho y el proceso judicial,&nbsp;<\/em>Barcelona: Atelier,&nbsp;&nbsp;pp. 83-92.<\/li>\n\n\n\n<li>Igareda Gonz\u00e1lez, Noelia (2023): \u201cLas ciberviolencias de g\u00e9nero\u201d en Heim, Daniela (compiladora):&nbsp;<em>Injusticias de g\u00e9nero. Crueldades extremas<\/em>, Ciudad Aut\u00f3noma de Buenos Aires: Ediciones Didot, pp. 241-262.<\/li>\n\n\n\n<li>Igareda Gonz\u00e1lez, Noelia (2023): \u201cLos discursos de odio anti-g\u00e9nero en redes sociales\u201d en Luchessi, Lila y Heim, Daniela (editores):&nbsp;<em>Mil palabras para entender los discursos de odio<\/em>, Ciudad Aut\u00f3noma de Buenos Aires: Editores del Sur, pp. 76-79.<\/li>\n\n\n\n<li>Barcons Campmaj\u00f3, Maria (2025). \u201cLa ciberviolencia de g\u00e9nero: un nuevo \u00e1mbito de violencia contra las mujeres y las ni\u00f1as\u201d, En Milagros Otero,&nbsp;<em>Retos actuales de la Filosof\u00eda del Derecho. Especial atenci\u00f3n a la Inteligencia Artificial<\/em>. Editorial Reus.&nbsp;<em>(en prensa)<\/em><\/li>\n\n\n\n<li>Vasilescu, Cristina y Barcons, Maria (2025). La criminalizaci\u00f3n de la prostituci\u00f3n en Espa\u00f1a y las consecuencias para las trabajadoras sexuales. En Cristina Fern\u00e1ndez Bessa,&nbsp;<em>Criminolog\u00eda p\u00fablica y feminismos no punitivos. Violencia sexual, g\u00e9nero y castigo<\/em>. Tirant lo Blanch.&nbsp;<em>(en prensa).<\/em><\/li>\n\n\n\n<li>Igareda Gonz\u00e1lez, Noelia (2023). Las ciberviolencias de g\u00e9nero, en Daniela Heim (compiladora),&nbsp;<em>Injusticias de g\u00e9nero<\/em>. Ediciones Didot, pp. 241-262.<\/li>\n\n\n\n<li>Barcons Campmaj\u00f3, Maria (2023). Los matrimonios forzados, una violencia invisible contra las mujeres: marco normativo y pol\u00edticas p\u00fablicas en Espa\u00f1a y Catalu\u00f1a, en Daniela Heim (compiladora),&nbsp;<em>Injusticias de g\u00e9nero<\/em>. Ediciones Didot, pp. 263-292.<\/li>\n\n\n\n<li>Gonz\u00e1lez Prado, Patricia (2021). \u201cUn manifiesto jur\u00eddico feminista postmoderno\u201d en Costa Wegsman, Malena y Romina Lerussi, comp.&nbsp;<em>Feminismos jur\u00eddicos. Interpelaciones y debates<\/em>. Bogot\u00e1: Universidad de los Andes, Siglo del Hombre Editores. DOI:&nbsp;<a href=\"http:\/\/dx.doi.org\/10.15425\/2017.307\">http:\/\/dx.doi.org\/10.15425\/2017.307<\/a><\/li>\n\n\n\n<li>Igareda Gonz\u00e1lez, Noelia (2021). \u201cLa gestaci\u00f3n por sustituci\u00f3n o el cuerpo de las mujeres como espacio de lo il\u00edcito\u201d en Alberto Carrio Sampedro (ed.):&nbsp;<em>Gestaci\u00f3n por sustituci\u00f3n. An\u00e1lisis critico y propuestas de regulaci\u00f3n,<\/em>&nbsp;Barcelona: Marcial Pons, pp. 21-34.<\/li>\n\n\n\n<li>Bodel\u00f3n Gonz\u00e1lez, Encarna (2020). \u201cConfinadas. El control social de las mujeres durante la pandemia del Covid. Una visi\u00f3n feminista sobre el doble confinamiento de las mujeres\u201d, en I\u00f1aki Rivera Beiras (coord.),&nbsp;<em>PANDEMIA. Derechos Humanos, Sistema Penal y Control Social (en tiempos de coronavirus)<\/em>, Barcelona: Tirant lo Blanch, pp. 111-122.<\/li>\n\n\n\n<li>Igareda Gonz\u00e1lez, Noelia (2020). \u00abLa gestaci\u00f3n por sustituci\u00f3n: una investigaci\u00f3n sobre g\u00e9nero, derecho y reproducci\u00f3n humana\u00bb, en Espuny, M\u00aa Jes\u00fas et al. (coords.).&nbsp;<em>La investigaci\u00f3n en Derecho con perspectiva de g\u00e9nero<\/em>, Madrid:&nbsp;Dykinson, pp. 77-87.<\/li>\n\n\n\n<li>Barcons Campmaj\u00f3, Maria (2020). \u00abPerspectiva de g\u00e9nero e interseccionalidad en la investigaci\u00f3n sociojur\u00eddica\u00bb, en Espuny, M\u00aa Jes\u00fas et al. (coords.).&nbsp;<em>La investigaci\u00f3n en Derecho con perspectiva de g\u00e9nero<\/em>, Madrid:&nbsp;Dykinson, pp. 29-37.<\/li>\n\n\n\n<li>Paz Torres, Olga (2020). \u00abEl debate sobre las prostitutas y las casas de prostituci\u00f3n: una visi\u00f3n hist\u00f3ricojur\u00eddica\u00bb,&nbsp;en Espuny, M\u00aa Jes\u00fas et al. (coords.).&nbsp;<em>La investigaci\u00f3n en Derecho con perspectiva de g\u00e9nero<\/em>, Madrid:&nbsp;Dykinson, pp. 89-103.<\/li>\n\n\n\n<li>Iglesias-Luc\u00eda, Montserrat (2020). \u00abLa responsabilidad patrimonial de la administraci\u00f3n por falta de diligencia debida en los casos de violencia de g\u00e9nero en el \u00e1mbito de la pareja\u00bb,&nbsp;en Espuny, M\u00aa Jes\u00fas et al. (coords.).&nbsp;<em>La investigaci\u00f3n en Derecho con perspectiva de g\u00e9nero<\/em>, Madrid:&nbsp;Dykinson, pp. 141-157.<\/li>\n\n\n\n<li>Igareda Gonz\u00e1lez, Noelia (2018). \u201cLa gestaci\u00f3n por sustituci\u00f3n: g\u00e9nero, derecho y autonom\u00eda reproductiva\u201d en Garc\u00eda Manrique, Ricardo (ed.).&nbsp;<em>El cuerpo diseminado: estatuto, uso y disposici\u00f3n de los biomateriales humanos<\/em>, Madrid: Civitas, pp. 221-236.<\/li>\n\n\n\n<li>Bodel\u00f3n, Encarna (2017). \u201cFeminismo y procesos constituyentes\u201d en&nbsp;<em>Tierra de nadie. Perspectivas feministas sobre la independencia<\/em>, Barcelona: Pol\u00b7len Edicions.<\/li>\n\n\n\n<li>Igareda Gonz\u00e1lez, Noelia (2017). \u201cDerecho y prisi\u00f3n: el an\u00e1lisis desde la perspectiva de los derechos de las mujeres\u201d en Campoy, Ignacio (ed.).&nbsp;<em>Los derechos de los reclusos y la realidad de las c\u00e1rceles espa\u00f1olas. Perspectivas sociales, pol\u00edticas, jur\u00eddicas y filos\u00f3ficas<\/em>, Madrid: Dyckinson<\/li>\n\n\n\n<li>Igareda Gonz\u00e1lez, Noelia (2017). \u201cSubrogaci\u00f3n de la maternidad\u201d en R. Lucas Platero, Mar\u00eda Ros\u00f3n y Esther Ortega (eds.).&nbsp;<em>Barbarismos queer y otras esdr\u00fajulas<\/em>, Barcelona: Ediciones Bellaterra, pp. 396-402<\/li>\n\n\n\n<li>Barcons Campmaj\u00f3, Maria (2016). \u00abLegislaci\u00f3n y pol\u00edticas p\u00fablicas sobre matrimonios forzados en el Estado espa\u00f1ol\u00bb, en La Barbera, MariaCaterina y Cruells L\u00f3pez, Marta (coords.):&nbsp;<a href=\"http:\/\/www.cepc.gob.es\/publicaciones\/libros?IDP=2664\"><em>Igualdad de g\u00e9nero y no discriminaci\u00f3n en Espa\u00f1a: evoluci\u00f3n, problemas y perspectivas<\/em><\/a>. Madrid: Centro de Estudios Pol\u00edticos y Constitucionales. Ministerio de la Presidencia, pp. 425-451.<\/li>\n\n\n\n<li>Bodel\u00f3n, Encarna (2013). Otra lucha contra la impunidad: la protecci\u00f3n de los derechos de las mujeres que sufren violencia de genero, en&nbsp;<em>Derecho Penal, Constituci\u00f3n y derechos<\/em>, Barcelona: Bosch Editor.<\/li>\n\n\n\n<li>Igareda, Noelia (2013). Conciliaci\u00f3n y corresponsabilidad en los planes de igualdad en las empreses, en Bodel\u00f3n, Encarna y Igareda, Noelia (ed.) (2013).&nbsp;<em>Los planes de Igualdad en tiempos de crisis. Problemas de aplicaci\u00f3n y carencias conceptuales<\/em>, Madrid: Ed. Dykinson, pp. 159-178.<\/li>\n\n\n\n<li>Barcons, Maria y Bodel\u00f3n, Encarna (2013). Las insuficiencias de los planes de igualdad en las empresas: un estudio sobre algunos de los planes elaborados, en Bodel\u00f3n, Encarna y Igareda, Noelia (eds.).&nbsp;<em>Los planes de igualdad en tiempos de crisis. Problemas de aplicaci\u00f3n y carencias conceptuales<\/em>, Madrid: Dykinson, pp. 83-120.<\/li>\n\n\n\n<li>Puigpelat, Francesca (2013). Contra el anonimato de las donaciones en las t\u00e9cnicas de reproducci\u00f3n asistida, en&nbsp;<em>Bio\u00e9tica: Justicia y Vulnerabilidad<\/em>, C\u00e0noves i Samal\u00fas: Proteus Editorial, pp. 175-190.<\/li>\n\n\n\n<li>Bodel\u00f3n, Encarna (2012). \u00abLa custodia compartida desde un an\u00e1lisis de g\u00e9nero. Estrategias machistas para invisibilizar la violencia en las rupturas familiares, en&nbsp;<em>La custodia compartida a debate<\/em>, Madrid: Ed. Dykinson.<\/li>\n\n\n\n<li>Puigpelat, Francesca (2012). El anonimato de las donaciones en las t\u00e9cnicas de reproducci\u00f3n asistida: una soluci\u00f3n insatisfactoria desde una perspectiva feminista\u00bb<strong>,&nbsp;<\/strong>en&nbsp;<em>Sobre Bio\u00e9tica y G\u00e9nero,&nbsp;<\/em>Ed. Civitas.<\/li>\n\n\n\n<li>Bodel\u00f3n, Encarna (2011).&nbsp;<a href=\"http:\/\/www.feministasconstitucional.org\/sites\/default\/files\/CGPJ%20ESTUDIO%20APLICAC%20LEY%20IGUALDAD%20INFORME%20FINAL%20NOV2010.pdf\" target=\"_blank\" rel=\"noreferrer noopener\">Acoso por raz\u00f3n de sexo y acoso sexual<\/a>, en&nbsp;<em>Estudio sobre la aplicaci\u00f3n de la ley org\u00e1nica 3\/2007, de 22 de marzo, para la igualdad efectiva de mujeres y hombres<\/em>, Barcelona: Ed. Consejo General del Poder Judicial y Centre d\u2019Estudis Jur\u00eddics i Formaci\u00f3 Especialitzada de la Generalitat de Catalunya.<\/li>\n\n\n\n<li>Garrido, Lorena (2011). Los planes de igualdad en las empresas y su desarrollo en momentos de crisis, en&nbsp;<em>Crisis y Ocupaci\u00f3n<\/em>, Barcelona: Ed. Bosch.<\/li>\n\n\n\n<li>Puigpelat, Francesca (2010).&nbsp;<a href=\"http:\/\/www.equidad.scjn.gob.mx\/IMG\/pdf\/Debates_Constitucionales.pdf\" target=\"_blank\" rel=\"noreferrer noopener\">Los derechos reproductivos de las mujeres: interrupci\u00f3n voluntaria del embarazo y maternidad subrogada<\/a>, en&nbsp;<em>Debates constitucionales sobre derechos humanos de las mujeres<\/em>, Ed. Fontamara.<\/li>\n\n\n\n<li>Puigpelat, Francesca (2008). Los embriones y la nueva legislaci\u00f3n espa\u00f1ola en ingenier\u00eda gen\u00e9tica<strong>,&nbsp;<\/strong>en&nbsp;<em>El derecho ante la biotecnolog\u00eda. Estudios sobre la nueva legislaci\u00f3n espa\u00f1ola en biotecnolog\u00eda<\/em>, Barcelona: Ed. Icaria<\/li>\n\n\n\n<li>Bodel\u00f3n, Encarna (2005). Las pol\u00edticas p\u00fablicas contra la violencia de g\u00e9nero, en&nbsp;<em>Dona i viol\u00e8ncia,&nbsp;<\/em>Barcelona: Ed. C\u00e1lamo.<\/li>\n\n\n\n<li>Bodel\u00f3n, Encarna (2005). Justicia feminista: las pol\u00edticas de derechos y de igualdad compleja en el \u00e1mbito local, en&nbsp;<em>Repensar les pol\u00edtiques de g\u00e8nere des de l\u2019\u00e0mbit local<\/em>, Barcelona: Ed. Institut de Ci\u00e8ncies Pol\u00edtiques i Socials.<\/li>\n\n\n\n<li>Bodel\u00f3n, Encarna (2005). La vulneraci\u00f3 m\u00faltiple dels drets de les dones immigrants preses,<strong>&nbsp;<\/strong>en&nbsp;<em>Dona immigrant i dret,&nbsp;<\/em>Ed. C\u00e1lamo.<\/li>\n\n\n\n<li>Puigpelat, Francesca (2005). Paradigma constitucional, objeci\u00f3n de conciencia y t\u00e9cnicas de reproducci\u00f3n asistida, en<em>&nbsp;La procreazione medicalmente assistita, Torino:&nbsp;<\/em>Ed. Giappichelli.<\/li>\n\n\n\n<li>Igareda, Noelia \/ Cruells, Marta (2005). Trayectorias de las personas a la salida de prisi\u00f3n, en Servicios Sociales y C\u00e1rcel. alternativas a la actual cultura punitiva, Vitoria: Ed. Salhaketa.<\/li>\n<\/ul>\n","protected":false},"excerpt":{"rendered":"","protected":false},"author":1385,"featured_media":0,"parent":0,"menu_order":0,"comment_status":"closed","ping_status":"closed","template":"","meta":{"footnotes":""},"class_list":["post-67","page","type-page","status-publish","hentry"],"_links":{"self":[{"href":"https:\/\/webs.uab.cat\/antigona\/wp-json\/wp\/v2\/pages\/67","targetHints":{"allow":["GET"]}}],"collection":[{"href":"https:\/\/webs.uab.cat\/antigona\/wp-json\/wp\/v2\/pages"}],"about":[{"href":"https:\/\/webs.uab.cat\/antigona\/wp-json\/wp\/v2\/types\/page"}],"author":[{"embeddable":true,"href":"https:\/\/webs.uab.cat\/antigona\/wp-json\/wp\/v2\/users\/1385"}],"replies":[{"embeddable":true,"href":"https:\/\/webs.uab.cat\/antigona\/wp-json\/wp\/v2\/comments?post=67"}],"version-history":[{"count":4,"href":"https:\/\/webs.uab.cat\/antigona\/wp-json\/wp\/v2\/pages\/67\/revisions"}],"predecessor-version":[{"id":415,"href":"https:\/\/webs.uab.cat\/antigona\/wp-json\/wp\/v2\/pages\/67\/revisions\/415"}],"wp:attachment":[{"href":"https:\/\/webs.uab.cat\/antigona\/wp-json\/wp\/v2\/media?parent=67"}],"curies":[{"name":"wp","href":"https:\/\/api.w.org\/{rel}","templated":true}]}}