{"id":462,"date":"2020-01-29T22:06:06","date_gmt":"2020-01-29T20:06:06","guid":{"rendered":"https:\/\/webs.uab.cat\/araem\/ciutat_islamica_abandonada\/"},"modified":"2022-09-28T17:17:54","modified_gmt":"2022-09-28T15:17:54","slug":"ciutat_islamica_abandonada","status":"publish","type":"page","link":"https:\/\/webs.uab.cat\/araem\/ciutat_islamica_abandonada\/","title":{"rendered":"7\u00e8 Seminari Miquel Barcel\u00f3"},"content":{"rendered":"<p class=\"rtejustify\">Els seminaris d\u2019arqueologia i d\u2019hist\u00f2ria medieval \u2018Miquel Barcel\u00f3\u2019 s\u00f3n trobades anuals en les quals es presenten investigacions en curs i on es debat sobre q\u00fcestions rellevants en el camp de l\u2019arqueologia i de la hist\u00f2ria medievals. \u00c9s un f\u00f2rum de trobada d\u2019investigadors amb experi\u00e8ncia i novells, obert i especialment dirigit a estudiants de m\u00e0ster i de grau. Els temes tractats de manera priorit\u00e0ria en aquests seminaris tenen a veure, de manera general, amb les pagesies medievals, d\u2019una banda, i amb els ordres pol\u00edtics bastits en les diferents societats medievals, de l\u2019altra. L\u2019obra duta a terme pel professor Miquel Barcel\u00f3 durant quaranta anys, tant de recerca com de doc\u00e8ncia a la UAB, \u00e9s una refer\u00e8ncia ineludible a l\u2019hora de tractar aquest temes. Per aix\u00f2, el nom triat per aquests seminaris, que s\u00f3n un modest tribut a la seva obra.<\/p>\n<p class=\"rtejustify\"><img loading=\"lazy\" decoding=\"async\" alt=\"\" height=\"580\" src=\"http:\/\/grupsderecerca.uab.cat\/araem\/sites\/grupsderecerca.uab.cat.araem\/files\/0001_6.jpg\" width=\"820\"><\/p>\n<p class=\"rtejustify\"><img loading=\"lazy\" decoding=\"async\" alt=\"\" height=\"580\" src=\"http:\/\/grupsderecerca.uab.cat\/araem\/sites\/grupsderecerca.uab.cat.araem\/files\/0002.jpg\" width=\"820\"><\/p>\n","protected":false},"excerpt":{"rendered":"<p>Els seminaris d\u2019arqueologia i d\u2019hist\u00f2ria medieval \u2018Miquel Barcel\u00f3\u2019 s\u00f3n trobades anuals en les quals es presenten investigacions en curs i on es debat sobre q\u00fcestions rellevants en el camp de l\u2019arqueologia i de la hist\u00f2ria medievals. \u00c9s un f\u00f2rum de trobada d\u2019investigadors amb experi\u00e8ncia i novells, obert i especialment dirigit a estudiants de m\u00e0ster i [&hellip;]<\/p>\n","protected":false},"author":20,"featured_media":0,"parent":0,"menu_order":0,"comment_status":"closed","ping_status":"closed","template":"","meta":{"footnotes":""},"class_list":["post-462","page","type-page","status-publish","hentry"],"_links":{"self":[{"href":"https:\/\/webs.uab.cat\/araem\/wp-json\/wp\/v2\/pages\/462","targetHints":{"allow":["GET"]}}],"collection":[{"href":"https:\/\/webs.uab.cat\/araem\/wp-json\/wp\/v2\/pages"}],"about":[{"href":"https:\/\/webs.uab.cat\/araem\/wp-json\/wp\/v2\/types\/page"}],"author":[{"embeddable":true,"href":"https:\/\/webs.uab.cat\/araem\/wp-json\/wp\/v2\/users\/20"}],"replies":[{"embeddable":true,"href":"https:\/\/webs.uab.cat\/araem\/wp-json\/wp\/v2\/comments?post=462"}],"version-history":[{"count":1,"href":"https:\/\/webs.uab.cat\/araem\/wp-json\/wp\/v2\/pages\/462\/revisions"}],"predecessor-version":[{"id":582,"href":"https:\/\/webs.uab.cat\/araem\/wp-json\/wp\/v2\/pages\/462\/revisions\/582"}],"wp:attachment":[{"href":"https:\/\/webs.uab.cat\/araem\/wp-json\/wp\/v2\/media?parent=462"}],"curies":[{"name":"wp","href":"https:\/\/api.w.org\/{rel}","templated":true}]}}