{"id":516,"date":"2021-05-03T15:35:15","date_gmt":"2021-05-03T13:35:15","guid":{"rendered":"https:\/\/webs.uab.cat\/araem\/3a-campanya-dexcavacions-arqueologiques-al-pla-dalmata\/"},"modified":"2021-05-03T15:35:15","modified_gmt":"2021-05-03T13:35:15","slug":"3a-campanya-dexcavacions-arqueologiques-al-pla-dalmata","status":"publish","type":"page","link":"https:\/\/webs.uab.cat\/araem\/3a-campanya-dexcavacions-arqueologiques-al-pla-dalmata\/","title":{"rendered":"3a campanya d&#8217;excavacions arqueol\u00f2giques al Pla d&#8217;Almat\u00e0"},"content":{"rendered":"<p class=\"rtejustify\"><img loading=\"lazy\" decoding=\"async\" class=\" size-full wp-image-515\" alt=\"\" height=\"311\" src=\"https:\/\/webs.uab.cat\/araem\/wp-content\/uploads\/sites\/230\/2021\/05\/cartell_excavacio_arqueologica_al_jaciment_del_pla_dalmata_balaguer.jpg\" style=\"float:left\" width=\"220\" srcset=\"https:\/\/webs.uab.cat\/araem\/wp-content\/uploads\/sites\/230\/2021\/05\/cartell_excavacio_arqueologica_al_jaciment_del_pla_dalmata_balaguer.jpg 1587w, https:\/\/webs.uab.cat\/araem\/wp-content\/uploads\/sites\/230\/2021\/05\/cartell_excavacio_arqueologica_al_jaciment_del_pla_dalmata_balaguer-212x300.jpg 212w, https:\/\/webs.uab.cat\/araem\/wp-content\/uploads\/sites\/230\/2021\/05\/cartell_excavacio_arqueologica_al_jaciment_del_pla_dalmata_balaguer-724x1024.jpg 724w, https:\/\/webs.uab.cat\/araem\/wp-content\/uploads\/sites\/230\/2021\/05\/cartell_excavacio_arqueologica_al_jaciment_del_pla_dalmata_balaguer-768x1086.jpg 768w, https:\/\/webs.uab.cat\/araem\/wp-content\/uploads\/sites\/230\/2021\/05\/cartell_excavacio_arqueologica_al_jaciment_del_pla_dalmata_balaguer-1086x1536.jpg 1086w, https:\/\/webs.uab.cat\/araem\/wp-content\/uploads\/sites\/230\/2021\/05\/cartell_excavacio_arqueologica_al_jaciment_del_pla_dalmata_balaguer-1448x2048.jpg 1448w, https:\/\/webs.uab.cat\/araem\/wp-content\/uploads\/sites\/230\/2021\/05\/cartell_excavacio_arqueologica_al_jaciment_del_pla_dalmata_balaguer-1200x1698.jpg 1200w\" sizes=\"auto, (max-width: 220px) 100vw, 220px\" \/>El Grup de Recerca Arqueologia Agr\u00e0ria de l&#8217;Edat Mitjana de la Universitat Aut\u00f2noma de Barcelona i el <a href=\"https:\/\/www.museucn.com\/\" target=\"_blank\" rel=\"noopener\">Museu de la Noguera<\/a> programem la tercera campanya d&#8217;excavacions arqueol\u00f2giques al Pla d&#8217;Almat\u00e0, jaciment arqueol\u00f2gic de refer\u00e8ncia en la recerca del per\u00edode andalus\u00ed (s. VIII-XII).<\/p>\n<p class=\"rtejustify\">Aquestes s&#8217;emmarquen dins el projecte de recerca quadriennal finan\u00e7at pel Departament de Cultura &#8216;Arqueologia d&#8217;una ciutat andalusina: Mad\u00eena Balagh\u00ed (Balaguer, La Noguera)&#8217; (CLT009\/18\/00037), dirigit per la Dra. Helena Kirchner i compta amb la col\u00b7laboraci\u00f3 de Carme Al\u00f2s i Marta Monjo.<\/p>\n<p class=\"rtejustify\">&nbsp;<\/p>\n<p class=\"rtejustify\">&nbsp;<\/p>\n","protected":false},"excerpt":{"rendered":"<p>El Grup de Recerca Arqueologia Agr\u00e0ria de l&#8217;Edat Mitjana de la Universitat Aut\u00f2noma de Barcelona i el Museu de la Noguera programem la tercera campanya d&#8217;excavacions arqueol\u00f2giques al Pla d&#8217;Almat\u00e0, jaciment arqueol\u00f2gic de refer\u00e8ncia en la recerca del per\u00edode andalus\u00ed (s. VIII-XII). Aquestes s&#8217;emmarquen dins el projecte de recerca quadriennal finan\u00e7at pel Departament de Cultura [&hellip;]<\/p>\n","protected":false},"author":20,"featured_media":515,"parent":0,"menu_order":0,"comment_status":"closed","ping_status":"closed","template":"","meta":{"footnotes":""},"class_list":["post-516","page","type-page","status-publish","has-post-thumbnail","hentry"],"_links":{"self":[{"href":"https:\/\/webs.uab.cat\/araem\/wp-json\/wp\/v2\/pages\/516","targetHints":{"allow":["GET"]}}],"collection":[{"href":"https:\/\/webs.uab.cat\/araem\/wp-json\/wp\/v2\/pages"}],"about":[{"href":"https:\/\/webs.uab.cat\/araem\/wp-json\/wp\/v2\/types\/page"}],"author":[{"embeddable":true,"href":"https:\/\/webs.uab.cat\/araem\/wp-json\/wp\/v2\/users\/20"}],"replies":[{"embeddable":true,"href":"https:\/\/webs.uab.cat\/araem\/wp-json\/wp\/v2\/comments?post=516"}],"version-history":[{"count":0,"href":"https:\/\/webs.uab.cat\/araem\/wp-json\/wp\/v2\/pages\/516\/revisions"}],"wp:featuredmedia":[{"embeddable":true,"href":"https:\/\/webs.uab.cat\/araem\/wp-json\/wp\/v2\/media\/515"}],"wp:attachment":[{"href":"https:\/\/webs.uab.cat\/araem\/wp-json\/wp\/v2\/media?parent=516"}],"curies":[{"name":"wp","href":"https:\/\/api.w.org\/{rel}","templated":true}]}}