{"id":45,"date":"2017-11-02T12:55:16","date_gmt":"2017-11-02T12:55:16","guid":{"rendered":"http:\/\/blogs.uab.cat\/arag\/?page_id=45"},"modified":"2017-11-02T12:55:16","modified_gmt":"2017-11-02T12:55:16","slug":"postgrau-de-dinamitzacio-local-agroecologica","status":"publish","type":"page","link":"https:\/\/webs.uab.cat\/arag\/postgrau-de-dinamitzacio-local-agroecologica\/","title":{"rendered":"Postgrau de Dinamitzaci\u00f3 Local Agroecol\u00f2gica"},"content":{"rendered":"<p>Des de l&#8217;ARAG s&#8217;ha impulsat una Diplomatura de Postgrau en Dinamitzaci\u00f3 Local Agroecol\u00f2gica, que es gestiona entre l&#8217;IGOP i l&#8217;ICTA. La informaci\u00f3 completa la trobareu al web del <a href=\"http:\/\/dlae.cat\/?lang=ca\">Postgrau DLAE<\/a>.<\/p>\n<p>&nbsp;<\/p>\n<h2>Diplomatura de Postgrau en Dinamitzaci\u00f3 Local Agroecol\u00f2gica<\/h2>\n<p>T\u00edtol propi de la Universitat Aut\u00f2noma de Barcelona<\/p>\n<p><strong><em>Organizadors<\/em><\/strong>: Institut de Govern i Pol\u00edtiques P\u00fabliques (IGOP) i Institut de Ci\u00e8ncia i Tecnologia Ambiental (ICTA), Universitat Aut\u00f2noma de Barcelona.<img loading=\"lazy\" decoding=\"async\" class=\"alignright wp-image-80\" src=\"http:\/\/blogs.uab.cat\/dlae\/files\/2014\/07\/Satellite4-300x194.jpg\" alt=\"Satellite4\" width=\"170\" height=\"110\" \/><\/p>\n<p><em><strong>Col\u00b7laboradors<\/strong><\/em>: ARAG-UAB (Agricultura, Ramaderia i Alimentaci\u00f3 en la Globalitzaci\u00f3); Arran de Terra (Eines per a la Dinamitzaci\u00f3 Local Agroecol\u00f2gica); ASAC! i Ecologistes en Acci\u00f3.<\/p>\n<p><a href=\"http:\/\/blogs.uab.cat\/dlae\/files\/2014\/07\/047-1024x767.jpg\"><img loading=\"lazy\" decoding=\"async\" class=\"wp-image-13 alignleft\" src=\"http:\/\/blogs.uab.cat\/dlae\/files\/2014\/07\/047-1024x767-300x224.jpg\" alt=\"047 (1024x767)\" width=\"132\" height=\"98\" \/><\/a><img loading=\"lazy\" decoding=\"async\" class=\"wp-image-4 alignleft\" src=\"http:\/\/blogs.uab.cat\/dlae\/files\/2014\/07\/IMG_4726-2-1024x768-300x225.jpg\" alt=\"IMG_4726 (2) (1024x768)\" width=\"133\" height=\"100\" \/><\/p>\n<p><img loading=\"lazy\" decoding=\"async\" class=\"wp-image-16 alignleft\" src=\"http:\/\/blogs.uab.cat\/dlae\/files\/2014\/07\/022-1024x605-300x177.jpg\" alt=\"022 (1024x605)\" width=\"168\" height=\"99\" \/><\/p>\n<p>&nbsp;<\/p>\n<p>&nbsp;<\/p>\n<p>&nbsp;<\/p>\n<p>La <em><strong>Dinamitzaci\u00f3 Local Agroecol\u00f2gica<\/strong><\/em> pret\u00e9n posar en marxa nous processos de generaci\u00f3 de sostenibilitat basats en l\u2019Agroecologia. Es tracta d\u2019un paradigma alternatiu de desenvolupament rural i basat en una triple proposta com a <strong><em>disciplina cient\u00edfica<\/em><\/strong>, com un conjunt de <strong><em>pr\u00e0ctiques de maneig agrari<\/em><\/strong> i com un <strong><em>moviment social transformador<\/em><\/strong>.<\/p>\n<p>Davant els deseq<a href=\"http:\/\/blogs.uab.cat\/dlae\/files\/2014\/07\/Huerta-teresaPortada-zoom-1024x768.jpg\"><img loading=\"lazy\" decoding=\"async\" class=\"alignleft wp-image-66\" src=\"http:\/\/blogs.uab.cat\/dlae\/files\/2014\/07\/Huerta-teresaPortada-zoom-1024x768-150x150.jpg\" alt=\"Huerta teresaPortada zoom (1024x768)\" width=\"168\" height=\"168\" \/><\/a>uilibris que genera el sistema agroalimentari industrial i el creixent protagonisme que estant adquirint les q\u00fcestions agroaliment\u00e0ries, la <strong><em>Agroecologia<\/em> <\/strong>planteja <strong><em>noves iniciatives de transici\u00f3 social i ecol\u00f2gica que transcendeixen el sector agroalimentari<\/em><\/strong>. Des de la perspectiva de l\u2019<strong><em>equitat social<\/em><\/strong> i la <strong><em>just\u00edcia ambiental<\/em><\/strong>, aquestes propostes pretenen incidir en la cohesi\u00f3 territorial i social de les \u00e0rees rurals, urbanes i periurbanes, aix\u00ed com en<img loading=\"lazy\" decoding=\"async\" class=\"alignleft wp-image-62\" src=\"http:\/\/blogs.uab.cat\/dlae\/files\/2014\/07\/20140320_165428-1024x614-150x150.jpg\" alt=\"20140320_165428 (1024x614)\" width=\"169\" height=\"169\" \/> les relacions entre elles. Tot plegat, <strong><em>a partir de la capacitat de les comunitats locals<\/em><\/strong> per a decidir com i amb quina finalitat gestionar <strong><em>b\u00e9ns comuns<\/em><\/strong> tan b\u00e0sics com l\u2019alimentaci\u00f3, la terra, les llavors o l\u2019aigua.<\/p>\n<p>&nbsp;<\/p>\n<h4><\/h4>\n<h4><strong>Objectius<\/strong><\/h4>\n<ul>\n<li>Dotar l\u2019alumnat d\u2019una <strong>base te\u00f2rica i pr\u00e0ctica<\/strong> sobre l\u2019Agroecologia i les seves aplicacions en territoris rurals, periurbans i urbans.<\/li>\n<\/ul>\n<ul>\n<li>Generar <strong>coneixement cr\u00edtic<\/strong> sobre les <strong>pol\u00edtiques p\u00fabliques,<\/strong> els sectors emergents i les formes d\u2019afrontar els <strong>reptes de futur<\/strong> del sistema agroalimentari i dels territoris rurals i periurbans.<\/li>\n<\/ul>\n<ul>\n<li>Generar <strong>capacitats per a la planificaci\u00f3, la posada en marxa i la gesti\u00f3<\/strong> de projectes de Dinamitzaci\u00f3 Local Agroecol\u00f2gica.<\/li>\n<\/ul>\n<ul>\n<li>Preparar l\u2019alumnat per a la <strong>recerca orientada a l\u2019acci\u00f3<\/strong>, des d\u2019una <strong>mirada integral<\/strong> sobre el medi rural i periurb\u00e0.<\/li>\n<\/ul>\n<p>&nbsp;<\/p>\n<h4><strong>Persones destinat\u00e0ries <a href=\"http:\/\/blogs.uab.cat\/dlae\/files\/2014\/07\/248-1024x766.jpg\"><img loading=\"lazy\" decoding=\"async\" class=\"alignright wp-image-15\" src=\"http:\/\/blogs.uab.cat\/dlae\/files\/2014\/07\/248-1024x766-300x224.jpg\" alt=\"248 (1024x766)\" width=\"197\" height=\"147\" \/><\/a><br \/>\n<\/strong><\/h4>\n<p>El curs t\u00e9 una orientaci\u00f3 eminentment professional i est\u00e0 destinat a persones interessades en les noves propostes que, des d\u2019una perspectiva de sostenibilitat, promouen la<em><strong> dinamitzaci\u00f3 socioecon\u00f2mica i cultural de les \u00e0rees rurals i periurbanes<\/strong><\/em>:<\/p>\n<ul>\n<li>T\u00e8cnics \/ es de l\u2019administraci\u00f3 local rural i periurbana; administraci\u00f3 agr\u00e0ria, per al Desenvolupament Rural i dels Espais Naturals Protegits.<\/li>\n<\/ul>\n<ul>\n<li>Persones emprenedores interessades en l\u2019Economia Social relacionada amb l\u2019Agricultura Ecol\u00f2gica i el Medi Rural.<\/li>\n<\/ul>\n<ul>\n<li>Persones investigadores i consultores en les \u00e0rees d\u2019Agroecologia, Agricultura Ecol\u00f2gica i Desenvolupament Rural.<\/li>\n<\/ul>\n<ul>\n<li>Membres d\u2019entitats socials relacionades amb les din\u00e0miques territorials, l\u2019Agroecologia i el Desenvolupament Rural Sostenible.<\/li>\n<\/ul>\n<p>Trobareu m\u00e9s informaci\u00f3 al web del <a href=\"http:\/\/dlae.cat\/?lang=ca\">Postgrau DLAE<\/a><\/p>\n","protected":false},"excerpt":{"rendered":"<p>Des de l&#8217;ARAG s&#8217;ha impulsat una Diplomatura de Postgrau en Dinamitzaci\u00f3 Local Agroecol\u00f2gica, que es gestiona entre l&#8217;IGOP i l&#8217;ICTA. La informaci\u00f3 completa la trobareu al web del Postgrau DLAE. &nbsp; Diplomatura de Postgrau en Dinamitzaci\u00f3 Local Agroecol\u00f2gica T\u00edtol propi de la Universitat Aut\u00f2noma de Barcelona Organizadors: Institut de Govern i Pol\u00edtiques P\u00fabliques (IGOP) i [&hellip;]<\/p>\n","protected":false},"author":561,"featured_media":0,"parent":0,"menu_order":0,"comment_status":"closed","ping_status":"closed","template":"","meta":{"footnotes":""},"class_list":["post-45","page","type-page","status-publish","hentry"],"_links":{"self":[{"href":"https:\/\/webs.uab.cat\/arag\/wp-json\/wp\/v2\/pages\/45","targetHints":{"allow":["GET"]}}],"collection":[{"href":"https:\/\/webs.uab.cat\/arag\/wp-json\/wp\/v2\/pages"}],"about":[{"href":"https:\/\/webs.uab.cat\/arag\/wp-json\/wp\/v2\/types\/page"}],"author":[{"embeddable":true,"href":"https:\/\/webs.uab.cat\/arag\/wp-json\/wp\/v2\/users\/561"}],"replies":[{"embeddable":true,"href":"https:\/\/webs.uab.cat\/arag\/wp-json\/wp\/v2\/comments?post=45"}],"version-history":[{"count":0,"href":"https:\/\/webs.uab.cat\/arag\/wp-json\/wp\/v2\/pages\/45\/revisions"}],"wp:attachment":[{"href":"https:\/\/webs.uab.cat\/arag\/wp-json\/wp\/v2\/media?parent=45"}],"curies":[{"name":"wp","href":"https:\/\/api.w.org\/{rel}","templated":true}]}}