{"id":300,"date":"2013-11-21T13:11:53","date_gmt":"2013-11-21T13:11:53","guid":{"rendered":"https:\/\/webs.uab.cat\/arnau\/contacte\/"},"modified":"2024-08-07T13:23:38","modified_gmt":"2024-08-07T13:23:38","slug":"contacte","status":"publish","type":"page","link":"https:\/\/webs.uab.cat\/arnau\/en\/contacte\/","title":{"rendered":"Contact us"},"content":{"rendered":"\n<p>Our research group can be contacted through Sebasti\u00e0 Giralt or Jaume Mensa:<\/p>\n\n\n\n<h2 class=\"wp-block-heading\">Sebasti\u00e0 Giralt<\/h2>\n\n\n\n<p>E-mail: <a href=\"mailto:sebastia.giralt@uab.cat\">sebastia.giralt@uab.cat<\/a><\/p>\n\n\n\n<p>Postal address:<br><a rel=\"noreferrer noopener\" href=\"http:\/\/www.uab.cat\/departament\/ciencies-antiguitat-edat-mitjana\/\" target=\"_blank\">Departament de Ci\u00e8ncies de l&#8217;Antiguitat i l&#8217;Edat Mitjana<\/a>, Edifici B,<br><a rel=\"noreferrer noopener\" href=\"http:\/\/www.uab.cat\/servlet\/Satellite\/coneix-la-uab\/planols-i-transports\/planols\/campus-de-bellaterra\/planol-del-campus-de-bellaterra-1096476529693.html\" target=\"_blank\">Campus de la Universitat Aut\u00f2noma de Barcelona<\/a>, 08193 Bellaterra (Cerdanyola del Vall\u00e8s).&nbsp;<\/p>\n\n\n\n<p>Office: B7\/126<\/p>\n\n\n\n<p>Phone: +34 93 586 83 99<\/p>\n\n\n\n<p>Fax: +34 93 581 31 14<\/p>\n\n\n\n<p>&#8212;&#8212;&#8212;&#8212;&#8212;&#8212;&#8212;&#8212;&#8212;&#8212;&#8212;&#8212;&#8212;&#8212;&#8212;&#8212;&#8212;&#8212;&#8212;&#8212;&#8212;&#8212;&#8212;&#8212;&#8212;&#8212;&#8212;&#8212;&#8212;&#8212;&#8212;&#8212;&#8212;&#8212;<\/p>\n\n\n\n<h2 class=\"wp-block-heading\">Jaume Mensa i Valls<\/h2>\n\n\n\n<p>E-mail: <a href=\"mailto:Jaume.Mensa@uab.cat\">Jaume.Mensa@uab.cat<\/a><\/p>\n\n\n\n<p>Postal address:<br><a rel=\"noreferrer noopener\" href=\"http:\/\/www.uab.cat\/departament\/filosofia\/\" target=\"_blank\">Departament de Filosofia<\/a>, Edifici B,<br><a rel=\"noreferrer noopener\" href=\"http:\/\/www.uab.cat\/servlet\/Satellite\/coneix-la-uab\/planols-i-transports\/planols\/campus-de-bellaterra\/planol-del-campus-de-bellaterra-1096476529693.html\" target=\"_blank\">Campus de la Universitat Aut\u00f2noma de Barcelona<\/a>, 08193 Bellaterra (Cerdanyola del Vall\u00e8s).&nbsp;<\/p>\n\n\n\n<p>Office: B7-102<\/p>\n\n\n\n<p>Phone: +34 93 586 8392<\/p>\n\n\n\n<p>Fax: +34 93 581 20 01<\/p>\n\n\n<div class=\"wp-block-image\">\n<figure class=\"aligncenter size-full\"><img loading=\"lazy\" decoding=\"async\" width=\"595\" height=\"480\" src=\"https:\/\/webs.uab.cat\/arnau\/wp-content\/uploads\/sites\/132\/2010\/01\/lectio.jpg\" alt=\"\" class=\"wp-image-67\" srcset=\"https:\/\/webs.uab.cat\/arnau\/wp-content\/uploads\/sites\/132\/2010\/01\/lectio.jpg 595w, https:\/\/webs.uab.cat\/arnau\/wp-content\/uploads\/sites\/132\/2010\/01\/lectio-300x242.jpg 300w\" sizes=\"auto, (max-width: 595px) 100vw, 595px\" \/><figcaption class=\"wp-element-caption\">Illustration: University lesson given by Henricus de Alemannia, miniature by Laurentius a Voltolina in the <em>Liber ethicorum<\/em> of Henricus de Alemannia, late 14th c. Source: <a href=\"http:\/\/en.wikipedia.org\/wiki\/File:Laurentius_de_Voltolina_001.jpg\">Wikimedia<\/a>.<\/figcaption><\/figure>\n<\/div>\n\n\n<p><\/p>\n","protected":false},"excerpt":{"rendered":"<p>Our research group can be contacted through Sebasti\u00e0 Giralt or Jaume Mensa: Sebasti\u00e0 Giralt E-mail: sebastia.giralt@uab.cat Postal address:Departament de Ci\u00e8ncies de l&#8217;Antiguitat i l&#8217;Edat Mitjana, Edifici B,Campus de la Universitat Aut\u00f2noma de Barcelona, 08193 Bellaterra (Cerdanyola del Vall\u00e8s).&nbsp; Office: B7\/126 Phone: +34 93 586 83 99 Fax: +34 93 581 31 14 &#8212;&#8212;&#8212;&#8212;&#8212;&#8212;&#8212;&#8212;&#8212;&#8212;&#8212;&#8212;&#8212;&#8212;&#8212;&#8212;&#8212;&#8212;&#8212;&#8212;&#8212;&#8212;&#8212;&#8212;&#8212;&#8212;&#8212;&#8212;&#8212;&#8212;&#8212;&#8212;&#8212;&#8212; Jaume Mensa [&hellip;]<\/p>\n","protected":false},"author":20,"featured_media":0,"parent":0,"menu_order":0,"comment_status":"closed","ping_status":"closed","template":"","meta":{"footnotes":""},"class_list":["post-300","page","type-page","status-publish","hentry"],"_links":{"self":[{"href":"https:\/\/webs.uab.cat\/arnau\/en\/wp-json\/wp\/v2\/pages\/300","targetHints":{"allow":["GET"]}}],"collection":[{"href":"https:\/\/webs.uab.cat\/arnau\/en\/wp-json\/wp\/v2\/pages"}],"about":[{"href":"https:\/\/webs.uab.cat\/arnau\/en\/wp-json\/wp\/v2\/types\/page"}],"author":[{"embeddable":true,"href":"https:\/\/webs.uab.cat\/arnau\/en\/wp-json\/wp\/v2\/users\/20"}],"replies":[{"embeddable":true,"href":"https:\/\/webs.uab.cat\/arnau\/en\/wp-json\/wp\/v2\/comments?post=300"}],"version-history":[{"count":3,"href":"https:\/\/webs.uab.cat\/arnau\/en\/wp-json\/wp\/v2\/pages\/300\/revisions"}],"predecessor-version":[{"id":1830,"href":"https:\/\/webs.uab.cat\/arnau\/en\/wp-json\/wp\/v2\/pages\/300\/revisions\/1830"}],"wp:attachment":[{"href":"https:\/\/webs.uab.cat\/arnau\/en\/wp-json\/wp\/v2\/media?parent=300"}],"curies":[{"name":"wp","href":"https:\/\/api.w.org\/{rel}","templated":true}]}}