{"id":210,"date":"2013-11-08T01:33:18","date_gmt":"2013-11-08T01:33:18","guid":{"rendered":"https:\/\/webs.uab.cat\/arnau\/medica\/"},"modified":"2024-09-20T12:50:48","modified_gmt":"2024-09-20T12:50:48","slug":"medica","status":"publish","type":"page","link":"https:\/\/webs.uab.cat\/arnau\/es\/medica\/","title":{"rendered":"Obra m\u00e9dica"},"content":{"rendered":"\n<p>Adem\u00e1s de las <a href=\"https:\/\/webs.uab.cat\/arnau\/es\/traduccions\/\" data-type=\"page\" data-id=\"221\">traducciones<\/a>, cultiv\u00f3 la gran mayor\u00eda de g\u00e9neros de la literatura m\u00e9dica, tanto <a href=\"https:\/\/webs.uab.cat\/arnau\/wp-admin\/teorica\">te\u00f3rica<\/a> como <a href=\"https:\/\/webs.uab.cat\/arnau\/es\/practica\/\" data-type=\"page\" data-id=\"226\">pr\u00e1ctica<\/a>: el <a href=\"https:\/\/webs.uab.cat\/arnau\/es\/comentarios\/\" data-type=\"page\" data-id=\"223\">comentario<\/a> a las autoridades, el tratado te\u00f3rico, el <a href=\"https:\/\/webs.uab.cat\/arnau\/es\/aforismes\/\" data-type=\"page\" data-id=\"224\">aforismo<\/a>, la <em>summa<\/em> o compendio \u2013te\u00f3rico (<em>speculum<\/em>) y pr\u00e1ctico (<em>practica<\/em>)\u2013, el <em>consilium<\/em> o tratamiento espec\u00edfico dirigido a un paciente determinado, la monograf\u00eda especializada en una enfermedad, el regimiento de sanidad y, quiz\u00e1, el <a href=\"https:\/\/webs.uab.cat\/arnau\/es\/dubtoses\/\">antidotario<\/a>. Por las referencias internas o externas y algunas dataciones expl\u00edcitas se ha intentado elaborar una cronolog\u00eda aproximada de los escritos m\u00e9dicos arnaldianos, pero resulta m\u00e1s dif\u00edcil de establecer que la de los religiosos, dado que en la mayor parte de ellos no consta del a\u00f1o de composici\u00f3n. Las referencias internas tambi\u00e9n permiten saber el t\u00edtulo de dos obras perdidas: <em>Epistola de elementis<\/em> y <em>De integritate medicine<\/em>, aparte de algunos <a href=\"https:\/\/webs.uab.cat\/arnau\/es\/comentarios\/\" data-type=\"page\" data-id=\"223\">comentarios<\/a> m\u00e1s. Por otro lado, la gran fama de Arnau como m\u00e9dico provoc\u00f3 que durante siglos se le atribuyesen muchas obras an\u00f3nimas o de otros autores menos conocidos, no solo de medicina sino tambi\u00e9n de otros saberes, como oniromancia, agronom\u00eda o <a href=\"https:\/\/webs.uab.cat\/arnau\/es\/alquimia\/\" data-type=\"page\" data-id=\"248\">alquimia<\/a>. La investigaci\u00f3n reciente ha expurgado el corpus arnaldiano de la mayor\u00eda de estos <a href=\"https:\/\/webs.uab.cat\/arnau\/es\/apocrifs\/\" data-type=\"page\" data-id=\"228\">escritos ap\u00f3crifos<\/a> pero a\u00fan quedan algunas obras cuya autenticidad <a href=\"https:\/\/webs.uab.cat\/arnau\/es\/dubtoses\/\" data-type=\"page\" data-id=\"227\">permanece en discusi\u00f3n<\/a>.<\/p>\n\n\n<div class=\"wp-block-image\">\n<figure class=\"aligncenter size-full is-resized\"><img loading=\"lazy\" decoding=\"async\" width=\"385\" height=\"629\" src=\"https:\/\/webs.uab.cat\/arnau\/wp-content\/uploads\/sites\/132\/2016\/10\/opera1585.jpg\" alt=\"opera1585\" class=\"wp-image-586\" style=\"width:308px;height:auto\" srcset=\"https:\/\/webs.uab.cat\/arnau\/wp-content\/uploads\/sites\/132\/2016\/10\/opera1585.jpg 385w, https:\/\/webs.uab.cat\/arnau\/wp-content\/uploads\/sites\/132\/2016\/10\/opera1585-184x300.jpg 184w\" sizes=\"auto, (max-width: 385px) 100vw, 385px\" \/><figcaption class=\"wp-element-caption\">Illustraci\u00f3: Edici\u00f3n general de les obres m\u00e9diques y alqu\u00edmicas atribuidas a Arnau de Vilanova, Basilea, 1585 (Universitat de Barcelona).<\/figcaption><\/figure>\n<\/div>","protected":false},"excerpt":{"rendered":"<p>Adem\u00e1s de las traducciones, cultiv\u00f3 la gran mayor\u00eda de g\u00e9neros de la literatura m\u00e9dica, tanto te\u00f3rica como pr\u00e1ctica: el comentario a las autoridades, el tratado te\u00f3rico, el aforismo, la summa o compendio \u2013te\u00f3rico (speculum) y pr\u00e1ctico (practica)\u2013, el consilium o tratamiento espec\u00edfico dirigido a un paciente determinado, la monograf\u00eda especializada en una enfermedad, el regimiento [&hellip;]<\/p>\n","protected":false},"author":20,"featured_media":0,"parent":0,"menu_order":0,"comment_status":"closed","ping_status":"closed","template":"","meta":{"footnotes":""},"class_list":["post-210","page","type-page","status-publish","hentry"],"_links":{"self":[{"href":"https:\/\/webs.uab.cat\/arnau\/es\/wp-json\/wp\/v2\/pages\/210","targetHints":{"allow":["GET"]}}],"collection":[{"href":"https:\/\/webs.uab.cat\/arnau\/es\/wp-json\/wp\/v2\/pages"}],"about":[{"href":"https:\/\/webs.uab.cat\/arnau\/es\/wp-json\/wp\/v2\/types\/page"}],"author":[{"embeddable":true,"href":"https:\/\/webs.uab.cat\/arnau\/es\/wp-json\/wp\/v2\/users\/20"}],"replies":[{"embeddable":true,"href":"https:\/\/webs.uab.cat\/arnau\/es\/wp-json\/wp\/v2\/comments?post=210"}],"version-history":[{"count":4,"href":"https:\/\/webs.uab.cat\/arnau\/es\/wp-json\/wp\/v2\/pages\/210\/revisions"}],"predecessor-version":[{"id":1995,"href":"https:\/\/webs.uab.cat\/arnau\/es\/wp-json\/wp\/v2\/pages\/210\/revisions\/1995"}],"wp:attachment":[{"href":"https:\/\/webs.uab.cat\/arnau\/es\/wp-json\/wp\/v2\/media?parent=210"}],"curies":[{"name":"wp","href":"https:\/\/api.w.org\/{rel}","templated":true}]}}