{"id":239,"date":"2013-11-17T12:26:20","date_gmt":"2013-11-17T12:26:20","guid":{"rendered":"https:\/\/webs.uab.cat\/arnau\/propiament-espiritual\/"},"modified":"2024-09-20T13:12:19","modified_gmt":"2024-09-20T13:12:19","slug":"propiament-espiritual","status":"publish","type":"page","link":"https:\/\/webs.uab.cat\/arnau\/es\/propiament-espiritual\/","title":{"rendered":"Propiamente espiritual (1305-1311)"},"content":{"rendered":"\n<p>Tras el ajetreo de la pol\u00e9mica, Arnau de Vilanova escribe las obras m\u00e1s espirituales. Retoma las reflexiones sobre el<em> verus fidelis<\/em>. El concepto de \u00abverdadero cristiano\u00bb se convierte en el eje de todo este per\u00edodo: lo define, extrae consecuencias, lo promueve en diferentes \u00e1mbitos. Contra el cristianismo simplemente sociol\u00f3gico de aquellos que s\u00f3lo se hacen llamar cristianos, m\u00e1s por costumbre que por convicci\u00f3n. Arnau propone un cristianismo sentido, vivido, interior, pero a la vez muy comprometido socialmente. Si Jesucristo di\u00f3 ejemplo de humildad, de caridad y de pobreza, de despreciar las cosas de este mundo, de esquivar honores, etc., el cristiano ha de seguir este mismo camino. El cristiano ha de imitar a Jesucristo, llegar a ser un \u00abpeque\u00f1o Cristo\u00bb (<em>christinus<\/em>).<\/p>\n\n\n\n<p>Arnau se da cuenta que el cristianismo de su \u00e9poca a menudo era muy superficial. Era necesario, por consiguiente, reformarlo. Y para lograrlo elabor\u00f3 planes para reyes, para la Santa Sede y para grupos concretos de cristianos. Los beguinos intentaban vivir un cristianismo bastante parecido al que predicaba Arnau.<\/p>\n\n\n\n<p>El espiritualismo moderado de la primera \u00e9poca tiende a radicalizarse. Arnau de Vilanova contrapone cada vez con m\u00e1s fuerza la realidad celestial con la material. S\u00f3lo cuando el ser humano act\u00faa seg\u00fan su esp\u00edritu se transforma aut\u00e9nticamente persona e hijo de Dios, debe saber elevarse, entonces, por encima de la realidad material, la cual, si lo domina, lo sit\u00faa al nivel propio de las bestias. El verdadero cristiano ama las cosas celestiales y desprecia las terrenales.<\/p>\n\n\n\n<figure class=\"wp-block-image size-full is-resized\"><img loading=\"lazy\" decoding=\"async\" width=\"612\" height=\"607\" src=\"https:\/\/webs.uab.cat\/arnau\/wp-content\/uploads\/sites\/132\/2016\/10\/calvari.jpg\" alt=\"calvari\" class=\"wp-image-610\" style=\"aspect-ratio:1.00863309352518;width:496px;height:auto\" srcset=\"https:\/\/webs.uab.cat\/arnau\/wp-content\/uploads\/sites\/132\/2016\/10\/calvari.jpg 612w, https:\/\/webs.uab.cat\/arnau\/wp-content\/uploads\/sites\/132\/2016\/10\/calvari-300x298.jpg 300w, https:\/\/webs.uab.cat\/arnau\/wp-content\/uploads\/sites\/132\/2016\/10\/calvari-150x150.jpg 150w\" sizes=\"auto, (max-width: 612px) 100vw, 612px\" \/><figcaption class=\"wp-element-caption\">Ilustraci\u00f3n:Tabla del Calvario del <em>Retaule de la transfiguraci\u00f3<\/em> de Jaume Huguet, en la catedral de Tortosa (1466-1475). Fuente: <a rel=\"noreferrer noopener\" href=\"https:\/\/commons.wikimedia.org\/wiki\/File:Tortosa_catedral_Huguet_Transfiguracio_Calvari_0032.jpg\" target=\"_blank\">Wikimedia<\/a>.<\/figcaption><\/figure>\n","protected":false},"excerpt":{"rendered":"<p>Tras el ajetreo de la pol\u00e9mica, Arnau de Vilanova escribe las obras m\u00e1s espirituales. Retoma las reflexiones sobre el verus fidelis. El concepto de \u00abverdadero cristiano\u00bb se convierte en el eje de todo este per\u00edodo: lo define, extrae consecuencias, lo promueve en diferentes \u00e1mbitos. Contra el cristianismo simplemente sociol\u00f3gico de aquellos que s\u00f3lo se hacen [&hellip;]<\/p>\n","protected":false},"author":20,"featured_media":0,"parent":0,"menu_order":0,"comment_status":"closed","ping_status":"closed","template":"","meta":{"footnotes":""},"class_list":["post-239","page","type-page","status-publish","hentry"],"_links":{"self":[{"href":"https:\/\/webs.uab.cat\/arnau\/es\/wp-json\/wp\/v2\/pages\/239","targetHints":{"allow":["GET"]}}],"collection":[{"href":"https:\/\/webs.uab.cat\/arnau\/es\/wp-json\/wp\/v2\/pages"}],"about":[{"href":"https:\/\/webs.uab.cat\/arnau\/es\/wp-json\/wp\/v2\/types\/page"}],"author":[{"embeddable":true,"href":"https:\/\/webs.uab.cat\/arnau\/es\/wp-json\/wp\/v2\/users\/20"}],"replies":[{"embeddable":true,"href":"https:\/\/webs.uab.cat\/arnau\/es\/wp-json\/wp\/v2\/comments?post=239"}],"version-history":[{"count":2,"href":"https:\/\/webs.uab.cat\/arnau\/es\/wp-json\/wp\/v2\/pages\/239\/revisions"}],"predecessor-version":[{"id":2013,"href":"https:\/\/webs.uab.cat\/arnau\/es\/wp-json\/wp\/v2\/pages\/239\/revisions\/2013"}],"wp:attachment":[{"href":"https:\/\/webs.uab.cat\/arnau\/es\/wp-json\/wp\/v2\/media?parent=239"}],"curies":[{"name":"wp","href":"https:\/\/api.w.org\/{rel}","templated":true}]}}