{"id":310,"date":"2013-11-10T07:17:07","date_gmt":"2013-11-10T07:17:07","guid":{"rendered":"https:\/\/webs.uab.cat\/arnau\/montpeller-2\/"},"modified":"2024-01-08T23:55:01","modified_gmt":"2024-01-08T23:55:01","slug":"montpeller-2","status":"publish","type":"page","link":"https:\/\/webs.uab.cat\/arnau\/fr\/montpeller-2\/","title":{"rendered":"M\u00e9decin royal et professeur universitaire"},"content":{"rendered":"\n<p>De 1276 \u00e0 1281, Arnau de Vilanova vit \u00e0 Valence, ville o\u00f9 il poss\u00e8de des propri\u00e9t\u00e9s et o\u00f9 il semble bien \u00e9tabli. En 1281, le roi Pierre III le nomme m\u00e9decin personnel, probablement gr\u00e2ce \u00e0 l&rsquo;\u00e9v\u00eaque de Valence, Jaspert de Botonac, \u00e0 qui Arnau a consacr\u00e9 une \u00e9p\u00eetre contre la n\u00e9cromancie. Il commence donc une nouvelle \u00e9tape \u00e0 Barcelone, qui durera jusqu&rsquo;au d\u00e9c\u00e8s du roi (1285). Pendant cette p\u00e9riode, il \u00e9tudie l&rsquo;h\u00e9breu avec Raymond Martin et traduit Galien de l&rsquo;arabe au latin. Il est probable que sa traduction d&rsquo;Avicenne date de la m\u00eame \u00e9poque, tandis que celle d&rsquo;Ab\u016b al-\u1e62alt semble ant\u00e9rieure. Apr\u00e8s le d\u00e9c\u00e8s du roi, qu&rsquo;il a soign\u00e9 tout au long de la maladie qui l&rsquo;a conduit \u00e0 la tombe, il reste li\u00e9 au nouveau roi Alphonse en qualit\u00e9 de m\u00e9decin, mais il retourne \u00e0 Valence (entre 1285 et 1290), o\u00f9 il sera le m\u00e9decin de l&rsquo;\u00e9v\u00eaque Jaspert.<\/p>\n\n\n\n<p>Entre 1290 et 1300 environ, ma\u00eetre Arnau de Vilanova est professeur de m\u00e9decine \u00e0 Montpellier, \u00e0 l&rsquo;\u00e9cole de m\u00e9decine alors la plus prestigieuse d&rsquo;Europe latine, juste apr\u00e8s la fondation de l&rsquo;universit\u00e9 en 1289, qui r\u00e9unissait les \u00e9coles ant\u00e9rieures. Un grand nombre de ses \u0153uvres m\u00e9dicales, certaines d&rsquo;entre elles li\u00e9es \u00e0 l&rsquo;enseignement et d&rsquo;autres \u00e0 la r\u00e9flexion, peuvent \u00eatre dat\u00e9es de cette p\u00e9riode. Parmi elles, se trouvent des commentaires d&rsquo;Hippocrate et de Galien, une adaptation de Galien, des trait\u00e9s de m\u00e9decine th\u00e9orique, des \u0153uvres de pharmacologie et des livres d&rsquo;aphorismes. En revanche, la plupart de ses \u0153uvres de m\u00e9decine pratique, qui comprennent quelques synth\u00e8ses et quelques \u00e9crits sp\u00e9cifiques, ne peuvent \u00eatre dat\u00e9es. La grande contribution d&rsquo;Arnau a consist\u00e9 \u00e0 ne pas se limiter aux textes utilis\u00e9s traditionnellement dans l&rsquo;enseignement m\u00e9dical ou dans les encyclop\u00e9dies m\u00e9dicales arabes, mais \u00e0 introduire dans l&rsquo;enseignement le d\u00e9nomm\u00e9 \u00ab nouveau Galien \u00bb, compos\u00e9 de traductions encore inconnues dans les universit\u00e9s europ\u00e9ennes. La conception arnaldienne de la m\u00e9decine comme une technique fond\u00e9e sur le syst\u00e8me des sciences m\u00e9di\u00e9vales l&rsquo;\u00e9loignait d&rsquo;une pratique empirique simple et, \u00e0 la fois, tout en pr\u00e9servant son autonomie vis-\u00e0-vis de la philosophie naturelle. Ce gal\u00e9nisme renouvel\u00e9 \u00e0 Montpellier fut reconnu et officialis\u00e9 par le nouveau curriculum approuv\u00e9 par Cl\u00e9ment V, avec le conseil d&rsquo;Arnau, en 1309. Sans nul doute, le passage d&rsquo;Arnau de Vilanova \u00e0 Montpellier a laiss\u00e9 une longue empreinte, qui peut \u00eatre suivie au moins jusqu&rsquo;au XVe si\u00e8cle.<\/p>\n\n\n\n<figure class=\"wp-block-image size-full\"><img loading=\"lazy\" decoding=\"async\" width=\"584\" height=\"388\" src=\"https:\/\/webs.uab.cat\/arnau\/wp-content\/uploads\/sites\/132\/2016\/10\/Bulle_fondat_universite.jpg\" alt=\"\" class=\"wp-image-481\" srcset=\"https:\/\/webs.uab.cat\/arnau\/wp-content\/uploads\/sites\/132\/2016\/10\/Bulle_fondat_universite.jpg 584w, https:\/\/webs.uab.cat\/arnau\/wp-content\/uploads\/sites\/132\/2016\/10\/Bulle_fondat_universite-300x199.jpg 300w\" sizes=\"auto, (max-width: 584px) 100vw, 584px\" \/><figcaption class=\"wp-element-caption\">Illustration: Bulle de fondation de l&rsquo;Universit\u00e9 de Montpellier par le pape Nicolas IV&nbsp;(1289). Origine: <a rel=\"noreferrer noopener\" href=\"https:\/\/commons.wikimedia.org\/wiki\/File:Bulle_fondat_universite.jpg\" target=\"_blank\">Wikimedia<\/a>.<\/figcaption><\/figure>\n\n\n\n<p><span style=\"font-size: x-small\"><\/span><\/p>\n","protected":false},"excerpt":{"rendered":"<p>De 1276 \u00e0 1281, Arnau de Vilanova vit \u00e0 Valence, ville o\u00f9 il poss\u00e8de des propri\u00e9t\u00e9s et o\u00f9 il semble bien \u00e9tabli. En 1281, le roi Pierre III le nomme m\u00e9decin personnel, probablement gr\u00e2ce \u00e0 l&rsquo;\u00e9v\u00eaque de Valence, Jaspert de Botonac, \u00e0 qui Arnau a consacr\u00e9 une \u00e9p\u00eetre contre la n\u00e9cromancie. Il commence donc une [&hellip;]<\/p>\n","protected":false},"author":20,"featured_media":0,"parent":0,"menu_order":0,"comment_status":"closed","ping_status":"closed","template":"","meta":{"footnotes":""},"class_list":["post-310","page","type-page","status-publish","hentry"],"_links":{"self":[{"href":"https:\/\/webs.uab.cat\/arnau\/fr\/wp-json\/wp\/v2\/pages\/310","targetHints":{"allow":["GET"]}}],"collection":[{"href":"https:\/\/webs.uab.cat\/arnau\/fr\/wp-json\/wp\/v2\/pages"}],"about":[{"href":"https:\/\/webs.uab.cat\/arnau\/fr\/wp-json\/wp\/v2\/types\/page"}],"author":[{"embeddable":true,"href":"https:\/\/webs.uab.cat\/arnau\/fr\/wp-json\/wp\/v2\/users\/20"}],"replies":[{"embeddable":true,"href":"https:\/\/webs.uab.cat\/arnau\/fr\/wp-json\/wp\/v2\/comments?post=310"}],"version-history":[{"count":2,"href":"https:\/\/webs.uab.cat\/arnau\/fr\/wp-json\/wp\/v2\/pages\/310\/revisions"}],"predecessor-version":[{"id":1624,"href":"https:\/\/webs.uab.cat\/arnau\/fr\/wp-json\/wp\/v2\/pages\/310\/revisions\/1624"}],"wp:attachment":[{"href":"https:\/\/webs.uab.cat\/arnau\/fr\/wp-json\/wp\/v2\/media?parent=310"}],"curies":[{"name":"wp","href":"https:\/\/api.w.org\/{rel}","templated":true}]}}