{"id":317,"date":"2013-11-11T23:38:31","date_gmt":"2013-11-11T23:38:31","guid":{"rendered":"https:\/\/webs.uab.cat\/arnau\/aforismes-2\/"},"modified":"2024-08-13T12:50:16","modified_gmt":"2024-08-13T12:50:16","slug":"aforismes-2","status":"publish","type":"page","link":"https:\/\/webs.uab.cat\/arnau\/fr\/aforismes-2\/","title":{"rendered":"Aphorismes"},"content":{"rendered":"\n<p>Arnau de Vilanova porte un int\u00e9r\u00eat sp\u00e9cial au genre aphoristique, tr\u00e8s utile dans l&rsquo;enseignement pour sa valeur mn\u00e9motechnique.<\/p>\n\n\n\n<ol class=\"wp-block-list\" start=\"11\">\n<li><em>Aphorismi de gradibus<\/em>(\u00ab Aphorismes sur les degr\u00e9s \u00bb), \u00e9crits entre 1295 et 1300 : Arnau y traite des degr\u00e9s des m\u00e9dicaments et des interactions mutuelles de leurs composants, tout en d\u00e9fendant la m\u00e9thode math\u00e9matique d\u00e9velopp\u00e9e par le philosophe arabe Al-Kindi, ainsi que l&rsquo;interpr\u00e9tation authentique de Galien face \u00e0 Averro\u00e8s. Bien que le trait\u00e9 d&rsquo;Al-Kindi fusse d\u00e9j\u00e0 traduit par G\u00e9rard de Cr\u00e9mone, il ne fut pas compris par les m\u00e9decins occidentaux jusqu&rsquo;\u00e0 ce qu&rsquo;Arnau ne soul\u00e8ve la question avec ces aphorismes. Dans cette m\u00e9thode de fabrication de m\u00e9dicaments compos\u00e9s d&rsquo;un certain degr\u00e9 \u00e0 partir de m\u00e9dicaments simples, la proportion de froid \u00e0 chaud augmente g\u00e9om\u00e9triquement \u00e0 mesure qu&rsquo;augmente arithm\u00e9tiquement le degr\u00e9 de qualit\u00e9. Les <em>Aphorismi de gradibus<\/em> continu\u00e8rent \u00e0 \u00eatre utilis\u00e9s \u00e0 Montpellier pendant 50 ans, et auraient influenc\u00e9s la formulation de la loi math\u00e9matique physique par Thomas Bradwardine \u00e0 Oxford.<\/li>\n\n\n\n<li><em>Medicationis parabolae<\/em> (\u00ab Paraboles du soin \u00bb, 1300) : d\u00e9di\u00e9es \u00e0 Philippe le Bel, roi de France, il s&rsquo;agit d&rsquo;un recueil de 342 aphorismes d&rsquo;inspiration hippocratique qui fournit des r\u00e8gles d&rsquo;\u00e9thique professionnelle et des instructions th\u00e9rapeutiques n\u00e9cessaires au m\u00e9decin pendant l&rsquo;acte de gu\u00e9rison. Il comprend une partie chirurgicale qui sera cit\u00e9e par les grands chirurgiens Henri de Mondeville et Gui de Chauliac. Son caract\u00e8re pratique et sa forme concise en ont fait l&rsquo;\u0153uvre la plus diffus\u00e9e d&rsquo;Arnau, apr\u00e8s le <em>Regimen sanitatis ad regem Aragonum<\/em>, tant dans la tradition manuscrite m\u00e9di\u00e9vale qu&rsquo;en imprimerie moderne.<\/li>\n\n\n\n<li><em>Commentum super quasdam parabolas&nbsp;<\/em>(\u00ab Commentaire de certaines paraboles \u00bb) : commentaire des <em>Medicationis parabole<\/em> du m\u00eame auteur. Ce projet fut abandonn\u00e9 d\u00e8s ses d\u00e9buts, apr\u00e8s n&rsquo;avoir expliqu\u00e9 qu&rsquo;une quinzaine d&rsquo;aphorismes au total.<\/li>\n\n\n\n<li><em>Aphorismi particulares<\/em>&nbsp;(\u00ab Aphorismes particuliers \u00bb) : ils seraient inachev\u00e9s, il s&rsquo;agit d&rsquo;un recueil h\u00e9t\u00e9rog\u00e8ne de 162 phrases fond\u00e9es sur des observations cliniques de maladies qui touchent la t\u00eate, la poitrine et l&rsquo;abdomen, ainsi que les parties g\u00e9nitales.<\/li>\n\n\n\n<li><em>Aphorismi de memoria <\/em>(\u00ab Aphorismes sur la m\u00e9moire) : il s&rsquo;agit d&rsquo;un ensemble de 25 r\u00e8gles d&rsquo;hygi\u00e8ne pour am\u00e9liorer la m\u00e9moire.<\/li>\n\n\n\n<li><em>Aphorismi extravagantes<\/em> (\u00ab Aphorismes extravagants \u00bb) : il s&rsquo;agit de 24 indications majoritairement destin\u00e9es \u00e0 soigner les articulations.<\/li>\n<\/ol>\n\n\n\n<figure class=\"wp-block-image size-full is-resized\"><img loading=\"lazy\" decoding=\"async\" width=\"285\" height=\"429\" src=\"https:\/\/webs.uab.cat\/arnau\/wp-content\/uploads\/sites\/132\/2016\/10\/felip4_llit.jpg\" alt=\"\" class=\"wp-image-523\" style=\"aspect-ratio:0.6641294005708849;width:470px;height:auto\" srcset=\"https:\/\/webs.uab.cat\/arnau\/wp-content\/uploads\/sites\/132\/2016\/10\/felip4_llit.jpg 285w, https:\/\/webs.uab.cat\/arnau\/wp-content\/uploads\/sites\/132\/2016\/10\/felip4_llit-199x300.jpg 199w\" sizes=\"auto, (max-width: 285px) 100vw, 285px\" \/><figcaption class=\"wp-element-caption\">&nbsp;Illustration : Mort du&nbsp;roi&nbsp;de France,&nbsp;Philippe IV le&nbsp;Bel, en 1316. Arnau l&rsquo;a trait\u00e9 dans mission diplomatique et lui a d\u00e9di\u00e9 les&nbsp;<em>Medicationis parabolae<\/em>. Origine : <a rel=\"noreferrer noopener\" href=\"http:\/\/commons.wikimedia.org\/wiki\/File:Philip_IV_of_France_lying_in_bed.jpg\" target=\"_blank\">Wikimedia<\/a>.<\/figcaption><\/figure>\n","protected":false},"excerpt":{"rendered":"<p>Arnau de Vilanova porte un int\u00e9r\u00eat sp\u00e9cial au genre aphoristique, tr\u00e8s utile dans l&rsquo;enseignement pour sa valeur mn\u00e9motechnique.<\/p>\n","protected":false},"author":20,"featured_media":0,"parent":0,"menu_order":0,"comment_status":"closed","ping_status":"closed","template":"","meta":{"footnotes":""},"class_list":["post-317","page","type-page","status-publish","hentry"],"_links":{"self":[{"href":"https:\/\/webs.uab.cat\/arnau\/fr\/wp-json\/wp\/v2\/pages\/317","targetHints":{"allow":["GET"]}}],"collection":[{"href":"https:\/\/webs.uab.cat\/arnau\/fr\/wp-json\/wp\/v2\/pages"}],"about":[{"href":"https:\/\/webs.uab.cat\/arnau\/fr\/wp-json\/wp\/v2\/types\/page"}],"author":[{"embeddable":true,"href":"https:\/\/webs.uab.cat\/arnau\/fr\/wp-json\/wp\/v2\/users\/20"}],"replies":[{"embeddable":true,"href":"https:\/\/webs.uab.cat\/arnau\/fr\/wp-json\/wp\/v2\/comments?post=317"}],"version-history":[{"count":2,"href":"https:\/\/webs.uab.cat\/arnau\/fr\/wp-json\/wp\/v2\/pages\/317\/revisions"}],"predecessor-version":[{"id":1879,"href":"https:\/\/webs.uab.cat\/arnau\/fr\/wp-json\/wp\/v2\/pages\/317\/revisions\/1879"}],"wp:attachment":[{"href":"https:\/\/webs.uab.cat\/arnau\/fr\/wp-json\/wp\/v2\/media?parent=317"}],"curies":[{"name":"wp","href":"https:\/\/api.w.org\/{rel}","templated":true}]}}