{"id":324,"date":"2013-11-10T07:59:12","date_gmt":"2013-11-10T07:59:12","guid":{"rendered":"https:\/\/webs.uab.cat\/arnau\/catalana-2\/"},"modified":"2024-08-13T13:07:12","modified_gmt":"2024-08-13T13:07:12","slug":"catalana-2","status":"publish","type":"page","link":"https:\/\/webs.uab.cat\/arnau\/fr\/catalana-2\/","title":{"rendered":"\u0152uvres, documents et \u00e9p\u00eetres en catalan"},"content":{"rendered":"\n<ol class=\"wp-block-list\" start=\"41\">\n<li><em>Protesta al just\u00edcia de Val\u00e8ncia<\/em> (\u00ab Protestation au justicier de Valence \u00bb)(Valence, 20 avril 1300) : document li\u00e9 \u00e0 un proc\u00e8s contre Berenguer Mercer.<\/li>\n\n\n\n<li><em>Confessi\u00f3 de Barcelona <\/em>(D\u00e9claration de Barcelone) (Barcelone, 11 juillet 1305) : confession des th\u00e8ses proph\u00e9to-apocalyptiques, au sens large, lue au Palais royal devant le roi Jacques II et une assembl\u00e9e distingu\u00e9e. Sur la base des textes bibliques (Daniel XII, 11, Actes I, 7) et de r\u00e9v\u00e9lations sp\u00e9ciales (Insurgent gentes, Cirilo&#8230;), Arnau de Vilanova argumente qu&rsquo;il est possible, utile et n\u00e9cessaire de conna\u00eetre la date de l&rsquo;arriv\u00e9e (imminente) de l&rsquo;Ant\u00e9christ. La partie consacr\u00e9e aux faux religieux est une traduction de la <em>Confessio Ilerdensis.<\/em><\/li>\n\n\n\n<li><em>Lli\u00e7\u00f3 de Narbona<\/em> (Le\u00e7on de Narbonne) (entre l&rsquo;\u00e9t\u00e9 1305 et fin 1308 ; probablement entre le 1er mai et le 27 octobre 1308) : lue \u00e0 Narbonne, Arnau y expose un programme spirituel destin\u00e9 aux B\u00e9guins. Elle oppose le christianisme superficiel et de convenance de son temps \u00e0 la fermet\u00e9 et \u00e0 la conviction des B\u00e9guins, qui portent dans leur c\u0153ur le fondement de la foi : l&rsquo;\u0153uvre et la doctrine de J\u00e9sus Christ.<\/li>\n\n\n\n<li><em>A la reina Blanca d&rsquo;Anjou<\/em> (\u00ab \u00c0 la reine Blanche d&rsquo;Anjou \u00bb) (Avignon, \u00e9t\u00e9 1309) : Arnau y informe la reine Blanche de certaines d\u00e9marches qu&rsquo;il a r\u00e9alis\u00e9es.<\/li>\n\n\n\n<li><em>Raonament d&rsquo;Aviny\u00f3<\/em> (Expos\u00e9 d&rsquo;Avignon) (Almer\u00eda, janvier 1310) : Arnau rend compte devant le roi Jacques des demandes qu&rsquo;il formula \u00e0 Avignon devant le pape et les cardinaux concernant les plans de r\u00e9forme. Dans le <em>Raonament<\/em>, Arnau expose qu&rsquo;en tant que \u00ab buisine \u00bb de J\u00e9sus Christ, il a annonc\u00e9 que la fin du monde aurait lieu au XIVe si\u00e8cle, que le peuple chr\u00e9tien est de fait le plus menteur ; et que la cause en est le mauvais exemple donn\u00e9 par les pr\u00e9lats, les princes et les religieux en g\u00e9n\u00e9ral. En qualit\u00e9 de messager de Jacques II et de Fr\u00e9d\u00e9ric de Sicile, Arnau expose que Dieu leur a inspir\u00e9 de diriger un plan pour promouvoir la v\u00e9rit\u00e9 du christianisme et qu&rsquo;ils ont d\u00e9j\u00e0 commenc\u00e9 \u00e0 le mener \u00e0 bien.<\/li>\n\n\n\n<li><em>Alia informatio beguinorum <\/em>(apr\u00e8s le printemps 1310) : il s&rsquo;agit d&rsquo;une d\u00e9fense et d&rsquo;une justification des options de vie des B\u00e9guins devant une possible (ou r\u00e9elle) enqu\u00eate inquisitoire : la mendicit\u00e9, la pauvret\u00e9 radicale, le renoncement \u00e0 la propri\u00e9t\u00e9, l&rsquo;amour de Dieu et le m\u00e9pris du monde, la marginalisation sociale, le rejet des sciences humaines.<\/li>\n\n\n\n<li><em>Al rei Jaume II<\/em> (\u00ab Au roi Jacques II \u00bb) (Marseille, 17 juin 1310) : Arnau dinforme le roi Jacques II des d\u00e9marches qu&rsquo;il a r\u00e9alis\u00e9es.<\/li>\n\n\n\n<li><em>Informaci\u00f3 espiritual<\/em> (Instruction spirituelle au roi Fr\u00e9d\u00e9ric de Sicile) (probablement, Messine, \u00e9t\u00e9 1310) : Arnau informe le roi Fr\u00e9d\u00e9ric III de Sicile des actes qu&rsquo;il doit accomplir en tant que roi et en tant que roi chr\u00e9tien. En tant que roi chr\u00e9tien, Fr\u00e9d\u00e9ric III de Sicile doit promouvoir la v\u00e9rit\u00e9 du christianisme. Si le roi met en \u0153uvre ces propositions, de nombreux biens en d\u00e9couleront. D&rsquo;ailleurs, les <em>Constituciones Regni Trinacriae<\/em> (n\u00ba 38) s&rsquo;inspirent de quelques conseils arnaldiens de l&rsquo;<em>Informaci\u00f3 espiritual<\/em>.<\/li>\n<\/ol>\n\n\n\n<figure class=\"wp-block-image size-full is-resized\"><img loading=\"lazy\" decoding=\"async\" width=\"550\" height=\"359\" src=\"https:\/\/webs.uab.cat\/arnau\/wp-content\/uploads\/sites\/132\/2016\/10\/geschi-beginen-gr.jpg\" alt=\"\" class=\"wp-image-559\" style=\"aspect-ratio:1.5315904139433552;width:596px;height:auto\" srcset=\"https:\/\/webs.uab.cat\/arnau\/wp-content\/uploads\/sites\/132\/2016\/10\/geschi-beginen-gr.jpg 550w, https:\/\/webs.uab.cat\/arnau\/wp-content\/uploads\/sites\/132\/2016\/10\/geschi-beginen-gr-300x196.jpg 300w\" sizes=\"auto, (max-width: 550px) 100vw, 550px\" \/><figcaption class=\"wp-element-caption\">Illustration : Communaut\u00e9&nbsp;de beguines de Gand. Origine: <a rel=\"noreferrer noopener\" href=\"http:\/\/www.cellitinnen-osa.de\" target=\"_blank\">Genossenschaft der Cellitinnen<\/a>.<\/figcaption><\/figure>\n","protected":false},"excerpt":{"rendered":"","protected":false},"author":20,"featured_media":0,"parent":0,"menu_order":0,"comment_status":"closed","ping_status":"closed","template":"","meta":{"footnotes":""},"class_list":["post-324","page","type-page","status-publish","hentry"],"_links":{"self":[{"href":"https:\/\/webs.uab.cat\/arnau\/fr\/wp-json\/wp\/v2\/pages\/324","targetHints":{"allow":["GET"]}}],"collection":[{"href":"https:\/\/webs.uab.cat\/arnau\/fr\/wp-json\/wp\/v2\/pages"}],"about":[{"href":"https:\/\/webs.uab.cat\/arnau\/fr\/wp-json\/wp\/v2\/types\/page"}],"author":[{"embeddable":true,"href":"https:\/\/webs.uab.cat\/arnau\/fr\/wp-json\/wp\/v2\/users\/20"}],"replies":[{"embeddable":true,"href":"https:\/\/webs.uab.cat\/arnau\/fr\/wp-json\/wp\/v2\/comments?post=324"}],"version-history":[{"count":2,"href":"https:\/\/webs.uab.cat\/arnau\/fr\/wp-json\/wp\/v2\/pages\/324\/revisions"}],"predecessor-version":[{"id":1890,"href":"https:\/\/webs.uab.cat\/arnau\/fr\/wp-json\/wp\/v2\/pages\/324\/revisions\/1890"}],"wp:attachment":[{"href":"https:\/\/webs.uab.cat\/arnau\/fr\/wp-json\/wp\/v2\/media?parent=324"}],"curies":[{"name":"wp","href":"https:\/\/api.w.org\/{rel}","templated":true}]}}