{"id":329,"date":"2013-11-17T12:01:53","date_gmt":"2013-11-17T12:01:53","guid":{"rendered":"https:\/\/webs.uab.cat\/arnau\/preespiritual-2\/"},"modified":"2024-08-13T13:19:13","modified_gmt":"2024-08-13T13:19:13","slug":"preespiritual-2","status":"publish","type":"page","link":"https:\/\/webs.uab.cat\/arnau\/fr\/preespiritual-2\/","title":{"rendered":"Pr\u00e9spirituelle (v. 1292)"},"content":{"rendered":"\n<p>C&rsquo;est une \u00e9tape br\u00e8ve, qui comprend uniquement deux \u0153uvres (voire \u0153uvres, n\u00ba 1 et 2) \u00e9crites en un court intervalle de temps. Arnau de Vilanova \u00e9tait convaincu que toute la cr\u00e9ation, l&rsquo;histoire et la Bible \u00e9taient pleines de myst\u00e8res et de sens cach\u00e9s que Dieu d\u00e9voilerait progressivement. Concr\u00e8tement, Arnau se sent appel\u00e9 \u00e0 d\u00e9chiffrer le sens cach\u00e9 des lettres de l&rsquo;alphabet et \u00e0 les appliquer aux noms de Dieu. La Bible ne contient rien en vain, tout \u00e9l\u00e9ment, les lettres, la fa\u00e7on dont elles sont \u00e9crites, leur son, ont une raison d&rsquo;\u00eatre profonde. Certains sp\u00e9cialistes ont cru que les ant\u00e9c\u00e9dents de ce projet initial d&rsquo;Arnau pouvaient se trouver dans la Kabbale juive, mais l&rsquo;\u00e9dition critique de ces \u0153uvres a clairement montr\u00e9 que le point de d\u00e9part d&rsquo;Arnau est l&rsquo;\u0153uvre <em>De semine Scripturarum<\/em>. Les noms de Dieu, correctement interpr\u00e9t\u00e9s, manifestent d\u00e9j\u00e0 son essence, sa Trinit\u00e9.<\/p>\n\n\n<div class=\"wp-block-image\">\n<figure class=\"aligncenter size-full is-resized\"><img loading=\"lazy\" decoding=\"async\" width=\"285\" height=\"376\" src=\"https:\/\/webs.uab.cat\/arnau\/wp-content\/uploads\/sites\/132\/2016\/10\/barberini31r.JPG\" alt=\"\" class=\"wp-image-571\" style=\"width:408px;height:538px\" srcset=\"https:\/\/webs.uab.cat\/arnau\/wp-content\/uploads\/sites\/132\/2016\/10\/barberini31r.JPG 285w, https:\/\/webs.uab.cat\/arnau\/wp-content\/uploads\/sites\/132\/2016\/10\/barberini31r-227x300.jpg 227w\" sizes=\"auto, (max-width: 285px) 100vw, 285px\" \/><figcaption class=\"wp-element-caption\">Illustration : alphabets h\u00e9breu, grec,&nbsp;latin et arabe, <em>Libre de puritats<\/em>, s. XV, Vatican, BAV, ms. Barb. Lat. 3589, f. 31r<\/figcaption><\/figure>\n<\/div>\n\n\n<p><\/p>\n","protected":false},"excerpt":{"rendered":"<p>C&rsquo;est une \u00e9tape br\u00e8ve, qui comprend uniquement deux \u0153uvres (voire \u0153uvres, n\u00ba 1 et 2) \u00e9crites en un court intervalle de temps. Arnau de Vilanova \u00e9tait convaincu que toute la cr\u00e9ation, l&rsquo;histoire et la Bible \u00e9taient pleines de myst\u00e8res et de sens cach\u00e9s que Dieu d\u00e9voilerait progressivement. Concr\u00e8tement, Arnau se sent appel\u00e9 \u00e0 d\u00e9chiffrer le [&hellip;]<\/p>\n","protected":false},"author":20,"featured_media":0,"parent":0,"menu_order":0,"comment_status":"closed","ping_status":"closed","template":"","meta":{"footnotes":""},"class_list":["post-329","page","type-page","status-publish","hentry"],"_links":{"self":[{"href":"https:\/\/webs.uab.cat\/arnau\/fr\/wp-json\/wp\/v2\/pages\/329","targetHints":{"allow":["GET"]}}],"collection":[{"href":"https:\/\/webs.uab.cat\/arnau\/fr\/wp-json\/wp\/v2\/pages"}],"about":[{"href":"https:\/\/webs.uab.cat\/arnau\/fr\/wp-json\/wp\/v2\/types\/page"}],"author":[{"embeddable":true,"href":"https:\/\/webs.uab.cat\/arnau\/fr\/wp-json\/wp\/v2\/users\/20"}],"replies":[{"embeddable":true,"href":"https:\/\/webs.uab.cat\/arnau\/fr\/wp-json\/wp\/v2\/comments?post=329"}],"version-history":[{"count":2,"href":"https:\/\/webs.uab.cat\/arnau\/fr\/wp-json\/wp\/v2\/pages\/329\/revisions"}],"predecessor-version":[{"id":1895,"href":"https:\/\/webs.uab.cat\/arnau\/fr\/wp-json\/wp\/v2\/pages\/329\/revisions\/1895"}],"wp:attachment":[{"href":"https:\/\/webs.uab.cat\/arnau\/fr\/wp-json\/wp\/v2\/media?parent=329"}],"curies":[{"name":"wp","href":"https:\/\/api.w.org\/{rel}","templated":true}]}}