{"id":344,"date":"2013-11-18T18:01:46","date_gmt":"2013-11-18T18:01:46","guid":{"rendered":"https:\/\/webs.uab.cat\/arnau\/database\/"},"modified":"2022-08-22T07:31:43","modified_gmt":"2022-08-22T07:31:43","slug":"database","status":"publish","type":"page","link":"https:\/\/webs.uab.cat\/arnau\/fr\/database\/","title":{"rendered":"Base de donn\u00e9es"},"content":{"rendered":"\n<p>Nous \u00e9laborons actuellement une base de donn\u00e9es sur Arnau de Vilanova qui comprend les \u0153uvres du corpus arnaldien (tant les authentiques que les apocryphes), les manuscrits, les imprim\u00e9s d&rsquo;\u00e9poque moderne, les documents et la bibliographie secondaire relative \u00e0 cet auteur, son contexte et sa tradition. Bien qu&rsquo;elles soient encore en construction, les sections consacr\u00e9es \u00e0 la bibliographie, aux \u0153uvres et aux documents peuvent d\u00e9j\u00e0 \u00eatre consult\u00e9es.<\/p>\n\n\n\n<h2 class=\"wp-block-heading\">NARPAN DB<\/h2>\n\n\n\n<p><a href=\" http:\/\/db.narpan.net\/cerca_arnau.php?form=biblio\">Bibliographie<\/a> | <a href=\" http:\/\/db.narpan.net\/cerca_arnau.php?form=obres\">\u0152uvres<\/a> | <a href=\"https:\/\/db.narpan.net\/cerca_arnau.php?form=docs\">Documents<\/a><\/p>\n\n\n\n<h3 class=\"wp-block-heading\"><span style=\"font-size: 14px;\">Voir la bibliographie&nbsp;:<\/span><\/h3>\n\n\n\n<ul class=\"wp-block-list\"><li><span style=\"font-size: 14px;\">Mati\u00e8re : <a href=\"http:\/\/db.narpan.net\/cerca_arnau.php?form=biblio&amp;sb=Vilanova%2C+Arnau+de\" target=\"_blank\" rel=\"noopener\">Arnau de Vilanova<\/a><\/span><\/li><li><span style=\"font-size: 14px;\">Mati\u00e8re : <a href=\"http:\/\/db.narpan.net\/cerca_arnau.php?form=biblio&amp;sb=Pseudo-Arnau+de+Vilanova\" target=\"_blank\" rel=\"noopener\"> Pseudo-Arnau de Vilanova<\/a><\/span><\/li><\/ul>\n\n\n\n<h3 class=\"wp-block-heading\"><span style=\"font-size: 14px;\">Documents:<\/span><\/h3>\n\n\n\n<ul class=\"wp-block-list\"><li><span style=\"font-size: 14px;\"><a href=\"https:\/\/db.narpan.net\/cerca_arnau.php?form=docs&amp;submit=all\">Liste compl\u00e8te<\/a><\/span><\/li><li><span style=\"font-size: 14px;\"><a href=\"https:\/\/db.narpan.net\/cerca_arnau.php?form=docs&amp;submit=persones\">Personnes lie\u00e9s<\/a><\/span><\/li><\/ul>\n\n\n<div class=\"wp-block-image\">\n<figure class=\"aligncenter\"><img loading=\"lazy\" decoding=\"async\" width=\"256\" height=\"359\" src=\"https:\/\/webs.uab.cat\/arnau\/wp-content\/uploads\/sites\/132\/2013\/11\/escriva.jpg\" alt=\"escriva.jpg\" class=\"wp-image-109\" srcset=\"https:\/\/webs.uab.cat\/arnau\/wp-content\/uploads\/sites\/132\/2013\/11\/escriva.jpg 256w, https:\/\/webs.uab.cat\/arnau\/wp-content\/uploads\/sites\/132\/2013\/11\/escriva-214x300.jpg 214w\" sizes=\"auto, (max-width: 256px) 100vw, 256px\" \/><figcaption>Illustration: Copiste. Biblioth\u00e8que de la mosqu\u00e9e S\u00fcleymaniye, Istanbul, 1287 (Proced\u00e8ncia: <a rel=\"noreferrer noopener\" href=\"https:\/\/commons.wikimedia.org\/wiki\/File:Irakischer_Maler_von_1287_002.jpg\" target=\"_blank\">Wikimedia<\/a>).<\/figcaption><\/figure>\n<\/div>\n\n\n<p><\/p>\n","protected":false},"excerpt":{"rendered":"<p>Nous \u00e9laborons actuellement une base de donn\u00e9es sur Arnau de Vilanova qui comprend les \u0153uvres du corpus arnaldien (tant les authentiques que les apocryphes), les manuscrits, les imprim\u00e9s d&rsquo;\u00e9poque moderne, les documents et la bibliographie secondaire relative \u00e0 cet auteur, son contexte et sa tradition. Bien qu&rsquo;elles soient encore en construction, les sections consacr\u00e9es \u00e0 [&hellip;]<\/p>\n","protected":false},"author":20,"featured_media":0,"parent":0,"menu_order":0,"comment_status":"closed","ping_status":"closed","template":"","meta":{"footnotes":""},"class_list":["post-344","page","type-page","status-publish","hentry"],"_links":{"self":[{"href":"https:\/\/webs.uab.cat\/arnau\/fr\/wp-json\/wp\/v2\/pages\/344","targetHints":{"allow":["GET"]}}],"collection":[{"href":"https:\/\/webs.uab.cat\/arnau\/fr\/wp-json\/wp\/v2\/pages"}],"about":[{"href":"https:\/\/webs.uab.cat\/arnau\/fr\/wp-json\/wp\/v2\/types\/page"}],"author":[{"embeddable":true,"href":"https:\/\/webs.uab.cat\/arnau\/fr\/wp-json\/wp\/v2\/users\/20"}],"replies":[{"embeddable":true,"href":"https:\/\/webs.uab.cat\/arnau\/fr\/wp-json\/wp\/v2\/comments?post=344"}],"version-history":[{"count":1,"href":"https:\/\/webs.uab.cat\/arnau\/fr\/wp-json\/wp\/v2\/pages\/344\/revisions"}],"predecessor-version":[{"id":1591,"href":"https:\/\/webs.uab.cat\/arnau\/fr\/wp-json\/wp\/v2\/pages\/344\/revisions\/1591"}],"wp:attachment":[{"href":"https:\/\/webs.uab.cat\/arnau\/fr\/wp-json\/wp\/v2\/media?parent=344"}],"curies":[{"name":"wp","href":"https:\/\/api.w.org\/{rel}","templated":true}]}}