{"id":345,"date":"2013-11-21T13:56:32","date_gmt":"2013-11-21T13:56:32","guid":{"rendered":"https:\/\/webs.uab.cat\/arnau\/credits-2\/"},"modified":"2024-08-13T12:27:23","modified_gmt":"2024-08-13T12:27:23","slug":"credits-2","status":"publish","type":"page","link":"https:\/\/webs.uab.cat\/arnau\/fr\/credits-2\/","title":{"rendered":"Cr\u00e9dits et utilisation"},"content":{"rendered":"\n<p>Le pr\u00e9sent site internet et la base de donn\u00e9es associ\u00e9e sont publi\u00e9s sous la licence <a href=\"http:\/\/creativecommons.org\/licenses\/by-nc-nd\/3.0\/deed.ca\" target=\"_blank\" rel=\"noopener\">Creative Commons<\/a>. Par cons\u00e9quent, la reproduction totale ou partielle et la communication publique de ses contenus est autoris\u00e9e, \u00e0 condition que ce ne soit pas \u00e0 des fins commerciales et que la paternit\u00e9 de l&rsquo;\u0153uvre originale soit indiqu\u00e9e. Toutefois, la cr\u00e9ation d&rsquo;\u0153uvres \u00e0 partir de leurs contenus est interdite. L&rsquo;utilisation des images provenant d&rsquo;autres sources (indiqu\u00e9es) est r\u00e9gie par les crit\u00e8res des lieux d&rsquo;origine respectifs.<\/p>\n\n\n\n<figure class=\"wp-block-image size-large is-resized\"><img loading=\"lazy\" decoding=\"async\" width=\"1024\" height=\"1024\" src=\"https:\/\/webs.uab.cat\/arnau\/wp-content\/uploads\/sites\/132\/2024\/06\/1200px-Creative_commons_25px_version.svg_-1024x1024.png\" alt=\"\" class=\"wp-image-1710\" style=\"width:75px;height:auto\" srcset=\"https:\/\/webs.uab.cat\/arnau\/wp-content\/uploads\/sites\/132\/2024\/06\/1200px-Creative_commons_25px_version.svg_-1024x1024.png 1024w, https:\/\/webs.uab.cat\/arnau\/wp-content\/uploads\/sites\/132\/2024\/06\/1200px-Creative_commons_25px_version.svg_-300x300.png 300w, https:\/\/webs.uab.cat\/arnau\/wp-content\/uploads\/sites\/132\/2024\/06\/1200px-Creative_commons_25px_version.svg_-150x150.png 150w, https:\/\/webs.uab.cat\/arnau\/wp-content\/uploads\/sites\/132\/2024\/06\/1200px-Creative_commons_25px_version.svg_-768x768.png 768w, https:\/\/webs.uab.cat\/arnau\/wp-content\/uploads\/sites\/132\/2024\/06\/1200px-Creative_commons_25px_version.svg_.png 1200w\" sizes=\"auto, (max-width: 1024px) 100vw, 1024px\" \/><\/figure>\n\n\n\n<p>Vous pouvez mentionner la pr\u00e9sentation d&rsquo;Arnau de Vilanova (en fran\u00e7ais) figurant ici de la mani\u00e8re suivante :<\/p>\n\n\n\n<p>Sebasti\u00e0 Giralt &#8211; Jaume Mensa, \u00ab\u00a0Qui est Arnau de Vilanova\u00a0\u00bb, dins <em>Arnau DB. Corpus digital d&rsquo;Arnau de Vilanova<\/em>, Universitat Aut\u00f2noma de Barcelona (2018) &lt; <a href=\"http:\/\/grupsderecerca.uab.cat\/arnau\">http:\/\/grupsderecerca.uab.cat\/arnau<\/a> &gt; [date d&rsquo;acc\u00e8s].<\/p>\n\n\n\n<p>Vous pouvez mentionner la base de donn\u00e9es d&rsquo;Arnau de Vilanova de la mani\u00e8re suivante :<\/p>\n\n\n\n<p>Sebasti\u00e0 Giralt &#8211; Jaume Mensa (coord.), \u00ab\u00a0Arnau DB\u00a0\u00bb, dans <em>Arnau DB. Corpus digital d&rsquo;Arnau de Vilanova<\/em>, Universitat Aut\u00f2noma de Barcelona (2013-) &lt; <a href=\"http:\/\/grupsderecerca.uab.cat\/arnau\/arnaudb\">http:\/\/grupsderecerca.uab.cat\/arnau\/arnaudb<\/a> &gt; [date d&rsquo;acc\u00e8s].<\/p>\n\n\n<div class=\"wp-block-image\">\n<figure class=\"aligncenter size-full is-resized\"><img loading=\"lazy\" decoding=\"async\" width=\"420\" height=\"325\" src=\"https:\/\/webs.uab.cat\/arnau\/wp-content\/uploads\/sites\/132\/2013\/11\/copista.jpg\" alt=\"\" class=\"wp-image-116\" style=\"width:526px;height:auto\" srcset=\"https:\/\/webs.uab.cat\/arnau\/wp-content\/uploads\/sites\/132\/2013\/11\/copista.jpg 420w, https:\/\/webs.uab.cat\/arnau\/wp-content\/uploads\/sites\/132\/2013\/11\/copista-300x232.jpg 300w\" sizes=\"auto, (max-width: 420px) 100vw, 420px\" \/><figcaption class=\"wp-element-caption\">Illustration : Jean Mi\u00e9lot, secr\u00e9taire et copiste du duc Philippe III de Bourgogne, dit \u00ab Philippe le Bon \u00bb, \u00e0 son <em>scriptorium<\/em>, dans Miracles de Notre Dame, Biblioth\u00e8que nationale de France, Fr 9198 (\u00e0pres de 1456), f.19 (Origine :&nbsp;<a rel=\"noreferrer noopener\" href=\"http:\/\/commons.wikimedia.org\/wiki\/File:Escribano.jpg\" target=\"_blank\">Wikimedia<\/a>).<\/figcaption><\/figure>\n<\/div>\n\n\n<p>\u200b\u200b<\/p>\n\n\n\n<p><\/p>\n","protected":false},"excerpt":{"rendered":"<p>Le pr\u00e9sent site internet et la base de donn\u00e9es associ\u00e9e sont publi\u00e9s sous la licence Creative Commons. Par cons\u00e9quent, la reproduction totale ou partielle et la communication publique de ses contenus est autoris\u00e9e, \u00e0 condition que ce ne soit pas \u00e0 des fins commerciales et que la paternit\u00e9 de l&rsquo;\u0153uvre originale soit indiqu\u00e9e. Toutefois, la [&hellip;]<\/p>\n","protected":false},"author":20,"featured_media":0,"parent":0,"menu_order":0,"comment_status":"closed","ping_status":"closed","template":"","meta":{"footnotes":""},"class_list":["post-345","page","type-page","status-publish","hentry"],"_links":{"self":[{"href":"https:\/\/webs.uab.cat\/arnau\/fr\/wp-json\/wp\/v2\/pages\/345","targetHints":{"allow":["GET"]}}],"collection":[{"href":"https:\/\/webs.uab.cat\/arnau\/fr\/wp-json\/wp\/v2\/pages"}],"about":[{"href":"https:\/\/webs.uab.cat\/arnau\/fr\/wp-json\/wp\/v2\/types\/page"}],"author":[{"embeddable":true,"href":"https:\/\/webs.uab.cat\/arnau\/fr\/wp-json\/wp\/v2\/users\/20"}],"replies":[{"embeddable":true,"href":"https:\/\/webs.uab.cat\/arnau\/fr\/wp-json\/wp\/v2\/comments?post=345"}],"version-history":[{"count":2,"href":"https:\/\/webs.uab.cat\/arnau\/fr\/wp-json\/wp\/v2\/pages\/345\/revisions"}],"predecessor-version":[{"id":1871,"href":"https:\/\/webs.uab.cat\/arnau\/fr\/wp-json\/wp\/v2\/pages\/345\/revisions\/1871"}],"wp:attachment":[{"href":"https:\/\/webs.uab.cat\/arnau\/fr\/wp-json\/wp\/v2\/media?parent=345"}],"curies":[{"name":"wp","href":"https:\/\/api.w.org\/{rel}","templated":true}]}}