{"id":379,"date":"2019-02-26T08:46:35","date_gmt":"2019-02-26T08:46:35","guid":{"rendered":"https:\/\/webs.uab.cat\/asome\/es-carritx-diposit\/"},"modified":"2023-03-13T14:07:02","modified_gmt":"2023-03-13T14:07:02","slug":"es-carritx-diposit","status":"publish","type":"page","link":"https:\/\/webs.uab.cat\/asome\/es-carritx-diposit\/","title":{"rendered":"Es C\u00e0rritx : Dip\u00f2sit"},"content":{"rendered":"\n<div class=\"wp-block-buttons is-content-justification-center is-layout-flex wp-container-core-buttons-is-layout-16018d1d wp-block-buttons-is-layout-flex\">\n<div class=\"wp-block-button\"><a class=\"wp-block-button__link\" href=\"https:\/\/webs.uab.cat\/asome\/es-carritx-projecte\/\">Projecte<\/a><\/div>\n\n\n\n<div class=\"wp-block-button\"><a class=\"wp-block-button__link\" href=\"https:\/\/webs.uab.cat\/asome\/es-carritx-diposit\/\">Dip\u00f2sit<\/a><\/div>\n\n\n\n<div class=\"wp-block-button\"><a class=\"wp-block-button__link\" href=\"https:\/\/webs.uab.cat\/asome\/es-carritx-ritual\/\">Ritual funerari<\/a><\/div>\n\n\n\n<div class=\"wp-block-button\"><a class=\"wp-block-button__link\" href=\"https:\/\/webs.uab.cat\/asome\/es-carritx-excavacio\/\">M\u00e8tode d&#8217;excavaci\u00f3<\/a><\/div>\n\n\n\n<div class=\"wp-block-button\"><a class=\"wp-block-button__link\" href=\"https:\/\/webs.uab.cat\/asome\/es-carritx-resultats\/\">resultats recerca<\/a><\/div>\n<\/div>\n\n\n\n<p>El contenido del\u00a0<strong>dep\u00f3sito de la Sala 5<\/strong>\u00a0fue recuperado tras doce horas de trabajo ininterrumpido el 11 de marzo de 1995.\u00a0Debido a las caracter\u00edsticas de este conjunto y a la excepcional conservaci\u00f3n de su contenido, no cabe duda de que se trata de uno de los descubrimientos arqueol\u00f3gicos m\u00e1s importantes de las \u00faltimas d\u00e9cadas.<\/p>\n\n\n\n<p>Los restos m\u00e1s llamativos correspond\u00edan a\u00a0<strong>10 asombrosos tubitos de madera o de asta de b\u00f3vido, provistos de tapaderas de madera o hueso, que conten\u00edan abundantes mechones de cabellos<\/strong>.<\/p>\n\n\n\n<p>Destacaban tambi\u00e9n\u00a0<strong>varias piezas de madera\u00a0<\/strong>muy bien conservadas, como un magn\u00edfico\u00a0<strong>peine en forma de murci\u00e9lago<\/strong>, al menos\u00a0<strong>cuatro esp\u00e1tulas o cucharas<\/strong>,\u00a0<strong>tres vasos<\/strong>\u00a0o tazas admirablemente tallados y pulidos, y diversos bastoncillos. Adem\u00e1s, se encontr\u00f3 una\u00a0<strong>cuchilla de bronce<\/strong>, un\u00a0<strong>adorno del mismo materia<\/strong>l y\u00a0<strong>dos vasijas de cer\u00e1mica<\/strong>. La mayor\u00eda de los objetos ocupaban el mismo lugar donde hab\u00edan sido colocados originalmente, mientras que otros se hab\u00edan inclinado o desplazado.<\/p>\n\n\n\n<p>Las detalladas informaciones recogidas durante el cuidadoso trabajo de recuperaci\u00f3n del dep\u00f3sito han permitido saber que\u00a0<strong>todo su contenido fue colocado a la vez<\/strong>. Los tubitos de madera y de asta rellenos de cabellos ocupaban una posici\u00f3n central, mientras que los restantes artefactos se dispon\u00edan a su alrededor, apoyados en las paredes del hoyo.<\/p>\n\n\n\n<figure class=\"wp-block-image size-full\"><img loading=\"lazy\" decoding=\"async\" width=\"640\" height=\"304\" src=\"https:\/\/webs.uab.cat\/asome\/wp-content\/uploads\/sites\/387\/2019\/02\/investmedjcd01.gif\" alt=\"\" class=\"wp-image-377\"\/><\/figure>\n\n\n\n<p><style type=\"text\/css\">#link_bar a { padding:10px; font-weight:bold; margin:2px; float:left; text-decoration: none;}&amp;amp;amp;amp;lt;br \/>     #link_bar a:link { color:#707070; background-color:#ffffb3; }&amp;amp;amp;amp;lt;br \/>     #link_bar a:visited { color:#909090; background-color:#ffffb3; }&amp;amp;amp;amp;lt;br \/>     #link_bar a:hover { color:#ffffff; background-color:#CCCCCC; }&amp;amp;amp;amp;lt;br \/>     #link_bar a:active { color:#f0f0f0; background-color:#00ff00; }&amp;amp;amp;amp;lt;br \/> <\/style><\/p>\n\n\n\n<hr class=\"wp-block-separator has-alpha-channel-opacity\"\/>\n","protected":false},"excerpt":{"rendered":"<p>El contenido del\u00a0dep\u00f3sito de la Sala 5\u00a0fue recuperado tras doce horas de trabajo ininterrumpido el 11 de marzo de 1995.\u00a0Debido a las caracter\u00edsticas de este conjunto y a la excepcional conservaci\u00f3n de su contenido, no cabe duda de que se trata de uno de los descubrimientos arqueol\u00f3gicos m\u00e1s importantes de las \u00faltimas d\u00e9cadas. Los restos [&hellip;]<\/p>\n","protected":false},"author":44,"featured_media":0,"parent":0,"menu_order":0,"comment_status":"closed","ping_status":"closed","template":"","meta":{"footnotes":""},"class_list":["post-379","page","type-page","status-publish","hentry"],"_links":{"self":[{"href":"https:\/\/webs.uab.cat\/asome\/wp-json\/wp\/v2\/pages\/379","targetHints":{"allow":["GET"]}}],"collection":[{"href":"https:\/\/webs.uab.cat\/asome\/wp-json\/wp\/v2\/pages"}],"about":[{"href":"https:\/\/webs.uab.cat\/asome\/wp-json\/wp\/v2\/types\/page"}],"author":[{"embeddable":true,"href":"https:\/\/webs.uab.cat\/asome\/wp-json\/wp\/v2\/users\/44"}],"replies":[{"embeddable":true,"href":"https:\/\/webs.uab.cat\/asome\/wp-json\/wp\/v2\/comments?post=379"}],"version-history":[{"count":1,"href":"https:\/\/webs.uab.cat\/asome\/wp-json\/wp\/v2\/pages\/379\/revisions"}],"predecessor-version":[{"id":656,"href":"https:\/\/webs.uab.cat\/asome\/wp-json\/wp\/v2\/pages\/379\/revisions\/656"}],"wp:attachment":[{"href":"https:\/\/webs.uab.cat\/asome\/wp-json\/wp\/v2\/media?parent=379"}],"curies":[{"name":"wp","href":"https:\/\/api.w.org\/{rel}","templated":true}]}}