{"id":5,"date":"2020-03-05T13:28:52","date_gmt":"2020-03-05T11:28:52","guid":{"rendered":"https:\/\/blogs.uab.cat\/barrisinnovacio\/?page_id=5"},"modified":"2025-06-04T15:26:34","modified_gmt":"2025-06-04T13:26:34","slug":"qui-som","status":"publish","type":"page","link":"https:\/\/webs.uab.cat\/barrisinnovacio\/qui-som\/","title":{"rendered":"Qui som"},"content":{"rendered":"\n<h2 class=\"wp-block-heading\"><strong>QUI SOM<\/strong><\/h2>\n\n\n\n<p>Barris i Innovaci\u00f3 \u00e9s una l\u00ednia de recerca desenvolupada des de&nbsp;l\u2019<a href=\"http:\/\/igop.uab.cat\/\" target=\"_blank\" rel=\"noopener noreferrer\">Institut de Govern i Pol\u00edtiques P\u00fabliques<\/a>&nbsp;(IGOP-UAB) a partir de l\u2019any 2013 amb l\u2019inici del projecte d\u2019investigaci\u00f3&nbsp;<a href=\"https:\/\/blogs.uab.cat\/barrisinnovacio\/barris-i-crisi\/\" rel=\"noopener noreferrer\">Barris i Crisi<\/a>. A partir d\u2019aquella recerca s\u2019han desplegat altres projectes que han anat donant continu\u00eftat en l\u2019an\u00e0lisi de les pr\u00e0ctiques d\u2019innovaci\u00f3 social a Catalunya&nbsp;i l\u2019estudi dels&nbsp;impactes de la crisi en les din\u00e0miques de desigualtat social i espacial a les ciutats.<\/p>\n\n\n\n<p>&nbsp;<\/p>\n\n\n\n<h2 class=\"wp-block-heading\"><strong>EQUIP<\/strong><\/h2>\n\n\n\n<h3 class=\"wp-block-heading\"><strong>Ismael Blanco<\/strong><\/h3>\n\n\n\n<figure class=\"wp-block-image\"><img loading=\"lazy\" decoding=\"async\" width=\"150\" height=\"150\" src=\"http:\/\/blogs.uab.cat\/barrisinnovacio\/files\/2020\/03\/ismaelblanco-150x150.jpg\" alt=\"Ismael Blanco\" class=\"wp-image-118\" \/><\/figure>\n\n\n\n<p><\/p>\n\n\n\n<p>Doctor en Ci\u00e8ncia Pol\u00edtica per la Universitat Aut\u00f2noma de Barcelona. Investigador a l\u2019IGOP i professor agregat al Departament de Ci\u00e8ncia Pol\u00edtica i Dret P\u00fablic de la UAB. Com a investigador Ramon y Cajal ha estat vinculat al Departament de Ci\u00e8ncies Pol\u00edtiques i Socials de la Universitat Pompeu Fabra. Ha estat investigador Beatriu de Pin\u00f3s en el Departament de Pol\u00edtiques P\u00fabliques de la De Montfort University (Reino Unido), i investigador visitant a la Universitat Federal de Minas Gerais i la Fundaci\u00f3 Joao Pinheiro (Brasil). \u00c9s membre del grup d\u2019investigaci\u00f3 Urban Governance, Commons, Internet and Social Innovation (URGOCIS) de l\u2019IGOP. Les seves investigacions actuals es centren en els impactes socioespaciales de la crisi en les ciutats i en les formes emergents de participaci\u00f3 i&nbsp;de governan\u00e7a en aquest context. \u00c9s membre del consorci d\u2019investigaci\u00f3&nbsp;<em>Collaborative Governance Under Austerity: An Eight-Case Comparison<\/em>, finan\u00e7at pel Economic and Social Research Council (Regne Unit) i dirigit pel Prof. Jonathan Davies.<\/p>\n\n\n\n<p><strong>Contacte:<\/strong>&nbsp;ismael.blanco(at)uab.cat<br><strong>Web:<\/strong>&nbsp;<a href=\"http:\/\/uab.academia.edu\/ismaelblanco\" target=\"_blank\" rel=\"noopener noreferrer\">http:\/\/uab.academia.edu\/ismaelblanco<\/a><br><strong>Xarxes socials:<\/strong>&nbsp;@Iblancof<\/p>\n\n\n\n<hr class=\"wp-block-separator has-alpha-channel-opacity\" \/>\n\n\n\n<h3 class=\"wp-block-heading\"><strong>Helena Cruz<\/strong><\/h3>\n\n\n\n<figure class=\"wp-block-image\"><img loading=\"lazy\" decoding=\"async\" width=\"150\" height=\"150\" src=\"http:\/\/blogs.uab.cat\/barrisinnovacio\/files\/2020\/03\/helenacruz-150x150.jpg\" alt=\"Helena Cruz\" class=\"wp-image-117\" \/><\/figure>\n\n\n\n<p><\/p>\n\n\n\n<p>Doctora en Geografia per la Universitat Aut\u00f2noma de Barcelona i M\u00e0ster en Gesti\u00f3 Urbana per la Erasmus Universiteit Rotterdam. Actualment, \u00e9s investigadora a l\u2019IGOP i a l\u2019IERMB i docent a l\u2019Escola Universit\u00e0ria de Turisme Mediterrani (centre adscrit a la Universitat de Girona). Anteriorment, ha estat investigadora postdoctoral en el Departament de Geografia de la UAB i investigadora convidada a la University of California Los Angeles (EUA), l\u2019Istituto Universitario di Architettura di Venezia (It\u00e0lia), la National University of Ireland Maynooth (Irlanda) i la Universit\u00e0 Ca\u2019Foscari (It\u00e0lia). Especialitzada en l\u2019ordenaci\u00f3 i planificaci\u00f3 del territori, els seus \u00e0mbits d\u2019inter\u00e8s s\u00f3n la governan\u00e7a i la participaci\u00f3 ciutadana en les pol\u00edtiques urbanes, la conflictivitat territorial en la planificaci\u00f3 urbana, i les formes d\u2019empoderament en la gesti\u00f3 de l\u2019espai p\u00fablic. Forma part dels grups de recerca URGOCIS (IGOP-UAB) i Espais Cr\u00edtics (UB).<\/p>\n\n\n\n<p><strong>Contacte:<\/strong>&nbsp;helena.cruz(at)uab.cat<br><strong>Web:<\/strong>&nbsp;<a href=\"http:\/\/uab.academia.edu\/HelenaCruz\" target=\"_blank\" rel=\"noopener noreferrer\">http:\/\/uab.academia.edu\/HelenaCruz<\/a><br><strong>Xarxes socials:<\/strong>&nbsp;@hel_cruz<\/p>\n\n\n\n<hr class=\"wp-block-separator has-alpha-channel-opacity\" \/>\n\n\n\n<h3 class=\"wp-block-heading\"><strong>Rub\u00e9n Mart\u00ednez<\/strong><\/h3>\n\n\n\n<figure class=\"wp-block-image\"><img loading=\"lazy\" decoding=\"async\" width=\"150\" height=\"150\" src=\"http:\/\/blogs.uab.cat\/barrisinnovacio\/files\/2020\/03\/rubenmartinez-150x150.jpg\" alt=\"Ruben Mart\u00ednez\" class=\"wp-image-125\" \/><\/figure>\n\n\n\n<p><\/p>\n\n\n\n<p>Llicenciat en Belles Arts (UB) i M\u00e0ster en Ci\u00e8ncies Pol\u00edtiques i Transformaci\u00f3 Social per la Universitat Aut\u00f2noma de Barcelona. Actualment, est\u00e0 fent el doctorat a l\u2019IGOP, on \u00e9s investigador FPI vinculat al projecte TRANSGOB. La seva recerca es centra en l\u2019an\u00e0lisi de les pol\u00edtiques p\u00fabliques que fomentin la innovaci\u00f3 social i la seva articulaci\u00f3 amb els processos i els canvis en les relacions socials de poder basades en la comunitat.<\/p>\n\n\n\n<p><strong>Contacte:<\/strong>&nbsp;ruben.martinez.moreno(at)uab.cat<br><strong>Web:&nbsp; <\/strong><a href=\"http:\/\/leyseca.net\/\" target=\"_blank\" rel=\"noopener noreferrer\">http:\/\/leyseca.net\/<\/a><br><strong>Xarxes socials:<\/strong>&nbsp;@RubenMartinez<\/p>\n\n\n\n<hr class=\"wp-block-separator has-alpha-channel-opacity\" \/>\n\n\n\n<h3 class=\"wp-block-heading\"><strong>Oriol Nel\u00b7lo<\/strong><\/h3>\n\n\n\n<figure class=\"wp-block-image\"><img loading=\"lazy\" decoding=\"async\" width=\"150\" height=\"131\" src=\"http:\/\/blogs.uab.cat\/barrisinnovacio\/files\/2020\/03\/onello-e1490026345962-150x131.jpg\" alt=\"Oriol Nel\u00b7lo\" class=\"wp-image-122\" \/><\/figure>\n\n\n\n<p><\/p>\n\n\n\n<p>Oriol Nel\u00b7lo (Barcelona, 1957) \u00e9s ge\u00f2graf especialitzat en estudis urbans i ordenaci\u00f3 del territori, temes sobre els que ha publicat un bon nombre de llibres i articles cient\u00edfics. Format a la Universitat Aut\u00f2noma de Barcelona (Doctor en Geografia) i a la Johns Hopkins University (Mestratge en Afers Internacionals), ha estat director de l\u2019Institut d\u2019Estudis Metropolitans de Barcelona (1988-1999), Diputat al Parlament de Catalunya (1999-2003) i Secretari per a la Planificaci\u00f3 Territorial del Govern de la Generalitat de Catalunya (2003-2011).<br>Actualment, \u00e9s membre numerari de l\u2019Institut d\u2019Estudis Catalans i professor de la Universitat Aut\u00f2noma de Barcelona, on es reincorpor\u00e0 l\u2019any 2011 per impartir des del Departament de Geografia ensenyaments de&nbsp;grau,&nbsp;postgrau&nbsp;i&nbsp;doctorat. En els darrers anys, ha estat aix\u00ed mateix professor convidat a la School of Environment and Development, Manchester, a l\u2019Istituto Universitario di Architettura di Venezia i al Dipartimento di Architettura de la Universit\u00e0 di Sassari, aix\u00ed com&nbsp;conferenciant&nbsp;a universitats de Brasil, Espanya, It\u00e0lia, Gran Bretanya, M\u00e8xic, Portugal i Xile.<\/p>\n\n\n\n<p><strong>Contacte:&nbsp;<\/strong>oriol.nello(at)uab.cat<br><strong>Web:&nbsp;<\/strong><a href=\"http:\/\/oriolnello.blogspot.com.es\/\" target=\"_blank\" rel=\"noopener noreferrer\">http:\/\/oriolnello.blogspot.com.es\/<\/a><\/p>\n\n\n\n<hr class=\"wp-block-separator has-alpha-channel-opacity\" \/>\n\n\n\n<h3 class=\"wp-block-heading\"><strong>Altres col\u00b7laboradors\/es:<\/strong><\/h3>\n\n\n\n<p>Charlotte Fern\u00e1ndez<br>Aina Gom\u00e0<br>Gerald Kogler<br>Yuni Salazar<br>N\u00faria Velasco<br>Nicol\u00e1s Barbieri<br>Iv\u00e1n Bitri\u00e0<br>Quim Brugu\u00e9<br>Andreu Camprub\u00ed<br>Carles Donat<br>Javier Garc\u00eda<br>Eduard Jim\u00e9nez<br>Ernesto Morales<br>Marc Par\u00e9s<br>\u00d3scar Rebollo<br>Nat\u00e0lia Rossetti<br>Valerie Vilacha<\/p>\n","protected":false},"excerpt":{"rendered":"<p>QUI SOM Barris i Innovaci\u00f3 \u00e9s una l\u00ednia de recerca desenvolupada des de&nbsp;l\u2019Institut de Govern i Pol\u00edtiques P\u00fabliques&nbsp;(IGOP-UAB) a partir de l\u2019any 2013 amb l\u2019inici del projecte d\u2019investigaci\u00f3&nbsp;Barris i Crisi. A partir d\u2019aquella recerca s\u2019han desplegat altres projectes que han anat donant continu\u00eftat en l\u2019an\u00e0lisi de les pr\u00e0ctiques d\u2019innovaci\u00f3 social a Catalunya&nbsp;i l\u2019estudi dels&nbsp;impactes de [&hellip;]<\/p>\n","protected":false},"author":34,"featured_media":0,"parent":0,"menu_order":0,"comment_status":"closed","ping_status":"closed","template":"","meta":{"footnotes":""},"class_list":["post-5","page","type-page","status-publish","hentry"],"_links":{"self":[{"href":"https:\/\/webs.uab.cat\/barrisinnovacio\/wp-json\/wp\/v2\/pages\/5","targetHints":{"allow":["GET"]}}],"collection":[{"href":"https:\/\/webs.uab.cat\/barrisinnovacio\/wp-json\/wp\/v2\/pages"}],"about":[{"href":"https:\/\/webs.uab.cat\/barrisinnovacio\/wp-json\/wp\/v2\/types\/page"}],"author":[{"embeddable":true,"href":"https:\/\/webs.uab.cat\/barrisinnovacio\/wp-json\/wp\/v2\/users\/34"}],"replies":[{"embeddable":true,"href":"https:\/\/webs.uab.cat\/barrisinnovacio\/wp-json\/wp\/v2\/comments?post=5"}],"version-history":[{"count":1,"href":"https:\/\/webs.uab.cat\/barrisinnovacio\/wp-json\/wp\/v2\/pages\/5\/revisions"}],"predecessor-version":[{"id":266,"href":"https:\/\/webs.uab.cat\/barrisinnovacio\/wp-json\/wp\/v2\/pages\/5\/revisions\/266"}],"wp:attachment":[{"href":"https:\/\/webs.uab.cat\/barrisinnovacio\/wp-json\/wp\/v2\/media?parent=5"}],"curies":[{"name":"wp","href":"https:\/\/api.w.org\/{rel}","templated":true}]}}