{"id":365,"date":"2026-01-14T16:27:53","date_gmt":"2026-01-14T14:27:53","guid":{"rendered":"https:\/\/webs.uab.cat\/campus-social-educatiu\/campus-innovacio-social-i-educativa\/"},"modified":"2026-09-03T15:44:05","modified_gmt":"2026-09-03T13:44:05","slug":"campus-innovacio-social-i-educativa","status":"publish","type":"page","link":"https:\/\/webs.uab.cat\/campus-social-educatiu\/es\/","title":{"rendered":"Campus innovaci\u00f3 social i educativa"},"content":{"rendered":"\n<div class=\"wp-block-columns alignwide has-gris-pubilla-background-color has-background is-layout-flex wp-container-core-columns-is-layout-8f761849 wp-block-columns-is-layout-flex\">\n<div class=\"wp-block-column is-layout-flow wp-block-column-is-layout-flow\">\n<h3 class=\"wp-block-heading\">Experiencias educativas situadas para activar el territorio, el conocimiento y la comunidad.<\/h3>\n\n\n\n<p class=\"wp-block-paragraph\">El Campus de Innovaci\u00f3n Social y Educativa es una iniciativa impulsada por la Universidad Aut\u00f3noma de Barcelona que trabaja con administraciones p\u00fablicas, entidades, equipamientos, empresas y comunidades para desarrollar proyectos vinculados al territorio.<\/p>\n\n\n\n<p class=\"wp-block-paragraph\">Dise\u00f1amos, experimentamos y evaluamos propuestas mediante <em>Living Labs<\/em>, metodolog\u00edas participativas y aprendizaje situado. En estos procesos integramos la participaci\u00f3n del estudiantado, la colaboraci\u00f3n entre agentes y la creaci\u00f3n de conocimiento y recursos educativos abiertos.<\/p>\n\n\n\n<p class=\"wp-block-paragraph\">Nos sumamos a iniciativas y co-creamos nuevos proyectos para abordar retos desde una mirada situada, social, educativa y comunitaria.<\/p>\n<\/div>\n\n\n\n<div class=\"wp-block-column is-layout-flow wp-block-column-is-layout-flow\">\n<figure class=\"wp-block-embed is-type-video is-provider-youtube wp-block-embed-youtube wp-embed-aspect-16-9 wp-has-aspect-ratio\"><div class=\"wp-block-embed__wrapper\">\n<iframe loading=\"lazy\" title=\"00 Presentaci\u00f3\" width=\"580\" height=\"326\" src=\"https:\/\/www.youtube.com\/embed\/FHtkijQ93YU?feature=oembed\" frameborder=\"0\" allow=\"accelerometer; autoplay; clipboard-write; encrypted-media; gyroscope; picture-in-picture; web-share\" referrerpolicy=\"strict-origin-when-cross-origin\" allowfullscreen><\/iframe>\n<\/div><\/figure>\n\n\n\n<div class=\"wp-block-buttons is-layout-flex wp-block-buttons-is-layout-flex\">\n<div class=\"wp-block-button\"><a class=\"wp-block-button__link wp-element-button\" href=\"https:\/\/webs.uab.cat\/campus-social-educatiu\/es\/nuestro-campus\/que-fem\/\">C\u00d3MO TRABAJAMOS<\/a><\/div>\n\n\n\n<div class=\"wp-block-button\"><a class=\"wp-block-button__link has-negre-eben-background-color has-background wp-element-button\" href=\"https:\/\/webs.uab.cat\/campus-social-educatiu\/es\/metodologias\/\">PROYECTOS Y EXPERIENCIAS<\/a><\/div>\n<\/div>\n<\/div>\n<\/div>\n\n\n\n<div class=\"wp-block-columns alignwide has-gris-pubilla-background-color has-background is-layout-flex wp-container-core-columns-is-layout-8f761849 wp-block-columns-is-layout-flex\">\n<div class=\"wp-block-column is-layout-flow wp-block-column-is-layout-flow\">\n<div class=\"wp-block-columns are-vertically-aligned-center is-layout-flex wp-container-core-columns-is-layout-8f761849 wp-block-columns-is-layout-flex\">\n<div class=\"wp-block-column is-vertically-aligned-center is-layout-flow wp-block-column-is-layout-flow\" style=\"flex-basis:50%\">\n<h3 class=\"wp-block-heading alignwide\">Noticias<\/h3>\n<\/div>\n\n\n\n<div class=\"wp-block-column is-vertically-aligned-center is-layout-flow wp-block-column-is-layout-flow\" style=\"flex-basis:50%\">\n<div class=\"wp-block-buttons is-content-justification-right is-layout-flex wp-container-core-buttons-is-layout-89b4c9e9 wp-block-buttons-is-layout-flex\">\n<div class=\"wp-block-button is-style-outline is-style-outline--1\"><a class=\"wp-block-button__link wp-element-button\" href=\"https:\/\/webs.uab.cat\/campus-social-educatiu\/es\/category\/noticias\/\">Todas las noticias<\/a><\/div>\n<\/div>\n<\/div>\n<\/div>\n\n\n\n<div class=\"wp-block-query is-layout-flow wp-block-query-is-layout-flow\"><ul class=\"columns-3 alignwide wp-block-post-template is-layout-grid wp-container-core-post-template-is-layout-50eac3a5 wp-block-post-template-is-layout-grid\"><li class=\"wp-block-post post-1039 post type-post status-publish format-standard has-post-thumbnail hentry category-abr category-aps category-noticias category-ods11 category-ods4 category-patrimonio category-psip category-recursos category-tfe\">\n<figure class=\"wp-block-post-featured-image\"><img loading=\"lazy\" decoding=\"async\" width=\"512\" height=\"285\" src=\"https:\/\/webs.uab.cat\/campus-social-educatiu\/wp-content\/uploads\/sites\/672\/2025\/06\/image.webp\" class=\"attachment-post-thumbnail size-post-thumbnail wp-post-image\" alt=\"\" style=\"object-fit:cover;\" srcset=\"https:\/\/webs.uab.cat\/campus-social-educatiu\/wp-content\/uploads\/sites\/672\/2025\/06\/image.webp 512w, https:\/\/webs.uab.cat\/campus-social-educatiu\/wp-content\/uploads\/sites\/672\/2025\/06\/image-300x167.webp 300w\" sizes=\"auto, (max-width: 512px) 100vw, 512px\" \/><\/figure>\n\n<h3 class=\"has-text-align-left has-link-color wp-elements-3bb4a4c22b85a3a069c2b45a1220fa6d wp-block-post-title has-text-color has-verd-tropic-color has-normal-font-size\"><a href=\"https:\/\/webs.uab.cat\/campus-social-educatiu\/es\/%f0%9f%8e%acpalautube-videos-animats-per-descobrir-el-patrimoni-cultural-de-palau-solita-i-plegamans\/\" target=\"_self\" >\ud83c\udfacPalauTube: v\u00eddeos animats per descobrir el patrimoni cultural de Palau-solit\u00e0 i Plegamans<\/a><\/h3>\n<\/li><\/ul><\/div>\n<\/div>\n<\/div>\n\n\n\n<div class=\"wp-block-columns alignwide is-layout-flex wp-container-core-columns-is-layout-8f761849 wp-block-columns-is-layout-flex\">\n<div class=\"wp-block-column has-gris-pubilla-background-color has-background is-layout-flow wp-block-column-is-layout-flow\">\n<div class=\"wp-block-columns alignwide are-vertically-aligned-center is-layout-flex wp-container-core-columns-is-layout-8f761849 wp-block-columns-is-layout-flex\">\n<div class=\"wp-block-column is-vertically-aligned-center is-layout-flow wp-block-column-is-layout-flow\" style=\"flex-basis:50%\">\n<h3 class=\"wp-block-heading alignwide\">Projects and experiences<\/h3>\n<\/div>\n\n\n\n<div class=\"wp-block-column is-vertically-aligned-center is-layout-flow wp-block-column-is-layout-flow\" style=\"flex-basis:50%\">\n<div class=\"wp-block-buttons is-content-justification-right is-layout-flex wp-container-core-buttons-is-layout-89b4c9e9 wp-block-buttons-is-layout-flex\">\n<div class=\"wp-block-button is-style-outline is-style-outline--2\"><a class=\"wp-block-button__link wp-element-button\" href=\"https:\/\/webs.uab.cat\/campus-social-educatiu\/es\/projectes\/\">all Projects<\/a><\/div>\n<\/div>\n<\/div>\n<\/div>\n\n\n\n<div class=\"wp-block-columns is-layout-flex wp-container-core-columns-is-layout-8f761849 wp-block-columns-is-layout-flex\">\n<div class=\"wp-block-column is-layout-flow wp-block-column-is-layout-flow\">\n<figure class=\"wp-block-image size-full\"><img loading=\"lazy\" decoding=\"async\" width=\"1000\" height=\"1000\" src=\"https:\/\/webs.uab.cat\/campus-social-educatiu\/wp-content\/uploads\/sites\/672\/2026\/09\/conecta-investigacion.png\" alt=\"\" class=\"wp-image-1310\" style=\"aspect-ratio:4\/3;object-fit:cover\" srcset=\"https:\/\/webs.uab.cat\/campus-social-educatiu\/wp-content\/uploads\/sites\/672\/2026\/09\/conecta-investigacion.png 1000w, https:\/\/webs.uab.cat\/campus-social-educatiu\/wp-content\/uploads\/sites\/672\/2026\/09\/conecta-investigacion-300x300.png 300w, https:\/\/webs.uab.cat\/campus-social-educatiu\/wp-content\/uploads\/sites\/672\/2026\/09\/conecta-investigacion-150x150.png 150w, https:\/\/webs.uab.cat\/campus-social-educatiu\/wp-content\/uploads\/sites\/672\/2026\/09\/conecta-investigacion-768x768.png 768w\" sizes=\"auto, (max-width: 1000px) 100vw, 1000px\" \/><\/figure>\n\n\n\n<h4 class=\"wp-block-heading has-verd-tropic-color has-text-color has-link-color wp-elements-b67d604c166ffde52390a996a53e0a3d\"><strong><em>Conecta investigaci\u00f3<\/em>: Codise\u00f1o de investigaciones con entidades sociales<\/strong><\/h4>\n<\/div>\n\n\n\n<div class=\"wp-block-column is-layout-flow wp-block-column-is-layout-flow\">\n<figure class=\"wp-block-image size-full\"><img loading=\"lazy\" decoding=\"async\" width=\"445\" height=\"329\" src=\"https:\/\/webs.uab.cat\/campus-social-educatiu\/wp-content\/uploads\/sites\/672\/2026\/03\/6.png\" alt=\"\" class=\"wp-image-1112\" style=\"aspect-ratio:4\/3;object-fit:cover\" srcset=\"https:\/\/webs.uab.cat\/campus-social-educatiu\/wp-content\/uploads\/sites\/672\/2026\/03\/6.png 445w, https:\/\/webs.uab.cat\/campus-social-educatiu\/wp-content\/uploads\/sites\/672\/2026\/03\/6-300x222.png 300w\" sizes=\"auto, (max-width: 445px) 100vw, 445px\" \/><\/figure>\n\n\n\n<h4 class=\"wp-block-heading has-verd-tropic-color has-text-color has-link-color wp-elements-bb44b2954fa0a86930d80560d9493444\">Proyecto <em>Veus de Palau<\/em>: Itinerarios y memoria patrimonial compartida desde la biblioteca \u2014 Memoria oral y cultivo de Palau-solit\u00e0 i Plegamans.<\/h4>\n<\/div>\n\n\n\n<div class=\"wp-block-column is-layout-flow wp-block-column-is-layout-flow\">\n<figure class=\"wp-block-image size-full\"><img loading=\"lazy\" decoding=\"async\" width=\"500\" height=\"500\" src=\"https:\/\/webs.uab.cat\/campus-social-educatiu\/wp-content\/uploads\/sites\/672\/2026\/01\/logo-campus.png\" alt=\"\" class=\"wp-image-274\" style=\"aspect-ratio:4\/3;object-fit:cover\" srcset=\"https:\/\/webs.uab.cat\/campus-social-educatiu\/wp-content\/uploads\/sites\/672\/2026\/01\/logo-campus.png 500w, https:\/\/webs.uab.cat\/campus-social-educatiu\/wp-content\/uploads\/sites\/672\/2026\/01\/logo-campus-300x300.png 300w, https:\/\/webs.uab.cat\/campus-social-educatiu\/wp-content\/uploads\/sites\/672\/2026\/01\/logo-campus-150x150.png 150w\" sizes=\"auto, (max-width: 500px) 100vw, 500px\" \/><\/figure>\n\n\n\n<h4 class=\"wp-block-heading has-verd-tropic-color has-text-color has-link-color wp-elements-ed1ac93ece3dc078d6eb64de0e2627e7\"><strong>Palau-solit\u00e0 i Plegamans, ciutat jug<\/strong><strong>Espa\u00f1ol:<\/strong> Palau-solit\u00e0 i Plegamans, ciudad jugable. Innovaci\u00f3n social y educativa para un patrimonio vivo.<\/h4>\n<\/div>\n<\/div>\n<\/div>\n<\/div>\n\n\n\n<div class=\"wp-block-columns alignwide is-layout-flex wp-container-core-columns-is-layout-8f761849 wp-block-columns-is-layout-flex\">\n<div class=\"wp-block-column is-layout-flow wp-block-column-is-layout-flow\">\n<div class=\"wp-block-columns are-vertically-aligned-center is-layout-flex wp-container-core-columns-is-layout-8f761849 wp-block-columns-is-layout-flex\">\n<div class=\"wp-block-column is-vertically-aligned-center is-layout-flow wp-block-column-is-layout-flow\" style=\"flex-basis:100%\">\n<h2 class=\"wp-block-heading alignwide\">Financiaci\u00f3n y apoyo<\/h2>\n<\/div>\n<\/div>\n\n\n\n<div class=\"wp-block-columns are-vertically-aligned-center is-layout-flex wp-container-core-columns-is-layout-8f761849 wp-block-columns-is-layout-flex\">\n<div class=\"wp-block-column is-vertically-aligned-center is-layout-flow wp-block-column-is-layout-flow\">\n<figure class=\"wp-block-image size-large\"><img loading=\"lazy\" decoding=\"async\" width=\"1024\" height=\"481\" src=\"https:\/\/webs.uab.cat\/campus-social-educatiu\/wp-content\/uploads\/sites\/672\/2026\/09\/Xarxa-de-Biblioteques-positiu-quadrat-1024x481.jpg\" alt=\"\" class=\"wp-image-1376\" srcset=\"https:\/\/webs.uab.cat\/campus-social-educatiu\/wp-content\/uploads\/sites\/672\/2026\/09\/Xarxa-de-Biblioteques-positiu-quadrat-1024x481.jpg 1024w, https:\/\/webs.uab.cat\/campus-social-educatiu\/wp-content\/uploads\/sites\/672\/2026\/09\/Xarxa-de-Biblioteques-positiu-quadrat-300x141.jpg 300w, https:\/\/webs.uab.cat\/campus-social-educatiu\/wp-content\/uploads\/sites\/672\/2026\/09\/Xarxa-de-Biblioteques-positiu-quadrat-768x360.jpg 768w, https:\/\/webs.uab.cat\/campus-social-educatiu\/wp-content\/uploads\/sites\/672\/2026\/09\/Xarxa-de-Biblioteques-positiu-quadrat.jpg 1078w\" sizes=\"auto, (max-width: 1024px) 100vw, 1024px\" \/><\/figure>\n<\/div>\n\n\n\n<div class=\"wp-block-column is-vertically-aligned-center is-layout-flow wp-block-column-is-layout-flow\">\n<figure class=\"wp-block-image size-full\"><img loading=\"lazy\" decoding=\"async\" width=\"455\" height=\"111\" src=\"https:\/\/webs.uab.cat\/campus-social-educatiu\/wp-content\/uploads\/sites\/672\/2026\/09\/universitat-a-labast.png\" alt=\"\" class=\"wp-image-1377\" srcset=\"https:\/\/webs.uab.cat\/campus-social-educatiu\/wp-content\/uploads\/sites\/672\/2026\/09\/universitat-a-labast.png 455w, https:\/\/webs.uab.cat\/campus-social-educatiu\/wp-content\/uploads\/sites\/672\/2026\/09\/universitat-a-labast-300x73.png 300w\" sizes=\"auto, (max-width: 455px) 100vw, 455px\" \/><\/figure>\n<\/div>\n\n\n\n<div class=\"wp-block-column is-vertically-aligned-center is-layout-flow wp-block-column-is-layout-flow\">\n<figure class=\"wp-block-image size-full\"><img loading=\"lazy\" decoding=\"async\" width=\"200\" height=\"200\" src=\"https:\/\/webs.uab.cat\/campus-social-educatiu\/wp-content\/uploads\/sites\/672\/2026\/09\/parc_de_recerca_uab_logo.jpg\" alt=\"\" class=\"wp-image-1378\" srcset=\"https:\/\/webs.uab.cat\/campus-social-educatiu\/wp-content\/uploads\/sites\/672\/2026\/09\/parc_de_recerca_uab_logo.jpg 200w, https:\/\/webs.uab.cat\/campus-social-educatiu\/wp-content\/uploads\/sites\/672\/2026\/09\/parc_de_recerca_uab_logo-150x150.jpg 150w\" sizes=\"auto, (max-width: 200px) 100vw, 200px\" \/><\/figure>\n<\/div>\n\n\n\n<div class=\"wp-block-column is-vertically-aligned-center is-layout-flow wp-block-column-is-layout-flow\">\n<figure class=\"wp-block-image size-full\"><img loading=\"lazy\" decoding=\"async\" width=\"638\" height=\"313\" src=\"https:\/\/webs.uab.cat\/campus-social-educatiu\/wp-content\/uploads\/sites\/672\/2026\/09\/open-abs.png\" alt=\"\" class=\"wp-image-1379\" srcset=\"https:\/\/webs.uab.cat\/campus-social-educatiu\/wp-content\/uploads\/sites\/672\/2026\/09\/open-abs.png 638w, https:\/\/webs.uab.cat\/campus-social-educatiu\/wp-content\/uploads\/sites\/672\/2026\/09\/open-abs-300x147.png 300w\" sizes=\"auto, (max-width: 638px) 100vw, 638px\" \/><\/figure>\n<\/div>\n\n\n\n<div class=\"wp-block-column is-vertically-aligned-center is-layout-flow wp-block-column-is-layout-flow\">\n<figure class=\"wp-block-image size-full\"><img loading=\"lazy\" decoding=\"async\" width=\"630\" height=\"320\" src=\"https:\/\/webs.uab.cat\/campus-social-educatiu\/wp-content\/uploads\/sites\/672\/2026\/09\/logo-vector-citilab.webp\" alt=\"\" class=\"wp-image-1380\" srcset=\"https:\/\/webs.uab.cat\/campus-social-educatiu\/wp-content\/uploads\/sites\/672\/2026\/09\/logo-vector-citilab.webp 630w, https:\/\/webs.uab.cat\/campus-social-educatiu\/wp-content\/uploads\/sites\/672\/2026\/09\/logo-vector-citilab-300x152.webp 300w\" sizes=\"auto, (max-width: 630px) 100vw, 630px\" \/><\/figure>\n<\/div>\n\n\n\n<div class=\"wp-block-column is-vertically-aligned-center is-layout-flow wp-block-column-is-layout-flow\">\n<figure class=\"wp-block-image size-full\"><img loading=\"lazy\" decoding=\"async\" width=\"1410\" height=\"591\" src=\"https:\/\/webs.uab.cat\/campus-social-educatiu\/wp-content\/uploads\/sites\/672\/2026\/09\/logo-bibliolab.jpg\" alt=\"\" class=\"wp-image-1381\" srcset=\"https:\/\/webs.uab.cat\/campus-social-educatiu\/wp-content\/uploads\/sites\/672\/2026\/09\/logo-bibliolab.jpg 1410w, https:\/\/webs.uab.cat\/campus-social-educatiu\/wp-content\/uploads\/sites\/672\/2026\/09\/logo-bibliolab-300x126.jpg 300w, https:\/\/webs.uab.cat\/campus-social-educatiu\/wp-content\/uploads\/sites\/672\/2026\/09\/logo-bibliolab-1024x429.jpg 1024w, https:\/\/webs.uab.cat\/campus-social-educatiu\/wp-content\/uploads\/sites\/672\/2026\/09\/logo-bibliolab-768x322.jpg 768w, https:\/\/webs.uab.cat\/campus-social-educatiu\/wp-content\/uploads\/sites\/672\/2026\/09\/logo-bibliolab-1200x503.jpg 1200w\" sizes=\"auto, (max-width: 1410px) 100vw, 1410px\" \/><\/figure>\n<\/div>\n\n\n\n<div class=\"wp-block-column is-vertically-aligned-center is-layout-flow wp-block-column-is-layout-flow\">\n<figure class=\"wp-block-image size-full\"><img loading=\"lazy\" decoding=\"async\" width=\"519\" height=\"97\" src=\"https:\/\/webs.uab.cat\/campus-social-educatiu\/wp-content\/uploads\/sites\/672\/2026\/09\/images.png\" alt=\"\" class=\"wp-image-1382\" srcset=\"https:\/\/webs.uab.cat\/campus-social-educatiu\/wp-content\/uploads\/sites\/672\/2026\/09\/images.png 519w, https:\/\/webs.uab.cat\/campus-social-educatiu\/wp-content\/uploads\/sites\/672\/2026\/09\/images-300x56.png 300w\" sizes=\"auto, (max-width: 519px) 100vw, 519px\" \/><\/figure>\n<\/div>\n\n\n\n<div class=\"wp-block-column is-vertically-aligned-center is-layout-flow wp-block-column-is-layout-flow\">\n<figure class=\"wp-block-image size-full\"><img loading=\"lazy\" decoding=\"async\" width=\"898\" height=\"425\" src=\"https:\/\/webs.uab.cat\/campus-social-educatiu\/wp-content\/uploads\/sites\/672\/2026\/09\/agaur.png\" alt=\"\" class=\"wp-image-1390\" srcset=\"https:\/\/webs.uab.cat\/campus-social-educatiu\/wp-content\/uploads\/sites\/672\/2026\/09\/agaur.png 898w, https:\/\/webs.uab.cat\/campus-social-educatiu\/wp-content\/uploads\/sites\/672\/2026\/09\/agaur-300x142.png 300w, https:\/\/webs.uab.cat\/campus-social-educatiu\/wp-content\/uploads\/sites\/672\/2026\/09\/agaur-768x363.png 768w\" sizes=\"auto, (max-width: 898px) 100vw, 898px\" \/><\/figure>\n<\/div>\n<\/div>\n\n\n\n<div class=\"wp-block-columns are-vertically-aligned-center is-layout-flex wp-container-core-columns-is-layout-8f761849 wp-block-columns-is-layout-flex\">\n<div class=\"wp-block-column is-vertically-aligned-center is-layout-flow wp-block-column-is-layout-flow\">\n<figure class=\"wp-block-image size-full\"><img loading=\"lazy\" decoding=\"async\" width=\"447\" height=\"447\" src=\"https:\/\/webs.uab.cat\/campus-social-educatiu\/wp-content\/uploads\/sites\/672\/2026\/09\/images-1.png\" alt=\"\" class=\"wp-image-1383\" srcset=\"https:\/\/webs.uab.cat\/campus-social-educatiu\/wp-content\/uploads\/sites\/672\/2026\/09\/images-1.png 447w, https:\/\/webs.uab.cat\/campus-social-educatiu\/wp-content\/uploads\/sites\/672\/2026\/09\/images-1-300x300.png 300w, https:\/\/webs.uab.cat\/campus-social-educatiu\/wp-content\/uploads\/sites\/672\/2026\/09\/images-1-150x150.png 150w\" sizes=\"auto, (max-width: 447px) 100vw, 447px\" \/><\/figure>\n<\/div>\n\n\n\n<div class=\"wp-block-column is-vertically-aligned-center is-layout-flow wp-block-column-is-layout-flow\">\n<figure class=\"wp-block-image size-full\"><img loading=\"lazy\" decoding=\"async\" width=\"247\" height=\"168\" src=\"https:\/\/webs.uab.cat\/campus-social-educatiu\/wp-content\/uploads\/sites\/672\/2026\/09\/escut-vertical-color.png\" alt=\"\" class=\"wp-image-1384\" \/><\/figure>\n<\/div>\n\n\n\n<div class=\"wp-block-column is-vertically-aligned-center is-layout-flow wp-block-column-is-layout-flow\">\n<figure class=\"wp-block-image size-full\"><img loading=\"lazy\" decoding=\"async\" width=\"1390\" height=\"806\" src=\"https:\/\/webs.uab.cat\/campus-social-educatiu\/wp-content\/uploads\/sites\/672\/2026\/09\/cross-re-tour.png\" alt=\"\" class=\"wp-image-1385\" srcset=\"https:\/\/webs.uab.cat\/campus-social-educatiu\/wp-content\/uploads\/sites\/672\/2026\/09\/cross-re-tour.png 1390w, https:\/\/webs.uab.cat\/campus-social-educatiu\/wp-content\/uploads\/sites\/672\/2026\/09\/cross-re-tour-300x174.png 300w, https:\/\/webs.uab.cat\/campus-social-educatiu\/wp-content\/uploads\/sites\/672\/2026\/09\/cross-re-tour-1024x594.png 1024w, https:\/\/webs.uab.cat\/campus-social-educatiu\/wp-content\/uploads\/sites\/672\/2026\/09\/cross-re-tour-768x445.png 768w, https:\/\/webs.uab.cat\/campus-social-educatiu\/wp-content\/uploads\/sites\/672\/2026\/09\/cross-re-tour-1200x696.png 1200w\" sizes=\"auto, (max-width: 1390px) 100vw, 1390px\" \/><\/figure>\n<\/div>\n\n\n\n<div class=\"wp-block-column is-vertically-aligned-center is-layout-flow wp-block-column-is-layout-flow\">\n<figure class=\"wp-block-image size-full\"><img loading=\"lazy\" decoding=\"async\" width=\"2560\" height=\"1811\" src=\"https:\/\/webs.uab.cat\/campus-social-educatiu\/wp-content\/uploads\/sites\/672\/2026\/09\/Core-Educacio-Negatiu-Color-scaled.png\" alt=\"\" class=\"wp-image-1386\" srcset=\"https:\/\/webs.uab.cat\/campus-social-educatiu\/wp-content\/uploads\/sites\/672\/2026\/09\/Core-Educacio-Negatiu-Color-scaled.png 2560w, https:\/\/webs.uab.cat\/campus-social-educatiu\/wp-content\/uploads\/sites\/672\/2026\/09\/Core-Educacio-Negatiu-Color-300x212.png 300w, https:\/\/webs.uab.cat\/campus-social-educatiu\/wp-content\/uploads\/sites\/672\/2026\/09\/Core-Educacio-Negatiu-Color-1024x724.png 1024w, https:\/\/webs.uab.cat\/campus-social-educatiu\/wp-content\/uploads\/sites\/672\/2026\/09\/Core-Educacio-Negatiu-Color-768x543.png 768w, https:\/\/webs.uab.cat\/campus-social-educatiu\/wp-content\/uploads\/sites\/672\/2026\/09\/Core-Educacio-Negatiu-Color-1536x1086.png 1536w, https:\/\/webs.uab.cat\/campus-social-educatiu\/wp-content\/uploads\/sites\/672\/2026\/09\/Core-Educacio-Negatiu-Color-2048x1448.png 2048w, https:\/\/webs.uab.cat\/campus-social-educatiu\/wp-content\/uploads\/sites\/672\/2026\/09\/Core-Educacio-Negatiu-Color-1200x849.png 1200w, https:\/\/webs.uab.cat\/campus-social-educatiu\/wp-content\/uploads\/sites\/672\/2026\/09\/Core-Educacio-Negatiu-Color-1980x1400.png 1980w\" sizes=\"auto, (max-width: 2560px) 100vw, 2560px\" \/><\/figure>\n<\/div>\n\n\n\n<div class=\"wp-block-column is-vertically-aligned-center is-layout-flow wp-block-column-is-layout-flow\">\n<figure class=\"wp-block-image size-full\"><img loading=\"lazy\" decoding=\"async\" width=\"250\" height=\"126\" src=\"https:\/\/webs.uab.cat\/campus-social-educatiu\/wp-content\/uploads\/sites\/672\/2026\/09\/core-3.jpg\" alt=\"\" class=\"wp-image-1387\" \/><\/figure>\n<\/div>\n\n\n\n<div class=\"wp-block-column is-vertically-aligned-center is-layout-flow wp-block-column-is-layout-flow\">\n<figure class=\"wp-block-image size-full\"><img loading=\"lazy\" decoding=\"async\" width=\"230\" height=\"129\" src=\"https:\/\/webs.uab.cat\/campus-social-educatiu\/wp-content\/uploads\/sites\/672\/2026\/09\/core-1.png\" alt=\"\" class=\"wp-image-1388\" \/><\/figure>\n<\/div>\n\n\n\n<div class=\"wp-block-column is-vertically-aligned-center is-layout-flow wp-block-column-is-layout-flow\">\n<figure class=\"wp-block-image size-full\"><img loading=\"lazy\" decoding=\"async\" width=\"447\" height=\"447\" src=\"https:\/\/webs.uab.cat\/campus-social-educatiu\/wp-content\/uploads\/sites\/672\/2026\/09\/caixa.jpg\" alt=\"\" class=\"wp-image-1389\" srcset=\"https:\/\/webs.uab.cat\/campus-social-educatiu\/wp-content\/uploads\/sites\/672\/2026\/09\/caixa.jpg 447w, https:\/\/webs.uab.cat\/campus-social-educatiu\/wp-content\/uploads\/sites\/672\/2026\/09\/caixa-300x300.jpg 300w, https:\/\/webs.uab.cat\/campus-social-educatiu\/wp-content\/uploads\/sites\/672\/2026\/09\/caixa-150x150.jpg 150w\" sizes=\"auto, (max-width: 447px) 100vw, 447px\" \/><\/figure>\n<\/div>\n<\/div>\n<\/div>\n<\/div>\n\n\n\n<p class=\"wp-block-paragraph\"><\/p>\n","protected":false},"excerpt":{"rendered":"<p>Experiencias educativas situadas para activar el territorio, el conocimiento y la comunidad. El Campus de Innovaci\u00f3n Social y Educativa es una iniciativa impulsada por la Universidad Aut\u00f3noma de Barcelona que trabaja con administraciones p\u00fablicas, entidades, equipamientos, empresas y comunidades para desarrollar proyectos vinculados al territorio. Dise\u00f1amos, experimentamos y evaluamos propuestas mediante Living Labs, metodolog\u00edas participativas [&hellip;]<\/p>\n","protected":false},"author":3035,"featured_media":0,"parent":0,"menu_order":0,"comment_status":"closed","ping_status":"closed","template":"","meta":{"footnotes":""},"class_list":["post-365","page","type-page","status-publish","hentry"],"_links":{"self":[{"href":"https:\/\/webs.uab.cat\/campus-social-educatiu\/es\/wp-json\/wp\/v2\/pages\/365","targetHints":{"allow":["GET"]}}],"collection":[{"href":"https:\/\/webs.uab.cat\/campus-social-educatiu\/es\/wp-json\/wp\/v2\/pages"}],"about":[{"href":"https:\/\/webs.uab.cat\/campus-social-educatiu\/es\/wp-json\/wp\/v2\/types\/page"}],"author":[{"embeddable":true,"href":"https:\/\/webs.uab.cat\/campus-social-educatiu\/es\/wp-json\/wp\/v2\/users\/3035"}],"replies":[{"embeddable":true,"href":"https:\/\/webs.uab.cat\/campus-social-educatiu\/es\/wp-json\/wp\/v2\/comments?post=365"}],"version-history":[{"count":72,"href":"https:\/\/webs.uab.cat\/campus-social-educatiu\/es\/wp-json\/wp\/v2\/pages\/365\/revisions"}],"predecessor-version":[{"id":1435,"href":"https:\/\/webs.uab.cat\/campus-social-educatiu\/es\/wp-json\/wp\/v2\/pages\/365\/revisions\/1435"}],"wp:attachment":[{"href":"https:\/\/webs.uab.cat\/campus-social-educatiu\/es\/wp-json\/wp\/v2\/media?parent=365"}],"curies":[{"name":"wp","href":"https:\/\/api.w.org\/{rel}","templated":true}]}}