{"id":902,"date":"2026-01-14T16:30:53","date_gmt":"2026-01-14T14:30:53","guid":{"rendered":"https:\/\/webs.uab.cat\/campus-social-educatiu\/nuestro-campus\/principis-i-enfoqui\/"},"modified":"2026-09-03T12:20:41","modified_gmt":"2026-09-03T10:20:41","slug":"principis-i-enfoqui","status":"publish","type":"page","link":"https:\/\/webs.uab.cat\/campus-social-educatiu\/es\/nuestro-campus\/principis-i-enfoqui\/","title":{"rendered":"Principios y enfoque"},"content":{"rendered":"\n<div class=\"wp-block-columns alignwide is-layout-flex wp-container-core-columns-is-layout-8f761849 wp-block-columns-is-layout-flex\">\n<div class=\"wp-block-column is-layout-flow wp-block-column-is-layout-flow\">\n<p class=\"wp-block-paragraph\">Somos un equipo socioeducativo que acompa\u00f1a procesos de aprendizaje situados con personas, organizaciones y territorios. Trabajamos en contextos formales, no formales e informales con metodolog\u00edas participativas y l\u00fadicas que favorecen la autonom\u00eda y la reflexi\u00f3n colectiva. Codise\u00f1amos din\u00e1micas y materiales abiertos y reutilizables que ponen en valor el patrimonio local \u2014tangible e intangible\u2014 y contribuyen a hacer las ciudades m\u00e1s jugables y sostenibles. Priorizamos la acci\u00f3n educativa y el trabajo con las personas; la tecnolog\u00eda se integra solo cuando aporta sentido. Entendemos la diversidad como una fortaleza que enriquece contenidos, procesos y v\u00ednculos entre agentes.<\/p>\n\n\n\n<p class=\"wp-block-paragraph\">Codise\u00f1amos experiencias y materiales adaptables que ponen en valor el patrimonio tangible e intangible, la memoria, los conocimientos de las comunidades y las relaciones con el entorno. Priorizamos la acci\u00f3n educativa y el trabajo con las personas, e incorporamos la tecnolog\u00eda cuando contribuye a los objetivos pedag\u00f3gicos, sociales o comunitarios. Entendemos la diversidad como una fuente de conocimiento que enriquece los contenidos, los procesos y los v\u00ednculos entre agentes.<\/p>\n\n\n\n<p class=\"wp-block-paragraph\">Estos principios se concretan en los siguientes enfoques:<\/p>\n<\/div>\n<\/div>\n\n\n\n<div class=\"wp-block-columns are-vertically-aligned-center is-layout-flex wp-container-core-columns-is-layout-8f761849 wp-block-columns-is-layout-flex\">\n<div class=\"wp-block-column is-vertically-aligned-center is-layout-flow wp-block-column-is-layout-flow\"><div class=\"wp-block-image is-style-default\">\n<figure data-wp-context=\"{&quot;imageId&quot;:&quot;6a99e9b678fde&quot;}\" data-wp-interactive=\"core\/image\" data-wp-key=\"6a99e9b678fde\" class=\"aligncenter size-full wp-lightbox-container\"><img loading=\"lazy\" decoding=\"async\" width=\"1200\" height=\"675\" data-wp-class--hide=\"state.isContentHidden\" data-wp-class--show=\"state.isContentVisible\" data-wp-init=\"callbacks.setButtonStyles\" data-wp-on--click=\"actions.showLightbox\" data-wp-on--load=\"callbacks.setButtonStyles\" data-wp-on--pointerdown=\"actions.preloadImage\" data-wp-on--pointerenter=\"actions.preloadImageWithDelay\" data-wp-on--pointerleave=\"actions.cancelPreload\" data-wp-on-window--resize=\"callbacks.setButtonStyles\" src=\"https:\/\/webs.uab.cat\/campus-social-educatiu\/wp-content\/uploads\/sites\/672\/2026\/03\/Prinicipis-CAT.png\" alt=\"\" class=\"wp-image-554\" style=\"object-fit:cover\" srcset=\"https:\/\/webs.uab.cat\/campus-social-educatiu\/wp-content\/uploads\/sites\/672\/2026\/03\/Prinicipis-CAT.png 1200w, https:\/\/webs.uab.cat\/campus-social-educatiu\/wp-content\/uploads\/sites\/672\/2026\/03\/Prinicipis-CAT-300x169.png 300w, https:\/\/webs.uab.cat\/campus-social-educatiu\/wp-content\/uploads\/sites\/672\/2026\/03\/Prinicipis-CAT-1024x576.png 1024w, https:\/\/webs.uab.cat\/campus-social-educatiu\/wp-content\/uploads\/sites\/672\/2026\/03\/Prinicipis-CAT-768x432.png 768w\" sizes=\"auto, (max-width: 1200px) 100vw, 1200px\" \/><button\n\t\t\tclass=\"lightbox-trigger\"\n\t\t\ttype=\"button\"\n\t\t\taria-haspopup=\"dialog\"\n\t\t\tdata-wp-bind--aria-label=\"state.thisImage.triggerButtonAriaLabel\"\n\t\t\tdata-wp-init=\"callbacks.initTriggerButton\"\n\t\t\tdata-wp-on--click=\"actions.showLightbox\"\n\t\t\tdata-wp-style--right=\"state.thisImage.buttonRight\"\n\t\t\tdata-wp-style--top=\"state.thisImage.buttonTop\"\n\t\t>\n\t\t\t<svg xmlns=\"http:\/\/www.w3.org\/2000\/svg\" width=\"12\" height=\"12\" fill=\"none\" viewBox=\"0 0 12 12\">\n\t\t\t\t<path fill=\"#fff\" d=\"M2 0a2 2 0 0 0-2 2v2h1.5V2a.5.5 0 0 1 .5-.5h2V0H2Zm2 10.5H2a.5.5 0 0 1-.5-.5V8H0v2a2 2 0 0 0 2 2h2v-1.5ZM8 12v-1.5h2a.5.5 0 0 0 .5-.5V8H12v2a2 2 0 0 1-2 2H8Zm2-12a2 2 0 0 1 2 2v2h-1.5V2a.5.5 0 0 0-.5-.5H8V0h2Z\" \/>\n\t\t\t<\/svg>\n\t\t<\/button><\/figure>\n<\/div><\/div>\n<\/div>\n\n\n\n<h2 class=\"wp-block-heading alignwide\"><strong>Enfoques desde la pedagog\u00eda social<\/strong><\/h2>\n\n\n\n<div class=\"wp-block-columns alignwide is-layout-flex wp-container-core-columns-is-layout-8f761849 wp-block-columns-is-layout-flex\">\n<div class=\"wp-block-column is-layout-flow wp-block-column-is-layout-flow\">\n<div class=\"wp-block-columns is-layout-flex wp-container-core-columns-is-layout-8f761849 wp-block-columns-is-layout-flex\">\n<div class=\"wp-block-column is-layout-flow wp-block-column-is-layout-flow\">\n<h3 class=\"wp-block-heading has-normal-font-size\"><strong>Educaci\u00f3n patrimonial y tecnolog\u00edas<\/strong><\/h3>\n\n\n\n<p class=\"wp-block-paragraph\">El patrimonio local se trabaja como recurso educativo y cultural situado en el territorio \u2014barrios, pueblos, equipamientos y espacios p\u00fablicos\u2014 para activar memoria, v\u00ednculos y cuidado. Buscamos su revitalizaci\u00f3n como pilar de transformaci\u00f3n social y convivencia. La tecnolog\u00eda se integra de manera contextual, sin ser el eje principal de las actividades, y se utiliza solo cuando aporta valor a\u00f1adido a la experiencia.<\/p>\n<\/div>\n\n\n\n<div class=\"wp-block-column is-layout-flow wp-block-column-is-layout-flow\">\n<h3 class=\"wp-block-heading has-normal-font-size\"><strong>Aprendizaje colaborativo y participativo<\/strong><\/h3>\n\n\n\n<p class=\"wp-block-paragraph\">Priorizamos el codise\u00f1o con personas y organizaciones (asociaciones, ONGs, centros, empresas y administraciones), generando din\u00e1micas l\u00fadicas que favorecen la interacci\u00f3n entre grupos diversos. Promovemos un aprendizaje flexible, con objetivos claros y roles abiertos, y una retroalimentaci\u00f3n continua para ajustar actividades y materiales. Atendemos a la accesibilidad universal y a la diversidad de etapas de la vida.<\/p>\n<\/div>\n\n\n\n<div class=\"wp-block-column is-layout-flow wp-block-column-is-layout-flow\">\n<h3 class=\"wp-block-heading has-normal-font-size\"><strong>Espacios habitables y ciudades jugables<\/strong><\/h3>\n\n\n\n<p class=\"wp-block-paragraph\">Dise\u00f1amos experiencias que fortalecen el v\u00ednculo con los lugares y contribuyen al bienestar cotidiano: uso plural del espacio p\u00fablico, encuentro intergeneracional y juego con sentido. Incorporamos criterios de buen vivir y habitabilidad (sombra, agua, descanso, seguridad percibida, perspectiva de g\u00e9nero, circularidad de materiales) para que plazas, parques, calles y equipamientos sean m\u00e1s acogedores y activos.<\/p>\n<\/div>\n<\/div>\n\n\n\n<div class=\"wp-block-columns is-layout-flex wp-container-core-columns-is-layout-8f761849 wp-block-columns-is-layout-flex\">\n<div class=\"wp-block-column is-layout-flow wp-block-column-is-layout-flow\">\n<h3 class=\"wp-block-heading has-normal-font-size\"><strong>Prototipado y evaluaci\u00f3n<\/strong><\/h3>\n\n\n\n<p class=\"wp-block-paragraph\">La creaci\u00f3n de prototipos y su prueba en contextos reales es fundamental para evaluar el impacto de nuestras actividades. Evaluamos no solo aprendizajes, sino tambi\u00e9n usos del espacio, tiempo de permanencia, recorridos, relaciones y percepciones de bienestar. Combinamos observaci\u00f3n, mapeos, diarios de campo, fotovoz y devoluci\u00f3n colectiva para ajustar los enfoques seg\u00fan los resultados.<\/p>\n<\/div>\n\n\n\n<div class=\"wp-block-column is-layout-flow wp-block-column-is-layout-flow\">\n<h3 class=\"wp-block-heading has-normal-font-size\"><strong>Dise\u00f1o abierto y flexible<\/strong><\/h3>\n\n\n\n<p class=\"wp-block-paragraph\">Nuestras propuestas son abiertas y adaptables, con materiales reutilizables y de acceso libre para su r\u00e9plica en diferentes contextos urbanos y rurales. Facilitamos kits port\u00e1tiles y gu\u00edas breves para su implementaci\u00f3n. Cuando tiene sentido, trabajamos en laboratorios ciudadanos (<em>living labs<\/em>) para sostener procesos de cocreaci\u00f3n y transferencia entre agentes.<\/p>\n<\/div>\n\n\n\n<div class=\"wp-block-column is-layout-flow wp-block-column-is-layout-flow\">\n<figure class=\"wp-block-image size-full is-resized\"><img loading=\"lazy\" decoding=\"async\" width=\"1920\" height=\"2560\" src=\"https:\/\/webs.uab.cat\/campus-social-educatiu\/wp-content\/uploads\/sites\/672\/2026\/03\/IMG_20200114_140512323_BURST001-scaled.jpg\" alt=\"\" class=\"wp-image-1068\" style=\"aspect-ratio:1;object-fit:cover;width:400px;height:auto\" srcset=\"https:\/\/webs.uab.cat\/campus-social-educatiu\/wp-content\/uploads\/sites\/672\/2026\/03\/IMG_20200114_140512323_BURST001-scaled.jpg 1920w, https:\/\/webs.uab.cat\/campus-social-educatiu\/wp-content\/uploads\/sites\/672\/2026\/03\/IMG_20200114_140512323_BURST001-225x300.jpg 225w, https:\/\/webs.uab.cat\/campus-social-educatiu\/wp-content\/uploads\/sites\/672\/2026\/03\/IMG_20200114_140512323_BURST001-768x1024.jpg 768w, https:\/\/webs.uab.cat\/campus-social-educatiu\/wp-content\/uploads\/sites\/672\/2026\/03\/IMG_20200114_140512323_BURST001-1152x1536.jpg 1152w, https:\/\/webs.uab.cat\/campus-social-educatiu\/wp-content\/uploads\/sites\/672\/2026\/03\/IMG_20200114_140512323_BURST001-1536x2048.jpg 1536w, https:\/\/webs.uab.cat\/campus-social-educatiu\/wp-content\/uploads\/sites\/672\/2026\/03\/IMG_20200114_140512323_BURST001-1200x1600.jpg 1200w, https:\/\/webs.uab.cat\/campus-social-educatiu\/wp-content\/uploads\/sites\/672\/2026\/03\/IMG_20200114_140512323_BURST001-1980x2640.jpg 1980w\" sizes=\"auto, (max-width: 1920px) 100vw, 1920px\" \/><\/figure>\n<\/div>\n<\/div>\n<\/div>\n<\/div>\n\n\n\n<h2 class=\"wp-block-heading alignwide\"><strong>Valores principales<\/strong><\/h2>\n\n\n\n<div class=\"wp-block-columns alignwide is-layout-flex wp-container-core-columns-is-layout-8f761849 wp-block-columns-is-layout-flex\">\n<div class=\"wp-block-column is-layout-flow wp-block-column-is-layout-flow\">\n<h3 class=\"wp-block-heading has-normal-font-size\"><strong><strong>Creatividad e innovaci\u00f3n<\/strong><\/strong><\/h3>\n\n\n\n<p class=\"wp-block-paragraph\">Incentivamos la creatividad como motor para el aprendizaje, animando a estudiantes, artistas y profesionales a explorar nuevas formas de ense\u00f1ar y aprender, siempre con el objetivo de promover los <strong>Objetivos de Desarrollo Sostenible (ODS)<\/strong>.<\/p>\n<\/div>\n\n\n\n<div class=\"wp-block-column is-layout-flow wp-block-column-is-layout-flow\">\n<h3 class=\"wp-block-heading has-normal-font-size\"><strong>Diversidad, equidad y di\u00e1logo intercultural<\/strong><\/h3>\n\n\n\n<p class=\"wp-block-paragraph\">Creemos en la importancia de fomentar el di\u00e1logo y la comprensi\u00f3n intercultural, promoviendo la colaboraci\u00f3n y la inclusi\u00f3n social. Buscamos un ambiente de aprendizaje que celebre la diversidad cultural y ambiental, considerando que estas diferencias son clave para la innovaci\u00f3n y el crecimiento colectivo.<\/p>\n<\/div>\n<\/div>\n\n\n\n<div class=\"wp-block-columns alignwide is-layout-flex wp-container-core-columns-is-layout-8f761849 wp-block-columns-is-layout-flex\">\n<div class=\"wp-block-column is-layout-flow wp-block-column-is-layout-flow\">\n<h3 class=\"wp-block-heading has-normal-font-size\"><strong><strong>Accesibilidad, alfabetizaci\u00f3n digital y educaci\u00f3n abierta<\/strong><\/strong><\/h3>\n\n\n\n<p class=\"wp-block-paragraph\">Intentamos que nuestras propuestas sean accesibles para todas las personas, adapt\u00e1ndonos a los recursos disponibles y a las necesidades espec\u00edficas de cada comunidad. Fomentamos la educaci\u00f3n abierta y la creaci\u00f3n de <strong>Recursos Educativos Abiertos (REA)<\/strong>, garantizando que los materiales dise\u00f1ados sean compartidos y accesibles para todas las personas interesadas.<\/p>\n<\/div>\n\n\n\n<div class=\"wp-block-column is-layout-flow wp-block-column-is-layout-flow\">\n<h3 class=\"wp-block-heading has-normal-font-size\"><strong><strong>Participaci\u00f3n activa y gobernanza democr\u00e1tica<\/strong><\/strong><\/h3>\n\n\n\n<p class=\"wp-block-paragraph\">Fomentamos la participaci\u00f3n de las comunidades locales, agentes educativos y tecnol\u00f3gicos en el dise\u00f1o de soluciones. Nos basamos en enfoques desde la pedagog\u00eda social, como la acci\u00f3n comunitaria y la animaci\u00f3n educativa, para garantizar que todas las voces sean escuchadas y que los procesos educativos se adapten a las necesidades y realidades locales.<\/p>\n<\/div>\n<\/div>\n\n\n\n<div class=\"wp-block-columns alignwide is-layout-flex wp-container-core-columns-is-layout-8f761849 wp-block-columns-is-layout-flex\">\n<div class=\"wp-block-column is-layout-flow wp-block-column-is-layout-flow\">\n<h3 class=\"wp-block-heading has-normal-font-size\"><strong><strong>Autonom\u00eda, colaboraci\u00f3n y capacidad de decisi\u00f3n<\/strong><\/strong><\/h3>\n\n\n\n<p class=\"wp-block-paragraph\">Facilitamos procesos de empoderamiento para que los estudiantes desarrollen competencias blandas clave, como la comunicaci\u00f3n, la colaboraci\u00f3n y la toma de decisiones. A trav\u00e9s de la participaci\u00f3n activa en actividades de liderazgo, responsabilidad y toma de decisiones, les brindamos la oportunidad de experimentar el proceso de liderazgo, fortalecer su autonom\u00eda y prepararse para asumir roles de responsabilidad en sus comunidades.<\/p>\n<\/div>\n\n\n\n<div class=\"wp-block-column is-layout-flow wp-block-column-is-layout-flow\">\n<h3 class=\"wp-block-heading has-normal-font-size\"><strong><strong>Investigaci\u00f3n, ciencia abierta y retorno social<\/strong><\/strong><\/h3>\n\n\n\n<p class=\"wp-block-paragraph\">Creemos en el poder de la investigaci\u00f3n como motor de cambio y mejora continua. Estamos comprometidos con la ciencia abierta y somos conscientes del valor de la divulgaci\u00f3n social, profesional, cient\u00edfica y educativa. Buscamos compartir nuestros hallazgos y experiencias con la comunidad acad\u00e9mica, los educadores y el p\u00fablico general. A trav\u00e9s de la creaci\u00f3n de recursos educativos, la publicaci\u00f3n de art\u00edculos y la participaci\u00f3n en congresos, trabajamos para que nuestros enfoques pedag\u00f3gicos, basados en la creatividad y el aprendizaje l\u00fadico, sean accesibles y replicables, contribuyendo al avance de la educaci\u00f3n y la innovaci\u00f3n social.<\/p>\n<\/div>\n<\/div>\n\n\n\n<h2 class=\"wp-block-heading alignwide\"><strong>Vinculaci\u00f3n con los Objetivos de Desarrollo Sostenible (ODS)<\/strong><\/h2>\n\n\n\n<div class=\"wp-block-columns alignwide is-layout-flex wp-container-core-columns-is-layout-8f761849 wp-block-columns-is-layout-flex\">\n<div class=\"wp-block-column is-layout-flow wp-block-column-is-layout-flow\">\n<figure class=\"wp-block-image size-full\"><img loading=\"lazy\" decoding=\"async\" width=\"132\" height=\"132\" src=\"https:\/\/webs.uab.cat\/campus-social-educatiu\/wp-content\/uploads\/sites\/672\/2026\/01\/ODS4.webp\" alt=\"\" class=\"wp-image-204\" \/><\/figure>\n\n\n\n<p class=\"wp-block-paragraph\"><strong>ODS 4: Educaci\u00f3n de calidad para todos a lo largo de la vida<\/strong><br>Proporcionamos un enfoque educativo innovador y participativo, promoviendo el aprendizaje activo, contextualizado y accesible, tanto en contextos formales como no formales e informales.<\/p>\n<\/div>\n\n\n\n<div class=\"wp-block-column is-layout-flow wp-block-column-is-layout-flow\">\n<figure class=\"wp-block-image size-full\"><img loading=\"lazy\" decoding=\"async\" width=\"132\" height=\"132\" src=\"https:\/\/webs.uab.cat\/campus-social-educatiu\/wp-content\/uploads\/sites\/672\/2026\/01\/ODS5.webp\" alt=\"\" class=\"wp-image-208\" \/><\/figure>\n\n\n\n<p class=\"wp-block-paragraph\"><strong>ODS 5: Igualdad de g\u00e9nero<\/strong><br>Reflexionamos sobre las iniciativas y proyectos que nos proponen para contribuir a la reescritura y la evidencia del papel de la mujer en la ciencia y la tecnolog\u00eda. Buscamos reducir las brechas de g\u00e9nero existentes en estos campos, promoviendo la participaci\u00f3n equitativa de todas las personas, independientemente de su g\u00e9nero, en todas las fases del proyecto. A trav\u00e9s de nuestras actividades, fomentamos la visibilidad de las mujeres en roles de liderazgo y la construcci\u00f3n de una narrativa m\u00e1s inclusiva y representativa en la ciencia, la educaci\u00f3n y la innovaci\u00f3n.<\/p>\n<\/div>\n\n\n\n<div class=\"wp-block-column is-layout-flow wp-block-column-is-layout-flow\">\n<figure class=\"wp-block-image size-full\"><img loading=\"lazy\" decoding=\"async\" width=\"132\" height=\"132\" src=\"https:\/\/webs.uab.cat\/campus-social-educatiu\/wp-content\/uploads\/sites\/672\/2026\/01\/ODS11.webp\" alt=\"\" class=\"wp-image-212\" \/><\/figure>\n\n\n\n<p class=\"wp-block-paragraph\"><strong>ODS 11: Ciudades y comunidades sostenibles<\/strong><br>Contribuimos a fortalecer la identidad colectiva y personal de la comunidad a trav\u00e9s del conocimiento y la valoraci\u00f3n del patrimonio local, generando ciudades jugables donde la educaci\u00f3n y la cultura se fusionan para crear entornos urbanos m\u00e1s inclusivos y sostenibles.<\/p>\n<\/div>\n\n\n\n<div class=\"wp-block-column is-layout-flow wp-block-column-is-layout-flow\">\n<figure class=\"wp-block-image size-full\"><img loading=\"lazy\" decoding=\"async\" width=\"133\" height=\"133\" src=\"https:\/\/webs.uab.cat\/campus-social-educatiu\/wp-content\/uploads\/sites\/672\/2026\/01\/ODS17.webp\" alt=\"\" class=\"wp-image-215\" \/><\/figure>\n\n\n\n<p class=\"wp-block-paragraph\"><strong>ODS 17: Alianzas para lograr los objetivos<\/strong><br>Involucramos a asociaciones, autoridades locales y la ciudadan\u00eda en una colaboraci\u00f3n interdisciplinaria para crear contenido educativo, promoviendo la difusi\u00f3n y valorizaci\u00f3n del patrimonio y estableciendo v\u00ednculos entre la universidad y la comunidad.<\/p>\n<\/div>\n<\/div>\n","protected":false},"excerpt":{"rendered":"<p>Somos un equipo socioeducativo que acompa\u00f1a procesos de aprendizaje situados con personas, organizaciones y territorios. Trabajamos en contextos formales, no formales e informales con metodolog\u00edas participativas y l\u00fadicas que favorecen la autonom\u00eda y la reflexi\u00f3n colectiva. Codise\u00f1amos din\u00e1micas y materiales abiertos y reutilizables que ponen en valor el patrimonio local \u2014tangible e intangible\u2014 y contribuyen [&hellip;]<\/p>\n","protected":false},"author":3035,"featured_media":0,"parent":869,"menu_order":0,"comment_status":"closed","ping_status":"closed","template":"","meta":{"footnotes":""},"class_list":["post-902","page","type-page","status-publish","hentry"],"_links":{"self":[{"href":"https:\/\/webs.uab.cat\/campus-social-educatiu\/es\/wp-json\/wp\/v2\/pages\/902","targetHints":{"allow":["GET"]}}],"collection":[{"href":"https:\/\/webs.uab.cat\/campus-social-educatiu\/es\/wp-json\/wp\/v2\/pages"}],"about":[{"href":"https:\/\/webs.uab.cat\/campus-social-educatiu\/es\/wp-json\/wp\/v2\/types\/page"}],"author":[{"embeddable":true,"href":"https:\/\/webs.uab.cat\/campus-social-educatiu\/es\/wp-json\/wp\/v2\/users\/3035"}],"replies":[{"embeddable":true,"href":"https:\/\/webs.uab.cat\/campus-social-educatiu\/es\/wp-json\/wp\/v2\/comments?post=902"}],"version-history":[{"count":5,"href":"https:\/\/webs.uab.cat\/campus-social-educatiu\/es\/wp-json\/wp\/v2\/pages\/902\/revisions"}],"predecessor-version":[{"id":1365,"href":"https:\/\/webs.uab.cat\/campus-social-educatiu\/es\/wp-json\/wp\/v2\/pages\/902\/revisions\/1365"}],"up":[{"embeddable":true,"href":"https:\/\/webs.uab.cat\/campus-social-educatiu\/es\/wp-json\/wp\/v2\/pages\/869"}],"wp:attachment":[{"href":"https:\/\/webs.uab.cat\/campus-social-educatiu\/es\/wp-json\/wp\/v2\/media?parent=902"}],"curies":[{"name":"wp","href":"https:\/\/api.w.org\/{rel}","templated":true}]}}