{"id":46,"date":"2026-01-14T16:36:51","date_gmt":"2026-01-14T14:36:51","guid":{"rendered":"https:\/\/webs.uab.cat\/campus-social-educatiu\/?page_id=46"},"modified":"2026-09-01T09:29:04","modified_gmt":"2026-09-01T07:29:04","slug":"projectes","status":"publish","type":"page","link":"https:\/\/webs.uab.cat\/campus-social-educatiu\/projectes\/","title":{"rendered":"Projectes i experi\u00e8ncies"},"content":{"rendered":"\n<div class=\"wp-block-columns alignwide is-layout-flex wp-container-core-columns-is-layout-8f761849 wp-block-columns-is-layout-flex\">\n<div class=\"wp-block-column is-layout-flow wp-block-column-is-layout-flow\">\n<p class=\"wp-block-paragraph\">El Campus d\u2019Innovaci\u00f3 Social i Educativa desenvolupa projectes de recerca, innovaci\u00f3 i transfer\u00e8ncia amb administracions p\u00fabliques, entitats socials, equipaments, empreses i comunitats. Les iniciatives parteixen de reptes situats i combinen coneixement cient\u00edfic, metodologies participatives, aprenentatge actiu i creaci\u00f3 de recursos educatius oberts.<\/p>\n\n\n\n<p class=\"wp-block-paragraph\">En aquesta p\u00e0gina es presenten projectes que mostren diferents formes de col\u00b7laboraci\u00f3 entre universitat i territori, aix\u00ed com els recursos, resultats i aprenentatges generats en cada proc\u00e9s.<\/p>\n<\/div>\n<\/div>\n\n\n\n<div class=\"wp-block-columns alignwide is-layout-flex wp-container-core-columns-is-layout-8f761849 wp-block-columns-is-layout-flex\">\n<div class=\"wp-block-column is-layout-flow wp-block-column-is-layout-flow\">\n<h2 class=\"wp-block-heading alignwide\"><strong>Conecta investigaci\u00f3: codisseny de recerques amb entitats socials<\/strong><\/h2>\n\n\n\n<div class=\"wp-block-columns alignwide are-vertically-aligned-center is-layout-flex wp-container-core-columns-is-layout-8f761849 wp-block-columns-is-layout-flex\">\n<div class=\"wp-block-column is-vertically-aligned-center is-layout-flow wp-block-column-is-layout-flow\" style=\"flex-basis:33.33%\">\n<figure class=\"wp-block-image size-full\"><img loading=\"lazy\" decoding=\"async\" width=\"1000\" height=\"1000\" src=\"https:\/\/webs.uab.cat\/campus-social-educatiu\/wp-content\/uploads\/sites\/672\/2026\/09\/conecta-investigacion.png\" alt=\"\" class=\"wp-image-1310\" srcset=\"https:\/\/webs.uab.cat\/campus-social-educatiu\/wp-content\/uploads\/sites\/672\/2026\/09\/conecta-investigacion.png 1000w, https:\/\/webs.uab.cat\/campus-social-educatiu\/wp-content\/uploads\/sites\/672\/2026\/09\/conecta-investigacion-300x300.png 300w, https:\/\/webs.uab.cat\/campus-social-educatiu\/wp-content\/uploads\/sites\/672\/2026\/09\/conecta-investigacion-150x150.png 150w, https:\/\/webs.uab.cat\/campus-social-educatiu\/wp-content\/uploads\/sites\/672\/2026\/09\/conecta-investigacion-768x768.png 768w\" sizes=\"auto, (max-width: 1000px) 100vw, 1000px\" \/><\/figure>\n<\/div>\n\n\n\n<div class=\"wp-block-column is-vertically-aligned-center is-layout-flow wp-block-column-is-layout-flow\" style=\"flex-basis:66.66%\">\n<p class=\"wp-block-paragraph\">Projecte encarregat per l\u2019Observatori Social de la Fundaci\u00f3 \u201dla Caixa\u201d i desenvolupat mitjan\u00e7ant un conveni amb la Universitat Aut\u00f2noma de Barcelona, en el marc de la convocat\u00f2ria Conecta. La iniciativa va apropar la recerca cient\u00edfica a entitats del tercer sector i les va acompanyar en la formulaci\u00f3 de problemes, preguntes, objectius i metodologies vinculades als seus \u00e0mbits d\u2019actuaci\u00f3. Sis tallers de codisseny i aprenentatge l\u00fadic van donar lloc a un joc de cartes i un Canvas adaptat per facilitar el desenvolupament participatiu de recerques aplicades.<\/p>\n\n\n\n<p class=\"has-verd-tropic-color has-text-color has-link-color has-small-font-size wp-elements-36179d88369082e1c3145fd49f1882f7 wp-block-paragraph\">Tercer sector \u00b7 Recerca aplicada \u00b7 Codisseny \u00b7 Aprenentatge l\u00fadic<\/p>\n\n\n\n<div class=\"wp-block-buttons is-layout-flex wp-block-buttons-is-layout-flex\">\n<div class=\"wp-block-button is-style-outline is-style-outline--1\"><a class=\"wp-block-button__link has-small-font-size has-custom-font-size wp-element-button\">Veure el projecte<\/a><\/div>\n<\/div>\n<\/div>\n<\/div>\n\n\n\n<hr class=\"wp-block-separator has-alpha-channel-opacity\" \/>\n<\/div>\n<\/div>\n\n\n\n<div class=\"wp-block-columns alignwide is-layout-flex wp-container-core-columns-is-layout-8f761849 wp-block-columns-is-layout-flex\">\n<div class=\"wp-block-column is-layout-flow wp-block-column-is-layout-flow\">\n<h2 class=\"wp-block-heading alignwide\"><strong><strong>Veus de Palau: itineraris i mem\u00f2ria patrimonial compartida des de la biblioteca<\/strong><\/strong><\/h2>\n\n\n\n<div class=\"wp-block-columns alignwide are-vertically-aligned-center is-layout-flex wp-container-core-columns-is-layout-8f761849 wp-block-columns-is-layout-flex\">\n<div class=\"wp-block-column is-vertically-aligned-center is-layout-flow wp-block-column-is-layout-flow\" style=\"flex-basis:33.33%\">\n<figure class=\"wp-block-image size-full\"><img loading=\"lazy\" decoding=\"async\" width=\"445\" height=\"329\" src=\"https:\/\/webs.uab.cat\/campus-social-educatiu\/wp-content\/uploads\/sites\/672\/2026\/03\/6.png\" alt=\"\" class=\"wp-image-1112\" srcset=\"https:\/\/webs.uab.cat\/campus-social-educatiu\/wp-content\/uploads\/sites\/672\/2026\/03\/6.png 445w, https:\/\/webs.uab.cat\/campus-social-educatiu\/wp-content\/uploads\/sites\/672\/2026\/03\/6-300x222.png 300w\" sizes=\"auto, (max-width: 445px) 100vw, 445px\" \/><\/figure>\n<\/div>\n\n\n\n<div class=\"wp-block-column is-vertically-aligned-center is-layout-flow wp-block-column-is-layout-flow\" style=\"flex-basis:66.66%\">\n<p class=\"wp-block-paragraph\">Projecte seleccionat en la convocat\u00f2ria CoCrea BiblioLab de la Diputaci\u00f3 de Barcelona i desenvolupat amb la Biblioteca l\u2019Alzina i el Casal de la Gent Gran de Palau-solit\u00e0 i Plegamans. La iniciativa organitza i activa els relats, els materials de mem\u00f2ria oral i els coneixements patrimonials generats per la comunitat. Mitjan\u00e7ant un proc\u00e9s de cocreaci\u00f3 intergeneracional, es desenvolupen una ruta l\u00fadica, v\u00eddeos, \u00e0udios, fites interpretatives, una maleta ludicopedag\u00f2gica i un fons accessible des de la biblioteca.<\/p>\n\n\n\n<p class=\"has-verd-tropic-color has-text-color has-link-color has-small-font-size wp-elements-a1c2fbee083e058602b8612f1e3c608d wp-block-paragraph\">Biblioteca \u00b7 Mem\u00f2ria oral \u00b7 Cocreaci\u00f3 intergeneracional \u00b7 Recursos oberts<\/p>\n\n\n\n<div class=\"wp-block-buttons is-layout-flex wp-block-buttons-is-layout-flex\">\n<div class=\"wp-block-button is-style-outline is-style-outline--2\"><a class=\"wp-block-button__link has-small-font-size has-custom-font-size wp-element-button\">Veure el projecte<\/a><\/div>\n<\/div>\n<\/div>\n<\/div>\n\n\n\n<hr class=\"wp-block-separator has-alpha-channel-opacity\" \/>\n<\/div>\n<\/div>\n\n\n\n<div class=\"wp-block-columns alignwide is-layout-flex wp-container-core-columns-is-layout-8f761849 wp-block-columns-is-layout-flex\">\n<div class=\"wp-block-column is-layout-flow wp-block-column-is-layout-flow\">\n<h2 class=\"wp-block-heading alignwide\"><strong><strong><strong>Palau-solit\u00e0 i Plegamans, ciutat jugable. Innovaci\u00f3 social i educativa per a un patrimoni viu<\/strong><\/strong><\/strong><\/h2>\n\n\n\n<div class=\"wp-block-columns alignwide are-vertically-aligned-center is-layout-flex wp-container-core-columns-is-layout-8f761849 wp-block-columns-is-layout-flex\">\n<div class=\"wp-block-column is-vertically-aligned-center is-layout-flow wp-block-column-is-layout-flow\" style=\"flex-basis:33.33%\">\n<figure class=\"wp-block-image size-full\"><img loading=\"lazy\" decoding=\"async\" width=\"500\" height=\"500\" src=\"https:\/\/webs.uab.cat\/campus-social-educatiu\/wp-content\/uploads\/sites\/672\/2026\/01\/logo-campus.png\" alt=\"\" class=\"wp-image-274\" srcset=\"https:\/\/webs.uab.cat\/campus-social-educatiu\/wp-content\/uploads\/sites\/672\/2026\/01\/logo-campus.png 500w, https:\/\/webs.uab.cat\/campus-social-educatiu\/wp-content\/uploads\/sites\/672\/2026\/01\/logo-campus-300x300.png 300w, https:\/\/webs.uab.cat\/campus-social-educatiu\/wp-content\/uploads\/sites\/672\/2026\/01\/logo-campus-150x150.png 150w\" sizes=\"auto, (max-width: 500px) 100vw, 500px\" \/><\/figure>\n<\/div>\n\n\n\n<div class=\"wp-block-column is-vertically-aligned-center is-layout-flow wp-block-column-is-layout-flow\" style=\"flex-basis:66.66%\">\n<p class=\"wp-block-paragraph\">Projecte finan\u00e7at per la convocat\u00f2ria catalana per a la promoci\u00f3 de l\u2019impacte social del coneixement i desenvolupat amb l\u2019Ajuntament de Palau-solit\u00e0 i Plegamans. La iniciativa consolida el Campus Palau\u2013UAB com un espai de col\u00b7laboraci\u00f3 entre universitat, administraci\u00f3, entitats, estudiantat i ciutadania. Mitjan\u00e7ant un Living Lab, es cocreen itineraris, recursos f\u00edsics i digitals i experi\u00e8ncies d\u2019aprenentatge situat vinculades al patrimoni, la mem\u00f2ria, la sostenibilitat i la vida comunit\u00e0ria.<\/p>\n\n\n\n<p class=\"has-verd-tropic-color has-text-color has-link-color has-small-font-size wp-elements-60d8048877444ac4e4dc72fef17a9ee4 wp-block-paragraph\">Impacte social \u00b7 Living Lab \u00b7 Patrimoni \u00b7 Universitat i territori<\/p>\n\n\n\n<div class=\"wp-block-buttons is-layout-flex wp-block-buttons-is-layout-flex\">\n<div class=\"wp-block-button is-style-outline is-style-outline--3\"><a class=\"wp-block-button__link has-small-font-size has-custom-font-size wp-element-button\">Veure el projecte<\/a><\/div>\n<\/div>\n<\/div>\n<\/div>\n\n\n\n<hr class=\"wp-block-separator has-alpha-channel-opacity\" \/>\n<\/div>\n<\/div>\n\n\n\n<div class=\"wp-block-columns alignwide is-layout-flex wp-container-core-columns-is-layout-8f761849 wp-block-columns-is-layout-flex\">\n<div class=\"wp-block-column is-layout-flow wp-block-column-is-layout-flow\">\n<h2 class=\"wp-block-heading alignwide\"><strong><strong><strong><strong>Millennial Angelats Smart Forest\u00a0: turisme sostenible i innovaci\u00f3 interdisciplin\u00e0ria<\/strong><\/strong><\/strong><\/strong><\/h2>\n\n\n\n<div class=\"wp-block-columns alignwide are-vertically-aligned-center is-layout-flex wp-container-core-columns-is-layout-8f761849 wp-block-columns-is-layout-flex\">\n<div class=\"wp-block-column is-vertically-aligned-center is-layout-flow wp-block-column-is-layout-flow\" style=\"flex-basis:33.33%\">\n<figure class=\"wp-block-image size-full\"><img loading=\"lazy\" decoding=\"async\" width=\"448\" height=\"336\" src=\"https:\/\/webs.uab.cat\/campus-social-educatiu\/wp-content\/uploads\/sites\/672\/2026\/09\/1782375201378.jpg\" alt=\"\" class=\"wp-image-1326\" srcset=\"https:\/\/webs.uab.cat\/campus-social-educatiu\/wp-content\/uploads\/sites\/672\/2026\/09\/1782375201378.jpg 448w, https:\/\/webs.uab.cat\/campus-social-educatiu\/wp-content\/uploads\/sites\/672\/2026\/09\/1782375201378-300x225.jpg 300w\" sizes=\"auto, (max-width: 448px) 100vw, 448px\" \/><\/figure>\n<\/div>\n\n\n\n<div class=\"wp-block-column is-vertically-aligned-center is-layout-flow wp-block-column-is-layout-flow\" style=\"flex-basis:66.66%\">\n<p class=\"wp-block-paragraph\">Projecte de transfer\u00e8ncia desenvolupat amb l\u2019Hotel Angelats en el marc de Cros-Re-Tour, iniciativa europea orientada a la transici\u00f3 verda i digital de les pimes tur\u00edstiques. La col\u00b7laboraci\u00f3 entre geografia, biologia, educaci\u00f3 i patrimoni digital mostra com una combinaci\u00f3 ajustada de coneixement cient\u00edfic, disseny pedag\u00f2gic i tecnologies obertes pot transformar un entorn natural en una experi\u00e8ncia educativa. El resultat integra dues rutes, un mapa l\u00fadic digital i un recurs m\u00f2bil amb codis QR, continguts interactius i materials adaptats a les condicions reals de connectivitat del territori.<\/p>\n\n\n\n<p class=\"has-verd-tropic-color has-text-color has-link-color has-small-font-size wp-elements-4f29904dd28bdac4cdb31a422cb3c0dd wp-block-paragraph\">Empresa \u00b7 Turisme sostenible \u00b7 Patrimoni digital \u00b7 Transfer\u00e8ncia\u00a0\u00a0 Ci\u00e8ncia oberta<\/p>\n\n\n\n<div class=\"wp-block-buttons is-layout-flex wp-block-buttons-is-layout-flex\">\n<div class=\"wp-block-button is-style-outline is-style-outline--4\"><a class=\"wp-block-button__link has-small-font-size has-custom-font-size wp-element-button\">Veure el projecte<\/a><\/div>\n<\/div>\n<\/div>\n<\/div>\n\n\n\n<hr class=\"wp-block-separator has-alpha-channel-opacity\" \/>\n<\/div>\n<\/div>\n\n\n\n<div class=\"wp-block-columns alignwide is-layout-flex wp-container-core-columns-is-layout-8f761849 wp-block-columns-is-layout-flex\">\n<div class=\"wp-block-column is-layout-flow wp-block-column-is-layout-flow\">\n<h2 class=\"wp-block-heading alignwide\"><strong><strong><strong><strong><strong>Can Clap\u00e9s: d\u2019un conjunt arqueol\u00f2gic redu\u00eft a una experi\u00e8ncia oberta i perdurable<\/strong><\/strong><\/strong><\/strong><\/strong><\/h2>\n\n\n\n<div class=\"wp-block-columns alignwide are-vertically-aligned-center is-layout-flex wp-container-core-columns-is-layout-8f761849 wp-block-columns-is-layout-flex\">\n<div class=\"wp-block-column is-vertically-aligned-center is-layout-flow wp-block-column-is-layout-flow\" style=\"flex-basis:33.33%\">\n<figure class=\"wp-block-image size-full\"><img loading=\"lazy\" decoding=\"async\" width=\"1536\" height=\"1024\" src=\"https:\/\/webs.uab.cat\/campus-social-educatiu\/wp-content\/uploads\/sites\/672\/2026\/03\/inici-palau.jpeg\" alt=\"\" class=\"wp-image-1148\" srcset=\"https:\/\/webs.uab.cat\/campus-social-educatiu\/wp-content\/uploads\/sites\/672\/2026\/03\/inici-palau.jpeg 1536w, https:\/\/webs.uab.cat\/campus-social-educatiu\/wp-content\/uploads\/sites\/672\/2026\/03\/inici-palau-300x200.jpeg 300w, https:\/\/webs.uab.cat\/campus-social-educatiu\/wp-content\/uploads\/sites\/672\/2026\/03\/inici-palau-1024x683.jpeg 1024w, https:\/\/webs.uab.cat\/campus-social-educatiu\/wp-content\/uploads\/sites\/672\/2026\/03\/inici-palau-768x512.jpeg 768w, https:\/\/webs.uab.cat\/campus-social-educatiu\/wp-content\/uploads\/sites\/672\/2026\/03\/inici-palau-1200x800.jpeg 1200w\" sizes=\"auto, (max-width: 1536px) 100vw, 1536px\" \/><\/figure>\n<\/div>\n\n\n\n<div class=\"wp-block-column is-vertically-aligned-center is-layout-flow wp-block-column-is-layout-flow\" style=\"flex-basis:66.66%\">\n<p class=\"wp-block-paragraph\">Projecte desenvolupat en col\u00b7laboraci\u00f3 amb l\u2019Ajuntament de Palau-solit\u00e0 i Plegamans per activar el valor educatiu de les peces procedents de l\u2019enterrament de Can Clap\u00e9s. A partir del comissariat i la digitalitzaci\u00f3 d\u2019un conjunt redu\u00eft de peces, es va crear una exposici\u00f3 virtual i un escape game amb reptes d\u2019observaci\u00f3, interpretaci\u00f3 i un Murdoku arqueol\u00f2gic. La proposta mostra com un patrimoni local acotat pot convertir-se en un recurs educatiu de consulta continuada, accessible m\u00e9s enll\u00e0 d\u2019una exposici\u00f3 puntual i vinculat als principis de la ci\u00e8ncia oberta i l\u2019educaci\u00f3 oberta.<\/p>\n\n\n\n<p class=\"has-verd-tropic-color has-text-color has-link-color has-small-font-size wp-elements-b532642db48ed35467f8609758b4148d wp-block-paragraph\">Patrimoni arqueol\u00f2gic \u00b7 Ci\u00e8ncia oberta \u00b7 Digitalitzaci\u00f3 \u00b7 Aprenentatge l\u00fadic<\/p>\n\n\n\n<div class=\"wp-block-buttons is-layout-flex wp-block-buttons-is-layout-flex\">\n<div class=\"wp-block-button is-style-outline is-style-outline--5\"><a class=\"wp-block-button__link has-small-font-size has-custom-font-size wp-element-button\">Veure el projecte<\/a><\/div>\n<\/div>\n<\/div>\n<\/div>\n\n\n\n<hr class=\"wp-block-separator has-alpha-channel-opacity\" \/>\n<\/div>\n<\/div>\n\n\n\n<div class=\"wp-block-columns alignwide is-layout-flex wp-container-core-columns-is-layout-8f761849 wp-block-columns-is-layout-flex\">\n<div class=\"wp-block-column is-layout-flow wp-block-column-is-layout-flow\">\n<h2 class=\"wp-block-heading alignwide\"><strong><strong><strong><strong><strong><strong>Camins sonors per al Bon Viure\u00a0: di\u00e0legs entre comunitats rurals i universitats<\/strong><\/strong><\/strong><\/strong><\/strong><\/strong><\/h2>\n\n\n\n<div class=\"wp-block-columns alignwide are-vertically-aligned-center is-layout-flex wp-container-core-columns-is-layout-8f761849 wp-block-columns-is-layout-flex\">\n<div class=\"wp-block-column is-vertically-aligned-center is-layout-flow wp-block-column-is-layout-flow\" style=\"flex-basis:33.33%\">\n<figure class=\"wp-block-image size-full\"><img loading=\"lazy\" decoding=\"async\" width=\"1000\" height=\"750\" src=\"https:\/\/webs.uab.cat\/campus-social-educatiu\/wp-content\/uploads\/sites\/672\/2026\/09\/caminatas-sonoras.png\" alt=\"\" class=\"wp-image-1330\" srcset=\"https:\/\/webs.uab.cat\/campus-social-educatiu\/wp-content\/uploads\/sites\/672\/2026\/09\/caminatas-sonoras.png 1000w, https:\/\/webs.uab.cat\/campus-social-educatiu\/wp-content\/uploads\/sites\/672\/2026\/09\/caminatas-sonoras-300x225.png 300w, https:\/\/webs.uab.cat\/campus-social-educatiu\/wp-content\/uploads\/sites\/672\/2026\/09\/caminatas-sonoras-768x576.png 768w\" sizes=\"auto, (max-width: 1000px) 100vw, 1000px\" \/><\/figure>\n<\/div>\n\n\n\n<div class=\"wp-block-column is-vertically-aligned-center is-layout-flow wp-block-column-is-layout-flow\" style=\"flex-basis:66.66%\">\n<p class=\"wp-block-paragraph\">Projecte finan\u00e7at pel Fons de Solidaritat de la UAB i desenvolupat amb comunitats rurals del Per\u00fa. Joves i persones de diferents generacions comparteixen relats, sons i coneixements sobre l\u2019aigua, l\u2019alimentaci\u00f3, les artesanies, la medicina natural, les celebracions, la Pachamama i la vida comunit\u00e0ria. Mitjan\u00e7ant metodologies participatives, aquests sabers es transformen en caminades sonores i recursos educatius oberts que afavoreixen el di\u00e0leg intercultural amb l\u2019estudiantat universitari i reconeixen altres formes de comprendre el territori, la sostenibilitat i el Bon Viure.<\/p>\n\n\n\n<div class=\"wp-block-buttons is-layout-flex wp-block-buttons-is-layout-flex\">\n<div class=\"wp-block-button is-style-outline is-style-outline--6\"><a class=\"wp-block-button__link has-small-font-size has-custom-font-size wp-element-button\">Veure l\u2019experi\u00e8ncia<\/a><\/div>\n<\/div>\n<\/div>\n<\/div>\n\n\n\n<hr class=\"wp-block-separator has-alpha-channel-opacity\" \/>\n<\/div>\n<\/div>\n\n\n\n<div class=\"wp-block-columns alignwide is-layout-flex wp-container-core-columns-is-layout-8f761849 wp-block-columns-is-layout-flex\">\n<div class=\"wp-block-column is-layout-flow wp-block-column-is-layout-flow\">\n<h2 class=\"wp-block-heading alignwide\"><strong><strong><strong><strong><strong><strong>SeniorLab Citilab descobreix els UAB Open Labs: aprendre a trav\u00e9s de l\u2019exploraci\u00f3 i la col\u00b7laboraci\u00f3<\/strong><\/strong><\/strong><\/strong><\/strong><\/strong><\/h2>\n\n\n\n<div class=\"wp-block-columns alignwide are-vertically-aligned-center is-layout-flex wp-container-core-columns-is-layout-8f761849 wp-block-columns-is-layout-flex\">\n<div class=\"wp-block-column is-vertically-aligned-center is-layout-flow wp-block-column-is-layout-flow\" style=\"flex-basis:33.33%\">\n<figure class=\"wp-block-image size-full\"><img loading=\"lazy\" decoding=\"async\" width=\"1000\" height=\"750\" src=\"https:\/\/webs.uab.cat\/campus-social-educatiu\/wp-content\/uploads\/sites\/672\/2026\/09\/citilab.png\" alt=\"\" class=\"wp-image-1331\" srcset=\"https:\/\/webs.uab.cat\/campus-social-educatiu\/wp-content\/uploads\/sites\/672\/2026\/09\/citilab.png 1000w, https:\/\/webs.uab.cat\/campus-social-educatiu\/wp-content\/uploads\/sites\/672\/2026\/09\/citilab-300x225.png 300w, https:\/\/webs.uab.cat\/campus-social-educatiu\/wp-content\/uploads\/sites\/672\/2026\/09\/citilab-768x576.png 768w\" sizes=\"auto, (max-width: 1000px) 100vw, 1000px\" \/><\/figure>\n<\/div>\n\n\n\n<div class=\"wp-block-column is-vertically-aligned-center is-layout-flow wp-block-column-is-layout-flow\" style=\"flex-basis:66.66%\">\n<p class=\"wp-block-paragraph\">Experi\u00e8ncia desenvolupada amb el SeniorLab de Citilab Cornell\u00e0, la Universitat a l\u2019Abast i els UAB Open Labs per transformar una visita universit\u00e0ria en un recorregut d\u2019aprenentatge per descoberta. Mitjan\u00e7ant reptes, materials manipulables, realitat augmentada i di\u00e0leg amb el personal t\u00e8cnic, 32 participants van explorar el Disseny Lab, el CircuLab i el Digital Lab de manera activa i col\u00b7laborativa. La proposta mostra com obrir els laboratoris universitaris a la ciutadania i facilitar la comprensi\u00f3 dels processos d\u2019innovaci\u00f3 mitjan\u00e7ant l\u2019experi\u00e8ncia directa.<\/p>\n\n\n\n<p class=\"has-verd-tropic-color has-text-color has-link-color has-small-font-size wp-elements-96b70b817d41df800d6cc3bece186201 wp-block-paragraph\">Aprenentatge per descoberta \u00b7 Innovaci\u00f3 oberta \u00b7 Persones grans \u00b7 Col\u00b7laboraci\u00f3<\/p>\n\n\n\n<div class=\"wp-block-buttons is-layout-flex wp-block-buttons-is-layout-flex\">\n<div class=\"wp-block-button is-style-outline is-style-outline--7\"><a class=\"wp-block-button__link has-small-font-size has-custom-font-size wp-element-button\">Veure l\u2019experi\u00e8ncia<\/a><\/div>\n<\/div>\n<\/div>\n<\/div>\n\n\n\n<hr class=\"wp-block-separator has-alpha-channel-opacity\" \/>\n<\/div>\n<\/div>\n\n\n\n<div class=\"wp-block-columns alignwide is-layout-flex wp-container-core-columns-is-layout-8f761849 wp-block-columns-is-layout-flex\">\n<div class=\"wp-block-column is-layout-flow wp-block-column-is-layout-flow\">\n<h3 class=\"wp-block-heading alignwide\">Festes populars<\/h3>\n\n\n\n<div class=\"wp-block-columns alignwide are-vertically-aligned-top is-layout-flex wp-container-core-columns-is-layout-8f761849 wp-block-columns-is-layout-flex\">\n<div class=\"wp-block-column is-vertically-aligned-top is-layout-flow wp-block-column-is-layout-flow\" style=\"flex-basis:33.33%\">\n<figure class=\"wp-block-image size-full\"><img loading=\"lazy\" decoding=\"async\" width=\"1536\" height=\"1024\" src=\"https:\/\/webs.uab.cat\/campus-social-educatiu\/wp-content\/uploads\/sites\/672\/2026\/03\/ChatGPT-Image-9-mar-2026-09_19_11.png\" alt=\"\" class=\"wp-image-1092\" srcset=\"https:\/\/webs.uab.cat\/campus-social-educatiu\/wp-content\/uploads\/sites\/672\/2026\/03\/ChatGPT-Image-9-mar-2026-09_19_11.png 1536w, https:\/\/webs.uab.cat\/campus-social-educatiu\/wp-content\/uploads\/sites\/672\/2026\/03\/ChatGPT-Image-9-mar-2026-09_19_11-300x200.png 300w, https:\/\/webs.uab.cat\/campus-social-educatiu\/wp-content\/uploads\/sites\/672\/2026\/03\/ChatGPT-Image-9-mar-2026-09_19_11-1024x683.png 1024w, https:\/\/webs.uab.cat\/campus-social-educatiu\/wp-content\/uploads\/sites\/672\/2026\/03\/ChatGPT-Image-9-mar-2026-09_19_11-768x512.png 768w, https:\/\/webs.uab.cat\/campus-social-educatiu\/wp-content\/uploads\/sites\/672\/2026\/03\/ChatGPT-Image-9-mar-2026-09_19_11-1200x800.png 1200w\" sizes=\"auto, (max-width: 1536px) 100vw, 1536px\" \/><\/figure>\n<\/div>\n\n\n\n<div class=\"wp-block-column is-vertically-aligned-top is-layout-flow wp-block-column-is-layout-flow\" style=\"flex-basis:66.66%\">\n<p class=\"wp-block-paragraph\">Festes populars \u00e9s una proposta comunit\u00e0ria impulsada des de la biblioteca que t\u00e9 com a objectiu apropar el patrimoni festiu de Palau-solit\u00e0 i Plegamans a la ciutadania a trav\u00e9s del joc, la narraci\u00f3 i la participaci\u00f3. El projecte reuneix diferents materials educatius \u2014maletes pedag\u00f2giques, narracions amb titelles i kamishibai, videocontes, realitat augmentada i activitats de programaci\u00f3 amb Bee-bots\u2014 que permeten descobrir els personatges, les hist\u00f2ries i els s\u00edmbols de les festes del municipi. Aquests recursos estan pensats perqu\u00e8 puguin ser utilitzats tant per escoles com per fam\u00edlies i entitats locals.<\/p>\n\n\n\n<p class=\"wp-block-paragraph\">La proposta parteix de la biblioteca com a espai de trobada i experimentaci\u00f3, per\u00f2 es desplega especialment durant moments clau de la vida cultural del municipi, com la Festa del Guirigall o altres celebracions on participen els gegants i les b\u00e8sties festives. Durant aquestes ocasions, els materials es converteixen en experi\u00e8ncies obertes a la comunitat: rutes narratives pel poble, espais de joc amb realitat augmentada, tallers de creaci\u00f3 de personatges i sessions de contacontes participatives. D\u2019aquesta manera, les festes populars es transformen en un context d\u2019aprenentatge compartit on infants, fam\u00edlies i persones del poble poden explorar el patrimoni local d\u2019una manera activa, creativa i intergeneracional.<\/p>\n<\/div>\n<\/div>\n\n\n\n<hr class=\"wp-block-separator has-alpha-channel-opacity\" \/>\n<\/div>\n<\/div>\n\n\n\n<div class=\"wp-block-columns alignwide is-layout-flex wp-container-core-columns-is-layout-8f761849 wp-block-columns-is-layout-flex\">\n<div class=\"wp-block-column is-layout-flow wp-block-column-is-layout-flow\">\n<h3 class=\"wp-block-heading alignwide\"><strong>Patrimoni medieval i llegat templer<\/strong><\/h3>\n\n\n\n<div class=\"wp-block-columns alignwide are-vertically-aligned-top is-layout-flex wp-container-core-columns-is-layout-8f761849 wp-block-columns-is-layout-flex\">\n<div class=\"wp-block-column is-vertically-aligned-top is-layout-flow wp-block-column-is-layout-flow\" style=\"flex-basis:33.33%\">\n<figure class=\"wp-block-image size-full\"><img loading=\"lazy\" decoding=\"async\" width=\"1536\" height=\"1024\" src=\"https:\/\/webs.uab.cat\/campus-social-educatiu\/wp-content\/uploads\/sites\/672\/2026\/03\/ChatGPT-Image-9-mar-2026-09_57_31.png\" alt=\"\" class=\"wp-image-1100\" srcset=\"https:\/\/webs.uab.cat\/campus-social-educatiu\/wp-content\/uploads\/sites\/672\/2026\/03\/ChatGPT-Image-9-mar-2026-09_57_31.png 1536w, https:\/\/webs.uab.cat\/campus-social-educatiu\/wp-content\/uploads\/sites\/672\/2026\/03\/ChatGPT-Image-9-mar-2026-09_57_31-300x200.png 300w, https:\/\/webs.uab.cat\/campus-social-educatiu\/wp-content\/uploads\/sites\/672\/2026\/03\/ChatGPT-Image-9-mar-2026-09_57_31-1024x683.png 1024w, https:\/\/webs.uab.cat\/campus-social-educatiu\/wp-content\/uploads\/sites\/672\/2026\/03\/ChatGPT-Image-9-mar-2026-09_57_31-768x512.png 768w, https:\/\/webs.uab.cat\/campus-social-educatiu\/wp-content\/uploads\/sites\/672\/2026\/03\/ChatGPT-Image-9-mar-2026-09_57_31-1200x800.png 1200w\" sizes=\"auto, (max-width: 1536px) 100vw, 1536px\" \/><\/figure>\n<\/div>\n\n\n\n<div class=\"wp-block-column is-vertically-aligned-top is-layout-flow wp-block-column-is-layout-flow\" style=\"flex-basis:66.66%\">\n<p class=\"wp-block-paragraph\">El m\u00f3n templari de Palau \u00e9s una proposta educativa i cultural que convida a descobrir el patrimoni medieval del municipi a trav\u00e9s d\u2019una ruta que connecta dos espais clau de la seva hist\u00f2ria: el Castell de Plegamans i la comanda templera de Santa Magdalena. El projecte apropa a la ciutadania el passat templari de Palau-solit\u00e0 i Plegamans mitjan\u00e7ant activitats pedag\u00f2giques, materials narratius i recursos digitals que permeten interpretar el territori des d\u2019una mirada hist\u00f2rica i experiencial.<\/p>\n\n\n\n<p class=\"wp-block-paragraph\">La iniciativa s\u2019activa especialment en el marc de la Fira Medieval del municipi, moment en qu\u00e8 la ruta es converteix en una experi\u00e8ncia participativa oberta a fam\u00edlies, escoles i visitants. A trav\u00e9s d\u2019enigmes, narracions, jocs d\u2019exploraci\u00f3 i petites activitats d\u2019interpretaci\u00f3 del patrimoni, les persones participants recorren els espais vinculats als templers mentre descobreixen com era la vida medieval, el paper de les comandes templeres i la relaci\u00f3 d\u2019aquest llegat amb la hist\u00f2ria local. D\u2019aquesta manera, el patrimoni es transforma en una oportunitat per aprendre, caminar i redescobrir el territori d\u2019una manera activa i compartida.<\/p>\n<\/div>\n<\/div>\n\n\n\n<hr class=\"wp-block-separator has-alpha-channel-opacity\" \/>\n<\/div>\n<\/div>\n\n\n\n<div class=\"wp-block-columns alignwide is-layout-flex wp-container-core-columns-is-layout-8f761849 wp-block-columns-is-layout-flex\">\n<div class=\"wp-block-column is-layout-flow wp-block-column-is-layout-flow\">\n<h3 class=\"wp-block-heading alignwide\"><strong>L\u2019ajuntament i l\u2019administracio local<\/strong><\/h3>\n\n\n\n<div class=\"wp-block-columns alignwide are-vertically-aligned-top is-layout-flex wp-container-core-columns-is-layout-8f761849 wp-block-columns-is-layout-flex\">\n<div class=\"wp-block-column is-vertically-aligned-top is-layout-flow wp-block-column-is-layout-flow\" style=\"flex-basis:33.33%\">\n<figure class=\"wp-block-image size-full\"><img loading=\"lazy\" decoding=\"async\" width=\"2560\" height=\"1803\" src=\"https:\/\/webs.uab.cat\/campus-social-educatiu\/wp-content\/uploads\/sites\/672\/2026\/03\/ajuntament-administracio-palau-scaled.png\" alt=\"\" class=\"wp-image-1118\" srcset=\"https:\/\/webs.uab.cat\/campus-social-educatiu\/wp-content\/uploads\/sites\/672\/2026\/03\/ajuntament-administracio-palau-scaled.png 2560w, https:\/\/webs.uab.cat\/campus-social-educatiu\/wp-content\/uploads\/sites\/672\/2026\/03\/ajuntament-administracio-palau-300x211.png 300w, https:\/\/webs.uab.cat\/campus-social-educatiu\/wp-content\/uploads\/sites\/672\/2026\/03\/ajuntament-administracio-palau-1024x721.png 1024w, https:\/\/webs.uab.cat\/campus-social-educatiu\/wp-content\/uploads\/sites\/672\/2026\/03\/ajuntament-administracio-palau-768x541.png 768w, https:\/\/webs.uab.cat\/campus-social-educatiu\/wp-content\/uploads\/sites\/672\/2026\/03\/ajuntament-administracio-palau-1536x1082.png 1536w, https:\/\/webs.uab.cat\/campus-social-educatiu\/wp-content\/uploads\/sites\/672\/2026\/03\/ajuntament-administracio-palau-2048x1443.png 2048w, https:\/\/webs.uab.cat\/campus-social-educatiu\/wp-content\/uploads\/sites\/672\/2026\/03\/ajuntament-administracio-palau-1200x845.png 1200w, https:\/\/webs.uab.cat\/campus-social-educatiu\/wp-content\/uploads\/sites\/672\/2026\/03\/ajuntament-administracio-palau-1980x1395.png 1980w\" sizes=\"auto, (max-width: 2560px) 100vw, 2560px\" \/><\/figure>\n<\/div>\n\n\n\n<div class=\"wp-block-column is-vertically-aligned-top is-layout-flow wp-block-column-is-layout-flow\" style=\"flex-basis:66.66%\">\n<p class=\"wp-block-paragraph\">Ajuntament i administraci\u00f3 municipal \u00e9s un conjunt de materials educatius pensats per ajudar a comprendre com funciona l\u2019administraci\u00f3 local i quin paper t\u00e9 l\u2019ajuntament en la vida quotidiana del municipi. El projecte inclou fitxes d\u2019activitats, materials de suport i propostes pedag\u00f2giques que acompanyen visites o sessions educatives per facilitar la descoberta del funcionament institucional de manera clara i participativa.<\/p>\n\n\n\n<p class=\"wp-block-paragraph\">Les activitats permeten explorar aspectes com les funcions de l\u2019alcaldia, els serveis municipals, l\u2019organitzaci\u00f3 de l\u2019administraci\u00f3 local o la hist\u00f2ria de l\u2019ajuntament i del seu escut. A trav\u00e9s de propostes din\u00e0miques i reflexives, els materials busquen apropar el funcionament del govern municipal a infants i joves, fomentant el coneixement del territori i la participaci\u00f3 ciutadana.<\/p>\n<\/div>\n<\/div>\n\n\n\n<hr class=\"wp-block-separator has-alpha-channel-opacity\" \/>\n<\/div>\n<\/div>\n\n\n\n<div class=\"wp-block-columns alignwide is-layout-flex wp-container-core-columns-is-layout-8f761849 wp-block-columns-is-layout-flex\">\n<div class=\"wp-block-column is-layout-flow wp-block-column-is-layout-flow\">\n<h3 class=\"wp-block-heading alignwide\"><strong>Relacion ecosocial em el nostre entorn<\/strong><\/h3>\n\n\n\n<div class=\"wp-block-columns alignwide are-vertically-aligned-top is-layout-flex wp-container-core-columns-is-layout-8f761849 wp-block-columns-is-layout-flex\">\n<div class=\"wp-block-column is-vertically-aligned-top is-layout-flow wp-block-column-is-layout-flow\" style=\"flex-basis:33.33%\">\n<figure class=\"wp-block-image size-full\"><img loading=\"lazy\" decoding=\"async\" width=\"2560\" height=\"1809\" src=\"https:\/\/webs.uab.cat\/campus-social-educatiu\/wp-content\/uploads\/sites\/672\/2026\/03\/palau-nostre-entorn-scaled.png\" alt=\"\" class=\"wp-image-1116\" srcset=\"https:\/\/webs.uab.cat\/campus-social-educatiu\/wp-content\/uploads\/sites\/672\/2026\/03\/palau-nostre-entorn-scaled.png 2560w, https:\/\/webs.uab.cat\/campus-social-educatiu\/wp-content\/uploads\/sites\/672\/2026\/03\/palau-nostre-entorn-300x212.png 300w, https:\/\/webs.uab.cat\/campus-social-educatiu\/wp-content\/uploads\/sites\/672\/2026\/03\/palau-nostre-entorn-1024x724.png 1024w, https:\/\/webs.uab.cat\/campus-social-educatiu\/wp-content\/uploads\/sites\/672\/2026\/03\/palau-nostre-entorn-768x543.png 768w, https:\/\/webs.uab.cat\/campus-social-educatiu\/wp-content\/uploads\/sites\/672\/2026\/03\/palau-nostre-entorn-1536x1086.png 1536w, https:\/\/webs.uab.cat\/campus-social-educatiu\/wp-content\/uploads\/sites\/672\/2026\/03\/palau-nostre-entorn-2048x1448.png 2048w, https:\/\/webs.uab.cat\/campus-social-educatiu\/wp-content\/uploads\/sites\/672\/2026\/03\/palau-nostre-entorn-1200x848.png 1200w, https:\/\/webs.uab.cat\/campus-social-educatiu\/wp-content\/uploads\/sites\/672\/2026\/03\/palau-nostre-entorn-1980x1400.png 1980w\" sizes=\"auto, (max-width: 2560px) 100vw, 2560px\" \/><\/figure>\n<\/div>\n\n\n\n<div class=\"wp-block-column is-vertically-aligned-top is-layout-flow wp-block-column-is-layout-flow\" style=\"flex-basis:66.66%\">\n<p class=\"wp-block-paragraph\">Relaci\u00f3 ecosocial amb el nostre entorn \u00e9s un projecte educatiu que convida a con\u00e8ixer i valorar els espais verds de Palau-solit\u00e0 i Plegamans des d\u2019una mirada ecol\u00f2gica i comunit\u00e0ria. A trav\u00e9s de diverses activitats, la proposta treballa la fauna i la flora pr\u00f2pies del territori, els animals m\u00e9s representatius de l\u2019entorn i la import\u00e0ncia de mantenir un equilibri entre les persones i el medi natural.<\/p>\n\n\n\n<p class=\"wp-block-paragraph\">El projecte tamb\u00e9 incorpora accions i reflexions vinculades a la sostenibilitat, com ara els hotels d\u2019insectes, el valor de les plantes arom\u00e0tiques i la cura dels espais comuns. L\u2019objectiu \u00e9s fomentar una relaci\u00f3 m\u00e9s conscient, respectuosa i activa amb l\u2019entorn, promovent aprenentatges que ajudin a preservar la biodiversitat i a comprendre la import\u00e0ncia de viure en un ecosistema saludable.<\/p>\n<\/div>\n<\/div>\n\n\n\n<hr class=\"wp-block-separator has-alpha-channel-opacity\" \/>\n<\/div>\n<\/div>\n\n\n\n<div class=\"wp-block-columns alignwide is-layout-flex wp-container-core-columns-is-layout-8f761849 wp-block-columns-is-layout-flex\">\n<div class=\"wp-block-column is-layout-flow wp-block-column-is-layout-flow\">\n<h3 class=\"wp-block-heading alignwide\"><strong>Projecte masies i vida rural<\/strong><\/h3>\n\n\n\n<div class=\"wp-block-columns alignwide are-vertically-aligned-top is-layout-flex wp-container-core-columns-is-layout-8f761849 wp-block-columns-is-layout-flex\">\n<div class=\"wp-block-column is-vertically-aligned-top is-layout-flow wp-block-column-is-layout-flow\" style=\"flex-basis:33.33%\">\n<figure class=\"wp-block-image size-full\"><img loading=\"lazy\" decoding=\"async\" width=\"1024\" height=\"855\" src=\"https:\/\/webs.uab.cat\/campus-social-educatiu\/wp-content\/uploads\/sites\/672\/2026\/03\/ChatGPT-Image-8-mar-2026-20_19_57.png\" alt=\"\" class=\"wp-image-1103\" srcset=\"https:\/\/webs.uab.cat\/campus-social-educatiu\/wp-content\/uploads\/sites\/672\/2026\/03\/ChatGPT-Image-8-mar-2026-20_19_57.png 1024w, https:\/\/webs.uab.cat\/campus-social-educatiu\/wp-content\/uploads\/sites\/672\/2026\/03\/ChatGPT-Image-8-mar-2026-20_19_57-300x250.png 300w, https:\/\/webs.uab.cat\/campus-social-educatiu\/wp-content\/uploads\/sites\/672\/2026\/03\/ChatGPT-Image-8-mar-2026-20_19_57-768x641.png 768w\" sizes=\"auto, (max-width: 1024px) 100vw, 1024px\" \/><\/figure>\n<\/div>\n\n\n\n<div class=\"wp-block-column is-vertically-aligned-top is-layout-flow wp-block-column-is-layout-flow\" style=\"flex-basis:66.66%\">\n<p class=\"wp-block-paragraph\">Masies i vida rural \u00e9s un projecte que apropa la hist\u00f2ria quotidiana de Palau-solit\u00e0 i Plegamans a partir de les seves masies i de les formes de vida vinculades a la ramaderia i l\u2019agricultura. Els materials inclouen mapes, activitats, contes i recursos creatius que ajuden a comprendre com era la vida d\u2019abans, quines tasques es feien i com s\u2019organitzava la vida familiar i comunit\u00e0ria en un altre context social i econ\u00f2mic.<\/p>\n\n\n\n<p class=\"wp-block-paragraph\">Impulsat des de la biblioteca, el projecte convida a reflexionar sobre els rols de la inf\u00e0ncia, de les fam\u00edlies i de la comunitat en un Palau ben diferent de l\u2019actual. Entre els materials destacats hi ha tamb\u00e9 un dau per crear hist\u00f2ries, que afavoreix una aproximaci\u00f3 participativa i imaginativa al passat local.<\/p>\n<\/div>\n<\/div>\n\n\n\n<hr class=\"wp-block-separator has-alpha-channel-opacity\" \/>\n<\/div>\n<\/div>\n","protected":false},"excerpt":{"rendered":"<p>El Campus d\u2019Innovaci\u00f3 Social i Educativa desenvolupa projectes de recerca, innovaci\u00f3 i transfer\u00e8ncia amb administracions p\u00fabliques, entitats socials, equipaments, empreses i comunitats. Les iniciatives parteixen de reptes situats i combinen coneixement cient\u00edfic, metodologies participatives, aprenentatge actiu i creaci\u00f3 de recursos educatius oberts. En aquesta p\u00e0gina es presenten projectes que mostren diferents formes de col\u00b7laboraci\u00f3 entre [&hellip;]<\/p>\n","protected":false},"author":3035,"featured_media":0,"parent":0,"menu_order":0,"comment_status":"closed","ping_status":"closed","template":"","meta":{"footnotes":""},"class_list":["post-46","page","type-page","status-publish","hentry"],"_links":{"self":[{"href":"https:\/\/webs.uab.cat\/campus-social-educatiu\/wp-json\/wp\/v2\/pages\/46","targetHints":{"allow":["GET"]}}],"collection":[{"href":"https:\/\/webs.uab.cat\/campus-social-educatiu\/wp-json\/wp\/v2\/pages"}],"about":[{"href":"https:\/\/webs.uab.cat\/campus-social-educatiu\/wp-json\/wp\/v2\/types\/page"}],"author":[{"embeddable":true,"href":"https:\/\/webs.uab.cat\/campus-social-educatiu\/wp-json\/wp\/v2\/users\/3035"}],"replies":[{"embeddable":true,"href":"https:\/\/webs.uab.cat\/campus-social-educatiu\/wp-json\/wp\/v2\/comments?post=46"}],"version-history":[{"count":42,"href":"https:\/\/webs.uab.cat\/campus-social-educatiu\/wp-json\/wp\/v2\/pages\/46\/revisions"}],"predecessor-version":[{"id":1336,"href":"https:\/\/webs.uab.cat\/campus-social-educatiu\/wp-json\/wp\/v2\/pages\/46\/revisions\/1336"}],"wp:attachment":[{"href":"https:\/\/webs.uab.cat\/campus-social-educatiu\/wp-json\/wp\/v2\/media?parent=46"}],"curies":[{"name":"wp","href":"https:\/\/api.w.org\/{rel}","templated":true}]}}