{"id":115,"date":"2020-07-19T19:13:56","date_gmt":"2020-07-19T19:13:56","guid":{"rendered":"https:\/\/webs.uab.cat\/catedraeducomunitaria\/projectes\/"},"modified":"2022-08-11T07:17:08","modified_gmt":"2022-08-11T07:17:08","slug":"projectes","status":"publish","type":"page","link":"https:\/\/webs.uab.cat\/catedraeducomunitaria\/projectes\/","title":{"rendered":"Projectes"},"content":{"rendered":"\n<h2 class=\"wp-block-heading\"><strong>Programa Social per al Suport Familiar a l&#8217;\u00c8xit Educatiu (2013-2020)<\/strong><\/h2>\n\n\n\n<div class=\"wp-block-media-text is-stacked-on-mobile\" style=\"grid-template-columns:25% auto\"><figure class=\"wp-block-media-text__media\"><img loading=\"lazy\" decoding=\"async\" width=\"226\" height=\"209\" src=\"https:\/\/webs.uab.cat\/catedraeducomunitaria\/wp-content\/uploads\/sites\/153\/2020\/07\/fap_cercle.png\" alt=\"\" class=\"wp-image-91 size-full\"\/><\/figure><div class=\"wp-block-media-text__content\">\n<p class=\"has-small-font-size\">Finan\u00e7ament de l&#8217;Obra Social la Caixa. La C\u00e0tedra \u00e9s l&#8217;investigador principal i coordinador d&#8217;aquest projecte pioner que pret\u00e9n enfortir els vincles entre les fam\u00edlies, l&#8217;escola i la comunitat per a millorar l&#8217;\u00e8xit educatiu d&#8217;infants i joves i que s&#8217;ha desenvolupat en 8 ciutats de 9 comunitats aut\u00f2nomes de l&#8217;estat espanyol . Import (2013-2020): 430.000 euros. M\u00e9s informaci\u00f3: <a rel=\"noreferrer noopener\" href=\"https:\/\/pagines.uab.cat\/exitoeducativo\/\" target=\"_blank\">https:\/\/pagines.uab.cat\/exitoeducativo\/<\/a><\/p>\n<\/div><\/div>\n\n\n\n<p><\/p>\n\n\n\n<h2 class=\"wp-block-heading\"><strong>Wungu: g\u00e8nere i diversitat cultural a l&#8217;escola (2020)<\/strong><\/h2>\n\n\n\n<div class=\"wp-block-media-text is-stacked-on-mobile\" style=\"grid-template-columns:25% auto\"><figure class=\"wp-block-media-text__media\"><img loading=\"lazy\" decoding=\"async\" width=\"226\" height=\"209\" src=\"https:\/\/webs.uab.cat\/catedraeducomunitaria\/wp-content\/uploads\/sites\/153\/2020\/07\/wungu_cercle.png\" alt=\"\" class=\"wp-image-93 size-full\"\/><\/figure><div class=\"wp-block-media-text__content\">\n<p class=\"has-small-font-size\">Finan\u00e7ament de la Generalitat de Catalunya. La C\u00e0tedra \u00e9s l&#8217;investigador principal d&#8217;aquest projecte innovador que es desenvolupa a 4 escoles d&#8217;educaci\u00f3 prim\u00e0ria de l&#8217;\u00e0rea metropolitana de Barcelona. Import: 26.000 euros.<\/p>\n<\/div><\/div>\n\n\n\n<h2 class=\"wp-block-heading\"><strong>Model d&#8217;intervenci\u00f3 educativa intercultural en context ind\u00edgena (2019)<\/strong><\/h2>\n\n\n\n<div class=\"wp-block-media-text is-stacked-on-mobile\" style=\"grid-template-columns:25% auto\"><figure class=\"wp-block-media-text__media\"><img loading=\"lazy\" decoding=\"async\" width=\"226\" height=\"209\" src=\"https:\/\/webs.uab.cat\/catedraeducomunitaria\/wp-content\/uploads\/sites\/153\/2020\/07\/indigena_cercle.png\" alt=\"\" class=\"wp-image-95 size-full\"\/><\/figure><div class=\"wp-block-media-text__content\">\n<p class=\"has-small-font-size\">Finan\u00e7ament de Govern de Xile. La C\u00e0tedra ha realitzat un assessorament cient\u00edfic en el disseny metodol\u00f2gic i col\u00b7laboraci\u00f3 en el disseny d&#8217;instruments de recollida d&#8217;informaci\u00f3. Import: recursos propis. M\u00e9s informaci\u00f3: <a rel=\"noreferrer noopener\" href=\"http:\/\/inatuzugumew.uct.cl\/wp-content\/uploads\/2019\/04\/INTERVENCION-WEB.pdf\" target=\"_blank\">http:\/\/inatuzugumew.uct.cl\/wp-content\/uploads\/2019\/04\/INTERVENCION-WEB.pdf<\/a><\/p>\n<\/div><\/div>\n\n\n\n<h2 class=\"wp-block-heading\"><strong>SIRIUS 2.0 Policy Network on Migrant Education (2018)<\/strong><\/h2>\n\n\n\n<div class=\"wp-block-media-text is-stacked-on-mobile\" style=\"grid-template-columns:25% auto\"><figure class=\"wp-block-media-text__media\"><img loading=\"lazy\" decoding=\"async\" width=\"226\" height=\"209\" src=\"https:\/\/webs.uab.cat\/catedraeducomunitaria\/wp-content\/uploads\/sites\/153\/2020\/07\/sirius_cercle.png\" alt=\"\" class=\"wp-image-97 size-full\"\/><\/figure><div class=\"wp-block-media-text__content\">\n<p class=\"has-small-font-size\">Finan\u00e7ament de la Comissi\u00f3 Europea. La C\u00e0tedra ha realitzat una investigaci\u00f3 sobre l&#8217;acollida comunit\u00e0ria de l&#8217;alumnat estranger a Barcelona (2019), i una altra investigaci\u00f3 sobre educaci\u00f3 no formal en contextos comunitaris i participaci\u00f3 de joves d&#8217;origen estranger, sobretot en el marc d&#8217;una xarxa europea d&#8217;investigadors de 15 pa\u00efsos de la UE. Import: 15.000 euros. M\u00e9s informaci\u00f3: <a rel=\"noopener\" href=\"http:\/\/www.sirius-migrationeducation.org\/news\/sirius-2-0-policy-network-on-migrant-education\/\" target=\"_blank\">http:\/\/www.sirius-migrationeducation.org\/news\/sirius-2-0-policy-network-on-migrant-education\/<\/a><\/p>\n<\/div><\/div>\n\n\n\n<h2 class=\"wp-block-heading\">Dispositiu Formatiu en Interculturalitat per a t\u00e8cnics LIC (2018)<\/h2>\n\n\n\n<div class=\"wp-block-media-text is-stacked-on-mobile\" style=\"grid-template-columns:25% auto\"><figure class=\"wp-block-media-text__media\"><img loading=\"lazy\" decoding=\"async\" width=\"226\" height=\"209\" src=\"https:\/\/webs.uab.cat\/catedraeducomunitaria\/wp-content\/uploads\/sites\/153\/2020\/07\/lic_cercle.png\" alt=\"\" class=\"wp-image-99 size-full\"\/><\/figure><div class=\"wp-block-media-text__content\">\n<p>Finan\u00e7at per part de Govern de la Generalitat, Departament d&#8217;Educaci\u00f3. La C\u00e0tedra ha participat en aquest projecte en l\u2019 elaboraci\u00f3 dels materials did\u00e0ctics al voltant de el tema de la Interculturalitat adre\u00e7ats als assessors LIC de el Departament d&#8217;Educaci\u00f3 de la Generalitat de Catalunya (fase 1) i en l\u2019 assessorament i formaci\u00f3 dels assessors LIC mitjan\u00e7ant la coordinaci\u00f3 i dinamitzaci\u00f3 d&#8217;un grup de treball (fase 2). L&#8217;import total de les dues fases ha estat de 10.000 euros. M\u00e9s informaci\u00f3: <a rel=\"noopener\" href=\"http:\/\/xtec.gencat.cat\/web\/.content\/projectes\/intercultural\/documentacio\/Enllac-dispositius-en-interculturalitat.pdf\" target=\"_blank\">http:\/\/xtec.gencat.cat\/web\/.content\/projectes\/intercultural\/documentacio\/Enllac-dispositius-en-interculturalitat.pdf<\/a><\/p>\n<\/div><\/div>\n\n\n\n<h2 class=\"wp-block-heading\"><strong>Against the odds &#8211; resilient immigrant and minority Language students and how they succeed (focus on high Achievers with vulnerable soci-economic backgrounds (2018)<\/strong><\/h2>\n\n\n\n<div class=\"wp-block-media-text is-stacked-on-mobile\" style=\"grid-template-columns:25% auto\"><figure class=\"wp-block-media-text__media\"><img loading=\"lazy\" decoding=\"async\" width=\"226\" height=\"209\" src=\"https:\/\/webs.uab.cat\/catedraeducomunitaria\/wp-content\/uploads\/sites\/153\/2020\/07\/aodds_cercle.png\" alt=\"\" class=\"wp-image-101 size-full\"\/><\/figure><div class=\"wp-block-media-text__content\">\n<p class=\"has-small-font-size\">Finan\u00e7ament de la Comissi\u00f3 Europea. La C\u00e0tedra ha actuat en qualitat de consultoria internacional en el marc d&#8217;aquesta investigaci\u00f3 a l&#8217;equip investigador brit\u00e0nic. Import: 2.000 euros.<\/p>\n<\/div><\/div>\n\n\n\n<h2 class=\"wp-block-heading\">ALFIRK: Collaborative networks for migrant parent empowerment (2018)<\/h2>\n\n\n\n<div class=\"wp-block-media-text is-stacked-on-mobile\" style=\"grid-template-columns:25% auto\"><figure class=\"wp-block-media-text__media\"><img loading=\"lazy\" decoding=\"async\" width=\"226\" height=\"209\" src=\"https:\/\/webs.uab.cat\/catedraeducomunitaria\/wp-content\/uploads\/sites\/153\/2020\/07\/alfirk_cercle.png\" alt=\"\" class=\"wp-image-103 size-full\"\/><\/figure><div class=\"wp-block-media-text__content\">\n<p class=\"has-small-font-size\">Finan\u00e7ament de la Comissi\u00f3 Europea. La C\u00e0tedra ha desenvolupat una investigaci\u00f3 sobre l&#8217;educaci\u00f3 comunit\u00e0ria i la participaci\u00f3 de fam\u00edlies estrangeres a l&#8217;escola a Espanya, en el marc d&#8217;una xarxa europea d&#8217;investigadors. Import: 18.000 euros. M\u00e9s informaci\u00f3: <a rel=\"noreferrer noopener\" href=\"http:\/\/www.multikulti.bg\/alfirk\/es-about7\" target=\"_blank\">http:\/\/www.multikulti.bg\/alfirk\/es-about7<\/a><\/p>\n<\/div><\/div>\n\n\n\n<h2 class=\"wp-block-heading\">Mapa de l&#8217;educaci\u00f3 comunit\u00e0ria de Barcelona (2017 i 2018)<\/h2>\n\n\n\n<div class=\"wp-block-media-text is-stacked-on-mobile\" style=\"grid-template-columns:25% auto\"><figure class=\"wp-block-media-text__media\"><img loading=\"lazy\" decoding=\"async\" width=\"226\" height=\"209\" src=\"https:\/\/webs.uab.cat\/catedraeducomunitaria\/wp-content\/uploads\/sites\/153\/2020\/07\/mapaec_cercle.png\" alt=\"\" class=\"wp-image-105 size-full\"\/><\/figure><div class=\"wp-block-media-text__content\">\n<p class=\"has-small-font-size\">Finan\u00e7at per l&#8217;Ajuntament de Barcelona. La C\u00e0tedra ha actuat en l&#8217;assessorament i acompanyament del grup de recerca de l&#8217;ICE-UAB que ha dut a terme el mapa en dues edicions, 2017 i 2018. Import: recursos propis. M\u00e9s informaci\u00f3: <a rel=\"noreferrer noopener\" href=\"https:\/\/pagines.uab.cat\/mapaeducaciocomunitariabarcelona\/\" target=\"_blank\">https:\/\/pagines.uab.cat\/mapaeducaciocomunitariabarcelona\/<\/a><\/p>\n<\/div><\/div>\n\n\n\n<h2 class=\"wp-block-heading\"><strong>Koinos &#8211; European portfoli of plurilingual literacy practices (2017)<\/strong><\/h2>\n\n\n\n<div class=\"wp-block-media-text is-stacked-on-mobile\" style=\"grid-template-columns:25% auto\"><figure class=\"wp-block-media-text__media\"><img loading=\"lazy\" decoding=\"async\" width=\"226\" height=\"209\" src=\"https:\/\/webs.uab.cat\/catedraeducomunitaria\/wp-content\/uploads\/sites\/153\/2020\/07\/koinos_cercle.png\" alt=\"\" class=\"wp-image-107 size-full\"\/><\/figure><div class=\"wp-block-media-text__content\">\n<p class=\"has-small-font-size\">Finan\u00e7ament de la Comissi\u00f3 Europea. La C\u00e0tedra ha actuat d&#8217;impulsor de el projecte, i tamb\u00e9 ha realitzat una Investigaci\u00f3 sobre l&#8217;educaci\u00f3 pluriling\u00fce en entorns comunitaris amb forta pres\u00e8ncia de poblaci\u00f3 estrangera, en el marc d&#8217;una xarxa europea d&#8217;investigadors. Import: 44.000 euros.<\/p>\n<\/div><\/div>\n\n\n\n<h2 class=\"wp-block-heading\">Migrant Education Monitoring and Assessment (2016)<\/h2>\n\n\n\n<div class=\"wp-block-media-text is-stacked-on-mobile\" style=\"grid-template-columns:25% auto\"><figure class=\"wp-block-media-text__media\"><img loading=\"lazy\" decoding=\"async\" width=\"226\" height=\"209\" src=\"https:\/\/webs.uab.cat\/catedraeducomunitaria\/wp-content\/uploads\/sites\/153\/2020\/07\/mema_cercle.png\" alt=\"\" class=\"wp-image-109 size-full\"\/><\/figure><div class=\"wp-block-media-text__content\">\n<p class=\"has-small-font-size\">Finan\u00e7ament del Parlament Europeu. La C\u00e0tedra ha actuat com a investigador principal d&#8217;una xarxa d&#8217;investigadors de 21 pa\u00efsos de la UE sobre l&#8217;avaluaci\u00f3 de pol\u00edtiques educatives dirigides a l&#8217;alumnat de fam\u00edlia estrangera a Europa. Import: 46.500 euros. M\u00e9s informaci\u00f3: https:\/\/www.integrated-project.eu\/index.php\/2018\/07\/27\/migrant-education-monitoring-and-assessment-research-for-the-european-parliament\/<\/p>\n<\/div><\/div>\n\n\n\n<h2 class=\"wp-block-heading\"> <strong>Study on the diversity within the teaching profession with particular focus on migrant and \/ or minority background (2015)<\/strong><\/h2>\n\n\n\n<div class=\"wp-block-media-text is-stacked-on-mobile\" style=\"grid-template-columns:25% auto\"><figure class=\"wp-block-media-text__media\"><img loading=\"lazy\" decoding=\"async\" width=\"226\" height=\"209\" src=\"https:\/\/webs.uab.cat\/catedraeducomunitaria\/wp-content\/uploads\/sites\/153\/2020\/07\/teachmigra_cercle.png\" alt=\"\" class=\"wp-image-111 size-full\"\/><\/figure><div class=\"wp-block-media-text__content\">\n<p class=\"has-small-font-size\">Finan\u00e7ament de la Comissi\u00f3 Europea. La C\u00e0tedra ha actuat en qualitat de consultoria internacional en el marc d&#8217;aquesta investigaci\u00f3 a l&#8217;equip investigador brit\u00e0nic. Import: 2.000 euros. M\u00e9s informaci\u00f3: <a rel=\"noreferrer noopener\" href=\"https:\/\/op.europa.eu\/en\/publication-detail\/-\/publication\/9f27c61d-2ba9-11e6-b616-01aa75ed71a1\" target=\"_blank\">https:\/\/op.europa.eu\/en\/publication-detail\/-\/publication\/9f27c61d-2ba9-11e6-b616-01aa75ed71a1<\/a><\/p>\n<\/div><\/div>\n\n\n\n<h2 class=\"wp-block-heading\">FAMILYEDUNET &#8211; Families for educational success (2015)<\/h2>\n\n\n\n<div class=\"wp-block-media-text is-stacked-on-mobile\" style=\"grid-template-columns:25% auto\"><figure class=\"wp-block-media-text__media\"><img loading=\"lazy\" decoding=\"async\" width=\"226\" height=\"209\" src=\"https:\/\/webs.uab.cat\/catedraeducomunitaria\/wp-content\/uploads\/sites\/153\/2020\/07\/famedunet_cercle.png\" alt=\"\" class=\"wp-image-113 size-full\"\/><\/figure><div class=\"wp-block-media-text__content\">\n<p class=\"has-small-font-size\">Finan\u00e7ament de la Comissi\u00f3 Europea. La C\u00e0tedra ha realitzat una investigaci\u00f3 sobre l&#8217;educaci\u00f3 comunit\u00e0ria i la participaci\u00f3 de fam\u00edlies a l&#8217;escola a Espanya, en el marc d&#8217;una xarxa europea d&#8217;investigadors. Import: 14.000 euros. M\u00e9s informaci\u00f3: <a rel=\"noreferrer noopener\" href=\"https:\/\/euparents.eu\/project\/familyedunet\/\" target=\"_blank\">https:\/\/euparents.eu\/project\/familyedunet\/<\/a><\/p>\n<\/div><\/div>\n\n\n<div class=\"wp-block-image\">\n<figure class=\"aligncenter size-large is-resized\"><img loading=\"lazy\" decoding=\"async\" src=\"https:\/\/webs.uab.cat\/catedraeducomunitaria\/wp-content\/uploads\/sites\/153\/2020\/07\/obra-social-la-caixa-1024x452.jpg\" alt=\"Finan\u00e7at per...\" class=\"wp-image-118\" width=\"256\" height=\"113\" srcset=\"https:\/\/webs.uab.cat\/catedraeducomunitaria\/wp-content\/uploads\/sites\/153\/2020\/07\/obra-social-la-caixa-1024x452.jpg 1024w, https:\/\/webs.uab.cat\/catedraeducomunitaria\/wp-content\/uploads\/sites\/153\/2020\/07\/obra-social-la-caixa-300x133.jpg 300w, https:\/\/webs.uab.cat\/catedraeducomunitaria\/wp-content\/uploads\/sites\/153\/2020\/07\/obra-social-la-caixa-768x339.jpg 768w, https:\/\/webs.uab.cat\/catedraeducomunitaria\/wp-content\/uploads\/sites\/153\/2020\/07\/obra-social-la-caixa.jpg 1200w\" sizes=\"auto, (max-width: 256px) 100vw, 256px\" \/><\/figure>\n<\/div>","protected":false},"excerpt":{"rendered":"<p>Programa Social per al Suport Familiar a l&#8217;\u00c8xit Educatiu (2013-2020) Finan\u00e7ament de l&#8217;Obra Social la Caixa. La C\u00e0tedra \u00e9s l&#8217;investigador principal i coordinador d&#8217;aquest projecte pioner que pret\u00e9n enfortir els vincles entre les fam\u00edlies, l&#8217;escola i la comunitat per a millorar l&#8217;\u00e8xit educatiu d&#8217;infants i joves i que s&#8217;ha desenvolupat en 8 ciutats de 9 [&hellip;]<\/p>\n","protected":false},"author":20,"featured_media":0,"parent":0,"menu_order":0,"comment_status":"closed","ping_status":"closed","template":"","meta":{"footnotes":""},"class_list":["post-115","page","type-page","status-publish","hentry"],"_links":{"self":[{"href":"https:\/\/webs.uab.cat\/catedraeducomunitaria\/wp-json\/wp\/v2\/pages\/115","targetHints":{"allow":["GET"]}}],"collection":[{"href":"https:\/\/webs.uab.cat\/catedraeducomunitaria\/wp-json\/wp\/v2\/pages"}],"about":[{"href":"https:\/\/webs.uab.cat\/catedraeducomunitaria\/wp-json\/wp\/v2\/types\/page"}],"author":[{"embeddable":true,"href":"https:\/\/webs.uab.cat\/catedraeducomunitaria\/wp-json\/wp\/v2\/users\/20"}],"replies":[{"embeddable":true,"href":"https:\/\/webs.uab.cat\/catedraeducomunitaria\/wp-json\/wp\/v2\/comments?post=115"}],"version-history":[{"count":9,"href":"https:\/\/webs.uab.cat\/catedraeducomunitaria\/wp-json\/wp\/v2\/pages\/115\/revisions"}],"predecessor-version":[{"id":263,"href":"https:\/\/webs.uab.cat\/catedraeducomunitaria\/wp-json\/wp\/v2\/pages\/115\/revisions\/263"}],"wp:attachment":[{"href":"https:\/\/webs.uab.cat\/catedraeducomunitaria\/wp-json\/wp\/v2\/media?parent=115"}],"curies":[{"name":"wp","href":"https:\/\/api.w.org\/{rel}","templated":true}]}}