{"id":90,"date":"2020-07-19T19:10:28","date_gmt":"2020-07-19T19:10:28","guid":{"rendered":"https:\/\/webs.uab.cat\/catedraeducomunitaria\/membres-2\/"},"modified":"2022-08-11T06:25:45","modified_gmt":"2022-08-11T06:25:45","slug":"membres-2","status":"publish","type":"page","link":"https:\/\/webs.uab.cat\/catedraeducomunitaria\/membres-2\/","title":{"rendered":"Membres"},"content":{"rendered":"\n<blockquote class=\"wp-block-quote is-layout-flow wp-block-quote-is-layout-flow\"><p><span style=\"color:#FF8C00;\"><strong>Miquel \u00c0ngel Essomba Gelabert (director)<\/strong><\/span><br>\nmiquelangel.essomba@uab.cat<\/p><\/blockquote>\n\n\n\n<p><img loading=\"lazy\" decoding=\"async\" class=\" size-full wp-image-78\" alt=\"\" height=\"200\" src=\"https:\/\/webs.uab.cat\/catedraeducomunitaria\/wp-content\/uploads\/sites\/153\/2020\/07\/miquel_cercle_0.png\" style=\"float:left\" width=\"227\">Doctor en pedagogia, m\u00e0ster en psicologia de l\u2019educaci\u00f3 y postgrau en pedagogia intercultural. Investigador i professor a la Universitat Aut\u00f2noma de Barcelona (UAB), expert en l\u2019\u00e0mbit de l&#8217;educaci\u00f3 intercultural, l\u2019 educaci\u00f3 inclusiva i l\u2019educaci\u00f3 comunit\u00e0ria.<\/p>\n\n\n\n<p>Ha dirigit i\/o participat en 64 projectes de recerca, 41 en convocat\u00f2ries competitives d\u2019organismes p\u00fablics, i 23 en recerques no competitives. Aix\u00f2 es complementa amb un perfil de gesti\u00f3 de la recerca, que s\u2019inicia com a vicedeg\u00e0 d\u2019investigaci\u00f3 de la seva facultat d\u2019educaci\u00f3 per al per\u00edode 2002-2005, i que continua com a director del Centre UNESCO de Catalunya i president de l&#8217;Institut Linguapax entre 2008-2012, director de la xarxa d\u2019an\u00e0lisi de pol\u00edtiques educatives europea SIRIUS (Comissi\u00f3 Europea) en el per\u00edode 2012-2015, i m\u00e9s recentment com comissionat d\u2019educaci\u00f3 i universitats de l\u2019Ajuntament de Barcelona entre 2015 i 2019.<\/p>\n\n\n\n<p>La seva activitat en congressos internacionals i xarxes de recerca ha estat constant. Participa als congressos internacionals de la seva \u00e0rea ECER (Europa) i ICERI (mundial), i ha estat professor convidat a diverses universitats estrangeres per cursos de grau i doctorat.<\/p>\n\n\n\n<p>Ha realitzat 199 publicacions sense comptar les resultants de congressos.&nbsp; Pel que fa als llibres, disposa de 96 obres: en 15 ha actuat com editor, 19 s\u00f3n llibres complets i 62 s\u00f3n cap\u00edtols de llibre.<\/p>\n\n\n\n<p>La seva posici\u00f3 com a consultor cient\u00edfic internacional i expert acad\u00e8mic s&#8217;ha consolidat en la darrera d\u00e8cada. Durant aquest per\u00edode ha estat desenvolupant orientaci\u00f3 cient\u00edfica i edici\u00f3 de documents per a organitzacions internacionals com: el Consell d&#8217;Europa, l&#8217;OCDE, la UNESCO, l&#8217;Organitzaci\u00f3 d&#8217;Estats Iberoamericans, la Fundaci\u00f3 Anna Lindh o la Comissi\u00f3 Europea, i els Ministeris d&#8217;Educaci\u00f3 d&#8217;Equador o M\u00e8xic.<\/p>\n\n\n\n<blockquote class=\"wp-block-quote is-layout-flow wp-block-quote-is-layout-flow\"><p><span style=\"color:#FF8C00;\"><strong>Katia Ver\u00f3nica Pozos P\u00e9rez<\/strong><\/span><br>\nkatiaveronica.pozos@uab.cat<\/p><\/blockquote>\n\n\n\n<figure class=\"wp-block-image\"><img loading=\"lazy\" decoding=\"async\" width=\"227\" height=\"200\" src=\"https:\/\/webs.uab.cat\/catedraeducomunitaria\/wp-content\/uploads\/sites\/153\/2020\/07\/katia2_cercle.png\" alt=\"\" class=\"wp-image-80\"\/><\/figure>\n\n\n\n<p>Doctora en Educaci\u00f3 i M\u00e0ster d\u2019Iniciaci\u00f3 a la Recerca per la UAB. M\u00e0ster en Educaci\u00f3 i Noves Tecnologies Aplicades a l\u2019Educaci\u00f3 per la Universitat An\u00e0huac i Llic. en Disseny de la Comunicaci\u00f3 Gr\u00e0fica per la Universitat Aut\u00f2noma Metropolitana a M\u00e8xic, on ha estat coordinadora de Pedagogia i Disseny Instruccional del Centre de Tecnologies per a l\u2019Educaci\u00f3 del ITAM i professora de la Divisi\u00f3 de Ci\u00e8ncies i Arts pel Disseny de la Universitat Aut\u00f2noma Metropolitana.<\/p>\n\n\n\n<p>Actualment \u00e9s membre del grup de recerca ERDISC i col\u00b7labora en la Plataforma d\u2019Acci\u00f3 Social Kabua amb la UAB i la Direcci\u00f3 General de Joventut. \u00c9s professora associada del Departament de Pedagogia Aplicada de la UAB. Ha estat coordinadora de Projectes Europeus del grup ERDISC i tamb\u00e9 ha participat en diversos projectes de recerca competitius i d\u2019acci\u00f3 social a Catalunya i Espanya com el Programa Social per al Suport Familiar a l\u2019\u00c8xit Educatiu amb Obra Social la Caixa. Membre de la C\u00e0tedra d\u2019Educaci\u00f3 Comunit\u00e0ria. Para l\u00b7lelament complementa el seu desenvolupament professional amb la Gesti\u00f3 de Projectes Socioeducatius de l&#8217;Associaci\u00f3 Educativa Integral del Raval.<\/p>\n\n\n\n<p>Les seves l\u00ednies de recerca s\u00f3n: l\u2019apoderament i acci\u00f3 social, TIC per a l&#8217;Educaci\u00f3; Formaci\u00f3 del professorat universitari en Compet\u00e8ncia Digital; diversitat, inclusi\u00f3 i TIC, recerca-acci\u00f3.<\/p>\n\n\n\n<blockquote class=\"wp-block-quote is-layout-flow wp-block-quote-is-layout-flow\"><p><span style=\"color:#FF8C00;\"><strong>Pere Gran\u00e9 Feliu<\/strong><\/span><br>\nperegranefeliu@gmail.com<\/p><\/blockquote>\n\n\n\n<p><img loading=\"lazy\" decoding=\"async\" class=\" size-full wp-image-82\" alt=\"\" height=\"200\" src=\"https:\/\/webs.uab.cat\/catedraeducomunitaria\/wp-content\/uploads\/sites\/153\/2020\/07\/pere2_cercle.png\" style=\"float:left\" width=\"227\">Doctor en Ci\u00e8ncies de l&#8217;Educaci\u00f3 per la Universitat Aut\u00f2noma de Barcelona amb la tesi \u201cJoves, Art urb\u00e0 i Educaci\u00f3 Comunit\u00e0ria: Recerca-Acci\u00f3 i Etnografia Visual en el Districte Collblanc \u2013 La Torrassa (L\u2019Hospitalet de Llobregat)\u201d, dirigida per Miquel \u00c0ngel Essomba i Montserrat Rif\u00e0. M\u00e0ster Universitari de Formaci\u00f3 de Professorat d\u2019Educaci\u00f3 Secund\u00e0ria Obligat\u00f2ria i Batxillerat, especialitat en Geografia i Hist\u00f2ria per la Universitat de Barcelona (UB). Llicenciat en Sociologia per la UB. Premi Extraordinari de Primer i Segon Cicle dels Ensenyaments Oficials i Propis de la UB.<\/p>\n\n\n\n<p>Actualment, es dedica a la recerca de processos d&#8217;educaci\u00f3 a trav\u00e9s de les arts. Les seves l\u00ednies d\u2019investigaci\u00f3 principals s\u00f3n: l\u2019educaci\u00f3 comunit\u00e0ria, l\u2019educaci\u00f3 intercultural i la sociologia urbana.<\/p>\n\n\n\n<p>Ha col\u00b7laborat com a investigador en diversos projectes: KOINOS \u2013 Portfoli Europeu de Pr\u00e0ctiques (Erasmus +, 2015 \u2013 2017), el Programa Social per al Suport Familiar a l\u2019\u00c8xit Eductiu (Obra Social La Caixa, 2013-2017) i la xarxa SIRIUS \u2013 European Policy Network on the education of children and young people with a migrant background (Comissi\u00f3 Europea, 2012-2014).<\/p>\n\n\n\n<blockquote class=\"wp-block-quote is-layout-flow wp-block-quote-is-layout-flow\"><p><span style=\"color:#FF8C00;\"><strong>Anna Tarr\u00e9s Vallesp\u00ed<\/strong><\/span><br>\nanna.tarres@uab.cat<\/p><\/blockquote>\n\n\n\n<p><img loading=\"lazy\" decoding=\"async\" class=\" size-full wp-image-84\" alt=\"\" height=\"200\" src=\"https:\/\/webs.uab.cat\/catedraeducomunitaria\/wp-content\/uploads\/sites\/153\/2020\/07\/anna_cercle.png\" style=\"float:left\" width=\"227\"><br>\nDoctora en Sociologia per la Universitat Aut\u00f2noma de Barcelona i llicenciada en Ci\u00e8ncies de la Comunicaci\u00f3. Realitzant la tesi doctoral Alumnat d\u2019incorporaci\u00f3 Tardana i vinculaci\u00f3 educativa. Un estudi sobre traject\u00f2ries educatives a Catalunya, director Xavier Bonal (UAB).<\/p>\n\n\n\n<p>Coordinadora de la C\u00e0tedra d\u2019Educaci\u00f3 Comunit\u00e0ria i investigadora al ERDISC del Departament de Pedagogia Aplicada de la Universitat Aut\u00f2noma de Barcelona. Docent al Departament de Sociologia de la UAB, al M\u00e0ster de Secundaria de la UAB i a la UOC.<\/p>\n\n\n\n<p>Del 2002 al 2012, ha treballat a l\u2019equip de coordinaci\u00f3 del Panel de Desigualtats Socials a Catalunya de la Fundaci\u00f3 Jaume Bofill.<\/p>\n\n\n\n<blockquote class=\"wp-block-quote is-layout-flow wp-block-quote-is-layout-flow\"><p><span style=\"color:#FF8C00;\"><strong>Josep Guardiola Salinas<\/strong><\/span><br>\njguardio@gmail.com<\/p><\/blockquote>\n\n\n\n<p><img loading=\"lazy\" decoding=\"async\" class=\" size-full wp-image-86\" alt=\"\" height=\"200\" src=\"https:\/\/webs.uab.cat\/catedraeducomunitaria\/wp-content\/uploads\/sites\/153\/2020\/07\/pep_cercle.png\" style=\"float:left\" width=\"227\">Grau en Geografia i Hist\u00f2ria -especialitat en Hist\u00f2ria Contempor\u00e0nia- per la Universitat de Barcelona.<\/p>\n\n\n\n<p>Docent i tutor a educaci\u00f3 secund\u00e0ria des de l\u2019any 1988. Ha estat portaveu , col\u00b7laborador de l\u2019\u00e0rea pedag\u00f2gica i&nbsp; membre de la direcci\u00f3 a nivell estatal de SOS Racisme (1996-2003).&nbsp; Tamb\u00e9 ha col\u00b7laborat amb altres organitzacions. Ha estat Delegat en Educaci\u00f3 i Cooperaci\u00f3 Internacional a UNESCO Catalunya (2008-2013) on&nbsp; ha coordinat diferents projectes i responsable de la publicaci\u00f3 d\u2019algunes guies did\u00e0ctiques. Formador per l\u2019Ajuntament de Barcelona sobre el tema de l\u2019Extrema Dreta Europea.<\/p>\n\n\n\n<p>Professor de M\u00e0ster Desarrollo Humano Sostenible a la Universitat de Girona. Formador i coordinador de voluntaris del projecte europeu Empowering the Future (2011-14). Formador i assessor pedag\u00f2gic del projecte europeu Erasmus+&nbsp; FamilyEduNet \u2013Families for Educational Success (2014-16) liderat per FAPAC. Col\u00b7laborador del projecte Mapa Educaci\u00f3 Comunit\u00e0ria de Barcelona.<\/p>\n\n\n\n<blockquote class=\"wp-block-quote is-layout-flow wp-block-quote-is-layout-flow\"><p><span style=\"color:#FF8C00;\"><strong>Txell Argelagu\u00e9s Besson<\/strong><\/span><br>\ntxellu54@gmail.com<\/p><\/blockquote>\n\n\n\n<p><img loading=\"lazy\" decoding=\"async\" class=\" size-full wp-image-88\" alt=\"\" height=\"200\" src=\"https:\/\/webs.uab.cat\/catedraeducomunitaria\/wp-content\/uploads\/sites\/153\/2020\/07\/txell_cercle.png\" style=\"float:left\" width=\"227\">M\u00e0ster en Pol\u00edtiques P\u00fabliques i Socials per la Universitat Pompeu Fabra i llicenciada en Sociologia per la Universitat de Barcelona.<\/p>\n\n\n\n<p>Investigadora al grup de recerca ERDISC i membre de la C\u00e0tedra d\u2019Educaci\u00f3 Comunit\u00e0ria des de l\u2019any 2013. Actualment, compatibilitza la seva tasca com a investigadora a la UAB amb diverses col\u00b7laboracions en altres institucions, entre les que destaca l\u2019Associaci\u00f3 Educativa Integral del Raval o l\u2019Observatori Socioecon\u00f2mic d\u2019Osona. Des de l\u2019any 2003 i fins el 2012 va formar part de l\u2019equip de coordinaci\u00f3 del Panel de Desigualtats Socials de Catalunya impulsat per la Fundaci\u00f3 Jaume Bofill a on va exercir de t\u00e8cnica de projectes i coordinadora.<\/p>\n\n\n\n<p>Les seves l\u00ednies priorit\u00e0ries d\u2019investigaci\u00f3 es vinculen a l\u2019educaci\u00f3 comunit\u00e0ria, l\u2019\u00e8xit educatiu, les relacions fam\u00edlies i escola i les desigualtats socials.<\/p>\n","protected":false},"excerpt":{"rendered":"<p>Miquel \u00c0ngel Essomba Gelabert (director) miquelangel.essomba@uab.cat Doctor en pedagogia, m\u00e0ster en psicologia de l\u2019educaci\u00f3 y postgrau en pedagogia intercultural. Investigador i professor a la Universitat Aut\u00f2noma de Barcelona (UAB), expert en l\u2019\u00e0mbit de l&#8217;educaci\u00f3 intercultural, l\u2019 educaci\u00f3 inclusiva i l\u2019educaci\u00f3 comunit\u00e0ria. Ha dirigit i\/o participat en 64 projectes de recerca, 41 en convocat\u00f2ries competitives d\u2019organismes [&hellip;]<\/p>\n","protected":false},"author":20,"featured_media":0,"parent":0,"menu_order":0,"comment_status":"closed","ping_status":"closed","template":"","meta":{"footnotes":""},"class_list":["post-90","page","type-page","status-publish","hentry"],"_links":{"self":[{"href":"https:\/\/webs.uab.cat\/catedraeducomunitaria\/wp-json\/wp\/v2\/pages\/90","targetHints":{"allow":["GET"]}}],"collection":[{"href":"https:\/\/webs.uab.cat\/catedraeducomunitaria\/wp-json\/wp\/v2\/pages"}],"about":[{"href":"https:\/\/webs.uab.cat\/catedraeducomunitaria\/wp-json\/wp\/v2\/types\/page"}],"author":[{"embeddable":true,"href":"https:\/\/webs.uab.cat\/catedraeducomunitaria\/wp-json\/wp\/v2\/users\/20"}],"replies":[{"embeddable":true,"href":"https:\/\/webs.uab.cat\/catedraeducomunitaria\/wp-json\/wp\/v2\/comments?post=90"}],"version-history":[{"count":1,"href":"https:\/\/webs.uab.cat\/catedraeducomunitaria\/wp-json\/wp\/v2\/pages\/90\/revisions"}],"predecessor-version":[{"id":237,"href":"https:\/\/webs.uab.cat\/catedraeducomunitaria\/wp-json\/wp\/v2\/pages\/90\/revisions\/237"}],"wp:attachment":[{"href":"https:\/\/webs.uab.cat\/catedraeducomunitaria\/wp-json\/wp\/v2\/media?parent=90"}],"curies":[{"name":"wp","href":"https:\/\/api.w.org\/{rel}","templated":true}]}}