{"id":36,"date":"2009-06-29T17:15:22","date_gmt":"2009-06-29T17:15:22","guid":{"rendered":"https:\/\/webs.uab.cat\/catedrajordiarbones\/jordi-arbones\/"},"modified":"2026-03-19T13:02:25","modified_gmt":"2026-03-19T13:02:25","slug":"jordi-arbones","status":"publish","type":"page","link":"https:\/\/webs.uab.cat\/catedrajordiarbones\/jordi-arbones\/","title":{"rendered":"Jordi Arbon\u00e8s"},"content":{"rendered":"\n<div class=\"wp-block-media-text is-stacked-on-mobile\" style=\"grid-template-columns:26% auto\"><figure class=\"wp-block-media-text__media\"><img loading=\"lazy\" decoding=\"async\" width=\"190\" height=\"255\" src=\"https:\/\/webs.uab.cat\/catedrajordiarbones\/wp-content\/uploads\/sites\/149\/2009\/06\/1995enelescritorio-arbones.jpg\" alt=\"1995enelescritorio-arbones\" class=\"wp-image-190 size-full\" \/><\/figure><div class=\"wp-block-media-text__content\">\n<p>Jordi Arbon\u00e8s (Barcelona, 1929 \u2013 Bernal, Buenos Aires, 2001) va partir cap a l\u2019Argentina el 1956. Havia nascut en el si d\u2019una fam\u00edlia treballadora del cor de la Ciutat Vella i li calia compaginar la servitud laboral amb els neguits intel\u00b7lectuals i patri\u00f2tics que l\u2019havien dut a estudiar angl\u00e8s pel seu compte, a participar en la confecci\u00f3 de la revista Inquietud (1954-1955) o a prendre part en la Penya Cultural Barcelonesa.<\/p>\n<\/div><\/div>\n\n\n\n<p>A Buenos Aires va participar en nombroses activitats del Casal de Catalunya, va fundar l\u2019Obra Cultural Catalana (1966) i va col\u00b7laborar a Catalunya i a Ressorgiment. M\u00e9s encara: va concebre el projecte de guanyar-se la vida, en la mesura que fos possible, servint-se de la llengua catalana. Per aix\u00f2, des de la dist\u00e0ncia, va lliurar-se a la traducci\u00f3 sense treva. I el bo del cas \u00e9s que en bona part hi va reexir: va traslladar un centenar de llibres al catal\u00e0 i una cinquantena al castell\u00e0, en una mescla d\u2019activitat professional i vocacional ben singular.<\/p>\n\n\n\n<p>Va apropar la literatura nord-americana a les nostres latituds, amb obres de Saul Bellow, William Faulkner, Ernest Hemingway, Henry James, Herman Melville, Arthur Miller, Henry Miller (de qui va traduir nou t\u00edtols), Ana\u00efs Nin, Edgar Allan Poe, John Steinbeck, Gore Vidal, Tennesse Williams&#8230; Igualment, va traduir cl\u00e0ssics de la narrativa anglesa, al costat d\u2019autors contemporanis: Jane Austen, Charlotte Bront\u00eb, Anthony Burgess, Willkie Collins, Agatha Cristie, Charles Dickens, Gerald Durrell, Lawrence Durrell, George Eliot, E. M. Forster, Rudyard Kipling, D. H. Lawrence, R. L. Stevenson, J. R. R. Tolkien, William Thackeray&#8230; <strong>(<a href=\"https:\/\/webs.uab.cat\/catedrajordiarbones\/wp-content\/uploads\/sites\/149\/2017\/03\/traduccions.pdf\" data-type=\"attachment\" data-id=\"37\">vegeu-ne el llistat complet<\/a>)<\/strong><\/p>\n\n\n\n<div class=\"wp-block-media-text is-stacked-on-mobile\" style=\"grid-template-columns:40% auto\"><figure class=\"wp-block-media-text__media\"><img loading=\"lazy\" decoding=\"async\" width=\"299\" height=\"194\" src=\"https:\/\/webs.uab.cat\/catedrajordiarbones\/wp-content\/uploads\/sites\/149\/2009\/06\/inquietud-arbones.jpg\" alt=\"inquietud-arbones\" class=\"wp-image-194 size-full\" \/><\/figure><div class=\"wp-block-media-text__content\">\n<p>La fam\u00edlia va donar, pel maig de 2003, el seu fons personal a la Facultat de Traducci\u00f3 i d\u2019Interpretaci\u00f3 de la Universitat Aut\u00f2noma de Barcelona i, poc despr\u00e9s, es va constituir la\u00a0<a href=\"http:\/\/webs.uab.cat\/catedrajordiarbones\/\" target=\"_blank\" rel=\"noreferrer noopener\">C\u00e0tedra Jordi Arbon\u00e8s<\/a>, encarregada de preservar, estudiar i difondre el seu llegat.<\/p>\n<\/div><\/div>\n\n\n\n<p>A m\u00e9s de la seva activitat traductora, va escriure poesia, narrativa i teatre, i \u00e9s autor de diversos assaigs, especialment sobre teatre i sobre l&#8217;obra de Manuel de Pedrolo, com tamb\u00e9 d&#8217;una gran quantitat d&#8217;articles sobre traducci\u00f3 i de pr\u00f2legs d&#8217;obres cabdals de molts dels autors que acost\u00e0. Des de l&#8217;Argentina, on va viure des del 1956 fins a la seva mort, va col\u00b7laborar en revistes com ara <strong>Catalunya<\/strong>, <strong>Ressorgiment<\/strong>, <strong>Serra d&#8217;Or <\/strong>i <strong>Revista de Catalunya<\/strong>.<\/p>\n\n\n\n<p>Aix\u00ed mateix, va ser un dels fundadors d&#8217;<a href=\"http:\/\/obraculturalcatalana.blogspot.com\/\" target=\"_blank\" rel=\"noopener\"><strong>Obra Cultural Catalana<\/strong><\/a> i un dels membres m\u00e9s actius del <a href=\"http:\/\/www.casal.org.ar\/es\/\" target=\"_blank\" rel=\"noopener\"><strong>Casal de Catalunya<\/strong><\/a>, totes dues institucions de Buenos Aires. Per a m\u00e9s informaci\u00f3 sobre Jordi Arbon\u00e8s i la seva obra, feu un clic <strong><a href=\"http:\/\/www.escriptors.cat\/autors\/arbonesj\/pagina.php?id_sec=266\" target=\"_blank\" rel=\"noopener\">aqu\u00ed<\/a>.<\/strong><\/p>\n\n\n\n<p><strong><a href=\"https:\/\/webs.uab.cat\/catedrajordiarbones\/entrevistes\/\" data-type=\"page\" data-id=\"46\">Entrevistes<\/a><\/strong><\/p>\n","protected":false},"excerpt":{"rendered":"<p>Jordi Arbon\u00e8s (Barcelona, 1929 \u2013 Bernal, Buenos Aires, 2001) va partir cap a l\u2019Argentina el 1956. Havia nascut en el si d\u2019una fam\u00edlia treballadora del cor de la Ciutat Vella i li calia compaginar la servitud laboral amb els neguits intel\u00b7lectuals i patri\u00f2tics que l\u2019havien dut a estudiar angl\u00e8s pel seu compte, a participar en [&hellip;]<\/p>\n","protected":false},"author":20,"featured_media":0,"parent":0,"menu_order":0,"comment_status":"closed","ping_status":"closed","template":"","meta":{"footnotes":""},"class_list":["post-36","page","type-page","status-publish","hentry"],"_links":{"self":[{"href":"https:\/\/webs.uab.cat\/catedrajordiarbones\/wp-json\/wp\/v2\/pages\/36","targetHints":{"allow":["GET"]}}],"collection":[{"href":"https:\/\/webs.uab.cat\/catedrajordiarbones\/wp-json\/wp\/v2\/pages"}],"about":[{"href":"https:\/\/webs.uab.cat\/catedrajordiarbones\/wp-json\/wp\/v2\/types\/page"}],"author":[{"embeddable":true,"href":"https:\/\/webs.uab.cat\/catedrajordiarbones\/wp-json\/wp\/v2\/users\/20"}],"replies":[{"embeddable":true,"href":"https:\/\/webs.uab.cat\/catedrajordiarbones\/wp-json\/wp\/v2\/comments?post=36"}],"version-history":[{"count":2,"href":"https:\/\/webs.uab.cat\/catedrajordiarbones\/wp-json\/wp\/v2\/pages\/36\/revisions"}],"predecessor-version":[{"id":674,"href":"https:\/\/webs.uab.cat\/catedrajordiarbones\/wp-json\/wp\/v2\/pages\/36\/revisions\/674"}],"wp:attachment":[{"href":"https:\/\/webs.uab.cat\/catedrajordiarbones\/wp-json\/wp\/v2\/media?parent=36"}],"curies":[{"name":"wp","href":"https:\/\/api.w.org\/{rel}","templated":true}]}}