{"id":75,"date":"2013-12-06T15:41:38","date_gmt":"2013-12-06T15:41:38","guid":{"rendered":"https:\/\/webs.uab.cat\/catedrajordiarbones\/fons-francesc-arno\/"},"modified":"2025-05-28T07:36:19","modified_gmt":"2025-05-28T07:36:19","slug":"fons-francesc-arno","status":"publish","type":"page","link":"https:\/\/webs.uab.cat\/catedrajordiarbones\/fons-francesc-arno\/","title":{"rendered":"Fons Francesc Arn\u00f3"},"content":{"rendered":"\n<div class=\"wp-block-media-text is-stacked-on-mobile\" style=\"grid-template-columns:28% auto\"><figure class=\"wp-block-media-text__media\"><img loading=\"lazy\" decoding=\"async\" width=\"655\" height=\"1024\" src=\"https:\/\/webs.uab.cat\/catedrajordiarbones\/wp-content\/uploads\/sites\/149\/2025\/05\/DSC_2862-655x1024-1.jpg\" alt=\"Francesc Arn\u00f3\" class=\"wp-image-507 size-full\" srcset=\"https:\/\/webs.uab.cat\/catedrajordiarbones\/wp-content\/uploads\/sites\/149\/2025\/05\/DSC_2862-655x1024-1.jpg 655w, https:\/\/webs.uab.cat\/catedrajordiarbones\/wp-content\/uploads\/sites\/149\/2025\/05\/DSC_2862-655x1024-1-192x300.jpg 192w\" sizes=\"auto, (max-width: 655px) 100vw, 655px\" \/><\/figure><div class=\"wp-block-media-text__content\">\n<p>De ben jove, Francesc Arn\u00f3 i Santos (Barcelona, 1909 \u2013 2011) es guanyava la vida amb les arts gr\u00e0fiques. Com a ajudant d\u2019impressor, va treballar en diversos tallers, entre d\u2019altres el de l\u2019actor Josep Santpere.<\/p>\n\n\n\n<p>M\u00e9s endavant, va fer de linotipista tant a la impremta L\u00f3pez, on s\u2019editaven <em>La Campana de Gr\u00e0cia <\/em>i <em>L\u2019Esquella de la Torratxa<\/em>, com en diversos diaris de l\u2019\u00e8poca: <em>La Nau<\/em>, <em>L\u2019Opini\u00f3<\/em>, <em>La Humanitat <\/em>i <em>\u00daltima Hora<\/em>.<\/p>\n<\/div><\/div>\n\n\n<div class=\"content clearfix\">\n<p>Amb mestres com C\u00e8sar-August Jordana i Pompeu Fabra, va obtenir el t\u00edtol de professor de catal\u00e0, que li va permetre exercir de corrector en les editorials Barcino i Proa. Per les seves mans van passar, per exemple, les traduccions d\u2019Andreu Nin d\u2019<em>Anna Kar\u00e8nina<\/em>, de Tolstoi, d\u2019Alfons Maseras de <em>Germinal,<\/em> de Zola, o de M. Teresa Vernet de <em>Dues o tres gr\u00e0cies<\/em>, de Huxley).<\/p>\n<p>En esclatar la guerra, va incorporar-se a la 44 divisi\u00f3, destinada al front de l\u2019Ebre. De seguida hi va editar, fins a la retirada cap a Fran\u00e7a, l\u2019\u00fanic peri\u00f2dic del front, el setmanari <em>La 44.<\/em> Despr\u00e9s de passar pels camps de concentraci\u00f3 de Sant Cebri\u00e0 i de Barcar\u00e8s i de residir alguns mesos a la Bretanya, va instal\u00b7lar-se a Par\u00eds, on va col\u00b7laborar amb <em>El Poble Catal\u00e0<\/em> i la <em>Revista de Catalunya<\/em>. L\u2019any 1940 es va exiliar a l\u2019Argentina, on va treballar en diverses editorials, va estudiar periodisme i direcci\u00f3 esc\u00e8nica i va exercir de professor. Arn\u00f3 va participar activament en les principals iniciatives de la comunitat catalana a l\u2019exili. Va impartir cursos de catal\u00e0 i va col\u00b7laborar a <em>Catalunya<\/em>, <em>Ressorgiment<\/em>, <em>Galeuzca<\/em> i <em>L\u2019Aven\u00e7<\/em>. Va integrar el Consell de la Col\u00b7lectivitat Catalana, el patronat dels Jocs Florals de la Llengua Catalana i la delegaci\u00f3 de la presid\u00e8ncia de la Generalitat durant una colla d\u2019anys.<\/p>\n<p>Pel que fa a la dramat\u00fargia, va organitzar recitals de poesia catalana al teatre Ateneo, fou cofundador del Teatro del Centro i va fer algunes adaptacions esc\u00e8niques. Durant trenta anys, va dirigir i arranjar un bon reguitzell de representacions del quadre esc\u00e8nic del Casal de Catalunya. Tant des de l\u2019Argentina com despr\u00e9s a Barcelona, va traduir i adaptar nombroses obres teatrals, de proced\u00e8ncies i lleng\u00fces ben diverses, amb un inter\u00e8s especial pel teatre de l\u2019absurd i obres de den\u00fancia renovadores.<\/p>\n<p>El Grup d\u2019Estudi de la Traducci\u00f3 Catalana Contempor\u00e0nia ha publicat algunes de les seves traduccions, que fins fa ben poc romanien in\u00e8dites: <em>La guineu i el ra\u00efm<\/em>, <em>Trag\u00e8dia de per riure<\/em>, <em>Rinoceront<\/em>, <em>La lli\u00e7\u00f3<\/em> i <em>El rei s\u2019est\u00e0 morint<\/em>.\u00a0<\/p>\n<\/div>","protected":false},"excerpt":{"rendered":"<p>De ben jove, Francesc Arn\u00f3 i Santos (Barcelona, 1909 \u2013 2011) es guanyava la vida amb les arts gr\u00e0fiques. Com a ajudant d\u2019impressor, va treballar en diversos tallers, entre d\u2019altres el de l\u2019actor Josep Santpere. M\u00e9s endavant, va fer de linotipista tant a la impremta L\u00f3pez, on s\u2019editaven La Campana de Gr\u00e0cia i L\u2019Esquella de [&hellip;]<\/p>\n","protected":false},"author":20,"featured_media":0,"parent":0,"menu_order":0,"comment_status":"closed","ping_status":"closed","template":"","meta":{"footnotes":""},"class_list":["post-75","page","type-page","status-publish","hentry"],"_links":{"self":[{"href":"https:\/\/webs.uab.cat\/catedrajordiarbones\/wp-json\/wp\/v2\/pages\/75","targetHints":{"allow":["GET"]}}],"collection":[{"href":"https:\/\/webs.uab.cat\/catedrajordiarbones\/wp-json\/wp\/v2\/pages"}],"about":[{"href":"https:\/\/webs.uab.cat\/catedrajordiarbones\/wp-json\/wp\/v2\/types\/page"}],"author":[{"embeddable":true,"href":"https:\/\/webs.uab.cat\/catedrajordiarbones\/wp-json\/wp\/v2\/users\/20"}],"replies":[{"embeddable":true,"href":"https:\/\/webs.uab.cat\/catedrajordiarbones\/wp-json\/wp\/v2\/comments?post=75"}],"version-history":[{"count":1,"href":"https:\/\/webs.uab.cat\/catedrajordiarbones\/wp-json\/wp\/v2\/pages\/75\/revisions"}],"predecessor-version":[{"id":511,"href":"https:\/\/webs.uab.cat\/catedrajordiarbones\/wp-json\/wp\/v2\/pages\/75\/revisions\/511"}],"wp:attachment":[{"href":"https:\/\/webs.uab.cat\/catedrajordiarbones\/wp-json\/wp\/v2\/media?parent=75"}],"curies":[{"name":"wp","href":"https:\/\/api.w.org\/{rel}","templated":true}]}}