{"id":1140,"date":"2024-12-19T03:05:47","date_gmt":"2024-12-19T01:05:47","guid":{"rendered":"https:\/\/webs.uab.cat\/ccoo\/?page_id=1140"},"modified":"2024-12-19T13:04:47","modified_gmt":"2024-12-19T11:04:47","slug":"faqs-classificacions-professionals-ptgasl","status":"publish","type":"page","link":"https:\/\/webs.uab.cat\/ccoo\/faqs-classificacions-professionals-ptgasl\/","title":{"rendered":"FAQ&#8217;s Classificacions Professionals PTGASL"},"content":{"rendered":"\n<div class=\"wp-block-buttons is-layout-flex wp-block-buttons-is-layout-flex\">\n<div class=\"wp-block-button\"><a class=\"wp-block-button__link wp-element-button\" href=\"https:\/\/webs.uab.cat\/ccoo\/wp-content\/uploads\/sites\/315\/2024\/10\/2024.09.20-Acord-grups-categories-i-especialitats-laboral-Signat.pdf\" target=\"_blank\" rel=\"noreferrer noopener\">Acord per a la definici\u00f3 dels grups, les categories i les especialitats laborals<\/a><\/div>\n<\/div>\n\n\n\n<div class=\"wp-block-buttons is-content-justification-center is-layout-flex wp-container-core-buttons-is-layout-8057eaf3 wp-block-buttons-is-layout-flex\">\n<div class=\"wp-block-button is-style-fill\"><a class=\"wp-block-button__link wp-element-button\" href=\"https:\/\/webs.uab.cat\/ccoo\/2024\/10\/22\/assolim-un-acord-de-classificacio-professional-pel-ptgasl\/\" target=\"_blank\" rel=\"noreferrer noopener\">primer Comunicat de CCOO<\/a><\/div>\n<\/div>\n\n\n\n<div class=\"wp-block-buttons is-content-justification-center is-layout-flex wp-container-core-buttons-is-layout-16018d1d wp-block-buttons-is-layout-flex\">\n<div class=\"wp-block-button\"><a class=\"wp-block-button__link wp-element-button\" href=\"https:\/\/webs.uab.cat\/ccoo\/2024\/12\/12\/la-realitat-sobre-lacord-per-a-la-definicio-dels-grups-categories-i-especialitats-laborals\/\" target=\"_blank\" rel=\"noreferrer noopener\">segon Comunicat de CCOO<\/a><\/div>\n<\/div>\n\n\n\n<div class=\"wp-block-buttons is-content-justification-center is-layout-flex wp-container-core-buttons-is-layout-16018d1d wp-block-buttons-is-layout-flex\">\n<div class=\"wp-block-button\"><a class=\"wp-block-button__link wp-element-button\" href=\"https:\/\/www.uab.cat\/doc\/AcordPersonalLaboratoris\" target=\"_blank\" rel=\"noreferrer noopener\">Acord sobre el personal t\u00e8cnic de laboratoris<\/a><\/div>\n<\/div>\n\n\n\n<dl class=\"pir\">\n<dt><\/dt>\n<\/dl>\n\n\n\n<dl class=\"pir\">\n<dt><\/dt>\n<\/dl>\n\n\n\n<details class=\"wp-block-mamaduka-toggles wp-block-toggles\"><summary>Qu\u00e8 motiva l&#8217;inici de la negociaci\u00f3 d&#8217;aquest acord?<\/summary><div class=\"wp-block-toggles__content\">\n<p>Al desembre de 2022, membres del Comit\u00e8 d&#8217;Empresa de CCOO designats com a membres de tribunals a concursos detecten irregularitats al voltant de les categories. Aquest terme, clau per dirimir si un candidat va en torn de trasllat directe o en torn de promoci\u00f3 genera confusi\u00f3 i discrep\u00e0ncia en el si del tribunal donat que s&#8217;est\u00e0 assignant arbitr\u00e0riament per la part institucional la categoria del candidat. A tall d&#8217;exemple, per una mateixa &#8220;categoria&#8221;, t\u00e8cnic\/a mitj\u00e0\/na de laboratori, existien fins a 7 categories diferentment anomenades a la RLT que, de facto, impedien el trasllat directe entre elles sent, en realitat, la mateixa categoria amb el mateix perfil.<\/p>\n<\/div><\/details>\n\n\n\n<details class=\"wp-block-mamaduka-toggles wp-block-toggles\"><summary>Quin recolzament legal t\u00e9 l&#8217;inici d&#8217;aquest proc\u00e9s negociador?<\/summary><div class=\"wp-block-toggles__content\">\n<p>L&#8217;article 22 de l&#8217;Estatut dels Treballadors, del sistema de classificaci\u00f3 professional<\/p>\n\n\n\n<p>1. Mitjan\u00e7ant la negociaci\u00f3 col\u00b7lectiva o, en el seu defecte, acord entre l&#8217;empresa i els representants dels treballadors, s&#8217;establir\u00e0 el sistema de classificaci\u00f3 professional dels treballadors per mitj\u00e0 de grups professionals.<\/p>\n\n\n\n<p>2. S&#8217;entendr\u00e0 per grup professional el que agrupi unit\u00e0riament les aptituds professionals, titulacions i contingut general de la prestaci\u00f3, i podr\u00e0 incloure diferents tasques, funcions, especialitats professionals o responsabilitats assignades al treballador.<\/p>\n<\/div><\/details>\n\n\n\n<details class=\"wp-block-mamaduka-toggles wp-block-toggles\"><summary>A qui afecta?<\/summary><div class=\"wp-block-toggles__content\">\n<p>Aquest acord \u00e9s d&#8217;afectaci\u00f3 a tot el PTGAS laboral de la UAB<\/p>\n<\/div><\/details>\n\n\n\n<details class=\"wp-block-mamaduka-toggles wp-block-toggles\"><summary>Qu\u00e8 regula aquest acord en quant a les categories?<\/summary><div class=\"wp-block-toggles__content\">\n<p>La categoria \u00e9s un terme referit per\u00f2 no definit al VI Conveni Col\u00b7lectiu del PTGAS de les Universitats P\u00fabliques Catalanes. Aix\u00f2 va dur a la ger\u00e8ncia a fer una interpretaci\u00f3 esbiaixada i no consensuada del terme, equiparant-lo a la denominaci\u00f3 del lloc de treball (DLT). Aix\u00f2 sol, podria no haver estat un gran problema si aquestes DLTs haguessin estat correctament assignades. El problema \u00e9s que durant anys, places hom\u00f2logues, van anar quedant reflectides a la RLT amb diverses DLTs dificultant enormement les possibilitats de trasllat directe de les persones treballadores.<\/p>\n<\/div><\/details>\n\n\n\n<details class=\"wp-block-mamaduka-toggles wp-block-toggles\"><summary>Quines s\u00f3n aquestes categories?<\/summary><div class=\"wp-block-toggles__content\">\n<p>C1, C2, C3 i C4 ordenades de menys a m\u00e9s responsabilitat. Les definicions estan descrites a l&#8217;acord. Cal matisar que aquestes categories van conjugades amb el grup, de forma que podem tenir combinacions com, per exemple, LG1\/C2, LG2\/C2 o LG3\/C2. El grup, que ja quedava definit al Conveni, fa referencia a la titulaci\u00f3 i nivell de tecnificaci\u00f3 requerit per la pla\u00e7a i la categoria, terme no definit en el conveni, fa refer\u00e8ncia al grau de responsabilitat vers processos, projectes o persones a c\u00e0rrec.<\/p>\n<\/div><\/details>\n\n\n\n<details class=\"wp-block-mamaduka-toggles wp-block-toggles\"><summary>Qu\u00e8 regula aquest acord en quant a les especialitats?<\/summary><div class=\"wp-block-toggles__content\">\n<p>A m\u00e9s de definir, homogene\u00eftzar i reduir el nombre de categories, les especialitats tamb\u00e9 van ser revisades i redu\u00efdes de les 98 actuals a la RLT a les 22 definides a l&#8217;acord. Aix\u00f2 obrir\u00e0 un gran ventall de places amb les mateixes especialitats que facilitar\u00e0 en gran mesura la possibilitat de trasllat directe.<\/p>\n<\/div><\/details>\n\n\n\n<details class=\"wp-block-mamaduka-toggles wp-block-toggles\"><summary>Qu\u00e8 regula aquest acord en quant als perfils?<\/summary><div class=\"wp-block-toggles__content\">\n<p>Aquest acord inicia un proc\u00e9s de negociaci\u00f3 i acord amb la part social per tal d&#8217;homogene\u00eftzar els perfils per fam\u00edlies i \u00e0mbits, subsanant l&#8217;actual situaci\u00f3 on cinc places d&#8217;una oficina qualsevol poden tenir cinc perfils diferents, tot i fer la mateixa feina.<\/p>\n<\/div><\/details>\n\n\n\n<details class=\"wp-block-mamaduka-toggles wp-block-toggles\"><summary>De qu\u00e8 va la cl\u00e0usula que parla de l&#8217;acord de t\u00e8cnics especialistes de laboratori de 2022?<\/summary><div class=\"wp-block-toggles__content\">\n<p>L&#8217;acord de t\u00e8cnics especialistes de laboratori de 2022 \u00e9s l&#8217;\u00fanic precedent que tenim d&#8217;acord amb especialitats negociades i acordades. Tot i que sigui per un col\u00b7lectiu restringit, i el vol\u00edem respectar per tal de garantir per aquestes places, l&#8217;assignaci\u00f3 d&#8217;especialitat consensuada que es va dur a terme a 2022. Per aquest &#8220;col\u00b7lectiu&#8221; l&#8217;especialitat de <em>qu\u00edmica<\/em> est\u00e0 inclosa dins de <em>ci\u00e8ncies experimentals<\/em>. Aix\u00f2 generava que, si un t\u00e8cnic especialista que treballa al departament de qu\u00edmica, i t\u00e9 reconeguda l&#8217;especialitat de <em>ci\u00e8ncies experimentals<\/em>, volgu\u00e9s promocionar-se a una pla\u00e7a amb l&#8217;especialitat de <em>qu\u00edmica<\/em> de grup superior, per capacitat provada no ho podria fer. L&#8217;article 27 del VI Conveni Col\u00b7lectiu del PTGAS de les Universitats P\u00fabliques Catalanes que regula la capacitat provada cita que s&#8217;ha de pert\u00e0nyer al mateix \u00e0mbit funcional per poder-se acollir. La cl\u00e0usula redactada a l&#8217;acord garanteix que la interpretaci\u00f3 que es far\u00e0 des de la ger\u00e8ncia \u00e9s que ci\u00e8ncies experimentals i qu\u00edmica pertanyen al mateix \u00e0mbit funcional i per tant es garanteix la capacitat provada per promocionar-se dins d&#8217;aquestes especialitats.<\/p>\n<\/div><\/details>\n\n\n\n<details class=\"wp-block-mamaduka-toggles wp-block-toggles\"><summary>Qu\u00e8 s\u00f3n aquests requisits de titulacions, permisos o acreditacions espec\u00edfiques?<\/summary><div class=\"wp-block-toggles__content\">\n<p>Hi ha algunes places que requereixen requisits legals innegociables, com per exemple el certificat de capacitaci\u00f3 per a l&#8217;experimentaci\u00f3 amb animals, m\u00e0ster de prevenci\u00f3 per als t\u00e8cnics de prevenci\u00f3&#8230;..Altres places, molt poques, se&#8217;ls ha posat una titulaci\u00f3 espec\u00edfica fruit de la negociaci\u00f3 a fi de poder resumir el nombre d&#8217;especialitats i alhora, facilitar el trasllat per certes especialitats molt minorit\u00e0ries. En concret: 4 places d&#8217;Economia, 3 de Psicologia, 2 de Psicopedagogia, 9 d&#8217;Assessor Jur\u00eddic i 2 del servei de microscopia. Desmentint el que proclamen altres sindicats, aix\u00f2 no contrav\u00e9 el Conveni. El Conveni marca que poden haver requisits espec\u00edfics si aquests consten a la RLT, i aix\u00f2 no es res de nou, i sempre hi ha hagut un petit nombre de places amb aquest requisits addicionals.<\/p>\n<\/div><\/details>\n\n\n\n<details class=\"wp-block-mamaduka-toggles wp-block-toggles\"><summary>Quines s\u00f3n les funcions de la Comissi\u00f3 de Seguiment derivada de l&#8217;acord?<\/summary><div class=\"wp-block-toggles__content\">\n<p>Tal i com queda escrit en l&#8217;acord, la comissi\u00f3 de seguiment parit\u00e0ria vetllar\u00e0 per qu\u00e8 l&#8217;aplicaci\u00f3 d&#8217;aquest acord es realitzi de forma clara, transparent i acordada. La ger\u00e8ncia traslladar\u00e0 a la comissi\u00f3 la proposta d&#8217;assignaci\u00f3 de categories i especialitats a cada lloc de treball i, en aplicaci\u00f3 d&#8217;aquest acord, la comissi\u00f3 de seguiment revisar\u00e0 i validar\u00e0 aquesta assignaci\u00f3.<\/p>\n<\/div><\/details>\n\n\n\n<details class=\"wp-block-mamaduka-toggles wp-block-toggles\"><summary>Com es concursar\u00e0 als processos de selecci\u00f3 si les places ja surten amb la nova nomenclatura si el candidat encara no la t\u00e9 assignada?<\/summary><div class=\"wp-block-toggles__content\">\n<p>A l&#8217;acord hi ha una cl\u00e0usula que fixa que, a les persones candidates a processos de selecci\u00f3, se&#8217;ls far\u00e0 una assignaci\u00f3 de categoria i especialitat adequada a la nova classificaci\u00f3. Aquesta assignaci\u00f3 expr\u00e9s, tamb\u00e9 haur\u00e0 de ser validada per la comissi\u00f3 de seguiment .<\/p>\n<\/div><\/details>\n\n\n\n<details class=\"wp-block-mamaduka-toggles wp-block-toggles\"><summary>Com concursar\u00e0 el personal indefinit no fix (Cap\u00edtol VI) que fins ara no tenia especialitat reconeguda i per tant, de facto, se li negava l&#8217;opci\u00f3 de concursar en torn de trasllat directe?<\/summary><div class=\"wp-block-toggles__content\">\n<p>Aquest acord implementa que a totes les persones candidates se&#8217;ls far\u00e0 l&#8217;assignaci\u00f3 expr\u00e9s de categoria i d&#8217;especialitat, i aix\u00f2 inclou al personal indefinit no fix que, d&#8217;aquesta manera, concursar\u00e0 amb les mateixes condicions que la resta de personal.<\/p>\n<\/div><\/details>\n\n\n\n<details class=\"wp-block-mamaduka-toggles wp-block-toggles\"><summary>Quina \u00e9s l&#8217;afectaci\u00f3 real de la implantaci\u00f3 d&#8217;aquest acord?<\/summary><div class=\"wp-block-toggles__content\">\n<p>Aquest no \u00e9s un acord d\u2019estructures ni de reclassificacions. La seva finalitat principal \u00e9s ordenar, clarificar i homogene\u00eftzar les categories i especialitats laborals per facilitar processos de selecci\u00f3 transparents, evitant les irregularitats detectades en concursos anteriors. Aquest acord estableix una base per millorar la selecci\u00f3 de personal, per\u00f2 no implica canvis immediats en l\u2019estructura organitzativa. \u00c9s important subratllar que no es modifiquen complements salarials ni retribucions.<\/p>\n<\/div><\/details>\n\n\n\n<details class=\"wp-block-mamaduka-toggles wp-block-toggles\"><summary>Es veuran modificades les retribucions o els complements de llocs de treball derivat d&#8217;aquest acord?<\/summary><div class=\"wp-block-toggles__content\">\n<p>Aquest acord no reclassifica. Estableix les categories i homogene\u00eftza les especialitats i per tant, en cap cas s&#8217;alteren els complements de llocs de treball ni les retribucions.<\/p>\n<\/div><\/details>\n\n\n\n<details class=\"wp-block-mamaduka-toggles wp-block-toggles\"><summary>Es possible tenir m\u00e9s d&#8217;una especialitat?<\/summary><div class=\"wp-block-toggles__content\">\n<p>Es l\u00f2gic que aix\u00ed sigui com de fet ja passa en col\u00b7lectius concrets. Ger\u00e8ncia ja ha manifestat que est\u00e0 disposada a recon\u00e8ixer-ho de manera general, com ja ho va fer amb els t\u00e8cnics especialistes de laboratori a l&#8217;acord 2022. Ja s&#8217;est\u00e0 treballant en un acord que ho reguli.<\/p>\n<\/div><\/details>\n\n\n\n<details class=\"wp-block-mamaduka-toggles wp-block-toggles\"><summary>Si canviem de lloc es mant\u00e9 l&#8217;especialitat?<\/summary><div class=\"wp-block-toggles__content\">\n<p>Ning\u00fa podria entendre que una persona treballadora perd\u00e9s l&#8217;expertesa professional d&#8217;un \u00e0mbit funcional en canviar de pla\u00e7a. Aquesta q\u00fcesti\u00f3 haur\u00e0 de quedar recollida en l&#8217;acord de m\u00faltiples especialitats. Est\u00e0 sobre la taula de la comissi\u00f3 i hi estem treballant.<\/p>\n<\/div><\/details>\n\n\n\n<details class=\"wp-block-mamaduka-toggles wp-block-toggles\"><summary>Les propostes d&#8217;assignaci\u00f3 de categoria i especialitat que es va presentant en paquets a la comissi\u00f3 de seguiment s\u00f3n definitives?<\/summary><div class=\"wp-block-toggles__content\">\n<p>Evidentment que no. De fet, en les dues sessions que hem dut a terme fins ara hi ha hagut modificacions propiciades per les esmenes de CCOO. S&#8217;han d&#8217;assignar especialitat i categoria a centenars de places. L&#8217;impossibilitat de treballar amb totes alhora \u00e9s el que ens obliga a treballar per paquets.<\/p>\n<\/div><\/details>\n\n\n\n<details class=\"wp-block-mamaduka-toggles wp-block-toggles\"><summary>Com i quan coneixeran les persones treballadores l\u2019assignaci\u00f3 de la categoria i\/o especialitat del seu lloc de treball?<\/summary><div class=\"wp-block-toggles__content\">\n<p>Quant s&#8217;hagi pactat l&#8217;assignaci\u00f3 de categoria i especialitat del conjunt de la RLT, es comunicar\u00e0 a cada treballador la seva nova categoria i especialitat.<\/p>\n<\/div><\/details>\n\n\n\n<details class=\"wp-block-mamaduka-toggles wp-block-toggles\"><summary>Com hauran de procedir les persones treballadores que no estiguin d\u2019acord amb la categoria i\/o especialitat que li sigui assignada?<\/summary><div class=\"wp-block-toggles__content\">\n<p>Arribat el moment, habilitarem un mecanisme per poder fer les reclamacions oportunes.<\/p>\n<\/div><\/details>\n\n\n\n<details class=\"wp-block-mamaduka-toggles wp-block-toggles\"><summary>A l&#8217;hora de concursar per una pla\u00e7a, com afectar\u00e0 la categoria que t&#8217;han assignat respecte a les dem\u00e9s categories dins el mateix grup?<\/summary><div class=\"wp-block-toggles__content\">\n<p>El mecanisme no canvia. \u00c9s dur\u00e0 a terme com fins ara. A l&#8217;hora de concursar per una pla\u00e7a, el trasllat directe queda definit dins el mateix grup, categoria i especialitat. Si pertanys al mateix grup per\u00f2 tens diferent categoria s&#8217;haur\u00e0 de concursar per trasllat per\u00f2 amb prova i entrevista.<\/p>\n<\/div><\/details>\n\n\n\n<details class=\"wp-block-mamaduka-toggles wp-block-toggles\"><summary>Et poden reduir la categoria com van dient alguns en comunicats?<\/summary><div class=\"wp-block-toggles__content\">\n<p>Per comen\u00e7ar, dir que et poden reduir la categoria \u00e9s un brindis al sol donat que les categories pre-acord, eren les denominacions del lloc de treball (t\u00e8cnic superior, t\u00e8cnic de patents, auxiliar de serveis) i ara es passa a una nova nomenclatura que te a veure amb el grau de responsabilitat. Res t\u00e9 a veure una escala amb l&#8217;altra.<\/p>\n<\/div><\/details>\n\n\n\n<p><\/p>\n","protected":false},"excerpt":{"rendered":"","protected":false},"author":1627,"featured_media":0,"parent":0,"menu_order":0,"comment_status":"closed","ping_status":"closed","template":"","meta":{"footnotes":""},"class_list":["post-1140","page","type-page","status-publish","hentry"],"_links":{"self":[{"href":"https:\/\/webs.uab.cat\/ccoo\/wp-json\/wp\/v2\/pages\/1140","targetHints":{"allow":["GET"]}}],"collection":[{"href":"https:\/\/webs.uab.cat\/ccoo\/wp-json\/wp\/v2\/pages"}],"about":[{"href":"https:\/\/webs.uab.cat\/ccoo\/wp-json\/wp\/v2\/types\/page"}],"author":[{"embeddable":true,"href":"https:\/\/webs.uab.cat\/ccoo\/wp-json\/wp\/v2\/users\/1627"}],"replies":[{"embeddable":true,"href":"https:\/\/webs.uab.cat\/ccoo\/wp-json\/wp\/v2\/comments?post=1140"}],"version-history":[{"count":8,"href":"https:\/\/webs.uab.cat\/ccoo\/wp-json\/wp\/v2\/pages\/1140\/revisions"}],"predecessor-version":[{"id":1151,"href":"https:\/\/webs.uab.cat\/ccoo\/wp-json\/wp\/v2\/pages\/1140\/revisions\/1151"}],"wp:attachment":[{"href":"https:\/\/webs.uab.cat\/ccoo\/wp-json\/wp\/v2\/media?parent=1140"}],"curies":[{"name":"wp","href":"https:\/\/api.w.org\/{rel}","templated":true}]}}