{"id":34,"date":"2021-01-20T19:07:35","date_gmt":"2021-01-20T17:07:35","guid":{"rendered":"https:\/\/blogs.uab.cat\/ccoo\/?page_id=34"},"modified":"2025-11-03T12:26:08","modified_gmt":"2025-11-03T10:26:08","slug":"delegats-des-junta-pas-f","status":"publish","type":"page","link":"https:\/\/webs.uab.cat\/ccoo\/delegats-des-junta-pas-f\/","title":{"rendered":"Delegats\/des Junta PTGAS F"},"content":{"rendered":"\n<figure class=\"wp-block-table\"><table><tbody><tr><td><strong>Nom<\/strong>&nbsp;<\/td><td><strong>C\u00e0rrec<\/strong>&nbsp;<\/td><td><strong>E-mail<\/strong>&nbsp;<\/td><td><strong>Tel\u00e8fon<\/strong>&nbsp;<\/td><\/tr><tr><td><strong>Ivan Martos Aguilar<\/strong>&nbsp;<\/td><td>Delegat de la Junta PTGAS Funcionari<\/td><td><a href=\"mailto:Ivan.Martos@uab.cat\" target=\"_blank\" rel=\"noreferrer noopener\">Ivan.Martos@uab.cat<\/a>&nbsp;<\/td><td>1722&nbsp;<\/td><\/tr><tr><td><strong>Ernesto Casta\u00f1os Moreno<\/strong>&nbsp;<\/td><td>Delegat de la Junta PTGAS Funcionari<\/td><td><a href=\"mailto:Ernesto.casta%C3%B1os@uab.cat\" target=\"_blank\" rel=\"noreferrer noopener\">Ernesto.casta\u00f1os@uab.cat<\/a>&nbsp;<\/td><td>1722&nbsp;<\/td><\/tr><tr><td><strong>Pablo Escudero Segura<\/strong>&nbsp;<\/td><td>Delegat&nbsp; Secci\u00f3 Sindical&nbsp;<\/td><td><a href=\"mailto:pablo.escudero@uab.cat\" target=\"_blank\" rel=\"noreferrer noopener\">pablo.escudero@uab.cat<\/a>&nbsp;<\/td><td>7492&nbsp;<\/td><\/tr><tr><td><strong>Pilar Fern\u00e1ndez Rodr\u00edguez<\/strong>&nbsp;<\/td><td>Delegada de la Junta PTGAS Funcionari<\/td><td><a href=\"mailto:pilar.perez@uab.cat\" target=\"_blank\" rel=\"noreferrer noopener\">pilar.perez@uab.cat<\/a>&nbsp;<\/td><td>1368&nbsp;<\/td><\/tr><tr><td><strong>Enma G\u00f3mez&nbsp; Andrade<\/strong>&nbsp;<\/td><td>Delegada de la Junta PTGAS Funcionari<\/td><td><a href=\"mailto:EncarnacionMaria.Gomez@uab.cat\" target=\"_blank\" rel=\"noreferrer noopener\">EncarnacionMaria.Gomez@uab.cat<\/a>&nbsp;<\/td><td>1722<\/td><\/tr><tr><td><strong>M\u00edriam L\u00e1zaro D\u00edez<\/strong>&nbsp;<\/td><td>Delegada de la Junta PTGAS Funcionari<\/td><td><a href=\"mailto:Miriam.lazaro@uab.cat\" target=\"_blank\" rel=\"noreferrer noopener\">Miriam.lazaro@uab.cat&nbsp;<\/a>&nbsp;<\/td><td>1887&nbsp;<\/td><\/tr><tr><td><strong>Isaac Lozano Oliver<\/strong>&nbsp;<\/td><td>Delegat de la Junta PTGAS Funcionari<\/td><td><a href=\"mailto:Isaac.lozano@uab.cat\" target=\"_blank\" rel=\"noreferrer noopener\">Isaac.lozano@uab.cat<\/a>&nbsp;<\/td><td>8972&nbsp;<\/td><\/tr><tr><td><strong>Maria Jos\u00e9 Navarro Moreno<\/strong>&nbsp;<\/td><td>Delegada de la Junta PTGAS Funcionari&nbsp;<\/td><td><a href=\"mailto:Mariajose.navarro@uab.cat\" target=\"_blank\" rel=\"noreferrer noopener\">Mariajose.navarro@uab.cat<\/a>&nbsp;<\/td><td>4886&nbsp;<\/td><\/tr><tr><td><strong>Alba Palma Rosanes<\/strong>&nbsp;<\/td><td>Delegada de la Junta PTGAS Funcionari<\/td><td><a href=\"mailto:alba.palma@uab.cat\" target=\"_blank\" rel=\"noreferrer noopener\">alba.palma@uab.cat<\/a>&nbsp;<\/td><td>1527&nbsp;<\/td><\/tr><tr><td><strong>David Ramos Campos<\/strong>&nbsp;<\/td><td>Delegat de la Junta PTGAS Funcionari<\/td><td><a href=\"mailto:david.ramos@uab.cat\" target=\"_blank\" rel=\"noreferrer noopener\">david.ramos@uab.cat<\/a>&nbsp;<\/td><td>1527&nbsp;<\/td><\/tr><tr><td><strong>Sara Rueda Nin<\/strong>&nbsp;<\/td><td>Delegada&nbsp; Secci\u00f3 Sindical&nbsp;<\/td><td><a href=\"mailto:sara.rueda@uab.cat\" target=\"_blank\" rel=\"noreferrer noopener\">sara.rueda@uab.cat<\/a>&nbsp;<\/td><td>4211&nbsp;<\/td><\/tr><tr><td><strong>Marc S\u00e1nchez Llordes<\/strong>&nbsp;<\/td><td>Delegat&nbsp; Secci\u00f3 Sindical&nbsp;<\/td><td><a href=\"mailto:marc.sanchez@uab.cat\" target=\"_blank\" rel=\"noreferrer noopener\">marc.sanchez@uab.cat<\/a>&nbsp;<\/td><td>1722<\/td><\/tr><\/tbody><\/table><\/figure>\n","protected":false},"excerpt":{"rendered":"<p>Nom&nbsp; C\u00e0rrec&nbsp; E-mail&nbsp; Tel\u00e8fon&nbsp; Ivan Martos Aguilar&nbsp; Delegat de la Junta PTGAS Funcionari Ivan.Martos@uab.cat&nbsp; 1722&nbsp; Ernesto Casta\u00f1os Moreno&nbsp; Delegat de la Junta PTGAS Funcionari Ernesto.casta\u00f1os@uab.cat&nbsp; 1722&nbsp; Pablo Escudero Segura&nbsp; Delegat&nbsp; Secci\u00f3 Sindical&nbsp; pablo.escudero@uab.cat&nbsp; 7492&nbsp; Pilar Fern\u00e1ndez Rodr\u00edguez&nbsp; Delegada de la Junta PTGAS Funcionari pilar.perez@uab.cat&nbsp; 1368&nbsp; Enma G\u00f3mez&nbsp; Andrade&nbsp; Delegada de la Junta PTGAS Funcionari EncarnacionMaria.Gomez@uab.cat&nbsp; [&hellip;]<\/p>\n","protected":false},"author":1627,"featured_media":0,"parent":0,"menu_order":0,"comment_status":"closed","ping_status":"closed","template":"","meta":{"footnotes":""},"class_list":["post-34","page","type-page","status-publish","hentry"],"_links":{"self":[{"href":"https:\/\/webs.uab.cat\/ccoo\/wp-json\/wp\/v2\/pages\/34","targetHints":{"allow":["GET"]}}],"collection":[{"href":"https:\/\/webs.uab.cat\/ccoo\/wp-json\/wp\/v2\/pages"}],"about":[{"href":"https:\/\/webs.uab.cat\/ccoo\/wp-json\/wp\/v2\/types\/page"}],"author":[{"embeddable":true,"href":"https:\/\/webs.uab.cat\/ccoo\/wp-json\/wp\/v2\/users\/1627"}],"replies":[{"embeddable":true,"href":"https:\/\/webs.uab.cat\/ccoo\/wp-json\/wp\/v2\/comments?post=34"}],"version-history":[{"count":12,"href":"https:\/\/webs.uab.cat\/ccoo\/wp-json\/wp\/v2\/pages\/34\/revisions"}],"predecessor-version":[{"id":1456,"href":"https:\/\/webs.uab.cat\/ccoo\/wp-json\/wp\/v2\/pages\/34\/revisions\/1456"}],"wp:attachment":[{"href":"https:\/\/webs.uab.cat\/ccoo\/wp-json\/wp\/v2\/media?parent=34"}],"curies":[{"name":"wp","href":"https:\/\/api.w.org\/{rel}","templated":true}]}}