{"id":1820,"date":"2012-07-04T15:13:17","date_gmt":"2012-07-04T15:13:17","guid":{"rendered":"https:\/\/webs.uab.cat\/cedid\/2009-0\/"},"modified":"2022-12-01T11:18:41","modified_gmt":"2022-12-01T11:18:41","slug":"2009-0","status":"publish","type":"page","link":"https:\/\/webs.uab.cat\/cedid\/es\/2009-0\/","title":{"rendered":"2009"},"content":{"rendered":"\n<div class=\"wp-block-media-text alignwide is-stacked-on-mobile\" style=\"grid-template-columns:15% auto\"><figure class=\"wp-block-media-text__media\"><img loading=\"lazy\" decoding=\"async\" width=\"666\" height=\"1024\" src=\"https:\/\/webs.uab.cat\/cedid\/wp-content\/uploads\/sites\/151\/2022\/12\/61jvp1azCL-666x1024.jpg\" alt=\"\" class=\"wp-image-5076 size-full\" srcset=\"https:\/\/webs.uab.cat\/cedid\/wp-content\/uploads\/sites\/151\/2022\/12\/61jvp1azCL-666x1024.jpg 666w, https:\/\/webs.uab.cat\/cedid\/wp-content\/uploads\/sites\/151\/2022\/12\/61jvp1azCL-195x300.jpg 195w, https:\/\/webs.uab.cat\/cedid\/wp-content\/uploads\/sites\/151\/2022\/12\/61jvp1azCL-768x1180.jpg 768w, https:\/\/webs.uab.cat\/cedid\/wp-content\/uploads\/sites\/151\/2022\/12\/61jvp1azCL.jpg 984w\" sizes=\"auto, (max-width: 666px) 100vw, 666px\" \/><\/figure><div class=\"wp-block-media-text__content\">\n<p class=\"has-small-font-size\"><p align=\"justify\"><strong>Joan B. Culla, <em>La dreta espanyola a Catalunya. 1975-2008<\/em>. Barcelona, La Campana, 2009.<\/strong><\/p> <p align=\"justify\">Este libro de Joan B. Culla tiene la objetividad del historiador que se ha documentado a lo largo de los a\u00f1os, pero tambi\u00e9n la agudeza del que quiere hacer comprensibles los complejos or\u00edgenes, los avatares en las urnas, los c\u00edclicos problemas de liderazgo de una fuerza pol\u00edtica que ha llegado a cosechar un apoyo electoral superior al 20% de los votos. Partiendo del nacimiento y la consolidaci\u00f3n de Alianza Popular, el libro analiza de manera penetrante las dos d\u00e9cadas de vida del PP catal\u00e1n, los cambios de rumbo t\u00e1cticos que ha dibujado, los ascensos y ca\u00eddas de los sucesivos l\u00edderes (los hermanos Fern\u00e1ndez D\u00edaz, Vidal-Quadras, Piqu\u00e9, Sirera&#8230;), el equilibrio imposible entre las exigencias de la pol\u00edtica catalana y el riguroso unitarismo del PP estatal. La dreta espanyola a Catalunya es una investigaci\u00f3n sin precedentes narrada con la prosa di\u00e1fana, intencionada y de fina iron\u00eda de un exigente historiador.<\/p><\/p>\n<\/div><\/div>\n\n\n\n<hr class=\"wp-block-separator has-alpha-channel-opacity\" \/>\n\n\n\n<div class=\"wp-block-media-text alignwide is-stacked-on-mobile\" style=\"grid-template-columns:15% auto\"><figure class=\"wp-block-media-text__media\"><img loading=\"lazy\" decoding=\"async\" width=\"301\" height=\"425\" src=\"https:\/\/webs.uab.cat\/cedid\/wp-content\/uploads\/sites\/151\/2022\/12\/bombes_20x15-e1669892430130.jpg\" alt=\"\" class=\"wp-image-5080 size-full\" srcset=\"https:\/\/webs.uab.cat\/cedid\/wp-content\/uploads\/sites\/151\/2022\/12\/bombes_20x15-e1669892430130.jpg 301w, https:\/\/webs.uab.cat\/cedid\/wp-content\/uploads\/sites\/151\/2022\/12\/bombes_20x15-e1669892430130-212x300.jpg 212w\" sizes=\"auto, (max-width: 301px) 100vw, 301px\" \/><\/figure><div class=\"wp-block-media-text__content\">\n<p class=\"has-small-font-size\"><p align=\"justify\"><strong>Xavier Dom\u00e8nech i Laura Zenobi, <em>Quan plovien bombes. Els bombardeigs i la ciutat de Barcelona durant la Guerra Civil<\/em>. Barcelona, ECOS, 2009.<\/strong><\/p> <p align=\"justify\">La reedici\u00f3n ampliada del cat\u00e1logo \u00abCuando llov\u00edan bombas. los bombardeos en la ciudad de Barcelona durante la Guerra Civil\u00bb ofrece la posibilidad de acceder de nuevo a un trabajo agotado actualmente y a la vez, a los contenidos que se elaboraron para su versi\u00f3n italiana. Este trabajo aborda de una forma panor\u00e1mica los hechos, las experiencias, las memorias cruzadas y los significados de unos acontecimientos, los bombardeos de Barcelona durante la guerra, que nos hablan de un momento clave en el desarrollo de la guerra total a escala mundial y de la capacidad de un tiempo y de un pa\u00eds para reaccionar en contra de aquella.<\/p><\/p>\n<\/div><\/div>\n\n\n\n<hr class=\"wp-block-separator has-alpha-channel-opacity\" \/>\n\n\n\n<div class=\"wp-block-media-text alignwide is-stacked-on-mobile\" style=\"grid-template-columns:15% auto\"><figure class=\"wp-block-media-text__media\"><img loading=\"lazy\" decoding=\"async\" width=\"213\" height=\"236\" src=\"https:\/\/webs.uab.cat\/cedid\/wp-content\/uploads\/sites\/151\/2022\/12\/descarga-3.jpg\" alt=\"\" class=\"wp-image-5083 size-full\" \/><\/figure><div class=\"wp-block-media-text__content\">\n<p><strong>Antoni Lard\u00edn Oliver, <em>1939. La repressi\u00f3 franquista a Collbat\u00f3<\/em>. Collbat\u00f3, Associaci\u00f3 Cultural del Montserrat, 2009.<\/strong><\/p>\n\n\n\n<p>Como indica el t\u00edtulo, el libro trata sobre la represi\u00f3n franquista en Collbat\u00f3 en la inmediata posguerra, durante los meses posteriores a la ocupaci\u00f3n fascista de la ciudad en enero de 1939. Por un lado, se identifican los nueve vecinos ejecutados en febrero de 1939 en el cementerio de la localidad de Castellbel i el Vilar, donde todav\u00eda permanecen sus cuerpos en una fosa com\u00fan. Por otro, tambi\u00e9n se identifican los que sufrieron prisi\u00f3n, los obligados a rehacer el servicio militar o integrarse en los batallones disciplinarios, los funcionarios p\u00fablicos depurados y los que tuvieron que tomar el camino del exilio. Por \u00faltimo, se incluye un peque\u00f1o anexo documental donde se reproducen fragmentos del juicio sumar\u00edsimo contra un vecino de la localidad condenado a veinte a\u00f1os de prisi\u00f3n por rebeli\u00f3n militar.<\/p>\n<\/div><\/div>\n\n\n\n<hr class=\"wp-block-separator has-alpha-channel-opacity\" \/>\n\n\n\n<div class=\"wp-block-media-text alignwide is-stacked-on-mobile\" style=\"grid-template-columns:15% auto\"><figure class=\"wp-block-media-text__media\"><img loading=\"lazy\" decoding=\"async\" width=\"226\" height=\"315\" src=\"https:\/\/webs.uab.cat\/cedid\/wp-content\/uploads\/sites\/151\/2022\/12\/51J-pKyJpL._SR600315_PIWhiteStripBottomLeft035_SCLZZZZZZZ_FMpng_BG255255255-e1669892586640.png\" alt=\"\" class=\"wp-image-5087 size-full\" srcset=\"https:\/\/webs.uab.cat\/cedid\/wp-content\/uploads\/sites\/151\/2022\/12\/51J-pKyJpL._SR600315_PIWhiteStripBottomLeft035_SCLZZZZZZZ_FMpng_BG255255255-e1669892586640.png 226w, https:\/\/webs.uab.cat\/cedid\/wp-content\/uploads\/sites\/151\/2022\/12\/51J-pKyJpL._SR600315_PIWhiteStripBottomLeft035_SCLZZZZZZZ_FMpng_BG255255255-e1669892586640-215x300.png 215w\" sizes=\"auto, (max-width: 226px) 100vw, 226px\" \/><\/figure><div class=\"wp-block-media-text__content\">\n<p><strong>Manuel Bueno Lluch i Sergio G\u00e1lvez Biesca (ed.), <em>\u00abNosotros los comunistas\u00bb. Memoria, identidad e historia social<\/em>. Sevilla, Fundaci\u00f3n de Investigaciones Marxistas \/ Atrapasue\u00f1os, 2009.<\/strong><\/p>\n\n\n\n<p><em>Nosotros los comunistas<\/em> es un libro que habla de la otra cara de la historia del comunismo. A saber: la protagonizada por sus militantes. Si el PCE ha sido denominado como el \u00abpartido del antifranquismo\u00bb se debe, principalmente, a su capital humano. Ahora bien, a pesar de su protagonismo en los resultados finales de la transici\u00f3n, el papel de la militancia comunista ha sido relegado de los relatos institucionales y acad\u00e9micos. Esta obra, por el contrario, se interna en las vivencias, ilusiones y fracasos de las mujeres y hombres comunistas que encabezaron la resistencia y oposici\u00f3n antifranquista. Presenta, por tanto, una historia desde abajo y con los de abajo. El volumen recoge las ponencias del II Congreso de Historia del PCE, organizado por la Fundaci\u00f3n de Investigaciones Marxistas. Entre otros, recoge los textos de Xavier Dom\u00e8nech Sampere (\u00abCenizas que ard\u00edan todav\u00eda: la identidad comunista en el tardofranquismo y la transici\u00f3n\u00bb), Carme Molinero (\u00abUna gran apuesta: la oposici\u00f3n pol\u00edtica a trav\u00e9s de la movilizaci\u00f3n social\u00bb) y Manuel Aznar Soler (\u00abLos intelectuales y la pol\u00edtica cultural del PCE\u00bb).<\/p>\n<\/div><\/div>\n\n\n\n<hr class=\"wp-block-separator has-alpha-channel-opacity\" \/>\n\n\n\n<div class=\"wp-block-media-text alignwide is-stacked-on-mobile\" style=\"grid-template-columns:15% auto\"><figure class=\"wp-block-media-text__media\"><img loading=\"lazy\" decoding=\"async\" width=\"313\" height=\"500\" src=\"https:\/\/webs.uab.cat\/cedid\/wp-content\/uploads\/sites\/151\/2022\/12\/41deQWUQH1L._AC_SY780_.jpg\" alt=\"\" class=\"wp-image-5089 size-full\" srcset=\"https:\/\/webs.uab.cat\/cedid\/wp-content\/uploads\/sites\/151\/2022\/12\/41deQWUQH1L._AC_SY780_.jpg 313w, https:\/\/webs.uab.cat\/cedid\/wp-content\/uploads\/sites\/151\/2022\/12\/41deQWUQH1L._AC_SY780_-188x300.jpg 188w\" sizes=\"auto, (max-width: 313px) 100vw, 313px\" \/><\/figure><div class=\"wp-block-media-text__content\">\n<p><strong><br>Amparo G\u00f3mez Rodr\u00edguez i Antonio Francisco Canales Serrano (ed.), <em>Ciencia y fascismos. La ciencia espa\u00f1ola de posguerra<\/em>. Barcelona, Laertes, 2009.<\/strong><\/p>\n\n\n\n<p>Las relaciones entre ciencia y pol\u00edtica han sido una constante a lo largo de la historia de la ciencia moderna. Su estudio desde el punto de vista hist\u00f3rico, pero tambi\u00e9n te\u00f3rico y epistemol\u00f3gico es esencial para la comprensi\u00f3n de la ciencia y la tecnolog\u00eda modernas y de su desarrollo. Este es un libro colectivo en el que se aborda el estudio de estas relaciones centr\u00e1ndose en el caso de la ciencia espa\u00f1ola de posguerra. Diversos trabajos dan cuenta de la construcci\u00f3n del nuevo tejido institucional, acad\u00e9mico y cient\u00edfico tras la destrucci\u00f3n del legado de la Rep\u00fablica, tanto desde el punto de vista general de la pol\u00edtica cient\u00edfica del r\u00e9gimen, como desde el espec\u00edfico de diferentes disciplinas. Todo ello en la perspectiva comparada de lo que estaba sucediendo en reg\u00edmenes an\u00e1logos como el nazismo o el fascismo italiano. En definitiva, el libro sit\u00faa en primer plano el espinoso tema de las relaciones entre ciencia, poder pol\u00edtico e ideolog\u00eda, una cuesti\u00f3n crucial en nuestros d\u00edas.<\/p>\n<\/div><\/div>\n\n\n\n<hr class=\"wp-block-separator has-alpha-channel-opacity\" \/>\n\n\n\n<div class=\"wp-block-media-text alignwide is-stacked-on-mobile\" style=\"grid-template-columns:15% auto\"><figure class=\"wp-block-media-text__media\"><img loading=\"lazy\" decoding=\"async\" width=\"175\" height=\"281\" src=\"https:\/\/webs.uab.cat\/cedid\/wp-content\/uploads\/sites\/151\/2022\/12\/Politiques-publiques-de-la-memoria-i1n13743135.jpg\" alt=\"\" class=\"wp-image-5093 size-full\" \/><\/figure><div class=\"wp-block-media-text__content\">\n<p><strong>Jordi Guix\u00e9 i Montserrat Iniesta (ed.), <em>Pol\u00edtiques p\u00fabliques de la mem\u00f2ria. I Col\u00b7loqui Internacional Memorial Democr\u00e0tic<\/em>. Vic\/Barcelona, Eumo\/Memorial Democr\u00e0tic, 2009.<\/strong><\/p>\n\n\n\n<p>Las pol\u00edticas p\u00fablicas de la memoria, impulsadas por diferentes gobiernos contempor\u00e1neos se han orientado a recordar y difundir la lucha y el esfuerzo de aquellos ciudadanos que dieron lo mejor de si mismos para restaurar los valores y principios democr\u00e1ticos ante la opresi\u00f3n de reg\u00edmenes totalitarios, dictaduras y formas autoritarias de gobiernos muy pr\u00f3ximos a nuestros d\u00edas.<br>El \u00abI Col\u00b7loqui Internacional Memorial Democr\u00e0tic: pol\u00edtiques p\u00fabliques de la mem\u00f2ria\u00bb, celebrado en octubre de 2007 y organizado por la Direcci\u00f3 General de la Mem\u00f2ria Democr\u00e0tica, fue una \u00e1gora de pensamiento, estudio y debate sobre las diversass experiencias entre centres memoriales de diferentes partes del mundo en torno a las pol\u00edticas p\u00fablicas de la memoria como base de un patrimonio colectivo. Esta obra presenta las principales aportaciones, entre las que se encuentran dos textos de los miembros del CEFID Ricard Vinyes y Xavier Dom\u00e8nech, y va acompa\u00f1ada de un DVD que incluye todas las intervenciones.<\/p>\n<\/div><\/div>\n\n\n\n<hr class=\"wp-block-separator has-alpha-channel-opacity\" \/>\n\n\n\n<div class=\"wp-block-media-text alignwide is-stacked-on-mobile\" style=\"grid-template-columns:15% auto\"><figure class=\"wp-block-media-text__media\"><img loading=\"lazy\" decoding=\"async\" width=\"729\" height=\"1024\" src=\"https:\/\/webs.uab.cat\/cedid\/wp-content\/uploads\/sites\/151\/2022\/12\/71h5PHyepnL-729x1024.jpg\" alt=\"\" class=\"wp-image-5096 size-full\" srcset=\"https:\/\/webs.uab.cat\/cedid\/wp-content\/uploads\/sites\/151\/2022\/12\/71h5PHyepnL-729x1024.jpg 729w, https:\/\/webs.uab.cat\/cedid\/wp-content\/uploads\/sites\/151\/2022\/12\/71h5PHyepnL-213x300.jpg 213w, https:\/\/webs.uab.cat\/cedid\/wp-content\/uploads\/sites\/151\/2022\/12\/71h5PHyepnL-768x1079.jpg 768w, https:\/\/webs.uab.cat\/cedid\/wp-content\/uploads\/sites\/151\/2022\/12\/71h5PHyepnL-1093x1536.jpg 1093w, https:\/\/webs.uab.cat\/cedid\/wp-content\/uploads\/sites\/151\/2022\/12\/71h5PHyepnL.jpg 1157w\" sizes=\"auto, (max-width: 729px) 100vw, 729px\" \/><\/figure><div class=\"wp-block-media-text__content\">\n<p><strong><br>Maria Jes\u00fas Espuny Tom\u00e1s i Olga Paz Torres (coord.), <em>30 a\u00f1os de la Ley de Amnist\u00eda.<\/em> Madrid, Dykinson, 2009.<\/strong><\/p>\n\n\n\n<p>Esta obra, que recoge las ponencias presentadas en el marco de las VIII Jornadas Interdisciplinarias de Estudio de la Diplomatura de Relaciones Laborales realizadas en noviembre de 2007 en la Facultad de Derecho de la UAB, aporta el conocimiento, significado y trascendencia de la Ley de Amnist\u00eda de 1977 as\u00ed como el planteamiento de esta norma desde una reflexi\u00f3n actual, que permite la identificaci\u00f3n de los conceptos b\u00e1sicos de las actuaciones objeto de la amnist\u00eda y sus efectos ligado al proceso pol\u00edtico de la Transici\u00f3n como sin\u00f3nimo del paso de la dictadura franquista a la democracia. Diversos miembros del CEFID han contribuido a la obra: Maria Jes\u00fas Espuny es una de las coordinadoras, mientras que Pere Ys\u00e0s y Carme Molinero desarrollan el apartado hist\u00f3rico de la misma. En \u00abLa Transici\u00f3n espa\u00f1ola en la democracia: historia y mitos\u00bb Pere Ys\u00e0s revisa las tres d\u00e9cadas despu\u00e9s de la transici\u00f3n haciendo referencia a las principales interpretaciones sobre el cambio pol\u00edtico y las diferentes versiones acerca del origen y la naturaleza de la transici\u00f3n. En \u00abLa Ley de Amnist\u00eda de 1977: la reivindicaci\u00f3n antifranquista y su lectura treinta a\u00f1os despu\u00e9s\u00bb Carme Molinero analiza la amnist\u00eda como el punto de llegada de un proceso tras los resultados electorales del 15 de junio de 1977.<\/p>\n<\/div><\/div>\n\n\n\n<hr class=\"wp-block-separator has-alpha-channel-opacity\" \/>\n\n\n\n<div class=\"wp-block-media-text alignwide is-stacked-on-mobile\" style=\"grid-template-columns:15% auto\"><figure class=\"wp-block-media-text__media\"><img loading=\"lazy\" decoding=\"async\" width=\"750\" height=\"1024\" src=\"https:\/\/webs.uab.cat\/cedid\/wp-content\/uploads\/sites\/151\/2022\/12\/3-7-750x1024.webp\" alt=\"\" class=\"wp-image-5099 size-full\" srcset=\"https:\/\/webs.uab.cat\/cedid\/wp-content\/uploads\/sites\/151\/2022\/12\/3-7-750x1024.webp 750w, https:\/\/webs.uab.cat\/cedid\/wp-content\/uploads\/sites\/151\/2022\/12\/3-7-220x300.webp 220w, https:\/\/webs.uab.cat\/cedid\/wp-content\/uploads\/sites\/151\/2022\/12\/3-7-768x1048.webp 768w, https:\/\/webs.uab.cat\/cedid\/wp-content\/uploads\/sites\/151\/2022\/12\/3-7.webp 879w\" sizes=\"auto, (max-width: 750px) 100vw, 750px\" \/><\/figure><div class=\"wp-block-media-text__content\">\n<p><strong>Enric Prat Carvajal, Merc\u00e8 Renom, M. Luz Retuerta (dir.) i Esther Hachuel (coord.), <em>Constructors de consci\u00e8ncia i de canvi. Una aproximaci\u00f3 als moviments socials des del Baix Llobregat<\/em>. Sant Feliu de Llobregat, Edicions del Llobregat, Centre d&#8217;Estudis Comarcals del Baix Llobregat i Arxiu Comarcal del Baix Llobregat, 2009.<\/strong><\/p>\n\n\n\n<p>En esta obra colectiva se presentan diferentes movimientos sociales hist\u00f3ricos o de la \u00e9poca actual. Con una cronolog\u00eda amplia, se reunen estudios de conflictos y de movimientos sociales, desde las revueltas y luchas contra las cargas antise\u00f1oriales y las levas de hace tres siglos, hasta el movimiento obrero u otros movimientos sociales que han dado respuesta a los problemas del present, como el feminista, el pacifista, el ecologista o el movimiento okupa.<\/p>\n<\/div><\/div>\n\n\n\n<hr class=\"wp-block-separator has-alpha-channel-opacity\" \/>\n\n\n\n<div class=\"wp-block-media-text alignwide is-stacked-on-mobile\" style=\"grid-template-columns:15% auto\"><figure class=\"wp-block-media-text__media\"><img loading=\"lazy\" decoding=\"async\" width=\"544\" height=\"821\" src=\"https:\/\/webs.uab.cat\/cedid\/wp-content\/uploads\/sites\/151\/2022\/12\/17497119894.jpg\" alt=\"\" class=\"wp-image-5104 size-full\" srcset=\"https:\/\/webs.uab.cat\/cedid\/wp-content\/uploads\/sites\/151\/2022\/12\/17497119894.jpg 544w, https:\/\/webs.uab.cat\/cedid\/wp-content\/uploads\/sites\/151\/2022\/12\/17497119894-199x300.jpg 199w\" sizes=\"auto, (max-width: 544px) 100vw, 544px\" \/><\/figure><div class=\"wp-block-media-text__content\">\n<p><strong><br>Llu\u00eds Burillo i Isabel Graupera, <em>Hist\u00f2ries de vida. Fonts orals de la lluita obrera i l&#8217;antifranquisme al Baix Llobregat<\/em>. Cornell\u00e0 del Llobregat, Fundaci\u00f3 Utopia Joan N. Garc\u00eda-Nieto, 2009.<\/strong><\/p>\n\n\n\n<p>Este libro est\u00e1 concebido para acercar la historia a la gente, a partir del testimonio de las personas que hacen la historia; en este caso, la historia del movimiento obrero del Bajo Llobregat, explicada en primera persona por los trabajadores y trabajadoras de la comarca. Los protagonistas de la obra son, pues, los mismos sujetos de los hechos hist\u00f3ricos analizados, hechos que llegan al lector a trav\u00e9s de sus propias palabras. La riqueza principal de la obra es la utilizaci\u00f3n del archivo de fuentes orales que custodia la Fundaci\u00f3 Utopia Joan N. Garc\u00eda-Nieto, que parti\u00f3 de la iniciatia de Joan N. Garc\u00eda-Nieto y Mar\u00eda Carmen Garc\u00eda-Nieto a principios de los a\u00f1os noventa. El libro va acompa\u00f1ado de un CD-ROM con las grabaciones sonoras de las entrevistas utilizadas.<\/p>\n<\/div><\/div>\n\n\n\n<hr class=\"wp-block-separator has-alpha-channel-opacity\" \/>\n\n\n\n<div class=\"wp-block-media-text alignwide is-stacked-on-mobile\" style=\"grid-template-columns:15% auto\"><figure class=\"wp-block-media-text__media\"><img loading=\"lazy\" decoding=\"async\" width=\"555\" height=\"774\" src=\"https:\/\/webs.uab.cat\/cedid\/wp-content\/uploads\/sites\/151\/2022\/12\/imagen.png\" alt=\"\" class=\"wp-image-5108 size-full\" srcset=\"https:\/\/webs.uab.cat\/cedid\/wp-content\/uploads\/sites\/151\/2022\/12\/imagen.png 555w, https:\/\/webs.uab.cat\/cedid\/wp-content\/uploads\/sites\/151\/2022\/12\/imagen-215x300.png 215w\" sizes=\"auto, (max-width: 555px) 100vw, 555px\" \/><\/figure><div class=\"wp-block-media-text__content\">\n<p><strong><br>Encarna Nicol\u00e1s i Carmen Gonz\u00e1lez (ed.), <em>Mundos de ayer<\/em>. <em>Investigaciones hist\u00f3ricas contempor\u00e1neas del IX Congreso de la AHC<\/em>. Murcia, Universidad de Murcia, 2009.<\/strong><\/p>\n\n\n\n<p><em>Mundos de ayer<\/em> es una obra colectiva producto de las conferencias, ponencias y debates que tuvieron, como marco para la reflexi\u00f3n, el IX Congreso de la Asociaci\u00f3n de Historia Contempor\u00e1nea (AHC), celebrado en la Facultad de Letras de la Universidad de Murcia en septiembre de 2008. Este Congreso tuvo una ampl\u00edsima y satisfactoria acogida entre participantes y asistentes que, adem\u00e1s, se beneficiaron de la productiva oportunidad de compartir el novedoso formato de su organizaci\u00f3n en diecis\u00e9is talleres simult\u00e1neos que dotaron de contenidos y propuestas los cinco bloques tem\u00e1ticos en que se estructur\u00f3 el encuentro. Esta monograf\u00eda aborda temas tan atractivos como los referidos a Europa y sus memorias (E. Traverso), las conmemoraciones en la historia (A. Azuela), el Estado y sus instituciones (M. Chust y J.A. Serrano; J.L. Rodr\u00edguez; J. Ponce), culturas pol\u00edticas y conflictos ideol\u00f3gicos (M. P\u00e9rez Ledesma y M. Su\u00e1rez Cortina; J. De la Cueva y Feliciano Montero; F. Archil\u00e9s), las sociedades agraria, urbana y las insvestigaciones socioambientales (S. Cruz; J. P\u00e9rez Serrano; A. Ortega y M. Gonz\u00e1lez de Molina), la conflictividad social (E. Gonz\u00e1lez Calleja y J.L. Ledesma; C. Molinero y P. Ys\u00e0s), fuentes y sujetos de la historia (M. Ortiz), las relaciones internacionales de Espa\u00f1a (J.B. Vilar; J.C. Pereira) y la transici\u00f3n a la democracia espa\u00f1ola en perspectiva comparada con otros contextos nacionales (C. Gonz\u00e1lez y E. Nicol\u00e1s).<\/p>\n<\/div><\/div>\n\n\n\n<hr class=\"wp-block-separator has-alpha-channel-opacity\" \/>\n\n\n\n<div class=\"wp-block-media-text alignwide is-stacked-on-mobile\" style=\"grid-template-columns:15% auto\"><figure class=\"wp-block-media-text__media\"><img loading=\"lazy\" decoding=\"async\" width=\"229\" height=\"381\" src=\"https:\/\/webs.uab.cat\/cedid\/wp-content\/uploads\/sites\/151\/2022\/12\/9788497663120.jpg\" alt=\"\" class=\"wp-image-5113 size-full\" srcset=\"https:\/\/webs.uab.cat\/cedid\/wp-content\/uploads\/sites\/151\/2022\/12\/9788497663120.jpg 229w, https:\/\/webs.uab.cat\/cedid\/wp-content\/uploads\/sites\/151\/2022\/12\/9788497663120-180x300.jpg 180w\" sizes=\"auto, (max-width: 229px) 100vw, 229px\" \/><\/figure><div class=\"wp-block-media-text__content\">\n<p><strong><br>Pere Ys\u00e0s (ed.), <em>La configuraci\u00f3 de la democr\u00e0cia a Espanya<\/em>. Vic, Eumo \/ Universitat de Vic, 2009.<\/strong><\/p>\n\n\n\n<p>Este libro se ocupa de un proceso esencial de la historia contempor\u00e1nea espa\u00f1ola a trav\u00e9s de los trabajos de nueve reconocidos especialistas que, desde diferentes perspectivas disciplinarias, analizan el papel que tuvieron los principales actores pol\u00edticos y sociales en la configuraci\u00f3n de la democracia en Espa\u00f1a.<\/p>\n\n\n\n<p>En el libro se estudian las elecciones generales de junio de 1977 y el sistema de partidos surgido de estos comicios. Se analizan los condicionantes del proceso de elaboraci\u00f3n de la Constituci\u00f3n de 1978, las similitudes con la de 1931, y la ambig\u00fcedad en la redacci\u00f3n del modelo de organizaci\u00f3n territorial del Estado. Se explica el papel que jugaron las organizaciones sindicales, dispuestas a subordinar sus objetivos m\u00e1s espec\u00edficos en beneficio de la consecuci\u00f3n y consolidaci\u00f3n de la democracia, y las patronales, alejadas de esta actitud. Se trata el papel de los medios de comunicaci\u00f3n y la ausencia de los intelectuales de las estrategias de la transici\u00f3n. El libro se cierra con dos art\u00edculos que analizan el papel -diferente, incluso contradictorio- de dos instituciones con una influencia esencial en la sociedad espa\u00f1ola: la Iglesia Cat\u00f3lica y las Fuerzas Armadas.<\/p>\n<\/div><\/div>\n\n\n\n<hr class=\"wp-block-separator has-alpha-channel-opacity\" \/>\n\n\n\n<div class=\"wp-block-media-text alignwide is-stacked-on-mobile\" style=\"grid-template-columns:15% auto\"><figure class=\"wp-block-media-text__media\"><img loading=\"lazy\" decoding=\"async\" width=\"552\" height=\"800\" src=\"https:\/\/webs.uab.cat\/cedid\/wp-content\/uploads\/sites\/151\/2022\/12\/9788498675757.jpg\" alt=\"\" class=\"wp-image-5117 size-full\" srcset=\"https:\/\/webs.uab.cat\/cedid\/wp-content\/uploads\/sites\/151\/2022\/12\/9788498675757.jpg 552w, https:\/\/webs.uab.cat\/cedid\/wp-content\/uploads\/sites\/151\/2022\/12\/9788498675757-207x300.jpg 207w\" sizes=\"auto, (max-width: 552px) 100vw, 552px\" \/><\/figure><div class=\"wp-block-media-text__content\">\n<p class=\"has-small-font-size\"><p align=\"justify\"><strong>Ricard Vinyes (ed.), <em>El Estado y la memoria<\/em>. Barcelona, RBA, 2009.<\/strong><\/p> <p align=\"justify\">El inter\u00e9s creciente por los efectos y usos de la memoria de los pasados conflictos ha generado la reacci\u00f3n de un liberalismo memorial cuya doctrina consiste en afirmar que la mejor pol\u00edtica p\u00fablica de memoria es la que no existe, alegando la numerosa y creciente informaci\u00f3n sobre esos pasados y el peligro de nuevos conflictos. Las autoras y autores de este libro analizan con una perspectiva transversal las relaciones entre ciudadan\u00eda, memoria y Estado, hablan de pol\u00edticas, paisajes, asaltos y residencias de la memoria desde \u00e1mbitos profesionales diversos, argumentando la dimensi\u00f3n p\u00fablica que posee y la imprescindible secularizaci\u00f3n de un tema con frecuentes derivaciones can\u00f3nicas. Participan en la obra los miembros del CEFID Xavier Dom\u00e8nech, Jordi Font, Jordi Guix\u00e9, Conxita Mir, Manel Risques, Pere Ys\u00e0s y Ricard Vinyes que adem\u00e1s se encarga de su edici\u00f3n.<\/p><\/p>\n<\/div><\/div>\n\n\n\n<hr class=\"wp-block-separator has-alpha-channel-opacity\" \/>\n\n\n\n<div class=\"wp-block-media-text alignwide is-stacked-on-mobile\" style=\"grid-template-columns:15% auto\"><figure class=\"wp-block-media-text__media\"><img loading=\"lazy\" decoding=\"async\" width=\"355\" height=\"499\" src=\"https:\/\/webs.uab.cat\/cedid\/wp-content\/uploads\/sites\/151\/2022\/12\/41P0eNOCkuL._SX353_BO1204203200_.jpg\" alt=\"\" class=\"wp-image-5119 size-full\" srcset=\"https:\/\/webs.uab.cat\/cedid\/wp-content\/uploads\/sites\/151\/2022\/12\/41P0eNOCkuL._SX353_BO1204203200_.jpg 355w, https:\/\/webs.uab.cat\/cedid\/wp-content\/uploads\/sites\/151\/2022\/12\/41P0eNOCkuL._SX353_BO1204203200_-213x300.jpg 213w\" sizes=\"auto, (max-width: 355px) 100vw, 355px\" \/><\/figure><div class=\"wp-block-media-text__content\">\n<p class=\"has-small-font-size\"><p align=\"justify\"><strong>Mart\u00ed Mar\u00edn (dir.), <em>Mem\u00f2ries del viatge 1940-1975<\/em>. Sant Adri\u00e0 de Bes\u00f2s, Ajuntament de Sant Adri\u00e0 de Bes\u00f2s \/ Museu d&#8217;Hist\u00f2ria de la Immigraci\u00f3 de Catalunya, 2009<\/strong>.<\/p> <p align=\"justify\">Esta obra colectiva reflexiona sobre la experiencia de la inmigraci\u00f3n a Catalunya bajo la larga dictadura franquista, a trav\u00e9s de una suma de cap\u00edtulos tem\u00e1ticos que nos aproximan a las cifras b\u00e1sicas (M. Mar\u00edn), las circunstancias del viaje y de los primeros asentamientos (I. Bordetas), la represi\u00f3n del hecho migratorio (I. Boj i J.V. Aroca), la integraci\u00f3n en el mundo del trabajo (J. T\u00e9bar), la tard\u00eda planificaci\u00f3n de las necesidades de vivienda (A. Ferrer i C. Ruiz) y los mecanismos asociativos que llevaron a su arraigo (M. Mar\u00edn).<\/p><\/p>\n<\/div><\/div>\n","protected":false},"excerpt":{"rendered":"<p>Joan B. Culla, La dreta espanyola a Catalunya. 1975-2008. Barcelona, La Campana, 2009. Este libro de Joan B. Culla tiene la objetividad del historiador que se ha documentado a lo largo de los a\u00f1os, pero tambi\u00e9n la agudeza del que quiere hacer comprensibles los complejos or\u00edgenes, los avatares en las urnas, los c\u00edclicos problemas de [&hellip;]<\/p>\n","protected":false},"author":20,"featured_media":0,"parent":0,"menu_order":0,"comment_status":"closed","ping_status":"closed","template":"","meta":{"footnotes":""},"class_list":["post-1820","page","type-page","status-publish","hentry"],"_links":{"self":[{"href":"https:\/\/webs.uab.cat\/cedid\/es\/wp-json\/wp\/v2\/pages\/1820","targetHints":{"allow":["GET"]}}],"collection":[{"href":"https:\/\/webs.uab.cat\/cedid\/es\/wp-json\/wp\/v2\/pages"}],"about":[{"href":"https:\/\/webs.uab.cat\/cedid\/es\/wp-json\/wp\/v2\/types\/page"}],"author":[{"embeddable":true,"href":"https:\/\/webs.uab.cat\/cedid\/es\/wp-json\/wp\/v2\/users\/20"}],"replies":[{"embeddable":true,"href":"https:\/\/webs.uab.cat\/cedid\/es\/wp-json\/wp\/v2\/comments?post=1820"}],"version-history":[{"count":13,"href":"https:\/\/webs.uab.cat\/cedid\/es\/wp-json\/wp\/v2\/pages\/1820\/revisions"}],"predecessor-version":[{"id":5123,"href":"https:\/\/webs.uab.cat\/cedid\/es\/wp-json\/wp\/v2\/pages\/1820\/revisions\/5123"}],"wp:attachment":[{"href":"https:\/\/webs.uab.cat\/cedid\/es\/wp-json\/wp\/v2\/media?parent=1820"}],"curies":[{"name":"wp","href":"https:\/\/api.w.org\/{rel}","templated":true}]}}