{"id":1827,"date":"2012-07-04T15:26:21","date_gmt":"2012-07-04T15:26:21","guid":{"rendered":"https:\/\/webs.uab.cat\/cedid\/2000-3\/"},"modified":"2022-11-28T12:00:44","modified_gmt":"2022-11-28T12:00:44","slug":"2000-3","status":"publish","type":"page","link":"https:\/\/webs.uab.cat\/cedid\/es\/2000-3\/","title":{"rendered":"2000"},"content":{"rendered":"\n<div class=\"wp-block-media-text alignwide is-stacked-on-mobile\" style=\"grid-template-columns:17% auto\"><figure class=\"wp-block-media-text__media\"><img loading=\"lazy\" decoding=\"async\" width=\"462\" height=\"728\" src=\"https:\/\/webs.uab.cat\/cedid\/wp-content\/uploads\/sites\/151\/2022\/11\/qa-4-1.jpg\" alt=\"\" class=\"wp-image-4717 size-full\" srcset=\"https:\/\/webs.uab.cat\/cedid\/wp-content\/uploads\/sites\/151\/2022\/11\/qa-4-1.jpg 462w, https:\/\/webs.uab.cat\/cedid\/wp-content\/uploads\/sites\/151\/2022\/11\/qa-4-1-190x300.jpg 190w\" sizes=\"auto, (max-width: 462px) 100vw, 462px\" \/><\/figure><div class=\"wp-block-media-text__content\">\n<p><strong>Campillo, Maria; Vilanova, Francesc (eds.), <em>La cultura catalana en el primer exili (1939-1940). Cartes d&#8217;escriptors, intel\u00b7lectuals i cient\u00edfics<\/em>. Barcelona, Fundaci\u00f3 Carles Pi i Sunyer d&#8217;Estudis Auton\u00f2mics i Locals, 2000.<\/strong><\/p>\n\n\n\n<p>Esta obra pertenece a la colecci\u00f3n Quaderns de l&#8217;Arxiu Pi i Sunyer que, dentro de la serie Rupturas del a\u00f1o 1939, nos presenta con esp\u00edritu de difusi\u00f3n documentos originales del Archivo Pino y Sunyer que forman parte de ediciones cr\u00edticas o de trabajos de investigaci\u00f3n relacionados con las principales tem\u00e1ticas que tienen cabida dentro de este archivo: la Guerra Civil Espa\u00f1ola, el exilio republicano de 1939, el primer franquismo y los a\u00f1os treinta y cuarenta en su contexto europeo. En este caso, el libro en cuesti\u00f3n nos presenta una importante relaci\u00f3n de la correspondencia que Carles Pino y Sunyer mantuvo con personalidades relevantes del tramado cultural catal\u00e1n durante la Guerra Civil en su condici\u00f3n, b\u00e1sicamente, de \u00abexconseller\u00bb de Cultura de la Generalitat republicana, concretamente 108 cartas escritas entre el final de enero de 1939 y el comienzo de junio de 1940. De esta forma, la colecci\u00f3n de la Fundaci\u00f3n Carles Pino y Sunyer pone a disposici\u00f3n de los investigadores y de los lectores interesados por estos temas unos materiales.<\/p>\n<\/div><\/div>\n\n\n\n<hr class=\"wp-block-separator has-alpha-channel-opacity\" \/>\n\n\n\n<div class=\"wp-block-media-text alignwide is-stacked-on-mobile\" style=\"grid-template-columns:17% auto\"><figure class=\"wp-block-media-text__media\"><img loading=\"lazy\" decoding=\"async\" width=\"300\" height=\"484\" src=\"https:\/\/webs.uab.cat\/cedid\/wp-content\/uploads\/sites\/151\/2022\/11\/4571identitats-contemporanies-catalunya-i-espana001jpg-1.jpg\" alt=\"\" class=\"wp-image-4720 size-full\" srcset=\"https:\/\/webs.uab.cat\/cedid\/wp-content\/uploads\/sites\/151\/2022\/11\/4571identitats-contemporanies-catalunya-i-espana001jpg-1.jpg 300w, https:\/\/webs.uab.cat\/cedid\/wp-content\/uploads\/sites\/151\/2022\/11\/4571identitats-contemporanies-catalunya-i-espana001jpg-1-186x300.jpg 186w\" sizes=\"auto, (max-width: 300px) 100vw, 300px\" \/><\/figure><div class=\"wp-block-media-text__content\">\n<p><strong>Riquer i Permanyer, Borja de, <em>Identitats contempor\u00e0nies: Catalunya i Espanya<\/em>. Vic, Eumo, 2000.<\/strong><\/p>\n\n\n\n<p>Es este un libro que recojo parte de las numerosas aportaciones que Borja de Riquer ha hecho al debate sobre las identidades nacionales y su proceso de formaci\u00f3n dentro la Catalunya y Espa\u00f1a contempor\u00e1neas. Se recogen as\u00ed las fecundas hip\u00f3tesis que Borja de Riquer ha introducido en el debate historiogr\u00e1fico sobre la d\u00e9bil nacionalizaci\u00f3n del proyecto espa\u00f1ol, las explicaciones sobre el nacimiento del nacionalismo catal\u00e1n contempor\u00e1neo o las contradicciones en qu\u00e9 se movieran las primeras propuestas pol\u00edticas de car\u00e1cter catalanista. Aun as\u00ed este no es s\u00f3lo un libro de debate, o combate, historiogr\u00e1fico, sino que se ha realizado desde la voluntad de intervenir en las pol\u00e9micas de nuestro presente fundadas en el desconocimiento, cuando no en el t\u00f3pico, de nuestro pasado. Se inscribe as\u00ed en aquella tarea que los historiadores deben realizar si vuelan ayudar, como dice Vilar, a pensar hist\u00f3ricamente nuestro presente.<\/p>\n<\/div><\/div>\n\n\n\n<hr class=\"wp-block-separator has-alpha-channel-opacity\" \/>\n\n\n\n<div class=\"wp-block-media-text alignwide is-stacked-on-mobile\" style=\"grid-template-columns:17% auto\"><figure class=\"wp-block-media-text__media\"><img loading=\"lazy\" decoding=\"async\" width=\"343\" height=\"499\" src=\"https:\/\/webs.uab.cat\/cedid\/wp-content\/uploads\/sites\/151\/2022\/11\/41hYdncASL._SX341_BO1204203200_-1.jpg\" alt=\"\" class=\"wp-image-4722 size-full\" srcset=\"https:\/\/webs.uab.cat\/cedid\/wp-content\/uploads\/sites\/151\/2022\/11\/41hYdncASL._SX341_BO1204203200_-1.jpg 343w, https:\/\/webs.uab.cat\/cedid\/wp-content\/uploads\/sites\/151\/2022\/11\/41hYdncASL._SX341_BO1204203200_-1-206x300.jpg 206w\" sizes=\"auto, (max-width: 343px) 100vw, 343px\" \/><\/figure><div class=\"wp-block-media-text__content\">\n<p><strong>Mir, Conxita, <em>Vivir es sobrevivir. Justicia, orden y marginaci\u00f3n en la Catalu\u00f1a rural de posguerra<\/em>. Lleida, Milenio, 2000.<\/strong><\/p>\n\n\n\n<p><em>Vivir es sobrevivir<\/em> refleja el vivir cotidiano de una sociedad rural de posguerra, a partir del estudio del control pol\u00edtico, econ\u00f3mico o moral desplegado por la justicia franquista. Concretando tanto el impacto de la justicia militar como de la civil, el libro nos introduce en el \u00e1mbito de las relaciones entre poder y sociedad, asimismo contempla varios aspectos de la violencia pol\u00edtica franquista, algunos de los cuales todav\u00eda restan poco rebuscados. El fen\u00f3meno del suicidio, la protecci\u00f3n de la familia o la situaci\u00f3n de la mujer, por ejemplo, se investigan en el contexto cotidiano de miseria y control social que acompa\u00f1\u00f3 la construcci\u00f3n del nuevo r\u00e9gimen, que afect\u00f3 especialmente a los grupos marginales, protagonistas especiales en esta historia. Se aborda, tambi\u00e9n, la funci\u00f3n pol\u00edtica de la iglesia a trav\u00e9s de las actitudes mostradas por los cl\u00e9rigos rurales ante las solicitudes de informaci\u00f3n de las autoridades. Y se analiza el car\u00e1cter de la represi\u00f3n militar en un pueblo de la Catalunya interior, con objeto de conocer algo m\u00e1s la dimensi\u00f3n p\u00fablica y privada del proceso represivo, ya sea a partir de los comportamientos de los nuevos poderes locales o de las redes familiares y vecinales de colaboraci\u00f3n con estos.<\/p>\n<\/div><\/div>\n","protected":false},"excerpt":{"rendered":"<p>Campillo, Maria; Vilanova, Francesc (eds.), La cultura catalana en el primer exili (1939-1940). Cartes d&#8217;escriptors, intel\u00b7lectuals i cient\u00edfics. Barcelona, Fundaci\u00f3 Carles Pi i Sunyer d&#8217;Estudis Auton\u00f2mics i Locals, 2000. Esta obra pertenece a la colecci\u00f3n Quaderns de l&#8217;Arxiu Pi i Sunyer que, dentro de la serie Rupturas del a\u00f1o 1939, nos presenta con esp\u00edritu de [&hellip;]<\/p>\n","protected":false},"author":20,"featured_media":0,"parent":0,"menu_order":0,"comment_status":"closed","ping_status":"closed","template":"","meta":{"footnotes":""},"class_list":["post-1827","page","type-page","status-publish","hentry"],"_links":{"self":[{"href":"https:\/\/webs.uab.cat\/cedid\/es\/wp-json\/wp\/v2\/pages\/1827","targetHints":{"allow":["GET"]}}],"collection":[{"href":"https:\/\/webs.uab.cat\/cedid\/es\/wp-json\/wp\/v2\/pages"}],"about":[{"href":"https:\/\/webs.uab.cat\/cedid\/es\/wp-json\/wp\/v2\/types\/page"}],"author":[{"embeddable":true,"href":"https:\/\/webs.uab.cat\/cedid\/es\/wp-json\/wp\/v2\/users\/20"}],"replies":[{"embeddable":true,"href":"https:\/\/webs.uab.cat\/cedid\/es\/wp-json\/wp\/v2\/comments?post=1827"}],"version-history":[{"count":1,"href":"https:\/\/webs.uab.cat\/cedid\/es\/wp-json\/wp\/v2\/pages\/1827\/revisions"}],"predecessor-version":[{"id":4724,"href":"https:\/\/webs.uab.cat\/cedid\/es\/wp-json\/wp\/v2\/pages\/1827\/revisions\/4724"}],"wp:attachment":[{"href":"https:\/\/webs.uab.cat\/cedid\/es\/wp-json\/wp\/v2\/media?parent=1827"}],"curies":[{"name":"wp","href":"https:\/\/api.w.org\/{rel}","templated":true}]}}