{"id":1828,"date":"2012-07-02T15:00:46","date_gmt":"2012-07-02T15:00:46","guid":{"rendered":"https:\/\/webs.uab.cat\/cedid\/2007-2008-2\/"},"modified":"2022-12-10T15:19:49","modified_gmt":"2022-12-10T15:19:49","slug":"2007-2008-2","status":"publish","type":"page","link":"https:\/\/webs.uab.cat\/cedid\/es\/2007-2008-2\/","title":{"rendered":"2007-2008"},"content":{"rendered":"\n<div class=\"wp-block-media-text alignwide is-stacked-on-mobile\" style=\"grid-template-columns:15% auto\"><figure class=\"wp-block-media-text__media\"><img loading=\"lazy\" decoding=\"async\" width=\"200\" height=\"286\" src=\"https:\/\/webs.uab.cat\/cedid\/wp-content\/uploads\/sites\/151\/2022\/12\/Spagna_Cont.png\" alt=\"\" class=\"wp-image-5857 size-full\" \/><\/figure><div class=\"wp-block-media-text__content\">\n<p class=\"has-small-font-size\"><div align=\"justify\"><p>El n\u00famero 34 (2008) de la revista italiana de investigaciones hispanistas <strong>Spagna Contemporanea <\/strong>presenta un art\u00edculo de investigaci\u00f3n del miembro del CEFID Andrea Geniola sobre las actitudes de la iglesia espa\u00f1ola durante la transici\u00f3n por lo que hace a la cuesti\u00f3n auton\u00f3mica y nacional. En \u00abIglesia y transici\u00f3n en las p\u00e1ginas de Ecclesia (1976-1983)\u00bb el autor indaga el tratamiento y el seguimiento que desde la revista de Acci\u00f3n Cat\u00f3lica se hizo sobre la progresiva articulaci\u00f3n del Estado de las Autonom\u00edas. En este recorrido \u00abEcclesia\u00bb se revela como un importante altavoz de los diferentes planteamientos que se dan en la iglesia espa\u00f1ola.<\/p><\/div><\/p>\n<\/div><\/div>\n\n\n\n<hr class=\"wp-block-separator has-alpha-channel-opacity\" \/>\n\n\n\n<div class=\"wp-block-media-text alignwide is-stacked-on-mobile\" style=\"grid-template-columns:15% auto\"><figure class=\"wp-block-media-text__media\"><img loading=\"lazy\" decoding=\"async\" width=\"200\" height=\"294\" src=\"https:\/\/webs.uab.cat\/cedid\/wp-content\/uploads\/sites\/151\/2022\/12\/NH_Gramsci.png\" alt=\"\" class=\"wp-image-5860 size-full\" \/><\/figure><div class=\"wp-block-media-text__content\">\n<p class=\"has-small-font-size\"><div align=\"justify\">Con la excusa del setenta aniversario de la muerte de Antonio Gramsci, el n\u00famero 191 (2008) de la revista <strong>Nous Horitzons<\/strong> aborda la figura y el pensamiento del fundador del Partido Comunista Italiano. El n\u00famero, coordinado por Mari\u00e0 Hispano y Tommaso Nencioni, abarca diferentes aspectos de la vida del pol\u00edtico sardo. Se ha prestado especial atenci\u00f3n a la interpretaci\u00f3n gramsciana de Marx y a la recepci\u00f3n en Catalu\u00f1a de la obra de Gramsci gracias a las traducciones de Manuel Sacrist\u00e1n. En este \u00abhomenaje a Gramsci\u00bb se encuentran los art\u00edculos de dos miembros del CEFID, Andrea Geniola y Steven Forti. Geniola analiza la postura de Gramsci en relaci\u00f3n a la cuesti\u00f3n nacional sarda y se detiene en la reflexi\u00f3n del autor de los <em>Cuadernos de la c\u00e1rcel<\/em> sobre Cerde\u00f1a y sus problemas pol\u00edticos, sociales y culturales. A su turno, Forti se ci\u00f1e en el Gramsci del <em>biennio rosso<\/em>, proponiendo una nueva lectura de la posici\u00f3n del grupo del Ordine Nuovo en el debate sobre los soviets y los consejos de f\u00e1brica en la Italia del 1919-1920.<\/div><\/p>\n<\/div><\/div>\n\n\n\n<hr class=\"wp-block-separator has-alpha-channel-opacity\" \/>\n\n\n\n<div class=\"wp-block-media-text alignwide is-stacked-on-mobile\" style=\"grid-template-columns:15% auto\"><figure class=\"wp-block-media-text__media\"><img loading=\"lazy\" decoding=\"async\" width=\"200\" height=\"289\" src=\"https:\/\/webs.uab.cat\/cedid\/wp-content\/uploads\/sites\/151\/2022\/12\/cuad_historia_cont.png\" alt=\"\" class=\"wp-image-5863 size-full\" \/><\/figure><div class=\"wp-block-media-text__content\">\n<p class=\"has-small-font-size\"><div align=\"justify\"><p>La revista <strong>Cuadernos de Historia Contempor\u00e1nea<\/strong>, publicaci\u00f3n del Departamento de Historia Contempor\u00e1nea de la Universidad Complutense de Madrid, dedica este volumen, el n\u00famero 30 (2008), a la figura del historiador Manuel Tu\u00f1\u00f3n de Lara, desaparecido en 1997, y a dos de sus principales l\u00ednea de investigaci\u00f3n, la historia social y la del movimiento obrero. Pere Ys\u00e0s firma una de las aportaciones al n\u00famero, \u00abEl movimiento obrero durante el franquismo. De la resistencia a la movilizaci\u00f3n (1940-1975)\u00bb. En ella, se analizan las diferentes etapas por las que pas\u00f3 el movimiento obrero durante la dictadura franquista: una primera fase, durante la posguerra, de sumisi\u00f3n al Estado y a los patronos, consecuencia de la brutal represi\u00f3n sufrida, pero durante la cual tambi\u00e9n fueron evidentes ciertas formas de rechazo, resistencia y hasta de protesta; y una segunda etapa, a partir de los a\u00f1os sesenta, de reorganizaci\u00f3n -principalmente a trav\u00e9s de las CCOO- y generalizaci\u00f3n de la conflictividad, afirm\u00e1ndose el movimiento, de esta manera, como uno de los agentes fundamentales que provocaron la crisis final de la dictadura.<\/p><\/div><\/p>\n<\/div><\/div>\n\n\n\n<hr class=\"wp-block-separator has-alpha-channel-opacity\" \/>\n\n\n\n<div class=\"wp-block-media-text alignwide is-stacked-on-mobile\" style=\"grid-template-columns:15% auto\"><figure class=\"wp-block-media-text__media\"><img loading=\"lazy\" decoding=\"async\" width=\"200\" height=\"287\" src=\"https:\/\/webs.uab.cat\/cedid\/wp-content\/uploads\/sites\/151\/2022\/12\/segle_xx.png\" alt=\"\" class=\"wp-image-5868 size-full\" \/><\/figure><div class=\"wp-block-media-text__content\">\n<p class=\"has-small-font-size\"><br>El proceso de renovaci\u00f3n de las revistas de historia que est\u00e1 teniendo lugar los \u00faltimos a\u00f1os ha propiciado la aparici\u00f3n de varias publicaciones. Este es el caso de <strong>Segle XX, Revista catalana d&#8217;hist\u00f2ria<\/strong>, de la que en 2008 ha aparecido el primer n\u00famero. La revista, impulsada por la Fundaci\u00f3 Cipriano Garc\u00eda &#8211; Arxiu Hist\u00f2ric de la CONC y editada por Afers, nace con la voluntad de ser \u00abun espacio de relaci\u00f3n entre la Universidad y la sociedad, con el objetivo de dar a conocer la investigaci\u00f3n hist\u00f3rica y los principales debates historiogr\u00e1ficos con una voluntad cr\u00edtica y plural, teniendo en cuenta los departamentso universitarios, centros de investigaci\u00f3n consolidados y asociaciones interesadas en el pasado reciente\u00bb. Forman parte de su consejo de redacci\u00f3n, entre otros, Pere Ys\u00e0s y N\u00e0dia Varo Moral, y Javier T\u00e9bar es el subdirector de la revista. En este primer n\u00famero tienen cabida, adem\u00e1s de art\u00edculos de investigaci\u00f3n y ensay\u00edsticos, un espacio dedicado al debate, y tambi\u00e9n varias rese\u00f1as y notas de lectura.<\/p>\n<\/div><\/div>\n\n\n\n<hr class=\"wp-block-separator has-alpha-channel-opacity\" \/>\n\n\n\n<div class=\"wp-block-media-text alignwide is-stacked-on-mobile\" style=\"grid-template-columns:15% auto\"><figure class=\"wp-block-media-text__media\"><img loading=\"lazy\" decoding=\"async\" width=\"200\" height=\"282\" src=\"https:\/\/webs.uab.cat\/cedid\/wp-content\/uploads\/sites\/151\/2022\/12\/hist_pol.png\" alt=\"\" class=\"wp-image-5872 size-full\" \/><\/figure><div class=\"wp-block-media-text__content\">\n<p class=\"has-small-font-size\"><div align=\"justify\">El n\u00famero 20, de 2008, de la revista <strong>Historia y Pol\u00edtica<\/strong> dedica su parte monogr\u00e1fica a un Dossier sobre el recorrido de las izquierdas en la Espa\u00f1a democr\u00e1tica. El primer articulo del Dossier \u00abLas Izquierdas en la Espa\u00f1a democr\u00e1tica\u00bb es un ensayo de Carme Molinero y Pere Ys\u00e0s sobre las izquierdas durante los a\u00f1os setenta y la transici\u00f3n. En \u00abLas izquierdas en los a\u00f1os setenta\u00bb se analiza el protagonismo del PSOE y del PCE durante la fase de descomposici\u00f3n del franquismo y su destacado papel en la transici\u00f3n. Asimismo se hace hincapi\u00e9 en el doble proceso de consolidaci\u00f3n del PSOE y de crisis del PCE que llevar\u00eda al primero a la conquista del gobierno y el segundo a un espectacular proceso destructivo.<\/div><\/p>\n<\/div><\/div>\n\n\n\n<hr class=\"wp-block-separator has-alpha-channel-opacity\" \/>\n\n\n\n<div class=\"wp-block-media-text alignwide is-stacked-on-mobile\" style=\"grid-template-columns:15% auto\"><figure class=\"wp-block-media-text__media\"><img loading=\"lazy\" decoding=\"async\" width=\"200\" height=\"284\" src=\"https:\/\/webs.uab.cat\/cedid\/wp-content\/uploads\/sites\/151\/2022\/12\/hispania229.png\" alt=\"\" class=\"wp-image-5876 size-full\" \/><\/figure><div class=\"wp-block-media-text__content\">\n<p class=\"has-small-font-size\"><div align=\"justify\">El n\u00famero 229 (2008) de <strong>Hispania. Revista Espa\u00f1ola de Historia<\/strong>, editada por el CSIC, consta de diversos art\u00edculos de tem\u00e1tica diversa, entre los que hay que hacer menci\u00f3n del trabajo realizado por el miembro del CEFID \u00c0lex Amaya Quer, titulado \u201cLa figura de Franco en el discurso de la Organizaci\u00f3n Sindical Espa\u00f1ola durante los a\u00f1os del Desarrollismo a trav\u00e9s del Diario Pueblo (1957-1969)\u201d. El art\u00edculo plantea un an\u00e1lisis de la imagen propagand\u00edstica de Franco emitida por la prensa de la OSE durante los a\u00f1os sesenta, periodo de grandes transformaciones socio-econ\u00f3micas en Espa\u00f1a, y en que el falangismo encontr\u00f3 el contexto adecuado para impulsar el discurso de la Organizaci\u00f3n Sindical como v\u00eda de ampliaci\u00f3n de su base social. Una herramienta importante de este proceso fue la renovaci\u00f3n de la imagen mitificada de Franco, ajustada a los intereses del nacional-sindicalismo. Por otro lado, en este n\u00famero de <strong>Hispania<\/strong>, tambi\u00e9n se puede encontrar una rese\u00f1a del libro de la profesora Carme Molinero \u201cLa captaci\u00f3n de las masas. Pol\u00edtica social y propaganda en el r\u00e9gimen franquista\u201d (2006), escrita por el profesor Luciano Casali, de la Universit\u00e0 di Bolonia.<\/div><\/p>\n<\/div><\/div>\n\n\n\n<hr class=\"wp-block-separator has-alpha-channel-opacity\" \/>\n\n\n\n<div class=\"wp-block-media-text alignwide is-stacked-on-mobile\" style=\"grid-template-columns:15% auto\"><figure class=\"wp-block-media-text__media\"><img loading=\"lazy\" decoding=\"async\" width=\"150\" height=\"211\" src=\"https:\/\/webs.uab.cat\/cedid\/wp-content\/uploads\/sites\/151\/2022\/12\/Storia.png\" alt=\"\" class=\"wp-image-5880 size-full\" \/><\/figure><div class=\"wp-block-media-text__content\">\n<p class=\"has-small-font-size\"><div align=\"justify\">El n\u00famero 47 de la revista \u00abStoria e problemi contemporanei\u00bb (2008) est\u00e1 dedicado a la pacifiaci\u00f3n y reconciliaci\u00f3n en Espa\u00f1a, en la l\u00ednea iniciada por el congreso celebrado en Alessandria-Novi Ligure en noviembre de 2006 bajo el t\u00edtulo \u00abSpagna 1936- 2006: tra pacificazione franchista e riconciliazione democratica\u00bb. Hay que destacar las aportaciones de la profesora Carme Molinero, titulada \u00abLa politica di riconciliazione nazionale, patto per la libert\u00e0 o patto per l&#8217;oblio?\u00bb, y del profesor Pere Ys\u00e0s, que tiene el nombre de \u00abVittoria e riconciliazione nella classe politica franchista degli anni setanta\u00bb. En el primer caso se reflexiona sobre las interpretaciones interesadas sobre la estrategia de reconciliaci\u00f3n nacional del PCE, lanzada en 1956, para justificar posteriormente la necesidad de olvido. En la segunda aportaci\u00f3n mencionada se muestra, a trav\u00e9s de abundante documentaci\u00f3n de archivo, la preocupaci\u00f3n de los dirigentes franquistes por el tema de la reconciliaci\u00f3n.<\/div><\/p>\n<\/div><\/div>\n\n\n\n<hr class=\"wp-block-separator has-alpha-channel-opacity\" \/>\n\n\n\n<div class=\"wp-block-media-text alignwide is-stacked-on-mobile\" style=\"grid-template-columns:15% auto\"><figure class=\"wp-block-media-text__media\"><img loading=\"lazy\" decoding=\"async\" width=\"667\" height=\"1024\" src=\"https:\/\/webs.uab.cat\/cedid\/wp-content\/uploads\/sites\/151\/2022\/12\/ayer68-667x1024.png\" alt=\"\" class=\"wp-image-5882 size-full\" srcset=\"https:\/\/webs.uab.cat\/cedid\/wp-content\/uploads\/sites\/151\/2022\/12\/ayer68-667x1024.png 667w, https:\/\/webs.uab.cat\/cedid\/wp-content\/uploads\/sites\/151\/2022\/12\/ayer68-195x300.png 195w, https:\/\/webs.uab.cat\/cedid\/wp-content\/uploads\/sites\/151\/2022\/12\/ayer68-768x1180.png 768w, https:\/\/webs.uab.cat\/cedid\/wp-content\/uploads\/sites\/151\/2022\/12\/ayer68.png 802w\" sizes=\"auto, (max-width: 667px) 100vw, 667px\" \/><\/figure><div class=\"wp-block-media-text__content\">\n<p class=\"has-small-font-size\"><div align=\"justify\">El n\u00famero 68 de la revista <strong>Ayer<\/strong> (2007) publica el dossier \u00abCrisis y descomposici\u00f3n del franquismo\u00bb, editado por Ismael Saz Campos. Los art\u00edculos reunidos configuran una imagen poco benevolente de la \u00faltima fase del franquismo en los planes de la sociedad, la cultura y los nacionalismos, de la pol\u00edtica exterior y de la interior. En todos ellos late una voluntad de no simplificar la complejidad de los distintos procesos, de superar la tendencia a la compartimentaci\u00f3n de los diversos planos de an\u00e1lisis, de articular lo que en el r\u00e9gimen franquista hubo de cambios y continuidades. El n\u00famero incluye tambi\u00e9n un art\u00edculo de Pere Ys\u00e0s titulado \u00ab\u00bfUna sociedad pasiva? Actitudes, activismo y conflictividad social en el franquismo tard\u00edo\u00bb en el cual se explican los fundamentos, las caracter\u00edsticas y los efectos de un conjunto de fen\u00f3menos que no solamente desmienten la imagen de una sociedad pasiva, sino que tuvieron un papel muy relevante en la vida sociopol\u00edtica de los \u00faltimos tres lustros de la dictadura.<\/div><\/p>\n<\/div><\/div>\n\n\n\n<hr class=\"wp-block-separator has-alpha-channel-opacity\" \/>\n\n\n\n<div class=\"wp-block-media-text alignwide is-stacked-on-mobile\" style=\"grid-template-columns:15% auto\"><figure class=\"wp-block-media-text__media\"><img loading=\"lazy\" decoding=\"async\" width=\"663\" height=\"1024\" src=\"https:\/\/webs.uab.cat\/cedid\/wp-content\/uploads\/sites\/151\/2022\/12\/ayer66-663x1024.png\" alt=\"\" class=\"wp-image-5885 size-full\" srcset=\"https:\/\/webs.uab.cat\/cedid\/wp-content\/uploads\/sites\/151\/2022\/12\/ayer66-663x1024.png 663w, https:\/\/webs.uab.cat\/cedid\/wp-content\/uploads\/sites\/151\/2022\/12\/ayer66-194x300.png 194w, https:\/\/webs.uab.cat\/cedid\/wp-content\/uploads\/sites\/151\/2022\/12\/ayer66-768x1186.png 768w, https:\/\/webs.uab.cat\/cedid\/wp-content\/uploads\/sites\/151\/2022\/12\/ayer66.png 802w\" sizes=\"auto, (max-width: 663px) 100vw, 663px\" \/><\/figure><div class=\"wp-block-media-text__content\">\n<p class=\"has-small-font-size\"><div align=\"justify\">El n\u00famero 66 de la revista <em>Ayer<\/em> (2007) lleva por t\u00edtulo \u00abPoderes privados y recursos p\u00fablicos\u00bb y reune art\u00edculos que intentan retomar, desde posiciones no reduccionistas, el an\u00e1lisis de las relaciones entre la esfera pol\u00edtica y la econ\u00f3mica, con el objetivo de contrarrestar la creciente tendencia a la separaci\u00f3n entre los dos campos de estudio. El n\u00famero incluye tambi\u00e9n un art\u00edculo de Carme Molinero titulado \u00abLa pol\u00edtica de reconciliaci\u00f3n nacional. Su contenido durante el franquismo, su lectura en la Transici\u00f3n\u00bb, en el cual la autora hace un repaso a la g\u00e9nesis y la evoluci\u00f3n de la pol\u00edtica de \u00abreconciliaci\u00f3n nacional\u00bb pregonada por el PCE desde 1956.<\/div><\/p>\n<\/div><\/div>\n\n\n\n<hr class=\"wp-block-separator has-alpha-channel-opacity\" \/>\n\n\n\n<div class=\"wp-block-media-text alignwide is-stacked-on-mobile\" style=\"grid-template-columns:15% auto\"><figure class=\"wp-block-media-text__media\"><img loading=\"lazy\" decoding=\"async\" width=\"391\" height=\"479\" src=\"https:\/\/webs.uab.cat\/cedid\/wp-content\/uploads\/sites\/151\/2022\/12\/historiadelpresente_0.png\" alt=\"\" class=\"wp-image-5888 size-full\" srcset=\"https:\/\/webs.uab.cat\/cedid\/wp-content\/uploads\/sites\/151\/2022\/12\/historiadelpresente_0.png 391w, https:\/\/webs.uab.cat\/cedid\/wp-content\/uploads\/sites\/151\/2022\/12\/historiadelpresente_0-245x300.png 245w\" sizes=\"auto, (max-width: 391px) 100vw, 391px\" \/><\/figure><div class=\"wp-block-media-text__content\">\n<p class=\"has-small-font-size\"><div align=\"justify\"><p>La revista <span style=\"font-weight: bold\">Historia del Presente<\/span>, en su noveno n\u00famero (2007), ha dedicado su expediente al an\u00e1lisis de las relaciones entre la dictadura franquista y su oposici\u00f3n, poniendo de relieve la importancia del estudio del desarrollo de estas relaciones a partir de los a\u00f1os sesenta. Pere Ys\u00e0s ha tratado el impacto de la protesta social (\u00abLa imposible paz social. El movimiento obrero y la dictadura\u00bb), Carmen Gonz\u00e1lez y Manuel Ortiz Heras han realizado un amplio an\u00e1lisis de la naturaleza represiva del franquismo (\u00abControl social y control policial en la dictadura franquista\u00bb) y Abd\u00f3n Mateos se ha centrado en el papel de la deslegitimaci\u00f3n exterior sobre la marcha de la dictadura (\u00abEl impacto de la denuncia internacional y del exilio pol\u00edtico\u00bb).<\/p><\/div><\/p>\n<\/div><\/div>\n","protected":false},"excerpt":{"rendered":"<p>El n\u00famero 34 (2008) de la revista italiana de investigaciones hispanistas Spagna Contemporanea presenta un art\u00edculo de investigaci\u00f3n del miembro del CEFID Andrea Geniola sobre las actitudes de la iglesia espa\u00f1ola durante la transici\u00f3n por lo que hace a la cuesti\u00f3n auton\u00f3mica y nacional. En \u00abIglesia y transici\u00f3n en las p\u00e1ginas de Ecclesia (1976-1983)\u00bb el [&hellip;]<\/p>\n","protected":false},"author":20,"featured_media":0,"parent":0,"menu_order":0,"comment_status":"closed","ping_status":"closed","template":"","meta":{"footnotes":""},"class_list":["post-1828","page","type-page","status-publish","hentry"],"_links":{"self":[{"href":"https:\/\/webs.uab.cat\/cedid\/es\/wp-json\/wp\/v2\/pages\/1828","targetHints":{"allow":["GET"]}}],"collection":[{"href":"https:\/\/webs.uab.cat\/cedid\/es\/wp-json\/wp\/v2\/pages"}],"about":[{"href":"https:\/\/webs.uab.cat\/cedid\/es\/wp-json\/wp\/v2\/types\/page"}],"author":[{"embeddable":true,"href":"https:\/\/webs.uab.cat\/cedid\/es\/wp-json\/wp\/v2\/users\/20"}],"replies":[{"embeddable":true,"href":"https:\/\/webs.uab.cat\/cedid\/es\/wp-json\/wp\/v2\/comments?post=1828"}],"version-history":[{"count":7,"href":"https:\/\/webs.uab.cat\/cedid\/es\/wp-json\/wp\/v2\/pages\/1828\/revisions"}],"predecessor-version":[{"id":5890,"href":"https:\/\/webs.uab.cat\/cedid\/es\/wp-json\/wp\/v2\/pages\/1828\/revisions\/5890"}],"wp:attachment":[{"href":"https:\/\/webs.uab.cat\/cedid\/es\/wp-json\/wp\/v2\/media?parent=1828"}],"curies":[{"name":"wp","href":"https:\/\/api.w.org\/{rel}","templated":true}]}}