{"id":1829,"date":"2012-07-02T15:01:16","date_gmt":"2012-07-02T15:01:16","guid":{"rendered":"https:\/\/webs.uab.cat\/cedid\/2009-2010-2\/"},"modified":"2022-12-10T15:44:54","modified_gmt":"2022-12-10T15:44:54","slug":"2009-2010-2","status":"publish","type":"page","link":"https:\/\/webs.uab.cat\/cedid\/es\/2009-2010-2\/","title":{"rendered":"2009-2010"},"content":{"rendered":"\n<div class=\"wp-block-media-text alignwide is-stacked-on-mobile\" style=\"grid-template-columns:15% auto\"><figure class=\"wp-block-media-text__media\"><img loading=\"lazy\" decoding=\"async\" width=\"123\" height=\"175\" src=\"https:\/\/webs.uab.cat\/cedid\/wp-content\/uploads\/sites\/151\/2022\/12\/RHA_0.jpg\" alt=\"\" class=\"wp-image-5893 size-full\" \/><\/figure><div class=\"wp-block-media-text__content\">\n<p class=\"has-small-font-size\">En el n\u00famero 8 (2010) de la <em>Revista de Historia Actual<\/em> aparece el art\u00edculo del investigador del CEFID Antonio C\u00e9sar Moreno Cantano \u00abEl protagonismo propagand\u00edstico de Falange Exterior en Europa durante la Guerra Civil: el caso de Gran Breta\u00f1a, Francia y Alemania\u00bb (pp. 59-71). En este analiza el papel de la organizaci\u00f3n falangista fuera del Estado espa\u00f1ol, en especial sus aparatos de propaganda en los tres estados comentados des de la creaci\u00f3n de Falange hasta llegar a los a\u00f1os de la Segunda Guerra Mundial.<\/p>\n<\/div><\/div>\n\n\n\n<hr class=\"wp-block-separator has-alpha-channel-opacity\" \/>\n\n\n\n<div class=\"wp-block-media-text alignwide is-stacked-on-mobile\" style=\"grid-template-columns:15% auto\"><figure class=\"wp-block-media-text__media\"><img loading=\"lazy\" decoding=\"async\" width=\"150\" height=\"213\" src=\"https:\/\/webs.uab.cat\/cedid\/wp-content\/uploads\/sites\/151\/2022\/12\/JavierTbarHurtadoHAFO-1_0.png\" alt=\"\" class=\"wp-image-5895 size-full\" \/><\/figure><div class=\"wp-block-media-text__content\">\n<p class=\"has-small-font-size\"><p class=\"rtejustify\">En el n\u00famero 44 (2010) de la revista <em>Historia, Antropolog\u00eda y Fuentes Orales<\/em>, que se presenta con el tema unitario de \u00abHermene\u00faticas\u00bb, Javier T\u00e9bar Hurtado plantea en su art\u00edculo, algunas reflexiones sobre la reconstrucci\u00f3n de la memoria de la oposici\u00f3n antifranquista a partir de un planteamiento epis\u00f3dico, que tiene como finalidad se\u00f1alar algunos de los zigzageos de las relaciones entre las formas de memoria y de escritura sobre el pasado del antifranquismo y la misma pr\u00e1ctica historiagr\u00e1fica<\/p><\/p>\n<\/div><\/div>\n\n\n\n<hr class=\"wp-block-separator has-alpha-channel-opacity\" \/>\n\n\n\n<div class=\"wp-block-media-text alignwide is-stacked-on-mobile\" style=\"grid-template-columns:15% auto\"><figure class=\"wp-block-media-text__media\"><img loading=\"lazy\" decoding=\"async\" width=\"150\" height=\"206\" src=\"https:\/\/webs.uab.cat\/cedid\/wp-content\/uploads\/sites\/151\/2022\/12\/int_journal.png\" alt=\"\" class=\"wp-image-5897 size-full\" \/><\/figure><div class=\"wp-block-media-text__content\">\n<p class=\"has-small-font-size\">\u201cOn victims and heroes: Spatial referents and social models in self-representation of the anti-Franco workers movement\u201d (International Journal of Iberian Studies, vol. 23, n. 2-2010, pp.123-133), articulo de Javier T\u00e9bar Hurtado, sugiere que el mismo car\u00e1cter selectivo de la memoria propicia errores en la memoria colectiva que tambi\u00e9n necesitan ser analizados y interpretados en orden a como las comunidades representan su pasado. Se ilustra este argumento presentando acontecimientos autobiogr\u00e1ficos y la representaci\u00f3n que se les da en los relatos de diferentes militantes del movimiento obrero anti-franquista de los a\u00f1os sesenta y setenta. Esto tiene como finalidad situar algunos de los problemas de un uso no problem\u00e1tico de esta auto-representaci\u00f3n construida por los protagonistas del propio movimiento obrero. En primer lugar, focalizando como la memoria de la oposici\u00f3n obrera es construida y reconstruida en toda su complejidad. En segundo lugar, como los significados de estos relatos sobre el pasado est\u00e1n determinados por referentes espaciales y modelos sociales, en funci\u00f3n de los cuales se selecciona aquello que es materia de recuerdo y aquello otro que no lo es, de la misma manera que se hacen definiciones sobre las figuras tanto de los \u00abh\u00e9roes\u00bb como de las \u00abv\u00edctimas\u00bb de este pasado de lucha contra la dictadura. Por \u00faltimo, tambi\u00e9n es posible detectar como se ha producido una notable influencia entre el relato autobiogr\u00e1fico y el propio relato historiogr\u00e1fico, aunque frecuentemente y paradojicamente uno y otro no se reconocen mutuamente cuando se encuentran en medio de la \u00abconmemoraci\u00f3n\u00bb.<\/p>\n<\/div><\/div>\n\n\n\n<hr class=\"wp-block-separator has-alpha-channel-opacity\" \/>\n\n\n\n<div class=\"wp-block-media-text alignwide is-stacked-on-mobile\" style=\"grid-template-columns:15% auto\"><figure class=\"wp-block-media-text__media\"><img loading=\"lazy\" decoding=\"async\" width=\"200\" height=\"312\" src=\"https:\/\/webs.uab.cat\/cedid\/wp-content\/uploads\/sites\/151\/2022\/12\/ayer_79.png\" alt=\"\" class=\"wp-image-5899 size-full\" srcset=\"https:\/\/webs.uab.cat\/cedid\/wp-content\/uploads\/sites\/151\/2022\/12\/ayer_79.png 200w, https:\/\/webs.uab.cat\/cedid\/wp-content\/uploads\/sites\/151\/2022\/12\/ayer_79-192x300.png 192w\" sizes=\"auto, (max-width: 200px) 100vw, 200px\" \/><\/figure><div class=\"wp-block-media-text__content\">\n<p class=\"has-small-font-size\">El n\u00famero 79 (2010) de la revista <strong><em>Ayer<\/em><\/strong>, dedicado a los procesos de construcci\u00f3n de la democracia en Espa\u00f1a y Chile, cuenta con un estudio de Pere Ys\u00e0s sobre el proceso de cambio pol\u00edtico en Espa\u00f1a (\u00abLa Transici\u00f3n espa\u00f1ola. Luces y sombras\u00bb) y con un ensayo bibliogr\u00e1fico del tambi\u00e9n miembro del CEFID Xavier Dom\u00e8nech sobre los nuevos debates y enfoques historiogr\u00e1ficos en torno a la formaci\u00f3n y evoluci\u00f3n de la clase obrera bajo el franquismo.<\/p>\n<\/div><\/div>\n\n\n\n<hr class=\"wp-block-separator has-alpha-channel-opacity\" \/>\n\n\n\n<div class=\"wp-block-media-text alignwide is-stacked-on-mobile\" style=\"grid-template-columns:15% auto\"><figure class=\"wp-block-media-text__media\"><img loading=\"lazy\" decoding=\"async\" width=\"131\" height=\"199\" src=\"https:\/\/webs.uab.cat\/cedid\/wp-content\/uploads\/sites\/151\/2022\/12\/estreno_0.png\" alt=\"\" class=\"wp-image-5902 size-full\" \/><\/figure><div class=\"wp-block-media-text__content\">\n<p class=\"has-small-font-size\"><p class=\"rtejustify\">El n\u00famero 36.1 (2010) de la La revista <strong>Estreno <\/strong>est\u00e1 dedicado al teatro republicano en el exilio. Este volumen ha sido coordiando por Manuel Aznar Soler e incluye un art\u00edculo de su autor\u00eda titulado: \u00abEl estreno de la fuente del arc\u00e1ngel, de Pedro Salinas, en Nueva York\u00bb. Las tem\u00e1ticas que aborda este n\u00famero de <strong>Estreno <\/strong>se relacionan con la misi\u00f3n y el futuro de teatro (Juan Aguilera Sartre); el teatro de Mar\u00eda Lluisa Algarra (Ricardo Dom\u00e9nech) y los expedientes de censura de Manuel Mart\u00ednez Aza\u00f1a y Jos\u00e9 Mart\u00edn Elizondo durante su exilio en Francia (Berta Mu\u00f1oz C\u00e1liz), entre otros. La revista contiene adem\u00e1s una rese\u00f1as de 5 libros sobre el teatro espa\u00f1ol y una bibliograf\u00eda selecta del a\u00f1o 2007 sobre el drama espa\u00f1ol de los siglos XX y XXI.<\/p><\/p>\n<\/div><\/div>\n\n\n\n<hr class=\"wp-block-separator has-alpha-channel-opacity\" \/>\n\n\n\n<div class=\"wp-block-media-text alignwide is-stacked-on-mobile\" style=\"grid-template-columns:15% auto\"><figure class=\"wp-block-media-text__media\"><img loading=\"lazy\" decoding=\"async\" width=\"200\" height=\"278\" src=\"https:\/\/webs.uab.cat\/cedid\/wp-content\/uploads\/sites\/151\/2022\/12\/acot25.png\" alt=\"\" class=\"wp-image-5906 size-full\" \/><\/figure><div class=\"wp-block-media-text__content\">\n<p class=\"has-small-font-size\">El n\u00famero 25, de 2010, de la revista <strong>Acotaciones <\/strong>destaca por la publicaci\u00f3n de la primera parte de los materiales de las Jornadas sobre el Exilio Teatral Republicano, organizadas conjuntamente por el GEXEL de la UAB y el RESAD el 28 y 29 de octubre pasados. En estas jornadas intervinieron, entre otros, diversos investigadores del GEXEL como Manuel Aznar Soler, Mireia Bosch, Natalia Kharinotova, Rosa Peralta y Teresa Santa Maria. Por razones de extensi\u00f3n los materiales de estas Jornadas se publicar\u00e1n en dos n\u00fameros sucesivos. El 24 (enero-junio de 2010) y el 25 (julio-diciembre de 2010). El presente n\u00famero est\u00e1 centrado en el exilio teatral republicano de 1939 en el continente americano, destacando el articulo que analiza dos compan\u00edas teatrales republicanas en M\u00e9xico durante la Guerra Civil Espa\u00f1ola.<\/p>\n<\/div><\/div>\n\n\n\n<hr class=\"wp-block-separator has-alpha-channel-opacity\" \/>\n\n\n\n<div class=\"wp-block-media-text alignwide is-stacked-on-mobile\" style=\"grid-template-columns:15% auto\"><figure class=\"wp-block-media-text__media\"><img loading=\"lazy\" decoding=\"async\" width=\"200\" height=\"282\" src=\"https:\/\/webs.uab.cat\/cedid\/wp-content\/uploads\/sites\/151\/2022\/12\/acot24.png\" alt=\"\" class=\"wp-image-5909 size-full\" \/><\/figure><div class=\"wp-block-media-text__content\">\n<p class=\"has-small-font-size\">El n\u00famero 24 (2010) de la revista <strong>Acotaciones <\/strong>destaca por la publicaci\u00f3n de una parte de los materiales de las Jornadas sobre el Exilio Teatral Republicano, organizadas conjuntamente por el GEXEL de la UAB y el RESAD el 28 y 29 de octubre pasados. En estas jornadas intervinieron, entre otros, diversos investigadores del GEXEL como Manuel Aznar Soler, Mireia Bosch, Natalia Kharinotova, Rosa Peralta y Teresa Santa Maria. Por razones de extensi\u00f3n los materiales de estas Jornadas se publicaran en dos n\u00fameros sucesivos. El 24 (enero-junio de 2010) y el 25 (julio-diciembre de 2010). El presente n\u00famero trata sobre el exilio teatral en el continente europeo, destacando los art\u00edculos que tratan del exilio republicano espa\u00f1ol de 1939 en la antigua URSS y el que analiza la cr\u00edtica pol\u00edtica y social y el humor de la obra: \u00abEl Pasaporte de Juan Mateu\u00bb.<\/p>\n<\/div><\/div>\n\n\n\n<hr class=\"wp-block-separator has-alpha-channel-opacity\" \/>\n\n\n\n<div class=\"wp-block-media-text alignwide is-stacked-on-mobile\" style=\"grid-template-columns:15% auto\"><figure class=\"wp-block-media-text__media\"><img loading=\"lazy\" decoding=\"async\" width=\"200\" height=\"289\" src=\"https:\/\/webs.uab.cat\/cedid\/wp-content\/uploads\/sites\/151\/2022\/12\/HTS_1.png\" alt=\"\" class=\"wp-image-5912 size-full\" \/><\/figure><div class=\"wp-block-media-text__content\">\n<p class=\"has-small-font-size\">La nueva revista <strong>Historia, trabajo y sociedad<\/strong>, publicada por la Fundaci\u00f3n Primero de Mayo, presenta su n\u00famero 1 (2010), formado por cuatro secciones: Estudios, Documentos, Notas y Lecturas (rese\u00f1as y bibliografia). La primera de dichas secciones incluye los trabajos de dos miembros del CEFID. El de Jos\u00e9 Fernando Mota, \u00abLa huelga de los 21 d\u00edas de 1977: conflictividad en la construcci\u00f3n de Barcelona durante la transici\u00f3n\u00bb, presenta dicha movilizaci\u00f3n -y su fracaso- como el punto de inflexi\u00f3n que dio paso, en el sector de la construcci\u00f3n, a un nuevo modelo de protesta y sindical, dejando atr\u00e1s las CCOO como movimiento sociopol\u00edtico. El de Rodrigo Araya, \u00abDesenredar lo bien atado. Propuestas sindicales ante la crisis econ\u00f3mica del postfranquismo\u00bb, analiza dichas propuestas con el objetivo de comprender las relaciones entre partidos pol\u00edticos y organizaciones sindicales, en el complejo marco del proceso de transici\u00f3n a la democracia.<\/p>\n<\/div><\/div>\n\n\n\n<hr class=\"wp-block-separator has-alpha-channel-opacity\" \/>\n\n\n\n<div class=\"wp-block-media-text alignwide is-stacked-on-mobile\" style=\"grid-template-columns:15% auto\"><figure class=\"wp-block-media-text__media\"><img loading=\"lazy\" decoding=\"async\" width=\"200\" height=\"248\" src=\"https:\/\/webs.uab.cat\/cedid\/wp-content\/uploads\/sites\/151\/2022\/12\/hist_pre_15.png\" alt=\"\" class=\"wp-image-5914 size-full\" \/><\/figure><div class=\"wp-block-media-text__content\">\n<p class=\"has-small-font-size\">La revista Historia del Presente, su n\u00famero 15 (2010), presenta un dossier bajo el t\u00edtulo \u00abEl principio del Movimiento\u00bb, en el se incluye el art\u00edcullo de Javier T\u00e9bar \u00abCon la espada y el arado. La pol\u00edtica de Correa Veglison en Barcelona (1940-1945)\u201d. Se trata de una aproximaci\u00f3n a la pol\u00edtica del gobernador y jefe de Falange en Barcelona entre 1940 y 1945, Antonio Correa Veglison, que analiza e interpreta las consecuencias de su proyecto de unificaci\u00f3n real \u2013y no solamente formal- de falangistas, tradicionalistas y grupos derechistas de la provincia, tratando de cohesionar y disciplinar un partido nacional que sirviera para consolidar la dictadura y facilitara, al mismo tiempo, una pol\u00edtica muy influenciada por el ideario fascista, si bien no exenta de contradicciones por su voluntad de conferirle tintes acentuadamente tradicionalistas. Una opci\u00f3n ideol\u00f3gica inclusiva, en un per\u00edodo como aqu\u00e9l, le condujo al fracaso pol\u00edtico.<\/p>\n<\/div><\/div>\n\n\n\n<hr class=\"wp-block-separator has-alpha-channel-opacity\" \/>\n\n\n\n<div class=\"wp-block-media-text alignwide is-stacked-on-mobile\" style=\"grid-template-columns:15% auto\"><figure class=\"wp-block-media-text__media\"><img loading=\"lazy\" decoding=\"async\" width=\"200\" height=\"309\" src=\"https:\/\/webs.uab.cat\/cedid\/wp-content\/uploads\/sites\/151\/2022\/12\/Ayer-77_0.png\" alt=\"\" class=\"wp-image-5917 size-full\" srcset=\"https:\/\/webs.uab.cat\/cedid\/wp-content\/uploads\/sites\/151\/2022\/12\/Ayer-77_0.png 200w, https:\/\/webs.uab.cat\/cedid\/wp-content\/uploads\/sites\/151\/2022\/12\/Ayer-77_0-194x300.png 194w\" sizes=\"auto, (max-width: 200px) 100vw, 200px\" \/><\/figure><div class=\"wp-block-media-text__content\">\n<p class=\"has-small-font-size\">El n\u00famero 77, de 2010, de la revista<strong> Ayer <\/strong>contiene el art\u00edculo de Francesc Vilanova, \u201cRecordar y no olvidar. La construcci\u00f3n de una memoria antirrepublicana en el franquismo catal\u00e1n\u201d, indaga las coordenadas y actores de la construcci\u00f3n de una memoria franquista catalana, entre 1939 y el post-conflicto mundial.<br>En Catalu\u00f1a el discurso de legitimaci\u00f3n del r\u00e9gimen, m\u00e1s all\u00e1 de \u201cexplicar lo nuevo\u201d, necesitaba articular una memoria \u201clocal\u201d del pasado republicano. As\u00ed, trav\u00e9s de medios de comunicaci\u00f3n como \u201cLa Vanguardia Espa\u00f1ola\u201d y \u201cDestino\u201d se elaborar\u00eda una memoria antirrepublicana y, por consiguiente, fuertemente anticatalanista. Esta, fundada en un \u201crecuerdo de la guerra\u201d continuamente alimentado, servir\u00eda para culpar al catalanismo y sus \u201caliados revolucionarios\u201d, tanto del conflicto como de sus consecuencias.<\/p>\n<\/div><\/div>\n\n\n\n<hr class=\"wp-block-separator has-alpha-channel-opacity\" \/>\n\n\n\n<div class=\"wp-block-media-text alignwide is-stacked-on-mobile\" style=\"grid-template-columns:15% auto\"><figure class=\"wp-block-media-text__media\"><img loading=\"lazy\" decoding=\"async\" width=\"200\" height=\"283\" src=\"https:\/\/webs.uab.cat\/cedid\/wp-content\/uploads\/sites\/151\/2022\/12\/Journal_SCS.png\" alt=\"\" class=\"wp-image-5920 size-full\" \/><\/figure><div class=\"wp-block-media-text__content\">\n<p class=\"has-small-font-size\">El \u00faltimo n\u00famero de la Journal of Spanish Cultural Studies (n\u00fam. 11, 2010) incluye un art\u00edculo de la doctora Carme Molinero titulado \u00abLa transici\u00f3n y la &#8216;renuncia&#8217; a la recuperaci\u00f3n de la &#8216;memoria democr\u00e1tica'\u00bb. El texto reflexiona sobre las consecuencias que en el debate p\u00fablico han tenido las reivindicaciones del llamado movimiento de recuperaci\u00f3n de la memoria hist\u00f3rica y que tienen que ver con una reinterpretaci\u00f3n de la transici\u00f3n a la democracia desde la \u00f3ptica del olvido de los vencidos en la guerra y los represaliados de la dictadura. Seg\u00fan la autora, \u00aben primer lugar se explica que la expresi\u00f3n transici\u00f3n pactada no responde a la evidencia hist\u00f3rica, pues m\u00e1s all\u00e1 de las condiciones para la celebraci\u00f3n de las elecciones de junio de 1977, el \u00fanico gran pacto pol\u00edtico fue la Constituci\u00f3n de 1978, una vez los resultados electorales hab\u00edan dejado claro que los sectores procedentes del franquismo no ten\u00edan la mayor\u00eda social necesaria para imponer una democracia \u00abrecortada\u00bb. En segundo lugar se intenta explicar por qu\u00e9, en el contexto de los a\u00f1os setenta, la \u00abmemoria de los vencidos\u00bb no fue una prioridad en el proceso de instauraci\u00f3n de la democracia. Finalmente, se hace una breve consideraci\u00f3n respecto a la necesidad de llenar de contenido \u00e9tico la democracia en Espa\u00f1a pues la experiencia del \u00faltimo cuarto de siglo ha vuelto a demostrar que es imprescindible hacer visible el pasado, pues \u00e9ste forma parte del presente, adem\u00e1s de actuar como mecanismo de justicia hist\u00f3rica y pedagog\u00eda democr\u00e1tica\u00bb.<\/p>\n<\/div><\/div>\n\n\n\n<hr class=\"wp-block-separator has-alpha-channel-opacity\" \/>\n\n\n\n<div class=\"wp-block-media-text alignwide is-stacked-on-mobile\" style=\"grid-template-columns:15% auto\"><figure class=\"wp-block-media-text__media\"><img loading=\"lazy\" decoding=\"async\" width=\"200\" height=\"276\" src=\"https:\/\/webs.uab.cat\/cedid\/wp-content\/uploads\/sites\/151\/2022\/12\/Andalucia_hist_mirg.png\" alt=\"\" class=\"wp-image-5922 size-full\" \/><\/figure><div class=\"wp-block-media-text__content\">\n<p class=\"has-small-font-size\">El \u00faltimo n\u00famero de la revista <strong>Andaluc\u00eda en la historia<\/strong> (n\u00fam. 28, 2010) incluye el dossier \u00abLa novena provincia. La emigraci\u00f3n de andaluces a Catalu\u00f1a\u00bb sobre la inmigraci\u00f3n andaluza hacia Catalunya durante la dictadura franquista. Formado por siete art\u00edculos, destacan las aportaciones de los investigadores integrantes del CEFID Mart\u00ed Mar\u00edn -que tambi\u00e9n es el coordinador-, Anna S\u00e1nchez Sorribes y Vicente Moreno. El art\u00edculo de Mar\u00edn reflexiona sobre el hecho migratorio y, particularmente, sobre el andaluz, mientras que S\u00e1nchez Sorribes nos muestra una de les situaciones m\u00e1s dram\u00e1ticas del barraquismo de larga duraci\u00f3n de la ciudad de Barcelona, en la monta\u00f1a de Montju\u00efc. Per su parte, el texto de Moreno nos acerca al asociacionismo regional de los andaluces. Por \u00faltimo se incluyen textos del periodista Jaume V. Aroca sobre la represi\u00f3n de la inmigraci\u00f3n, de Manuel Pe\u00f1a sobre la realidad local de la Llagosta y de Imma Boj, directora del Museu de la Immigraci\u00f3 a Catalunya, sobre el viaje en \u00abel Sevillano\u00bb.<\/p>\n<\/div><\/div>\n\n\n\n<hr class=\"wp-block-separator has-alpha-channel-opacity\" \/>\n\n\n\n<div class=\"wp-block-media-text alignwide is-stacked-on-mobile\" style=\"grid-template-columns:15% auto\"><figure class=\"wp-block-media-text__media\"><img loading=\"lazy\" decoding=\"async\" width=\"149\" height=\"200\" src=\"https:\/\/webs.uab.cat\/cedid\/wp-content\/uploads\/sites\/151\/2022\/12\/argo-small200.png\" alt=\"\" class=\"wp-image-5924 size-full\" \/><\/figure><div class=\"wp-block-media-text__content\">\n<p class=\"has-small-font-size\">El s\u00e9ptimo n\u00famero, de 2010, de la revista digital <strong>El Argonauta Espa\u00f1ol <\/strong>incluye un art\u00edculo de Antonio Moreno Cantano,\u00a0<a rel=\"noreferrer noopener\" href=\"http:\/\/argonauta.revues.org\/328\" target=\"_blank\">\u00abLa lucha por el control de la pol\u00edtica informativa de la Espa\u00f1a franquista durante la Guerra Civil. El caso de las Oficinas Cat\u00f3licas de Informaci\u00f3n Internacional\u00bb<\/a>, donde se analizan las disputas que se produjeron entre los hombres de Acci\u00f3n Cat\u00f3lica, Renovaci\u00f3n Espa\u00f1ola y Falange a ra\u00edz de la constituci\u00f3n y puesta en marcha de las Oficinas Cat\u00f3licas de Informaci\u00f3n Internacional. El cardenal Gom\u00e1, y en especial la persona designada para dirigir estas centrales propagand\u00edsticas, Francisco de Luis, el antiguo miembro del diario El Debate , tuvieron que superar las trabas que importantes autoridades rebeldes como el mon\u00e1rquico alfonsino Sainz Rodr\u00edguez o el responsable del Gabinete Diplom\u00e1tico del Cuartel General del General\u00edsimo, Sangr\u00f3niz, pusieron a su proyecto. Se analiza tambi\u00e9n la imagen que la Iglesia cat\u00f3lica quer\u00eda proyectar de la Guerra Civil en el exterior a trav\u00e9s del diario De Rebus Hispaniae , \u00f3rgano de propaganda de dichas oficinas cat\u00f3licas.<\/p>\n<\/div><\/div>\n\n\n\n<hr class=\"wp-block-separator has-alpha-channel-opacity\" \/>\n\n\n\n<div class=\"wp-block-media-text alignwide is-stacked-on-mobile\" style=\"grid-template-columns:15% auto\"><figure class=\"wp-block-media-text__media\"><img loading=\"lazy\" decoding=\"async\" width=\"200\" height=\"284\" src=\"https:\/\/webs.uab.cat\/cedid\/wp-content\/uploads\/sites\/151\/2022\/12\/PrimerActo329.png\" alt=\"\" class=\"wp-image-5926 size-full\" \/><\/figure><div class=\"wp-block-media-text__content\">\n<p class=\"has-small-font-size\">El n\u00famero 329, de 2009, de la revista <strong><em>Primer Acto<\/em><\/strong> est\u00e1 dedicado al exilio teatral republicano y cuenta con la colaboraci\u00f3n del miembro del CEFID Manuel Aznar Soler que firma tres art\u00edculos: \u00abEl Exilio Republicano Espa\u00f1ol de 1939. Un mapa teatral\u00bb, \u00abUn republicano exiliado en Francia. Las maletas perdidas de \u00c1lvaro de Orriols\u00bb i, per \u00faltim, \u00abJos\u00e9 Mart\u00edn Elizondo en Toulouse. La creaci\u00f3n del grupo &#8216;Amigos del Teatro Espa\u00f1ol'\u00bb.<\/p>\n<\/div><\/div>\n\n\n\n<hr class=\"wp-block-separator has-alpha-channel-opacity\" \/>\n\n\n\n<div class=\"wp-block-media-text alignwide is-stacked-on-mobile\" style=\"grid-template-columns:15% auto\"><figure class=\"wp-block-media-text__media\"><img loading=\"lazy\" decoding=\"async\" width=\"200\" height=\"311\" src=\"https:\/\/webs.uab.cat\/cedid\/wp-content\/uploads\/sites\/151\/2022\/12\/Ayer-76_0.png\" alt=\"\" class=\"wp-image-5930 size-full\" srcset=\"https:\/\/webs.uab.cat\/cedid\/wp-content\/uploads\/sites\/151\/2022\/12\/Ayer-76_0.png 200w, https:\/\/webs.uab.cat\/cedid\/wp-content\/uploads\/sites\/151\/2022\/12\/Ayer-76_0-193x300.png 193w\" sizes=\"auto, (max-width: 200px) 100vw, 200px\" \/><\/figure><div class=\"wp-block-media-text__content\">\n<p class=\"has-small-font-size\">El n\u00famero 76 (2009) de la revista <strong>Ayer<\/strong> incluye la contribuci\u00f3n del miembro del CEFID \u00c0lex Amaya Quer \u00abEl aceler\u00f3n sindicalista y sus contradicciones internas: imagen y realidad en la propaganda de la OSE, 1957-1969\u00bb. Este art\u00edculo se sit\u00faa en la realidad interna del aparato de propaganda de la OSE durante los a\u00f1os sesenta. En esta \u00e9poca, la OSE se hallaba inmersa en un proceso de impulso y adaptaci\u00f3n a la cambiante realidad socioecon\u00f3mica espa\u00f1ola. Utiliz\u00f3 con insistencia sus medios de propaganda para ampliar la base social y conseguir as\u00ed sus objetivos pol\u00edticos. El diario <em>Pueblo<\/em> fue la punta de lanza de esta ofensiva propagand\u00edstica gracias a su notable \u00e9xito comercial impulsado por la fuerte voluntad pol\u00edtica emanada de Jos\u00e9 Sol\u00eds Ruiz y Emilio Romero. No obstante, un conjunto de problemas internos que afectaron a la gesti\u00f3n del diario amenazaron y condicionaron gravemente las metas pol\u00edticas que \u00e9ste deb\u00eda cumplir.<\/p>\n<\/div><\/div>\n\n\n\n<hr class=\"wp-block-separator has-alpha-channel-opacity\" \/>\n\n\n\n<div class=\"wp-block-media-text alignwide is-stacked-on-mobile\" style=\"grid-template-columns:15% auto\"><figure class=\"wp-block-media-text__media\"><img loading=\"lazy\" decoding=\"async\" width=\"95\" height=\"143\" src=\"https:\/\/webs.uab.cat\/cedid\/wp-content\/uploads\/sites\/151\/2022\/12\/haol_0.jpg\" alt=\"\" class=\"wp-image-5934 size-full\" \/><\/figure><div class=\"wp-block-media-text__content\">\n<p class=\"has-small-font-size\">La revista digital <strong>Historia Actual Online<\/strong> dedica su n\u00famero 20 (oto\u00f1o del 2009) a \u00abDiscursos ideol\u00f3gicos i propaganda pol\u00edtica\u00bb. Dentro del dosier tem\u00e1tico de este n\u00famero, se encuentra el art\u00edculo de Antonio Moreno Cantano\u00a0<a rel=\"noreferrer noopener\" href=\"http:\/\/www.historia-actual.org\/Publicaciones\/index.php\/haol\/article\/view\/321\/325\" target=\"_blank\">\u00abGuerra de propagandas en Ruman\u00eda durante la contienda b\u00e9lica espa\u00f1ola (1936-1939)\u00bb<\/a>, que aborda el debate que hubo en Ruman\u00eda durante la Guerra Civil espa\u00f1ola entre el representante del Gobierno de la Rep\u00fablica, Manuel L\u00f3pez Rey, y el enviado de la coalici\u00f3n golpista, Pedro Prat y Soutzo. El trabajo estudia los instrumentos de los que se valieron cada uno de estos personajes para captar apoyos en el Este europeo, mostrando cu\u00e1les fueron las publicaciones y peri\u00f3dicos que utilizaron en esta particular misi\u00f3n propagand\u00edstica y diplom\u00e1tica.<\/p>\n<\/div><\/div>\n\n\n\n<hr class=\"wp-block-separator has-alpha-channel-opacity\" \/>\n\n\n\n<div class=\"wp-block-media-text alignwide is-stacked-on-mobile\" style=\"grid-template-columns:15% auto\"><figure class=\"wp-block-media-text__media\"><img loading=\"lazy\" decoding=\"async\" width=\"200\" height=\"293\" src=\"https:\/\/webs.uab.cat\/cedid\/wp-content\/uploads\/sites\/151\/2022\/12\/Memoria_Ricerca.png\" alt=\"\" class=\"wp-image-5936 size-full\" \/><\/figure><div class=\"wp-block-media-text__content\">\n<p class=\"has-small-font-size\">La revista italiana <strong>Memoria e Ricerca<\/strong>, en su n\u00famero 31 (2009), dedicado a la emigraci\u00f3n de los intelectuales en las Am\u00e9ricas en el per\u00edodo de entreguerras, presenta tambi\u00e9n el art\u00edculo de Steven Forti, \u00abPartito, rivoluzione e guerra. Il linguaggio politico di un transfuga: Nicola Bombacci (1879-1945)\u00bb. El art\u00edculo quiere profundizar la cuesti\u00f3n del tr\u00e1nsito de cuadros pol\u00edticos de izquierdas a organizaciones fascistas en la Italia de entreguerras, centr\u00e1ndose en la trayectoria de N. Bombacci en su paso del comunismo al fascismo mussoliniano. El autor se ci\u00f1e sobre todo en el an\u00e1lisis del lenguaje pol\u00edtico de Bombacci, individuando tres palabras clave (Partido, Revoluci\u00f3n, Guerra) y proponiendo una hip\u00f3tesis de interpretaci\u00f3n: la pasi\u00f3n pol\u00edtica.<\/p>\n<\/div><\/div>\n\n\n\n<hr class=\"wp-block-separator has-alpha-channel-opacity\" \/>\n\n\n\n<div class=\"wp-block-media-text alignwide is-stacked-on-mobile\" style=\"grid-template-columns:15% auto\"><figure class=\"wp-block-media-text__media\"><img loading=\"lazy\" decoding=\"async\" width=\"200\" height=\"251\" src=\"https:\/\/webs.uab.cat\/cedid\/wp-content\/uploads\/sites\/151\/2022\/12\/hist_pres_14.png\" alt=\"\" class=\"wp-image-5939 size-full\" \/><\/figure><div class=\"wp-block-media-text__content\">\n<p class=\"has-small-font-size\">La revista <strong>Historia del Presente<\/strong> (n\u00fam. 14, 2009) dedica un dosier a la tem\u00e1tica del terrorismo en la Espa\u00f1a democr\u00e1tica. Por otro lado, en la secci\u00f3n de miscel\u00e1nea se encuentra el art\u00edculo de Rodrigo Araya G\u00f3mez \u00abAsegurar el pan y la libertad. La postura de Comisiones Obreras ante el Pacto de la Moncloa\u00bb, que analiza la postura de las Comisiones Obreras ante la firma de los Pactos de la Moncloa a trav\u00e9s de la prensa, con el fin de comprender las razones de su apoyo, influenciadas por la complejidad del proceso de transici\u00f3n a la democracia y la grave crisis econ\u00f3mica existente en aquel momento. El art\u00edculo analiza tambi\u00e9n las relaciones entre Comisiones Obreras y el Partido Comunista, con el objetivo de establecer el grado de influencia del partido en el sindicato, aspecto de notable importancia en el contexto de la firma de los Pactos de la Moncloa, dada la coincidencia de apoyos de ambas organizaciones ante los acuerdos.<\/p>\n<\/div><\/div>\n\n\n\n<hr class=\"wp-block-separator has-alpha-channel-opacity\" \/>\n\n\n\n<div class=\"wp-block-media-text alignwide is-stacked-on-mobile\" style=\"grid-template-columns:15% auto\"><figure class=\"wp-block-media-text__media\"><img loading=\"lazy\" decoding=\"async\" width=\"200\" height=\"286\" src=\"https:\/\/webs.uab.cat\/cedid\/wp-content\/uploads\/sites\/151\/2022\/12\/hisp_nova.png\" alt=\"\" class=\"wp-image-5943 size-full\" \/><\/figure><div class=\"wp-block-media-text__content\">\n<p class=\"has-small-font-size\"><p class=\"rtejustify\">EE.UU. se convirti\u00f3 en un campo de acci\u00f3n preferente para la propaganda del nuevo Estado franquista durante la Guerra Civil y la Segunda Guerra Mundial. En el presente art\u00edculo de la revista <strong>Hispania Nova<\/strong> (n\u00fam. 9, 2009), el miembro del CEFID Antonio C\u00e9sar Moreno Cantano analiza estas dos etapas, mostrando qu\u00e9 grupos prestaron apoyo y defensa a las tesis franquistas, y cu\u00e1les fueron los principales responsables de hacer frente a la propaganda republicana y a los que entend\u00edan que el franquismo era sin\u00f3nimo de Nazismo y Fascismo. Se ofrece asimismo un peque\u00f1o retrato de Daniel Iturralde y Ortegoso, principal art\u00edfice de la propaganda franquista en Canad\u00e1 durante el periodo estudiado.<\/p><\/p>\n<\/div><\/div>\n\n\n\n<hr class=\"wp-block-separator has-alpha-channel-opacity\" \/>\n\n\n\n<div class=\"wp-block-media-text alignwide is-stacked-on-mobile\" style=\"grid-template-columns:15% auto\"><figure class=\"wp-block-media-text__media\"><img loading=\"lazy\" decoding=\"async\" width=\"200\" height=\"277\" src=\"https:\/\/webs.uab.cat\/cedid\/wp-content\/uploads\/sites\/151\/2022\/12\/Andalucia_hist.png\" alt=\"\" class=\"wp-image-5945 size-full\" \/><\/figure><div class=\"wp-block-media-text__content\">\n<p class=\"has-small-font-size\"><p class=\"rtejustify\">La revista <strong>Andaluc\u00eda en la Historia <\/strong>en el n\u00famero 25 (julio-septiembre de 2009) presenta un dossier dedicado a \u201cMujeres entre la represi\u00f3n y la resistencia (1936-1950). Hero\u00ednas invisibles\u201d coordinado por Pura S\u00e1nchez S\u00e1nchez, en el cual se encuentra el art\u00edculo de Carme Molinero, \u201cEntre el silencio y la invisibilidad. La mujer en los estados totalitarios\u201d. En esta aportaci\u00f3n, Molinero trata de las pol\u00edticas que los reg\u00edmenes fascistas de entreguerras impulsaron hacia la mujer, poniendo de relieve las similitudes en los discursos y en las pr\u00e1cticas entre el r\u00e9gimen fascista italiano, el nazi, el de Vichy y la dictadura de Franco. Seg\u00fan Molinero, \u201cpara los fascismos combatir la emancipaci\u00f3n de las mujeres era una de las formas de combatir la libertad. El antifeminismo era parte esencial de sus creencias, igual que lo era el antiliberalismo y el antisocialismo\u201d.<\/p><\/p>\n<\/div><\/div>\n\n\n\n<hr class=\"wp-block-separator has-alpha-channel-opacity\" \/>\n\n\n\n<div class=\"wp-block-media-text alignwide is-stacked-on-mobile\" style=\"grid-template-columns:15% auto\"><figure class=\"wp-block-media-text__media\"><img loading=\"lazy\" decoding=\"async\" width=\"200\" height=\"294\" src=\"https:\/\/webs.uab.cat\/cedid\/wp-content\/uploads\/sites\/151\/2022\/12\/mondo.png\" alt=\"\" class=\"wp-image-5947 size-full\" \/><\/figure><div class=\"wp-block-media-text__content\">\n<p class=\"has-small-font-size\"><p class=\"rtejustify\">El n\u00famero 1-2009 de la revista italiana de historia <strong>Mondo Contemporaneo<\/strong>, en su apartado de \u00abRassegne\u00bb, incluye el art\u00edculo de Carme Molinero \u00abLa represi\u00f3n franquista. La historiograf\u00eda y el debate en torno a la memoria\u00bb. El art\u00edculo reflexiona sobre el surgimiento, a mediados de los a\u00f1os noventa, de la memoria como preocupaci\u00f3n central de la cultura y la pol\u00edtica de las sociedades occidentales, y presta especial atenci\u00f3n a los usos pol\u00edticos de la memoria en el caso espa\u00f1ol desde la consecuci\u00f3n de la democracia parlamentaria, en 1977. Despu\u00e9s de repasar el papel de la brutal represi\u00f3n franquista durante la Guerra Civil y la posguerra, poniendo de relieve su funci\u00f3n social en el marco de la voluntad de los franquistas de poner en pie un \u00abnuevo orden\u00bb social, la autora concluye que el trabajo del historiador tiene sentido si los conocimientos que acumula sirven a la sociedad en que vive, de manera que uno de los desaf\u00edos a los que tienen que atender los historiadores es la transformaci\u00f3n en historia de la demanda de memoria de sus contempor\u00e1neos.<\/p><\/p>\n<\/div><\/div>\n","protected":false},"excerpt":{"rendered":"<p>En el n\u00famero 8 (2010) de la Revista de Historia Actual aparece el art\u00edculo del investigador del CEFID Antonio C\u00e9sar Moreno Cantano \u00abEl protagonismo propagand\u00edstico de Falange Exterior en Europa durante la Guerra Civil: el caso de Gran Breta\u00f1a, Francia y Alemania\u00bb (pp. 59-71). En este analiza el papel de la organizaci\u00f3n falangista fuera del [&hellip;]<\/p>\n","protected":false},"author":20,"featured_media":0,"parent":0,"menu_order":0,"comment_status":"closed","ping_status":"closed","template":"","meta":{"footnotes":""},"class_list":["post-1829","page","type-page","status-publish","hentry"],"_links":{"self":[{"href":"https:\/\/webs.uab.cat\/cedid\/es\/wp-json\/wp\/v2\/pages\/1829","targetHints":{"allow":["GET"]}}],"collection":[{"href":"https:\/\/webs.uab.cat\/cedid\/es\/wp-json\/wp\/v2\/pages"}],"about":[{"href":"https:\/\/webs.uab.cat\/cedid\/es\/wp-json\/wp\/v2\/types\/page"}],"author":[{"embeddable":true,"href":"https:\/\/webs.uab.cat\/cedid\/es\/wp-json\/wp\/v2\/users\/20"}],"replies":[{"embeddable":true,"href":"https:\/\/webs.uab.cat\/cedid\/es\/wp-json\/wp\/v2\/comments?post=1829"}],"version-history":[{"count":9,"href":"https:\/\/webs.uab.cat\/cedid\/es\/wp-json\/wp\/v2\/pages\/1829\/revisions"}],"predecessor-version":[{"id":5949,"href":"https:\/\/webs.uab.cat\/cedid\/es\/wp-json\/wp\/v2\/pages\/1829\/revisions\/5949"}],"wp:attachment":[{"href":"https:\/\/webs.uab.cat\/cedid\/es\/wp-json\/wp\/v2\/media?parent=1829"}],"curies":[{"name":"wp","href":"https:\/\/api.w.org\/{rel}","templated":true}]}}