{"id":1830,"date":"2012-07-02T15:01:49","date_gmt":"2012-07-02T15:01:49","guid":{"rendered":"https:\/\/webs.uab.cat\/cedid\/2011-2012-2\/"},"modified":"2022-12-10T16:25:56","modified_gmt":"2022-12-10T16:25:56","slug":"2011-2012-2","status":"publish","type":"page","link":"https:\/\/webs.uab.cat\/cedid\/es\/2011-2012-2\/","title":{"rendered":"2011-2012"},"content":{"rendered":"\n<div class=\"wp-block-media-text alignwide is-stacked-on-mobile\" style=\"grid-template-columns:15% auto\"><figure class=\"wp-block-media-text__media\"><img loading=\"lazy\" decoding=\"async\" width=\"617\" height=\"893\" src=\"https:\/\/webs.uab.cat\/cedid\/wp-content\/uploads\/sites\/151\/2022\/12\/20130702-spagna-contemporanea-42_0.png\" alt=\"\" class=\"wp-image-5952 size-full\" srcset=\"https:\/\/webs.uab.cat\/cedid\/wp-content\/uploads\/sites\/151\/2022\/12\/20130702-spagna-contemporanea-42_0.png 617w, https:\/\/webs.uab.cat\/cedid\/wp-content\/uploads\/sites\/151\/2022\/12\/20130702-spagna-contemporanea-42_0-207x300.png 207w\" sizes=\"auto, (max-width: 617px) 100vw, 617px\" \/><\/figure><div class=\"wp-block-media-text__content\">\n<p><strong>T\u00e9bar Hurtado, Javier, \u00ab\u201cUnos viejos amigos en horas dif\u00edciles\u201d. La derrota del Eje y la persecuci\u00f3n aliada de los fugitivos de guerra en la Barcelona de 1945\u00bb, en <em>Spagna Contemporanea<\/em> n\u00fam. 42 (2012), pp. 49-64.<\/strong><\/p>\n\n\n\n<p>El significado de algunos episodios que tienen lugar en la ciudad de Barcelona, especialmente por las consecuencias que se derivan, que tendr\u00edan un alcance mayor a la capital catalana, son utilizado con el objetivo de analizar e interpretar las contradicciones que las autoridades franquistas afrontaron frente a los sucesos que se produjeron al terminar la Segunda Guerra Mundial en Europa, en mayo de 1945. El objetivo del autor es examinar como a partir de entonces la presi\u00f3n aliada fue presente en distintos \u00e1mbitos de la administraci\u00f3n pol\u00edtica espa\u00f1ola, para situar los mecanismos y, en algunos casos, en qu\u00e9 consecuencias y decisiones concretas las autoridades franquistas trataron de proteger las \u201cviejas amistades\u201d cultivadas a ra\u00edz de las simpat\u00edas por los pa\u00edses del Eje.<\/p>\n<\/div><\/div>\n\n\n\n<hr class=\"wp-block-separator has-alpha-channel-opacity\" \/>\n\n\n\n<div class=\"wp-block-media-text alignwide is-stacked-on-mobile\" style=\"grid-template-columns:15% auto\"><figure class=\"wp-block-media-text__media\"><img loading=\"lazy\" decoding=\"async\" width=\"226\" height=\"131\" src=\"https:\/\/webs.uab.cat\/cedid\/wp-content\/uploads\/sites\/151\/2022\/12\/bulletin.png\" alt=\"\" class=\"wp-image-5954 size-full\" \/><\/figure><div class=\"wp-block-media-text__content\">\n<p class=\"has-small-font-size\">El Vol. 37: Iss. 1, Article 1.del <em>Bulletin for Spanish and Portuguese Historical Studies<\/em> (2012) incluye un articulo de Javier T\u00e9bar Hurtado titulado <a rel=\"noreferrer noopener\" href=\"http:\/\/digitalcommons.asphs.net\/bsphs\/vol37\/iss1\/1\/\" target=\"_blank\">\u00abBarcelona, escenario simb\u00f3lico del paso a la \u201cneutralidad\u201d franquista durante la Segunda Guerra Mundial\u00bb<\/a>. Los cambios en la pol\u00edtica exterior de la dictadura del general Franco durante la Segunda Guerra Mundial constituyen un tema de notable importancia para conocer la evoluci\u00f3n del R\u00e9gimen durante su etapa \u201cfundacional\u00bb. En este art\u00edculo, los escenarios para el an\u00e1lisis de esta cuesti\u00f3n son los canjes de prisioneros anglo-alemanes en Barcelona durante el oto\u00f1o de 1943 y la primavera de 1944. Se contextualiza la relaci\u00f3n de estos acontecimientos con los discursos del gobierno espa\u00f1ol apelando a la \u201cPaz\u201d y \u201cNeutralidad\u201d, ambas piezas b\u00e1sicas de la re-configuraci\u00f3n ideol\u00f3gica de la pol\u00edtica franquista.<\/p>\n<\/div><\/div>\n\n\n\n<hr class=\"wp-block-separator has-alpha-channel-opacity\" \/>\n\n\n\n<div class=\"wp-block-media-text alignwide is-stacked-on-mobile\" style=\"grid-template-columns:15% auto\"><figure class=\"wp-block-media-text__media\"><img loading=\"lazy\" decoding=\"async\" width=\"200\" height=\"294\" src=\"https:\/\/webs.uab.cat\/cedid\/wp-content\/uploads\/sites\/151\/2022\/12\/HP28.png\" alt=\"\" class=\"wp-image-5956 size-full\" \/><\/figure><div class=\"wp-block-media-text__content\">\n<p>El n\u00famero 28 (julio\/diciembre de 2012) de la revista <strong><em>Historia y Pol\u00edtica<\/em><\/strong> incluye un art\u00edculo de Jos\u00e9 Fernando Mota Mu\u00f1oz titulado \u201c\u2019Precursores de la unificaci\u00f3n\u2019\u201d: el Espa\u00f1a Club y el Voluntariado Espa\u00f1ol, una experiencia unitaria de la extrema derecha barcelonesa (1935-1936)\u201d (pp. 273-303) y otro de \u00c0lex Amaya Quer titulado: \u201c\u2019Unidad, totalidad y jerarqu\u00eda\u2019: continuidades y rupturas en la teor\u00eda y la praxis de la Organizaci\u00f3n Sindical Espa\u00f1ola, 1939-1969&#8243; (pp. 305-331)<\/p>\n\n\n\n<p>Jos\u00e9 Fernando Mota Mu\u00f1oz analiza c\u00f3mo el Espa\u00f1a Club, creado en Barcelona en febrero de 1935 por disidentes del Partido Nacionalista Espa\u00f1ol, polic\u00edas y militares retirados, acabar\u00eda siendo, una vez puesto bajo la tutela de la Uni\u00f3n Militar Espa\u00f1ola, la cobertura de la trama civil del golpe militar que esta organizaci\u00f3n clandestina castrense preparaba. La victoria de la izquierda en febrero de 1936 y las diferencias entre los diversos grupos acabaron por dar al traste con la experiencia, lo que provoc\u00f3 que a partir de entonces los militares golpistas prefirieran tratar directamente con cada grupo su implicaci\u00f3n en la conspiraci\u00f3n.<br>\u00c0lex Amaya Quer analiza la evoluci\u00f3n de la Organizaci\u00f3n Sindical Espa\u00f1ola (OSE) a trav\u00e9s de las respectivas ideas y pr\u00e1cticas pol\u00edticas de los tres Delegados Nacionales que la rigieron en sus primeros treinta a\u00f1os de existencia. Se muestran sint\u00e9ticamente los condicionantes de \u00edndole pol\u00edtica y social que afectaron su gesti\u00f3n, y se destacan las continuidades y las rupturas en las concepciones sindicales de Gerardo Salvador Merino, Ferm\u00edn Sanz-Orrio y Jos\u00e9 Sol\u00eds Ruiz. De esta forma se busca una m\u00e1s profunda comprensi\u00f3n del personal pol\u00edtico perteneciente al heterog\u00e9neo universo falangista, en especial analizando la diversidad y las motivaciones de su acci\u00f3n pol\u00edtica en una instituci\u00f3n tan importante como fue la OSE.<\/p>\n<\/div><\/div>\n\n\n\n<hr class=\"wp-block-separator has-alpha-channel-opacity\" \/>\n\n\n\n<div class=\"wp-block-media-text alignwide is-stacked-on-mobile\" style=\"grid-template-columns:15% auto\"><figure class=\"wp-block-media-text__media\"><img loading=\"lazy\" decoding=\"async\" width=\"308\" height=\"480\" src=\"https:\/\/webs.uab.cat\/cedid\/wp-content\/uploads\/sites\/151\/2022\/12\/Ayer85.png\" alt=\"\" class=\"wp-image-5959 size-full\" srcset=\"https:\/\/webs.uab.cat\/cedid\/wp-content\/uploads\/sites\/151\/2022\/12\/Ayer85.png 308w, https:\/\/webs.uab.cat\/cedid\/wp-content\/uploads\/sites\/151\/2022\/12\/Ayer85-193x300.png 193w\" sizes=\"auto, (max-width: 308px) 100vw, 308px\" \/><\/figure><div class=\"wp-block-media-text__content\">\n<p class=\"has-small-font-size\"><div align=\"justify\">El n\u00famero 85 de la revista <em>Ayer<\/em> (2012), incluye un art\u00edculo de Xavier Dom\u00e8nech Sampere titulado \u00abLa clase obrera bajo el franquismo. Aproximaci\u00f3n a sus elementos formativos\u00bb (pp. 201-225). En este art\u00edculo se pretenden abordar los elementos formativos de una nueva generaci\u00f3n de militantes obreros bajo el franquismo entre la d\u00e9cada de los cincuenta y los sesenta del siglo pasado. En el mismo se defiende, m\u00e1s all\u00e1 del debate sobre las rupturas y continuidades en el seno de la clase obrera, la importancia de las transmisiones y transformaciones de los saberes pr\u00e1cticos y pol\u00edticos de clase para comprender la relaci\u00f3n entre experiencia e identidad obrera en la eclosi\u00f3n de un nuevo movimiento obrero.<\/div><\/p>\n<\/div><\/div>\n\n\n\n<hr class=\"wp-block-separator has-alpha-channel-opacity\" \/>\n\n\n\n<div class=\"wp-block-media-text alignwide is-stacked-on-mobile\" style=\"grid-template-columns:15% auto\"><figure class=\"wp-block-media-text__media\"><img loading=\"lazy\" decoding=\"async\" width=\"200\" height=\"281\" src=\"https:\/\/webs.uab.cat\/cedid\/wp-content\/uploads\/sites\/151\/2022\/12\/raul.png\" alt=\"\" class=\"wp-image-5963 size-full\" \/><\/figure><div class=\"wp-block-media-text__content\">\n<p class=\"has-small-font-size\"><div align=\"justify\">El n\u00famero 24 de la revista<em> Estudis d\u2019Hist\u00f2ria Agr\u00e0ria<\/em> (2012) incluye un articulo de Vicen\u00e7 Ruiz, Ra\u00fcl Aguilar, Iago Otero y Giorgos Kallis titulado: \u00abDels feixes al xalets. L\u2019us social i pol\u00edtic de l\u2019aigua en la destrucci\u00f3 d\u2019una comunitat agr\u00e0ria. Matadepera (Vall\u00e9s Occidental), 1931-1983\u00bb (pp. 311-327). <p align=\"justify\">El estudio muestra c\u00f3mo la creaci\u00f3n de la Matadepera residencial de hoy es el resultado de intensas luchas pol\u00edticas y de poder que tuvieron como eje principal el control del uso social del agua. La transformaci\u00f3n de un peque\u00f1o pueblo rural en una zona residencial para las clases acomodadas\u00a0 no fue un proceso espont\u00e1neo ni pac\u00edfico, sino un proyecto socioambiental bien planeado por los grandes propietarios de tierras que fue combatido por un sector de la poblaci\u00f3n. En este proceso, la lucha por el control del agua, un recurso esencial para transformar los campos de secano y las vi\u00f1as en torres con piscina, van a ir estrechamente ligados a las disputas por la tierra\u00a0 durante la Rep\u00fablica, resueltas violentamente en la Guerra Civil. As\u00ed, la falta de libertades civiles y pol\u00edticas que supuso el r\u00e9gimen franquista fue decisiva para que los grandes propietarios fundamentaran un desarrollo urban\u00edstico que, parad\u00f3jicamente, se realiz\u00f3 plenamente una vez restablecida la democracia.\u00a0<\/p><\/div><\/p>\n<\/div><\/div>\n\n\n\n<hr class=\"wp-block-separator has-alpha-channel-opacity\" \/>\n\n\n\n<div class=\"wp-block-media-text alignwide is-stacked-on-mobile\" style=\"grid-template-columns:15% auto\"><figure class=\"wp-block-media-text__media\"><img loading=\"lazy\" decoding=\"async\" width=\"200\" height=\"263\" src=\"https:\/\/webs.uab.cat\/cedid\/wp-content\/uploads\/sites\/151\/2022\/12\/Segle_XX_5.png\" alt=\"\" class=\"wp-image-5965 size-full\" \/><\/figure><div class=\"wp-block-media-text__content\">\n<p class=\"has-small-font-size\"><div align=\"justify\">Ha salido a la venta el n\u00famero 5 de la revista <em>Segle XX. Revista Catalana d&#8217;hist\u00f2ria,<\/em> donde se incluyen, entre otros, los art\u00edculos de Chiao-In Chen \u00abEls Camises Blaves i el feixisme xin\u00e8s 1932-1938 (pp. 15-36), Borja de Riquer \u00abJoan Ventosa i Calvell, l\u2019home de la Lliga Catalana a Burgos. Les relacions dels catalanistes conservadors amb els militars rebels durant la Guerra Civil\u00bb (pp. 37-62) y Josep Gelonch \u00abFET y de las JONS en el m\u00f3n rural catal\u00e0 de postguerra\u00bb (pp. 85-114), as\u00ed como un di\u00e1logo\u00a0\u00abSobre la rereguarda en guerra a Catalunya, 1936-1937\u00bb en el\u00a0cual participan Jos\u00e9 Luis Mart\u00edn Ramos (Universitat Aut\u00f2noma de Barcelona)\u00a0y Joan Villarroya i Font (Universitat de Barcelona).<\/div><\/p>\n<\/div><\/div>\n\n\n\n<hr class=\"wp-block-separator has-alpha-channel-opacity\" \/>\n\n\n\n<div class=\"wp-block-media-text alignwide is-stacked-on-mobile\" style=\"grid-template-columns:15% auto\"><figure class=\"wp-block-media-text__media\"><img loading=\"lazy\" decoding=\"async\" width=\"200\" height=\"257\" src=\"https:\/\/webs.uab.cat\/cedid\/wp-content\/uploads\/sites\/151\/2022\/12\/HS73.png\" alt=\"\" class=\"wp-image-5967 size-full\" \/><\/figure><div class=\"wp-block-media-text__content\">\n<p class=\"has-small-font-size\"><div align=\"justify\">El n\u00famero 73 (2012) de la revista <em>Historia Social<\/em> incluye, en su <em>dossier<\/em>, el art\u00edculo de Daniel Escribano y Pau Casanellas \u00abLa precipitaci\u00f3n del cambio pol\u00edtico (1974-1977). Una mirada desde el Pa\u00eds Vasco\u00bb (pp. 101-121). El texto se inscribe en el marco interpretativo m\u00e1s s\u00f3lidamente argumentado sobre el proceso de cambio pol\u00edtico que llev\u00f3 a la consecuci\u00f3n de la democracia parlamentaria en Espa\u00f1a en 1977, interpretaci\u00f3n que subraya la importancia de las movilizaciones sociales como factor determinante de la crisis del franquismo y, en \u00faltima instancia, de la imposibilidad de perpetuaci\u00f3n de la dictadura tras la muerte de Franco. Sobre la base de una abundante y en gran medida in\u00e9dita documentaci\u00f3n, tanto gubernamental como de la oposici\u00f3n, los autores retratan este proceso desde la perspectiva del Pa\u00eds Vasco, uno de los territorios donde la movilizaci\u00f3n fue m\u00e1s intensa.<\/div><\/p>\n<\/div><\/div>\n\n\n\n<hr class=\"wp-block-separator has-alpha-channel-opacity\" \/>\n\n\n\n<div class=\"wp-block-media-text alignwide is-stacked-on-mobile\" style=\"grid-template-columns:15% auto\"><figure class=\"wp-block-media-text__media\"><img loading=\"lazy\" decoding=\"async\" width=\"200\" height=\"259\" src=\"https:\/\/webs.uab.cat\/cedid\/wp-content\/uploads\/sites\/151\/2022\/12\/vallesos.png\" alt=\"\" class=\"wp-image-5970 size-full\" \/><\/figure><div class=\"wp-block-media-text__content\">\n<p class=\"has-small-font-size\"><div align=\"justify\">El n\u00famero 3 de 2012 de la revista <em>Vallesos. Gent, terra i patrimoni<\/em> contiene el art\u00edculo publicado por investigador del CEFID Mart\u00ed Mar\u00edn Corbera titulado \u00abObrir els ulls a la immigraci\u00f3. Les inundacions van fer emergir milers de refugiats sense sostre. Els immigrants barraquistes arribats al Vall\u00e8s, fins llavors ignorats\u00bb (pp.66-68). En este aborda la mala condici\u00f3n de la immigraci\u00f3n interna de Espa\u00f1a a Vall\u00e8s a los sesenta y por la desidia de las autoridades locales franquistas, en este caso, el consistorio del alcalde Josep Maria Marcet de Sabadell.<\/div><\/p>\n<\/div><\/div>\n\n\n\n<hr class=\"wp-block-separator has-alpha-channel-opacity\" \/>\n\n\n\n<div class=\"wp-block-media-text alignwide is-stacked-on-mobile\" style=\"grid-template-columns:15% auto\"><figure class=\"wp-block-media-text__media\"><img loading=\"lazy\" decoding=\"async\" width=\"200\" height=\"273\" src=\"https:\/\/webs.uab.cat\/cedid\/wp-content\/uploads\/sites\/151\/2022\/12\/passatoepresente.png\" alt=\"\" class=\"wp-image-5973 size-full\" \/><\/figure><div class=\"wp-block-media-text__content\">\n<p class=\"has-small-font-size\"><div align=\"justify\"><em>Passato e presente<\/em>, 2012, Fascicolo 85 publica el art\u00edculo \u00abUn dizionario nato vecchio. Legittimazione e delegittimazione della Seconda Repubblica spagnola\u00bb, del cual son autores Andrea Tappi y el miembro del CEFID Javer T\u00e9bar Hurtado. El texto analiza y ofrece una interpretaci\u00f3n a tenor de la pol\u00e9mica aparici\u00f3n del <em>Diccionario Biogr\u00e1fico Espa\u00f1ol<\/em> la primavera del pasado a\u00f1o, referente a las numerosas cr\u00edticas dirigidas a la <em>Real Academia de la Historia<\/em> por su composici\u00f3n y ejecuci\u00f3n, as\u00ed como al trato de determinadas biograf\u00edas y etapas de la historia de nuestro pa\u00eds, particularmente las relativas a la Segunda Rep\u00fablica, la Guerra Civil y la dictadura del general Franco. El resultado final de un proyecto cultural de estas caracter\u00edsticas nos alerta de los riesgos de un uso p\u00fablico que fosiliza el pasado y no estimula el debate plural y riguroso sobre la historia de la Espa\u00f1a contempor\u00e1nea.<\/div><\/p>\n<\/div><\/div>\n\n\n\n<hr class=\"wp-block-separator has-alpha-channel-opacity\" \/>\n\n\n\n<div class=\"wp-block-media-text alignwide is-stacked-on-mobile\" style=\"grid-template-columns:15% auto\"><figure class=\"wp-block-media-text__media\"><img loading=\"lazy\" decoding=\"async\" width=\"200\" height=\"251\" src=\"https:\/\/webs.uab.cat\/cedid\/wp-content\/uploads\/sites\/151\/2022\/12\/HS_72.png\" alt=\"\" class=\"wp-image-5975 size-full\" \/><\/figure><div class=\"wp-block-media-text__content\">\n<p class=\"has-small-font-size\"><div align=\"justify\">El n\u00famero 72, de 2012, de la revista <em>Historia Social <\/em>incluye un art\u00edculo de Carme Molinero titulado: \u201cNuevas formas de sindicalismo en un tiempo de contestaci\u00f3n: CGIL y CCOO, 1966-1976\u201d (pp. 133-153). Durante los a\u00f1os setenta, tanto en Italia como en Espa\u00f1a, las organizaciones sindicales van a adquirir un protagonismo social y pol\u00edtico incuestionable. Este art\u00edculo aborda el an\u00e1lisis de la acci\u00f3n sindical en una perspectiva comparativa, observando la emergencia de un nuevo tipo de sindicalismo en Espa\u00f1a y en Italia en la d\u00e9cada de los sesenta que va a tener muchos puntos de contacto entre s\u00ed. A pesar de que el marco pol\u00edtico era radicalmente diferente exist\u00edan en It\u00e1lia y Espa\u00f1a, por un lado, unas bases para el conflicto con muchos puntos en com\u00fan y, por otro, referentes culturales y pol\u00edticos que favorecen el impulso a un nuevo tipo de sindicalismo que no se encuentra en otros pa\u00edses m\u00e1s cercanos como Francia. Durante los a\u00f1os setenta, CCOO y la Confederaziona Generale Italiana del Lavoro (CGIL) van a mantener una relaci\u00f3n intensa, caracterizada adem\u00e1s por una empat\u00eda acusada. Ambas colaboraron en los a\u00f1os setenta con la voluntad de modificar el marco de relaciones internacionales en un sentido acorde con un modelo de acci\u00f3n sindical descentralitzador y burocr\u00e1tico.<\/div><\/p>\n<\/div><\/div>\n\n\n\n<hr class=\"wp-block-separator has-alpha-channel-opacity\" \/>\n\n\n\n<div class=\"wp-block-media-text alignwide is-stacked-on-mobile\" style=\"grid-template-columns:15% auto\"><figure class=\"wp-block-media-text__media\"><img loading=\"lazy\" decoding=\"async\" width=\"200\" height=\"273\" src=\"https:\/\/webs.uab.cat\/cedid\/wp-content\/uploads\/sites\/151\/2022\/12\/Tiemp_Hist.png\" alt=\"\" class=\"wp-image-5978 size-full\" \/><\/figure><div class=\"wp-block-media-text__content\">\n<p class=\"has-small-font-size\">El n\u00famero 2 de la revista <em>Tiempo Hist\u00f3rico<\/em> (1\u00ba semestre de 2011) contiene el art\u00edculo publicado por el investigador Rodrigo Araya G\u00f3mez titulado \u00abEl acuerdo marco chileno. \u00bfUn caso frustrado de pacto social? (pags. 43-63). Se trata de un an\u00e1lisis del Acuerdo Marco firmado entre la Confederaci\u00f3n de la Producci\u00f3n y el Comercio, la Central Unitaria de Trabajadores y el primer gobierno democr\u00e1tico chileno presidido por Patricio Aylwin en comparaci\u00f3n con el caso espa\u00f1ol de pol\u00edticas de concertaci\u00f3n social. La idea central es comprender el concepto de pacto social y c\u00f3mo opera en circunstancias pol\u00edtico-econ\u00f3micas de transici\u00f3n a la democracia y crisis econ\u00f3mica al corresponder a un elemento de disciplinamiento social y estabilidad econ\u00f3mica, objetivos que pueden llegar a cumplirse o no, dependiendo de la correlaci\u00f3n de fuerzas de los actores que concurren al pacto social.<\/p>\n<\/div><\/div>\n\n\n\n<hr class=\"wp-block-separator has-alpha-channel-opacity\" \/>\n\n\n\n<div class=\"wp-block-media-text alignwide is-stacked-on-mobile\" style=\"grid-template-columns:15% auto\"><figure class=\"wp-block-media-text__media\"><img loading=\"lazy\" decoding=\"async\" width=\"200\" height=\"284\" src=\"https:\/\/webs.uab.cat\/cedid\/wp-content\/uploads\/sites\/151\/2022\/12\/eclectica.png\" alt=\"\" class=\"wp-image-5981 size-full\" \/><\/figure><div class=\"wp-block-media-text__content\">\n<p class=\"has-small-font-size\"><div align=\"justify\">El n\u00famero 1, de 2011, de la revista <em>Ecl\u00e9ctica<\/em>, revista de estudios culturales incluye el art\u00edculo publicado por el investigador Antonio C\u00e9sar Moreno Cantano titulado \u00abPropaganda y espionaje franquista en Gran Breta\u00f1a durante la Segunda Guerra Mundial\u00bb (pp. 81-91). Gran Breta\u00f1a va a ser testigo privilegido de la apasionada lucha desarrollada para el bando republicano y franquista en el intento por \u00abconquistar\u00bb la opini\u00f3n p\u00fablica en este pa\u00eds durante los a\u00f1os de Guerra Civil. Al finalizar el conflicto, en las tareas de legitimaci\u00f3n e informaci\u00f3n impulsadas por el Gobierno de Burgos le seguir\u00e1 en prioridad una intensa campa\u00f1a de prestigio de Espa\u00f1a al exterior. Para conseguir esta meta se utilizaron las delegaciones de \u00abPrensa y Propaganda\u00bb, que mediante la celebraci\u00f3n de actos p\u00fablicos, edici\u00f3n de diarios y revistas, publicaci\u00f3n de escritos en medios informativos extranjeros, etc., habr\u00edan de contribuir a mostrar al mundo entero las cualidades y valores que reg\u00edan a la \u00abNueva Espa\u00f1a\u00bb, que serv\u00edan como se\u00f1al de identidad a la decidida defensa contra la ideologia comunista, a la que se enfrentaron \u00aba sangre y fuego\u00bb durante tres a\u00f1os en el suelo patrio.<\/div><\/p>\n<\/div><\/div>\n\n\n\n<hr class=\"wp-block-separator has-alpha-channel-opacity\" \/>\n\n\n\n<div class=\"wp-block-media-text alignwide is-stacked-on-mobile\" style=\"grid-template-columns:15% auto\"><figure class=\"wp-block-media-text__media\"><img loading=\"lazy\" decoding=\"async\" width=\"200\" height=\"285\" src=\"https:\/\/webs.uab.cat\/cedid\/wp-content\/uploads\/sites\/151\/2022\/12\/histo_act.png\" alt=\"\" class=\"wp-image-5983 size-full\" \/><\/figure><div class=\"wp-block-media-text__content\">\n<p class=\"has-small-font-size\">El n\u00famero 9, de 2011, de la <em>Revista de Historia Actual<\/em> contiene el articulo publicado por el investigador Antonio C\u00e9sar Moreno Cantano Titulado \u00abEl Control de la propaganda internacional durante la Segunda Guerra Mundial: Espa\u00f1a, Francia, Italia y Alemania\u00bb (pp. 131-146). En este analiza como se desarroll\u00f3 el aparato de control ideol\u00f3gico de diferentes estados durante la Segunda Guerra Mundial. En concreto el autor analiza los mecanismos que hicieron uso los estados dictatoriales que formaron parte del Eje (Alemania y Italia) o simpatizaron con el sin llegar a participar directamente en el conflicto (la Francia de Vichy y la Espa\u00f1a franquista) para controlar los medios de comunicaci\u00f3n y el mensaje que transmit\u00edan de la guerra.<\/p>\n<\/div><\/div>\n\n\n\n<hr class=\"wp-block-separator has-alpha-channel-opacity\" \/>\n\n\n\n<div class=\"wp-block-media-text alignwide is-stacked-on-mobile\" style=\"grid-template-columns:15% auto\"><figure class=\"wp-block-media-text__media\"><img loading=\"lazy\" decoding=\"async\" width=\"200\" height=\"285\" src=\"https:\/\/webs.uab.cat\/cedid\/wp-content\/uploads\/sites\/151\/2022\/12\/culture.png\" alt=\"\" class=\"wp-image-5985 size-full\" \/><\/figure><div class=\"wp-block-media-text__content\">\n<p class=\"has-small-font-size\"><div align=\"justify\">El n\u00famero 23-24, de 2011, de la revista <em>Le culture della tecnica<\/em>, publicaci\u00f3n profesional de car\u00e1cter internacional que edita el Arvhivio Amma, dedica un monogr\u00e1fico al tema \u201cLavoro e impresa. Tra memoria e futuro\u201d, recogiendo las intervenciones del Seminario Internacional organizado por el Instituto per la Memoria e la Cultura del Lavoro, dell&#8217;Impresa e dei Diritti (ISMEL) de Tur\u00edn el mes de octubre de 2010. Entre los m\u00e1s de veinte participantes ha sido publicada la intervenci\u00f3n de los miembros del CEFID Jos\u00e9 Fernando Mota Mu\u00f1oz y Javier T\u00e9bar Hurtado \u201cUna breve panoramica degli archivi sindacali in Spagna\u201d.<\/div><\/p>\n<\/div><\/div>\n\n\n\n<hr class=\"wp-block-separator has-alpha-channel-opacity\" \/>\n\n\n\n<div class=\"wp-block-media-text alignwide is-stacked-on-mobile\" style=\"grid-template-columns:15% auto\"><figure class=\"wp-block-media-text__media\"><img loading=\"lazy\" decoding=\"async\" width=\"200\" height=\"279\" src=\"https:\/\/webs.uab.cat\/cedid\/wp-content\/uploads\/sites\/151\/2022\/12\/viento_sur_marzo_2011.png\" alt=\"\" class=\"wp-image-5989 size-full\" \/><\/figure><div class=\"wp-block-media-text__content\">\n<p class=\"has-small-font-size\"><div align=\"justify\">El n\u00famero 115 de la revista <a rel=\"noopener\" href=\"http:\/\/www.vientosur.info\" target=\"_blank\"><em><strong>Viento Sur<\/strong><\/em><\/a> (marzo de 2011) incluye un dossier dedicado a \u00abLa izquierda contra el franquismo\u00bb, que contiene art\u00edculos sobre la LCR, la corriente asamblearia, el PTE, la izquierda abertzale y el PCE. Destacamos dos art\u00edculos: \u201cLa LCR m\u00e1s all\u00e1 del franquismo: de la &#8216;unidad trotskista&#8217; al Partido de los Revolucionarios y la fusi\u00f3n con el MC (1978-1991)\u201d (pp. 64-71), de Ricard Mart\u00ednez i Muntada; y el de Xavier Dom\u00e8nech Sampere, \u201cEl PCE en el proceso de cambio pol\u00edtico. La voluntad de ser arte y parte\u201d (pp. 95-104). <\/div><\/p>\n<\/div><\/div>\n\n\n\n<hr class=\"wp-block-separator has-alpha-channel-opacity\" \/>\n\n\n\n<div class=\"wp-block-media-text alignwide is-stacked-on-mobile\" style=\"grid-template-columns:15% auto\"><figure class=\"wp-block-media-text__media\"><img loading=\"lazy\" decoding=\"async\" width=\"200\" height=\"303\" src=\"https:\/\/webs.uab.cat\/cedid\/wp-content\/uploads\/sites\/151\/2022\/12\/ayer84.png\" alt=\"\" class=\"wp-image-5991 size-full\" srcset=\"https:\/\/webs.uab.cat\/cedid\/wp-content\/uploads\/sites\/151\/2022\/12\/ayer84.png 200w, https:\/\/webs.uab.cat\/cedid\/wp-content\/uploads\/sites\/151\/2022\/12\/ayer84-198x300.png 198w\" sizes=\"auto, (max-width: 200px) 100vw, 200px\" \/><\/figure><div class=\"wp-block-media-text__content\">\n<p class=\"has-small-font-size\">El n\u00famero 84, de 2011, de la Revista <em>Ayer<\/em>, editado por Pere Ys\u00e0s, tiene como objetivo analizar algunos de los m\u00e1s relevantes fen\u00f3menos de la \u201c\u00e9poca socialista\u201d que comport\u00f3 que la Espa\u00f1a de mitad de los a\u00f1os noventa fuera sensiblemente distinta a la de inicios de los ochenta en casi todos los planos. Destaca en este sentido el art\u00edculo de Pere Ys\u00e0s, titulado: \u201cCambios y continuidades: tres lustros de gobiernos socialistas\u201d. En dicho art\u00edculo, Ys\u00e0s sostiene que desde el triunfo del PSOE en las elecciones de 1982 y durante una d\u00e9cada, el sistema pol\u00edtico espa\u00f1ol se caracteriz\u00f3 por la existencia de un partido predominante, con una oposici\u00f3n conservadora con graves problemas de proyecto, de liderazgo e incluso de identidad y con el PCE muy debilitado, lo que permiti\u00f3 a los socialistas desarrollar sus pol\u00edticas sin condicionamientos de otras fuerzas. Pero desde el inicio de los a\u00f1os noventa la situaci\u00f3n cambi\u00f3, con un PP refundado y una revitalizaci\u00f3n de IU, una serie de esc\u00e1ndalos econ\u00f3micos y pol\u00edticos y la aparici\u00f3n de disensiones internas en el PSOE (pp. 23-49). Es destacable en este dossier el art\u00edculo de Borja de Riquer, titulado: \u201cJaume Vicens i Vives, mucho m\u00e1s que un gran historiador. Aportaciones y debates de un centenario\u201d. En el mismo se recogen los actos y actividades desarrolladas durante el \u201cAny Vicens Vives\u201d y se presenta, a la luz de los recientes debates, un an\u00e1lisis de la relevancia historiogr\u00e1fica, cr\u00edtica y pol\u00edtica de la obra del historiador catal\u00e1n (pp. 227-238)<\/p>\n<\/div><\/div>\n\n\n\n<hr class=\"wp-block-separator has-alpha-channel-opacity\" \/>\n\n\n\n<div class=\"wp-block-media-text alignwide is-stacked-on-mobile\" style=\"grid-template-columns:15% auto\"><figure class=\"wp-block-media-text__media\"><img loading=\"lazy\" decoding=\"async\" width=\"200\" height=\"285\" src=\"https:\/\/webs.uab.cat\/cedid\/wp-content\/uploads\/sites\/151\/2022\/12\/HTS_2.png\" alt=\"\" class=\"wp-image-5993 size-full\" \/><\/figure><div class=\"wp-block-media-text__content\">\n<p class=\"has-small-font-size\">El n\u00famero 2 (2011) de la revista <em>Historia, trabajo y sociedad<\/em> aparece el art\u00edculo del investigador del CEFID Ricard Mart\u00ednez i Muntada \u00abMovimiento vecinal, antifranquismo y anticapitalismo\u00bb (pp. 63-90). En este se analiza como el movimiento vecinal que se dio en las ciudades del Estado espa\u00f1ol durante los a\u00f1os setenta constituy\u00f3 uno de los principales \u00e1mbitos de movilizaci\u00f3n de la \u00e9poca, pero tambi\u00e9n fue terreno de generaci\u00f3n de una cultura que inclu\u00eda la afirmaci\u00f3n de los derechos de los habitantes de los barrios, la existencia de una deuda social hacia ellos, la identificaci\u00f3n del adversario en t\u00e9rminos de clase y la cr\u00edtica del capitalismo. Estos planteamientos se articularon con las reivindicaciones y el modelo de ciudad que levant\u00f3 el movimiento. El art\u00edculo se centra en el caso catal\u00e1n, pero propone un debate m\u00e1s general.<\/p>\n<\/div><\/div>\n\n\n\n<hr class=\"wp-block-separator has-alpha-channel-opacity\" \/>\n\n\n\n<div class=\"wp-block-media-text alignwide is-stacked-on-mobile\" style=\"grid-template-columns:15% auto\"><figure class=\"wp-block-media-text__media\"><img loading=\"lazy\" decoding=\"async\" width=\"200\" height=\"250\" src=\"https:\/\/webs.uab.cat\/cedid\/wp-content\/uploads\/sites\/151\/2022\/12\/historia_presente16.png\" alt=\"\" class=\"wp-image-5995 size-full\" \/><\/figure><div class=\"wp-block-media-text__content\">\n<p class=\"has-small-font-size\">El \u00faltimo n\u00famero de\u00a0<em>Historia del Presente\u00a0<\/em>(n\u00fam. 16, 2011) incluye el dossier \u00abMovimiento vecinal y cambio pol\u00edtico\u00bb, editado por el investigador del CEFID Xavier Dom\u00e8nech, dedicado a la historia del movimiento vecinal durante el tardofranquismo y la transici\u00f3n. El dossier consta de tres art\u00edculos: el primero, firmado por Claudia Cabrero, sobre el movimiento vecinal asturiano desde una perspectiva de g\u00e9nero; otro del mismo Dom\u00e8nech sobre los inicios y surgimiento del movimiento vecinal a partir de las redes sociales construidas en los barrios y suburbios y, finalmente, un tercero que, a cargo del tambi\u00e9n investigador del CEFID Ivan Bordetas, pretende trazar una s\u00edntesis de la trayectoria del movimiento desde sus or\u00edgenes hasta el proceso de cambio pol\u00edtico.<\/p>\n<\/div><\/div>\n\n\n\n<hr class=\"wp-block-separator has-alpha-channel-opacity\" \/>\n\n\n\n<div class=\"wp-block-media-text alignwide is-stacked-on-mobile\" style=\"grid-template-columns:15% auto\"><figure class=\"wp-block-media-text__media\"><img loading=\"lazy\" decoding=\"async\" width=\"200\" height=\"307\" src=\"https:\/\/webs.uab.cat\/cedid\/wp-content\/uploads\/sites\/151\/2022\/12\/ayer81.png\" alt=\"\" class=\"wp-image-5997 size-full\" srcset=\"https:\/\/webs.uab.cat\/cedid\/wp-content\/uploads\/sites\/151\/2022\/12\/ayer81.png 200w, https:\/\/webs.uab.cat\/cedid\/wp-content\/uploads\/sites\/151\/2022\/12\/ayer81-195x300.png 195w\" sizes=\"auto, (max-width: 200px) 100vw, 200px\" \/><\/figure><div class=\"wp-block-media-text__content\">\n<p class=\"has-small-font-size\">El \u00faltimo n\u00famero de la revista <em>Ayer <\/em>(n\u00fam. 81, 2011), que coincide con el vig\u00e9simo aniversario de la publicaci\u00f3n de la Asociaci\u00f3n de Historia Contempor\u00e1nea, incluye un art\u00edculo de Carme Molinero, <a rel=\"noreferrer noopener\" href=\"http:\/\/centresderecerca.uab.cat\/cedid\/sites\/centresderecerca.uab.cat.cedid\/files\/12%20Ayer%2081%20Molinero.pdf\" target=\"_blank\">\u00abEl acceso a los archivos y la investigaci\u00f3n hist\u00f3rica\u00bb<\/a> dedicado, precisamente, a una cuesti\u00f3n recurrente en estos \u00faltimas d\u00e9cadas: los obst\u00e1culos al acceso a la documentaci\u00f3n p\u00fablica de la etapa dictatorial basados en una restrictiva e inadecuada interpretaci\u00f3n de la Ley de Patrimonio Hist\u00f3rico y en la inexistencia de una ley de archivos que garantice los derechos al acceso a la informaci\u00f3n y a la documentaci\u00f3n p\u00fablica. Por \u00faltimo, la autora adelanta algunas propuestas de actuaci\u00f3n tendentes a la revisi\u00f3n del marco legal actual, la aprobaci\u00f3n de una norma unificadora de aplicaci\u00f3n general y la oportuna modificaci\u00f3n de las normas vigentes. Asi mismo, se contempla la interposici\u00f3n de recursos ante la arbitrariedad administrativa en la denegaci\u00f3n de consulta de documentaci\u00f3n.<\/p>\n<\/div><\/div>\n\n\n\n<hr class=\"wp-block-separator has-alpha-channel-opacity\" \/>\n\n\n\n<div class=\"wp-block-media-text alignwide is-stacked-on-mobile\" style=\"grid-template-columns:15% auto\"><figure class=\"wp-block-media-text__media\"><img loading=\"lazy\" decoding=\"async\" width=\"113\" height=\"150\" src=\"https:\/\/webs.uab.cat\/cedid\/wp-content\/uploads\/sites\/151\/2022\/12\/Eco_economics.png\" alt=\"\" class=\"wp-image-6000 size-full\" \/><\/figure><div class=\"wp-block-media-text__content\">\n<p class=\"has-small-font-size\">La revista<strong> Ecological economics<\/strong> (n\u00fam. 70, mayo de 2011) presenta el art\u00edculo \u00abWater scarcity, social power and the production of an elite suburb. The political ecology of water in Matadepera, Catalonia\u00bb del miembro del CEFID Raul Aguilar y de Iago Otero, Giorgos Kallis y Vicen\u00e7 Ruiz. El art\u00edculo investiga la historia de las transformaciones en la gesti\u00f3n del territorio y, en especial, de las aguas en el area metropolitana de Barcelona. El trabajo se presenta como una valiosa contribuci\u00f3n al conocimiento de las bases econ\u00f3micas de las elites locales alrededor del control de la gesti\u00f3n de las aguas, aprovechando la amplia base documental del Archivo Municipal de Matadepera (1919-1979) y un total de 17 entrevistas a vecinos nacidos entre 1913 y 1958.<\/p>\n<\/div><\/div>\n","protected":false},"excerpt":{"rendered":"<p>T\u00e9bar Hurtado, Javier, \u00ab\u201cUnos viejos amigos en horas dif\u00edciles\u201d. La derrota del Eje y la persecuci\u00f3n aliada de los fugitivos de guerra en la Barcelona de 1945\u00bb, en Spagna Contemporanea n\u00fam. 42 (2012), pp. 49-64. El significado de algunos episodios que tienen lugar en la ciudad de Barcelona, especialmente por las consecuencias que se derivan, [&hellip;]<\/p>\n","protected":false},"author":20,"featured_media":0,"parent":0,"menu_order":0,"comment_status":"closed","ping_status":"closed","template":"","meta":{"footnotes":""},"class_list":["post-1830","page","type-page","status-publish","hentry"],"_links":{"self":[{"href":"https:\/\/webs.uab.cat\/cedid\/es\/wp-json\/wp\/v2\/pages\/1830","targetHints":{"allow":["GET"]}}],"collection":[{"href":"https:\/\/webs.uab.cat\/cedid\/es\/wp-json\/wp\/v2\/pages"}],"about":[{"href":"https:\/\/webs.uab.cat\/cedid\/es\/wp-json\/wp\/v2\/types\/page"}],"author":[{"embeddable":true,"href":"https:\/\/webs.uab.cat\/cedid\/es\/wp-json\/wp\/v2\/users\/20"}],"replies":[{"embeddable":true,"href":"https:\/\/webs.uab.cat\/cedid\/es\/wp-json\/wp\/v2\/comments?post=1830"}],"version-history":[{"count":7,"href":"https:\/\/webs.uab.cat\/cedid\/es\/wp-json\/wp\/v2\/pages\/1830\/revisions"}],"predecessor-version":[{"id":6003,"href":"https:\/\/webs.uab.cat\/cedid\/es\/wp-json\/wp\/v2\/pages\/1830\/revisions\/6003"}],"wp:attachment":[{"href":"https:\/\/webs.uab.cat\/cedid\/es\/wp-json\/wp\/v2\/media?parent=1830"}],"curies":[{"name":"wp","href":"https:\/\/api.w.org\/{rel}","templated":true}]}}