{"id":1897,"date":"2015-02-11T12:01:38","date_gmt":"2015-02-11T12:01:38","guid":{"rendered":"https:\/\/webs.uab.cat\/cedid\/2015-2016-0-2\/"},"modified":"2022-12-13T09:39:07","modified_gmt":"2022-12-13T09:39:07","slug":"2015-2016-0-2","status":"publish","type":"page","link":"https:\/\/webs.uab.cat\/cedid\/es\/2015-2016-0-2\/","title":{"rendered":"2015-2016"},"content":{"rendered":"\n<div class=\"wp-block-media-text alignwide is-stacked-on-mobile\" style=\"grid-template-columns:15% auto\"><figure class=\"wp-block-media-text__media\"><img loading=\"lazy\" decoding=\"async\" width=\"180\" height=\"180\" src=\"https:\/\/webs.uab.cat\/cedid\/wp-content\/uploads\/sites\/151\/2022\/12\/4vygryh0_0.jpg\" alt=\"\" class=\"wp-image-6088 size-full\" srcset=\"https:\/\/webs.uab.cat\/cedid\/wp-content\/uploads\/sites\/151\/2022\/12\/4vygryh0_0.jpg 180w, https:\/\/webs.uab.cat\/cedid\/wp-content\/uploads\/sites\/151\/2022\/12\/4vygryh0_0-150x150.jpg 150w\" sizes=\"auto, (max-width: 180px) 100vw, 180px\" \/><\/figure><div class=\"wp-block-media-text__content\">\n<p><strong>Vall\u00e8s Mu\u00f1\u00edo, Daniel, \u00abSituaciones asimiladas al alta en supuestos relacionados con el franquismo: el Servicio Social. Comentario de la sentencia n\u00ba 1950\/2016 del Tribunal Superior de Justicia del Pa\u00eds Vasco\u00bb, <em>IusLabor<\/em>, n\u00fam. 3 (2016)<\/strong><\/p>\n\n\n\n<p>La Sentencia n\u00ba&nbsp;1950\/2016 del Tribunal de Justicia del Pa\u00eds Vasco establece que el tiempo&nbsp;que las mujeres prestaron al Servicio Social tiene que ser asimilado a el alta de la Seguridad&nbsp;Social. Por esta raz\u00f3n, la Sentencia equipara el Servicio Social con&nbsp;una prestaci\u00f3n sustitutoria del servicio&nbsp;militar de los hombres. Adem\u00e1s, la Sentencia concluye&nbsp;que su postura tambi\u00e9n se&nbsp;basa en la prohibici\u00f3n constitucional de la discriminaci\u00f3n por raz\u00f3n&nbsp;de sexo. El autor&nbsp;se\u00f1ala, a\u00fan as\u00ed,&nbsp;que la igualdad&nbsp;de trato entre el Servicio Social y&nbsp;el&nbsp;servicio&nbsp;militar ya se&nbsp;hab\u00eda establecido&nbsp;en la normativa de 1976, previa a la Constituci\u00f3n de 1978, y que, sorprendentemente, fue derogada por&nbsp;el Estatuto de los Trabajadores de 1980.<\/p>\n\n\n\n<p><a href=\"https:\/\/www.upf.edu\/iuslabor\/_pdf\/2016-3\/D._Valles.pdf\">Enlace al art\u00edculo<\/a><\/p>\n<\/div><\/div>\n\n\n\n<hr class=\"wp-block-separator has-alpha-channel-opacity\" \/>\n\n\n\n<div class=\"wp-block-media-text alignwide is-stacked-on-mobile\" style=\"grid-template-columns:15% auto\"><figure class=\"wp-block-media-text__media\"><img loading=\"lazy\" decoding=\"async\" width=\"461\" height=\"679\" src=\"https:\/\/webs.uab.cat\/cedid\/wp-content\/uploads\/sites\/151\/2022\/12\/Portada-FT.png\" alt=\"\" class=\"wp-image-6090 size-full\" srcset=\"https:\/\/webs.uab.cat\/cedid\/wp-content\/uploads\/sites\/151\/2022\/12\/Portada-FT.png 461w, https:\/\/webs.uab.cat\/cedid\/wp-content\/uploads\/sites\/151\/2022\/12\/Portada-FT-204x300.png 204w\" sizes=\"auto, (max-width: 461px) 100vw, 461px\" \/><\/figure><div class=\"wp-block-media-text__content\">\n<p><strong><em>Franquisme &amp; Transici\u00f3. Revista d&#8217;hist\u00f2ria i de cultura<\/em>, n\u00fam. 4 (2016)<\/strong><\/p>\n\n\n\n<p>Ha aparecido el cuarto n\u00famero&nbsp;de la revista <em>Franquisme &amp; Transici\u00f3<\/em>. Incluye, en la secci\u00f3n de estudios, art\u00edculos de Miguel D\u00edaz S\u00e1nchez, Cristian Ferrer Gonz\u00e1lez y Carlos Ord\u00e1s; y adem\u00e1s, en la secci\u00f3n de rese\u00f1as, textos de Jordi Font Agull\u00f3, Ricard Mart\u00ednez i Muntada y Aram Monfort.<\/p>\n\n\n\n<p><a href=\"https:\/\/www.dictatorships-democracies.com\/201\/volume\/0\/issue\/4\/\" target=\"_blank\" rel=\"noreferrer noopener\">Enlace de la revista<\/a><\/p>\n<\/div><\/div>\n\n\n\n<hr class=\"wp-block-separator has-alpha-channel-opacity\" \/>\n\n\n\n<div class=\"wp-block-media-text alignwide is-stacked-on-mobile\" style=\"grid-template-columns:15% auto\"><figure class=\"wp-block-media-text__media\"><img loading=\"lazy\" decoding=\"async\" width=\"525\" height=\"751\" src=\"https:\/\/webs.uab.cat\/cedid\/wp-content\/uploads\/sites\/151\/2022\/12\/esxx.png\" alt=\"\" class=\"wp-image-6092 size-full\" srcset=\"https:\/\/webs.uab.cat\/cedid\/wp-content\/uploads\/sites\/151\/2022\/12\/esxx.png 525w, https:\/\/webs.uab.cat\/cedid\/wp-content\/uploads\/sites\/151\/2022\/12\/esxx-210x300.png 210w\" sizes=\"auto, (max-width: 525px) 100vw, 525px\" \/><\/figure><div class=\"wp-block-media-text__content\">\n<p><strong>Forti, Steven, \u00abEl mito del corporativismo en el &#8216;fascismo de izquierda&#8217; italiano. El caso de la revista La Verit\u00e0 (1936-1943)\u00bb; Mar\u00edn, Mart\u00ed, \u00abLa democracia org\u00e1nica como forma de representaci\u00f3n pol\u00edtica: un an\u00e1lisis de las formulas de cooptaci\u00f3n de procuradores en Cortes y de sus resultados\u00bb<\/strong><em><strong>, Estudos do S\u00e9culo XX<\/strong><\/em><strong>, n\u00fam. 16 (2016)<\/strong><\/p>\n\n\n\n<p>En el dosier \u00abCorporativismo e doutrinas sociais\u00bb, editado por \u00c1lvaro Garrido y Ant\u00f3nio Rafael Amaro, encontramos los art\u00edculos de Steven Forti y Mart\u00ed Mar\u00edn. Forti (pp. 113-128), analiza a partir del estudio del caso de la revista <em>La verit\u00e0<\/em>&nbsp;&#8211; dirigida por el exl\u00edder comunista Nicola Bombacci y con una importante participaci\u00f3n de otros exdirigentes de izquierdas, convertidos al fascismo a partir del ascenso de Mussolini al poder-, el mito del corporativismo de la denominada \u00abizquierda fascista\u00bb. Mart\u00ed Mar\u00edn (pp. 89-112), en cambio, centra su art\u00edculo en el estudio del corporativismo en el caso de las Cortes Espa\u00f1olas a partir de los m\u00e9todos de selecci\u00f3n de sus miembros. El autor llega a la conclusi\u00f3n de que si bien esta c\u00e1mara fue s\u00f3lo parcialmente corporativa, s\u00ed que fue, fundamentalmente, una representaci\u00f3n de las propias instituciones del r\u00e9gimen, con un peso determinante del partido \u00fanico FET y de las JONS.&nbsp;<\/p>\n\n\n\n<p><a href=\"https:\/\/impactum.uc.pt\/pt-pt\/revista?id=107953&amp;sec=5\" target=\"_blank\" rel=\"noreferrer noopener\">&nbsp;Enlace a los art\u00edculos<\/a><\/p>\n<\/div><\/div>\n\n\n\n<hr class=\"wp-block-separator has-alpha-channel-opacity\" \/>\n\n\n\n<div class=\"wp-block-media-text alignwide is-stacked-on-mobile\" style=\"grid-template-columns:15% auto\"><figure class=\"wp-block-media-text__media\"><img loading=\"lazy\" decoding=\"async\" width=\"383\" height=\"562\" src=\"https:\/\/webs.uab.cat\/cedid\/wp-content\/uploads\/sites\/151\/2022\/12\/spagna_50.jpg\" alt=\"\" class=\"wp-image-6094 size-full\" srcset=\"https:\/\/webs.uab.cat\/cedid\/wp-content\/uploads\/sites\/151\/2022\/12\/spagna_50.jpg 383w, https:\/\/webs.uab.cat\/cedid\/wp-content\/uploads\/sites\/151\/2022\/12\/spagna_50-204x300.jpg 204w\" sizes=\"auto, (max-width: 383px) 100vw, 383px\" \/><\/figure><div class=\"wp-block-media-text__content\">\n<p><strong>Forti, Steven, \u00abGli storici e l&#8217;indipendenza catalana. Il dibattito sulla stampa (2012-2016)\u00bb; Molinero, Carme e Ys\u00e0s, Pere, \u00abIl problema catalano, il problema spagnolo. Dal franchismo alla democrazia\u00bb,&nbsp;<\/strong><em><strong>Spagna Contemporanea<\/strong><\/em><strong>, n\u00fam. 50 (2016)<\/strong><\/p>\n\n\n\n<p>La revista italiana Spagna Contemporanea dedica el n\u00famero 50, que marca los 25 a\u00f1os de vida de la misma, a la cuesti\u00f3n catalana. En el dosier monogr\u00e1fico, el primero sobre esta tem\u00e1tica en lengua italiana, encontramos las contribuciones de diferentes historiadores espa\u00f1oles e italianos expertos en la cuesti\u00f3n. Entre \u00e9stos, se\u00f1alamos el art\u00edculo de Carme Molinero y Pere Ys\u00e0s (pp. 39-68) en el que se describe el papel del catalanismo popular frente al franquismo y su idea centralista de Espa\u00f1a. As\u00ed como la influencia que este catalanismo consigui\u00f3 en el campo del antifranquismo, hasta el punto de que las organizaciones unitarias de oposici\u00f3n incluyeron &nbsp;en su programa democr\u00e1tico sus principales reclamaciones. Forti (pp. 169-214), en su art\u00edculo, proporciona una visi\u00f3n general del debate sobre la independencia de Catalunya a partir de las intervenciones en prensa de historiadores espa\u00f1oles entre el 2012 y 2016, poniendo de manifiesto algunos puntos comunes en el an\u00e1lisis de las causas conducentes a la&nbsp;eclosi\u00f3n de la reclamaci\u00f3n de independencia, pero tambi\u00e9n profundas divergencias de opini\u00f3n.&nbsp;<\/p>\n<\/div><\/div>\n\n\n\n<hr class=\"wp-block-separator has-alpha-channel-opacity\" \/>\n\n\n\n<div class=\"wp-block-media-text alignwide is-stacked-on-mobile\" style=\"grid-template-columns:15% auto\"><figure class=\"wp-block-media-text__media\"><img loading=\"lazy\" decoding=\"async\" width=\"727\" height=\"1024\" src=\"https:\/\/webs.uab.cat\/cedid\/wp-content\/uploads\/sites\/151\/2022\/12\/StoriaProblemiContemporanei-727x1024.jpg\" alt=\"\" class=\"wp-image-6096 size-full\" srcset=\"https:\/\/webs.uab.cat\/cedid\/wp-content\/uploads\/sites\/151\/2022\/12\/StoriaProblemiContemporanei-727x1024.jpg 727w, https:\/\/webs.uab.cat\/cedid\/wp-content\/uploads\/sites\/151\/2022\/12\/StoriaProblemiContemporanei-213x300.jpg 213w, https:\/\/webs.uab.cat\/cedid\/wp-content\/uploads\/sites\/151\/2022\/12\/StoriaProblemiContemporanei-768x1082.jpg 768w, https:\/\/webs.uab.cat\/cedid\/wp-content\/uploads\/sites\/151\/2022\/12\/StoriaProblemiContemporanei.jpg 1005w\" sizes=\"auto, (max-width: 727px) 100vw, 727px\" \/><\/figure><div class=\"wp-block-media-text__content\">\n<p><strong>Forti, Steven,&nbsp;\u00abDa Mosca a Vichy. Paul Marion (1899-1954), una biografia intellettuale\u00bb, <em>Storia e problemi contemporanei<\/em>, n\u00fam. 71 (2016), pp. 113-138.<\/strong><\/p>\n\n\n\n<p>En el n\u00famero 71 de la revista italiana Storia e problemi contemporanei se encuentra tambi\u00e9n el art\u00edculo de Steven Forti titulado Da Mosca a Vichy. Paul Marion (1899-1954), una biografia intellettuale. Se trata de un an\u00e1lisis de la trayectoria biogr\u00e1fica e intelectual del pol\u00edtico y periodista franc\u00e9s Paul Marion que de joven cuadro comunista en los a\u00f1os veinte se convirti\u00f3, tras una deriva fascista, en secretario general de informaci\u00f3n y propaganda en el r\u00e9gimen de Vichy.<\/p>\n<\/div><\/div>\n\n\n\n<hr class=\"wp-block-separator has-alpha-channel-opacity\" \/>\n\n\n\n<div class=\"wp-block-media-text alignwide is-stacked-on-mobile\" style=\"grid-template-columns:15% auto\"><figure class=\"wp-block-media-text__media\"><img loading=\"lazy\" decoding=\"async\" width=\"188\" height=\"268\" src=\"https:\/\/webs.uab.cat\/cedid\/wp-content\/uploads\/sites\/151\/2022\/12\/descarga-11.jpg\" alt=\"\" class=\"wp-image-6098 size-full\" \/><\/figure><div class=\"wp-block-media-text__content\">\n<p><strong>Forti, Steven y Lo Cascio, Paola: \u00abCatalunya Calling. La questione catalana, la Spagna e la crisi europea\u00bb, <em>Tetide. Rivista di studi mediterranei<\/em>, n\u00fam. 3 (2016)&nbsp;<\/strong><\/p>\n\n\n\n<p>En el \u00faltimo n\u00famero de la revista italiana Tetide. Rivista di studi mediterranei se encuentra el art\u00edculo \u201cCatalunya Calling. La questione catalana, la Spagna e la crisi europea\u201d escrito por&nbsp;Steven Forti y por Paola Lo Cascio. Se trata de un an\u00e1lisis de la situaci\u00f3n pol\u00edtica en la Catalu\u00f1a de los \u00faltimos diez a\u00f1os, entre la reforma del Estatut d\u2019Autonomia y la aparici\u00f3n del proc\u00e9s sobiranista, que presta atenci\u00f3n a las din\u00e1micas pol\u00edticas espa\u00f1olas y al contexto europeo.<\/p>\n\n\n\n<p><a href=\"http:\/\/www.centrostudimediterraneo.com\/rivista\/ultimi-articoli\/193-calling-la-questione-catalana-la-spagna-e-la-crisi-europea.html\" target=\"_blank\" rel=\"noreferrer noopener\">Enlace al art\u00edculo<\/a><\/p>\n<\/div><\/div>\n\n\n\n<hr class=\"wp-block-separator has-alpha-channel-opacity\" \/>\n\n\n\n<div class=\"wp-block-media-text alignwide is-stacked-on-mobile\" style=\"grid-template-columns:15% auto\"><figure class=\"wp-block-media-text__media\"><img loading=\"lazy\" decoding=\"async\" width=\"451\" height=\"640\" src=\"https:\/\/webs.uab.cat\/cedid\/wp-content\/uploads\/sites\/151\/2022\/12\/cover_issue_9384_ca_ES.jpg\" alt=\"\" class=\"wp-image-6100 size-full\" srcset=\"https:\/\/webs.uab.cat\/cedid\/wp-content\/uploads\/sites\/151\/2022\/12\/cover_issue_9384_ca_ES.jpg 451w, https:\/\/webs.uab.cat\/cedid\/wp-content\/uploads\/sites\/151\/2022\/12\/cover_issue_9384_ca_ES-211x300.jpg 211w\" sizes=\"auto, (max-width: 451px) 100vw, 451px\" \/><\/figure><div class=\"wp-block-media-text__content\">\n<p><strong>Foguet, Francesc, \u00abEl teatre de Baltasar Porcel i la censura franquista\u00bb, <em>Estudis Rom\u00e0nics<\/em>, vol. 38 (2016), p. 213-237.<\/strong><\/p>\n\n\n\n<p>Los expedientes teatrales conservados en el Archivo General de la Administraci\u00f3n de Alcal\u00e1 de Henares sobre algunas de las obras de Baltasar Porcel revelan los tr\u00e1mites, procedimientos y par\u00e1metros que aplicaba el engranaje censor franquista. Este estudio analiza los contenidos de las solicitudes de edici\u00f3n de <em>Els condemnats<\/em> (1959), <em>La simbomba fosca<\/em> (1962) y <em>Teatre<\/em> (1965), y tambi\u00e9n de representaci\u00f3n de <em>Hist\u00f2ria d&#8217;una guerra<\/em>, <em>El general, Roman\u00e7 de cec<\/em>, <em>Els condemnats<\/em>, <em>La simbomba fosca<\/em> y <em>\u00c8xode<\/em>, en este caso representadas por diversas compa\u00f1\u00edas durante el per\u00edodo de 1966 a 1973. Los censores velaban porque los textos que se quisieran publicar o representar se correspondieran con la ortodoxia ideol\u00f3gica y moral del r\u00e9gimen franquista; en este sentido, se mostraron atentos en censurar las piezas que, de manera expl\u00edcita o impl\u00edcita, permit\u00edan extrapolar la cr\u00edtica que se hac\u00eda al contexto l\u00fagubre de la dictadura franquista o directamente atentaban contra los pilares estructurales del r\u00e9gimen, como por ejemplo en Jefe de Estado, la Iglesia o el Ej\u00e9rcito.<\/p>\n<\/div><\/div>\n\n\n\n<hr class=\"wp-block-separator has-alpha-channel-opacity\" \/>\n\n\n\n<div class=\"wp-block-media-text alignwide is-stacked-on-mobile\" style=\"grid-template-columns:15% auto\"><figure class=\"wp-block-media-text__media\"><img loading=\"lazy\" decoding=\"async\" width=\"161\" height=\"250\" src=\"https:\/\/webs.uab.cat\/cedid\/wp-content\/uploads\/sites\/151\/2022\/12\/portada_polis_43-small250.jpg\" alt=\"\" class=\"wp-image-6102 size-full\" \/><\/figure><div class=\"wp-block-media-text__content\">\n<p><strong>Carlos&nbsp;\u00c1ngel&nbsp;Ord\u00e1s, \u201cNoviolencia, objeci\u00f3n de conciencia e insumisi\u00f3n en Espa\u00f1a, 1970-1990\u201d,&nbsp;en <em>Polis<\/em>, n\u00fam. 43&nbsp;(2016)<\/strong><\/p>\n\n\n\n<p>La resistencia al servicio militar obligatorio en Espa\u00f1a durante el \u00faltimo tercio del siglo XX, sirvi\u00f3 para articular un importante movimiento antimilitarista y juvenil. Este movimiento comenz\u00f3 durante la d\u00e9cada de los setenta muy ligado a la doctrina de la noviolencia y su vinculaci\u00f3n con la objeci\u00f3n de conciencia. Durante la d\u00e9cada siguiente la resistencia al servicio militar se hizo cada vez m\u00e1s extensa entre la juventud espa\u00f1ola. La extendida desobediencia a las leyes de conscripci\u00f3n acab\u00f3 forzando el fin del servicio militar obligatorio. Para conseguir este objetivo, los j\u00f3venes desobedientes tuvieron que hacer frente a diversos contextos pol\u00edticos, redefiniendo sus estrategias, logrando conseguir un paulatino aumento de apoyos sociales, consiguiendo un constante trasvase generacional y sobre todo asumiendo y convirtiendo la represi\u00f3n derivada de la desobediencia a las leyes en algo da\u00f1ino para el propio Gobierno.<\/p>\n<\/div><\/div>\n\n\n\n<hr class=\"wp-block-separator has-alpha-channel-opacity\" \/>\n\n\n\n<div class=\"wp-block-media-text alignwide is-stacked-on-mobile\" style=\"grid-template-columns:15% auto\"><figure class=\"wp-block-media-text__media\"><img loading=\"lazy\" decoding=\"async\" width=\"136\" height=\"200\" src=\"https:\/\/webs.uab.cat\/cedid\/wp-content\/uploads\/sites\/151\/2022\/12\/le-juif-et-la-france.jpg\" alt=\"\" class=\"wp-image-6105 size-full\" \/><\/figure><div class=\"wp-block-media-text__content\">\n<p><strong>Antonio C\u00e9sar Moreno Cantano, \u00abPropaganda del odio y del miedo. Una exposici\u00f3n anticomunista en la Francia de Vichy:&nbsp;<em>Le bolchevisme contre l&#8217;Europe<\/em>&nbsp;(1942)\u00bb, a&nbsp;<em>Diacronie. Studi di Storia Contemporanea<\/em>, n\u00fam. 25 (1\/2016).<\/strong><\/p>\n\n\n\n<p>En el n\u00famero 25 de la revista digital&nbsp;<em>Diacronie. Studi di Storia Contemporanea<\/em>, se ha publicado el art\u00edculo de Antonio C\u00e9sar Moreno Cantano titulado \u00abPropaganda del odio y del miedo. Una exposici\u00f3n anticomunista en la Francia de Vichy:&nbsp;<em>Le bolchevisme contre l&#8217;Europe<\/em>&nbsp;(1942)\u00bb.&nbsp;Durante la Segunda Guerra Mundial se potenci\u00f3 en toda la Europa del Eje una serie de&nbsp;actos p\u00fablicos que pretend\u00edan contribuir al odio de determinados grupos sociales.&nbsp;Bajo la estela del Tercer Reich, la Francia de Vichy despleg\u00f3 por todo el pa\u00eds una serie&nbsp;de exhibiciones cuyo objetivo era vilipendiar y deshumanizar a unos colectivos&nbsp;concretos, como eran los jud\u00edos, los comunistas y los masones. Era el caso de&nbsp;exposiciones como La Franc ma\u00e7onnerie d\u00e9voil\u00e8e (1940), Le Juif et la France (1941)&nbsp;o Le Bolchevisme contre l\u00b4Europe (1942), objeto de este estudio. Este art\u00edculo&nbsp;profundiza en las t\u00e9cnicas empleadas en esta propaganda del odio y en los&nbsp;frutos literarios a los que dio lugar. Inscribe la investigaci\u00f3n en la Historia&nbsp;de las emociones, cuyos principales impulsores han sido Peter Burke, Barbara H.&nbsp;Rosenwein o William M. Reddy. Recurre al odio y al miedo como ejes de&nbsp;su discurso hist\u00f3rico y a la explotaci\u00f3n que de ambos sentimientos realizaron las&nbsp;autoridades de la Nueva Francia para lograr el adoctrinamiento de la poblaci\u00f3n hacia&nbsp;una determinada ideolog\u00eda.<\/p>\n\n\n\n<p><a href=\"http:\/\/centresderecerca.uab.cat\/cedid\/sites\/centresderecerca.uab.cat.cedid\/files\/01_CANTANO.pdf\">Enlace al art\u00edculo<\/a><\/p>\n<\/div><\/div>\n\n\n\n<hr class=\"wp-block-separator has-alpha-channel-opacity\" \/>\n\n\n\n<div class=\"wp-block-media-text alignwide is-stacked-on-mobile\" style=\"grid-template-columns:15% auto\"><figure class=\"wp-block-media-text__media\"><img loading=\"lazy\" decoding=\"async\" width=\"141\" height=\"200\" src=\"https:\/\/webs.uab.cat\/cedid\/wp-content\/uploads\/sites\/151\/2022\/12\/SpagnaContemporanea48.jpg\" alt=\"\" class=\"wp-image-6108 size-full\" \/><\/figure><div class=\"wp-block-media-text__content\">\n<p><strong>Steven Forti y Xos\u00e9 M. N\u00fa\u00f1ez Seixas (coords.), \u00abTraiettorie biografiche del fascismo spagnolo\u00bb, a <em>Spagna contemporanea, Semestrale di storia, cultura e bibliografia<\/em>, Anno XXIV, n\u00fam. 48 (2015).<\/strong><\/p>\n\n\n\n<p>En este n\u00famero de la revista&nbsp;<strong><em>Spagna contemporanea&nbsp;<\/em><\/strong>se ha publicado un dosier coordinado por&nbsp;Steven Forti y por Xos\u00e9 M. N\u00fa\u00f1ez Seixas. Este dosier incluye una introducci\u00f3n realizada por los cordinadores (pp. 9-14), un art\u00edculo de Francisco Morente titulado \u00abIl falangista \u00abrivoluzionario\u00bb. Tre momenti nell&#8217;itinerario politico di Dionisio Ridruejo\u00bb (pp. 59-80) y un art\u00edculo del propio Forti, titulado \u00abUn rojo nella Falange. La deriva fascista di \u00d3scar P\u00e9rez Sol\u00eds\u00bb (pp. 105-128). Ambos art\u00edculos son ensayos sobre biograf\u00edas.<\/p>\n<\/div><\/div>\n\n\n\n<hr class=\"wp-block-separator has-alpha-channel-opacity\" \/>\n\n\n\n<div class=\"wp-block-media-text alignwide is-stacked-on-mobile\" style=\"grid-template-columns:15% auto\"><figure class=\"wp-block-media-text__media\"><img loading=\"lazy\" decoding=\"async\" width=\"161\" height=\"200\" src=\"https:\/\/webs.uab.cat\/cedid\/wp-content\/uploads\/sites\/151\/2022\/12\/NeRe-la-une-6-2015_0.jpg\" alt=\"\" class=\"wp-image-6110 size-full\" \/><\/figure><div class=\"wp-block-media-text__content\">\n<p><strong>Miguel \u00c1ngel Del R\u00edo Morillas, \u00abAcci\u00f3n regional e L\u00f3pez Rod\u00f3: il&nbsp;\u00abregionalismo bien entendido\u00bb di Alianza Popular (1976-1977)\u00bb, a&nbsp;<em>Nazioni e Regioni. Studi e richerche sulla comunit\u00e0 immaginata<\/em>, n\u00fam. 6 (2015), pp. 63-80.<\/strong><\/p>\n\n\n\n<p>En este sexto n\u00famero de la revista&nbsp;<em>Nazioni e Regioni<\/em>, especializada en el estudio de la naci\u00f3n y los nacionalismos, se incluye el art\u00edculo de Miguel \u00c1ngel Del R\u00edo Morillas que lleva por t\u00edtulo \u00ab\u00abLa persistenza della nazione\u00bb. Una raccolta critica di studi sul nazionalismo\u00bb. En \u00e9ste, el autor analiza el uso del concepto propio de regionalismo por parte de Alianza Popular en los \u00faltimos meses del franquismo y primeros de la transici\u00f3n a la democracia. Este sexto n\u00famero incluye tambi\u00e9n una rese\u00f1a de Pau Casanellas sobre el libro de Carme Molinero y Pere Ys\u00e0s&nbsp;<em>La cuesti\u00f3n catalana.<\/em>&nbsp;<em>Catalu\u00f1a en la transici\u00f3n espa\u00f1ola<\/em>, Cr\u00edtica, Barcelona, 2014 (pp.118-120).<\/p>\n\n\n\n<p><a href=\"http:\/\/centresderecerca.uab.cat\/cedid\/sites\/centresderecerca.uab.cat.cedid\/files\/NeRe-6_2015_v.3.0.pdf\" target=\"_blank\" rel=\"noreferrer noopener\">Enlace al art\u00edculo<\/a><\/p>\n<\/div><\/div>\n\n\n\n<hr class=\"wp-block-separator has-alpha-channel-opacity\" \/>\n\n\n\n<div class=\"wp-block-media-text alignwide is-stacked-on-mobile\" style=\"grid-template-columns:15% auto\"><figure class=\"wp-block-media-text__media\"><img loading=\"lazy\" decoding=\"async\" width=\"218\" height=\"289\" src=\"https:\/\/webs.uab.cat\/cedid\/wp-content\/uploads\/sites\/151\/2022\/12\/Tiempo-Devorado.png\" alt=\"\" class=\"wp-image-6112 size-full\" \/><\/figure><div class=\"wp-block-media-text__content\">\n<p><strong>Steven Forti, \u00abUn contrato basado en la ambig\u00fcedad. Entrevista con Enric Juliana\u00bb,&nbsp;a<em>&nbsp;Tiempo Devorado. Revista de Historia Actual<\/em>, n\u00fam. 3 (2015), pp. 124-131.<\/strong><\/p>\n\n\n\n<p>En el n\u00famero 3 de \u00abTiempo Devorado. Revista de Historia Actual\u00bb, se ha publicado el dossier titulado \u00abProcessant el \u00abproc\u00e9s\u00bb: sobre l&#8217;onada independentista catalana\u201d, coordinado por Enric Ucelay Da Cal. En \u00e9ste, se encuentra tambi\u00e9n la contribuci\u00f3n de Steven Forti \u00abUn contrato basado en la ambig\u00fcedad. Entrevista con Enric Juliana\u00bb. Se trata de una entrevista con el actual director adjunto de \u00abLa Vanguardia\u00bb sobre el proceso soberanista y la cuesti\u00f3n catalana en las \u00faltimas cuatro d\u00e9cadas.<\/p>\n\n\n\n<p><a href=\"http:\/\/centresderecerca.uab.cat\/cedid\/sites\/centresderecerca.uab.cat.cedid\/files\/FORTI_Entrevista%20Juliana%20(Tiempo%20Devorado,%20032015).pdf\" target=\"_blank\" rel=\"noreferrer noopener\">Enlace al art\u00edculo<\/a><\/p>\n<\/div><\/div>\n\n\n\n<hr class=\"wp-block-separator has-alpha-channel-opacity\" \/>\n\n\n\n<div class=\"wp-block-media-text alignwide is-stacked-on-mobile\" style=\"grid-template-columns:15% auto\"><figure class=\"wp-block-media-text__media\"><img loading=\"lazy\" decoding=\"async\" width=\"154\" height=\"200\" src=\"https:\/\/webs.uab.cat\/cedid\/wp-content\/uploads\/sites\/151\/2022\/12\/Rubrica-Contemporanea-Copia.png\" alt=\"\" class=\"wp-image-6114 size-full\" \/><\/figure><div class=\"wp-block-media-text__content\">\n<p><strong>Steven Forti, \u00abHerida, tatuaje y recuerdo. Experiencia humana, transposici\u00f3n literaria e influencia pol\u00edtica de la Gran Guerra en Curzio Malaparte y Pierre Drieu La Rochelle\u00bb, a&nbsp;<em>Rubrica Contemporanea<\/em>, n\u00fam. 8 (2015), pp. 49-68.<\/strong><\/p>\n\n\n\n<p>En el n\u00famero 8 de la revista <em>Rubrica Contemporanea<\/em> se ha publicado el dossier titulado \u00abGuerres i postguerres a l&#8217;europa contempor\u00e0nia\u00bb coordinado por Maximiliano Fuentes Codera. Entre otras contribuciones, se encuentra el art\u00edculo de Steven Forti titulado \u00abHerida, tatuaje y recuerdo. Experiencia humana, transposici\u00f3n literaria e influencia pol\u00edtica de la Gran Guerra en Curzio Malaparte y Pierre Drieu La Rochelle\u00bb. En este art\u00edculo, Forti ofrece una reflexi\u00f3n acerca de la Gran Guerra como experiencia humana y como herida indeleble en la producci\u00f3n literaria de dos miembros de una generaci\u00f3n de intelectuales nacidos en la \u00faltima d\u00e9cada del siglo XIX, crecidos en la belle \u00e9poque y soldados en las trincheras europeas entre 1914 y 1918, el italiano Curzio Malaparte y el franc\u00e9s Pierre Drieu La Rochelle. Los dos escritores tienen la peculiaridad de haber sido unos tr\u00e1nsfugas entre las grandes ideolog\u00edas del siglo XX.<\/p>\n\n\n\n<p><a href=\"http:\/\/centresderecerca.uab.cat\/cedid\/sites\/centresderecerca.uab.cat.cedid\/files\/FORTI_Herida,%20tatuaje%20y%20recuerdo.%20Malaparte%20y%20Drieu%20La%20Rochelle%20(Rubrica%20Contemporanea,%2042015).pdf\" target=\"_blank\" rel=\"noreferrer noopener\">Enlace al art\u00edculo<\/a><\/p>\n<\/div><\/div>\n\n\n\n<hr class=\"wp-block-separator has-alpha-channel-opacity\" \/>\n\n\n\n<div class=\"wp-block-media-text alignwide is-stacked-on-mobile\" style=\"grid-template-columns:15% auto\"><figure class=\"wp-block-media-text__media\"><img loading=\"lazy\" decoding=\"async\" width=\"300\" height=\"424\" src=\"https:\/\/webs.uab.cat\/cedid\/wp-content\/uploads\/sites\/151\/2022\/12\/Espill.jpg\" alt=\"\" class=\"wp-image-6116 size-full\" srcset=\"https:\/\/webs.uab.cat\/cedid\/wp-content\/uploads\/sites\/151\/2022\/12\/Espill.jpg 300w, https:\/\/webs.uab.cat\/cedid\/wp-content\/uploads\/sites\/151\/2022\/12\/Espill-212x300.jpg 212w\" sizes=\"auto, (max-width: 300px) 100vw, 300px\" \/><\/figure><div class=\"wp-block-media-text__content\">\n<p><strong>Steven Forti, \u00ab<\/strong><strong>V\u00e8ncer, conv\u00e8ncer i subvencionar. Viol\u00e8ncia i consens al feixisme itali\u00e0\u00bb, a<em>&nbsp;L\u2019Espill<\/em> (segunda \u00e9poca), n\u00fam. 49 (2015), pp. 46-59.<\/strong><\/p>\n\n\n\n<p>En el n\u00famero 49 de <em>L\u2019Espill<\/em>, revista fundada por Joan Fuster, se ha publicado un art\u00edculo de Steven Forti titulado \u00abV\u00e8ncer, conv\u00e8ncer i subvencionar. Viol\u00e8ncia i consens al feixisme itali\u00e0\u00bb. En \u00e9l el autor presenta unas reflexiones sobre las cuestiones de la violencia, la represi\u00f3n y el consenso en el r\u00e9gimen fascista italiano, analizando tanto los organismos de represi\u00f3n creados por el r\u00e9gimen de Mussolini (polic\u00eda pol\u00edtica, Tribunal Especial, confinamiento pol\u00edtico, etc.) como los que intentaron mantener y aumentar el consenso entre la poblaci\u00f3n (partido, sindicatos, OND, GIL, GUF, etc.).<\/p>\n<\/div><\/div>\n\n\n\n<hr class=\"wp-block-separator has-alpha-channel-opacity\" \/>\n\n\n\n<div class=\"wp-block-media-text alignwide is-stacked-on-mobile\" style=\"grid-template-columns:15% auto\"><figure class=\"wp-block-media-text__media\"><img loading=\"lazy\" decoding=\"async\" width=\"307\" height=\"448\" src=\"https:\/\/webs.uab.cat\/cedid\/wp-content\/uploads\/sites\/151\/2022\/12\/20140210-FT-1.jpg\" alt=\"\" class=\"wp-image-6118 size-full\" srcset=\"https:\/\/webs.uab.cat\/cedid\/wp-content\/uploads\/sites\/151\/2022\/12\/20140210-FT-1.jpg 307w, https:\/\/webs.uab.cat\/cedid\/wp-content\/uploads\/sites\/151\/2022\/12\/20140210-FT-1-206x300.jpg 206w\" sizes=\"auto, (max-width: 307px) 100vw, 307px\" \/><\/figure><div class=\"wp-block-media-text__content\">\n<p><em><strong>Franquisme &amp; Transici\u00f3<\/strong><\/em><strong>, n\u00fam. 3 (2015)<\/strong><\/p>\n\n\n\n<p>Ha aparecido el tercer n\u00famero de la revista<em><strong> Franquisme &amp; Transici\u00f3.<\/strong>&nbsp;<\/em>En \u00e9ste, en la secci\u00f3n de <em>Estudis,&nbsp;<\/em>se incluyen los art\u00edculos de Enric Gall\u00e9n y Jos\u00e9 Miguel Cuesta G\u00f3mez; en la secci\u00f3n <em>Documents<\/em>, se encuentran los art\u00edculos de Francesc Foguet i Boreu i Miguel \u00c1ngel Del R\u00edo Morillas. Finalmente, en la secci\u00f3n<em> Estudis bibliogr\u00e0fics i ressenyes,&nbsp;<\/em>se encuentra el texto de Francesc Vilanova i Vila-Abadal.<\/p>\n\n\n\n<p><a href=\"https:\/\/www.dictatorships-democracies.com\/187\/volume\/0\/issue\/3\/\" target=\"_blank\" rel=\"noreferrer noopener\">Acceso a la revista<\/a><\/p>\n<\/div><\/div>\n\n\n\n<hr class=\"wp-block-separator has-alpha-channel-opacity\" \/>\n\n\n\n<div class=\"wp-block-media-text alignwide is-stacked-on-mobile\" style=\"grid-template-columns:15% auto\"><figure class=\"wp-block-media-text__media\"><img loading=\"lazy\" decoding=\"async\" width=\"139\" height=\"200\" src=\"https:\/\/webs.uab.cat\/cedid\/wp-content\/uploads\/sites\/151\/2022\/12\/spagna-contemporanea.png\" alt=\"\" class=\"wp-image-6120 size-full\" \/><\/figure><div class=\"wp-block-media-text__content\">\n<p><strong>Mart\u00ed Mar\u00edn Corbera: \u00abMigrantes, fronteras y fascismos. El control de los desplazamientos por parte del r\u00e9gimen franquista, 1939-1965\u00bb, a&nbsp;<em>Spagna contemporanea<\/em>,&nbsp;<\/strong><em><strong>Semestrale di storia, cultura e bibliografia.&nbsp;<\/strong><\/em><strong>Anno XXIV, n\u00fam. 47 (2015), pp. 79-94.<\/strong><\/p>\n\n\n\n<p>En este n\u00famero de la revista <em>Spagna contemporanea&nbsp;<\/em>se incluye el art\u00edculo de Mart\u00ed Mar\u00edn que tiene como t\u00edtulo \u00abMigrantes, fronteras y fascismos. El control de los desplazamientos por parte del r\u00e9gimen franquista, 1939-1965\u00bb. En \u00e9ste, el autor enfoca la perspectiva del r\u00e9gimen franquista respecto a los desplazamientos internos de poblaci\u00f3n que se dan en Espa\u00f1a durante una parte significativa de su existencia. En contra de algunas creencias infundadas, Mar\u00edn argumenta y analiza la preocupaci\u00f3n de las autoridades de la dictadura frente a los movimientos de poblaci\u00f3n masivos que tratan de frenar y revertir.<\/p>\n<\/div><\/div>\n\n\n\n<hr class=\"wp-block-separator has-alpha-channel-opacity\" \/>\n\n\n\n<div class=\"wp-block-media-text alignwide is-stacked-on-mobile\" style=\"grid-template-columns:15% auto\"><figure class=\"wp-block-media-text__media\"><img loading=\"lazy\" decoding=\"async\" width=\"150\" height=\"188\" src=\"https:\/\/webs.uab.cat\/cedid\/wp-content\/uploads\/sites\/151\/2022\/12\/coberta-1.png\" alt=\"\" class=\"wp-image-6122 size-full\" \/><\/figure><div class=\"wp-block-media-text__content\">\n<p><strong>Carme Molinero Ruiz y Pere Ys\u00e0s Solanes: \u00abUn proceso polic\u00e9ntrico. La transici\u00f3n de la dictadura a la democracia en Espa\u00f1a\u00bb, a <em>Avances del Cesor<\/em><em>,&nbsp;revista cient\u00edfica editada por el nodo CESOR (Centro de Estudios Sociales Regionales) de la Unidad Ejecutora en Red, ISHIR (Investigaciones Socio-hist\u00f3ricas Regionales) dependiente del Consejo Nacional de Investigaciones Cient\u00edficas y T\u00e9cnicas (CONICET) y de la Universidad Nacional de Rosario (UNR)<\/em>, vol. 12, n\u00fam. 12 (2015, primer semestre), pp. 189-207.<\/strong><\/p>\n\n\n\n<p>La transici\u00f3n de la dictadura a la democracia en Espa\u00f1a cuenta ya con una bibliograf\u00eda importante aunque&nbsp;su caracterizaci\u00f3n es notablemente diversa entre distintas corrientes historiogr\u00e1ficas. Sin embargo, un&nbsp;elemento notablemente com\u00fan a las diferentes interpretaciones es la escasa atenci\u00f3n prestada a la din\u00e1mica&nbsp;desarrollada entre centro y periferia.&nbsp;<\/p>\n\n\n\n<p>El art\u00edculo parte de la tesis de que, por un lado, la transici\u00f3n de la dictadura a la democracia en los a\u00f1os setenta&nbsp;fue posible porque la oposici\u00f3n pol\u00edtica-social se hab\u00eda extendido suficientemente como para conseguir que&nbsp;el r\u00e9gimen instaurado en 1939 sufriera una crisis profunda antes de la muerte de Franco. Por otro lado,&nbsp;sostiene que la din\u00e1mica pol\u00edtica en la periferia peninsular fue decisiva en el empuje del antifranquismo observado globalmente. A partir de ambas premisas, en el art\u00edculo se analizar\u00e1n los elementos que permiten sostener una visi\u00f3n m\u00e1s compleja del proceso general que desembocar\u00e1 en la instauraci\u00f3n de la democracia en Espa\u00f1a y que tiene uno de sus corolarios m\u00e1s destacados en la implantaci\u00f3n del modelo auton\u00f3mico para la organizaci\u00f3n territorial del Estado, rompiendo con el centralismo exacerbado durante la dictadura.<\/p>\n\n\n\n<p><a href=\"http:\/\/centresderecerca.uab.cat\/cedid\/sites\/centresderecerca.uab.cat.cedid\/files\/Un%20proceso%20polic\u00e9ntrico.pdf\" target=\"_blank\" rel=\"noreferrer noopener\">Enlace al art\u00edculo<\/a><\/p>\n<\/div><\/div>\n\n\n\n<hr class=\"wp-block-separator has-alpha-channel-opacity\" \/>\n\n\n\n<div class=\"wp-block-media-text alignwide is-stacked-on-mobile\" style=\"grid-template-columns:15% auto\"><figure class=\"wp-block-media-text__media\"><img loading=\"lazy\" decoding=\"async\" width=\"150\" height=\"200\" src=\"https:\/\/webs.uab.cat\/cedid\/wp-content\/uploads\/sites\/151\/2022\/12\/cover_issue_299_pt_BR_0.jpg\" alt=\"\" class=\"wp-image-6124 size-full\" \/><\/figure><div class=\"wp-block-media-text__content\">\n<p><strong>Manel Risques Corbella: \u00abLa dictadura franquista\u00bb, a&nbsp;<em>Revista Reflex\u00e3o e A\u00e7\u00e3o<\/em>, vol. 23, n\u00fam. 2, juliol-octubre 2015, pp. 170-197.<\/strong><\/p>\n\n\n\n<p>El franquismo fue una larga dictadura que se fund\u00f3 con el golpe de Estado del 18 de julio de 1936, se ratific\u00f3 en 1939 y perdur\u00f3 hasta 1977, m\u00e1s all\u00e1 de la muerte de Franco. Se molde\u00f3 a semejanza de los reg\u00edmenes fascistas, a los que sobrevivi\u00f3 tras la victoria de los aliados en 1945. Fue introduciendo determinados cambios en su ordenaci\u00f3n pol\u00edtica y econ\u00f3mica que le permitieron sobrevivir a una larga postguerra de 20 a\u00f1os, caracterizada por la miseria, el hambre y la represi\u00f3n. En los a\u00f1os 60 experiment\u00f3 su m\u00e1ximo apogeo al abrir la econom\u00eda espa\u00f1ola al gran crecimiento econ\u00f3mico occidental lo que permiti\u00f3 un fuerte desarrollo y una profunda transformaci\u00f3n social si bien se mantuvo un estricto inmovilismo pol\u00edtico. La incapacidad del r\u00e9gimen para atender a las nuevas demandas sociales y a las aspiraciones de cambio democr\u00e1tico de una parte de la sociedad, vertebradas por el antifranquismo, si no era a trav\u00e9s de la represi\u00f3n, acentu\u00f3 sus divisiones internas y le impidi\u00f3 disponer de un proyecto pol\u00edtico claro a la muerte del dictador m\u00e1s all\u00e1 de la simple continuidad. Se iniciaba una incierta transici\u00f3n pol\u00edtica.<\/p>\n\n\n\n<p><a href=\"http:\/\/centresderecerca.uab.cat\/cedid\/sites\/centresderecerca.uab.cat.cedid\/files\/6464-28731-1-PB.pdf\" target=\"_blank\" rel=\"noreferrer noopener\">Enlace al art\u00edculo<\/a><\/p>\n<\/div><\/div>\n\n\n\n<hr class=\"wp-block-separator has-alpha-channel-opacity\" \/>\n\n\n\n<div class=\"wp-block-media-text alignwide is-stacked-on-mobile\" style=\"grid-template-columns:15% auto\"><figure class=\"wp-block-media-text__media\"><img loading=\"lazy\" decoding=\"async\" width=\"150\" height=\"212\" src=\"https:\/\/webs.uab.cat\/cedid\/wp-content\/uploads\/sites\/151\/2022\/12\/1183_es-1.png\" alt=\"\" class=\"wp-image-6126 size-full\" \/><\/figure><div class=\"wp-block-media-text__content\">\n<p><strong>Daniel Vall\u00e8s Mu\u00f1\u00edo: \u00abEl TEDH no cuestiona la Ley de la Memoria Hist\u00f3rica, pero podr\u00eda. Comentario de la STEDH de 4 de noviembre de 2014, caso Ruiz-Funes contra Espa\u00f1a\u00bb, a&nbsp;<em>InDret. Revista para el an\u00e1lisis del Derecho<\/em> (www.indret.com), n\u00fam. 4 (2015), pp. 1-19.<\/strong><\/p>\n\n\n\n<p>En este art\u00edculo publicado por InDret, revista especializada en el an\u00e1lisis del Derecho, Daniel Vall\u00e8s expone el camino judicial que ha realizado la familia del catedr\u00e1tico de derecho penal Mariano Ruiz-Funes Garc\u00eda para intentar recuperar los bienes que le fueron incautados por el r\u00e9gimen franquista o para conseguir una indemnizaci\u00f3n por dicha incautaci\u00f3n.&nbsp;Su devenir judicial acaba ante el Tribunal Europeo de Derechos Humanos, el cual no se cuestiona en ning\u00fan momento la correcci\u00f3n de la Ley de la Memoria Hist\u00f3rica. \u00c9sta, evita la anulaci\u00f3n de las sentencias franquistas y \u00fanicamente opta por la declaraci\u00f3n de su ilegitimidad.<\/p>\n\n\n\n<p><a href=\"http:\/\/www.indret.com\/pdf\/1183_es.pdf\">Enlace al art\u00edculo<\/a><\/p>\n<\/div><\/div>\n\n\n\n<hr class=\"wp-block-separator has-alpha-channel-opacity\" \/>\n\n\n\n<div class=\"wp-block-media-text alignwide is-stacked-on-mobile\" style=\"grid-template-columns:15% auto\"><figure class=\"wp-block-media-text__media\"><img loading=\"lazy\" decoding=\"async\" width=\"150\" height=\"212\" src=\"https:\/\/webs.uab.cat\/cedid\/wp-content\/uploads\/sites\/151\/2022\/12\/Nazioni-e-Regioni-5-2015.png\" alt=\"\" class=\"wp-image-6128 size-full\" \/><\/figure><div class=\"wp-block-media-text__content\">\n<p><strong>Andrea Geniola: \u00ab\u00abLa persistenza della nazione\u00bb. Una raccolta critica di studi sul nazionalismo\u00bb, a&nbsp;<em>Nazioni e Regioni. Studi e richerche sulla comunit\u00e0 immaginata<\/em>, n\u00fam. 5 (2015), pp. 149-167.<\/strong><\/p>\n\n\n\n<p>En este quinto n\u00famero de la revista \u2018Nazioni e Regioni\u2019, especializada en el estudio de la naci\u00f3n y los nacionalismos, se incluye un art\u00edculo de Andrea Geniola que tiene por t\u00edtulo \u00ab\u00abLa persistenza della nazione\u00bb. Una raccolta critica di studi sul nazionalismo\u00bb. En este el autor realiza una interesante rese\u00f1a de la obra editada por Ferran Archiles <em>La persist\u00e8ncia de la naci\u00f3. Estudis sobre nacionalisme&nbsp;<\/em>(2015), una de las \u00faltimas obras de la colecci\u00f3n \u00abEl m\u00f3n de les nacions\u00bb de la editorial Afers y que da voz, desde una perspectiva interdisciplinar, a algunos de los mayores especialistas sobre el estudio de los nacionalismos.&nbsp;<\/p>\n\n\n\n<p><a href=\"http:\/\/www.nazionieregioni.it\/wp-content\/uploads\/NeRe-52015.pdf\" target=\"_blank\" rel=\"noreferrer noopener\">Enlace al n\u00famero<\/a>&nbsp;<\/p>\n<\/div><\/div>\n\n\n\n<hr class=\"wp-block-separator has-alpha-channel-opacity\" \/>\n\n\n\n<div class=\"wp-block-media-text alignwide is-stacked-on-mobile\" style=\"grid-template-columns:15% auto\"><figure class=\"wp-block-media-text__media\"><img loading=\"lazy\" decoding=\"async\" width=\"150\" height=\"200\" src=\"https:\/\/webs.uab.cat\/cedid\/wp-content\/uploads\/sites\/151\/2022\/12\/20150212-circunstancias-moreno-cantano_0.png\" alt=\"\" class=\"wp-image-6130 size-full\" \/><\/figure><div class=\"wp-block-media-text__content\">\n<p><strong>Moreno Cantano, Antonio C\u00e9sar y L\u00f3pez Zapico, Misael Arturo: \u201cPropaganda positiva en la Francia ocupada y el r\u00e9gimen de Vichy: el ciclo de exposiciones de la France Europ\u00e9ene\u201d, a <em>Circunstancia<\/em>. A\u00f1o XIII, n\u00fam 36 (enero 2015).<\/strong><\/p>\n\n\n\n<p>La propaganda jug\u00f3 un papel esencial dentro del proceso de brutalizaci\u00f3n que experiment\u00f3 la sociedad europea durante la primera mitad del siglo XX. El clima b\u00e9lico que caracteriz\u00f3 la d\u00e9cada de los treinta con el auge de los fascismos acab\u00f3 germinando en un discurso de miedo y odio que se radicaliz\u00f3 con el estallido de la segunda guerra mundial. Sin embargo, durante este mismo periodo tambi\u00e9n se desarroll\u00f3 una propaganda positiva que buscaba mostrar a la sociedad la bondad del proyecto pol\u00edtico de estos reg\u00edmenes totalitarios. En el presente art\u00edculo se presenta un ejemplo de esta propaganda de afirmaci\u00f3n a trav\u00e9s del an\u00e1lisis de un ciclo expositivo celebrado en Par\u00eds que sirve para dejar patente las contradicciones del discurso oficial del R\u00e9gimen de Vichy y sus complejas relaciones con un Tercer Reich preocupado \u00fanicamente de sus propios intereses.<\/p>\n<\/div><\/div>\n","protected":false},"excerpt":{"rendered":"<p>Vall\u00e8s Mu\u00f1\u00edo, Daniel, \u00abSituaciones asimiladas al alta en supuestos relacionados con el franquismo: el Servicio Social. Comentario de la sentencia n\u00ba 1950\/2016 del Tribunal Superior de Justicia del Pa\u00eds Vasco\u00bb, IusLabor, n\u00fam. 3 (2016) La Sentencia n\u00ba&nbsp;1950\/2016 del Tribunal de Justicia del Pa\u00eds Vasco establece que el tiempo&nbsp;que las mujeres prestaron al Servicio Social tiene [&hellip;]<\/p>\n","protected":false},"author":20,"featured_media":0,"parent":0,"menu_order":0,"comment_status":"closed","ping_status":"closed","template":"","meta":{"footnotes":""},"class_list":["post-1897","page","type-page","status-publish","hentry"],"_links":{"self":[{"href":"https:\/\/webs.uab.cat\/cedid\/es\/wp-json\/wp\/v2\/pages\/1897","targetHints":{"allow":["GET"]}}],"collection":[{"href":"https:\/\/webs.uab.cat\/cedid\/es\/wp-json\/wp\/v2\/pages"}],"about":[{"href":"https:\/\/webs.uab.cat\/cedid\/es\/wp-json\/wp\/v2\/types\/page"}],"author":[{"embeddable":true,"href":"https:\/\/webs.uab.cat\/cedid\/es\/wp-json\/wp\/v2\/users\/20"}],"replies":[{"embeddable":true,"href":"https:\/\/webs.uab.cat\/cedid\/es\/wp-json\/wp\/v2\/comments?post=1897"}],"version-history":[{"count":2,"href":"https:\/\/webs.uab.cat\/cedid\/es\/wp-json\/wp\/v2\/pages\/1897\/revisions"}],"predecessor-version":[{"id":6132,"href":"https:\/\/webs.uab.cat\/cedid\/es\/wp-json\/wp\/v2\/pages\/1897\/revisions\/6132"}],"wp:attachment":[{"href":"https:\/\/webs.uab.cat\/cedid\/es\/wp-json\/wp\/v2\/media?parent=1897"}],"curies":[{"name":"wp","href":"https:\/\/api.w.org\/{rel}","templated":true}]}}