{"id":2351,"date":"2019-01-23T13:37:55","date_gmt":"2019-01-23T13:37:55","guid":{"rendered":"https:\/\/webs.uab.cat\/cedid\/2019-3\/"},"modified":"2022-12-12T10:00:22","modified_gmt":"2022-12-12T10:00:22","slug":"2019-3","status":"publish","type":"page","link":"https:\/\/webs.uab.cat\/cedid\/es\/2019-3\/","title":{"rendered":"2019"},"content":{"rendered":"\n<p>&nbsp;<\/p>\n\n\n\n<p><strong><a href=\"http:\/\/centresderecerca.uab.cat\/cedid\/sites\/centresderecerca.uab.cat.cedid\/files\/libros_2018-2019_cas.pdf\" target=\"_blank\" rel=\"noopener\">Enlace: relaci\u00f3n de libros publicados entre 2018 y 2019 por las investigadoras e investigadores del CEDID <\/a><\/strong><\/p>\n\n\n\n<p><strong><a href=\"http:\/\/centresderecerca.uab.cat\/cedid\/sites\/centresderecerca.uab.cat.cedid\/files\/capitulos_de_libro_2018-2019_cas.pdf\" target=\"_blank\" rel=\"noopener\">Enlace: relaci\u00f3n de cap\u00edtulos de libro publicados entre 2018 y 2019 por las investigadoras e investigadores del CEDID<\/a><\/strong><\/p>\n\n\n\n<div class=\"wp-block-media-text alignwide is-stacked-on-mobile\" style=\"grid-template-columns:15% auto\"><figure class=\"wp-block-media-text__media\"><img loading=\"lazy\" decoding=\"async\" width=\"229\" height=\"323\" src=\"https:\/\/webs.uab.cat\/cedid\/wp-content\/uploads\/sites\/151\/2022\/12\/9788417188856.jpg\" alt=\"\" class=\"wp-image-5663 size-full\" srcset=\"https:\/\/webs.uab.cat\/cedid\/wp-content\/uploads\/sites\/151\/2022\/12\/9788417188856.jpg 229w, https:\/\/webs.uab.cat\/cedid\/wp-content\/uploads\/sites\/151\/2022\/12\/9788417188856-213x300.jpg 213w\" sizes=\"auto, (max-width: 229px) 100vw, 229px\" \/><\/figure><div class=\"wp-block-media-text__content\">\n<p><strong>Risques,&nbsp;Manel (ed.):&nbsp;<em>Mu\u00f1oz Ramonet: retrat d\u2019un home sense imatge<\/em>,&nbsp;Barcelona, Comanegra, 2019.<\/strong><\/p>\n\n\n\n<p>Julio Mu\u00f1oz Ramonet es una de las figuras m\u00e1s enigm\u00e1ticas de la sociedad bareclonesa de mediados del siglo XX.&nbsp;Durante d\u00e9cadas fue uno de los hombres m\u00e1s poderosos de la ciudad i, pese a ello, fue un <em>hombre sin imagen<\/em>, del que han trascendido poqu\u00edsimas fotografias.&nbsp;Las operaciones&nbsp;de Mu\u00f1oz nunca&nbsp;eran del todo&nbsp;claras. El largo&nbsp;litigio en torno del legado&nbsp;de su gran colecci\u00f3n art\u00edstica, conseguida en a\u00f1os de negocios nebulosos o directamente oscuros, es&nbsp;lo que ha marcado m\u00e1s el nombre desde su muerte&nbsp;(Suiza, 1991). Pero&nbsp;Mu\u00f1oz Ramonet es&nbsp;el estandarte de una forma&nbsp;de hacer dinero, representa la vanguardia&nbsp;del liberalismo sin regulaciones de nuestra contempoaneidad y de una \u00e9poca que parece proyectarse sobre el presente.<\/p>\n\n\n\n<p>La aportaci\u00f3n de este libro se plantea como una obra poli\u00e9drica que pretende, sobre todo, entrar en el personaje, en su actividad como empresario y en su dimensi\u00f3n como coleccionista.&nbsp;Por ello&nbsp;se construye a partir de un conjunto de textos in\u00e9ditos, de autores que ya han trabajado sobre&nbsp;Julio Mu\u00f1oz Ramonet y&nbsp;de otros&nbsp;que se&nbsp;estrenan en su estudio, con nuevas miradas y nuevas&nbsp;investigaciones para&nbsp;alumbrar&nbsp;un relato lleno&nbsp;de inc\u00f3gnitas.<\/p>\n<\/div><\/div>\n\n\n\n<p><\/p>\n\n\n\n<hr class=\"wp-block-separator has-alpha-channel-opacity\" \/>\n\n\n\n<div class=\"wp-block-media-text alignwide is-stacked-on-mobile\" style=\"grid-template-columns:15% auto\"><figure class=\"wp-block-media-text__media\"><img loading=\"lazy\" decoding=\"async\" width=\"150\" height=\"207\" src=\"https:\/\/webs.uab.cat\/cedid\/wp-content\/uploads\/sites\/151\/2022\/12\/coberta_vca_0.png\" alt=\"\" class=\"wp-image-5666 size-full\" \/><\/figure><div class=\"wp-block-media-text__content\">\n<p><strong>Vicent Cremades i Arland\u00eds, La transici\u00f3 a la democr\u00e0cia a Gandia (1973-1983). Els moviments socials a la Safor, Val\u00e8ncia, Instituci\u00f3 Alfons el Magn\u00e0nim, 2019<\/strong><\/p>\n\n\n\n<p>El objetivo de esta obra se centra en investigar, desde los movimientos sociales, la transici\u00f3n a la democracia en Gandia y la comarca de la Safor, a partir de la documentaci\u00f3n hallada en archivos p\u00fablicos y privados, as\u00ed como de testimonios de personas que vivieron aquellos tiempos en que trabajaron y lucharon contra la noche franquista. En la d\u00e9cada de 1950 el Instituto Laboral y la Escuela P\u00eda se convirtieron en una especie de oasis dentro del r\u00e9gimen. All\u00ed se form\u00f3 toda una juventud inquieta que m\u00e1s adelante ser\u00eda la protagonista de la transici\u00f3n pol\u00edtica. Asimismo, el autor se adentra en el camino de la reforma, en los procesos electorales y en la consolidaci\u00f3n de la democracia, y ofrece un testimonio exhaustivo de la memoria democr\u00e1tica e hist\u00f3rica de la comarca de la Safor.<\/p>\n<\/div><\/div>\n\n\n\n<p><\/p>\n\n\n\n<hr class=\"wp-block-separator has-alpha-channel-opacity\" \/>\n\n\n\n<div class=\"wp-block-media-text alignwide is-stacked-on-mobile\" style=\"grid-template-columns:15% auto\"><figure class=\"wp-block-media-text__media\"><img loading=\"lazy\" decoding=\"async\" width=\"150\" height=\"213\" src=\"https:\/\/webs.uab.cat\/cedid\/wp-content\/uploads\/sites\/151\/2022\/12\/solidaritat_justicia_memoria.jpg_150024102.png\" alt=\"\" class=\"wp-image-5670 size-full\" \/><\/figure><div class=\"wp-block-media-text__content\">\n<p><strong>C\u00e9sar Lorenzo, <em>Solidaritat, just\u00edcia, mem\u00f2ria<\/em>, Barcelona, Generalitat de Catalunya, 2019.<\/strong><\/p>\n\n\n\n<p>En las postrimer\u00edas del franquismo algunas personas que hab\u00edan estado encarceladas por su actividad de oposici\u00f3n decidieron seguir implicadas en la lucha contra la dictadura a trav\u00e9s de nuevas formas de organizaci\u00f3n. Primero, ayudando a los centenares de encarcelados que permanecieron entre rejas m\u00e1s all\u00e1 de la muerte del dictadr. Luego, ofreciendo asistencia jur\u00eddica y econ\u00f3mica a los compa\u00f1eros y compa\u00f1eras de lucha clandestina que una vez recuperadas las libertades democr\u00e1ticas se hallaron en una situaci\u00f3n de desamparo y precariedad. Y, finalmente, transcurridos los a\u00f1os, por el reconocimiento p\u00fablico de su sacrificio, la conservaci\u00f3n de la memoria de la resistencia contra el fascismo y contra la tergiversaci\u00f3n de la historia de la dictadura. \u00c9ste ha sido el hilo rojo que une la larga trayectoria militante que atesora la Associaci\u00f3 Catalana d\u2019Expresos Pol\u00edtics del Franquisme. Desde la solidaridad hacia las personas represaliadas durante la d\u00e9cada de los a\u00f1os setenta hasta la vocaci\u00f3n pedag\u00f3gica y divulgativa de sus experiencias en el siglo XXI, pasando por la presi\u00f3n a los poderes p\u00fablicos para el reconocimiento legal de los sufrimientos padecidos, la historia de la Associaci\u00f3 d\u2019Expresos es tambi\u00e9n la historia de c\u00f3mo nuestra sociedad se ha relacionado con un pasado que todav\u00eda hoy se mantiene muy presente.<\/p>\n<\/div><\/div>\n\n\n\n<p><\/p>\n\n\n\n<hr class=\"wp-block-separator has-alpha-channel-opacity\" \/>\n\n\n\n<div class=\"wp-block-media-text alignwide is-stacked-on-mobile\" style=\"grid-template-columns:15% auto\"><figure class=\"wp-block-media-text__media\"><img loading=\"lazy\" decoding=\"async\" width=\"150\" height=\"235\" src=\"https:\/\/webs.uab.cat\/cedid\/wp-content\/uploads\/sites\/151\/2022\/12\/edition-97347-236x371-1.png\" alt=\"\" class=\"wp-image-5674 size-full\" \/><\/figure><div class=\"wp-block-media-text__content\">\n<p><strong>Carme Molinero y Pere Ys\u00e0s (eds.): <em>Transiciones. Estudios sobre Europa del Sur y Am\u00e9rica Latina<\/em>, Madrid, Los Libros de la Catarata, 2019.<\/strong><\/p>\n\n\n\n<p>Portugal, Espa\u00f1a, Chile y Argentina vivieron, entre mediados de los a\u00f1os setenta y los ochenta, un proceso de transici\u00f3n tras el final de las respectivas dictaduras que hubieron de padecer. No siempre es cierto que tras la tormenta llegue la calma, pues la lucha contra la inercia de estos reg\u00edmenes suele convertirse en un tenaz obst\u00e1culo en el camino hacia la democracia. Pero \u00bfes este el destino que realmente se alcanza o es la normalizaci\u00f3n -la adaptaci\u00f3n- de los anteriores engranajes al mecanismo democr\u00e1tico? En cualquier caso, fueron procesos protagonizados por la pugna entre el cambio y la continuidad, lo nuevo y lo viejo, el di\u00e1logo y las armas, la memoria y el olvido; y, asimismo, fueron muchas las personas que, tambi\u00e9n desde \u00e1mbitos que trascend\u00edan la esfera pol\u00edtica, perseveraron en exigir los muchos saneamientos y reparaciones de las heridas causadas por las dictaduras. Cuatro transiciones con algunas similitudes y con notables diferencias, desarrolladas en contextos espaciales y temporales distintos, sobre las que en este libro se analizan aspectos clave. Cuatro procesos transicionales particularmente relevantes de la tercera ola de democratizaciones, sobre los que los autores, a trav\u00e9s de una detallada y necesaria contextualizaci\u00f3n, aportan nuevos conocimientos y reflexiones para su mejor comprensi\u00f3n. El libro es producto del proyecto de investigaci\u00f3n <em>Transiciones a la democracia en el sur de Europa y en Am\u00e9rica Latina: Espa\u00f1a, Portugal, Argentina y Chile <\/em>(HAR2015-63657-P).<\/p>\n\n\n\n<p><a rel=\"noopener\" href=\"http:\/\/centresderecerca.uab.cat\/cedid\/sites\/centresderecerca.uab.cat.cedid\/files\/indtr.pdf\" target=\"_blank\"><strong>\u00cdndice del libro<\/strong><\/a><\/p>\n<\/div><\/div>\n\n\n\n<p><\/p>\n\n\n\n<hr class=\"wp-block-separator has-alpha-channel-opacity\" \/>\n\n\n\n<div class=\"wp-block-media-text alignwide is-stacked-on-mobile\" style=\"grid-template-columns:15% auto\"><figure class=\"wp-block-media-text__media\"><img loading=\"lazy\" decoding=\"async\" width=\"150\" height=\"236\" src=\"https:\/\/webs.uab.cat\/cedid\/wp-content\/uploads\/sites\/151\/2022\/12\/apvmto.jpg\" alt=\"\" class=\"wp-image-5678 size-full\" \/><\/figure><div class=\"wp-block-media-text__content\">\n<p><strong>Angelina Puig Valls [con Teresa Mar\u00eda Ortega L\u00f3pez], Andaluc\u00eda y Catalunya: Dictadura y emigraci\u00f3n, Barcelona, Edicions Bellaterra, 2019.<\/strong><\/p>\n\n\n\n<p>Una de las virtudes de la Historia es poner las cosas en su sitio, por eso resulta imprescindible aunque su conocimiento pueda causar incomodidad. La cuesti\u00f3n agraria de la Guerra Civil hizo de Andaluc\u00eda la \u201cpartera\u201d del Franquismo. Una dictadura que sembr\u00f3 en la misma medida terror, miedo, intolerancia e intransigencia a la vez que pobreza, hambre, desempleo y emigraci\u00f3n. Este libro presenta la emigraci\u00f3n granadina a Sabadell en la segunda mitad del siglo XX y se inscribe en los estudios sobre el paso de la gente del campo a la ciudad con la industrializaci\u00f3n. Y, en este caso, como principal aportaci\u00f3n, desvela que las causas de la inmigraci\u00f3n no fueron siempre, ni exclusivamente, econ\u00f3micas. En \u00e9l se sostiene que los hombres y mujeres que llegaron de otros pueblos de Espa\u00f1a, principalmente de Andaluc\u00eda, junto con la poblaci\u00f3n nacida en Catalunya (a veces proveniente de inmigraciones anteriores), se convirtieron en parte consubstancial de la construcci\u00f3n de una sociedad democr\u00e1tica.<\/p>\n<\/div><\/div>\n\n\n\n<p><\/p>\n\n\n\n<hr class=\"wp-block-separator has-alpha-channel-opacity\" \/>\n\n\n\n<div class=\"wp-block-media-text alignwide is-stacked-on-mobile\" style=\"grid-template-columns:15% auto\"><figure class=\"wp-block-media-text__media\"><img loading=\"lazy\" decoding=\"async\" width=\"150\" height=\"200\" src=\"https:\/\/webs.uab.cat\/cedid\/wp-content\/uploads\/sites\/151\/2022\/12\/coberta-1_2.png\" alt=\"\" class=\"wp-image-5680 size-full\" \/><\/figure><div class=\"wp-block-media-text__content\">\n<p><strong>Carme Molinero; Ricard Mart\u00ednez i Muntada &amp; Brice Chamouleau (eds.), Congr\u00e9s Internacional \/ Congreso Internacional \/ Congr\u00e8s International \/ International Conference 68s. Barcelona, 29-30.11.2018: Actes \/ Actas \/ Actes \/ Proceedings, Barcelona, CEDID-UAB, 2019.<\/strong><\/p>\n\n\n\n<p>El libro, de acceso abierto, recoge las actas del congreso internacional <em><strong>68s<\/strong><\/em>, celebrado en Barcelona los d\u00edas 29 y 30 de noviembre de 2018.<\/p>\n\n\n\n<p>Presentaci\u00f3n del congreso:<\/p>\n\n\n\n<p>\u201cEl cincuentenario de los acontecimientos que a lo largo de 1968 conmovieron sociedades muy diversas de la geograf\u00eda mundial constituye una oportuna ocasi\u00f3npara reflexionar sobre los mismos y examinar los elementos que permiten trazar tanto vinculaciones como disparidades entre los distintos casos.<\/p>\n\n\n\n<p>Se tratar\u00eda, en este sentido, de profundizar en el conocimiento de aquellos procesos, aportando y compartiendo miradas que, aun sin pretensi\u00f3n de exhaustividad, s\u00ed pongan de relieve tanto los rasgos comunes de los fen\u00f3menos estudiados como su amplia diversidad geogr\u00e1fica y social. Asimismo, convendr\u00e1 tomar en consideraci\u00f3n las m\u00faltiples vertientes desde las cuales cabe abordar su estudio: perspectivas sociales, pol\u00edticas y culturales, todas ellas susceptibles de articularse para ofrecer una comprensi\u00f3n m\u00e1s integral del objeto de investigaci\u00f3n.<\/p>\n\n\n\n<p>Por \u00faltimo, pero no menos importante, ser\u00e1 preciso inscribir la fecha de 1968 en una temporalidad mucho m\u00e1s extensa \u2013los a\u00f1os sesenta y hasta mediados de los setenta-, durante la cual se desarrollaron procesos de muy diversa \u00edndole que resultan ineludibles para explicar lo sucedido aquel a\u00f1o y que constituyen, en su conjunto, el objeto m\u00e1s amplio a cuyo mejor conocimiento se aspira a contribuir con la presente propuesta. Precisamente el t\u00edtulo que la encabeza, <strong><em>68s<\/em><\/strong>, pretende reflejar toda la pluralidad tem\u00e1tica y toda la amplitud cronol\u00f3gica del fen\u00f3meno estudiado\u201d.<\/p>\n\n\n\n<p><a rel=\"noopener\" href=\"https:\/\/ddd.uab.cat\/record\/216463\" target=\"_blank\"><strong>Acceso al libro<\/strong><\/a><\/p>\n<\/div><\/div>\n\n\n\n<p><\/p>\n\n\n\n<hr class=\"wp-block-separator has-alpha-channel-opacity\" \/>\n\n\n\n<div class=\"wp-block-media-text alignwide is-stacked-on-mobile\" style=\"grid-template-columns:15% auto\"><figure class=\"wp-block-media-text__media\"><img loading=\"lazy\" decoding=\"async\" width=\"150\" height=\"224\" src=\"https:\/\/webs.uab.cat\/cedid\/wp-content\/uploads\/sites\/151\/2022\/12\/fsf_0.png\" alt=\"\" class=\"wp-image-5682 size-full\" \/><\/figure><div class=\"wp-block-media-text__content\">\n<p><strong>Ivan Bordetas Jim\u00e9nez i Anna S\u00e1nchez Sorribes, <em>L&#8217;antifranquisme oblidat. De la dissid\u00e8ncia cristiana al comunisme revolucionari (1953-1972)<\/em>, Barcelona, Base, 2019.<\/strong><\/p>\n\n\n\n<p>El libro aborda la historia de un proceso. Un proceso de radicalizaci\u00f3n pol\u00edtica hacia la izquierda revolucionaria. Un camino que se inici\u00f3 durante el primer franquismo \u2013cuando un grupo de personas se organiz\u00f3 bajo la denominaci\u00f3n de Cristians Catalans o Crist Catalunya (CC)- y que finaliz\u00f3 a principios de los a\u00f1os setenta, con la disoluci\u00f3n del Partido Comunista Proletario. En medio, la articulaci\u00f3n de una organizaci\u00f3n como la For\u00e7a Socialista Federal, heredera del sector social del CC. La FSF se defin\u00eda ya como anticapitalista y federalista, y se sumaba al diverso panorama de colectivos de la izquierda radical antifranquista, si bien con propuestas propias y diferenciadas. Tambi\u00e9n durante los a\u00f1os sesenta se produjo la irrupci\u00f3n de Universidad Popular como rama universitaria del movimiento, que consigui\u00f3 la hegemon\u00eda entre los grupos estudiantiles de aquellos a\u00f1os. En medio, tambi\u00e9n, debates ideol\u00f3gicos y rupturas m\u00e1s o menos traum\u00e1ticas, b\u00fasquedas de sujetos revolucionarios que no se acababan de encontrar y nuevos virajes hacia posiciones radicalizadas. El Partido Comunista Revolucionario y el Partido Comunista Proletario se convirtieron en el final del trayecto. Es, por lo tanto, la historia de un movimiento de movimientos, que pasa por muchas siglas y que tirando de un hilo determinado nos lleva por m\u00faltiples recorridos de militancias antifranquistas. En definitiva, esta obra pretende recuperar la historia de las personas que protagonizaron una evoluci\u00f3n compleja desde el cristianismo de ra\u00edz conservadora hasta postulados socialistas y revolucionarios. Unos virajes intrincados, con idas y venidas, con nuevas incorporaciones y con rupturas y abandonos definitivos. Unos tiempos de clandestinidad obligatoria en la Espa\u00f1a franquista, pero tambi\u00e9n una \u00e9poca en que las luchas por el cambio pol\u00edtico iban m\u00e1s all\u00e1, en que las personas protagnistas todav\u00eda pod\u00edan so\u00f1ar con la esperanza de un nuevo mundo posible.<\/p>\n<\/div><\/div>\n\n\n\n<p><\/p>\n\n\n\n<hr class=\"wp-block-separator has-alpha-channel-opacity\" \/>\n\n\n\n<div class=\"wp-block-media-text alignwide is-stacked-on-mobile\" style=\"grid-template-columns:15% auto\"><figure class=\"wp-block-media-text__media\"><img loading=\"lazy\" decoding=\"async\" width=\"150\" height=\"225\" src=\"https:\/\/webs.uab.cat\/cedid\/wp-content\/uploads\/sites\/151\/2022\/12\/9788825528558_0.png\" alt=\"\" class=\"wp-image-5686 size-full\" \/><\/figure><div class=\"wp-block-media-text__content\">\n<p><strong>V\u00edctor Mart\u00ednez-Gil, \u201cPortugal y el iberismo en el actual debate pol\u00edtico catal\u00e1n\u201d, en David Duarte &amp; Giangiacomo Vale (eds.), <em>Catalonia, Iberia and Europe<\/em>, Canerano, Aracne, 2019, pp. 205-225.<\/strong><\/p>\n\n\n\n<p>El volumen del cual forma parte el cap\u00edtulo de V\u00edctor Mart\u00ednez-Gil aborda una serie de interrogantes. \u00bfPueden contribuir los Estudios Ib\u00e9ricos al debate pol\u00edtico y cultural sobre la integraci\u00f3n europea? \u00bfQu\u00e9 nos ense\u00f1a la crisis catalana en curso en cuanto al impacto de las reivindicaciones regionales y nacionales de autodeterminaci\u00f3n en el proyecto europeo? Y, por \u00faltimo, \u00bfc\u00f3mo contribuyen los Estudios Ib\u00e9ricos y la crisis catalana a repensar el proceso de integraci\u00f3n europea? Los acontecimientos recientes en Catalu\u00f1a han sacado a la luz la cuesti\u00f3n \u2013tan europea- de la creaci\u00f3n de una comunidad pol\u00edtica multi\/transcultural, y de este modo han abierto el camino a considerar la Pen\u00ednsula Ib\u00e9rica como un microcosmos de Europa, as\u00ed como el laboratorio ideal para explorar distintas soluciones al problema de la coexistencia de varias entidades nacionales en el seno de la misma organizaci\u00f3n pol\u00edtica.<\/p>\n<\/div><\/div>\n\n\n\n<p><\/p>\n\n\n\n<hr class=\"wp-block-separator has-alpha-channel-opacity\" \/>\n\n\n\n<div class=\"wp-block-media-text alignwide is-stacked-on-mobile\" style=\"grid-template-columns:15% auto\"><figure class=\"wp-block-media-text__media\"><img loading=\"lazy\" decoding=\"async\" width=\"679\" height=\"1024\" src=\"https:\/\/webs.uab.cat\/cedid\/wp-content\/uploads\/sites\/151\/2022\/12\/2._corre._democracia_corre._portada_0-679x1024.jpg\" alt=\"\" class=\"wp-image-5688 size-full\" srcset=\"https:\/\/webs.uab.cat\/cedid\/wp-content\/uploads\/sites\/151\/2022\/12\/2._corre._democracia_corre._portada_0-679x1024.jpg 679w, https:\/\/webs.uab.cat\/cedid\/wp-content\/uploads\/sites\/151\/2022\/12\/2._corre._democracia_corre._portada_0-199x300.jpg 199w, https:\/\/webs.uab.cat\/cedid\/wp-content\/uploads\/sites\/151\/2022\/12\/2._corre._democracia_corre._portada_0-768x1157.jpg 768w, https:\/\/webs.uab.cat\/cedid\/wp-content\/uploads\/sites\/151\/2022\/12\/2._corre._democracia_corre._portada_0-1019x1536.jpg 1019w, https:\/\/webs.uab.cat\/cedid\/wp-content\/uploads\/sites\/151\/2022\/12\/2._corre._democracia_corre._portada_0-1359x2048.jpg 1359w, https:\/\/webs.uab.cat\/cedid\/wp-content\/uploads\/sites\/151\/2022\/12\/2._corre._democracia_corre._portada_0-1200x1808.jpg 1200w, https:\/\/webs.uab.cat\/cedid\/wp-content\/uploads\/sites\/151\/2022\/12\/2._corre._democracia_corre._portada_0-scaled.jpg 1699w\" sizes=\"auto, (max-width: 679px) 100vw, 679px\" \/><\/figure><div class=\"wp-block-media-text__content\">\n<p><strong>David Ballester&nbsp;[con&nbsp;Manuel Vicente],&nbsp;<em>Corre, democr\u00e0cia, corre. Manifestacions i repressi\u00f3 policial a la Catalunya de la Transici\u00f3 (1975-1980)<\/em>, Barcelona,&nbsp;Editorial Base, 2019.<\/strong><br>Los autores no pretenden hacer una historia sobre la Transici\u00f3n. Su objetivo es demostrar el falso relato \u00aboficial\u00bb de la Transici\u00f3n que ha enmascarado interesadamente el protagonismo decisivo de la participaci\u00f3n popular en la liquidaci\u00f3n del franquismo y en l&#8217;advenimiento del&nbsp;r\u00e9gimen&nbsp;democr\u00e1tico. La Transici\u00f3n, afirman, no fue un proceso&nbsp;mod\u00e9lico&nbsp;ni pacifico, ni sigui\u00f3 un camino previamente dise\u00f1ado por&nbsp;unas elites&nbsp;surgidas del franquismo. La democracia emanada al final de un proceso que tenia mucho de improvisado no fue el producto de ninguna estrategia, no fue&nbsp;otorgada; al contrario, fue necesaria la lucha por&nbsp;cada una&nbsp;de las libertades&nbsp;conseguidas. Un combate que tuvo en la calle el escenario fundamental y que&nbsp;estuvo&nbsp;lleno de dificultades.<br>&nbsp;&nbsp;&nbsp;&nbsp; En la primera parte del libro se elabora un&nbsp;exhaustivo&nbsp;de todas las manifestaciones celebradas en&nbsp;Catalunya, que no&nbsp;est\u00e1n&nbsp;presentes en muchos de los relatos del per\u00edodo, que minusvaloran la innegable contribuci\u00f3n de una&nbsp;ciudadan\u00eda&nbsp;dispuesta a salir a la calle y enfrentarse a una&nbsp;polic\u00eda&nbsp;que&nbsp;segu\u00eda&nbsp;actuando como si nada hubiese cambiado. En la segunda, se pone el&nbsp;\u00e9nfasis&nbsp;en la represi\u00f3n gubernamental de estas movilizaciones, en la evoluci\u00f3n de los cuerpos policiales heredados de la dictadura y en su actuaci\u00f3n represiva, a menudo alejada de las pautas de una sociedad&nbsp;democr\u00e1tica&nbsp;como la que&nbsp;estaba&nbsp;tomando forma, y que provoc\u00f3 un gran n\u00famero de heridos entre los manifestantes e incluso cuatro victimas mortales.<\/p>\n<\/div><\/div>\n\n\n\n<p><\/p>\n\n\n\n<hr class=\"wp-block-separator has-alpha-channel-opacity\" \/>\n\n\n\n<div class=\"wp-block-media-text alignwide is-stacked-on-mobile\" style=\"grid-template-columns:15% auto\"><figure class=\"wp-block-media-text__media\"><img loading=\"lazy\" decoding=\"async\" width=\"150\" height=\"231\" src=\"https:\/\/webs.uab.cat\/cedid\/wp-content\/uploads\/sites\/151\/2022\/12\/thumbnail_corporativisme_0.jpg\" alt=\"\" class=\"wp-image-5690 size-full\" \/><\/figure><div class=\"wp-block-media-text__content\">\n<p><strong>Mart\u00ed Mar\u00edn, \u00abFascismo y corporativismo. Un an\u00e1lisis del desarrollo de la dictadura franquista, 1936-1975\u00bb, en Luciano Aronne y Marco Aur\u00e9lio Vannucchi (orgs.), Corporativismos ib\u00e9ricos e latino-americanos, Porto Alegre, ediPUCRS, 2019.<\/strong><\/p>\n\n\n\n<p>Surgido en el contexto de la ampliaci\u00f3n de la participaci\u00f3n de los sectores sociales subalternos a la pol\u00edtica i consolidaci\u00f3n del capitalismo industrial, el corporativismo fue presentado por sus defensores como una modalidad de representaci\u00f3n de los intereses y de la organizaci\u00f3n social y estatal alternativa, tanto a la democracia liberal como al socialismo. Proponi\u00e9ndose garantizar la estabilidad social por la conciliaci\u00f3n de las clases, el corporativismo irradi\u00f3 por Europa y por el resto del mundo durante las primeras d\u00e9cadas del siglo pasado. Tema relevante por la historiografia y la ciencia pol\u00edtica, hemos conocido en el \u00faltimo decenio un inter\u00e9s renovado, que ha generado libros, art\u00edculos y eventos en el conjunto del mundo. En este libro, Mart\u00ed Mar\u00edn (pp.89-130) analiza el fenomeno del corporativismo espa\u00f1ol en una amplia perspectiva que comprende sus precedentes entre 1835 y 1923, y su posterior desarrollo durante las dictaduras de Primo de Rivera y Francisco Franco.<\/p>\n<\/div><\/div>\n\n\n\n<p><\/p>\n\n\n\n<p>&nbsp;<\/p>\n\n\n\n<hr class=\"wp-block-separator has-alpha-channel-opacity\" \/>\n\n\n\n<div class=\"wp-block-media-text alignwide is-stacked-on-mobile\" style=\"grid-template-columns:15% auto\"><figure class=\"wp-block-media-text__media\"><img loading=\"lazy\" decoding=\"async\" width=\"543\" height=\"700\" src=\"https:\/\/webs.uab.cat\/cedid\/wp-content\/uploads\/sites\/151\/2022\/12\/comunicacionalmeria.png\" alt=\"\" class=\"wp-image-5692 size-full\" srcset=\"https:\/\/webs.uab.cat\/cedid\/wp-content\/uploads\/sites\/151\/2022\/12\/comunicacionalmeria.png 543w, https:\/\/webs.uab.cat\/cedid\/wp-content\/uploads\/sites\/151\/2022\/12\/comunicacionalmeria-233x300.png 233w\" sizes=\"auto, (max-width: 543px) 100vw, 543px\" \/><\/figure><div class=\"wp-block-media-text__content\">\n<p><strong>Nil Bosch Navarro, \u00abEuropa, la manzana de la discordia: evoluci\u00f3n del discurso de la patronal catalana sobre la integraci\u00f3n al Mercado Com\u00fan (1970-1985)\u00bb, en Emilia Martos Contreras y M\u00f3nica Fern\u00e1ndez Amador (orgs.),&nbsp;Historia de la transici\u00f3n en Espa\u00f1ala dimensi\u00f3n internacional y otros estudios, Madrid, S\u00edlex, 2019, pp. 67-80.<\/strong><\/p>\n\n\n\n<p>La integraci\u00f3n de Espa\u00f1a en la Comunidad Econ\u00f3mica Europea fue un proceso con claroscuros: en un contexto de crisis econ\u00f3mica e incertidumbres por el proceso pol\u00edtico transicional, la CEE era vista por los empresarios espa\u00f1oles como un modelo de referencia para asegurar que las pol\u00edticas de la Transici\u00f3n se situaran en una l\u00ednea que respetara sus intereses,&nbsp;a la vez que era percibida como una amenaza por la elevada competencia que comportaba para sus negocios. En este art\u00edculo se analizan los principales cambios y din\u00e1micas en el relato de las \u00e9lites empresariales entre 1970 y 1985, as\u00ed como las implicaciones que tuvo en el distanciamiento entre las patronales y los distintos gobiernos.<\/p>\n<\/div><\/div>\n\n\n\n<p><\/p>\n\n\n\n<hr class=\"wp-block-separator has-alpha-channel-opacity\" \/>\n\n\n\n<div class=\"wp-block-media-text alignwide is-stacked-on-mobile\" style=\"grid-template-columns:15% auto\"><figure class=\"wp-block-media-text__media\"><img loading=\"lazy\" decoding=\"async\" width=\"627\" height=\"1024\" src=\"https:\/\/webs.uab.cat\/cedid\/wp-content\/uploads\/sites\/151\/2022\/12\/thumbnail_ha_llegado_espana_0-627x1024.jpg\" alt=\"\" class=\"wp-image-5694 size-full\" srcset=\"https:\/\/webs.uab.cat\/cedid\/wp-content\/uploads\/sites\/151\/2022\/12\/thumbnail_ha_llegado_espana_0-627x1024.jpg 627w, https:\/\/webs.uab.cat\/cedid\/wp-content\/uploads\/sites\/151\/2022\/12\/thumbnail_ha_llegado_espana_0-184x300.jpg 184w, https:\/\/webs.uab.cat\/cedid\/wp-content\/uploads\/sites\/151\/2022\/12\/thumbnail_ha_llegado_espana_0-768x1254.jpg 768w, https:\/\/webs.uab.cat\/cedid\/wp-content\/uploads\/sites\/151\/2022\/12\/thumbnail_ha_llegado_espana_0.jpg 784w\" sizes=\"auto, (max-width: 627px) 100vw, 627px\" \/><\/figure><div class=\"wp-block-media-text__content\">\n<p><strong>Mart\u00ed Mar\u00edn, <em>\u00a1Ha llegado Espa\u00f1a! La pol\u00edtica del franquisme a Catalunya (1938-1977)<\/em>, Vic, Eumo Edicions, 2019.<\/strong><br>El nacionalismo fascista y el anticatalanismo furibundo determinaron la pol\u00edtica del franquismo en Catalu\u00f1a. La represi\u00f3n desatada contra las instituciones y una parte importante de la ciudadan\u00eda catalanas tuvieron su torna en la participaci\u00f3n entusiasta de algunos sectores sociales y en la aceptaci\u00f3n entre c\u00f3mplice y pasiva de otros.<\/p>\n\n\n\n<p>Mart\u00ed Mar\u00edn desvela estos intereses particulares, pol\u00edticos y econ\u00f3micos principalmente, contribuyeron a consolidar la dictadura, mientras surg\u00eda en paralelo una oposici\u00f3n cada vez m\u00e1s fuerte y estructurada. Este relato sobre la especificidad de la pol\u00edtica franquista en Catalu\u00f1a se enmarca entre dos fechas significativas: la suspensi\u00f3n del Estatuto de Autonom\u00eda republicano con en inicio de las operaciones militares en L\u00e9rida el 1938, y el retorno de la democracia con la celebraci\u00f3n de las primeras elecciones generales el 1977.<\/p>\n<\/div><\/div>\n\n\n\n<p><\/p>\n\n\n\n<hr class=\"wp-block-separator has-alpha-channel-opacity\" \/>\n\n\n\n<div class=\"wp-block-media-text alignwide is-stacked-on-mobile\" style=\"grid-template-columns:15% auto\"><figure class=\"wp-block-media-text__media\"><img loading=\"lazy\" decoding=\"async\" width=\"691\" height=\"1024\" src=\"https:\/\/webs.uab.cat\/cedid\/wp-content\/uploads\/sites\/151\/2022\/12\/portadapatriotasindignados_1-691x1024.jpg\" alt=\"\" class=\"wp-image-5696 size-full\" srcset=\"https:\/\/webs.uab.cat\/cedid\/wp-content\/uploads\/sites\/151\/2022\/12\/portadapatriotasindignados_1-691x1024.jpg 691w, https:\/\/webs.uab.cat\/cedid\/wp-content\/uploads\/sites\/151\/2022\/12\/portadapatriotasindignados_1-202x300.jpg 202w, https:\/\/webs.uab.cat\/cedid\/wp-content\/uploads\/sites\/151\/2022\/12\/portadapatriotasindignados_1-768x1139.jpg 768w, https:\/\/webs.uab.cat\/cedid\/wp-content\/uploads\/sites\/151\/2022\/12\/portadapatriotasindignados_1.jpg 990w\" sizes=\"auto, (max-width: 691px) 100vw, 691px\" \/><\/figure><div class=\"wp-block-media-text__content\">\n<p><strong>Francisco Veiga, Carlos Gonz\u00e1lez-Villa, Steven Forti, Alfredo Sasso, Jelena Prokopljevi\u0107\u200b, Ram\u00f3n Moles,&nbsp;<em>Patriotas indignados. Sobre la nueva ultraderecha en la Posguerra Fr\u00eda. Neofascismo, posfascismo y nazbols<\/em>, Madrid, Alianza Editorial, 2019.<\/strong><\/p>\n\n\n\n<p>En los \u00faltimos treinta a\u00f1os, desde el final de la Guerra Fr\u00eda se viene registrando un llamativo repunte de la ultraderechay del nacionalismo radical que no siempre conserva formas o imagen tradicionales de hace casi un siglo, lo cual genera continuas pol\u00e9micas en medios de comunicaci\u00f3n y redes sociales, y mucha confusi\u00f3n en la sociedad. A veces, estos nuevos partidos y movimientos han buscado marcar distancias con los viejos modelos pol\u00edticos o bien han utilizado elementos del discurso de izquierdas llegando a gestar estilos nuevos de comunicaci\u00f3n, tildados en ocasiones de \u00abpopulistas\u00bb.<\/p>\n\n\n\n<p><em>Patriotas indignados<\/em> intenta aportar algo de luz a la confusi\u00f3n reinante para lo que analiza el fen\u00f3meno en una doble vertiente. En primer lugar, a partir de un recorrido hist\u00f3rico que se remonta a los a\u00f1os noventa del siglo pasado, cuando acaba la Guerra Fr\u00eda y se desmorona la Uni\u00f3n Sovi\u00e9tica y el bloque del Este, incluyendo los efectos de las guerras de Yugoslavia y Ucrania; y contin\u00faa con las consecuencias de la Gran Recesi\u00f3n de 2008 en Europa occidental y Am\u00e9rica, alcanzando un punto de giro ocho a\u00f1os m\u00e1s tarde. En segundo lugar, diseccionando el fen\u00f3meno de los actuales <em>Patriotas indignados<\/em> en sus diversas variantes internacionales, desde el neofascismo al posfascismo pasando por el Movimiento Identitario internacional, la realidad del denominado \u00abgobierno Salvini\u00bb en Italia o conceptos menos usuales como los nazbols. No quedan al margen reflejos y recursos del ultranacionalismo actual, como la tendencia al referendismo, el \u00abfascismo antifascista\u00bb, el rechazo a la inmigraci\u00f3n o el euroescepticismo. Un completo viaje, esclarecedor, por el mundo de los <em>Patriotas indignados<\/em>, del que no est\u00e1 excluida Espa\u00f1a.<\/p>\n<\/div><\/div>\n\n\n\n<p><\/p>\n\n\n\n<hr class=\"wp-block-separator has-alpha-channel-opacity\" \/>\n\n\n\n<div class=\"wp-block-media-text alignwide is-stacked-on-mobile\" style=\"grid-template-columns:15% auto\"><figure class=\"wp-block-media-text__media\"><img loading=\"lazy\" decoding=\"async\" width=\"714\" height=\"1024\" src=\"https:\/\/webs.uab.cat\/cedid\/wp-content\/uploads\/sites\/151\/2022\/12\/aguayo_0-714x1024.png\" alt=\"\" class=\"wp-image-5699 size-full\" srcset=\"https:\/\/webs.uab.cat\/cedid\/wp-content\/uploads\/sites\/151\/2022\/12\/aguayo_0-714x1024.png 714w, https:\/\/webs.uab.cat\/cedid\/wp-content\/uploads\/sites\/151\/2022\/12\/aguayo_0-209x300.png 209w, https:\/\/webs.uab.cat\/cedid\/wp-content\/uploads\/sites\/151\/2022\/12\/aguayo_0-768x1101.png 768w, https:\/\/webs.uab.cat\/cedid\/wp-content\/uploads\/sites\/151\/2022\/12\/aguayo_0-1071x1536.png 1071w, https:\/\/webs.uab.cat\/cedid\/wp-content\/uploads\/sites\/151\/2022\/12\/aguayo_0.png 1144w\" sizes=\"auto, (max-width: 714px) 100vw, 714px\" \/><\/figure><div class=\"wp-block-media-text__content\">\n<p class=\"has-small-font-size\"><strong>Xavier Aguayo Ortiz, <em>La immigraci\u00f3 a Lleida durant el segle XX. El punt d&#8217;inflexi\u00f3 del franquisme. Un impacte demogr\u00e0fic i urban\u00edstic sense precedents<\/em>, Lleida, Edicions de la Universitat de Lleida, 2019.<\/strong><br>Las migraciones son un fenomeno global que se ha dado en todas las \u00e9pocas de la humanidad. En Catalu\u00f1a,los desplazamientos de la poblaci\u00f3n en el espacio se han caracterizado b\u00e1sicamente por la alternanzas entre movimientos emigratorios y movimientos immigratorios forzados por circunstancias pol\u00edticas, econ\u00f3micas o de b\u00fasqueda de trabajo y mejores condiciones de vida. Este libro analiza el fenomeno que afect\u00f3 L\u00e9rida durante el siglo XX, en especial durante la \u00e9poca franquista, y que signific\u00f3 un revulsivo urban\u00edstico y demogr\u00e1fico sin precedentes en la sociedad leridana.<\/p>\n<\/div><\/div>\n\n\n\n<p>&nbsp;<\/p>\n\n\n\n<p><\/p>\n\n\n\n<hr class=\"wp-block-separator has-alpha-channel-opacity\" \/>\n\n\n\n<div class=\"wp-block-media-text alignwide is-stacked-on-mobile\" style=\"grid-template-columns:15% auto\"><figure class=\"wp-block-media-text__media\"><img loading=\"lazy\" decoding=\"async\" width=\"1024\" height=\"1007\" src=\"https:\/\/webs.uab.cat\/cedid\/wp-content\/uploads\/sites\/151\/2022\/12\/les_franqueses_0-1024x1007.png\" alt=\"\" class=\"wp-image-5704 size-full\" srcset=\"https:\/\/webs.uab.cat\/cedid\/wp-content\/uploads\/sites\/151\/2022\/12\/les_franqueses_0-1024x1007.png 1024w, https:\/\/webs.uab.cat\/cedid\/wp-content\/uploads\/sites\/151\/2022\/12\/les_franqueses_0-300x295.png 300w, https:\/\/webs.uab.cat\/cedid\/wp-content\/uploads\/sites\/151\/2022\/12\/les_franqueses_0-768x755.png 768w, https:\/\/webs.uab.cat\/cedid\/wp-content\/uploads\/sites\/151\/2022\/12\/les_franqueses_0-1536x1510.png 1536w, https:\/\/webs.uab.cat\/cedid\/wp-content\/uploads\/sites\/151\/2022\/12\/les_franqueses_0-1200x1180.png 1200w, https:\/\/webs.uab.cat\/cedid\/wp-content\/uploads\/sites\/151\/2022\/12\/les_franqueses_0.png 1642w\" sizes=\"auto, (max-width: 1024px) 100vw, 1024px\" \/><\/figure><div class=\"wp-block-media-text__content\">\n<p><strong>Helena Saavedra Mitjans, <em>Del somni republic\u00e0 a la foscor de la dictadura. Francesc Montserrat FontCuberta, alcalde de les Franqueses (1936-1938)<\/em>, Les Franqueses del Vall\u00e8s, Patronat Municipal de Cultura, Inf\u00e0ncia i Joventut, 2019.<\/strong><\/p>\n\n\n\n<p>Este libro trata el final de la Guerra Civil y los inicios del franquismo en el municipio de les Franqueses a trav\u00e9s de las cartas del alcalde republicano y sindicalista Francesc Montserrat, durante los a\u00f1os que estuvo internado en los campos franquistas. Mart\u00ed Mar\u00edn, en el pr\u00f3logo, expone como \u00abEl llibre que teniu entre les mans significa diverses coses simult\u00e0niament. En primer lloc, ens mostra la hist\u00f2ria -fins all\u00e0 on s&#8217;ha pogut arribar- de qui fou alcalde en temps dif\u00edcils, com correspongu\u00e9 a Francesc Montserrat entre els anys 1936 i 1938, i de com prov\u00e0 sortir-se&#8217;n exercint un c\u00e0rrec que mai abans havia cobejat. Tamb\u00e9 explica, per\u00f2, bona part del que s&#8217;esdevingu\u00e9 a les Franqueses en aquell temps d&#8217;il\u00b7lusions i esperances frustrades i, en particular, a Corr\u00f3 d&#8217;Avall. En segon lloc, reflecteix la duresa de les condicions de vida i de les circumst\u00e0ncies, en qu\u00e8 es van haver de prendre moltes decisions, entre la guerra i la primera postguerra a trav\u00e9s de l&#8217;experi\u00e8ncia de la fam\u00edlia Montserrat-Freixas.\u00bb<\/p>\n<\/div><\/div>\n\n\n\n<p><\/p>\n\n\n\n<hr class=\"wp-block-separator has-alpha-channel-opacity\" \/>\n\n\n\n<div class=\"wp-block-media-text alignwide is-stacked-on-mobile\" style=\"grid-template-columns:15% auto\"><figure class=\"wp-block-media-text__media\"><img loading=\"lazy\" decoding=\"async\" width=\"477\" height=\"669\" src=\"https:\/\/webs.uab.cat\/cedid\/wp-content\/uploads\/sites\/151\/2022\/12\/internazionale-comunista.jpg\" alt=\"\" class=\"wp-image-5707 size-full\" srcset=\"https:\/\/webs.uab.cat\/cedid\/wp-content\/uploads\/sites\/151\/2022\/12\/internazionale-comunista.jpg 477w, https:\/\/webs.uab.cat\/cedid\/wp-content\/uploads\/sites\/151\/2022\/12\/internazionale-comunista-214x300.jpg 214w\" sizes=\"auto, (max-width: 477px) 100vw, 477px\" \/><\/figure><div class=\"wp-block-media-text__content\">\n<p><strong>Emilio Gianni (Ed.), <em>L\u2019Internazionale Comunista nel centenario della sua nascita. Dizionario biografico (1919-1923)<\/em>, Mil\u00e1n, Edizioni Pantarei, 2019, 4 vol\u00famenes<\/strong><\/p>\n\n\n\n<p><em>L\u2019Internazionale Comunista nel centenario della sua nascita <\/em>recoge 1.411 biograf\u00edas de pol\u00edticos y militantes de 69 naciones que participaron en los primeros cuatro a\u00f1os de vida de la Internacional Comunista, entre el congreso fundacional de 1919 hasta el cuarto congreso de 1923. Este diccionario biogr\u00e1fico se compone de cuatro vol\u00famenes: los primeros tres recogen las biograf\u00edas, mientras en el cuarto se presentan una cronolog\u00eda pol\u00edtica de 1907 a 1946, un repertorio de la historia de los movimientos obreros y de los partidos comunistas de m\u00e1s de 70 naciones y los \u00edndices de las fuentes, los lugares, los peri\u00f3dicos y los nombres citados. Entre los especialistas que han participado al proyecto se encuentra tambi\u00e9n el miembro del CEDID Steven Forti que ha redactado las biograf\u00edas de Nicola Bombacci, Jacques Doriot, Maurice Laporte y Ram\u00f3n Merino Gracia.<\/p>\n<\/div><\/div>\n\n\n\n<p><\/p>\n\n\n\n<p>&nbsp;<\/p>\n\n\n\n<hr class=\"wp-block-separator has-alpha-channel-opacity\" \/>\n\n\n\n<div class=\"wp-block-media-text alignwide is-stacked-on-mobile\" style=\"grid-template-columns:15% auto\"><figure class=\"wp-block-media-text__media\"><img loading=\"lazy\" decoding=\"async\" width=\"229\" height=\"369\" src=\"https:\/\/webs.uab.cat\/cedid\/wp-content\/uploads\/sites\/151\/2022\/12\/ada_colau.jpg\" alt=\"\" class=\"wp-image-5710 size-full\" srcset=\"https:\/\/webs.uab.cat\/cedid\/wp-content\/uploads\/sites\/151\/2022\/12\/ada_colau.jpg 229w, https:\/\/webs.uab.cat\/cedid\/wp-content\/uploads\/sites\/151\/2022\/12\/ada_colau-186x300.jpg 186w\" sizes=\"auto, (max-width: 229px) 100vw, 229px\" \/><\/figure><div class=\"wp-block-media-text__content\">\n<p><strong>Steven Forti y Giacomo Russo Spena, <em>Ada Colau, la ciudad en com\u00fan<\/em>, Barcelona, Icaria, 2019, 166 pp.<\/strong><\/p>\n\n\n\n<p>En <em>Ada Colau, la ciudad en com\u00fan <\/em>el historiador Steven Forti y el periodista Giacomo Russo Spena reconstruyen la historia de Barcelona en Com\u00fa, desde los or\u00edgenes del proyecto pol\u00edtico en el ciclo post-15M con la creaci\u00f3n de una confluencia municipalista in\u00e9dita hasta la gesti\u00f3n del Ayuntamiento de la Ciudad Condal en el primer mandato de gobierno de Colau. Adem\u00e1s, el libro presta particular atenci\u00f3n a lo que pasa m\u00e1s all\u00e1 del municipio, tanto en Catalu\u00f1a y en Espa\u00f1a como en Europa y a nivel internacional, reflexionando sobre el impacto y los retos del nuevo municipalismo.<\/p>\n<\/div><\/div>\n\n\n\n<p><\/p>\n\n\n\n<p>&nbsp;<\/p>\n\n\n\n<hr class=\"wp-block-separator has-alpha-channel-opacity\" \/>\n\n\n\n<div class=\"wp-block-media-text alignwide is-stacked-on-mobile\" style=\"grid-template-columns:15% auto\"><figure class=\"wp-block-media-text__media\"><img loading=\"lazy\" decoding=\"async\" width=\"354\" height=\"555\" src=\"https:\/\/webs.uab.cat\/cedid\/wp-content\/uploads\/sites\/151\/2022\/12\/viajeros-en-el-pais-de-los-soviets_0.jpg\" alt=\"\" class=\"wp-image-5714 size-full\" srcset=\"https:\/\/webs.uab.cat\/cedid\/wp-content\/uploads\/sites\/151\/2022\/12\/viajeros-en-el-pais-de-los-soviets_0.jpg 354w, https:\/\/webs.uab.cat\/cedid\/wp-content\/uploads\/sites\/151\/2022\/12\/viajeros-en-el-pais-de-los-soviets_0-191x300.jpg 191w\" sizes=\"auto, (max-width: 354px) 100vw, 354px\" \/><\/figure><div class=\"wp-block-media-text__content\">\n<p><strong>Steven Forti, \u201c\u00d3scar P\u00e9rez Sol\u00eds, Paul Marion y la Rusia sovi\u00e9tica. Unos viajes de ida y vuelta (1924 y 1927)\u201d, en Josep Pich Mitjana, David Mart\u00ednez Fiol, Andreu Navarra Ordo\u00f1o y Josep Puigsech Farr\u00e0s (eds.), <em>Viajeros en el pa\u00eds de los s\u00f3viets<\/em>, Barcelona, Bellaterra, 2019, pp. 151-170<\/strong><\/p>\n\n\n\n<p><em>Viajeros en el pa\u00eds de los s\u00f3viets <\/em>recoge unos estudios dedicado a diferentes personajes que por diversos intereses pol\u00edticos, culturales o cient\u00edficos visitaron la Rusia revolucionaria sovi\u00e9tica y, posteriormente, la Uni\u00f3n de Rep\u00fablicas Socialistas Sovi\u00e9ticas (URSS).&nbsp;&nbsp;Entre ellos, destacan Josip Broz Tito, \u00c1ngel Pesta\u00f1a, Fernando de los R\u00edos, Andreu Nin, Antonio Gramsci, Julio \u00c1lvarez del Vayo, Eric Obst, Walter Benjamin, Juli\u00e1n Gorkin, Josep Pla, Eugeni Xammar, Joseph Roth o Manuel Chaves Nogales. Adem\u00e1s, Steven Forti relata la experiencia de dos personajes peculiares, el espa\u00f1ol \u00d3scar P\u00e9rez Sol\u00eds y el franc\u00e9s Paul Marion, que despu\u00e9s de sus viajes en la URSS abandonaron el comunismo y vivieron una deriva ideol\u00f3gica que los llev\u00f3 a abrazar el fascismo.<\/p>\n<\/div><\/div>\n\n\n\n<p><\/p>\n\n\n\n<p>&nbsp;<\/p>\n\n\n\n<hr class=\"wp-block-separator has-alpha-channel-opacity\" \/>\n\n\n\n<div class=\"wp-block-media-text alignwide is-stacked-on-mobile\" style=\"grid-template-columns:15% auto\"><figure class=\"wp-block-media-text__media\"><img loading=\"lazy\" decoding=\"async\" width=\"150\" height=\"211\" src=\"https:\/\/webs.uab.cat\/cedid\/wp-content\/uploads\/sites\/151\/2022\/12\/r1_0.png\" alt=\"\" class=\"wp-image-5718 size-full\" \/><\/figure><div class=\"wp-block-media-text__content\">\n<p><strong>Ys\u00e0s, Pere, \u00abEl Franquismo: De la victoria a una larga supervivencia\u00bb, (pp. 5-24); Gallego, Ferran, \u00abLa delgada l\u00ednea azul. Identidad falangista y convergencia contrarrevolucionaria en la formaci\u00f3n del fascismo espa\u00f1ol (1931-1936), (pp. 37-52) y&nbsp;Molinero, Carme, \u00abControl social, autarqu\u00eda y miseria\u00bb (pp. 93-110), en&nbsp;Esteban, Asunci\u00f3n; Etura, Dunia i Tomasoni, Matteo (Coords.),&nbsp;<em>La alargada sombra del franquismo. Naturaleza, mecanismos de pervivencia y huellas de la dictadura,&nbsp;<\/em>Granada, Comares, 2019.&nbsp;<\/strong><\/p>\n\n\n\n<p>En este libro colectivo, el cual cuenta con la participaci\u00f3n de algunos de los principales expertos en la historia del franquismo, se aborda desde un enfoque multidisciplinar algunas de cuestiones como la naturaleza del r\u00e9gimen, los motivos de su larga duraci\u00f3n o las huellas que este ha dejado en la sociedad actual. Los m\u00e9todos con les que se entra a buscar respuesta a estas cuestiones van desde el an\u00e1lisis hist\u00f3rico, la sociolog\u00eda o la educaci\u00f3n y la perspectiva de genero. El resultado es una ponderada y extendida reflexi\u00f3n que afronta cuestiones esenciales como las ra\u00edces ideol\u00f3gicas, la construcci\u00f3n y consolidaci\u00f3n del sistema, los instrumentos de dominaci\u00f3n y legitimaci\u00f3n del r\u00e9gimen; el control y el papel desarrollado por los medios de comunicaci\u00f3n en la configuraci\u00f3n de la mentalidad y la herencia pol\u00edtico-institucional y sociol\u00f3gica del franquismo. Entre los diversos cap\u00edtulos podemos encontrar el de Pere Ys\u00e0s (pp. 5-24) en el que aborda los motivos de la supervivencia del r\u00e9gimen desde los primeros meses de la guerra civil hasta despu\u00e9s de la desaparici\u00f3n f\u00edsica del dictador. Encontramos, tambi\u00e9n, el cap\u00edtulo de Ferran Gallego (pp. 37-52), centrado en la formaci\u00f3n del fascismo espa\u00f1ol durante el periodo previo al inicio de la guerra civil. As\u00ed como, el cap\u00edtulo de Carme Molinero (pp. 93-110) en el que aborda las pol\u00edticas de control social y autarqu\u00eda impulsadas por el r\u00e9gimen franquista.&nbsp;<\/p>\n<\/div><\/div>\n\n\n\n<p><\/p>\n\n\n\n<p>&nbsp;<\/p>\n\n\n\n<hr class=\"wp-block-separator has-alpha-channel-opacity\" \/>\n\n\n\n<div class=\"wp-block-media-text alignwide is-stacked-on-mobile\" style=\"grid-template-columns:15% auto\"><figure class=\"wp-block-media-text__media\"><img loading=\"lazy\" decoding=\"async\" width=\"150\" height=\"203\" src=\"https:\/\/webs.uab.cat\/cedid\/wp-content\/uploads\/sites\/151\/2022\/12\/epe_2_0.png\" alt=\"\" class=\"wp-image-5721 size-full\" \/><\/figure><div class=\"wp-block-media-text__content\">\n<p><strong>Garc\u00eda Crespo, Guillermo, <em>El precio de Europa, Estrategias empresariales ante el Mercado Com\u00fan y la Transici\u00f3n a la democracia en Espa\u00f1a (1957-1986)<\/em>, Granada, Comares, 2019.<\/strong><\/p>\n\n\n\n<p>Este libro aborda desde una perspectiva hist\u00f3rica la integraci\u00f3n de Espa\u00f1a en las Comunidades Europeas. No se trata del primer volumen sobre esta materia, pero su originalidad radica en ser uno de los escasos estudios dedicados a analizar en profundidad la influencia en el largo proceso negociador que ejerci\u00f3 el empresariado espa\u00f1ol a trav\u00e9s de las organizaciones que asumieron la defensa de sus intereses. El relato de los hechos atraviesa tres etapas fundamentales de nuestra historia reciente: la dictadura franquista, la Transici\u00f3n y la primera fase de afianzamiento del Estado democr\u00e1tico, cada una de las cuales, tanto por separado como en conjunto, ofrecen la posibilidad de examinar las din\u00e1micas institucionales, pol\u00edticas y socioecon\u00f3micas que se establecieron sucesivamente.<\/p>\n\n\n\n<p>El t\u00edtulo de esta obra, <em>El precio de Europa<\/em>, puede interpretarse desde una doble \u00f3ptica. Por un lado, nos habla del precio que Europa impuso a Espa\u00f1a y, por extensi\u00f3n, del que aplica Bruselas a los pa\u00edses que desde 1957 han decidido incorporarse al proyecto com\u00fan; sin embargo, en el presente estudio, el t\u00edtulo tambi\u00e9n nos remite a uno de los<em> leitmotive<\/em> que hizo fortuna en el discurso patronal frente a la integraci\u00f3n. La frase \u00abMercado Com\u00fan s\u00ed, pero no a cualquier precio\u00bb se convirti\u00f3 en expresi\u00f3n emblem\u00e1tica de la resistencia numantina empresarial a aceptar las condiciones que impon\u00edan Bruselas y los socios europeos por la membres\u00eda de Espa\u00f1a.<\/p>\n\n\n\n<p>M\u00e1s all\u00e1 del marco negociador hispanocomunitario, a lo largo del libro se revelan la metodolog\u00eda y las v\u00edas utilizadas por los grupos de presi\u00f3n econ\u00f3micos para influir en los gobiernos, las administraciones, los partidos pol\u00edticos y la sociedad civil, as\u00ed como las implicaciones que suponen las actividades de <em>lobbying <\/em>en t\u00e9rminos de transparencia e igualdad en los procesos de toma de decisiones p\u00fablicas<\/p>\n<\/div><\/div>\n\n\n\n<p><\/p>\n\n\n\n<hr class=\"wp-block-separator has-alpha-channel-opacity\" \/>\n\n\n\n<div class=\"wp-block-media-text alignwide is-stacked-on-mobile\" style=\"grid-template-columns:15% auto\"><figure class=\"wp-block-media-text__media\"><img loading=\"lazy\" decoding=\"async\" width=\"150\" height=\"214\" src=\"https:\/\/webs.uab.cat\/cedid\/wp-content\/uploads\/sites\/151\/2022\/12\/thumbnail_r1.png\" alt=\"\" class=\"wp-image-5724 size-full\" \/><\/figure><div class=\"wp-block-media-text__content\">\n<p><strong>Mar\u00edn, Mart\u00ed,<em> Franquisme, suburbialitzaci\u00f3 i dictadura a Catalunya:&nbsp;Sabadell 1939-1962, un cas paradigm\u00e0tic<\/em>, Barcelona, Dstoria edicions, 2019.<\/strong><\/p>\n\n\n\n<p>En esta investigaci\u00f3n Mart\u00ed Mar\u00edn trata el fen\u00f3meno migratorio durante el franquismo&nbsp;hacia Catalu\u00f1a y las ciudades como Sabadell para esclarecer conceptos de un proceso del que se tiene una imagen distorsionada, que a\u00fan hoy presente con otros protagonistas. A partir del caso de Sabadell, Mart\u00ed Mar\u00edn usa este ejemplo para tratar el fen\u00f3meno migratorio y su historia dentro del conjunto de la memoria colectiva catalana. Este hecho permite facilitar la reparaci\u00f3n simb\u00f3lica de una injusticia social pasada mediante el reconocimiento en el presente de la existencia de los migrantes y su experiencia, con toda la carga de dramatismo que tuvo, juntamente con otros dramas que provoc\u00f3 la dictadura fascista.<\/p>\n<\/div><\/div>\n\n\n\n<p><\/p>\n\n\n\n<p>&nbsp;<\/p>\n\n\n\n<p>&nbsp;<\/p>\n\n\n\n<p>&nbsp;<\/p>\n","protected":false},"excerpt":{"rendered":"<p>&nbsp; Enlace: relaci\u00f3n de libros publicados entre 2018 y 2019 por las investigadoras e investigadores del CEDID Enlace: relaci\u00f3n de cap\u00edtulos de libro publicados entre 2018 y 2019 por las investigadoras e investigadores del CEDID Risques,&nbsp;Manel (ed.):&nbsp;Mu\u00f1oz Ramonet: retrat d\u2019un home sense imatge,&nbsp;Barcelona, Comanegra, 2019. Julio Mu\u00f1oz Ramonet es una de las figuras m\u00e1s enigm\u00e1ticas [&hellip;]<\/p>\n","protected":false},"author":20,"featured_media":0,"parent":0,"menu_order":0,"comment_status":"closed","ping_status":"closed","template":"","meta":{"footnotes":""},"class_list":["post-2351","page","type-page","status-publish","hentry"],"_links":{"self":[{"href":"https:\/\/webs.uab.cat\/cedid\/es\/wp-json\/wp\/v2\/pages\/2351","targetHints":{"allow":["GET"]}}],"collection":[{"href":"https:\/\/webs.uab.cat\/cedid\/es\/wp-json\/wp\/v2\/pages"}],"about":[{"href":"https:\/\/webs.uab.cat\/cedid\/es\/wp-json\/wp\/v2\/types\/page"}],"author":[{"embeddable":true,"href":"https:\/\/webs.uab.cat\/cedid\/es\/wp-json\/wp\/v2\/users\/20"}],"replies":[{"embeddable":true,"href":"https:\/\/webs.uab.cat\/cedid\/es\/wp-json\/wp\/v2\/comments?post=2351"}],"version-history":[{"count":16,"href":"https:\/\/webs.uab.cat\/cedid\/es\/wp-json\/wp\/v2\/pages\/2351\/revisions"}],"predecessor-version":[{"id":6073,"href":"https:\/\/webs.uab.cat\/cedid\/es\/wp-json\/wp\/v2\/pages\/2351\/revisions\/6073"}],"wp:attachment":[{"href":"https:\/\/webs.uab.cat\/cedid\/es\/wp-json\/wp\/v2\/media?parent=2351"}],"curies":[{"name":"wp","href":"https:\/\/api.w.org\/{rel}","templated":true}]}}