{"id":2629,"date":"2021-02-15T13:25:07","date_gmt":"2021-02-15T13:25:07","guid":{"rendered":"https:\/\/webs.uab.cat\/cedid\/2021-2022-2\/"},"modified":"2025-10-29T09:05:27","modified_gmt":"2025-10-29T09:05:27","slug":"2021-2022-2","status":"publish","type":"page","link":"https:\/\/webs.uab.cat\/cedid\/es\/2021-2022-2\/","title":{"rendered":"2021-2022"},"content":{"rendered":"\n<div class=\"wp-block-media-text alignwide is-stacked-on-mobile\" style=\"grid-template-columns:20% auto\"><figure class=\"wp-block-media-text__media\"><img loading=\"lazy\" decoding=\"async\" width=\"724\" height=\"1024\" src=\"https:\/\/webs.uab.cat\/cedid\/wp-content\/uploads\/sites\/151\/2025\/10\/El-exilio-como-lugar-de-enunciacion-452F-26-2-724x1024.jpg\" alt=\"\" class=\"wp-image-10660 size-full\" srcset=\"https:\/\/webs.uab.cat\/cedid\/wp-content\/uploads\/sites\/151\/2025\/10\/El-exilio-como-lugar-de-enunciacion-452F-26-2-724x1024.jpg 724w, https:\/\/webs.uab.cat\/cedid\/wp-content\/uploads\/sites\/151\/2025\/10\/El-exilio-como-lugar-de-enunciacion-452F-26-2-212x300.jpg 212w, https:\/\/webs.uab.cat\/cedid\/wp-content\/uploads\/sites\/151\/2025\/10\/El-exilio-como-lugar-de-enunciacion-452F-26-2-768x1087.jpg 768w, https:\/\/webs.uab.cat\/cedid\/wp-content\/uploads\/sites\/151\/2025\/10\/El-exilio-como-lugar-de-enunciacion-452F-26-2-1085x1536.jpg 1085w, https:\/\/webs.uab.cat\/cedid\/wp-content\/uploads\/sites\/151\/2025\/10\/El-exilio-como-lugar-de-enunciacion-452F-26-2-1200x1698.jpg 1200w, https:\/\/webs.uab.cat\/cedid\/wp-content\/uploads\/sites\/151\/2025\/10\/El-exilio-como-lugar-de-enunciacion-452F-26-2.jpg 1240w\" sizes=\"auto, (max-width: 724px) 100vw, 724px\" \/><\/figure><div class=\"wp-block-media-text__content\">\n<p><strong>Yasmina Yousfi L\u00f3pez (coord.), \u00abEl exilio como lugar de enunciaci\u00f3n: di\u00e1logos interculturales y transculturales contempor\u00e1neos\u00bb, monogr\u00e1fico de&nbsp;<em>452\u00baF. Revista de Teor\u00eda de la Literatura y Literatura Comparada<\/em>, 26 (2022)<\/strong><\/p>\n\n\n\n<p>Yasmina Yousfi coordina este monogr\u00e1fico que tambi\u00e9n cuenta con la colaboraci\u00f3n de otros miembros de GEXEL y el CEDID como ahora Mar\u00eda Teresa Santa Mar\u00eda, Esther L\u00e1zaro o Max Hidalgo.<\/p>\n\n\n\n<p>Para leer el monogr\u00e1fico: <a href=\"https:\/\/452f.com\/editorial-26\/\" data-type=\"link\" data-id=\"https:\/\/452f.com\/editorial-26\/\" target=\"_blank\" rel=\"noreferrer noopener\">Link<\/a><\/p>\n<\/div><\/div>\n\n\n\n<hr class=\"wp-block-separator has-alpha-channel-opacity\" \/>\n\n\n\n<div class=\"wp-block-media-text alignwide is-stacked-on-mobile\" style=\"grid-template-columns:20% auto\"><figure class=\"wp-block-media-text__media\"><img loading=\"lazy\" decoding=\"async\" width=\"200\" height=\"300\" src=\"https:\/\/webs.uab.cat\/cedid\/wp-content\/uploads\/sites\/151\/2025\/10\/coverimage.webp\" alt=\"\" class=\"wp-image-10324 size-full\" \/><\/figure><div class=\"wp-block-media-text__content\">\n\n<p><strong>Julio Mart\u00ednez-Cava [amb Guerrero, David], \u00abBetween Tyranny and Self-Interest Why Neo-Republicanism Disregards Natural Rights\u00bb, <em>Theoria A Journal of Social and Political Theory<\/em>, 69 (2), 2022,  pp.140-171<\/strong>.<\/p>\n\n\n<p>Este art\u00edculo analiza el derecho natural en la modernidad desde la historia del pensamiento pol\u00edtico con el objetivo de aportar luz sobre c\u00f3mo se heredaron y se transformaron algunos paradigmas interpretativos sobre el discurso de los derechos durante la Guerra Fr\u00eda. Primero, bajo la etiqueta \u00abargumento de la abstracci\u00f3n\u00bb, exploramos la visi\u00f3n seg\u00fan la cual los derechos naturales son un constructo metaf\u00edsico que acostumbra a desembocar en una aplicaci\u00f3n violenta de principios especulativos a la sociedad. Bajo \u00abargumento del inter\u00e9s propio\u00bb, discutimos la noci\u00f3n que los derechos naturales avalan una concepci\u00f3n atomista y ego\u00edsta del ser humano. En segundo lugar, mostramos como los autores de la Guerra Fr\u00eda replicaron estos dos argumentos, transmitiendo una visi\u00f3n sesgada, en gran parte antirrepublicana y antidemocr\u00e1tica, de los derechos naturales en el siglo XX. Finalmente, valoramos cr\u00edticamente la visi\u00f3n reducida de los derechos naturales heredada por los estudiosos del neorepublicanismo.<\/p>\n\n\n<p>Leer art\u00edculo completo: <a href=\"https:\/\/www.berghahnjournals.com\/view\/journals\/theoria\/69\/171\/th6917108.xml\" data-type=\"link\" data-id=\"https:\/\/www.berghahnjournals.com\/view\/journals\/theoria\/69\/171\/th6917108.xml\" target=\"_blank\" rel=\"noreferrer noopener\">Link<\/a><\/p>\n\n<\/div><\/div>\n\n\n\n<hr class=\"wp-block-separator has-alpha-channel-opacity\" \/>\n\n\n\n<div class=\"wp-block-media-text alignwide is-stacked-on-mobile\" style=\"grid-template-columns:20% auto\"><figure class=\"wp-block-media-text__media\"><img loading=\"lazy\" decoding=\"async\" width=\"115\" height=\"161\" src=\"https:\/\/webs.uab.cat\/cedid\/wp-content\/uploads\/sites\/151\/2025\/10\/edition-161097-115x162-1.jpg\" alt=\"\" class=\"wp-image-10318 size-full\" \/><\/figure><div class=\"wp-block-media-text__content\">\n\n<p><strong>Julio Mart\u00ednez-Cava, \u00abLa tradici\u00f3n democr\u00e1tica en el comunismo brit\u00e1nico en E. P. Thompson a la luz de los archivos del MI5\u00bb, <em>Historia Social, <\/em>104, 2022, pp. 93-111<\/strong>.<\/p>\n\n\n<p>En este art\u00edculo se ofrece un an\u00e1lisis de los archivos liberados por el MI5 brit\u00e1nico en septiembre de 2016 que documentan el espionaje realizado sobre el historiador socialista E. P. Thompson, con el objetivo de aclarar su relaci\u00f3n con el estalinismo antes de 1956. Se reconstruye para lo cual el contexto hist\u00f3rico del comunismo y del macartismo brit\u00e1nicos en los primeros a\u00f1os de la Guerra Fr\u00eda, y se eval\u00faa el peso de la tradici\u00f3n \u201cLeft-libertarian\u201d como factor causal en el proceso de ruptura con el Partido Comunista de Gran Breta\u00f1a por parte de Thompson.<\/p>\n\n<\/div><\/div>\n\n\n\n<hr class=\"wp-block-separator has-alpha-channel-opacity\" \/>\n\n\n\n<p><\/p>\n\n\n\n<div class=\"wp-block-media-text alignwide is-stacked-on-mobile\" style=\"grid-template-columns:20% auto\"><figure class=\"wp-block-media-text__media\"><img loading=\"lazy\" decoding=\"async\" width=\"300\" height=\"430\" src=\"https:\/\/webs.uab.cat\/cedid\/wp-content\/uploads\/sites\/151\/2025\/10\/imagen.jpg\" alt=\"\" class=\"wp-image-10248 size-full\" srcset=\"https:\/\/webs.uab.cat\/cedid\/wp-content\/uploads\/sites\/151\/2025\/10\/imagen.jpg 300w, https:\/\/webs.uab.cat\/cedid\/wp-content\/uploads\/sites\/151\/2025\/10\/imagen-209x300.jpg 209w\" sizes=\"auto, (max-width: 300px) 100vw, 300px\" \/><\/figure><div class=\"wp-block-media-text__content\">\n\n<p><strong>Andrea Geniola, \u00abAll\u2019ombra del Canig\u00f3. Nazione e narrazione nelle terre catalane di Francia e Spagna (anni \u201960 e \u201970)\u00bb. <em>Memoria e Ricerca<\/em>, 71, 3\/2022,  pp. 453-476.<\/strong><\/p>\n\n\n<p>El art\u00edculo intenta investigar, en perspectiva comparada, la gestaci\u00f3n y el desarrollo del nuevo nacionalismo revolucionario catal\u00e1n a ambos lados de la frontera&nbsp;franco-espa\u00f1ola, dentro de lo denominado el \u201c68 de las naciones sin Estado\u201d, planteando la cuesti\u00f3n de la viabilidad o no de organizaciones nacionalistas subestatales situadas en contextos estatales y procesos de construcci\u00f3n nacional tan diferentes como el franc\u00e9s y el espa\u00f1ol.<\/p>\n\n<\/div><\/div>\n\n\n\n<hr class=\"wp-block-separator has-alpha-channel-opacity\" \/>\n\n\n\n<div class=\"wp-block-media-text alignwide is-stacked-on-mobile\" style=\"grid-template-columns:20% auto\"><figure class=\"wp-block-media-text__media\"><img loading=\"lazy\" decoding=\"async\" width=\"300\" height=\"430\" src=\"https:\/\/webs.uab.cat\/cedid\/wp-content\/uploads\/sites\/151\/2025\/10\/imagen.jpg\" alt=\"\" class=\"wp-image-10248 size-full\" srcset=\"https:\/\/webs.uab.cat\/cedid\/wp-content\/uploads\/sites\/151\/2025\/10\/imagen.jpg 300w, https:\/\/webs.uab.cat\/cedid\/wp-content\/uploads\/sites\/151\/2025\/10\/imagen-209x300.jpg 209w\" sizes=\"auto, (max-width: 300px) 100vw, 300px\" \/><\/figure><div class=\"wp-block-media-text__content\">\n\n<p><strong>Andrea Geniola (amb Xos\u00e9 M. N\u00fa\u00f1ez Seixas, dirs.), \u00abImmaginare il territorio. Identit\u00e0 sub-statali e stato-nazione nelle seconda met\u00e0 del XX secolo: Francia, Italia, Spagna\u00bb , monogr\u00e0fic a <em>Memoria e Ricerca<\/em>, 71, 3\/2022, pp. 413-499.<\/strong><\/p>\n\n\n<p>El monogr\u00e1fico tiene como prop\u00f3sito ofrecer una perspectiva comparada de algunas cuestiones nacionales subestatales y sus indisolubles interrelaciones con las respectivas nacionalizaciones de Estado, a trav\u00e9s de la observaci\u00f3n de casos comparables desde diferentes prismas: el peso de la colonizaci\u00f3n africana en la definici\u00f3n de una identidad nacional en las islas de C\u00f3rcega y Cerde\u00f1a; una comparaci\u00f3n entre dos casos de la llamada \u201cperiferia celta\u201d, como Galicia y Breta\u00f1a; la comparaci\u00f3n en el terreno transfronterizo en el caso catal\u00e1n; una perspectiva sobre dos diferentes declinaciones politico-culturales de una misma identidad territorial en el caso del Tirol del Sur.<\/p>\n\n<\/div><\/div>\n\n\n\n<hr class=\"wp-block-separator has-alpha-channel-opacity\" \/>\n\n\n\n<div class=\"wp-block-media-text alignwide is-stacked-on-mobile\" style=\"grid-template-columns:20% auto\"><figure class=\"wp-block-media-text__media\"><img loading=\"lazy\" decoding=\"async\" width=\"136\" height=\"178\" src=\"https:\/\/webs.uab.cat\/cedid\/wp-content\/uploads\/sites\/151\/2024\/11\/CIDOB_132.png\" alt=\"\" class=\"wp-image-8592 size-full\" \/><\/figure><div class=\"wp-block-media-text__content\">\n\n<p><strong>Steven Forti, \u201c<em> Prima gli italiani!\u2019<\/em>. Cambios y continuidades en la ultraderecha italiana: la Lega y Fratelli d\u2019Italia\u201d,&nbsp;<em>Revista CIDOB d\u2019Afers Internacionals<\/em>, n.\u00ba 132 (desembre de 2022), pp. 25-48<\/strong><\/p>\n\n\n<p>En el marco de un dossier monogr\u00e1fico dedicado a las derechas radicales de un lado y otro del Atl\u00e1ntico, Steven Forti presenta un estudio de los cambios y las continuidades en la ultraderecha italiana desde el final de la Primera Rep\u00fablica hasta la actualidad. En el art\u00edculo, el autor analiza principalmente la propuesta ideol\u00f3gica y program\u00e1tica de las principales formaciones de extrema derecha del pa\u00eds transalpino, mostrando las transformaciones de la Liga Norte de Umberto Bossi en la Liga de Matteo Salvini y del Movimiento Social Italiano y la Alianza Nacional de Gianfranco Fini en los Hermanos de Italia de Giorgia Meloni.<\/p>\n\n<\/div><\/div>\n\n\n\n<hr class=\"wp-block-separator has-alpha-channel-opacity\" \/>\n\n\n\n<p><\/p>\n\n\n\n<div class=\"wp-block-media-text alignwide is-stacked-on-mobile\" style=\"grid-template-columns:20% auto\"><figure class=\"wp-block-media-text__media\"><img loading=\"lazy\" decoding=\"async\" width=\"704\" height=\"1024\" src=\"https:\/\/webs.uab.cat\/cedid\/wp-content\/uploads\/sites\/151\/2023\/05\/cover_issue_31040_ca_ES-704x1024.png\" alt=\"\" class=\"wp-image-7161 size-full\" srcset=\"https:\/\/webs.uab.cat\/cedid\/wp-content\/uploads\/sites\/151\/2023\/05\/cover_issue_31040_ca_ES-704x1024.png 704w, https:\/\/webs.uab.cat\/cedid\/wp-content\/uploads\/sites\/151\/2023\/05\/cover_issue_31040_ca_ES-206x300.png 206w, https:\/\/webs.uab.cat\/cedid\/wp-content\/uploads\/sites\/151\/2023\/05\/cover_issue_31040_ca_ES-768x1117.png 768w, https:\/\/webs.uab.cat\/cedid\/wp-content\/uploads\/sites\/151\/2023\/05\/cover_issue_31040_ca_ES.png 880w\" sizes=\"auto, (max-width: 704px) 100vw, 704px\" \/><\/figure><div class=\"wp-block-media-text__content\">\n\n<p><strong>Laia Ara\u00f1\u00f3 Vega i Josep-Vicent Garcia Raffi, \u00abDossier:&nbsp;L&#8217;Euroregi\u00f3 com a escenari per a l&#8217;estudi de la Retirada i l&#8217;exili de 1939\u00bb; Laia Ara\u00f1\u00f3 Vega (amb Rub\u00e8n Doll-Petit i Joan Montblanc), \u00abAproximaci\u00f3 als recursos documentals catalans per a l&#8217;estudi de la Retirada i l&#8217;exili de 1939\u00bb, pp. 13-34, <em>Dictatorships &amp; Democracies, Journal of History and Culture<\/em>, n. 10, 2022.<\/strong><\/p>\n\n\n<p>Los articulos que se presentan en este monogr\u00e1fico son el resultado del proyecto <em>Mem\u00f2ria i patrimoni de l&#8217;exili a l&#8217;Euroregi\u00f3 (1936-1945)<\/em> llevado a cabo entre enero de 2020 y diciembre de 2021 liderado por la Fundaci\u00f3 Carles Pi i Sunyer y en el qual participaron como miembros la Universitat de les Illes Balears, la Universit\u00e9 Toulouse Capitole (D\u00e9partement des Langues et Civilisations), el Museu Memorial de l\u2019Exili de La Jonquera, el Centre d\u2019Estudis sobre Dictadures i Democr\u00e0cies-UAB, els Archives Municipales d\u2019Agde (l\u2019H\u00e9rault) y la Universitat de Val\u00e8ncia. <\/p>\n\n\n<p><strong><a rel=\"noreferrer noopener\" href=\"https:\/\/raco.cat\/index.php\/Dictatorships-Democracies\/issue\/view\/31040\" target=\"_blank\">Enlace<\/a><\/strong><\/p>\n\n<\/div><\/div>\n\n\n\n<hr class=\"wp-block-separator has-alpha-channel-opacity\" \/>\n\n\n\n<div class=\"wp-block-media-text alignwide is-stacked-on-mobile\" style=\"grid-template-columns:20% auto\"><figure class=\"wp-block-media-text__media\"><img loading=\"lazy\" decoding=\"async\" width=\"724\" height=\"1024\" src=\"https:\/\/webs.uab.cat\/cedid\/wp-content\/uploads\/sites\/151\/2023\/05\/Revista-Locus-724x1024.png\" alt=\"\" class=\"wp-image-7155 size-full\" srcset=\"https:\/\/webs.uab.cat\/cedid\/wp-content\/uploads\/sites\/151\/2023\/05\/Revista-Locus-724x1024.png 724w, https:\/\/webs.uab.cat\/cedid\/wp-content\/uploads\/sites\/151\/2023\/05\/Revista-Locus-212x300.png 212w, https:\/\/webs.uab.cat\/cedid\/wp-content\/uploads\/sites\/151\/2023\/05\/Revista-Locus-768x1086.png 768w, https:\/\/webs.uab.cat\/cedid\/wp-content\/uploads\/sites\/151\/2023\/05\/Revista-Locus-1086x1536.png 1086w, https:\/\/webs.uab.cat\/cedid\/wp-content\/uploads\/sites\/151\/2023\/05\/Revista-Locus-1448x2048.png 1448w, https:\/\/webs.uab.cat\/cedid\/wp-content\/uploads\/sites\/151\/2023\/05\/Revista-Locus-1200x1697.png 1200w, https:\/\/webs.uab.cat\/cedid\/wp-content\/uploads\/sites\/151\/2023\/05\/Revista-Locus-1980x2801.png 1980w\" sizes=\"auto, (max-width: 724px) 100vw, 724px\" \/><\/figure><div class=\"wp-block-media-text__content\">\n\n<p><strong>Chen, Chiao- In,&nbsp;\u00abLos or\u00edgenes del fascismo chino: el impacto de la colaboraci\u00f3n nacionalista-comunista y la legitimidad de la lucha nacional (1927-1931)\u00bb,&nbsp;<em>Locus: Revista De Hist\u00f3ria<\/em>&nbsp;28\/2, 2022, pp.146-166<\/strong>.<\/p>\n\n\n<p>La representaci\u00f3n m\u00e1s importante del movimiento fascista chino, tambi\u00e9n conocida\u00a0por su nombre original de Sociedad de la Pr\u00e1ctica Rigurosa de los Tres Principios del Pueblo (o\u00a0<em>Lixingshe<\/em>), \u00a0se \u00a0estructur\u00f3 \u00a0a \u00a0inicios \u00a0de \u00a01932 \u00a0en \u00a0la \u00a0capital \u00a0del \u00a0r\u00e9gimen \u00a0nacionalista \u00a0de \u00a0Nanjing. \u00a0Sus\u00a0miembros \u00a0fueron \u00a0militares \u00a0del \u00a0ej\u00e9rcito \u00a0nacionalista \u00a0revolucionario \u00a0chino \u00a0que \u00a0compartieron\u00a0formaci\u00f3n militar en la Academia Militar\u00a0<em>Huangpu<\/em>\u00a0durante la segunda mitad delos a\u00f1os veinte, en\u00a0un contexto forjado por la etapa de colaboraci\u00f3n entre nacionalistas y comunistas. En este art\u00edculo\u00a0se \u00a0aproximar\u00e1 \u00a0a \u00a0las \u00a0actividades \u00a0previas \u00a0a \u00a0la \u00a0formaci\u00f3n \u00a0de\u00a0<em>Lixingshe<\/em>, \u00a0donde \u00a0las \u00a0trayectorias\u00a0anticomunistas, la creaci\u00f3n de una interpretaci\u00f3n fascistizada de las doctrinas \u201csunyatsenista\u201d y el\u00a0v\u00ednculo de la fidelidad hacia el l\u00edder Chiang Kai-shek, determinar\u00edan su camino inicial. Asimismo,\u00a0el \u00a0art\u00edculo \u00a0propone \u00a0interpretar \u00a0el \u00a0ambiente \u00a0de \u00a0los \u00a0a\u00f1os \u00a0veinte \u00a0en \u00a0Asia \u00a0Oriental \u00a0como \u00a0la \u00a0base\u00a0necesaria para entender la caracter\u00edstica defensiva y antiimperial del fascismo chino.<\/p>\n\n\n<p><a rel=\"noreferrer noopener\" href=\"https:\/\/periodicos.ufjf.br\/index.php\/locus\/article\/view\/37511\" target=\"_blank\"><strong>Enlace<\/strong><\/a><\/p>\n\n<\/div><\/div>\n\n\n\n<hr class=\"wp-block-separator has-alpha-channel-opacity\" \/>\n\n\n\n<div class=\"wp-block-media-text alignwide is-stacked-on-mobile\" style=\"grid-template-columns:20% auto\"><figure class=\"wp-block-media-text__media\"><img loading=\"lazy\" decoding=\"async\" width=\"500\" height=\"500\" src=\"https:\/\/webs.uab.cat\/cedid\/wp-content\/uploads\/sites\/151\/2023\/05\/Revista-Geronimo-de-Uztariz.png\" alt=\"\" class=\"wp-image-7144 size-full\" srcset=\"https:\/\/webs.uab.cat\/cedid\/wp-content\/uploads\/sites\/151\/2023\/05\/Revista-Geronimo-de-Uztariz.png 500w, https:\/\/webs.uab.cat\/cedid\/wp-content\/uploads\/sites\/151\/2023\/05\/Revista-Geronimo-de-Uztariz-300x300.png 300w, https:\/\/webs.uab.cat\/cedid\/wp-content\/uploads\/sites\/151\/2023\/05\/Revista-Geronimo-de-Uztariz-150x150.png 150w\" sizes=\"auto, (max-width: 500px) 100vw, 500px\" \/><\/figure><div class=\"wp-block-media-text__content\">\n\n<p><strong>Del R\u00edo Morillas, Miguel \u00c1ngel,&nbsp;&nbsp;\u00abEl Partido Comunista de China&nbsp;&nbsp;y&nbsp;el Partido Comunista de Espa\u00f1a (1921-1956): entre la revoluci\u00f3n y la readaptaci\u00f3n\u00bb,&nbsp;&nbsp;<em>Revista&nbsp;Ger\u00f3nimo De Uzt\u00e1riz Aldizkaria<\/em>, 36, 2022, pp. 25\u201346.<\/strong><\/p>\n\n\n<p>El presente art\u00edculo presenta realizar una aproximaci\u00f3n a la historia de dos partidos alejados en el tempo pol\u00edtico y el \u00e9xito, as\u00ed como geogr\u00e1fica y culturalmente, como son el PCE y el PCC en sus efem\u00e9rides de 100 a\u00f1os de existencia (1921-2021), aunque d\u00e1ndose m\u00e1s incidencia al caso del PCC. Asimismo, se coger\u00e1 como punto final del relato el XX Congreso del PCUS de 1956, el cual implic\u00f3 un cambio de paradigma para el movimiento comunista internacional, siendo para el caso del PCE su materializaci\u00f3n en la pol\u00edtica de \u201cReconciliaci\u00f3n Nacional\u201d de 1956,mientras que para el caso del PCC representar\u00eda su alejamiento de una Uni\u00f3n Sovi\u00e9tica (ejemplificado en la ruptura sino-sovi\u00e9tica de 1959) con su definitiva apuesta por una v\u00eda china al socialismo, y al desarrollo econ\u00f3mico, debatido en el VIII Congreso de septiembre de 1956.<\/p>\n\n\n<p><strong><a rel=\"noreferrer noopener\" href=\"https:\/\/guztariz.journals.publicknowledgeproject.org\/index.php\/guztariz\/article\/view\/1288\" target=\"_blank\">Enlace<\/a><\/strong><\/p>\n\n<\/div><\/div>\n\n\n\n<hr class=\"wp-block-separator has-alpha-channel-opacity\" \/>\n\n\n\n<div class=\"wp-block-media-text alignwide is-stacked-on-mobile\" style=\"grid-template-columns:20% auto\"><figure class=\"wp-block-media-text__media\"><img loading=\"lazy\" decoding=\"async\" width=\"813\" height=\"1024\" src=\"https:\/\/webs.uab.cat\/cedid\/wp-content\/uploads\/sites\/151\/2022\/10\/171010120220-813x1024.jpg\" alt=\"\" class=\"wp-image-3018 size-full\" srcset=\"https:\/\/webs.uab.cat\/cedid\/wp-content\/uploads\/sites\/151\/2022\/10\/171010120220-813x1024.jpg 813w, https:\/\/webs.uab.cat\/cedid\/wp-content\/uploads\/sites\/151\/2022\/10\/171010120220-238x300.jpg 238w, https:\/\/webs.uab.cat\/cedid\/wp-content\/uploads\/sites\/151\/2022\/10\/171010120220-768x968.jpg 768w, https:\/\/webs.uab.cat\/cedid\/wp-content\/uploads\/sites\/151\/2022\/10\/171010120220-1219x1536.jpg 1219w, https:\/\/webs.uab.cat\/cedid\/wp-content\/uploads\/sites\/151\/2022\/10\/171010120220-1625x2048.jpg 1625w, https:\/\/webs.uab.cat\/cedid\/wp-content\/uploads\/sites\/151\/2022\/10\/171010120220-1200x1512.jpg 1200w, https:\/\/webs.uab.cat\/cedid\/wp-content\/uploads\/sites\/151\/2022\/10\/171010120220-1980x2495.jpg 1980w, https:\/\/webs.uab.cat\/cedid\/wp-content\/uploads\/sites\/151\/2022\/10\/171010120220-scaled.jpg 2032w\" sizes=\"auto, (max-width: 813px) 100vw, 813px\" \/><\/figure><div class=\"wp-block-media-text__content\">\n\n<p><strong><strong>Buckley, Nicol\u00e1s, \u00abLa modernidad como proyecto&nbsp;mestizo. Vida y muerte de la guerrilla ecuatoriana &#8216;Alfaro Vive Carajo'\u00bb,&nbsp;<em>Historia del presente<\/em>, 39, 2022\/1 2\u00aa \u00e9poca, pp. 97-113 ISSN: 1579-813<\/strong><\/strong>.<\/p>\n\n\n<p>Fuerzas Armadas Populares Eloy Alfaro, tambi\u00e9n conocido como \u00a1Alfaro Vive, Carajo! (AVC) fue un grupo clandestino de izquierda en Ecuador, fundado en 1982 e inspirado en la figura de un l\u00edder hist\u00f3rico del pa\u00eds, el general Eloy Alfaro. Nicol\u00e1s Bucley analiza la trayectoria de este grupo mediante un estudio del proyecto mestizo de la guerrilla y su vinculaci\u00f3n con la modernidad.<\/p>\n\n<\/div><\/div>\n\n\n\n<hr class=\"wp-block-separator has-alpha-channel-opacity\" \/>\n\n\n\n<div class=\"wp-block-media-text alignwide is-stacked-on-mobile\" style=\"grid-template-columns:20% auto\"><figure class=\"wp-block-media-text__media\"><img loading=\"lazy\" decoding=\"async\" width=\"180\" height=\"256\" src=\"https:\/\/webs.uab.cat\/cedid\/wp-content\/uploads\/sites\/151\/2021\/02\/contemporary-european-history_0.jpg\" alt=\"\" class=\"wp-image-2603 size-full\" \/><\/figure><div class=\"wp-block-media-text__content\">\n\n<p><strong>Carlos \u00c1ngel Ord\u00e1s, \u00abThe Antimilitarist Campaogn against Compulsory Military Service in Spain during the 1970s and 1980s\u00bb,&nbsp;<em>Contemporary European History,<\/em> 2022,&nbsp;pp. 1-19.<\/strong><\/p>\n\n\n<p>El presente art\u00edculo se centra en la influencia pol\u00edtica y social del movimiento antimilitarista en Espa\u00f1a durante los a\u00f1os setenta y ochenta. El art\u00edculo muestra c\u00f3mo a lo largo de la d\u00e9cada de 1970 el tema de la objeci\u00f3n de conciencia pas\u00f3 a formar parte de un contexto m\u00e1s amplio de lucha por los derechos y libertades individuales y colectivos que la dictadura franquista neg\u00f3 a la poblaci\u00f3n espa\u00f1ola, alcanzando un importante impacto pol\u00edtico al concentrar su acci\u00f3n en la imagen exterior de Espa\u00f1a. A lo largo de la d\u00e9cada siguiente, el movimiento antimilitarista creci\u00f3 en un contexto de grandes movilizaciones y debate p\u00fablico en torno al pacifismo y el antimilitarismo, con motivo del refer\u00e9ndum sobre la permanencia de Espa\u00f1a en la OTAN. La campa\u00f1a m\u00e1s importante fue la de resistencia tanto al servicio militar como al servicio social alternativo, la llamada insumisi\u00f3n.<\/p>\n\n<\/div><\/div>\n\n\n\n<hr class=\"wp-block-separator has-alpha-channel-opacity\" \/>\n\n\n\n<div class=\"wp-block-media-text alignwide is-stacked-on-mobile\" style=\"grid-template-columns:20% auto\"><figure class=\"wp-block-media-text__media\"><img loading=\"lazy\" decoding=\"async\" width=\"300\" height=\"300\" src=\"https:\/\/webs.uab.cat\/cedid\/wp-content\/uploads\/sites\/151\/2023\/04\/pageHeaderLogoImage_es_ES-1.png\" alt=\"\" class=\"wp-image-6997 size-full\" srcset=\"https:\/\/webs.uab.cat\/cedid\/wp-content\/uploads\/sites\/151\/2023\/04\/pageHeaderLogoImage_es_ES-1.png 300w, https:\/\/webs.uab.cat\/cedid\/wp-content\/uploads\/sites\/151\/2023\/04\/pageHeaderLogoImage_es_ES-1-150x150.png 150w\" sizes=\"auto, (max-width: 300px) 100vw, 300px\" \/><\/figure><div class=\"wp-block-media-text__content\">\n<p><strong>Miguel D\u00edaz S\u00e1nchez, \u201cLos centros regionales en la pugna catalanismo \/ anticatalanismo de la Segunda Rep\u00fablica. El caso de la Casa Regional de Murcia en Barcelona\u201d, <em>Pasado y Memoria. Revista de Historia Contempor\u00e1nea<\/em>, 24, 2022, pp. 189-211.<\/strong><\/p>\n\n\n\n<p>El objetivo del art\u00edculo es mostrar el potencial que ofrece el estudio del asociacionismo desarrollado por las distintas colonias de emigrantes en la ciudad de Barcelona durante el periodo republicano. En este caso se ha seleccionado el desplegado por los murcianos a trav\u00e9s de la Casa Regional de Murcia. Se analizan las expresiones p\u00fablicas, la evoluci\u00f3n ideol\u00f3gica, las t\u00e1cticas de persuasi\u00f3n pol\u00edtica y los mecanismos de apoyo implementados por esta asociaci\u00f3n. La colonia murciana se convirti\u00f3 en epicentro de varios debates pol\u00edticos surgidos en una Barcelona azotada por un duro contexto de crisis econ\u00f3mica y fuertes confrontaciones sociales, pol\u00edticas y sindicales. Un contexto que otorga al objeto de an\u00e1lisis de un valor especial para iniciar un camino de investigaci\u00f3n a\u00fan por desarrollar.&nbsp;<\/p>\n\n\n\n<p><a rel=\"noopener\" href=\"https:\/\/pasadoymemoria.ua.es\/article\/view\/19550\" target=\"_blank\">Enlace<\/a><\/p>\n<\/div><\/div>\n\n\n\n<hr class=\"wp-block-separator has-alpha-channel-opacity\" \/>\n\n\n\n<div class=\"wp-block-media-text alignwide is-stacked-on-mobile\" style=\"grid-template-columns:20% auto\"><figure class=\"wp-block-media-text__media\"><img loading=\"lazy\" decoding=\"async\" width=\"724\" height=\"1024\" src=\"https:\/\/webs.uab.cat\/cedid\/wp-content\/uploads\/sites\/151\/2023\/01\/FhRgyoTXwAEN0fc-1-724x1024.jpg\" alt=\"\" class=\"wp-image-6492 size-full\" srcset=\"https:\/\/webs.uab.cat\/cedid\/wp-content\/uploads\/sites\/151\/2023\/01\/FhRgyoTXwAEN0fc-1-724x1024.jpg 724w, https:\/\/webs.uab.cat\/cedid\/wp-content\/uploads\/sites\/151\/2023\/01\/FhRgyoTXwAEN0fc-1-212x300.jpg 212w, https:\/\/webs.uab.cat\/cedid\/wp-content\/uploads\/sites\/151\/2023\/01\/FhRgyoTXwAEN0fc-1-768x1086.jpg 768w, https:\/\/webs.uab.cat\/cedid\/wp-content\/uploads\/sites\/151\/2023\/01\/FhRgyoTXwAEN0fc-1.jpg 849w\" sizes=\"auto, (max-width: 724px) 100vw, 724px\" \/><\/figure><div class=\"wp-block-media-text__content\">\n<p><strong>Angelina Puig i Valls, \u00abTota la vida en una maleta. La construcci\u00f3 d\u2019un barri de Sabadell\u00bb, <em>Temps i espais de mem\u00f2ria<\/em>, 7, 2022, pp. 31-39.<\/strong><\/p>\n\n\n\n<p>\u00c9ste es el estudio de un proceso migratorio desde un pueblo granadino hasta Sabadell en las primeras d\u00e9cadas de la segunda mitad del siglo XX, en el que se han usado las fuentes orales como primordiales. Se sostiene que la inmigraci\u00f3n de los pioneros de los a\u00f1os cincuenta es un hecho colectivo de los campesinos andaluces, que no tuvo una causa exclusivamente econ\u00f3mica, sino que fue una consecuencia indirecta del resultado de la Guerra Civil. Cuando llegaron a Sabadell, las personas y familias se hospedaron, primero, en cuevas y chabolas; m\u00e1s adelante, en casas precarias que a menudo hab\u00edan construido ellas mismas; hasta que, con mucho trabajo y varias luchas, consiguieron unas viviendas y barrios m\u00e1s dignos. Con los a\u00f1os, se fueron alcanzando las expectativas, mejor\u00f3 la situaci\u00f3n precaria de los primeros tiempos, alcanzando la conciencia de pertenencia y posesi\u00f3n de un espacio m\u00e1s amplio que el del barrio o la ciudad. Medio siglo despu\u00e9s nos preguntamos qu\u00e9 semejanzas hay entre ese proceso y las inmigraciones actuales, y sobre el objetivo, la lucha o las reivindicaciones que ayudan a unir a la nueva gente, que ahora proviene de varios pa\u00edses, con la que ya est\u00e1 establecida en el pa\u00eds.<\/p>\n\n\n\n<p><a rel=\"noreferrer noopener\" href=\"https:\/\/raco.cat\/index.php\/TEM\/article\/view\/405768\/499851\" target=\"_blank\"><strong>Acceso al art\u00edculo<\/strong><\/a><\/p>\n<\/div><\/div>\n\n\n\n<hr class=\"wp-block-separator has-alpha-channel-opacity\" \/>\n\n\n\n<div class=\"wp-block-media-text alignwide is-stacked-on-mobile\" style=\"grid-template-columns:20% auto\"><figure class=\"wp-block-media-text__media\"><img loading=\"lazy\" decoding=\"async\" width=\"638\" height=\"993\" src=\"https:\/\/webs.uab.cat\/cedid\/wp-content\/uploads\/sites\/151\/2021\/02\/cover_issue_99_es_es_0.jpg\" alt=\"\" class=\"wp-image-2605 size-full\" srcset=\"https:\/\/webs.uab.cat\/cedid\/wp-content\/uploads\/sites\/151\/2021\/02\/cover_issue_99_es_es_0.jpg 638w, https:\/\/webs.uab.cat\/cedid\/wp-content\/uploads\/sites\/151\/2021\/02\/cover_issue_99_es_es_0-193x300.jpg 193w\" sizes=\"auto, (max-width: 638px) 100vw, 638px\" \/><\/figure><div class=\"wp-block-media-text__content\">\n\n<p><strong>Pau Casanellas, \u00abEvitar \u00abcaballos de Troya\u00bb. Las estructuras provinciales de poder del franquismo ante el resurgimiento del nacionalismo subestatal en Catalu\u00f1a y el Pa\u00eds Vasco (1960-1975 )\u00bb,&nbsp;<i>Ayer. Revista De Historia Contempor\u00e1nea<\/i>,&nbsp;<i>123<\/i>(3), 135\u2013161, 2022.<\/strong><\/p>\n\n\n<p>La instauraci\u00f3n del franquismo dio lugar al intento probablemente m\u00e1s resuelto de la historia espa\u00f1ola de anonadaci\u00f3n de las lenguas no castellanas y de los nacionalismos subestatales. Con todo, a partir de los a\u00f1os cincuenta y, especialmente, sesenta, tanto el catalanismo como el vasquismo adquirieron un notable impulso. La principal respuesta de la dictadura fue la represi\u00f3n, pero algunos de sus sectores propugnaron una pol\u00edtica de otro tipo que pudiera atraer y capitalizar ambos movimientos en beneficio propio. Se analizan en este art\u00edculo las propuestas sobre la cuesti\u00f3n emanadas de los \u00f3rganos provinciales del Movimiento y de los gobiernos civiles tanto en Catalu\u00f1a como en el Pa\u00eds Vasco.<\/p>\n\n<\/div><\/div>\n\n\n\n<hr class=\"wp-block-separator has-alpha-channel-opacity\" \/>\n\n\n\n<div class=\"wp-block-media-text alignwide is-stacked-on-mobile\" style=\"grid-template-columns:20% auto\"><figure class=\"wp-block-media-text__media\"><img loading=\"lazy\" decoding=\"async\" width=\"500\" height=\"742\" src=\"https:\/\/webs.uab.cat\/cedid\/wp-content\/uploads\/sites\/151\/2021\/02\/fnhwhjuwuammr7r_0.png\" alt=\"\" class=\"wp-image-2607 size-full\" srcset=\"https:\/\/webs.uab.cat\/cedid\/wp-content\/uploads\/sites\/151\/2021\/02\/fnhwhjuwuammr7r_0.png 500w, https:\/\/webs.uab.cat\/cedid\/wp-content\/uploads\/sites\/151\/2021\/02\/fnhwhjuwuammr7r_0-202x300.png 202w\" sizes=\"auto, (max-width: 500px) 100vw, 500px\" \/><\/figure><div class=\"wp-block-media-text__content\">\n\n<p><strong>Eduardo Abad Garc\u00eda, \u00abVecinos y camaradas. Portugal en el imaginario colectivo del leninismo espa\u00f1ol&nbsp;\u00ab,&nbsp;<em>Ayer<\/em>, n. 125, 2022 (1), pp.&nbsp;267-294.<\/strong><\/p>\n\n\n<p>En este art\u00edculo se estudia la evoluci\u00f3n de las relaciones entre los comunistas ib\u00e9ricos a lo largo de su historia: c\u00f3mo fue percibido el PCP y c\u00f3mo esa percepci\u00f3n influy\u00f3 a los miles de comunistas que tras 1968 desarrollaron una disidencia leninista. La estrategia desarrollada por los comunistas lusos durante la Revoluci\u00f3n de los Claveles constituy\u00f3 un ejemplo a seguir particularmente importante para aquellos militantes cr\u00edticos con la l\u00ednea oficial del PCE. A trav\u00e9s de fuentes orales y hemerogr\u00e1ficas, este art\u00edculo analiza c\u00f3mo el referente portugu\u00e9s funcion\u00f3 a modo de mito movilizador para este sector de los comunistas espa\u00f1oles<\/p>\n\n<\/div><\/div>\n\n\n\n<hr class=\"wp-block-separator has-alpha-channel-opacity\" \/>\n\n\n\n<div class=\"wp-block-media-text alignwide is-stacked-on-mobile\" style=\"grid-template-columns:20% auto\"><figure class=\"wp-block-media-text__media\"><img loading=\"lazy\" decoding=\"async\" width=\"555\" height=\"791\" src=\"https:\/\/webs.uab.cat\/cedid\/wp-content\/uploads\/sites\/151\/2023\/01\/thumbnail_PopularMusicSociety-3.jpg\" alt=\"\" class=\"wp-image-6423 size-full\" srcset=\"https:\/\/webs.uab.cat\/cedid\/wp-content\/uploads\/sites\/151\/2023\/01\/thumbnail_PopularMusicSociety-3.jpg 555w, https:\/\/webs.uab.cat\/cedid\/wp-content\/uploads\/sites\/151\/2023\/01\/thumbnail_PopularMusicSociety-3-210x300.jpg 210w\" sizes=\"auto, (max-width: 555px) 100vw, 555px\" \/><\/figure><div class=\"wp-block-media-text__content\">\n<p><strong><strong><strong>Forti, Steven, \u201cL&#8217;estaca\u2019: Transnational Trajectories of a Catalan Antifascist Song\u201d, Popular Music and Society, 44.2 (2021), pp. 139-156. <\/strong><\/strong><\/strong><\/p>\n\n\n\n<p>En este art\u00edculo, Steven Forti analiza las formas en que \u201cL&#8217;estaca\u00bb, canci\u00f3n compuesta en 1968 por Llu\u00eds Llach, ha sido reutilizada y resignificada en diversos contextos culturales y pol\u00edticos, como el movimiento Solidarno\u015b\u0107 de los a\u00f1os ochenta en Polonia y la Primavera \u00c1rabe en T\u00fanez, adem\u00e1s del contexto espa\u00f1ol y catal\u00e1n de los a\u00f1os Diez del siglo XXI.<\/p>\n<\/div><\/div>\n\n\n\n<hr class=\"wp-block-separator has-alpha-channel-opacity\" \/>\n\n\n\n<div class=\"wp-block-media-text alignwide is-stacked-on-mobile\" style=\"grid-template-columns:20% auto\"><figure class=\"wp-block-media-text__media\"><img loading=\"lazy\" decoding=\"async\" width=\"536\" height=\"734\" src=\"https:\/\/webs.uab.cat\/cedid\/wp-content\/uploads\/sites\/151\/2023\/01\/Mulino.jpg\" alt=\"\" class=\"wp-image-6428 size-full\" srcset=\"https:\/\/webs.uab.cat\/cedid\/wp-content\/uploads\/sites\/151\/2023\/01\/Mulino.jpg 536w, https:\/\/webs.uab.cat\/cedid\/wp-content\/uploads\/sites\/151\/2023\/01\/Mulino-219x300.jpg 219w\" sizes=\"auto, (max-width: 536px) 100vw, 536px\" \/><\/figure><div class=\"wp-block-media-text__content\">\n<p><strong>Forti, Steven, \u201cIl fascismo non muore mai?\u201d, Rivista Il Mulino, 515 (2\/2021), pp. 85-95.<\/strong><\/p>\n\n\n\n<p>En este art\u00edculo publicado en la revista italiana Il Mulino, Steven Forti reflexiona, a partir de los m\u00e1s recientes debates que se han dado en la academia, sobre el concepto de fascismo y el de populismo con el objetivo de llegar a proponer una definici\u00f3n de las nuevas extremas derechas actuales, representadas por el trumpismo, el lepenismo, la Liga de Salvini, Vox o Fidesz.<\/p>\n<\/div><\/div>\n\n\n\n<hr class=\"wp-block-separator has-alpha-channel-opacity\" \/>\n\n\n\n<div class=\"wp-block-media-text alignwide is-stacked-on-mobile\" style=\"grid-template-columns:20% auto\"><figure class=\"wp-block-media-text__media\"><img loading=\"lazy\" decoding=\"async\" width=\"400\" height=\"476\" src=\"https:\/\/webs.uab.cat\/cedid\/wp-content\/uploads\/sites\/151\/2022\/10\/RELACULT-CAPA-GERAL-mini-1.jpg\" alt=\"\" class=\"wp-image-3014 size-full\" srcset=\"https:\/\/webs.uab.cat\/cedid\/wp-content\/uploads\/sites\/151\/2022\/10\/RELACULT-CAPA-GERAL-mini-1.jpg 400w, https:\/\/webs.uab.cat\/cedid\/wp-content\/uploads\/sites\/151\/2022\/10\/RELACULT-CAPA-GERAL-mini-1-252x300.jpg 252w\" sizes=\"auto, (max-width: 400px) 100vw, 400px\" \/><\/figure><div class=\"wp-block-media-text__content\">\n\n<p><strong><strong>Buckley, Nicol\u00e1s, \u00abHacer historia desde testimonios de militantes de AVC y ETA. La producci\u00f3n de intersubjetividades en Ecuador y Pa\u00eds Vasco\u00bb, <em>RelaCult, Revista Latinoamericana en Estudio de Cultura y Sociedad<\/em> , 7, no.2, 2021.<\/strong><\/strong><\/p>\n\n\n<p>La historia oral, y m\u00e1s concretamente el formato &#8216;historia de vida&#8217;, en la que el narrador cuenta su historia desde su nacimiento hasta ahora presente de la entrevista, abre un abanico de posibilidades a los cient\u00edficos sociales. Sin embargo, la violencia pol\u00edtica ha sido tratada tradicionalmente por estos mismos cient\u00edficos sociales en t\u00e9rminos de &#8216;terrorismo&#8217;, y en consonancia los an\u00e1lisis sobre seguridad y gobernanza han predominado sobre los an\u00e1lisis hist\u00f3ricos. La violencia insurgente que tuvo lugar tanto en el Pa\u00eds Vasco (ETA) como en Ecuador (AVC) durante el \u00faltimo tercio del siglo XX es analizada en este art\u00edculo desde las historias de vida de sus protagonistas. En la nueva historia, la intersubjetividad (la producci\u00f3n de subjetividades que tiene lugar durante la entrevista) se parte ya una parte intr\u00ednseca. Sin la necesidad de tomar una posici\u00f3n securitizadora, los testigos que militantes de ETA y AVC avisan durante las entrevistas que revelan contradicciones, melancol\u00eda, y otra serie de emociones que nos hacen entender su forma de estar en el mundo. La construcci\u00f3n de la fuente oral se revela como un proceso en el que el historiador negocia consigo mismo hasta qu\u00e9 punto se sumerge, o no, a la vivencia del narrador.<\/p>\n\n<\/div><\/div>\n\n\n\n<hr class=\"wp-block-separator has-alpha-channel-opacity\" \/>\n\n\n\n<div class=\"wp-block-media-text alignwide is-stacked-on-mobile\" style=\"grid-template-columns:20% auto\"><figure class=\"wp-block-media-text__media\"><img loading=\"lazy\" decoding=\"async\" width=\"150\" height=\"212\" src=\"https:\/\/webs.uab.cat\/cedid\/wp-content\/uploads\/sites\/151\/2018\/09\/vilanova_sole_tura_0.png\" alt=\"vilanova_sole_tura\" class=\"wp-image-2149 size-full\" \/><\/figure><div class=\"wp-block-media-text__content\">\n\n<p><strong>Francesc Vilanova i Vila-Abadal, \u201cEl feixisme impur: Eugenio Nadal i l\u2019\u2019esprit du temps\u2019 (1939 \u2013 1944)\u201d, pp. 1 \u2013 38; Andrea Geniola, \u201cAutogoverno e democrazia. Il catalanismo nella Transizione spagnola (1974 \u2013 1979), pp. 39 \u2013 64\u201d. <em>Rivista Italiana di Studi Catalani<\/em>, n. 11, 2021.<\/strong><\/p>\n\n\n<p>La <em>Rivista Italiana di Studi Catalani,<\/em> de publicaci\u00f3n anual, es la primera y \u00fanica revista cient\u00edfica italiana en catal\u00e1n, orientada al estudio y la reflexi\u00f3n cr\u00edtica sobre la cultura catalana en todas sus manifestaciones, en el signo de la m\u00e1s amplia interdisciplinariedad. La revista acoge aportaciones cient\u00edficas originales e in\u00e9ditas de tem\u00e1tica libre (art\u00edculos, notas, rese\u00f1as) y propuestas para la secci\u00f3n monogr\u00e1fica de car\u00e1cter filol\u00f3gico, literario, ling\u00fc\u00edstico, art\u00edstico, hist\u00f3rico y cultural en sentido amplio, con extensi\u00f3n temporal desde los or\u00edgenes hasta la contemporaneidad. En este n\u00famero (11) encontramos los art\u00edculos de Francesc Vilanova y Andrea Geniola. El primero se centra en los \u00faltimos a\u00f1os de la figura de Eugenio Nadal, periodista, escritor e intelectual falangista, mientras que el segundo aborda la acci\u00f3n del catalanismo durante los a\u00f1os de la Transici\u00f3n espa\u00f1ola.<\/p>\n\n<\/div><\/div>\n\n\n\n<hr class=\"wp-block-separator has-alpha-channel-opacity\" \/>\n\n\n\n<div class=\"wp-block-media-text alignwide is-stacked-on-mobile\" style=\"grid-template-columns:20% auto\"><figure class=\"wp-block-media-text__media\"><img decoding=\"async\" src=\"https:\/\/revistes.ub.edu\/public\/journals\/29\/cover_issue_2704_ca_ES.jpg\" alt=\"\" \/><\/figure><div class=\"wp-block-media-text__content\">\n<p><strong>Miguel D\u00edaz S\u00e1nchez, \u201cUna Barcelona de posguerra: migrantes mendigos, refugiados y repatriados\u201d, <em>Segle XX. Revista catalana d\u00b4hist\u00f2ria<\/em>, 14, 2021, pp. 155-177.<\/strong><\/p>\n\n\n\n<p>El art\u00edculo acomete el an\u00e1lisis de la represi\u00f3n de la mendicidad y la inmigraci\u00f3n en la Barcelona de la inmediata posguerra. Tambi\u00e9n centra parte de su argumento en el tratamiento otorgado por el r\u00e9gimen franquista a los refugiados republicanos acogidos en la ciudad durante la contienda. Finalmente dedica parte de su atenci\u00f3n a los repatriados republicanos procedentes de Francia durante los primeros meses de la posguerra, ya que la capital catalana actu\u00f3 como centro clasificador y distribuidor de los mismos. Mendigos, inmigrantes, refugiados y repatriados fueron conceptualizados por el r\u00e9gimen como una problem\u00e1tica similar (beneficencia y orden p\u00fablico), por lo que recibieron un tratamiento igualmente similar.&nbsp; La m\u00e1xima expresi\u00f3n de este hecho fue la funcionalidad otorgada a los principales centros de clasificaci\u00f3n y repatriaci\u00f3n existentes en Barcelona durante los primeros compases de la dictadura.&nbsp;<\/p>\n\n\n\n<p><a rel=\"noopener\" href=\"https:\/\/revistes.ub.edu\/index.php\/segleXX\/article\/view\/38195\" target=\"_blank\">Enlace<\/a><\/p>\n<\/div><\/div>\n\n\n\n<hr class=\"wp-block-separator has-alpha-channel-opacity\" \/>\n\n\n\n<div class=\"wp-block-media-text alignwide is-stacked-on-mobile\" style=\"grid-template-columns:20% auto\"><figure class=\"wp-block-media-text__media\"><img decoding=\"async\" src=\"https:\/\/raco.cat\/public\/journals\/668\/cover_issue_29973_ca_ES.png\" alt=\"\" \/><\/figure><div class=\"wp-block-media-text__content\">\n<p><strong>Josep V. Garcia Raffi (amb Francisco Collado Cerver\u00f3) \u201cEl c\u00f2mic i l\u2019exili del 1939: des de la retirada fins la di\u00e0spora i la resist\u00e8ncia armada\u201d, pp. 79 \u2013 115; Fernando Valls \u201cLas letras espa\u00f1olas, a comienzos de 1969, desde la perspectiva mexicana\u201d, pp. 157 \u2013 182. <em>Dictatorships and Democracies. Journal of History and Culture, n. 9, 2021. <\/em><\/strong><\/p>\n\n\n\n<p>El n\u00famero 9 de la revista Dictatorships and Democracies presenta una serie de trabajos relacionados con: El c\u00f2mic. Mem\u00f2ria, guerra y exili. Entre los autores, destacamos dos miembros del CEDID: Josep V. Garcia Raffi, que juntamente con Francisco Collado ofrece una panor\u00e1mica descriptiva i tem\u00e1tica de los c\u00f3mics publicados en Espa\u00f1a durante los \u00faltimos a\u00f1os en relaci\u00f3n con el exilio&nbsp;republicano y la resistencia armada; y Fernando Valls, el cual se centra en el an\u00e1lisis del monogr\u00e1fico que la <em>Revista de la Universidad de M\u00e9xico<\/em> dedic\u00f3 a las \u00abLetras Espa\u00f1olas\u00bb el a\u00f1o 1969. El n\u00famero tambi\u00e9n incluye las rese\u00f1es de Gerard Vallejo a la obra de Jos\u00e9 Fernando Mota (<em>\u00a1Viva Catalu\u00f1a Espa\u00f1ola! Historia de la extrema derecha en la Barcelona republicana (1931 \u2013 1936)<\/em> as\u00ed como del mismo Fernando Valls, que rese\u00f1a diferentes trabajos publicados recientemente relacionadas con la Guerra Civil.<\/p>\n\n\n\n<p><a rel=\"noopener\" href=\"https:\/\/raco.cat\/index.php\/Dictatorships-Democracies\/issue\/view\/29973\" target=\"_blank\">Acceso en abierto a la revista<\/a><\/p>\n<\/div><\/div>\n\n\n\n<hr class=\"wp-block-separator has-alpha-channel-opacity\" \/>\n\n\n\n<div class=\"wp-block-media-text alignwide is-stacked-on-mobile\" style=\"grid-template-columns:20% auto\"><figure class=\"wp-block-media-text__media\"><img loading=\"lazy\" decoding=\"async\" width=\"549\" height=\"696\" src=\"https:\/\/webs.uab.cat\/cedid\/wp-content\/uploads\/sites\/151\/2021\/02\/descarga_trame.png\" alt=\"\" class=\"wp-image-2609 size-full\" srcset=\"https:\/\/webs.uab.cat\/cedid\/wp-content\/uploads\/sites\/151\/2021\/02\/descarga_trame.png 549w, https:\/\/webs.uab.cat\/cedid\/wp-content\/uploads\/sites\/151\/2021\/02\/descarga_trame-237x300.png 237w\" sizes=\"auto, (max-width: 549px) 100vw, 549px\" \/><\/figure><div class=\"wp-block-media-text__content\">\n\n<p><strong>Jos\u00e9-Ram\u00f3n L\u00f3pez Garc\u00eda, \u201c\u00abLa sabidur\u00eda de la mirada\u00bb: Tard\u00edo N\u00e1poles (1977), de Luis Amado Blanco\u201d, pp. 31-46; M\u00edryam V\u00edlchez Ruiz, \u201cEl sistema de creencias en <em>Roma, peligro para caminantes<\/em> de Rafael Alberti\u201d, pp. 139-152, <em>trame di letteratura comparata<\/em>, 5, 2021.<\/strong><\/p>\n\n\n<p>Este n\u00famero de <em>trame di letteratura comparata<\/em> dedicado a la literatura del exilio republicano incluye un art\u00edculo de Jos\u00e9-Ram\u00f3n L\u00f3pez Garc\u00eda titulado \u201c\u00abLa sabidur\u00eda de la mirada\u00bb: N\u00e1poles (1977), de Luis Amado Blanco\u201d, que trata sobre una colecci\u00f3n de poemas de Amado Blanco en sus a\u00f1os en N\u00e1poles que refleja su fascinaci\u00f3n por la ciudad italiana y c\u00f3mo vio a partir de ella una posibilidad de regeneraci\u00f3n personal y est\u00e9tica. La revista tambi\u00e9n presenta un art\u00edculo de M\u00edryam V\u00edlchez Ruiz, \u201cEl sistema de creencias en <em>Roma, peligro para caminantes<\/em> de Rafael Alberti\u201d, que estudia esta obra de Alberti, publicada en sus a\u00f1os de exilio en Roma, un libro&nbsp;que refleja la esencia del sistema de valores del autor en el contexto de la ciudad eterna.<\/p>\n\n<\/div><\/div>\n\n\n\n<hr class=\"wp-block-separator has-alpha-channel-opacity\" \/>\n\n\n\n<div class=\"wp-block-media-text alignwide is-stacked-on-mobile\" style=\"grid-template-columns:20% auto\"><figure class=\"wp-block-media-text__media\"><img decoding=\"async\" src=\"https:\/\/pce.es\/media\/blog\/nb252_cuadrada.jpg.1140x832_q85_box-0%2C32%2C1080%2C821_crop_detail.jpg\" alt=\"N\u00ba 252 de Nuestra Bandera - Militancia, movilizaci\u00f3n sindical y movilizaci\u00f3n social\" \/><\/figure><div class=\"wp-block-media-text__content\">\n<p><strong>Carme Molinero, \u00abEl Pacto para la Libertad y la desaparici\u00f3n de la dictadura\u00bb,&nbsp;<em>Nuestra Bandera,&nbsp;<\/em>252, 2021, pp. 173 &#8211; 185.<\/strong><\/p>\n\n\n\n<p>En este n\u00famero de la revista <em>Nuestra Bandera<\/em>, se incluye el art\u00edculo de Carme Molinero titulado: \u201cEl Pacto para la Libertad y la desaparici\u00f3n de la 13 dictadura\u201d. En este, se expone c\u00f3mo en 1969 el franquismo opt\u00f3 por aplicar el estado&nbsp;de excepci\u00f3n durante tres meses para restablecer un estricto control social que, lejos de conseguir paralizar la oposici\u00f3n, agudiz\u00f3 las contradicciones del r\u00e9gimen. En ese marco, el PCE reformul\u00f3 la pol\u00edtica de reconciliaci\u00f3n nacional como \u00abPacto para la Libertad\u00bb para explicitar el tipo de acuerdo que permitir\u00eda acabar con la dictadura.<\/p>\n<\/div><\/div>\n\n\n\n<hr class=\"wp-block-separator has-alpha-channel-opacity\" \/>\n\n\n\n<div class=\"wp-block-media-text alignwide is-stacked-on-mobile\" style=\"grid-template-columns:20% auto\"><figure class=\"wp-block-media-text__media\"><img loading=\"lazy\" decoding=\"async\" width=\"638\" height=\"993\" src=\"https:\/\/webs.uab.cat\/cedid\/wp-content\/uploads\/sites\/151\/2021\/02\/cover_issue_99_es_es_0.jpg\" alt=\"\" class=\"wp-image-2605 size-full\" srcset=\"https:\/\/webs.uab.cat\/cedid\/wp-content\/uploads\/sites\/151\/2021\/02\/cover_issue_99_es_es_0.jpg 638w, https:\/\/webs.uab.cat\/cedid\/wp-content\/uploads\/sites\/151\/2021\/02\/cover_issue_99_es_es_0-193x300.jpg 193w\" sizes=\"auto, (max-width: 638px) 100vw, 638px\" \/><\/figure><div class=\"wp-block-media-text__content\">\n\n<p><strong>Andrea Geniola (coord.), \u00abEl franquismo y el \u00abregionalismo bien entendido\u00bb\u00bb,&nbsp;&nbsp;<em>Ayer<\/em>, 123, 2021&nbsp;(3), pp. 13-161 [Incluye&nbsp;Andrea Geniola, \u00abUna Catalu\u00f1a espa\u00f1ola, una Vasconia espa\u00f1ol\u00edsima. (Re)construcci\u00f3n de un relato, (re)significaci\u00f3n de un imaginario (1939-1959)\u00bb,&nbsp;&nbsp;<em>Ayer<\/em>, 123, 2021&nbsp;(3), pp. 51-78 y&nbsp;Pau Casanellas, \u00abEvitar &#8216;caballos de Troya&#8217;. Las estructuras provinciales de poder del franquismo ante el resurgimiento del nacionalismo subestatal en Catalu\u00f1a y el Pa\u00eds Vasco (1960-1975)\u00bb,&nbsp;&nbsp;<em>Ayer<\/em>, 123, 2021&nbsp;(3), pp. 135-161].<\/strong><\/p>\n\n\n<p>El&nbsp;<a rel=\"noreferrer noopener\" href=\"https:\/\/revistaayer.com\/anteriores\/1478\" target=\"_blank\">dosier de la revista&nbsp;<em>Ayer<\/em>&nbsp;coordinado&nbsp;por Andrea Geniola<\/a>&nbsp;tiene por objetivo analizar el intento de (re)significaci\u00f3n en sentido nacional espa\u00f1ol de las llamadas \u00abregiones hist\u00f3ricas\u00bb por parte del franquismo, partiendo de la premisa que reconvertir o reafirmar las regiones como \u00abentra\u00f1ables afluentes de la patria\u00bb constituy\u00f3 uno de los desaf\u00edos sobre los que el r\u00e9gimen tuvo que medir su capacidad pol\u00edtica y cultural de \u00abhacer o deshacer\u00bb espa\u00f1oles. El monogr\u00e1fico incluye el art\u00edculo del mismo autor titulado&nbsp;\u00abUna Catalu\u00f1a espa\u00f1ola, una Vasconia espa\u00f1ol\u00edsima. (Re)construcci\u00f3n de un relato, (re)significaci\u00f3n de un imaginario (1939-1959)\u00bb, en el que Geniola estudia el \u00abregionalismo\u00bb de las dos primeras d\u00e9cadas del franquismo centr\u00e1ndose en los casos catal\u00e1n y vasco, consider\u00e1ndolos una \u00abbuena s\u00edntesis\u00bb entre las \u00abcoordenadas globales del proyecto regional(ista) de la dictadura\u00bb y su \u00abejecuci\u00f3n efectiva en contextos de competencia nacionalista\u00bb. Asimismo, el dosier concluye con el art\u00edculo&nbsp;\u00abEvitar &#8216;caballos de Troya&#8217;. Las estructuras provinciales de poder del franquismo ante el resurgimiento del nacionalismo subestatal en Catalu\u00f1a y el Pa\u00eds Vasco (1960-1975)\u00bb, de Pau Casanellas, que analiza las propuestas de los \u00f3rganos provinciales del Movimiento y de los gobiernos civiles tanto de Catalu\u00f1a como del Pa\u00eds Vasco para dar respuesta al catalanismo y al vasquismo m\u00e1s all\u00e1 de la represi\u00f3n, tratando de atraer y capitalizar ambos movimientos en beneficio propio, durante los \u00faltimos quince a\u00f1os de dictadura.<\/p>\n\n<\/div><\/div>\n\n\n\n<hr class=\"wp-block-separator has-alpha-channel-opacity\" \/>\n\n\n\n<div class=\"wp-block-media-text is-stacked-on-mobile alignwide\" style=\"grid-template-columns:20% auto\"><figure class=\"wp-block-media-text__media\"><img loading=\"lazy\" decoding=\"async\" width=\"150\" height=\"212\" src=\"https:\/\/webs.uab.cat\/cedid\/wp-content\/uploads\/sites\/151\/2021\/02\/ruhm_marin_0.png\" alt=\"\" class=\"wp-image-2628 size-full\" \/><\/figure><div class=\"wp-block-media-text__content\">\n\n<p><strong>Mart\u00ed Mar\u00edn, \u00abEj\u00e9rcito y Partido. Los militares en el Ministerio de la Gobernaci\u00f3n en el primer franquismo, 1936-1951\u00bb,&nbsp;<em>Revista Universitaria de Historia Militar<\/em>, 10(20), 2021, pp. 224-251.<\/strong><\/p>\n\n\n<p> Art\u00edculo que analiza el papel de los militares en el Ministerio de la Gobernaci\u00f3n del primer franquismo, a partir de la n\u00f3mina de gobernadores civiles y de altos cargos del mismo&nbsp;\u2014ministros, subsecretarios y directores generales\u2014, as\u00ed como de su organigrama de funcionamiento, a trav\u00e9s de biograf\u00edas, bibliograf\u00eda y repertorios legislativos. El resultado del trabajo muestra como, de forma progresiva, los militantes de la \u00abvieja\u00bb Falange (FE-JONS) se introdujeron de forma suficiente significativa en el Ministerio como para controlar su organigrama y marginar cualquier otra procedencia pol\u00edtica de preguerra. Dicha circunstancia explicar\u00eda la facilidad con la que se pudo llevar a cabo la unificaci\u00f3n de los altos cargos de gobernador civil y \u00abjefe provincial\u00bb de FET-JONS, sin que ninguna ley lo estableciera como obligatorio. Con el tiempo, los militantes de la \u00abnueva\u00bb&nbsp;Falange (FET-JONS), principalmente sin militancia pol\u00edtica previa, completaron la n\u00f3mina de altos cargos del Ministerio hasta establecer una verdadera identificaci\u00f3n entre partido y Estado, momento en el cual la participaci\u00f3n militar disminuy\u00f3 en favor de otros perfiles profesionales, especialmente jueces, fiscales y abogados del Estado.<\/p>\n\n\n<p><strong><a rel=\"noopener\" href=\"https:\/\/ruhm.es\/index.php\/RUHM\/article\/view\/757\/661\" target=\"_blank\">Acceso al art\u00edculo en abierto<\/a><\/strong><\/p>\n\n<\/div><\/div>\n\n\n\n<p>&nbsp;<\/p>\n\n\n\n<hr class=\"wp-block-separator has-alpha-channel-opacity\" \/>\n\n\n\n<div class=\"wp-block-media-text alignwide is-stacked-on-mobile\" style=\"grid-template-columns:20% auto\"><figure class=\"wp-block-media-text__media\"><img loading=\"lazy\" decoding=\"async\" width=\"697\" height=\"840\" src=\"https:\/\/webs.uab.cat\/cedid\/wp-content\/uploads\/sites\/151\/2025\/10\/image-22.png\" alt=\"\" class=\"wp-image-10189 size-full\" srcset=\"https:\/\/webs.uab.cat\/cedid\/wp-content\/uploads\/sites\/151\/2025\/10\/image-22.png 697w, https:\/\/webs.uab.cat\/cedid\/wp-content\/uploads\/sites\/151\/2025\/10\/image-22-249x300.png 249w\" sizes=\"auto, (max-width: 697px) 100vw, 697px\" \/><\/figure><div class=\"wp-block-media-text__content\">\n<p><strong>Carme Molinero,  \u00abLas pol\u00edticas p\u00fablicas de memoria y la resignificaci\u00f3n del \u201cValle de los Ca\u00eddos\u201d\u00bb, <em>Pass\u00e9s Futurs<\/em>, 12, Paris, 2022. <\/strong><a href=\"https:\/\/www.politika.io\/es\/article\/las-politicas-publicas-memoria-y-resignificacion-del-valle-los-caidos\" data-type=\"link\" data-id=\"https:\/\/www.politika.io\/es\/article\/las-politicas-publicas-memoria-y-resignificacion-del-valle-los-caidos\">https:\/\/www.politika.io\/es\/article\/las-politicas-publicas-memoria-y-resignificacion-del-valle-los-caidos<\/a><\/p>\n\n\n\n<p>El dossier en el que se inscribe el art\u00edculo est\u00e1 dedicado a algunos de los debates de los \u00faltimos a\u00f1os sobre las pol\u00edticas p\u00fablicas de la democracia espa\u00f1ola con tal de superar los traumas provocados por el franquismo y construir espacios simb\u00f3licos que superen la huella que la memoria p\u00fablica de la dictadura impuso a la sociedad espa\u00f1ola. Cuelgamuros, el \u00abValle de los Ca\u00eddos\u00bb ocupa el lugar preeminente entre los lugres de memoria de la dictadura. <\/p>\n<\/div><\/div>\n\n\n\n<hr class=\"wp-block-separator has-alpha-channel-opacity\" \/>\n\n\n\n<div class=\"wp-block-media-text alignwide is-stacked-on-mobile\" style=\"grid-template-columns:20% auto\"><figure class=\"wp-block-media-text__media\"><img loading=\"lazy\" decoding=\"async\" width=\"85\" height=\"68\" src=\"https:\/\/webs.uab.cat\/cedid\/wp-content\/uploads\/sites\/151\/2025\/10\/image-29.png\" alt=\"\" class=\"wp-image-10278 size-full\" \/><\/figure><div class=\"wp-block-media-text__content\">\n<p><strong>Veiga, Francisco: \u00abIntroducci\u00f3n\u00bb [coordinaci\u00f3 del dossier \u00abEstats-base. Una f\u00f3rmula geoestrat\u00e8gica per al segle XXI\u00bb], \u00abJuego de comodines: Los Estados-base dependientes de Rusia, 1990-2022\u00bb i \u00abPerfiles de Estados-base: Una cartograf\u00eda\u00bb, <em>Tiempo devorado: revista de historia actual<\/em>, vol. 7, n\u00ba 2, 2022, pp. 1-3, 69-84 i 85-106. <\/strong><a href=\"https:\/\/revistes.uab.cat\/tdevorado\/issue\/view\/v7-n2-redaccion\" data-type=\"link\" data-id=\"https:\/\/revistes.uab.cat\/tdevorado\/issue\/view\/v7-n2-redaccion\">https:\/\/revistes.uab.cat\/tdevorado\/issue\/view\/v7-n2-redaccion<\/a><\/p>\n\n\n\n<p>En conjunto, este monogr\u00e1fico pretende llamar la atenci\u00f3n sobre una realidad geoestrat\u00e9gica que, sin ser nueva, ha experimentado un claro crecimiento despu\u00e9s del final de la Guerra Fr\u00eda, con la multiplicaci\u00f3n de una serie de estados-base de caracter\u00edsticas similares en lo que respecta al tama\u00f1o, las funciones y una situaci\u00f3n geoestrat\u00e9gica significativa. Tambi\u00e9n ha jugado su papel el reordenamiento mundial iniciado en 1991, con el final de la Uni\u00f3n Sovi\u00e9tica y, sobre todo, el auge y la instrumentalizaci\u00f3n del identitarismo, con el consiguiente surgimiento de nuevas soberan\u00edas o la reformulaci\u00f3n de sus bases. Y, por supuesto, la creciente competencia internacional por la lucha contra el terrorismo, el control de la energ\u00eda y el posicionamiento hegem\u00f3nico en un mundo multipolar. <\/p>\n<\/div><\/div>\n\n\n\n<hr class=\"wp-block-separator has-alpha-channel-opacity\" \/>\n\n\n\n<div class=\"wp-block-media-text alignwide is-stacked-on-mobile\" style=\"grid-template-columns:20% auto\"><figure class=\"wp-block-media-text__media\"><img loading=\"lazy\" decoding=\"async\" width=\"180\" height=\"256\" src=\"https:\/\/webs.uab.cat\/cedid\/wp-content\/uploads\/sites\/151\/2025\/10\/image-32.png\" alt=\"\" class=\"wp-image-10343 size-full\" \/><\/figure><div class=\"wp-block-media-text__content\">\n<p><strong>Casanellas, Pau: \u00abJoint Efforts in the Fight against Franco: Repression and Protest during the Spanish Long \u201968\u00bb, <em>Contemporary European History<\/em>, 31 (2), 2022, p. 271-285.<\/strong><a href=\"https:\/\/doi.org\/10.1017\/S0960777321000163\" data-type=\"link\" data-id=\"https:\/\/doi.org\/10.1017\/S0960777321000163\">  <\/a><a href=\"https:\/\/doi.org\/10.1017\/S0960777321000163\" data-type=\"link\" data-id=\"https:\/\/doi.org\/10.1017\/S0960777321000163\">https:\/\/doi.org\/10.1017\/S0960777321000163<\/a><\/p>\n\n\n\n<p>Como en muchos otros pa\u00edses, en Espa\u00f1a tambi\u00e9n se vivi\u00f3 un 68. En respuesta, el r\u00e9gimen franquista increment\u00f3 la represi\u00f3n, que se hizo m\u00e1s dura y m\u00e1s amplia. A ra\u00edz de esto, la oposici\u00f3n a la brutalidad estatal se convirti\u00f3 en una de las principales causas del antifranquismo y uno de los elementos unificadores entre sus diversos sectores. Este es el proceso que analiza este art\u00edculo. Espec\u00edficamente, intenta explorar c\u00f3mo la represi\u00f3n facilit\u00f3 la convergencia entre activistas procedentes de diferentes movimientos sociales y organizaciones pol\u00edticas. <\/p>\n<\/div><\/div>\n\n\n\n<hr class=\"wp-block-separator has-alpha-channel-opacity\" \/>\n\n\n\n<div class=\"wp-block-media-text alignwide is-stacked-on-mobile\" style=\"grid-template-columns:20% auto\"><figure class=\"wp-block-media-text__media\"><img loading=\"lazy\" decoding=\"async\" width=\"293\" height=\"428\" src=\"https:\/\/webs.uab.cat\/cedid\/wp-content\/uploads\/sites\/151\/2025\/10\/image-44.png\" alt=\"\" class=\"wp-image-10443 size-full\" srcset=\"https:\/\/webs.uab.cat\/cedid\/wp-content\/uploads\/sites\/151\/2025\/10\/image-44.png 293w, https:\/\/webs.uab.cat\/cedid\/wp-content\/uploads\/sites\/151\/2025\/10\/image-44-205x300.png 205w\" sizes=\"auto, (max-width: 293px) 100vw, 293px\" \/><\/figure><div class=\"wp-block-media-text__content\">\n<p><strong>Mar\u00edn, Mart\u00ed: \u00abDe Josep Maria de Porcioles a Pasqual Maragall, 1973-1983:&nbsp;Del caos tardofranquista al primer intent d\u2019estabilitzaci\u00f3\u00bb, <em>Barcelona: quaderns d\u2019hist\u00f2ria<\/em>, 27 [Espais i performativitat de protesta de les dones en la transici\u00f3 democr\u00e0tica a la ciutat de Barcelona], 2021 [2022], p.39-62. <\/strong><a href=\"https:\/\/raco.cat\/index.php\/BCNQuadernsHistoria\/article\/view\/398549\">https:\/\/raco.cat\/index.php\/BCNQuadernsHistoria\/article\/view\/398549<\/a><\/p>\n\n\n\n<p>Con el cese del alcalde Porcioles el ayuntamiento franquista de Barcelona entr\u00f3 en una situaci\u00f3n compleja en la que se combinaban la presi\u00f3n democratizadora de la ciudadan\u00eda y la falta de un liderazgo claro dentro del consistorio. El primer ayuntamiento democr\u00e1tico (1979-83) intent\u00f3 poner orden en el marasmo heredado, la falta de presupuesto, de legislaci\u00f3n adecuada e, incluso, de un personal pol\u00edtico estable. <\/p>\n<\/div><\/div>\n\n\n\n<hr class=\"wp-block-separator has-alpha-channel-opacity\" \/>\n\n\n\n<div class=\"wp-block-media-text alignwide is-stacked-on-mobile\" style=\"grid-template-columns:20% auto\"><figure class=\"wp-block-media-text__media\"><img loading=\"lazy\" decoding=\"async\" width=\"725\" height=\"1024\" src=\"https:\/\/webs.uab.cat\/cedid\/wp-content\/uploads\/sites\/151\/2025\/10\/image-66-725x1024.png\" alt=\"\" class=\"wp-image-10631 size-full\" srcset=\"https:\/\/webs.uab.cat\/cedid\/wp-content\/uploads\/sites\/151\/2025\/10\/image-66-725x1024.png 725w, https:\/\/webs.uab.cat\/cedid\/wp-content\/uploads\/sites\/151\/2025\/10\/image-66-212x300.png 212w, https:\/\/webs.uab.cat\/cedid\/wp-content\/uploads\/sites\/151\/2025\/10\/image-66-768x1084.png 768w, https:\/\/webs.uab.cat\/cedid\/wp-content\/uploads\/sites\/151\/2025\/10\/image-66-1088x1536.png 1088w, https:\/\/webs.uab.cat\/cedid\/wp-content\/uploads\/sites\/151\/2025\/10\/image-66-1451x2048.png 1451w, https:\/\/webs.uab.cat\/cedid\/wp-content\/uploads\/sites\/151\/2025\/10\/image-66-1200x1694.png 1200w, https:\/\/webs.uab.cat\/cedid\/wp-content\/uploads\/sites\/151\/2025\/10\/image-66-1980x2795.png 1980w, https:\/\/webs.uab.cat\/cedid\/wp-content\/uploads\/sites\/151\/2025\/10\/image-66.png 2008w\" sizes=\"auto, (max-width: 725px) 100vw, 725px\" \/><\/figure><div class=\"wp-block-media-text__content\">\n<p><strong>D\u00edaz S\u00e1nchez, Miguel: \u00abLos centros regionales en la pugna catalanismo \/ anticatalanismo en la Segunda Rep\u00fablica. El caso de la Casa Regional de Murcia en Barcelona\u00bb, <em>Pasado y Memoria. Revista de historia contempor\u00e1nea<\/em>, 24, 2022, pp. 189-211<\/strong>. <a href=\"https:\/\/doi.org\/10.14198\/PASADO2022.24.08\">https:\/\/doi.org\/10.14198\/PASADO2022.24.08<\/a><\/p>\n\n\n\n<p>El objetivo del presente trabajo es mostrar el potencial que ofrece el estudio del asociacionismo desarrollado por las diferentes colonias de emigrantes en la ciudad de Barcelona durante el periodo republicano. En este caso se ha seleccionado el desplegado por los murcianos a trav\u00e9s de la Casa Regional de Murcia. Se analizan las expresiones p\u00fablicas, la evoluci\u00f3n ideol\u00f3gica, las t\u00e1cticas de persuasi\u00f3n pol\u00edtica y los mecanismos de apoyo implementados por esta asociaci\u00f3n. La colonia murciana se convirti\u00f3 en epicentro de diversos debates pol\u00edticos surgidos en una Barcelona azotada por un duro contexto de crisis econ\u00f3mica y fuertes confrontaciones sociales, pol\u00edticas y sindicales. Un contexto que otorga al objeto de an\u00e1lisis un valor especial para iniciar un camino de investigaci\u00f3n todav\u00eda por desarrollar.<\/p>\n<\/div><\/div>\n\n\n\n<p><\/p>\n","protected":false},"excerpt":{"rendered":"<p>Yasmina Yousfi L\u00f3pez (coord.), \u00abEl exilio como lugar de enunciaci\u00f3n: di\u00e1logos interculturales y transculturales contempor\u00e1neos\u00bb, monogr\u00e1fico de&nbsp;452\u00baF. Revista de Teor\u00eda de la Literatura y Literatura Comparada, 26 (2022) Yasmina Yousfi coordina este monogr\u00e1fico que tambi\u00e9n cuenta con la colaboraci\u00f3n de otros miembros de GEXEL y el CEDID como ahora Mar\u00eda Teresa Santa Mar\u00eda, Esther L\u00e1zaro [&hellip;]<\/p>\n","protected":false},"author":20,"featured_media":0,"parent":0,"menu_order":0,"comment_status":"closed","ping_status":"closed","template":"","meta":{"footnotes":""},"class_list":["post-2629","page","type-page","status-publish","hentry"],"_links":{"self":[{"href":"https:\/\/webs.uab.cat\/cedid\/es\/wp-json\/wp\/v2\/pages\/2629","targetHints":{"allow":["GET"]}}],"collection":[{"href":"https:\/\/webs.uab.cat\/cedid\/es\/wp-json\/wp\/v2\/pages"}],"about":[{"href":"https:\/\/webs.uab.cat\/cedid\/es\/wp-json\/wp\/v2\/types\/page"}],"author":[{"embeddable":true,"href":"https:\/\/webs.uab.cat\/cedid\/es\/wp-json\/wp\/v2\/users\/20"}],"replies":[{"embeddable":true,"href":"https:\/\/webs.uab.cat\/cedid\/es\/wp-json\/wp\/v2\/comments?post=2629"}],"version-history":[{"count":97,"href":"https:\/\/webs.uab.cat\/cedid\/es\/wp-json\/wp\/v2\/pages\/2629\/revisions"}],"predecessor-version":[{"id":10680,"href":"https:\/\/webs.uab.cat\/cedid\/es\/wp-json\/wp\/v2\/pages\/2629\/revisions\/10680"}],"wp:attachment":[{"href":"https:\/\/webs.uab.cat\/cedid\/es\/wp-json\/wp\/v2\/media?parent=2629"}],"curies":[{"name":"wp","href":"https:\/\/api.w.org\/{rel}","templated":true}]}}