{"id":2637,"date":"2022-03-09T11:46:00","date_gmt":"2022-03-09T11:46:00","guid":{"rendered":"https:\/\/webs.uab.cat\/cedid\/2022-3\/"},"modified":"2025-11-03T11:51:51","modified_gmt":"2025-11-03T11:51:51","slug":"2022-3","status":"publish","type":"page","link":"https:\/\/webs.uab.cat\/cedid\/es\/2022-3\/","title":{"rendered":"2022"},"content":{"rendered":"\n<div class=\"wp-block-media-text alignwide is-stacked-on-mobile\" style=\"grid-template-columns:15% auto\"><figure class=\"wp-block-media-text__media\"><img loading=\"lazy\" decoding=\"async\" width=\"250\" height=\"373\" src=\"https:\/\/webs.uab.cat\/cedid\/wp-content\/uploads\/sites\/151\/2025\/11\/imagen-3.jpg\" alt=\"\" class=\"wp-image-10937 size-full\" srcset=\"https:\/\/webs.uab.cat\/cedid\/wp-content\/uploads\/sites\/151\/2025\/11\/imagen-3.jpg 250w, https:\/\/webs.uab.cat\/cedid\/wp-content\/uploads\/sites\/151\/2025\/11\/imagen-3-201x300.jpg 201w\" sizes=\"auto, (max-width: 250px) 100vw, 250px\" \/><\/figure><div class=\"wp-block-media-text__content\">\n<p><strong>Mireia Capdevila (amb Joaquim Nadal, eds.), <em>El patrimoni art\u00edstic catal\u00e0 durant la guerra civil espanyola. Itiner\u00e0ncies, destruccions, salvaments<\/em>, Barcelona, Memorial Democr\u00e0tic-Generalitat de Catalunya, 2022.<\/strong><\/p>\n\n\n\n<p>El golpe de Estado de Franco contra la Rep\u00fablica provoc\u00f3 el estallido de una revoluci\u00f3n social en los territorios fieles al Gobierno. En Catalunya, los primeros d\u00edas posteriores al 18 de julio significaron una duplicidad de poderes entre los Comit\u00e8s Antifeixistes y las instituciones, que quedaron subordinadas y limitadas en sus funciones. La revoluci\u00f3n social llev\u00f3 a ataques indiscriminados contra personas y patrimonio, con destrucci\u00f3n, devastaci\u00f3n y asesinatos. La reacci\u00f3n de protecci\u00f3n y salvaguarda fue fulminante, y el arte salvado se concentr\u00f3 en varios dep\u00f3sitos que culminar\u00edan en el Museu del Palau Nacional de Montju\u00efc. Este libro re\u00fane aportaciones de todo el territorio catal\u00e1n con estudios de especialistas en el tema de la salvaguarda en cada zona.<\/p>\n<\/div><\/div>\n\n\n\n<hr class=\"wp-block-separator has-alpha-channel-opacity\" \/>\n\n\n\n<div class=\"wp-block-media-text alignwide is-stacked-on-mobile\" style=\"grid-template-columns:15% auto\"><figure class=\"wp-block-media-text__media\"><img loading=\"lazy\" decoding=\"async\" width=\"365\" height=\"522\" src=\"https:\/\/webs.uab.cat\/cedid\/wp-content\/uploads\/sites\/151\/2025\/11\/41IQ-GKDNZL._SY522_.jpg\" alt=\"\" class=\"wp-image-10870 size-full\" srcset=\"https:\/\/webs.uab.cat\/cedid\/wp-content\/uploads\/sites\/151\/2025\/11\/41IQ-GKDNZL._SY522_.jpg 365w, https:\/\/webs.uab.cat\/cedid\/wp-content\/uploads\/sites\/151\/2025\/11\/41IQ-GKDNZL._SY522_-210x300.jpg 210w\" sizes=\"auto, (max-width: 365px) 100vw, 365px\" \/><\/figure><div class=\"wp-block-media-text__content\">\n\n<p><strong>Laia Ara\u00f1\u00f3 Vega,<\/strong><strong> <\/strong><strong>\u00abLa desaparici\u00f3 d\u2019una escola sota les bombes: els bombardeigs a la ciutat de Barcelona entre 1937 i 1939\u00bb en Jordi Garcia Farrero (dir.): <em>Cent anys fent Escola del Mar. 1922-2022, <\/em>Barcelona, Documents del Memorial Democr\u00e0tic, n\u00famero 11, 2022, pp. 167-194.<\/strong><\/p>\n\n\n<p>El 7 de enero de 1938, la Escola del Mar, situada en la playa de la Barceloneta de Barcelona, fue completamente destruida por un bombardeo fascista. La Barceloneta hab\u00eda sido uno de los barrios m\u00e1s castigados por los ataques a\u00e9reos y navales desde 1937, y el ataque a la escuela se enmarca dentro de esta constante ofensiva sobre la ciudad. La Escola del Mar no era una escuela cualquiera: fundada por Pere Verg\u00e9s, era un proyecto pedag\u00f3gico innovador, basado en la libertad, la democracia y el respeto por el ni\u00f1o. Su destrucci\u00f3n tuvo un gran impacto simb\u00f3lico y emocional para la poblaci\u00f3n y para toda la comunidad educativa. La escuela fue posteriormente reconstruida en Montju\u00efc y en el Guinard\u00f3, pero, como lament\u00f3 su fundador, nunca volver\u00eda a ser la misma. Este hecho ejemplifica la violencia de la guerra, la p\u00e9rdida cultural y la destrucci\u00f3n de ideales que supusieron los bombardeos sobre la ciudad. El recuerdo de la Escola del Mar perdura a\u00fan como un s\u00edmbolo de resistencia y como una de las grandes tragedias educativas y sociales de la Barcelona bombardeada.<\/p>\n\n<\/div><\/div>\n\n\n\n<hr class=\"wp-block-separator has-alpha-channel-opacity\" \/>\n\n\n\n<div class=\"wp-block-media-text alignwide is-stacked-on-mobile\" style=\"grid-template-columns:15% auto\"><figure class=\"wp-block-media-text__media\"><img loading=\"lazy\" decoding=\"async\" width=\"300\" height=\"420\" src=\"https:\/\/webs.uab.cat\/cedid\/wp-content\/uploads\/sites\/151\/2025\/11\/M-ABELLAN.jpg\" alt=\"\" class=\"wp-image-10832 size-full\" srcset=\"https:\/\/webs.uab.cat\/cedid\/wp-content\/uploads\/sites\/151\/2025\/11\/M-ABELLAN.jpg 300w, https:\/\/webs.uab.cat\/cedid\/wp-content\/uploads\/sites\/151\/2025\/11\/M-ABELLAN-214x300.jpg 214w\" sizes=\"auto, (max-width: 300px) 100vw, 300px\" \/><\/figure><div class=\"wp-block-media-text__content\">\n\n<p><strong>Ol\u00edvia Gassol Bellet, \u00abRedescobrir Manuel L. Abell\u00e1n, mestre de la hist\u00f2ria cultural\u00bb, en Enric Gall\u00e9n, Mireia Sopena (ed.): <em>Des de Par\u00eds i Amsterdam. Manuel L. Abell\u00e1n, precursor de la hist\u00f2ria cultural<\/em>, Barcelona, IEC, 2022, pp. 49-67.<\/strong><\/p>\n\n\n<p>El cap\u00edtulo traza la formaci\u00f3n acad\u00e9mica e intelectual de Manuel L. Abell\u00e1n como paso previo para identificar los fundamentos metodol\u00f3gicos e historiogr\u00e1ficos que sustentan sus estudios y textos divulgativos. El objetivo es situar su obra en di\u00e1logo con los historiadores e intelectuales clave en la configuraci\u00f3n de la corriente de historia cultural, que ganaba protagonismo en Europa en los mismos a\u00f1os en que Abell\u00e1n iniciaba su trayectoria acad\u00e9mica, influido por las aportaciones del soci\u00f3logo \u00c9mile Durkheim, de la Escola de Bordeus, y por el m\u00e9todo dial\u00e9ctico de Georges Gurvitch. Su obra <em>Censura y creaci\u00f3n literaria en Espa\u00f1a (1939-1976)<\/em> representa el ep\u00edgono y es una de las pioneras en Espa\u00f1a en la introducci\u00f3n de la historia cultural.<\/p>\n\n<\/div><\/div>\n\n\n\n<hr class=\"wp-block-separator has-alpha-channel-opacity\" \/>\n\n\n\n<div class=\"wp-block-media-text alignwide is-stacked-on-mobile\" style=\"grid-template-columns:15% auto\"><figure class=\"wp-block-media-text__media\"><img loading=\"lazy\" decoding=\"async\" width=\"360\" height=\"503\" src=\"https:\/\/webs.uab.cat\/cedid\/wp-content\/uploads\/sites\/151\/2025\/11\/9788499656878.jpg\" alt=\"\" class=\"wp-image-10827 size-full\" srcset=\"https:\/\/webs.uab.cat\/cedid\/wp-content\/uploads\/sites\/151\/2025\/11\/9788499656878.jpg 360w, https:\/\/webs.uab.cat\/cedid\/wp-content\/uploads\/sites\/151\/2025\/11\/9788499656878-215x300.jpg 215w\" sizes=\"auto, (max-width: 360px) 100vw, 360px\" \/><\/figure><div class=\"wp-block-media-text__content\">\n\n<p><strong>(Oscar Bagur, ed.) Ol\u00edvia Gassol Bellet, <em>Dolors Miquel: tradici\u00f3 i incorformisme. Una po\u00e8tica de la transformaci\u00f3<\/em>, Barcelona, IEC, 2022.<\/strong><\/p>\n\n\n<p>La monograf\u00eda inaugura la colecci\u00f3n \u00ab<em>Cl\u00e0ssics Contemporanis<\/em>\u00bb, fruto del ciclo hom\u00f3nimo organizado por la Societat Catalana de Llengua i Literatura, que tiene como objetivo profundizar en el conocimiento cr\u00edtico de autores y autoras destacados de la literatura catalana del siglo XXI. Este volumen, el primero, est\u00e1 dedicado a Dolors Miquel, una de las poetas m\u00e1s rompedoras de la actualidad, conocida por una obra que explora los l\u00edmites del lenguaje y del sujeto po\u00e9tico. La obra re\u00fane un total de seis estudios que analizan, por primera vez, la trayectoria literaria completa de la autora desde diferentes perspectivas y metodolog\u00edas cr\u00edticas: las representaciones de g\u00e9nero, la relaci\u00f3n entre creaci\u00f3n e inconsciente, el uso del humor y el di\u00e1logo entre tradici\u00f3n e irreverencia. El libro se cierra con una entrevista a la autora, a cargo de Jordi Cornudella.<\/p>\n\n<\/div><\/div>\n\n\n\n<hr class=\"wp-block-separator has-alpha-channel-opacity\" \/>\n\n\n\n<div class=\"wp-block-media-text alignwide is-stacked-on-mobile\" style=\"grid-template-columns:15% auto\"><figure class=\"wp-block-media-text__media\"><img loading=\"lazy\" decoding=\"async\" width=\"325\" height=\"466\" src=\"https:\/\/webs.uab.cat\/cedid\/wp-content\/uploads\/sites\/151\/2025\/10\/coberta_violencies_i_renacionalitzacions.jpg_63.jpg\" alt=\"\" class=\"wp-image-10820 size-full\" srcset=\"https:\/\/webs.uab.cat\/cedid\/wp-content\/uploads\/sites\/151\/2025\/10\/coberta_violencies_i_renacionalitzacions.jpg_63.jpg 325w, https:\/\/webs.uab.cat\/cedid\/wp-content\/uploads\/sites\/151\/2025\/10\/coberta_violencies_i_renacionalitzacions.jpg_63-209x300.jpg 209w\" sizes=\"auto, (max-width: 325px) 100vw, 325px\" \/><\/figure><div class=\"wp-block-media-text__content\">\n\n<p><strong>Ol\u00edvia Gassol Bellet, \u00abLa renacionalitzaci\u00f3 de Catalunya sota el r\u00e8gim franquista (1938-1945)\u00bb, en AADD<em>, An\u00e0lisis comparatives europees. Viol\u00e8ncies i renacionalitzacions en territoris ocupats (1920-1945)<\/em>, Barcelona, Memorial Democr\u00e0tic, Fundaci\u00f3 Carles Pi i Sunyer, CEDID (UAB), 2022, pp.149-172.<\/strong><\/p>\n\n\n<p>El art\u00edculo analiza el proceso de renacionalizaci\u00f3n impulsado por el r\u00e9gimen franquista en Catalu\u00f1a entre 1938 y 1945, como parte de un proyecto m\u00e1s amplio de construcci\u00f3n de un Estado naci\u00f3n espa\u00f1ol homog\u00e9neo y autoritario. El objetivo principal del estudio es examinar como se desmantel\u00f3 el autogobierno catal\u00e1n y como se impuso una nueva identidad nacional a trav\u00e9s de la represi\u00f3n institucional, la depuraci\u00f3n cultural y la asimilaci\u00f3n simb\u00f3lica. Se abordan tanto las pol\u00edticas centralizadoras provenientes desde el Estado como las iniciativas locales colaboracionistas que contribuyeron a reconfigurar el imaginario colectivo bajo los valores del franquismo. Tambi\u00e9n se subrayan las tensiones entre las diversas corrientes ideol\u00f3gicas dentro del r\u00e9gimen y la persistencia de formas de resistencia cultural y simb\u00f3lica. Finalmente, se defiende que la renacionalizaci\u00f3n franquista no fue un proceso unidireccional, sino una trama compleja de conflictos, adaptaciones e imposiciones que pretend\u00eda borrar la memoria democr\u00e1tica y plural de Catalu\u00f1a.<\/p>\n\n<\/div><\/div>\n\n\n\n<hr class=\"wp-block-separator has-alpha-channel-opacity\" \/>\n\n\n\n<div class=\"wp-block-media-text alignwide is-stacked-on-mobile\" style=\"grid-template-columns:15% auto\"><figure class=\"wp-block-media-text__media\"><img loading=\"lazy\" decoding=\"async\" width=\"927\" height=\"1024\" src=\"https:\/\/webs.uab.cat\/cedid\/wp-content\/uploads\/sites\/151\/2025\/10\/Poema-rosa_web-gris-927x1024-1.jpg\" alt=\"\" class=\"wp-image-10802 size-full\" srcset=\"https:\/\/webs.uab.cat\/cedid\/wp-content\/uploads\/sites\/151\/2025\/10\/Poema-rosa_web-gris-927x1024-1.jpg 927w, https:\/\/webs.uab.cat\/cedid\/wp-content\/uploads\/sites\/151\/2025\/10\/Poema-rosa_web-gris-927x1024-1-272x300.jpg 272w, https:\/\/webs.uab.cat\/cedid\/wp-content\/uploads\/sites\/151\/2025\/10\/Poema-rosa_web-gris-927x1024-1-768x848.jpg 768w\" sizes=\"auto, (max-width: 927px) 100vw, 927px\" \/><\/figure><div class=\"wp-block-media-text__content\">\n\n<p><strong>Ricard Vinyes, \u00abEl passat com a utopia\u00bb, pr\u00f2leg a Pier Paolo Pasolini <em>Poema en forma de rosa \/ Poesia in forma di rosa<\/em>, Barcelona, Edicions Poncianes i Ajuntament de Barcelona, 2022, pp. 9-25.<\/strong><\/p>\n\n\n<p>El cap\u00edtulo reflexiona sobre <em>Poema en forma de rosa<\/em> como un dietario po\u00e9tico donde&nbsp;Pasolini&nbsp;expresa su crisis espiritual y pol\u00edtica en un contexto de transformaci\u00f3n cultural profunda. emerge la tensi\u00f3n entre la memoria del pasado y la destrucci\u00f3n impuesta por el capitalismo consumista. La compilaci\u00f3n denuncia la p\u00e9rdida de identidad colectiva y defiende una mirada cr\u00edtica arraigada en la tradici\u00f3n. Los versos evocan una fuerza que proviene del pasado, resistente ante la mutaci\u00f3n antropol\u00f3gica contempor\u00e1nea. El libro se presenta como un intento desesperado de salvaguardar aquello que el progreso barre.<\/p>\n\n<\/div><\/div>\n\n\n\n<hr class=\"wp-block-separator has-alpha-channel-opacity\" \/>\n\n\n\n<div class=\"wp-block-media-text alignwide is-stacked-on-mobile\" style=\"grid-template-columns:15% auto\"><figure class=\"wp-block-media-text__media\"><img loading=\"lazy\" decoding=\"async\" width=\"374\" height=\"591\" src=\"https:\/\/webs.uab.cat\/cedid\/wp-content\/uploads\/sites\/151\/2025\/10\/del-sometent-als-mossos-d-esquadra-historia-de-l-ordre-public-a-catalunya-1.jpg\" alt=\"\" class=\"wp-image-10786 size-full\" srcset=\"https:\/\/webs.uab.cat\/cedid\/wp-content\/uploads\/sites\/151\/2025\/10\/del-sometent-als-mossos-d-esquadra-historia-de-l-ordre-public-a-catalunya-1.jpg 374w, https:\/\/webs.uab.cat\/cedid\/wp-content\/uploads\/sites\/151\/2025\/10\/del-sometent-als-mossos-d-esquadra-historia-de-l-ordre-public-a-catalunya-1-190x300.jpg 190w\" sizes=\"auto, (max-width: 374px) 100vw, 374px\" \/><\/figure><div class=\"wp-block-media-text__content\">\n\n<p><strong>Manel Risques, \u00abLa Brigada Pol\u00edtico-Social. Una aproximaci\u00f3\u00bb, en \u00c0ngel Casals (dir.) <em>Del sometent als mossos d\u2019esquadra. Hist\u00f2ria de l\u2019ordre p\u00fablica a Catalunya<\/em>, Catarroja, Editorial Afers, 2022, pp. 227-247.<\/strong><\/p>\n\n\n<p>El cap\u00edtulo ofrece una aproximaci\u00f3n hist\u00f3rica a la Brigada Pol\u00edtico-Social franquista, centr\u00e1ndose en su funcionamiento represivo y en su actuaci\u00f3n en Catalu\u00f1a. El an\u00e1lisis destaca la continuidad de estructuras anteriores y el papel central de la polic\u00eda pol\u00edtica en el control de la disidencia durante la dictadura.<\/p>\n\n<\/div><\/div>\n\n\n\n<hr class=\"wp-block-separator has-alpha-channel-opacity\" \/>\n\n\n\n<div class=\"wp-block-media-text alignwide is-stacked-on-mobile\" style=\"grid-template-columns:15% auto\"><figure class=\"wp-block-media-text__media\"><img loading=\"lazy\" decoding=\"async\" width=\"316\" height=\"444\" src=\"https:\/\/webs.uab.cat\/cedid\/wp-content\/uploads\/sites\/151\/2025\/10\/978-3-030-91614-5.webp\" alt=\"\" class=\"wp-image-10777 size-full\" srcset=\"https:\/\/webs.uab.cat\/cedid\/wp-content\/uploads\/sites\/151\/2025\/10\/978-3-030-91614-5.webp 316w, https:\/\/webs.uab.cat\/cedid\/wp-content\/uploads\/sites\/151\/2025\/10\/978-3-030-91614-5-214x300.webp 214w\" sizes=\"auto, (max-width: 316px) 100vw, 316px\" \/><\/figure><div class=\"wp-block-media-text__content\">\n\n<p><strong>Manel Risques, &lt;&lt;Civil Governors in Ninetheen-century Spain: Centralisation, Politicisation and Militarisation&gt;&gt; en Pierre Karila-Cohen (ed.) <em>Prefects and Governors in Nineteenth Century. Europe. Towards a comparative History of Provincial Senior Officials<\/em>. Palgrave Mac Millan, Londres 2022, pp. 227-253.<\/strong><\/p>\n\n\n<p>El Cap\u00edtulo analiza el papel de los gobernadores civiles en la Espa\u00f1a del siglo XIX como agentes claves para el proceso de centralizaci\u00f3n estatal. El autor destaca su politizaci\u00f3n progresiva y militarizaci\u00f3n de la instituci\u00f3n, mostrando como estos funcionarios fueron fundamentales para el control territorial y la estabilidad del r\u00e9gimen liberal.<\/p>\n\n<\/div><\/div>\n\n\n\n<hr class=\"wp-block-separator has-alpha-channel-opacity\" \/>\n\n\n\n<div class=\"wp-block-media-text alignwide is-stacked-on-mobile\" style=\"grid-template-columns:15% auto\"><figure class=\"wp-block-media-text__media\"><img loading=\"lazy\" decoding=\"async\" width=\"745\" height=\"1024\" src=\"https:\/\/webs.uab.cat\/cedid\/wp-content\/uploads\/sites\/151\/2025\/10\/view_recursolibro-2-745x1024.jpeg\" alt=\"\" class=\"wp-image-10766 size-full\" srcset=\"https:\/\/webs.uab.cat\/cedid\/wp-content\/uploads\/sites\/151\/2025\/10\/view_recursolibro-2-745x1024.jpeg 745w, https:\/\/webs.uab.cat\/cedid\/wp-content\/uploads\/sites\/151\/2025\/10\/view_recursolibro-2-218x300.jpeg 218w, https:\/\/webs.uab.cat\/cedid\/wp-content\/uploads\/sites\/151\/2025\/10\/view_recursolibro-2-768x1056.jpeg 768w, https:\/\/webs.uab.cat\/cedid\/wp-content\/uploads\/sites\/151\/2025\/10\/view_recursolibro-2-1117x1536.jpeg 1117w, https:\/\/webs.uab.cat\/cedid\/wp-content\/uploads\/sites\/151\/2025\/10\/view_recursolibro-2-1490x2048.jpeg 1490w, https:\/\/webs.uab.cat\/cedid\/wp-content\/uploads\/sites\/151\/2025\/10\/view_recursolibro-2-1200x1650.jpeg 1200w, https:\/\/webs.uab.cat\/cedid\/wp-content\/uploads\/sites\/151\/2025\/10\/view_recursolibro-2-scaled.jpeg 1862w\" sizes=\"auto, (max-width: 745px) 100vw, 745px\" \/><\/figure><div class=\"wp-block-media-text__content\">\n\n<p><strong>Manel Risques, [amb Julia Schulz Dornburg]: <em>\u00bfD\u00f3nde est\u00e1 Franco? Cuaderno de un viaje<\/em>, Madrid, Tres Hermanas, 2022.<\/strong><\/p>\n\n\n<p>Una estatua ecuestre del dictador que se expuso en Barcelona, en la plaza del Borne, en 2016 en el marco de una exposici\u00f3n, se independiz\u00f3 de las referencias que lo enmarcaban y empez\u00f3 su propio periplo singular de interacci\u00f3n con la ciudadan\u00eda. La reflexi\u00f3n sobre los acontecimientos \u2014que se desencadenaron de manera imparable durante cuatro d\u00edas, en un clima de violencia creciente que acab\u00f3 con la retirada de la estatua\u2014 es el punto de partida de la obra, que sigue el rastro de las nueve esculturas ecuestres del dictador destinadas a glorificar la imagen de Franco como *Caudillo y salvador de Espa\u00f1a, que se encuentran distribuidas por Madrid, Zaragoza, Val\u00e8ncia, Santander, Toledo, Segovia, Ferrol y Melilla, adem\u00e1s de la misma Barcelona.<\/p>\n\n<\/div><\/div>\n\n\n\n<hr class=\"wp-block-separator has-alpha-channel-opacity\" \/>\n\n\n\n<div class=\"wp-block-media-text alignwide is-stacked-on-mobile\" style=\"grid-template-columns:15% auto\"><figure class=\"wp-block-media-text__media\"><img loading=\"lazy\" decoding=\"async\" width=\"700\" height=\"990\" src=\"https:\/\/webs.uab.cat\/cedid\/wp-content\/uploads\/sites\/151\/2025\/10\/978-84-19024-05-3.jpg\" alt=\"\" class=\"wp-image-10744 size-full\" srcset=\"https:\/\/webs.uab.cat\/cedid\/wp-content\/uploads\/sites\/151\/2025\/10\/978-84-19024-05-3.jpg 700w, https:\/\/webs.uab.cat\/cedid\/wp-content\/uploads\/sites\/151\/2025\/10\/978-84-19024-05-3-212x300.jpg 212w\" sizes=\"auto, (max-width: 700px) 100vw, 700px\" \/><\/figure><div class=\"wp-block-media-text__content\">\n\n<p><strong>Daniel Raya Crespi, \u00abEscrituras del Yo en la Guerra Civil. An\u00e1lisis cr\u00edtico de las fuentes egodocumentales para el estudio de la autorrepresentaci\u00f3n de los combatientes republicanos\u00bb, en J. Herrero Izquierdo, P. Zamora Mart\u00ednez y I. Reguero Sanz (eds.), <em>Comunicaci\u00f3n e historia olvidada: una mirada transversal desde la contemporaneidad<\/em>, Santander, Editorial de la Universidad de Cantabria, 2022, pp. 279-292.<\/strong><\/p>\n\n\n<p>La historia social de la guerra ya cuenta con una larga trayectoria, y en las \u00faltimas d\u00e9cadas se ha incorporado una dimensi\u00f3n cultural que, cada vez m\u00e1s, gana peso en el campo historiogr\u00e1fico. De hecho, desde que Andrew Rutherford identific\u00f3 The Common Man as Hero en 1989, se ha podido profundizar mucho m\u00e1s en la naturaleza de este concepto. Esto ha permitido abrir nuevas l\u00edneas de investigaci\u00f3n, entre las cuales hay las que toman como objeto de estudio la experiencia personal del combatiente, quien vive y percibe el conflicto en que participa fuertemente influido por su propia subjetividad. Esta l\u00f3gica anal\u00edtica, tambi\u00e9n aplicable en la Guerra Civil espa\u00f1ola, permite profundizar de una manera mucho m\u00e1s \u00edntima en la contienda. Esta comunicaci\u00f3n pretende identificar cu\u00e1les son las fuentes primarias que dan acceso a estas subjetividades, as\u00ed como se\u00f1alar cu\u00e1les son las potencialidades y las limitaciones.<\/p>\n\n<\/div><\/div>\n\n\n\n<hr class=\"wp-block-separator has-alpha-channel-opacity\" \/>\n\n\n\n<div class=\"wp-block-media-text alignwide is-stacked-on-mobile\" style=\"grid-template-columns:15% auto\"><figure class=\"wp-block-media-text__media\"><img loading=\"lazy\" decoding=\"async\" width=\"552\" height=\"780\" src=\"https:\/\/webs.uab.cat\/cedid\/wp-content\/uploads\/sites\/151\/2025\/10\/9788419077820.jpg\" alt=\"\" class=\"wp-image-10716 size-full\" srcset=\"https:\/\/webs.uab.cat\/cedid\/wp-content\/uploads\/sites\/151\/2025\/10\/9788419077820.jpg 552w, https:\/\/webs.uab.cat\/cedid\/wp-content\/uploads\/sites\/151\/2025\/10\/9788419077820-212x300.jpg 212w\" sizes=\"auto, (max-width: 552px) 100vw, 552px\" \/><\/figure><div class=\"wp-block-media-text__content\">\n\n<p><strong>Jordi Sancho Gal\u00e1n, \u00abLos movimientos de renovaci\u00f3n sanitaria y la creaci\u00f3n del sistema de Atenci\u00f3n Primaria en Espa\u00f1a (1974-1986)\u00bb, en M\u00f3nica Fern\u00e1ndez Amador y Adri\u00e1n Florin (Coords.), <em>Transici\u00f3n a la democracia y bienestar social<\/em>, Madrid, S\u00edlex, 2022, pp. 624-644.<\/strong><\/p>\n\n\n<p>Este trabajo ofrece una aproximaci\u00f3n \u201cdesde abajo\u201d del proceso de reforma de la Atenci\u00f3n Primaria (AP) en Espa\u00f1a, con la atenci\u00f3n especial del papel clave que ejercieron los m\u00e9dicos interistas y residentes (MIR) en la Medicina de Familia y Comunitaria (MFYC).&nbsp; A partir de los a\u00f1os setenta, este colectivo protagoniz\u00f3 movilizaciones que cuestionaban el modelo m\u00e9dico liberal hegem\u00f3nico y revindicaba una medicina social, p\u00fablica y comunitaria. Este impulso fue decisivo en la configuraci\u00f3n de los primeros centros de salud extrahospitalaria, que es devendr\u00eda el germen del modelo de AP instaurado a partir de la Ley General de Sanidad de 1986. Delante de la narrativa institucional de la reforma, este estudio da hincapi\u00e9 a la gestaci\u00f3n del modelo por parte de los colectivos movilizados, que consiguieron transformar sus reivindicaciones en estructuras sanitarias al servicio de una atenci\u00f3n p\u00fablica, integral, y en parte tambi\u00e9n comunitaria.<\/p>\n\n<\/div><\/div>\n\n\n\n<hr class=\"wp-block-separator has-alpha-channel-opacity\" \/>\n\n\n\n<div class=\"wp-block-media-text alignwide is-stacked-on-mobile\" style=\"grid-template-columns:16% auto\"><figure class=\"wp-block-media-text__media\"><img loading=\"lazy\" decoding=\"async\" width=\"180\" height=\"280\" src=\"https:\/\/webs.uab.cat\/cedid\/wp-content\/uploads\/sites\/151\/2025\/10\/Comunismo.jpg\" alt=\"\" class=\"wp-image-10411 size-full\" \/><\/figure><div class=\"wp-block-media-text__content\">\n\n<p><strong><strong>Jordi Sancho Gal\u00e1n,<strong> (Francisco Erice (Dir.), David Ginard (Coord.).)<em> <\/em><\/strong>, \u00abLos estudiantes comunistas y la movilizaci\u00f3n universitaria durante el franquismo\u00bb <em>Un siglo de comunismo en Espa\u00f1a II. Presencia social y experiencias militantes<\/em>,<em> <\/em>Madrid, Akal, pp. 229-255, 2022.<\/strong><\/strong><\/p>\n\n\n<p>Este trabajo analiza como la universidad, inicialmente un basti\u00f3n del falangismo y una herramienta clave para la consolidaci\u00f3n del r\u00e9gimen franquista, se transform\u00f3 en un espacio de contestaci\u00f3n pol\u00edtica. A pesar de que la universidad fue concebida como un instrumento de hegemon\u00eda franquista \u2014elitista, jer\u00e1rquica y patriarcal\u2014, con el tiempo se convirti\u00f3 en un escenario de oposici\u00f3n activa. En este contexto, los estudiantes comunistas tuvieron un papel central. Mediante un trabajo pol\u00edtico persistente y organizado, pasaron de acciones aisladas de rebeld\u00eda a la construcci\u00f3n de un movimiento estudiantil sostenido. Este movimiento se convirti\u00f3 en una pieza clave en la estrategia de oposici\u00f3n del PCE (Partido Comunista de Espa\u00f1a) y en un agente fundamental en la desestabilizaci\u00f3n del r\u00e9gimen. As\u00ed, los comunistas emergieron como el principal \u00abintelectual colectivo\u00bb del antifranquismo y como uno de los protagonistas de la movilizaci\u00f3n social que contribuy\u00f3 a la crisis final de la dictadura.<\/p>\n\n<\/div><\/div>\n\n\n\n<hr class=\"wp-block-separator has-alpha-channel-opacity\" \/>\n\n\n\n<div class=\"wp-block-media-text alignwide is-stacked-on-mobile\" style=\"grid-template-columns:15% auto\"><figure class=\"wp-block-media-text__media\"><img loading=\"lazy\" decoding=\"async\" width=\"236\" height=\"366\" src=\"https:\/\/webs.uab.cat\/cedid\/wp-content\/uploads\/sites\/151\/2025\/10\/cover-52498-236x367-1.jpg\" alt=\"\" class=\"wp-image-10329 size-full\" srcset=\"https:\/\/webs.uab.cat\/cedid\/wp-content\/uploads\/sites\/151\/2025\/10\/cover-52498-236x367-1.jpg 236w, https:\/\/webs.uab.cat\/cedid\/wp-content\/uploads\/sites\/151\/2025\/10\/cover-52498-236x367-1-193x300.jpg 193w\" sizes=\"auto, (max-width: 236px) 100vw, 236px\" \/><\/figure><div class=\"wp-block-media-text__content\">\n<p><strong><strong>Julio Mart\u00ednez-Cava [amb David Casassas], \u00abCartograf\u00edas del laberinto. Repertorios ante la esclavitud limitada y la autonom\u00eda heter\u00f3noma\u00bb en Jos\u00e9 Luis Moreno Pesta\u00f1a, Jorge Costa (eds.), <em>Todo lo que entr\u00f3 en crisis<\/em>, Madrid, &nbsp;Akal,  2022,  pp. 45-102<\/strong><\/strong><\/p>\n\n\n\n<p>En esta investigaci\u00f3n sociol\u00f3gica se presenta un estudio de tres trayectorias biogr\u00e1ficas que han oscilado entre el trabajo por cuenta ajena y el trabajo por cuenta propia, analizadas desde un marco te\u00f3rico-normativo republicano que hace hincapi\u00e9 en la noci\u00f3n de \u201ccontrol\u201d y en la capacidad de agencia de los sujetos. El an\u00e1lisis de los casos muestra como figuras h\u00edbridas expresan disconformidad tanto con los patrones comunes del trabajo asalariado como con los patrones del trabajo aut\u00f3nomo, y permite observar como sujetos sometidos a las transformaciones recientes de los mercados de trabajo toman conciencia y dan rienda suelta a la problematizaci\u00f3n pol\u00edtica de la cuesti\u00f3n del acceso a formas de trabajo que se consideren significativas.<\/p>\n<\/div><\/div>\n\n\n\n<hr class=\"wp-block-separator has-alpha-channel-opacity\" \/>\n\n\n\n<p><\/p>\n\n\n\n<div class=\"wp-block-media-text alignwide is-stacked-on-mobile\" style=\"grid-template-columns:15% auto\"><figure class=\"wp-block-media-text__media\"><img loading=\"lazy\" decoding=\"async\" width=\"450\" height=\"630\" src=\"https:\/\/webs.uab.cat\/cedid\/wp-content\/uploads\/sites\/151\/2025\/10\/exemple.jpg\" alt=\"\" class=\"wp-image-10066 size-full\" srcset=\"https:\/\/webs.uab.cat\/cedid\/wp-content\/uploads\/sites\/151\/2025\/10\/exemple.jpg 450w, https:\/\/webs.uab.cat\/cedid\/wp-content\/uploads\/sites\/151\/2025\/10\/exemple-214x300.jpg 214w\" sizes=\"auto, (max-width: 450px) 100vw, 450px\" \/><\/figure><div class=\"wp-block-media-text__content\">\n\n<p><strong>Ver\u00f3nica Azcue, Jos\u00e9-Ram\u00f3n L\u00f3pez Garc\u00eda y Alba Saura Clares (eds.), <em>\u00abYo no invento nada\u00bb. Testimonio y ficci\u00f3n del exilio republicano de 1939 en el cine, el teatro y la literatura<\/em>, Sevilla, Renacimiento, 2022.<\/strong><\/p>\n\n\n<p>En 2019 record\u00e1bamos el fin de la guerra civil espa\u00f1ola y el inicio del exilio republicano ochenta a\u00f1os despu\u00e9s. Conmemor\u00e1bamos esta fecha interesados en estudiar y analizar desde m\u00faltiples perspectivas los caminos del exilio republicano y su representaci\u00f3n a trav\u00e9s de los lenguajes art\u00edsticos de la literatura, el teatro y el cine. En suma, nuestra intenci\u00f3n era y sigue siendo reclamar el valor de estas creaciones, tanto en el sentido literario como en la construcci\u00f3n testimonial de los hechos. Por ello, tomamos para este volumen el t\u00edtulo del relato \u00abYo no invento nada\u00bb (1942) que Max Aub incluy\u00f3 en su recopilaci\u00f3n <em>No son cuentos<\/em> (1944). Como \u00e9l, otros muchos hombres y mujeres desearon dejar testimonio de lo acontecido sin renunciar por ello a las m\u00faltiples posibilidades que brinda la ficci\u00f3n, un empe\u00f1o de reconstrucci\u00f3n de esta historia al que hoy en d\u00eda se siguen sumando otras voces art\u00edsticas contempor\u00e1neas. Voces que tampoco inventan nada, sino que dibujan de muy distintos modos las vivencias, vicisitudes y recorridos vitales de los exiliados m\u00e1s all\u00e1 de nuestras fronteras. As\u00ed, a trav\u00e9s de los catorce textos que componen este volumen, se recoge una reflexi\u00f3n m\u00faltiple que dialoga sobre la realidad biogr\u00e1fica, hist\u00f3rica y social del exilio, imbricando la realidad y la ficci\u00f3n. Textos que analizan y vindican las creaciones desde y sobre el exilio republicano de 1939 en el cine, el teatro y la literatura en las que se muestran las visiones de los propios protagonistas, los enfoques brindados desde otros pa\u00edses y los desarrollados tras la dictadura franquista.<\/p>\n\n<\/div><\/div>\n\n\n\n<hr class=\"wp-block-separator has-alpha-channel-opacity\" \/>\n\n\n\n<div class=\"wp-block-media-text alignwide is-stacked-on-mobile\" style=\"grid-template-columns:15% auto\"><figure class=\"wp-block-media-text__media\"><img loading=\"lazy\" decoding=\"async\" width=\"570\" height=\"735\" src=\"https:\/\/webs.uab.cat\/cedid\/wp-content\/uploads\/sites\/151\/2023\/06\/9788413034263_2-2.jpg\" alt=\"\" class=\"wp-image-7308 size-full\" srcset=\"https:\/\/webs.uab.cat\/cedid\/wp-content\/uploads\/sites\/151\/2023\/06\/9788413034263_2-2.jpg 570w, https:\/\/webs.uab.cat\/cedid\/wp-content\/uploads\/sites\/151\/2023\/06\/9788413034263_2-2-233x300.jpg 233w\" sizes=\"auto, (max-width: 570px) 100vw, 570px\" \/><\/figure><div class=\"wp-block-media-text__content\">\n<p class=\"has-normal-font-size\"><strong>Carlos \u00c1ngel Ord\u00e1s Garc\u00eda, <em>Fer front. Resist\u00e8ncia al servei militar i antimilitarisme a Catalunya (1971-1989)<\/em>, Lleida, Pag\u00e8s editors, 2022<\/strong><\/p>\n\n\n\n<p><em>Fer Front<\/em> es la historia de la articulaci\u00f3n del movimiento antimilitarista en Catalu\u00f1a, centrada en la oposici\u00f3n al servicio militar obligatorio, a trav\u00e9s de un recorrido por las diversas formas de resistencia que han logrado uno de los grandes hitos de la lucha noviolenta. \u00bfC\u00f3mo se organizaban colectivos como GANVA-GAMBA, DOAN, los Mili KK o el MOC y qu\u00e9 v\u00ednculo ten\u00edan con el contexto social del fin de la dictadura? \u00bfCu\u00e1les fueron las claves de su \u00e9xito? Las campa\u00f1as que realizaron han sido referentes en el imaginario de los posteriores movimientos sociales basados en la desobediencia civil.<\/p>\n<\/div><\/div>\n\n\n\n<hr class=\"wp-block-separator has-alpha-channel-opacity\" \/>\n\n\n\n<div class=\"wp-block-media-text alignwide is-stacked-on-mobile\" style=\"grid-template-columns:15% auto\"><figure class=\"wp-block-media-text__media\"><img loading=\"lazy\" decoding=\"async\" width=\"250\" height=\"356\" src=\"https:\/\/webs.uab.cat\/cedid\/wp-content\/uploads\/sites\/151\/2023\/05\/Renacionalitzacions.jpg\" alt=\"\" class=\"wp-image-7084 size-full\" srcset=\"https:\/\/webs.uab.cat\/cedid\/wp-content\/uploads\/sites\/151\/2023\/05\/Renacionalitzacions.jpg 250w, https:\/\/webs.uab.cat\/cedid\/wp-content\/uploads\/sites\/151\/2023\/05\/Renacionalitzacions-211x300.jpg 211w\" sizes=\"auto, (max-width: 250px) 100vw, 250px\" \/><\/figure><div class=\"wp-block-media-text__content\">\n\n<p><strong>Laia Ara\u00f1\u00f3 (coord.), <em>Viol\u00e8ncies i renacionalitzacions en territoris ocupats (1920-1945). An\u00e0lisis comparatives<\/em><\/strong>, <strong>Barcelona, Memorial Democr\u00e0tic, 2022.<\/strong><\/p>\n\n\n<p>Nacionalizaci\u00f3n, renacionalizaci\u00f3n, fascistizaci\u00f3n, ocupaci\u00f3n, violencias, puede que genocidio cultural, son t\u00e9rminos que se repiten i se explican de maneras diferentes a lo largo de las diversas intervenciones que se realizaron en el seminario organizado por el Memorial Democr\u00e0tic en Barcelona los d\u00edas 20, 21 y 22 de octubre de 2021, y que ahora recoge este libro. De manera comparativas, las diferentes ponencias exponen como se vivieron los procesos de agresi\u00f3n y ocupaci\u00f3n militar externa a diferentes pa\u00edses. Todos ellos tienen en com\u00fan la ocupaci\u00f3n militar, la cronolog\u00eda (finales de la Gran Guerra, la Europa de Entreguerras y la Segunda Guerra Mundial), y la zona de influencia, el Mediterr\u00e1neo. En conclusi\u00f3n, las d\u00e9cadas centrales del siglo XX europeo continuan siendo uno de los escenarios hist\u00f3ricos m\u00e1s complejos de la historia contempor\u00e1nea. <\/p>\n\n<\/div><\/div>\n\n\n\n<hr class=\"wp-block-separator has-alpha-channel-opacity\" \/>\n\n\n\n<div class=\"wp-block-media-text alignwide is-stacked-on-mobile\" style=\"grid-template-columns:15% auto\"><figure class=\"wp-block-media-text__media\"><img loading=\"lazy\" decoding=\"async\" width=\"672\" height=\"1024\" src=\"https:\/\/webs.uab.cat\/cedid\/wp-content\/uploads\/sites\/151\/2023\/05\/Cambo-CAST-672x1024.jpg\" alt=\"\" class=\"wp-image-7081 size-full\" srcset=\"https:\/\/webs.uab.cat\/cedid\/wp-content\/uploads\/sites\/151\/2023\/05\/Cambo-CAST-672x1024.jpg 672w, https:\/\/webs.uab.cat\/cedid\/wp-content\/uploads\/sites\/151\/2023\/05\/Cambo-CAST-197x300.jpg 197w, https:\/\/webs.uab.cat\/cedid\/wp-content\/uploads\/sites\/151\/2023\/05\/Cambo-CAST-768x1171.jpg 768w, https:\/\/webs.uab.cat\/cedid\/wp-content\/uploads\/sites\/151\/2023\/05\/Cambo-CAST-1007x1536.jpg 1007w, https:\/\/webs.uab.cat\/cedid\/wp-content\/uploads\/sites\/151\/2023\/05\/Cambo-CAST-1343x2048.jpg 1343w, https:\/\/webs.uab.cat\/cedid\/wp-content\/uploads\/sites\/151\/2023\/05\/Cambo-CAST-1200x1830.jpg 1200w, https:\/\/webs.uab.cat\/cedid\/wp-content\/uploads\/sites\/151\/2023\/05\/Cambo-CAST.jpg 1679w\" sizes=\"auto, (max-width: 672px) 100vw, 672px\" \/><\/figure><div class=\"wp-block-media-text__content\">\n<p><strong>Borja de Riquer, <em>Francesc Camb\u00f3: el \u00faltimo retrato<\/em>, Barcelona, Cr\u00edtica, 2022.<\/strong><\/p>\n\n\n\n<p>Hacia 1930 todos quisieron ser Francesc Camb\u00f3. Autentico protagonista de la vida pol\u00edtica espa\u00f1ola, fue el m\u00e1s relevante y moderno de los regeneracionistas, el m\u00e1s influyente dirigente del catalanismo emergente, un parlamentario brillante y documentado, un ministro eficaz e innovador y un escritor pol\u00edtico con una verdadera competencia intelectual e hist\u00f3rica. Su ambici\u00f3n le llev\u00f3 a imaginar una reforma y modernizaci\u00f3n del estado compatible con la existencia de una plena autonom\u00eda catalana. Los derroteros hist\u00f3ricos le impidieron coronar aquellas grandes transformaciones: no pudo ser ni Bismarck en Madrid, ni Bol\u00edvar en Catalu\u00f1a y acab\u00f3 apoyando, desde el exilio, el triunfo del franquismo. Este importante y contradictorio papel pol\u00edtico conviv\u00eda con una ajetreada y exitosa vida personal y profesional. De la primera destaca tanto su tendencia a rodearse de intelectuales a su servicio, como una vida amorosa alejada de las normas morales de la burgues\u00eda conservadora y cat\u00f3lica. De la segunda sobresale su conversi\u00f3n en un importante hombre de negocios internacional, cuya enorme fortuna, lograda por procedimientos no siempre claros, le permiti\u00f3 ejercer de gran mecenas cultural, donar donar importantes cuadros al Museo del Prado y al MNAC, financiar la traducci\u00f3n al catal\u00e1n de los cl\u00e1sicos griegos y latinos, o ayudar financieramente a compatriotas durante la guerra civil. Tras m\u00e1s de treinta a\u00f1os de dedicaci\u00f3n, el reconocido historiador Borja de Riquer nos ofrece el m\u00e1s completo retrato de Francesc Camb\u00f3, cuya vida \u2014compleja, contradictoria, apasionante e ins\u00f3lita como pocas\u2014 es tambi\u00e9n el retrato de la Espa\u00f1a del primer tercio del siglo xx, y cuyo legado sigue siendo un referente para l\u00edderes de todo el espectro ideol\u00f3gico.<\/p>\n<\/div><\/div>\n\n\n\n<hr class=\"wp-block-separator has-alpha-channel-opacity\" \/>\n\n\n\n<div class=\"wp-block-media-text alignwide is-stacked-on-mobile\" style=\"grid-template-columns:15% auto\"><figure class=\"wp-block-media-text__media\"><img loading=\"lazy\" decoding=\"async\" width=\"366\" height=\"552\" src=\"https:\/\/webs.uab.cat\/cedid\/wp-content\/uploads\/sites\/151\/2023\/05\/Llibre-Geniola-2.jpg\" alt=\"\" class=\"wp-image-7076 size-full\" srcset=\"https:\/\/webs.uab.cat\/cedid\/wp-content\/uploads\/sites\/151\/2023\/05\/Llibre-Geniola-2.jpg 366w, https:\/\/webs.uab.cat\/cedid\/wp-content\/uploads\/sites\/151\/2023\/05\/Llibre-Geniola-2-199x300.jpg 199w\" sizes=\"auto, (max-width: 366px) 100vw, 366px\" \/><\/figure><div class=\"wp-block-media-text__content\">\n<p><strong>Andrea Geniola [amb Deborah Paci (eds.)],&nbsp;<em>Sulle tracce della comunit\u00e0 immaginata. Identit\u00e0 e istituzioni nell\u2019Europa degli stati nazionali<\/em>, Milano, <strong>Unicopli<\/strong><\/strong>,<strong> 2022<\/strong>. <strong>Andrea Geniola,&nbsp;<em>\u201cSpain is different\u201d. Immaginare la patria attraverso la regione nella Spagna degli anni Sessanta<\/em>, pp. 97 &#8211; 115.<\/strong><\/p>\n\n\n\n<p>Los significados del concepto de \u00abnaci\u00f3n\u00bb son ricos en facetas, reflejos de las \u00e9pocas y contextos en los que fueron utilizados. Investigarlos significa tambi\u00e9n confrontar otros fen\u00f3menos contextuales, como el colonialismo, el imperialismo, la dimensi\u00f3n local y el regionalismo, la soberan\u00eda pol\u00edtica y la l\u00f3gica de la globalizaci\u00f3n. La naci\u00f3n se revela as\u00ed como todo menos residual: no una leve reminiscencia del siglo XIX, pero siempre viva y capaz de ejercer una considerable fuerza de seducci\u00f3n en los campos pol\u00edtico y cultural. En v\u00edsperas del cuadrag\u00e9simo a\u00f1o desde el lanzamiento de Comunidades imaginadas de Benedict Anderson, los ensayos recopilados en este volumen reflexionan sobre lo que a\u00fan se puede aprender de la naci\u00f3n en t\u00e9rminos de espacio, poder y procesos pol\u00edticos. Al discutir sus estudios de caso, todos extra\u00eddos del contexto europeo, los autores comparten con Anderson la idea de que la naci\u00f3n es el fruto del imaginario social y cultural. Como \u00e9l, sin embargo, insisten en que esto no significa que debamos considerarlo ef\u00edmero o incapaz de configurar, aunque sea materialmente, nuestra historia y nuestro presente.<\/p>\n<\/div><\/div>\n\n\n\n<hr class=\"wp-block-separator has-alpha-channel-opacity\" \/>\n\n\n\n<div class=\"wp-block-media-text alignwide is-stacked-on-mobile\" style=\"grid-template-columns:15% auto\"><figure class=\"wp-block-media-text__media\"><img loading=\"lazy\" decoding=\"async\" width=\"450\" height=\"630\" src=\"https:\/\/webs.uab.cat\/cedid\/wp-content\/uploads\/sites\/151\/2023\/01\/dos-anos-entre-los-bolcheviques-y-otros-textos-sobre-la-urss.jpg\" alt=\"\" class=\"wp-image-6541 size-full\" srcset=\"https:\/\/webs.uab.cat\/cedid\/wp-content\/uploads\/sites\/151\/2023\/01\/dos-anos-entre-los-bolcheviques-y-otros-textos-sobre-la-urss.jpg 450w, https:\/\/webs.uab.cat\/cedid\/wp-content\/uploads\/sites\/151\/2023\/01\/dos-anos-entre-los-bolcheviques-y-otros-textos-sobre-la-urss-214x300.jpg 214w\" sizes=\"auto, (max-width: 450px) 100vw, 450px\" \/><\/figure><div class=\"wp-block-media-text__content\">\n\n<p style=\"font-size:19px\"><strong>[Esther L\u00e1zaro (ed.)], Helios G\u00f3mez,&nbsp;<em>Dos a\u00f1os entre los bolcheviques y otros textos sobre la URSS<\/em><\/strong>,<strong> Sevilla, Editorial Renacimiento, 2022.<\/strong><\/p>\n\n\n<p style=\"font-size:19px\">En pleno auge del reportaje de viajes a la URSS, el artista revolucionario Helios G\u00f3mez publica en 1934 \u00abDos a\u00f1os entre los bolcheviques\u00bb, su visi\u00f3n del pa\u00eds sovi\u00e9tico tras vivir all\u00ed algo m\u00e1s de un a\u00f1o. Esta obra, apenas conocida por su aparici\u00f3n en la prensa republicana catalana, y por haber quedado inconclusa, ofrece un relato fascinante acerca de la vida en la URSS. En ella, G\u00f3mez trata temas como las transformaciones sociales y pol\u00edticas, el trabajo, la religi\u00f3n, la educaci\u00f3n, el papel de la mujer y, como no pod\u00eda ser de otro modo, el arte. A este reportaje le acompa\u00f1an otros art\u00edculos de la misma \u00edndole, publicados por el artista un tiempo despu\u00e9s, y que complementan el discurso principal. Sin embargo, el poema \u00e9pico \u00abErika\u00bb ofrece el contrapunto a la versi\u00f3n idealizada del proyecto sovi\u00e9tico y nos permite conocer las dudas que el sistema comunista generaba en el propio autor. Esta edici\u00f3n de Dos a\u00f1os entre los bolcheviques y otros textos sobre la URSS incluye un documentado estudio introductorio y tres anejos con otros art\u00edculos del autor, as\u00ed como piezas dedicadas a \u00e9l por sus contempor\u00e1neos, que nos permiten trazar una semblanza caleidosc\u00f3pica del genial Helios G\u00f3mez.&nbsp;<\/p>\n\n<\/div><\/div>\n\n\n\n<hr class=\"wp-block-separator has-alpha-channel-opacity\" \/>\n\n\n\n<div class=\"wp-block-media-text alignwide is-stacked-on-mobile\" style=\"grid-template-columns:15% auto\"><figure class=\"wp-block-media-text__media\"><img loading=\"lazy\" decoding=\"async\" width=\"240\" height=\"361\" src=\"https:\/\/webs.uab.cat\/cedid\/wp-content\/uploads\/sites\/151\/2023\/01\/9788412473858.gif\" alt=\"\" class=\"wp-image-6547 size-full\" \/><\/figure><div class=\"wp-block-media-text__content\">\n<p><strong>Nicol\u00e1s Buckley, <em>Los \u00faltimos guerrilleros del Ecuador. Historia de un desencuentro con la modernidad<\/em>, Madrid, Postmetropolis Editorial, 2022<\/strong><\/p>\n\n\n\n<p>Este libro cuenta la historia de unos revolucionarios. La guerrilla ecuatoriana Alfaro Vive Carajo nac\u00eda en 1983 y tan solo tres a\u00f1os m\u00e1s tarde la mayor\u00eda de sus fundadores hab\u00edan sido exterminados durante el gobierno (formalmente) democr\u00e1tico de Le\u00f3n Febres Cordero. Algunos de ellos que lograron sobrevivir a la represi\u00f3n se integraron dos d\u00e9cadas m\u00e1s tarde en la llamada Revoluci\u00f3n ciudadana (2007-2017) de Rafael Correa. Durante el proceso de modernizaci\u00f3n iniciado por el gobierno de Correa, miles de ecuatorianos salieron de la pobreza a la vez que se consolidaba uno de los pilares b\u00e1sicos de la modernidad anglosajona: la sociedad de consumo. Por ello, muchos acabaron desencantados con un proceso pol\u00edtico en el que son testigos de c\u00f3mo hay cuadros de Alianza Pa\u00eds (el partido pol\u00edtico que form\u00f3 Correa) m\u00e1s preocupados por conservar su salario que por hacer la revoluci\u00f3n. La historia de Alfaro Vive Carajo es la del triunfo (y del fracaso) del \u00faltimo gran proceso modernizador que ha vivido Ecuador.<\/p>\n<\/div><\/div>\n\n\n\n<hr class=\"wp-block-separator has-alpha-channel-opacity\" \/>\n\n\n\n<div class=\"wp-block-media-text alignwide is-stacked-on-mobile\" style=\"grid-template-columns:15% auto\"><figure class=\"wp-block-media-text__media\"><img loading=\"lazy\" decoding=\"async\" width=\"236\" height=\"364\" src=\"https:\/\/webs.uab.cat\/cedid\/wp-content\/uploads\/sites\/151\/2023\/01\/Lucha-de-classes-Domenech.jpg\" alt=\"\" class=\"wp-image-6517 size-full\" srcset=\"https:\/\/webs.uab.cat\/cedid\/wp-content\/uploads\/sites\/151\/2023\/01\/Lucha-de-classes-Domenech.jpg 236w, https:\/\/webs.uab.cat\/cedid\/wp-content\/uploads\/sites\/151\/2023\/01\/Lucha-de-classes-Domenech-195x300.jpg 195w\" sizes=\"auto, (max-width: 236px) 100vw, 236px\" \/><\/figure><div class=\"wp-block-media-text__content\">\n\n<p style=\"font-size:19px\"><strong>Xavier Dom\u00e8nech Samper<\/strong>: <strong><em>Lucha de clases, franquismo y democracia. Obreros y empresarios (1939 &#8211; 1979)<\/em>, Madrid, Akal, 2022.<\/strong><\/p>\n\n\n<p style=\"font-size:19px\">La trama de fondo de este extraordina\u00adrio libro son las experiencias de los tra\u00adbajadores y trabajadoras que sufrieron una de las dictaduras m\u00e1s duras y lon\u00adgevas del siglo XX europeo. Hombres y mujeres que preservaron y construye\u00adron un mundo de valores propios y des\u00adplegaron formas de lucha que transfor\u00admaron la vida de la gente. En definitiva, una experiencia de resistencia y con\u00adflictividad que supuso el principal desa\u00adf\u00edo al franquismo. El franquismo naci\u00f3 para terminar con la lucha de clases, pero esta impregn\u00f3 todo su desarrollo y en ella se encuentra la clave del fin de la dictadura y las caracter\u00edsticas que tom\u00f3 la democracia. Por ello este libro se mueve en la tensi\u00f3n entre trabajado\u00adres y empresarios, avanzando hacia una nueva comprensi\u00f3n del cambio pol\u00edtico en t\u00e9rminos de lucha de posiciones y mo\u00advimientos, de crisis y rearticulaci\u00f3n de hegemon\u00eda. Una obra que aporta nue\u00advas claves para entender tanto el fun\u00adcionamiento de la dictadura como los fundamentos de la democracia.<\/p>\n\n<\/div><\/div>\n\n\n\n<hr class=\"wp-block-separator has-alpha-channel-opacity\" \/>\n\n\n\n<div class=\"wp-block-media-text alignwide is-stacked-on-mobile\" style=\"grid-template-columns:15% auto\"><figure class=\"wp-block-media-text__media\"><img loading=\"lazy\" decoding=\"async\" width=\"378\" height=\"600\" src=\"https:\/\/webs.uab.cat\/cedid\/wp-content\/uploads\/sites\/151\/2023\/01\/thumbnail_FuentesCoderaContinental.jpg\" alt=\"\" class=\"wp-image-6404 size-full\" srcset=\"https:\/\/webs.uab.cat\/cedid\/wp-content\/uploads\/sites\/151\/2023\/01\/thumbnail_FuentesCoderaContinental.jpg 378w, https:\/\/webs.uab.cat\/cedid\/wp-content\/uploads\/sites\/151\/2023\/01\/thumbnail_FuentesCoderaContinental-189x300.jpg 189w\" sizes=\"auto, (max-width: 378px) 100vw, 378px\" \/><\/figure><div class=\"wp-block-media-text__content\">\n<p style=\"font-size:19px\"><strong>Steven Forti: <strong>\u00ab<\/strong>Latinizing the Russia of the Soviets: The Influence of Italian Socialism in Spain and Argentina after the First World War<strong>\u00bb<\/strong>, <strong> pp. 39-67<\/strong><\/strong>, <strong>en Maximiliano Fuentes Codera y Patrizia Dogliani [eds.], <em>Continental Transfers. Cultural and Political Exchange among Spain, Italy and Argentina, 1914\u20131945<\/em>, Nueva York-Oxford, Berghahn Books, 2022.<\/strong><\/p>\n\n\n\n<p style=\"font-size:19px\">En este libro, editado por Maximiliano Fuentes Codera y Patrizia Dogliani y centrado en las conexiones pol\u00edticas y culturales entre Espa\u00f1a, Italia y Argentina en los a\u00f1os de entreguerras, se encuentra tambi\u00e9n el cap\u00edtulo de Steven Forti dedicado a la influencia que el socialismo italiano, y especialmente su sector maximalista, ejerci\u00f3 sobre sus hom\u00f3logos espa\u00f1oles y argentinos tras la primera contienda mundial.<\/p>\n<\/div><\/div>\n\n\n\n<hr class=\"wp-block-separator has-alpha-channel-opacity\" \/>\n\n\n\n<div class=\"wp-block-media-text alignwide is-stacked-on-mobile\" style=\"grid-template-columns:15% auto\"><figure class=\"wp-block-media-text__media\"><img loading=\"lazy\" decoding=\"async\" width=\"300\" height=\"444\" src=\"https:\/\/webs.uab.cat\/cedid\/wp-content\/uploads\/sites\/151\/2022\/12\/9788491349501.jpg\" alt=\"\" class=\"wp-image-5377 size-full\" srcset=\"https:\/\/webs.uab.cat\/cedid\/wp-content\/uploads\/sites\/151\/2022\/12\/9788491349501.jpg 300w, https:\/\/webs.uab.cat\/cedid\/wp-content\/uploads\/sites\/151\/2022\/12\/9788491349501-203x300.jpg 203w\" sizes=\"auto, (max-width: 300px) 100vw, 300px\" \/><\/figure><div class=\"wp-block-media-text__content\">\n<p><strong>Eduardo Abad Garc\u00eda:&nbsp;<em>A contracorriente. Las disidencias ortodoxas en el comunismo espa\u00f1ol (1968 &#8211; 1989),<\/em>&nbsp;Valencia, Publicacions de la Universitat de Val\u00e8ncia, 2022<\/strong><\/p>\n\n\n\n<p>A trav\u00e9s de un recorrido por el surgimiento y la evoluci\u00f3n de la disidencia de origen ortodoxo en el comunismo espa\u00f1ol, de aquellos a quienes la opini\u00f3n p\u00fablica encasill\u00f3 como \u00abprosovi\u00e9ticos\u00bb, se plantea la hip\u00f3tesis de que este movimiento de oposici\u00f3n en el seno del Partido Comunista de Espa\u00f1a estuvo motivado por la mutaci\u00f3n progresiva de la pol\u00edtica y la imagen del partido. Estas transformaciones no ser\u00edan bien recibidas por algunos sectores de su militancia y, como consecuencia, se produjeron varios movimientos divergentes cuyo nexo com\u00fan radicaba en la reivindicaci\u00f3n de la identidad comunista cl\u00e1sica. Tambi\u00e9n fue importante el contexto, marcado por las frustraciones de la Transici\u00f3n y la crisis del movimiento comunista internacional. Fruto de una exhaustiva investigaci\u00f3n, este trabajo propone una periodizaci\u00f3n de esta corriente en tres olas, met\u00e1fora que ayuda a comprender las distintas dimensiones de un fen\u00f3meno complejo y facilita su an\u00e1lisis sincr\u00f3nico centrado en la identidad comunista. Se trata de la primera ocasi\u00f3n en que se estudia este hecho de forma global y monogr\u00e1fica. Por lo tanto, el objetivo principal es contribuir a esclarecer una de las facetas m\u00e1s desconocidas de la historia del comunismo espa\u00f1ol -poco despu\u00e9s del centenario de su nacimiento-, sin la cual esta no estar\u00eda completa.<\/p>\n<\/div><\/div>\n\n\n\n<hr class=\"wp-block-separator has-alpha-channel-opacity\" \/>\n\n\n\n<div class=\"wp-block-media-text alignwide is-stacked-on-mobile\" style=\"grid-template-columns:15% auto\"><figure class=\"wp-block-media-text__media\"><img loading=\"lazy\" decoding=\"async\" width=\"704\" height=\"1024\" src=\"https:\/\/webs.uab.cat\/cedid\/wp-content\/uploads\/sites\/151\/2022\/12\/1-7ffa7c8d53-704x1024.webp\" alt=\"\" class=\"wp-image-5380 size-full\" srcset=\"https:\/\/webs.uab.cat\/cedid\/wp-content\/uploads\/sites\/151\/2022\/12\/1-7ffa7c8d53-704x1024.webp 704w, https:\/\/webs.uab.cat\/cedid\/wp-content\/uploads\/sites\/151\/2022\/12\/1-7ffa7c8d53-206x300.webp 206w, https:\/\/webs.uab.cat\/cedid\/wp-content\/uploads\/sites\/151\/2022\/12\/1-7ffa7c8d53-768x1117.webp 768w, https:\/\/webs.uab.cat\/cedid\/wp-content\/uploads\/sites\/151\/2022\/12\/1-7ffa7c8d53.webp 903w\" sizes=\"auto, (max-width: 704px) 100vw, 704px\" \/><\/figure><div class=\"wp-block-media-text__content\">\n<p><strong>Nil Bosch Navarro i Marta Matitos S\u00e1nchez:&nbsp;\u00abEl tren de la globalizaci\u00f3n y la ruta m\u00e1s larga del mundo: las relaciones Madrid-Pek\u00edn\u00bb,&nbsp;pp. 237-242, en Volosyuk, Olga [dir.], <em>Espa\u00f1a y Rusia ante los retos del tiempo<\/em>, Mosc\u00fa, Mezhdunarodnye otnoshenia, 2022.<\/strong><\/p>\n\n\n\n<p>En este breve art\u00edculo se realiza un repaso hist\u00f3rico de las relaciones entre Espa\u00f1a y China, desde el inicio del proceso de Transici\u00f3n a la democracia y la puesta en marcha del&nbsp;Programa de Reforma y Apertura al Exterior, hasta nuestros d\u00edas. Entre mitos y realidades, se analizan aspectos tan importantes como las sensibilidades pol\u00edticas de los dos estados, las infraestructuras,&nbsp;los contactos comerciales y financieros, y las nuevas perspectivas abiertas con la crisis del Covid-19. Asimismo, la puesta en marcha del&nbsp;Reglamento (UE) 2019\/45 para el control de la Inversi\u00f3n Extranjera Directa ha abierto un nuevo horizonte en clave europea de las relaciones entre ambos pa\u00edses.<\/p>\n<\/div><\/div>\n\n\n\n<hr class=\"wp-block-separator has-alpha-channel-opacity\" \/>\n\n\n\n<div class=\"wp-block-media-text alignwide is-stacked-on-mobile\" style=\"grid-template-columns:15% auto\"><figure class=\"wp-block-media-text__media\"><img loading=\"lazy\" decoding=\"async\" width=\"700\" height=\"1003\" src=\"https:\/\/webs.uab.cat\/cedid\/wp-content\/uploads\/sites\/151\/2022\/12\/las-otras-victimas-la-violencia-policial-durante-la-transicion-1975-1982.jpg\" alt=\"\" class=\"wp-image-5384 size-full\" srcset=\"https:\/\/webs.uab.cat\/cedid\/wp-content\/uploads\/sites\/151\/2022\/12\/las-otras-victimas-la-violencia-policial-durante-la-transicion-1975-1982.jpg 700w, https:\/\/webs.uab.cat\/cedid\/wp-content\/uploads\/sites\/151\/2022\/12\/las-otras-victimas-la-violencia-policial-durante-la-transicion-1975-1982-209x300.jpg 209w\" sizes=\"auto, (max-width: 700px) 100vw, 700px\" \/><\/figure><div class=\"wp-block-media-text__content\">\n<p><strong>David Ballester: <em>Las otras v\u00edctimas. La violencia policial durante la Transici\u00f3n (1975 &#8211; 1982)<\/em>, Zaragoza, Prensas de la Universidad de Zaragoza, 2022.<\/strong><\/p>\n\n\n\n<p><em>Las otras v\u00edctimas<\/em> aporta una investigaci\u00f3n in\u00e9dita hasta el momento. Un analisis minucioso, riguroso y detallado de un \u00e1mbito a menudo soslayado en el relato general de la Transici\u00f3n: las 134 v\u00edctimas de la violencia policial. Esta se analiza en tres par\u00e1metros: gatillo facil, las v\u00edctimas en la represi\u00f3n de movilizaciones de todo tipo y las de la pr\u00e1ctica de la tortura. La obra ofrece cifras y estad\u00edsticas, adem\u00e1s de la debida contextualizaci\u00f3n del periodo hist\u00f3rico y un cap\u00edtulo dedicado a los cuerpos policiales. Igualmente, se presentan al lector las fichas de todas y cada una de las v\u00edctimas.<\/p>\n<\/div><\/div>\n\n\n\n<hr class=\"wp-block-separator has-alpha-channel-opacity\" \/>\n\n\n\n<div class=\"wp-block-media-text alignwide is-stacked-on-mobile\" style=\"grid-template-columns:15% auto\"><figure class=\"wp-block-media-text__media\"><img loading=\"lazy\" decoding=\"async\" width=\"300\" height=\"461\" src=\"https:\/\/webs.uab.cat\/cedid\/wp-content\/uploads\/sites\/151\/2022\/12\/mossosesquadra.jpg\" alt=\"\" class=\"wp-image-5388 size-full\" srcset=\"https:\/\/webs.uab.cat\/cedid\/wp-content\/uploads\/sites\/151\/2022\/12\/mossosesquadra.jpg 300w, https:\/\/webs.uab.cat\/cedid\/wp-content\/uploads\/sites\/151\/2022\/12\/mossosesquadra-195x300.jpg 195w\" sizes=\"auto, (max-width: 300px) 100vw, 300px\" \/><\/figure><div class=\"wp-block-media-text__content\">\n<p><strong>David Ballester: \u00abPolicia i repressi\u00f3 franquista\u00bb, pp. 191-225 &amp; Manel Risques Corbella: \u00abLa Brigada Pol\u00edtico-Social, una aproximaci\u00f3\u00bb, pp. 227-247&nbsp;en&nbsp;Casals, \u00c0ngel [dir.], <i>Del sometent als mossos d&#8217;esquadra. Hist\u00f2ria de l&#8217;ordre p\u00fablic a Catalunya<\/i>, Catarroja, Editorial Afers, 2022.<\/strong><\/p>\n\n\n\n<p>En febrero de 2022&nbsp;se public\u00f3&nbsp;la obra colectiva <em>Del sometent als mossos d&#8217;esquadra. Hist\u00f2ria de l&#8217;ordre p\u00fablic a Catalunya<\/em>, dirigida por \u00c0ngel Casals, en la que los&nbsp;miembros del CEDID David Ballester y Manel Risques contribuyen con&nbsp;un capitulo cada uno. El primero examina la trayectoria de la polic\u00eda franquista como instrumento de represi\u00f3n del r\u00e9gimen desde la Guerra Civil hasta la ca\u00edda de la dictadura y su transformaci\u00f3n una vez ya instaurada&nbsp;la democracia. El segundo, en cambio, hace una aproximaci\u00f3n a la Brigada Pol\u00edtico-Social desde sus inicios en el marco del proyecto de violencia y exterminio rebelde&nbsp;en la Guerra Civil espa\u00f1ola y analiza los distintos aspectos y funciones de este cuerpo represivo.<\/p>\n<\/div><\/div>\n\n\n\n<hr class=\"wp-block-separator has-alpha-channel-opacity\" \/>\n\n\n\n<div class=\"wp-block-columns is-layout-flex wp-container-core-columns-is-layout-9d6595d7 wp-block-columns-is-layout-flex\">\n<div class=\"wp-block-column is-layout-flow wp-block-column-is-layout-flow\" style=\"flex-basis:100%\">\n<div class=\"wp-block-media-text is-stacked-on-mobile\" style=\"grid-template-columns:20% auto\"><figure class=\"wp-block-media-text__media\"><img loading=\"lazy\" decoding=\"async\" width=\"582\" height=\"877\" src=\"https:\/\/webs.uab.cat\/cedid\/wp-content\/uploads\/sites\/151\/2025\/10\/image-27.png\" alt=\"\" class=\"wp-image-10263 size-full\" srcset=\"https:\/\/webs.uab.cat\/cedid\/wp-content\/uploads\/sites\/151\/2025\/10\/image-27.png 582w, https:\/\/webs.uab.cat\/cedid\/wp-content\/uploads\/sites\/151\/2025\/10\/image-27-199x300.png 199w\" sizes=\"auto, (max-width: 582px) 100vw, 582px\" \/><\/figure><div class=\"wp-block-media-text__content\">\n<p><strong>Veiga, Francisco: <em>Ucrania 22. De la guerra programada a la contienda por la globalizaci\u00f3n<\/em>, Madrid, Alianza Editorial, 2022. <\/strong><\/p>\n\n\n\n<p>Para explicar el conflicto ucraniano actual, Francisco Veiga se remonta a los or\u00edgenes del periodo comprendido entre los a\u00f1os 1986 y 1991, antes de la disoluci\u00f3n de la Uni\u00f3n Sovi\u00e9tica; pasa por las tensiones posteriores provocadas por el negocio de la energ\u00eda, y por la Revoluci\u00f3n Naranja de los a\u00f1os 2004 y 2005, que convirti\u00f3 a Ucrania en una pieza clave de la \u00abNueva Guerra Fr\u00eda\u00bb; aborda los conflictos anteriores de Georgia, en el a\u00f1o 2008, y del Alto Karabakh, en 2020; contin\u00faa con el papel que jugaron las crisis del Euromaid\u00e1n y de Crimea en los a\u00f1os 2014 y 2015, junto con la guerra latente que desde entonces se ha librado en el Donb\u00e1s; hasta acabar profundizando en la invasi\u00f3n militar rusa de Ucrania, que comenz\u00f3 en el invierno del 2022 y que se ha convertido en una de las guerras calientes de la Posguerra Fr\u00eda, esta vez en territorio europeo. <\/p>\n<\/div><\/div>\n<\/div>\n<\/div>\n\n\n\n<hr class=\"wp-block-separator has-alpha-channel-opacity\" \/>\n\n\n\n<div class=\"wp-block-media-text alignwide is-stacked-on-mobile\" style=\"grid-template-columns:20% auto\"><figure class=\"wp-block-media-text__media\"><img loading=\"lazy\" decoding=\"async\" width=\"658\" height=\"1024\" src=\"https:\/\/webs.uab.cat\/cedid\/wp-content\/uploads\/sites\/151\/2025\/10\/image-43-658x1024.png\" alt=\"\" class=\"wp-image-10436 size-full\" srcset=\"https:\/\/webs.uab.cat\/cedid\/wp-content\/uploads\/sites\/151\/2025\/10\/image-43-658x1024.png 658w, https:\/\/webs.uab.cat\/cedid\/wp-content\/uploads\/sites\/151\/2025\/10\/image-43-193x300.png 193w, https:\/\/webs.uab.cat\/cedid\/wp-content\/uploads\/sites\/151\/2025\/10\/image-43-768x1195.png 768w, https:\/\/webs.uab.cat\/cedid\/wp-content\/uploads\/sites\/151\/2025\/10\/image-43.png 771w\" sizes=\"auto, (max-width: 658px) 100vw, 658px\" \/><\/figure><div class=\"wp-block-media-text__content\">\n<p><strong>Dom\u00e8nech Sampere, Xavier: \u00abLa patria del patriotismo constitucional\u00bb, en Juli\u00e1n Sanz, Ferran Archil\u00e9s, Xavier Andreu (eds.):&nbsp;<em>Contra los lugares comunes. Historia, memoria y naci\u00f3n en la Espa\u00f1a democr\u00e1tica, <\/em>Madrid, La Catarata, 2022, pp. 149-160. <\/strong><\/p>\n\n\n\n<p>En este cap\u00edtulo de libro se analizan los diversos usos y sentidos que se ha dado al concepto de patriotismo constitucional como intento de legitimar y fundar la naci\u00f3n espa\u00f1ola. Un an\u00e1lisis que cubre tanto los intentos iniciales del PSOE por utilizar este concepto durante la d\u00e9cada de los noventa del siglo XX como los del PP ya a principios del siglo XXI. <\/p>\n<\/div><\/div>\n\n\n\n<hr class=\"wp-block-separator has-alpha-channel-opacity\" \/>\n\n\n\n<div class=\"wp-block-media-text alignwide is-stacked-on-mobile\" style=\"grid-template-columns:20% auto\"><figure class=\"wp-block-media-text__media\"><img loading=\"lazy\" decoding=\"async\" width=\"500\" height=\"625\" src=\"https:\/\/webs.uab.cat\/cedid\/wp-content\/uploads\/sites\/151\/2025\/10\/image-52.png\" alt=\"\" class=\"wp-image-10522 size-full\" srcset=\"https:\/\/webs.uab.cat\/cedid\/wp-content\/uploads\/sites\/151\/2025\/10\/image-52.png 500w, https:\/\/webs.uab.cat\/cedid\/wp-content\/uploads\/sites\/151\/2025\/10\/image-52-240x300.png 240w\" sizes=\"auto, (max-width: 500px) 100vw, 500px\" \/><\/figure><div class=\"wp-block-media-text__content\">\n<p><strong>Alarc\u00f3n-Jim\u00e9nez, Ana Mar\u00eda: \u00abUn Nuevo Mundo Sonoro: El Festival Internacional del Mundo Celta de Ortigueira\u00bb, en Salwa El-Shawan Castelo Branco, Susana Moreno i Ant\u00f3nio Medeiros (eds.): <em>Outros Celtas.Celtismo, modernidade e m\u00fasica global em Portugal e Espanha,<\/em> Tinta da China, Lisboa, 2022, pp. 227-258.<\/strong><\/p>\n\n\n\n<p>Este art\u00edculo investiga el proceso de localizaci\u00f3n de las relaciones y pr\u00e1cticas socio-musicales vinculadas a la m\u00fasica gallega en el contexto del Festival Internacional do Mundo Celta d&#8217;Ortigueira. Tiene como objetivo mostrar, en primer lugar, que el festival mismo fue resultado del proceso de especializaci\u00f3n de la m\u00fasica gallega en la Ortigueira post-Franco. Este proceso fue liderado y desarrollado por los miembros de la Escola de Gaitas de Ortigueira, una escuela de m\u00fasica de base, gratuita, fundada en 1975, formada por maestros voluntarios, ni\u00f1os y j\u00f3venes de esta villa. <\/p>\n<\/div><\/div>\n","protected":false},"excerpt":{"rendered":"<p>Mireia Capdevila (amb Joaquim Nadal, eds.), El patrimoni art\u00edstic catal\u00e0 durant la guerra civil espanyola. Itiner\u00e0ncies, destruccions, salvaments, Barcelona, Memorial Democr\u00e0tic-Generalitat de Catalunya, 2022. El golpe de Estado de Franco contra la Rep\u00fablica provoc\u00f3 el estallido de una revoluci\u00f3n social en los territorios fieles al Gobierno. En Catalunya, los primeros d\u00edas posteriores al 18 de [&hellip;]<\/p>\n","protected":false},"author":20,"featured_media":0,"parent":0,"menu_order":0,"comment_status":"closed","ping_status":"closed","template":"","meta":{"footnotes":""},"class_list":["post-2637","page","type-page","status-publish","hentry"],"_links":{"self":[{"href":"https:\/\/webs.uab.cat\/cedid\/es\/wp-json\/wp\/v2\/pages\/2637","targetHints":{"allow":["GET"]}}],"collection":[{"href":"https:\/\/webs.uab.cat\/cedid\/es\/wp-json\/wp\/v2\/pages"}],"about":[{"href":"https:\/\/webs.uab.cat\/cedid\/es\/wp-json\/wp\/v2\/types\/page"}],"author":[{"embeddable":true,"href":"https:\/\/webs.uab.cat\/cedid\/es\/wp-json\/wp\/v2\/users\/20"}],"replies":[{"embeddable":true,"href":"https:\/\/webs.uab.cat\/cedid\/es\/wp-json\/wp\/v2\/comments?post=2637"}],"version-history":[{"count":83,"href":"https:\/\/webs.uab.cat\/cedid\/es\/wp-json\/wp\/v2\/pages\/2637\/revisions"}],"predecessor-version":[{"id":10943,"href":"https:\/\/webs.uab.cat\/cedid\/es\/wp-json\/wp\/v2\/pages\/2637\/revisions\/10943"}],"wp:attachment":[{"href":"https:\/\/webs.uab.cat\/cedid\/es\/wp-json\/wp\/v2\/media?parent=2637"}],"curies":[{"name":"wp","href":"https:\/\/api.w.org\/{rel}","templated":true}]}}