{"id":9848,"date":"2025-02-04T11:25:51","date_gmt":"2025-02-04T11:25:51","guid":{"rendered":"https:\/\/webs.uab.cat\/cedid\/?page_id=9848"},"modified":"2026-01-19T09:00:49","modified_gmt":"2026-01-19T09:00:49","slug":"libros-2025-2","status":"publish","type":"page","link":"https:\/\/webs.uab.cat\/cedid\/es\/libros-2025-2\/","title":{"rendered":"LIBROS 2025"},"content":{"rendered":"\n<div class=\"wp-block-media-text alignwide is-stacked-on-mobile\" style=\"grid-template-columns:20% auto\"><figure class=\"wp-block-media-text__media\"><img loading=\"lazy\" decoding=\"async\" width=\"555\" height=\"767\" src=\"https:\/\/webs.uab.cat\/cedid\/wp-content\/uploads\/sites\/151\/2026\/01\/imagen.png\" alt=\"\" class=\"wp-image-11114 size-full\" srcset=\"https:\/\/webs.uab.cat\/cedid\/wp-content\/uploads\/sites\/151\/2026\/01\/imagen.png 555w, https:\/\/webs.uab.cat\/cedid\/wp-content\/uploads\/sites\/151\/2026\/01\/imagen-217x300.png 217w\" sizes=\"auto, (max-width: 555px) 100vw, 555px\" \/><\/figure><div class=\"wp-block-media-text__content\">\n<p><strong>Herrer\u00edn L\u00f3pez, \u00c1ngel; Moreno Seco, M\u00f3nica; Vargas, Bruno (coords), <em>Radiograf\u00eda del antifranquismo en Espa\u00f1a y Francia (1939-1977). Partidos, sindicatos y movimientos sociales<\/em>, UNED, 2025. <\/strong><\/p>\n\n\n\n<p>El presente libro trata de ofrecer un panorama actualizado sobre aquellos movimientos pol\u00edticos, sociales y culturales que actuaron contra la dictadura franquista y defendieron, o acabaron defendiendo, una Espa\u00f1a democr\u00e1tica. Una lucha que se libr\u00f3 tanto en Espa\u00f1a como en el exilio, especialmente en Francia, donde residi\u00f3 la parte mayoritaria del \u00e9xodo de la Guerra Civil. Aunque contamos con una nutrida investigaci\u00f3n sobre la oposici\u00f3n antifranquista, hasta ahora ha faltado una perspectiva que englobara, de forma especial, la relaci\u00f3n entre el antifranquista a ambos lados de los Pirineos. Por ello se considera oportuno establecer un balance y, al mismo tiempo, abrir nuevas pistas sobre aquellos colectivos que acompa\u00f1aron a esta Espa\u00f1a clandestina del interior, y que, ayudada por la Espa\u00f1a exiliada en Francia, sent\u00f3 las bases de la nueva democracia en nuestro pa\u00eds. Por otro lado, se propone reflexionar sobre los cambios y las permanencias que pueden observarse en las posiciones del heterog\u00e9neo conjunto del antifranquismo, que recurri\u00f3 a diversas estrategias y fue renov\u00e1ndose al calor de la aparici\u00f3n de nuevas generaciones que no hab\u00edan vivido la Guerra Civil. Este libro muestra que los derechos y las libertades de las que hoy gozamos no fueron otorgados ni llegaron con el simple paso del tiempo, sino conquistados con gran esfuerzo y no pocas dosis de esperanza en una Espa\u00f1a libre y democr\u00e1tica.<\/p>\n\n\n\n<p>El volumen incluye cap\u00edtulos de Francesc Vilanova (\u00abResistencias nacionales perif\u00e9ricas:\u00a0contra la naci\u00f3n franquista\u00bb, pp. 109-122), Carme Molinero (\u00abLos comunistas: hacia un &#8216;partido de masas&#8217; en la clandestinidad\u00bb, pp. 161-175) y Pere Ys\u00e0s (\u00abTrabajadores contra Franco. El movimiento obrero, 1956-1977\u00bb, pp. 239-253).<\/p>\n\n\n\n<p><a href=\"https:\/\/hdl.handle.net\/20.500.14468\/31407\" data-type=\"link\" data-id=\"https:\/\/hdl.handle.net\/20.500.14468\/31407\"><strong>Acceso abierto al libro<\/strong><\/a><\/p>\n<\/div><\/div>\n\n\n\n<hr class=\"wp-block-separator has-alpha-channel-opacity\" \/>\n\n\n\n<div class=\"wp-block-media-text alignwide is-stacked-on-mobile\" style=\"grid-template-columns:20% auto\"><figure class=\"wp-block-media-text__media\"><img loading=\"lazy\" decoding=\"async\" width=\"650\" height=\"1024\" src=\"https:\/\/webs.uab.cat\/cedid\/wp-content\/uploads\/sites\/151\/2026\/01\/FORTIC_Regreso_al_pasado-650x1024.jpg\" alt=\"\" class=\"wp-image-11018 size-full\" srcset=\"https:\/\/webs.uab.cat\/cedid\/wp-content\/uploads\/sites\/151\/2026\/01\/FORTIC_Regreso_al_pasado-650x1024.jpg 650w, https:\/\/webs.uab.cat\/cedid\/wp-content\/uploads\/sites\/151\/2026\/01\/FORTIC_Regreso_al_pasado-190x300.jpg 190w, https:\/\/webs.uab.cat\/cedid\/wp-content\/uploads\/sites\/151\/2026\/01\/FORTIC_Regreso_al_pasado-768x1211.jpg 768w, https:\/\/webs.uab.cat\/cedid\/wp-content\/uploads\/sites\/151\/2026\/01\/FORTIC_Regreso_al_pasado.jpg 864w\" sizes=\"auto, (max-width: 650px) 100vw, 650px\" \/><\/figure><div class=\"wp-block-media-text__content\">\n<p><strong>FORTI, STEVEN, \u201cSpain is not different\u201d, en AA.VV., <em>Regreso al pasado. Herramientas para tiempos autoritarios<\/em>, Madrid, Akal, 2025, pp. 21-35.<\/strong><\/p>\n\n\n\n<p>En este volumen colectivo, publicado por Akal en ocasi\u00f3n de los 50 a\u00f1os de la muerte de Franco, Steven Forti ofrece una visi\u00f3n panor\u00e1mica de las redes transnacionales de ultraderecha en este primer cuarto del siglo XXI con el objetivo de mostrar la importancia de concebir la extrema derecha como una gran familia global. La segunda parte del cap\u00edtulo, de hecho, se centra en el caso espa\u00f1ol, situando a Vox dentro de este cuadro interpretativo.<\/p>\n<\/div><\/div>\n\n\n\n<hr class=\"wp-block-separator has-alpha-channel-opacity\" \/>\n\n\n\n<div class=\"wp-block-media-text alignwide is-stacked-on-mobile\" style=\"grid-template-columns:20% auto\"><figure class=\"wp-block-media-text__media\"><img loading=\"lazy\" decoding=\"async\" width=\"674\" height=\"1024\" src=\"https:\/\/webs.uab.cat\/cedid\/wp-content\/uploads\/sites\/151\/2026\/01\/FORTI_Vox-674x1024.jpg\" alt=\"\" class=\"wp-image-11016 size-full\" srcset=\"https:\/\/webs.uab.cat\/cedid\/wp-content\/uploads\/sites\/151\/2026\/01\/FORTI_Vox-674x1024.jpg 674w, https:\/\/webs.uab.cat\/cedid\/wp-content\/uploads\/sites\/151\/2026\/01\/FORTI_Vox-197x300.jpg 197w, https:\/\/webs.uab.cat\/cedid\/wp-content\/uploads\/sites\/151\/2026\/01\/FORTI_Vox-768x1168.jpg 768w, https:\/\/webs.uab.cat\/cedid\/wp-content\/uploads\/sites\/151\/2026\/01\/FORTI_Vox-1010x1536.jpg 1010w, https:\/\/webs.uab.cat\/cedid\/wp-content\/uploads\/sites\/151\/2026\/01\/FORTI_Vox-1347x2048.jpg 1347w, https:\/\/webs.uab.cat\/cedid\/wp-content\/uploads\/sites\/151\/2026\/01\/FORTI_Vox-1200x1824.jpg 1200w, https:\/\/webs.uab.cat\/cedid\/wp-content\/uploads\/sites\/151\/2026\/01\/FORTI_Vox.jpg 1476w\" sizes=\"auto, (max-width: 674px) 100vw, 674px\" \/><\/figure><div class=\"wp-block-media-text__content\">\n<p><strong>FORTI, STEVEN, \u201cVox oder die Fortsetzung der reaktion\u00e4ren Traditionen Spaniens\u201d, en Ernst Hillebrand (ed.), <em>Rechts Populismus in Europa. Der Einfluss rechter Parteien von Lissabon bis Bukarest<\/em>, Bonn, Dietz Verlag, 2025, pp. 136-142.<\/strong><\/p>\n\n\n\n<p>En este volumen coordinado por Ernst Hillebrand y dedicado a los diferentes casos de populismo de derecha en Europa, el cap\u00edtulo de Steven Forti se centra en el caso espa\u00f1ol y, m\u00e1s concretamente, en Vox. Por un lado, se resume la trayectoria del partido liderado por Santiago Abascal, desde sus or\u00edgenes como escisi\u00f3n del Partido Popular hasta las elecciones europeas de 2024. Por otro lado, se analizan las estrategias de la formaci\u00f3n y su discurso. Por \u00faltimo, se presenta un cuadro de sus bases electorales.&nbsp;<\/p>\n<\/div><\/div>\n\n\n\n<div class=\"wp-block-media-text alignwide is-stacked-on-mobile\" style=\"grid-template-columns:20% auto\"><figure class=\"wp-block-media-text__media\"><img loading=\"lazy\" decoding=\"async\" width=\"654\" height=\"1024\" src=\"https:\/\/webs.uab.cat\/cedid\/wp-content\/uploads\/sites\/151\/2026\/01\/FORTI_Fratelli-dItalia-654x1024.jpg\" alt=\"\" class=\"wp-image-11009 size-full\" srcset=\"https:\/\/webs.uab.cat\/cedid\/wp-content\/uploads\/sites\/151\/2026\/01\/FORTI_Fratelli-dItalia-654x1024.jpg 654w, https:\/\/webs.uab.cat\/cedid\/wp-content\/uploads\/sites\/151\/2026\/01\/FORTI_Fratelli-dItalia-192x300.jpg 192w, https:\/\/webs.uab.cat\/cedid\/wp-content\/uploads\/sites\/151\/2026\/01\/FORTI_Fratelli-dItalia.jpg 766w\" sizes=\"auto, (max-width: 654px) 100vw, 654px\" \/><\/figure><div class=\"wp-block-media-text__content\">\n\n<p><strong>FORTI, STEVEN, \u201cFratelli d\u2019Italia en la era del posfascismo\u201d, en Antonio Rivera y V\u00edctor Manuel Amado Castro (eds.), <em>M\u00e1s all\u00e1 de la derecha. Diez casos mundiales<\/em>, Madrid, Los Libros de la Catarata, 2025, pp. 93-113.<\/strong><\/p>\n\n\n<p>En este cap\u00edtulo, incluido en un volumen coordinado por Antonio Rivera y V\u00edctor Manuel Amado Castro dedicado a diez casos de partidos ultraderechistas a nivel global, Steven Forti se centra en el caso de Hermanos de Italia. Por un lado, se reconstruye la historia del partido liderado por Giorgia Meloni, desde su fundaci\u00f3n en 2012 hasta finales de 2024. Por otro lado, se analiza su ideolog\u00eda fruto de la fusi\u00f3n de la cultura pol\u00edtica neofascista, hija del Movimiento Social Italiano, y de la necionalconservadora. Por \u00faltimo, se presenta una visi\u00f3n de conjunto de la actividad del primer bienio en el gobierno (2022-2024).<\/p>\n\n<\/div><\/div>\n\n\n\n<hr class=\"wp-block-separator has-alpha-channel-opacity\" \/>\n\n\n\n<div class=\"wp-block-media-text alignwide is-stacked-on-mobile\" style=\"grid-template-columns:20% auto\"><figure class=\"wp-block-media-text__media\"><img loading=\"lazy\" decoding=\"async\" width=\"799\" height=\"1024\" src=\"https:\/\/webs.uab.cat\/cedid\/wp-content\/uploads\/sites\/151\/2026\/01\/FORTI_Estrema-destra-799x1024.jpg\" alt=\"\" class=\"wp-image-11001 size-full\" srcset=\"https:\/\/webs.uab.cat\/cedid\/wp-content\/uploads\/sites\/151\/2026\/01\/FORTI_Estrema-destra-799x1024.jpg 799w, https:\/\/webs.uab.cat\/cedid\/wp-content\/uploads\/sites\/151\/2026\/01\/FORTI_Estrema-destra-234x300.jpg 234w, https:\/\/webs.uab.cat\/cedid\/wp-content\/uploads\/sites\/151\/2026\/01\/FORTI_Estrema-destra-768x985.jpg 768w, https:\/\/webs.uab.cat\/cedid\/wp-content\/uploads\/sites\/151\/2026\/01\/FORTI_Estrema-destra.jpg 1000w\" sizes=\"auto, (max-width: 799px) 100vw, 799px\" \/><\/figure><div class=\"wp-block-media-text__content\">\n<p><strong>FORTI, STEVEN, <em>Estrema destra 2.0. Cos\u2019\u00e8 e come combattela<\/em>, Roma, Castelvecchi, 2025.<\/strong><\/p>\n\n\n\n<p>En esta monograf\u00eda, Steven Forti ofrece una visi\u00f3n panor\u00e1mica de las nuevas extremas derechas del siglo XXI. La primera parte del libro est\u00e1 dedicada al debate terminol\u00f3gico, con especial atenci\u00f3n a los conceptos de fascismo y populismo. La segunda parte se centra en la definici\u00f3n de este nuevo tipo de extrema derecha, mostrando las continuidades y las rupturas respecto a la \u00e9poca de entreguerras. Finalmente, en la tercera parte se analizan cuestiones como las causas del auge de la ultraderecha, el voto obrero, la importancia de las nuevas tecnolog\u00edas o el fen\u00f3meno del rojipardismo. Se trata de una edici\u00f3n ampliada y actualizada, publicada en italiano por la editorial Castelvecchi, del libro publicado en Espa\u00f1a en 2021.<\/p>\n<\/div><\/div>\n\n\n\n<hr class=\"wp-block-separator has-alpha-channel-opacity\" \/>\n\n\n\n<div class=\"wp-block-media-text alignwide is-stacked-on-mobile\" style=\"grid-template-columns:20% auto\"><figure class=\"wp-block-media-text__media\"><img loading=\"lazy\" decoding=\"async\" width=\"236\" height=\"354\" src=\"https:\/\/webs.uab.cat\/cedid\/wp-content\/uploads\/sites\/151\/2025\/11\/edition-157796-236x355-1.jpg\" alt=\"\" class=\"wp-image-10947 size-full\" srcset=\"https:\/\/webs.uab.cat\/cedid\/wp-content\/uploads\/sites\/151\/2025\/11\/edition-157796-236x355-1.jpg 236w, https:\/\/webs.uab.cat\/cedid\/wp-content\/uploads\/sites\/151\/2025\/11\/edition-157796-236x355-1-200x300.jpg 200w\" sizes=\"auto, (max-width: 236px) 100vw, 236px\" \/><\/figure><div class=\"wp-block-media-text__content\">\n\n<p><strong>Mireia Capdevila, \u00abBarcelona, 1939: De la ocupaci\u00f3n a la resignificaci\u00f3n del espacio p\u00fablico, 1939\u00bb, en Luis Enrique Otero Carvajal y Jaume Claret (eds.): <em>El gran retroceso. La dictadura franquista, 1939-1953<\/em>, Madrid, La Catarata, 2025, pp. 199-227.<\/strong><\/p>\n\n\n<p>Con la ca\u00edda de la ciudad de Barcelona en manos franquistas el 26 de enero de 1939, la Nueva Espa\u00f1a del general Francisco Franco encaraba el \u00faltimo tramo de la Guerra Civil. Catalunya se derrumbaba ante las fuerzas nacionales y Barcelona pasaba a estar controlada por la nueva jerarqu\u00eda militar y pol\u00edtica af\u00edn al r\u00e9gimen. Con ello, la ciudad ser\u00eda \u201crecuperada\u201d y comenzar\u00eda un proceso de resignificaci\u00f3n destinado a borrar y olvidar el pasado rojo, democr\u00e1tico y catalanista.<\/p>\n\n<\/div><\/div>\n\n\n\n<hr class=\"wp-block-separator has-alpha-channel-opacity\" \/>\n\n\n\n<div class=\"wp-block-media-text alignwide is-stacked-on-mobile\" style=\"grid-template-columns:20% auto\"><figure class=\"wp-block-media-text__media\"><img loading=\"lazy\" decoding=\"async\" width=\"674\" height=\"1024\" src=\"https:\/\/webs.uab.cat\/cedid\/wp-content\/uploads\/sites\/151\/2025\/11\/Visuel-Agde-le-camp-des-catalans-1939-1940-scaled-1-674x1024.jpg\" alt=\"\" class=\"wp-image-10837 size-full\" srcset=\"https:\/\/webs.uab.cat\/cedid\/wp-content\/uploads\/sites\/151\/2025\/11\/Visuel-Agde-le-camp-des-catalans-1939-1940-scaled-1-674x1024.jpg 674w, https:\/\/webs.uab.cat\/cedid\/wp-content\/uploads\/sites\/151\/2025\/11\/Visuel-Agde-le-camp-des-catalans-1939-1940-scaled-1-197x300.jpg 197w, https:\/\/webs.uab.cat\/cedid\/wp-content\/uploads\/sites\/151\/2025\/11\/Visuel-Agde-le-camp-des-catalans-1939-1940-scaled-1-768x1168.jpg 768w, https:\/\/webs.uab.cat\/cedid\/wp-content\/uploads\/sites\/151\/2025\/11\/Visuel-Agde-le-camp-des-catalans-1939-1940-scaled-1-1010x1536.jpg 1010w, https:\/\/webs.uab.cat\/cedid\/wp-content\/uploads\/sites\/151\/2025\/11\/Visuel-Agde-le-camp-des-catalans-1939-1940-scaled-1-1347x2048.jpg 1347w, https:\/\/webs.uab.cat\/cedid\/wp-content\/uploads\/sites\/151\/2025\/11\/Visuel-Agde-le-camp-des-catalans-1939-1940-scaled-1-1200x1824.jpg 1200w, https:\/\/webs.uab.cat\/cedid\/wp-content\/uploads\/sites\/151\/2025\/11\/Visuel-Agde-le-camp-des-catalans-1939-1940-scaled-1.jpg 1684w\" sizes=\"auto, (max-width: 674px) 100vw, 674px\" \/><\/figure><div class=\"wp-block-media-text__content\">\n\n<p><strong>Laia Ara\u00f1\u00f3 Vega, <em>Agde.<\/em> <em>Le camp des catalans<\/em>, Perpiny\u00e0, Trabucaire, 2025<\/strong><strong>.<\/strong><\/p>\n\n\n<p>En 1939 se cre\u00f3 el campo de concentraci\u00f3n de Agde para alojar a los refugiados republicanos espa\u00f1oles que hu\u00edan de la Guerra Civil, con el objetivo de descongestionar los que se hab\u00edan establecido unos meses antes en las playas del Rossell\u00f3. Construido con la ayuda de voluntarios espa\u00f1oles y t\u00e9cnicos franceses, uno de los tres campos \u2014conocido como el \u00abcamp dels catalans\u00bb\u2014 form\u00f3 una comunidad muy cohesionada y con una fuerte identidad cultural. A pesar de la dureza de la situaci\u00f3n, los internos organizaron actividades que ayudaban a mantener el esp\u00edritu colectivo y la solidaridad. Sin embargo, Agde tambi\u00e9n puso de manifiesto las divisiones internas entre los exiliados, especialmente entre catalanes y otros republicanos espa\u00f1oles, as\u00ed como entre diferentes corrientes pol\u00edticas, como Esquerra Republicana y PSUC. Estas tensiones influyeron en la vida y la organizaci\u00f3n del exilio catal\u00e1n durante los a\u00f1os posteriores a la guerra.<\/p>\n\n<\/div><\/div>\n\n\n\n<hr class=\"wp-block-separator has-alpha-channel-opacity\" \/>\n\n\n\n<div class=\"wp-block-media-text alignwide is-stacked-on-mobile\" style=\"grid-template-columns:20% auto\"><figure class=\"wp-block-media-text__media\"><img loading=\"lazy\" decoding=\"async\" width=\"369\" height=\"543\" src=\"https:\/\/webs.uab.cat\/cedid\/wp-content\/uploads\/sites\/151\/2025\/10\/image-23.png\" alt=\"\" class=\"wp-image-10192 size-full\" srcset=\"https:\/\/webs.uab.cat\/cedid\/wp-content\/uploads\/sites\/151\/2025\/10\/image-23.png 369w, https:\/\/webs.uab.cat\/cedid\/wp-content\/uploads\/sites\/151\/2025\/10\/image-23-204x300.png 204w\" sizes=\"auto, (max-width: 369px) 100vw, 369px\" \/><\/figure><div class=\"wp-block-media-text__content\">\n<p><strong>Molinero, Carme: \u00abEl r\u00e9gimen franquista: supervivencia, adaptaci\u00f3n y crisis\u00bb en Fran\u00e7ois Godicheau, Jorge Marco (Eds.): <em>El franquismo<\/em>. <em>Anatom\u00eda de una dictadura (1936-1977),<\/em> Granada, Comares, 2025, pp. 1-17. <\/strong><\/p>\n\n\n\n<p>El cap\u00edtulo constituye el texto inicial del vol\u00famen con el objetivo de ofrecer una visi\u00f3n global de la trayectoria del r\u00e9gimen franquista atendiendo a los elementos considerados fundamentales para definir sus caracter\u00edsticas: la ubicaci\u00f3n del r\u00e9gimen en el escenario internacional, el impacto social de las pol\u00edticas desarrolladas por la dictadura y los instrumentos de los que se dot\u00f3 para asegurar el control social durante casi cuatro d\u00e9cadas. El franquismo tuvo la capacidad de sobrevivir sin cambiar rasgos fundamentales de su dise\u00f1o institucional por su capacidad de adaptaci\u00f3n al nuevo escenario interncional de la guerra fr\u00eda. A\u00fan as\u00ed, la rearticulaci\u00f3n de la sociedad civil incidi\u00f3 en la crisis de la dictadura en la d\u00e9cada de los setenta e impidi\u00f3 su mantenimiento tras la muerte de Franco. <\/p>\n<\/div><\/div>\n\n\n\n<hr class=\"wp-block-separator has-alpha-channel-opacity\" \/>\n\n\n\n<div class=\"wp-block-media-text alignwide is-stacked-on-mobile\" style=\"grid-template-columns:20% auto\"><figure class=\"wp-block-media-text__media\"><img loading=\"lazy\" decoding=\"async\" width=\"369\" height=\"543\" src=\"https:\/\/webs.uab.cat\/cedid\/wp-content\/uploads\/sites\/151\/2025\/10\/image-23.png\" alt=\"\" class=\"wp-image-10192 size-full\" srcset=\"https:\/\/webs.uab.cat\/cedid\/wp-content\/uploads\/sites\/151\/2025\/10\/image-23.png 369w, https:\/\/webs.uab.cat\/cedid\/wp-content\/uploads\/sites\/151\/2025\/10\/image-23-204x300.png 204w\" sizes=\"auto, (max-width: 369px) 100vw, 369px\" \/><\/figure><div class=\"wp-block-media-text__content\">\n<p><strong>Ys\u00e0s, Pere: \u00abDisentimiento, reformismo y continuidad. Hacia el final de la dictadura\u00bb, dins Fran\u00e7ois Godicheau, Jorge Marco (eds.):&nbsp;<em>El franquismo. Anatom\u00eda de una dictadura (1936-1977),&nbsp;<\/em>Granada, Comares, 2025, pp. 243-253.<\/strong><\/p>\n\n\n\n<p>Este cap\u00edtulo se ocupa de las tentativas de la dictadura franquista para hacer frente a la creciente movilizaci\u00f3n social antifranquista, con propuestas \u00abaperturistas\u00bb que fracasaron una detr\u00e1s de otra, y, al tiempo, con una represi\u00f3n continuada, con episodios muy violentos y claramente contraproducentes para el r\u00e9gimen. El objetivo de asegurar la continuidad de la dictadura fracas\u00f3, abriendo la puerta a un proceso complejo y conflictivo de transici\u00f3n a la democracia. <\/p>\n\n\n\n<p><\/p>\n<\/div><\/div>\n\n\n\n<hr class=\"wp-block-separator has-alpha-channel-opacity\" \/>\n\n\n\n<div class=\"wp-block-media-text alignwide is-stacked-on-mobile\" style=\"grid-template-columns:20% auto\"><figure class=\"wp-block-media-text__media\"><img loading=\"lazy\" decoding=\"async\" width=\"661\" height=\"1024\" src=\"https:\/\/webs.uab.cat\/cedid\/wp-content\/uploads\/sites\/151\/2025\/10\/image-16-661x1024.png\" alt=\"\" class=\"wp-image-10165 size-full\" srcset=\"https:\/\/webs.uab.cat\/cedid\/wp-content\/uploads\/sites\/151\/2025\/10\/image-16-661x1024.png 661w, https:\/\/webs.uab.cat\/cedid\/wp-content\/uploads\/sites\/151\/2025\/10\/image-16-194x300.png 194w, https:\/\/webs.uab.cat\/cedid\/wp-content\/uploads\/sites\/151\/2025\/10\/image-16-768x1190.png 768w, https:\/\/webs.uab.cat\/cedid\/wp-content\/uploads\/sites\/151\/2025\/10\/image-16-991x1536.png 991w, https:\/\/webs.uab.cat\/cedid\/wp-content\/uploads\/sites\/151\/2025\/10\/image-16-1322x2048.png 1322w, https:\/\/webs.uab.cat\/cedid\/wp-content\/uploads\/sites\/151\/2025\/10\/image-16-1200x1859.png 1200w, https:\/\/webs.uab.cat\/cedid\/wp-content\/uploads\/sites\/151\/2025\/10\/image-16.png 1677w\" sizes=\"auto, (max-width: 661px) 100vw, 661px\" \/><\/figure><div class=\"wp-block-media-text__content\">\n<p><strong>Casanellas, Pau: \u00abLos proyectos nacionales en Espa\u00f1a, entre franquismo y antifranquismo: nacionalizaci\u00f3n negativa y reafirmaci\u00f3n de los nacionalismos subestatales\u00bb, en Xavier Dom\u00e8nech (ed.), <em>El Estado y las din\u00e1micas nacionales en Espa\u00f1a (1931-1983)<\/em>, Madrid, Akal, 2025, p. 111-142. <\/strong><\/p>\n\n\n\n<p>La tesis defendida en este cap\u00edtulo es que la tentativa nacionalizadora del franquismo, pese a constituir el m\u00e1s amplio y profundo intento en este sentido de la historia contempor\u00e1nea espa\u00f1ola, no consigui\u00f3 plenamente sus objetivos, o no al menos en aquellos territorios donde la identidad espa\u00f1ola estaba en disputa con otras. La explicaci\u00f3n de este fracaso relativo hay que buscarla principalmente en la interacci\u00f3n, a partir de los a\u00f1os sesenta, entre el proyecto nacionalizador del r\u00e9gimen y el de los nacionalismos subestatales, que fueron capaces de imbricar sus reivindicaciones con las del antifranquismo. <\/p>\n<\/div><\/div>\n\n\n\n<hr class=\"wp-block-separator has-alpha-channel-opacity\" \/>\n\n\n\n<div class=\"wp-block-media-text alignwide is-stacked-on-mobile\" style=\"grid-template-columns:20% auto\"><figure class=\"wp-block-media-text__media\"><img loading=\"lazy\" decoding=\"async\" width=\"180\" height=\"273\" src=\"https:\/\/webs.uab.cat\/cedid\/wp-content\/uploads\/sites\/151\/2025\/10\/image-41.png\" alt=\"\" class=\"wp-image-10416 size-full\" \/><\/figure><div class=\"wp-block-media-text__content\">\n<p><strong>Dom\u00e8nech Sampere, Xavier: <em>Class Struggle, Dictatorship and Democracy. How the Common People Defeated Francoism (1939-1979)<\/em>, New York, Routledge, 2025<\/strong>. <\/p>\n\n\n\n<p>Esta es la historia de los factores clave para entender el paso de la dictadura a la democracia en Espa\u00f1a en la segunda mitad del siglo XX. La trama de fondo de este libro son las experiencias de los trabajadores y las trabajadoras que sufrieron una de las dictaduras m\u00e1s duras y longevas del siglo XX europeo. Hombres y mujeres que preservaron y construyeron un mundo de valores propios y desplegaron formas de lucha que transformaron la vida de la gente. En definitiva, una experiencia de resistencia y conflictividad que supuso el desafiamiento principal a la dictadura en Espa\u00f1a. El franquismo naci\u00f3 para acabar con la lucha de clases, pero esta impregn\u00f3 todo su desarrollo y en ella se encuentra la clave del fin de la dictadura y las caracter\u00edsticas que tom\u00f3 la democracia en Espa\u00f1a. Por eso, este libro se mueve en la tensi\u00f3n entre trabajadores y empresarios, avanzando hacia una nueva comprensi\u00f3n del cambio pol\u00edtico en t\u00e9rminos de lucha de posiciones y movimientos, de crisis y rearticulaci\u00f3n de hegemon\u00edas. Una obra que aporta nuevas claves para entender tanto el funcionamiento de la dictadura como los fundamentos de la democracia en Espa\u00f1a. <\/p>\n<\/div><\/div>\n\n\n\n<hr class=\"wp-block-separator has-alpha-channel-opacity\" \/>\n\n\n\n<div class=\"wp-block-media-text alignwide is-stacked-on-mobile\" style=\"grid-template-columns:20% auto\"><figure class=\"wp-block-media-text__media\"><img loading=\"lazy\" decoding=\"async\" width=\"661\" height=\"1024\" src=\"https:\/\/webs.uab.cat\/cedid\/wp-content\/uploads\/sites\/151\/2025\/10\/image-16-661x1024.png\" alt=\"\" class=\"wp-image-10165 size-full\" srcset=\"https:\/\/webs.uab.cat\/cedid\/wp-content\/uploads\/sites\/151\/2025\/10\/image-16-661x1024.png 661w, https:\/\/webs.uab.cat\/cedid\/wp-content\/uploads\/sites\/151\/2025\/10\/image-16-194x300.png 194w, https:\/\/webs.uab.cat\/cedid\/wp-content\/uploads\/sites\/151\/2025\/10\/image-16-768x1190.png 768w, https:\/\/webs.uab.cat\/cedid\/wp-content\/uploads\/sites\/151\/2025\/10\/image-16-991x1536.png 991w, https:\/\/webs.uab.cat\/cedid\/wp-content\/uploads\/sites\/151\/2025\/10\/image-16-1322x2048.png 1322w, https:\/\/webs.uab.cat\/cedid\/wp-content\/uploads\/sites\/151\/2025\/10\/image-16-1200x1859.png 1200w, https:\/\/webs.uab.cat\/cedid\/wp-content\/uploads\/sites\/151\/2025\/10\/image-16.png 1677w\" sizes=\"auto, (max-width: 661px) 100vw, 661px\" \/><\/figure><div class=\"wp-block-media-text__content\">\n<p><strong>Dom\u00e8nech Sampere, Xavier: \u00abRazones de la plurinacionalidad en Espa\u00f1a. Una interpretaci\u00f3n\u00bb, en Xavier Dom\u00e8nech Sampere (dir.): <em>El Estado y las din\u00e1micas nacionales en Espa\u00f1a (1931-1983)<\/em>, Madrid, Akal, 2025, pp. 9-64. <\/strong><\/p>\n\n\n\n<p>En este cap\u00edtulo de libro se aborda una nueva interpretaci\u00f3n que intenta explicar por qu\u00e9 motivos en el caso espa\u00f1ol se ha dado una de las mayores diversidades de proyectos nacionales, de forma prolongada en el tiempo, de la Europa continental. Este trabajo tiene, en este sentido, un arco cronol\u00f3gico amplio que va desde el siglo XIX al XXI y un \u00e1mbito anal\u00edtico que incluye los casos de Catalunya, Galicia, Pa\u00eds Vasco y Andaluc\u00eda. <\/p>\n<\/div><\/div>\n\n\n\n<hr class=\"wp-block-separator has-alpha-channel-opacity\" \/>\n\n\n\n<div class=\"wp-block-media-text alignwide is-stacked-on-mobile\" style=\"grid-template-columns:20% auto\"><figure class=\"wp-block-media-text__media\"><img loading=\"lazy\" decoding=\"async\" width=\"570\" height=\"735\" src=\"https:\/\/webs.uab.cat\/cedid\/wp-content\/uploads\/sites\/151\/2025\/10\/image-47.png\" alt=\"\" class=\"wp-image-10460 size-full\" srcset=\"https:\/\/webs.uab.cat\/cedid\/wp-content\/uploads\/sites\/151\/2025\/10\/image-47.png 570w, https:\/\/webs.uab.cat\/cedid\/wp-content\/uploads\/sites\/151\/2025\/10\/image-47-233x300.png 233w\" sizes=\"auto, (max-width: 570px) 100vw, 570px\" \/><\/figure><div class=\"wp-block-media-text__content\">\n<p><strong>Mar\u00edn, Mart\u00ed: \u00abAlgunes puntualitzacions sobre la repressi\u00f3 franquista de postguerra\u00bb, Pr\u00f2leg a Josep Antoni Pozo, <em>Sota el pes de la Vict\u00f2ria. La repressi\u00f3 franquista a Sabadell en la immediata postguerra<\/em>, Lleida, Pag\u00e8s Editors, 2024, p.5-14. <\/strong><\/p>\n\n\n\n<p>El papel de las monograf\u00edas locales a la hora de completar, matizar y enriquecer el conocimiento que tenemos de la represi\u00f3n franquista en la posguerra y su capacidad para generar nuevos enfocamientos. <\/p>\n<\/div><\/div>\n\n\n\n<hr class=\"wp-block-separator has-alpha-channel-opacity\" \/>\n\n\n\n<div class=\"wp-block-media-text alignwide is-stacked-on-mobile\" style=\"grid-template-columns:20% auto\"><figure class=\"wp-block-media-text__media\"><img loading=\"lazy\" decoding=\"async\" width=\"630\" height=\"938\" src=\"https:\/\/webs.uab.cat\/cedid\/wp-content\/uploads\/sites\/151\/2025\/10\/image-48.png\" alt=\"\" class=\"wp-image-10465 size-full\" srcset=\"https:\/\/webs.uab.cat\/cedid\/wp-content\/uploads\/sites\/151\/2025\/10\/image-48.png 630w, https:\/\/webs.uab.cat\/cedid\/wp-content\/uploads\/sites\/151\/2025\/10\/image-48-201x300.png 201w\" sizes=\"auto, (max-width: 630px) 100vw, 630px\" \/><\/figure><div class=\"wp-block-media-text__content\">\n<p><strong>Mar\u00edn, Mart\u00ed:&nbsp; \u00abMujeres y migraciones interiores en la posguerra: una historia en construcci\u00f3n\u00bb, en Alba Mart\u00ednez y Gloria Rom\u00e1n Ruiz (eds.), <em>Mujeres frente a la mis\u00e8ria. Historia y memoria de la supervivencia femenina (1936-1952)<\/em>, Madrid, Marcial Pons, 2025, pp.147-169. <\/strong><\/p>\n\n\n\n<p>Las migraciones interiores espa\u00f1olas del siglo XX no se han tratado todav\u00eda en perspectiva de g\u00e9nero de una forma satisfactoria o, al menos, m\u00ednimamente convincente. Con materiales dispersos, el art\u00edculo pretende recoger evidencias que contribuyen a trazar el largo camino que queda por recorrer. <\/p>\n<\/div><\/div>\n\n\n\n<hr class=\"wp-block-separator has-alpha-channel-opacity\" \/>\n\n\n\n<div class=\"wp-block-media-text alignwide is-stacked-on-mobile\" style=\"grid-template-columns:20% auto\"><figure class=\"wp-block-media-text__media\"><img loading=\"lazy\" decoding=\"async\" width=\"236\" height=\"333\" src=\"https:\/\/webs.uab.cat\/cedid\/wp-content\/uploads\/sites\/151\/2025\/10\/image-67.png\" alt=\"\" class=\"wp-image-10709 size-full\" srcset=\"https:\/\/webs.uab.cat\/cedid\/wp-content\/uploads\/sites\/151\/2025\/10\/image-67.png 236w, https:\/\/webs.uab.cat\/cedid\/wp-content\/uploads\/sites\/151\/2025\/10\/image-67-213x300.png 213w\" sizes=\"auto, (max-width: 236px) 100vw, 236px\" \/><\/figure><div class=\"wp-block-media-text__content\">\n<p><strong>Molinero, Carme, y Pere Ys\u00e0s: <em>Alianza Popular\/Partido Popular. Del franquismo a la democracia (1976-1996), <\/em>Granada, Comares, 2025. <\/strong><\/p>\n\n\n\n<p>Alianza Popular se cre\u00f3 en 1976 por miembros destacados de la clase pol\u00edtica franquista para concurrir a las anunciadas elecciones a Cortes, con el objetivo de reconducir la \u00abreforma pol\u00edtica\u00bb y evitar la apertura de un proceso constituyente y la derogaci\u00f3n completa del ordenamiento dictatorial. El 15 de junio de 1977 sus candidaturas obtuvieron un fracaso clamoroso y AP inici\u00f3 una larga traves\u00eda del desierto hasta lograr una muy ajustada victoria en las elecciones generales de 1996.<br>En ese largo viaje que el libro analiza detenidamente, AP se convirti\u00f3 en 1982 en el principal partido de la derecha, pero con un techo electoral que hac\u00eda imposible llegar al gobierno. Para conseguirlo realiz\u00f3 continuados virajes al \u00abcentro\u00bb y a la moderaci\u00f3n, refundarse, adoptando en 1989 la denominaci\u00f3n de Partido Popular y lograr su aceptaci\u00f3n en el PP europeo.<br>El libro permite a los lectores apreciar la trayectoria de AP\/PP a lo largo de los 20 primeros a\u00f1os de la democracia espa\u00f1ola. Con cambios relevantes: AP no fue part\u00edcipe del consenso constitucional, pero acab\u00f3 reivindicando su condici\u00f3n de partido constitucionalista y autonomista. Igualmente, rechaz\u00f3 la mayor parte de la legislaci\u00f3n reformista, tanto de los gobiernos de UCD como del PSOE, pero con el paso del tiempo acab\u00f3 acept\u00e1ndola, consciente de su apoyo mayoritario en la sociedad espa\u00f1ola. Y, al mismo tiempo, con continuidades importantes, entre las que se pueden destacar la voluntad de ocupar todo el espacio pol\u00edtico a la derecha del PSOE, y una pr\u00e1ctica opositora caracterizada por la recurrente denuncia de una situaci\u00f3n catastr\u00f3fica del pa\u00eds, a veces al borde del derrumbe de la econom\u00eda, de la anarqu\u00eda o de la ruptura de la unidad de Espa\u00f1a.<\/p>\n<\/div><\/div>\n\n\n\n<p><\/p>\n","protected":false},"excerpt":{"rendered":"<p>Herrer\u00edn L\u00f3pez, \u00c1ngel; Moreno Seco, M\u00f3nica; Vargas, Bruno (coords), Radiograf\u00eda del antifranquismo en Espa\u00f1a y Francia (1939-1977). Partidos, sindicatos y movimientos sociales, UNED, 2025. El presente libro trata de ofrecer un panorama actualizado sobre aquellos movimientos pol\u00edticos, sociales y culturales que actuaron contra la dictadura franquista y defendieron, o acabaron defendiendo, una Espa\u00f1a democr\u00e1tica. Una [&hellip;]<\/p>\n","protected":false},"author":96,"featured_media":0,"parent":0,"menu_order":0,"comment_status":"closed","ping_status":"closed","template":"","meta":{"footnotes":""},"class_list":["post-9848","page","type-page","status-publish","hentry"],"_links":{"self":[{"href":"https:\/\/webs.uab.cat\/cedid\/es\/wp-json\/wp\/v2\/pages\/9848","targetHints":{"allow":["GET"]}}],"collection":[{"href":"https:\/\/webs.uab.cat\/cedid\/es\/wp-json\/wp\/v2\/pages"}],"about":[{"href":"https:\/\/webs.uab.cat\/cedid\/es\/wp-json\/wp\/v2\/types\/page"}],"author":[{"embeddable":true,"href":"https:\/\/webs.uab.cat\/cedid\/es\/wp-json\/wp\/v2\/users\/96"}],"replies":[{"embeddable":true,"href":"https:\/\/webs.uab.cat\/cedid\/es\/wp-json\/wp\/v2\/comments?post=9848"}],"version-history":[{"count":37,"href":"https:\/\/webs.uab.cat\/cedid\/es\/wp-json\/wp\/v2\/pages\/9848\/revisions"}],"predecessor-version":[{"id":11128,"href":"https:\/\/webs.uab.cat\/cedid\/es\/wp-json\/wp\/v2\/pages\/9848\/revisions\/11128"}],"wp:attachment":[{"href":"https:\/\/webs.uab.cat\/cedid\/es\/wp-json\/wp\/v2\/media?parent=9848"}],"curies":[{"name":"wp","href":"https:\/\/api.w.org\/{rel}","templated":true}]}}