{"id":1972,"date":"2016-07-22T12:46:01","date_gmt":"2016-07-22T12:46:01","guid":{"rendered":"https:\/\/webs.uab.cat\/cedid\/social-movements-and-urban-protest\/"},"modified":"2016-07-22T12:46:01","modified_gmt":"2016-07-22T12:46:01","slug":"social-movements-and-urban-protest","status":"publish","type":"page","link":"https:\/\/webs.uab.cat\/cedid\/social-movements-and-urban-protest\/","title":{"rendered":"Social movements and urban protest"},"content":{"rendered":"<p align=\"justify\"><em><strong>1. Collective action and new political identities in modern urban space. Madrid (1860-1936) \/ Acci\u00f3 col\u00b7lectiva i noves identitats en l\u2019espai urb\u00e0 modern. Madrid (1860-1936) \/ Acci\u00f3n colectiva y nuevas identidades pol\u00edticas en el espacio urbano moderno. Madrid (1860-1936)<\/strong><\/em>.<br \/>P\u00e9rez-Olivares, Alejandro: \u201c<a href=\"http:\/\/ddd.uab.cat\/pub\/caplli\/2016\/157750\/Q17UPerez_Olivares_Alejandro.pdf\" target=\"_blank\" rel=\"noopener\">Una guerra moderna contra la Modernidad. Planificando la entrada en Madrid<\/a>\u201d.<\/p>\n<p><em><strong>2. The role of urban social movements in Brazil \/ El paper dels moviments socials urbans al Brasil \/ El papel de los movimientos sociales urbanos en Brasil.<\/strong><\/em><br \/>Cuesta G\u00f3mez, Jos\u00e9 Miguel: \u201c<a href=\"http:\/\/ddd.uab.cat\/pub\/caplli\/2016\/157751\/R18UCuesta_Jose_Miguel.pdf\" target=\"_blank\" rel=\"noopener\">El Moviment Nacional per la Reforma Urbana a Brasil. Una perspectiva comparada<\/a>\u201d.<br \/>Mello, Gustavo Moura de Cavalcanti: \u201c<a href=\"http:\/\/ddd.uab.cat\/pub\/caplli\/2016\/157752\/R19UMello_Gustavo_OK_.pdf\" target=\"_blank\" rel=\"noopener\">Os movimentos sociais na produ\u00e7\u00e3o do espa\u00e7o urbano \u2013 o caso de S\u00e3o Paulo<\/a>\u201d.<\/p>\n<p><em><strong>3. Trade unionism and political change \/ Sindicalisme i canvi pol\u00edtic \/ Sindicalismo y cambio pol\u00edtico.<\/strong><\/em><br \/>Gonz\u00e1lez P\u00e9rez, H\u00e9ctor Augusto: \u201c<a href=\"http:\/\/ddd.uab.cat\/pub\/caplli\/2016\/157753\/RB20UGonzalez_Perez_Hector_Augusto.pdf\" target=\"_blank\" rel=\"noopener\">Sindicalismo y Movimientos Sociales: \u00bfDivorcio o separaci\u00f3n amistosa?<\/a>\u201d<br \/>Sans Molas, Joel: \u201c<a href=\"http:\/\/ddd.uab.cat\/pub\/caplli\/2016\/157755\/RC21USans_Joel_OK_.pdf\" target=\"_blank\" rel=\"noopener\">Creuant el temps: la vaga general de Ripollet de 1982<\/a>\u201d.<\/p>\n<p><em><strong>4. Political violence and repression \/ Viol\u00e8ncia pol\u00edtica i repressi\u00f3 \/ Violencia pol\u00edtica y&nbsp; represi\u00f3n<\/strong><\/em><br \/>Casanellas, Pau: \u201c<a href=\"http:\/\/ddd.uab.cat\/pub\/caplli\/2016\/157756\/RD22UCasanellas_Pau_OK_.pdf\" target=\"_blank\" rel=\"noopener\">\u00abEllos dispararon primero\u00bb. Protesta, represi\u00f3n y violencia en los 68 europeos<\/a>\u201d.<br \/>Ferreira, Ana Sofia: \u201c<a href=\"http:\/\/ddd.uab.cat\/pub\/caplli\/2016\/158040\/RE23UFerreira_Ana_Sofia_OK_.pdf\" target=\"_blank\" rel=\"noopener\">A sedu\u00e7\u00e3o das armas. Radicaliza\u00e7\u00e3o na contesta\u00e7\u00e3o ao Estado Novo<\/a>\u201d.<br \/>Marques, Antonio Jos\u00e9: \u201c<a href=\"http:\/\/ddd.uab.cat\/pub\/caplli\/2016\/158041\/RF24UMarques_Antonio_Jose_OK_.pdf\" target=\"_blank\" rel=\"noopener\">O golpe militar contra os trabalhadores e as trabalhadoras. Sindicalistas mortos e desaparecidos durante a ditadura militar e a transi\u00e7\u00e3o civil no Brasil: 1964-1988<\/a>\u201d.<\/p>\n<p><em><strong>5.&nbsp; Antimilitarism and pacifism \/ Antimilitarisme i pacifisme \/ Antimilitarismo y pacifismo<\/strong><\/em><br \/>M\u00fcller, Ricardo Gaspar: \u201c<a href=\"http:\/\/ddd.uab.cat\/pub\/caplli\/2016\/158042\/RG25UMuller_Ricardo_G.pdf\" target=\"_blank\" rel=\"noopener\">Exterminismo y utop\u00eda: la estrategia pacifista de E. P. Thompson<\/a>\u201d.<br \/>Ord\u00e1s, Carlos \u00c1ngel: \u201c<a href=\"http:\/\/ddd.uab.cat\/pub\/caplli\/2016\/158043\/RH26UOrdas_Carlos_OK_.pdf\" target=\"_blank\" rel=\"noopener\">La articulaci\u00f3n del movimiento antimilitarista en Catalunya a trav\u00e9s de los grupos de objeci\u00f3n y los servicios civiles, 1975-1980<\/a>\u201d.<br \/>Pelz, William A.: \u201c<a href=\"http:\/\/ddd.uab.cat\/pub\/caplli\/2016\/158044\/RI27UPelz_William_A_OK_.pdf\" target=\"_blank\" rel=\"noopener\">Anti-War movements in Imperial Germany during the First World War: From Protest to Revolution<\/a>\u201d.<br \/>Strippoli, Giulia: \u201c<a href=\"http:\/\/ddd.uab.cat\/pub\/caplli\/2016\/158045\/RJ28UStrippoli_Giulia_OK_.pdf\" target=\"_blank\" rel=\"noopener\">Colonial war, anticolonialism and desertions during the Estado Novo. Portugal and abroad<\/a>\u201d.<\/p>\n","protected":false},"excerpt":{"rendered":"<p>1. Collective action and new political identities in modern urban space. Madrid (1860-1936) \/ Acci\u00f3 col\u00b7lectiva i noves identitats en l\u2019espai urb\u00e0 modern. Madrid (1860-1936) \/ Acci\u00f3n colectiva y nuevas identidades pol\u00edticas en el espacio urbano moderno. Madrid (1860-1936).P\u00e9rez-Olivares, Alejandro: \u201cUna guerra moderna contra la Modernidad. Planificando la entrada en Madrid\u201d. 2. The role of [&hellip;]<\/p>\n","protected":false},"author":20,"featured_media":0,"parent":0,"menu_order":0,"comment_status":"closed","ping_status":"closed","template":"","meta":{"footnotes":""},"class_list":["post-1972","page","type-page","status-publish","hentry"],"_links":{"self":[{"href":"https:\/\/webs.uab.cat\/cedid\/wp-json\/wp\/v2\/pages\/1972","targetHints":{"allow":["GET"]}}],"collection":[{"href":"https:\/\/webs.uab.cat\/cedid\/wp-json\/wp\/v2\/pages"}],"about":[{"href":"https:\/\/webs.uab.cat\/cedid\/wp-json\/wp\/v2\/types\/page"}],"author":[{"embeddable":true,"href":"https:\/\/webs.uab.cat\/cedid\/wp-json\/wp\/v2\/users\/20"}],"replies":[{"embeddable":true,"href":"https:\/\/webs.uab.cat\/cedid\/wp-json\/wp\/v2\/comments?post=1972"}],"version-history":[{"count":0,"href":"https:\/\/webs.uab.cat\/cedid\/wp-json\/wp\/v2\/pages\/1972\/revisions"}],"wp:attachment":[{"href":"https:\/\/webs.uab.cat\/cedid\/wp-json\/wp\/v2\/media?parent=1972"}],"curies":[{"name":"wp","href":"https:\/\/api.w.org\/{rel}","templated":true}]}}