{"id":447,"date":"2012-06-26T18:01:16","date_gmt":"2012-06-26T18:01:16","guid":{"rendered":"https:\/\/webs.uab.cat\/cedid\/memories-anuals-del-cefid\/"},"modified":"2024-11-09T19:48:29","modified_gmt":"2024-11-09T19:48:29","slug":"memories-anuals-del-cefid","status":"publish","type":"page","link":"https:\/\/webs.uab.cat\/cedid\/memories-anuals-del-cefid\/","title":{"rendered":"Mem\u00f2ries anuals del centre"},"content":{"rendered":"\n<p><span style=\"color: #008000\">Mem\u00f2ria biennal d&#8217;activitats del CEDID (2021-2022): <\/span><a href=\"https:\/\/webs.uab.cat\/cedid\/wp-content\/uploads\/sites\/151\/2024\/02\/MEMORIA-2021-2022_CAT.pdf\" target=\"_blank\" rel=\"noreferrer noopener\">format PDF<\/a> \/ <a href=\"https:\/\/issuu.com\/cedid-uab\/docs\/mem_ria_2021-2022_cat\" target=\"_blank\" rel=\"noreferrer noopener\">format ISSUU<\/a><\/p>\n\n\n\n<p><span style=\"color: #008000\">Mem\u00f2ria d&#8217;activitats del CEDID (2020):<\/span> <a href=\"https:\/\/webs.uab.cat\/cedid\/wp-content\/uploads\/sites\/151\/2023\/05\/Memo\u0300ria-CEDID-2020_CAT.pdf\" target=\"_blank\" rel=\"noreferrer noopener\">format PDF<\/a> \/ <a rel=\"noopener\" href=\"https:\/\/issuu.com\/cedid-uab\/docs\/memo_ria_cedid_2020_cat\" target=\"_blank\">format ISSUU<\/a><\/p>\n\n\n\n<p><span style=\"color: #008000\">Mem\u00f2ria biennal d&#8217;activitats del CEDID (2018-2019):<\/span><span style=\"color: #2f4f4f\">&nbsp;<\/span> <a href=\"https:\/\/webs.uab.cat\/cedid\/wp-content\/uploads\/sites\/151\/2012\/06\/memoria_2018-2019_cat.pdf\" target=\"_blank\" rel=\"noopener\">format PDF<\/a> \/&nbsp; <a href=\"https:\/\/issuu.com\/cedid-uab\/docs\/mem_ria_cedid_2018-2019\" target=\"_blank\" rel=\"noopener\">format ISSUU<\/a><\/p>\n\n\n\n<p><a href=\"https:\/\/webs.uab.cat\/cedid\/wp-content\/uploads\/sites\/151\/2012\/06\/memoria_2017_cat.pdf\" target=\"_blank\" rel=\"noopener\">Mem\u00f2ria d&#8217;activitats del CEDID (2017)<\/a><\/p>\n\n\n\n<p><a href=\"https:\/\/webs.uab.cat\/cedid\/wp-content\/uploads\/sites\/151\/2012\/06\/memoria_2016_cat.pdf\" target=\"_blank\" rel=\"noopener\">Mem\u00f2ria d&#8217;activitats del CEFID (2016)<\/a><\/p>\n\n\n\n<p><a href=\"https:\/\/webs.uab.cat\/cedid\/wp-content\/uploads\/sites\/151\/2012\/06\/memoria_2015_cat.pdf\" target=\"_blank\" rel=\"noopener\">Mem\u00f2ria d&#8217;activitats del CEFID (2015)<\/a><\/p>\n\n\n\n<p><a href=\"https:\/\/webs.uab.cat\/cedid\/wp-content\/uploads\/sites\/151\/2012\/06\/memoria_2014cat.pdf\" target=\"_blank\" rel=\"noopener\">Mem\u00f2ria d&#8217;activitats del CEFID (2014)<\/a><\/p>\n\n\n\n<p><a href=\"https:\/\/webs.uab.cat\/cedid\/wp-content\/uploads\/sites\/151\/2012\/06\/memoria_2013-ct.pdf\" target=\"_blank\" rel=\"noopener\">Mem\u00f2ria d&#8217;activitats del CEFID (2013)<\/a><\/p>\n\n\n\n<p><a href=\"https:\/\/webs.uab.cat\/cedid\/wp-content\/uploads\/sites\/151\/2012\/06\/memoria_cefid_2012-ct.pdf\" target=\"_blank\" rel=\"noopener\">Mem\u00f2ria d&#8217;activitats del CEFID (2012)<\/a><\/p>\n\n\n\n<p><a href=\"https:\/\/webs.uab.cat\/cedid\/wp-content\/uploads\/sites\/151\/2012\/06\/memoria_cefid_2011-ct.pdf\" target=\"_blank\" rel=\"noopener\">Mem\u00f2ria d&#8217;activitats del CEFID (2011)<\/a><\/p>\n\n\n\n<p><a href=\"https:\/\/https:\/\/centresderecerca.uab.cat\/cedid\/sites\/centresderecerca.uab.cat.cedid\/files\/memoria_cefid_2010-ct.pdf\" target=\"_blank\" rel=\"noopener\">Mem\u00f2ria d&#8217;activitats del CEFID (2010)<\/a><\/p>\n\n\n\n<p><a href=\"https:\/\/webs.uab.cat\/cedid\/wp-content\/uploads\/sites\/151\/2012\/06\/memoria_cefid_2009-ct.pdf\" target=\"_blank\" rel=\"noopener\">Mem\u00f2ria d&#8217;activitats del CEFID (2009)<\/a><\/p>\n\n\n\n<p><a href=\"https:\/\/webs.uab.cat\/cedid\/wp-content\/uploads\/sites\/151\/2012\/06\/breu_memoria_2002-2011.pdf\" target=\"_blank\" rel=\"noopener\">Breu mem\u00f2ria d&#8217;activitats (2002-2011)<\/a><\/p>\n","protected":false},"excerpt":{"rendered":"<p>Mem\u00f2ria biennal d&#8217;activitats del CEDID (2021-2022): format PDF \/ format ISSUU Mem\u00f2ria d&#8217;activitats del CEDID (2020): format PDF \/ format ISSUU Mem\u00f2ria biennal d&#8217;activitats del CEDID (2018-2019):&nbsp; format PDF \/&nbsp; format ISSUU Mem\u00f2ria d&#8217;activitats del CEDID (2017) Mem\u00f2ria d&#8217;activitats del CEFID (2016) Mem\u00f2ria d&#8217;activitats del CEFID (2015) Mem\u00f2ria d&#8217;activitats del CEFID (2014) Mem\u00f2ria d&#8217;activitats del [&hellip;]<\/p>\n","protected":false},"author":20,"featured_media":0,"parent":0,"menu_order":0,"comment_status":"closed","ping_status":"closed","template":"","meta":{"footnotes":""},"class_list":["post-447","page","type-page","status-publish","hentry"],"_links":{"self":[{"href":"https:\/\/webs.uab.cat\/cedid\/wp-json\/wp\/v2\/pages\/447","targetHints":{"allow":["GET"]}}],"collection":[{"href":"https:\/\/webs.uab.cat\/cedid\/wp-json\/wp\/v2\/pages"}],"about":[{"href":"https:\/\/webs.uab.cat\/cedid\/wp-json\/wp\/v2\/types\/page"}],"author":[{"embeddable":true,"href":"https:\/\/webs.uab.cat\/cedid\/wp-json\/wp\/v2\/users\/20"}],"replies":[{"embeddable":true,"href":"https:\/\/webs.uab.cat\/cedid\/wp-json\/wp\/v2\/comments?post=447"}],"version-history":[{"count":6,"href":"https:\/\/webs.uab.cat\/cedid\/wp-json\/wp\/v2\/pages\/447\/revisions"}],"predecessor-version":[{"id":8604,"href":"https:\/\/webs.uab.cat\/cedid\/wp-json\/wp\/v2\/pages\/447\/revisions\/8604"}],"wp:attachment":[{"href":"https:\/\/webs.uab.cat\/cedid\/wp-json\/wp\/v2\/media?parent=447"}],"curies":[{"name":"wp","href":"https:\/\/api.w.org\/{rel}","templated":true}]}}