{"id":651,"date":"2012-06-28T18:05:04","date_gmt":"2012-06-28T18:05:04","guid":{"rendered":"https:\/\/webs.uab.cat\/cedid\/cicle-de-conferencies-gref\/"},"modified":"2024-11-13T17:33:35","modified_gmt":"2024-11-13T17:33:35","slug":"cicle-de-conferencies-gref","status":"publish","type":"page","link":"https:\/\/webs.uab.cat\/cedid\/cicle-de-conferencies-gref\/","title":{"rendered":"Cicle de confer\u00e8ncies GREF"},"content":{"rendered":"\n<p><strong>1968, a una i altra banda dels Pirineus<\/strong><\/p>\n\n\n\n<p>23 de mar\u00e7 de 2018<br><em>El 68 franc\u00e8s, una revoluci\u00f3 que tan sols va esclatar?<\/em>, a c\u00e0rrec de Brice Chamouleau (Universit\u00e9 Paris 8)<br><em>1968 i\/a la societat espanyola<\/em>, a c\u00e0rrec de Jaime Pastor (UNED)<\/p>\n\n\n\n<p><a rel=\"noreferrer noopener\" href=\"https:\/\/webs.uab.cat\/cedid\/wp-content\/uploads\/sites\/151\/2023\/06\/Cartell_-conferencies_GREF.pdf\" target=\"_blank\">Programa<\/a><\/p>\n\n\n\n<p><a href=\"https:\/\/www.youtube.com\/watch?v=9paXIOwM1NA\">Ves al video<\/a><\/p>\n\n\n\n<hr class=\"wp-block-separator has-alpha-channel-opacity\" \/>\n\n\n\n<p><strong>Una d\u00e8cada de canvis: cultura i pol\u00edtica, 1967-1977<\/strong><\/p>\n\n\n\n<p>24 de mar\u00e7 de 2017<br><em>La cultura contestat\u00e0ria<\/em>. A c\u00e0rrec de Jordi Mir (Universitat Pompeu Fabra)<br><em>Les &#8220;revolucions&#8221; del 68<\/em>. A c\u00e0rrec de Manuel Loff (Universidade do Porto)<\/p>\n\n\n\n<p><a rel=\"noreferrer noopener\" href=\"https:\/\/webs.uab.cat\/cedid\/wp-content\/uploads\/sites\/151\/2023\/06\/Cartelldefinitiu.pdf\" target=\"_blank\">Programa<\/a><\/p>\n\n\n\n<p><a href=\"https:\/\/www.youtube.com\/watch?v=fVMkVwP1WqA\">Ves al video 1<\/a><\/p>\n\n\n\n<p><a href=\"https:\/\/www.youtube.com\/watch?v=qlmc6cZJOq4\">Ves al video 2<\/a><\/p>\n\n\n\n<hr class=\"wp-block-separator has-alpha-channel-opacity\" \/>\n\n\n\n<p><strong>La Caputxinada i el moviment estudiantil antifranquista<\/strong><\/p>\n\n\n\n<p>4 de mar\u00e7 de 2016<br><em>El moviment estudiantil: efervesc\u00e8ncies pol\u00edtico-culturals i ruptura generacional<\/em>. A c\u00e0rrec d&#8217;Alberto Carrillo-Linares (Universidad de Sevilla)<br><em>Taula rodona: els protagonistes<\/em>. Amb Joan Clavera i Xavier Folch.<\/p>\n\n\n\n<p><a href=\"http:\/\/centresderecerca.uab.cat\/cedid\/sites\/centresderecerca.uab.cat.cedid\/files\/Cartell_confer%C3%A8ncies_GREF_2016.pdf\" target=\"_blank\" rel=\"noopener\">Programa<\/a><\/p>\n\n\n\n<hr class=\"wp-block-separator has-alpha-channel-opacity\" \/>\n\n\n\n<p><strong>L&#8217;exili republic\u00e0 de 1939<\/strong><\/p>\n\n\n\n<p>20 de mar\u00e7 de 2015<br>&#8220;Identidades y culturas pol\u00edticas del exilio republicano&#8221;, a c\u00e0rrec de Abd\u00f3n Mateos (UNED)<br>&#8220;L\u2019exili catal\u00e0, 1939-1954&#8221;, a c\u00e0rrec de Francesc Vilanova (UAB)<\/p>\n\n\n\n<p><a href=\"http:\/\/centresderecerca.uab.cat\/cedid\/sites\/centresderecerca.uab.cat.cedid\/files\/Cartell%20confer\u00e8ncies.pdf\" target=\"_blank\" rel=\"noopener\">Programa<\/a><\/p>\n\n\n\n<hr class=\"wp-block-separator has-alpha-channel-opacity\" \/>\n\n\n\n<p><strong>La Revoluci\u00f3 dels Clavells i Espanya<\/strong><\/p>\n\n\n\n<p>14 de mar\u00e7 de 2014:<br>\u201cLa revoluci\u00f3n portuguesa de 1974\u201d, a c\u00e0rrec de Manuel Loff (Universidad do Porto)<br>\u201cEl franquisme en crisis\u201d, a c\u00e0rrec de Carme Molinero (UAB)<\/p>\n\n\n\n<p>21 de mar\u00e7 de 2014:<br>\u201cLa influ\u00e8ncia de la revoluci\u00f3 portuguesa a Espanya&#8221;, a c\u00e0rrec de Josep S\u00e1nchez Cervell\u00f3 (Universitat Rovira i Virgili)<\/p>\n\n\n\n<p><a href=\"http:\/\/centresderecerca.uab.cat\/cedid\/sites\/centresderecerca.uab.cat.cedid\/files\/ISO-8859-1''Cartell%20cicle%20confer\u010dncies%20gref%202014.pdf\" target=\"_blank\" rel=\"noopener\">Programa<\/a><\/p>\n\n\n\n<hr class=\"wp-block-separator has-alpha-channel-opacity\" \/>\n\n\n\n<p class=\"has-small-font-size\"><strong>De la Secci\u00f3n Femenina al movimento feminista. Dones, franquisme i transici\u00f3<\/strong><\/p>\n\n\n\n<p>8 de mar\u00e7 de 2013<br>&#8220;Dones, g\u00e8nere i poder durant el franquisme&#8221;, a c\u00e0rrec de: \u00c1ngela Cenarro (Universidad de Zaragoza)<br>&#8220;Dones, g\u00e8nere i condicions laborals durant el franquisme&#8221;, a c\u00e0rrec de: Carmen Sarasua (UAB) Dones, g\u00e8nere i poder durant el franquisme<\/p>\n\n\n\n<p>15 de mar\u00e7 de 2013<br>&#8220;L&#8217;aportaci\u00f3 del feminisme a la construcci\u00f3 de la cultura pol\u00edtica democr\u00e0tica&#8221;, a c\u00e0rrec de: Pilar Toboso (Universidad Aut\u00f3noma de Madrid)<\/p>\n\n\n\n<p><a href=\"http:\/\/centresderecerca.uab.cat\/cedid\/sites\/centresderecerca.uab.cat.cedid\/files\/Cartell%202013.pdf\" target=\"_blank\" rel=\"noopener\">Programa<\/a><\/p>\n\n\n\n<hr class=\"wp-block-separator has-alpha-channel-opacity\" \/>\n\n\n\n<p><strong>Societat i pol\u00edtica durant el primer franquisme<\/strong><\/p>\n\n\n\n<p>16 de mar\u00e7 de 2012<br>&#8220;Pol\u00edtiques de consens i actituds socials durant el primer franquisme&#8221;, a c\u00e0rrec de: Pere Ys\u00e0s (UAB)<br>&#8220;El poder local en la configuraci\u00f3 de l\u2019Estat franquista&#8221;, a c\u00e0rrec de: Juli\u00e1n Sanz (Universitat de Val\u00e8ncia)<\/p>\n\n\n\n<p>23 de mar\u00e7 de 2012<br>&#8220;La immigraci\u00f3 de postguerra, un origen pol\u00edtic?&#8221;, a c\u00e0rrec de: Mart\u00ed Mar\u00edn (UAB)<br>&#8220;La pol\u00edtica penitenci\u00e0ria en la consolidaci\u00f3 de l\u2019Estat franquista&#8221;, a c\u00e0rrec de: Gutmaro G\u00f3mez Bravo (Universidad Complutense de Madrid)<\/p>\n\n\n\n<p><a href=\"http:\/\/centresderecerca.uab.cat\/cedid\/sites\/centresderecerca.uab.cat.cedid\/files\/ISO-8859-1''Societat%20i%20pol\u00edtica%20primer%20franquisme.pdf\" target=\"_blank\" rel=\"noopener\">Programa<\/a><\/p>\n\n\n\n<hr class=\"wp-block-separator has-alpha-channel-opacity\" \/>\n\n\n\n<p><strong>L&#8217;Esgl\u00e9sia i els cat\u00f2lics durant el franquisme<\/strong><\/p>\n\n\n\n<p>1 d&#8217;abril de 2011<br>&#8220;L&#8217;Esgl\u00e9sia en el primer franquisme&#8221;, a c\u00e0rrec de: Juli\u00e1n Casanova (Universidad de Zaragoza)<\/p>\n\n\n\n<p>8 d&#8217;abril de 2011<br>&#8220;Les dissid\u00e8ncies cat\u00f2liques&#8221;, a c\u00e0rrec de: Rafael D\u00edaz Salazar (Universidad Complutense de Madrid)<br>&#8220;L&#8217;Esgl\u00e9sia espanyola i el Vatic\u00e0 despr\u00e9s del Concili&#8221;, a c\u00e0rrec de: Giuliana di Febo (Universit\u00e0 degli Studi Roma Tre)<\/p>\n\n\n\n<p><a href=\"http:\/\/centresderecerca.uab.cat\/cedid\/sites\/centresderecerca.uab.cat.cedid\/files\/cartell_esglesia.pdf\" target=\"_blank\" rel=\"noopener\">Programa<\/a><\/p>\n\n\n\n<hr class=\"wp-block-separator has-alpha-channel-opacity\" \/>\n\n\n\n<p><strong>Els movimients socials antifranquistes<\/strong><\/p>\n\n\n\n<p>5 de mar\u00e7 de 2010<br>&#8220;El moviment obrer&#8221;, a c\u00e0rrec de: Rub\u00e9n Vega (Universidad de Oviedo)<br>&#8220;El moviment ve\u00efnal&#8221;, a c\u00e0rrec de: Ricard Mart\u00ednez i Muntada (UAB-CEFID)<\/p>\n\n\n\n<p>12 de mar\u00e7 de 2010<br>&#8220;El moviment estudiantil&#8221;, a c\u00e0rrec de: Sergio Rodr\u00edguez Tejada (Universitat de Val\u00e8ncia)<br>&#8220;L&#8217;activisme cultural&#8221;, a c\u00e0rrec de: Borja de Riquer (UAB-CEFID)<\/p>\n\n\n\n<p><a href=\"http:\/\/centresderecerca.uab.cat\/cedid\/sites\/centresderecerca.uab.cat.cedid\/files\/Cartell%20moviments%20socials%20antifranquistes.pdf\" target=\"_blank\" rel=\"noopener\">Programa<\/a><\/p>\n\n\n\n<hr class=\"wp-block-separator has-alpha-channel-opacity\" \/>\n\n\n\n<p><strong>1939: <em>A\u00f1o de la Victoria<\/em><\/strong><\/p>\n\n\n\n<p>20 de mar\u00e7 de 2009<br>&#8220;L&#8217;exili republic\u00e0&#8221;, a c\u00e0rrec de: Francesc Vilanova (Universitat Aut\u00f2noma de Barcelona)<br>&#8220;La repressi\u00f3 franquista&#8221;, a c\u00e0rrec de: Contxita Mir, Universitat de Lleida<\/p>\n\n\n\n<p>27 de mar\u00e7 de 2009<br>&#8220;El franquisme entre dues guerres&#8221;, a c\u00e0rrec de: Rosa Pardo (Universidad Nacional de Educaci\u00f3n a Distancia)<br>&#8220;L&#8217;Esgl\u00e9sia de la Croada&#8221;, a c\u00e0rrec de: Juli\u00e1n Casanova (Univesidad de Zaragoza)<\/p>\n\n\n\n<p><a href=\"http:\/\/centresderecerca.uab.cat\/cedid\/sites\/centresderecerca.uab.cat.cedid\/files\/ISO-8859-1''Cartell%201939%20a\u00f1o%20de%20la%20victoria.pdf\" target=\"_blank\" rel=\"noopener\">Programa<\/a><\/p>\n\n\n\n<hr class=\"wp-block-separator has-alpha-channel-opacity\" \/>\n\n\n\n<p><strong>Cinema i franquisme: propaganda i realitat social.<\/strong><\/p>\n\n\n\n<p>7 de mar\u00e7 de 2008<br><em>Raza<\/em> (1942) de Jos\u00e9 Luis S\u00e1enz de Heredia, presentaci\u00f3 i conducci\u00f3 del debat a c\u00e0rrec de Vicente S\u00e1nchez-Biosca (Universitat de Val\u00e8ncia)<\/p>\n\n\n\n<p>8 de mar\u00e7 de 2008<br><em>La colmena<\/em> (1982) de Mario Camus, presentaci\u00f3 i conducci\u00f3 del debat a c\u00e0rrec de Juan Rodr\u00edguez (Universitat Aut\u00f2noma de Barcelona)<\/p>\n\n\n\n<p><a href=\"http:\/\/centresderecerca.uab.cat\/cedid\/sites\/centresderecerca.uab.cat.cedid\/files\/Cartell%20Cinema%20i%20Franquisme%20C.pdf\" target=\"_blank\" rel=\"noopener\">Programa<\/a><\/p>\n\n\n\n<hr class=\"wp-block-separator has-alpha-channel-opacity\" \/>\n\n\n\n<p><strong>Franquisme i vida quotidiana<\/strong><\/p>\n\n\n\n<p>16 de mar\u00e7 de 2007<br>&#8220;Mis\u00e8ria i opul\u00e8ncia a la postguerra&#8221;, a c\u00e0rrec de: R. Reig (Universitat de Val\u00e8ncia)<br>&#8220;Els anys 50 i la cultura nacionalcat\u00f2lica&#8221;, a c\u00e0rrec de: A. Canales (Universidad de La Laguna)<\/p>\n\n\n\n<p>23 de mar\u00e7 de 2007<br>&#8220;Els anys seixanta: una societat en transformaci\u00f3&#8221;, a c\u00e0rrec de: Glicerio S\u00e1nchez (Universitat d&#8217;Alacant)<br>&#8220;Els setanta: una societat efervescent&#8221;, a c\u00e0rrec de: Miguel \u00c1ngel Ruiz Carnicer (Universidad de Zaragoza)<\/p>\n\n\n\n<hr class=\"wp-block-separator has-alpha-channel-opacity\" \/>\n\n\n\n<p><strong>Pol\u00edtiques de g\u00e8nere i condici\u00f3 femenina durant la II Rep\u00fablica i el franquisme<\/strong><\/p>\n\n\n\n<p>24 de mar\u00e7 de 2006<br>&#8220;Ciutadania femenina i identitat de g\u00e8nere a la II Rep\u00fablica&#8221;, a c\u00e0rrec d&#8217;Anna Aguado (Universitat de Val\u00e8ncia)<br>&#8220;Models de g\u00e8nere i propaganda franquista&#8221;, a c\u00e0rrec de Marie-Aline Barrachina (Universitat de Nice)<\/p>\n\n\n\n<p>31 de mar\u00e7 de 2006<br>&#8220;El presidi pol\u00edtic femen\u00ed en la dictadura franquista&#8221;, a c\u00e0rrec de Ricard Vinyes (Universitat de Barcelona)<br>&#8220;Les dones i la pol\u00edtica: marc legislatiu i realitat social&#8221;, a c\u00e0rrec de Gloria Nielfa (Universidad Complutense de Madrid)<\/p>\n\n\n\n<hr class=\"wp-block-separator has-alpha-channel-opacity\" \/>\n\n\n\n<p><strong>Espanya i la II Guerra Mundial<\/strong><\/p>\n\n\n\n<p>4 de mar\u00e7 de 2005<br>&#8220;El Nou Ordre Europeu&#8221;, a c\u00e0rrec de Manuel Loff (Universitat d&#8217; Oporto)<br>Projecci\u00f3 del film <em>Nit i boira<\/em> (Alain Resnais) i col\u00b7loqui amb Enric Marco (Amical de Mauthausen)<\/p>\n\n\n\n<p>11 de mar\u00e7 de 2005<br>&#8220;Espanya i el Nou Ordre Europeu&#8221;, a c\u00e0rrec de Manuel Ros Agudo (Universitat San Pablo-CEU)<br>&#8220;La <em>Divisi\u00f3n Azul<\/em> i la col\u00b7laboraci\u00f3 nazi-franquista&#8221;, a c\u00e0rrec de Xavier Moreno Juli\u00e0 (Universitat Rovira i Virgili)<\/p>\n\n\n\n<hr class=\"wp-block-separator has-alpha-channel-opacity\" \/>\n\n\n\n<p><strong>Les migracions: fenomen social i pol\u00edtic<\/strong><\/p>\n\n\n\n<p>19 de mar\u00e7 de 2004<br>&#8220;L&#8217;emigraci\u00f3 dels seixanta a Europa: anomia i mobilitzaci\u00f3&#8221;, a c\u00e0rrec de Jos\u00e9 Babiano (Fundaci\u00f3n Primero de Mayo)<br>&#8220;Immigrants d&#8217;ahir i d&#8217;avui&#8221;, a c\u00e0rrec de Jaume Botey (Universitat Aut\u00f2noma de Barcelona)<\/p>\n\n\n\n<p>26 de mar\u00e7 de 2004<br>&#8220;Una emigraci\u00f3 pol\u00edtica i econ\u00f2mica&#8221;, a c\u00e0rrec d&#8217;Angelina Puig, historiadora<br>&#8220;Les pol\u00edtiques franquistes vers la migraci\u00f3&#8221;, a c\u00e0rrec de Mart\u00ed Mar\u00edn (Universitat Aut\u00f2noma de Barcelona)<\/p>\n\n\n\n<hr class=\"wp-block-separator has-alpha-channel-opacity\" \/>\n\n\n\n<p><strong>Els aliats de Franco 1936-1953<\/strong><\/p>\n\n\n\n<p>28 de mar\u00e7 de 2003<br>&#8220;L&#8217;amic americ\u00e0&#8221;, a c\u00e0rrec de Rosa Pardo (UNED)<br>&#8220;L&#8217;aval vatic\u00e0&#8221;, a c\u00e0rrec d&#8217;Hilari Raguer (Historiador)<\/p>\n\n\n\n<p>21 de mar\u00e7 de 2003<br>&#8220;L&#8217;alian\u00e7a amb nazis i feixistes durant la guerra i la postguerra&#8221;, a c\u00e0rrec d&#8217;Ismael Saz (Universitat de Val\u00e8ncia)<br>&#8220;L&#8217;ambival\u00e8ncia brit\u00e0nica respecte al franquisme&#8221;, a c\u00e0rrec d&#8217;Enrique Moradiellos (Universitat d&#8217;Extremadura)<\/p>\n\n\n\n<hr class=\"wp-block-separator has-alpha-channel-opacity\" \/>\n\n\n\n<p><strong>La lluita antifranquista<\/strong><\/p>\n\n\n\n<p>26 d&#8217;abril de 2002<br>&#8220;Cultura i lluita antifranquista&#8221;, a c\u00e0rrec de Manuel V\u00e1zquez Montalb\u00e1n (escriptor)<br>Taula Rodona: &#8220;Una immensa i diversa minoria&#8221;, amb la participaci\u00f3 de: Jos\u00e9 Luis L\u00f3pez Bulla (CC.OO.), Laura Tremosa (Col\u00b7legis Professionals), Carlos Prieto (Moviment Ve\u00efnal)<\/p>\n\n\n\n<p>19 d&#8217;abril de 2002<br>&#8220;Les guerrilles contra Franco&#8221;, a c\u00e0rrec de Secundino Serrano (I. B. Le\u00f3n)<br>&#8220;El sorgiment d&#8217;una nova oposici\u00f3&#8221;, a c\u00e0rrec d&#8217;Encarna Nicol\u00e1s (Universitat de Murica)<\/p>\n","protected":false},"excerpt":{"rendered":"<p>1968, a una i altra banda dels Pirineus 23 de mar\u00e7 de 2018El 68 franc\u00e8s, una revoluci\u00f3 que tan sols va esclatar?, a c\u00e0rrec de Brice Chamouleau (Universit\u00e9 Paris 8)1968 i\/a la societat espanyola, a c\u00e0rrec de Jaime Pastor (UNED) Programa Ves al video Una d\u00e8cada de canvis: cultura i pol\u00edtica, 1967-1977 24 de mar\u00e7 [&hellip;]<\/p>\n","protected":false},"author":20,"featured_media":0,"parent":0,"menu_order":0,"comment_status":"closed","ping_status":"closed","template":"","meta":{"footnotes":""},"class_list":["post-651","page","type-page","status-publish","hentry"],"_links":{"self":[{"href":"https:\/\/webs.uab.cat\/cedid\/wp-json\/wp\/v2\/pages\/651","targetHints":{"allow":["GET"]}}],"collection":[{"href":"https:\/\/webs.uab.cat\/cedid\/wp-json\/wp\/v2\/pages"}],"about":[{"href":"https:\/\/webs.uab.cat\/cedid\/wp-json\/wp\/v2\/types\/page"}],"author":[{"embeddable":true,"href":"https:\/\/webs.uab.cat\/cedid\/wp-json\/wp\/v2\/users\/20"}],"replies":[{"embeddable":true,"href":"https:\/\/webs.uab.cat\/cedid\/wp-json\/wp\/v2\/comments?post=651"}],"version-history":[{"count":8,"href":"https:\/\/webs.uab.cat\/cedid\/wp-json\/wp\/v2\/pages\/651\/revisions"}],"predecessor-version":[{"id":8608,"href":"https:\/\/webs.uab.cat\/cedid\/wp-json\/wp\/v2\/pages\/651\/revisions\/8608"}],"wp:attachment":[{"href":"https:\/\/webs.uab.cat\/cedid\/wp-json\/wp\/v2\/media?parent=651"}],"curies":[{"name":"wp","href":"https:\/\/api.w.org\/{rel}","templated":true}]}}