{"id":1956,"date":"2023-04-24T08:35:46","date_gmt":"2023-04-24T08:35:46","guid":{"rendered":"https:\/\/webs.uab.cat\/centrodelinguaportuguesacamoes\/?page_id=1956"},"modified":"2023-05-17T17:22:39","modified_gmt":"2023-05-17T17:22:39","slug":"minor-estudos-portugueses-uab","status":"publish","type":"page","link":"https:\/\/webs.uab.cat\/centrodelinguaportuguesacamoes\/minor-estudos-portugueses-uab\/","title":{"rendered":"M\u00ednor em estudos portugueses &#8211; UAB"},"content":{"rendered":"\n<p class=\"wp-block-paragraph\">O portugu\u00eas \u00e9 uma l\u00edngua de \u00e2mbito global: falada nos cinco continentes e instrumento oficial nos principais organismos internacionais. Neste M\u00ednor o estudante ter\u00e1 acesso e compet\u00eancia b\u00e1sica de esta l\u00edngua, assim como uma aproxima\u00e7\u00e3o s\u00f3lida na diversidade cultural que expressa-se em portugu\u00eas.<\/p>\n\n\n\n<p class=\"wp-block-paragraph\"><strong>O qu\u00e9 \u00e9 um m\u00ednor?<\/strong><\/p>\n\n\n\n<p class=\"wp-block-paragraph\">Um M\u00ednor \u00e9 um itiner\u00e1rio universit\u00e1rio organizado por um centro da UAB, dirigido a estudantes de diferentes titula\u00e7\u00f5es de licenciatura, a finalidade do qual \u00e9 que o estudante adquira compet\u00eancias pr\u00f3pias de um \u00e2mbito diferente \u00e0s que constituem o n\u00facleo principal da sua titula\u00e7\u00e3o de licenciatura, com cadeiras de outros planes de estudos.<\/p>\n\n\n\n<p class=\"wp-block-paragraph\">Se superam-se os cr\u00e9ditos necess\u00e1rios estabelecidos no plano de estudos do M\u00ednor:<\/p>\n\n\n\n<ol class=\"wp-block-list\"><li>Acredita-se no Suplemento ao Diploma Europass.<\/li><li>Os cr\u00e9ditos cursados no M\u00ednor far\u00e3o parte do total de cr\u00e9ditos necess\u00e1rios para obter a titula\u00e7\u00e3o de licenciado e ser\u00e3o considerados como cr\u00e9ditos optativos deste plano de estudos da licenciatura.<\/li><\/ol>\n\n\n\n<p class=\"wp-block-paragraph\"><strong>Objetivos concretos<\/strong><\/p>\n\n\n\n<p class=\"wp-block-paragraph\">O objetivo do M\u00ednor em Estudos Portugueses \u00e9 oferecer uma forma\u00e7\u00e3o b\u00e1sica na l\u00edngua e cultura para que o estudante possa se aproximar na diversidade lingu\u00edstica e cultural dos povos de l\u00edngua portuguesa. Tamb\u00e9m pretende dotar ao estudante de umas habilidades e compet\u00eancias lingu\u00edsticas para poder se desenvolver com efic\u00e1cia em ambientes profissionais e culturais onde o portugu\u00eas seja presente e o seu conhecimento, imprescind\u00edvel.<\/p>\n\n\n\n<p class=\"wp-block-paragraph\"><strong>Perfil do estudante<\/strong><\/p>\n\n\n\n<p class=\"wp-block-paragraph\">Este M\u00ednor dirige-se aos estudantes de licenciatura da UAB que queiram atingir uma compet\u00eancia lingu\u00edstica na l\u00edngua portuguesa, assim como uns conhecimentos da diversidade cultural em portugu\u00eas.<\/p>\n\n\n\n<p class=\"wp-block-paragraph\">N\u00e3o poder\u00e3o aceder a este M\u00ednor os alunos da Faculdade de Tradu\u00e7\u00e3o e Interpreta\u00e7\u00f5 que escolheram L\u00edngua Portuguesa como L\u00edngua C.<\/p>\n\n\n\n<p class=\"wp-block-paragraph\"><strong>Plano de estudos<\/strong><\/p>\n\n\n\n<p class=\"wp-block-paragraph\">O plano de estudos consta de 48 cr\u00e9ditos, e o estudante deve cursar 30, distribu\u00eddos em dois anos acad\u00e9micos.<\/p>\n\n\n\n<figure class=\"wp-block-table is-style-regular\"><table class=\"has-blanc-coco-background-color has-background\"><thead><tr><th><\/th><th>Cadeira<\/th><th>Cr\u00e9ditos ECTS<\/th><th>Dura\u00e7\u00e3o<\/th><\/tr><\/thead><tbody><tr><td>100042<\/td><td><a href=\"https:\/\/guies.uab.cat\/guies_docents\/public\/portal\/html\/2022\/assignatura\/100042\/ca\" data-type=\"URL\" data-id=\"https:\/\/guies.uab.cat\/guies_docents\/public\/portal\/html\/2022\/assignatura\/100042\/ca\">Idioma Moderno I: Portugu\u00eas<\/a><\/td><td>6<\/td><td>Semestral<\/td><\/tr><tr><td>100051<\/td><td><a href=\"https:\/\/guies.uab.cat\/guies_docents\/public\/portal\/html\/2022\/assignatura\/100051\/ca\" data-type=\"URL\" data-id=\"https:\/\/guies.uab.cat\/guies_docents\/public\/portal\/html\/2022\/assignatura\/100051\/ca\">Idioma Moderno II: Portugu\u00eas<\/a><\/td><td>6<\/td><td>Semestral<\/td><\/tr><tr><td>101406<\/td><td><a href=\"https:\/\/guies.uab.cat\/guies_docents\/public\/portal\/html\/2022\/assignatura\/101406\/ca\" data-type=\"URL\" data-id=\"https:\/\/guies.uab.cat\/guies_docents\/public\/portal\/html\/2022\/assignatura\/101406\/ca\">Idioma e Tradu\u00e7\u00e3o C1 (Portugu\u00eas)<\/a><\/td><td>9<\/td><td>Semestral<\/td><\/tr><tr><td>101397<\/td><td><a href=\"https:\/\/guies.uab.cat\/guies_docents\/public\/portal\/html\/2022\/assignatura\/101397\/ca\" data-type=\"URL\" data-id=\"https:\/\/guies.uab.cat\/guies_docents\/public\/portal\/html\/2022\/assignatura\/101397\/ca\">Idioma e Tradu\u00e7\u00e3o C2 (Portugu\u00eas)<\/a><\/td><td>9<\/td><td>Semestral<\/td><\/tr><tr><td>101415<\/td><td><a href=\"https:\/\/guies.uab.cat\/guies_docents\/public\/portal\/html\/2022\/assignatura\/101415\/ca\" data-type=\"URL\" data-id=\"https:\/\/guies.uab.cat\/guies_docents\/public\/portal\/html\/2022\/assignatura\/101415\/ca\">Literatura Estrangeira para Tradutores (Portugu\u00eas)<\/a><\/td><td>6<\/td><td>Semestral<\/td><\/tr><tr><td>101354<\/td><td><a href=\"https:\/\/guies.uab.cat\/guies_docents\/public\/portal\/html\/2022\/assignatura\/101354\/ca\" data-type=\"URL\" data-id=\"https:\/\/guies.uab.cat\/guies_docents\/public\/portal\/html\/2022\/assignatura\/101354\/ca\">Fundamentos para a Media\u00e7\u00e3o Cultural em Tradu\u00e7\u00e3o e Interpreta\u00e7\u00f5 C (Portugu\u00eas)<\/a><\/td><td>6<\/td><td>Semestral<\/td><\/tr><tr><td>103386<br><\/td><td><a href=\"https:\/\/guies.uab.cat\/guies_docents\/public\/portal\/html\/2020\/assignatura\/103386\/ca\" data-type=\"URL\" data-id=\"https:\/\/guies.uab.cat\/guies_docents\/public\/portal\/html\/2020\/assignatura\/103386\/ca\">Literatura Galega<\/a><\/td><td>6<\/td><td>Semestral<\/td><\/tr><\/tbody><\/table><\/figure>\n\n\n\n<p class=\"wp-block-paragraph\">Para mais informa\u00e7\u00f5es: <a href=\"https:\/\/www.uab.cat\/web\/estudis\/grau\/oferta-de-graus\/minors\/informacio-general-1345692270291.html?param1=1345692443624\" data-type=\"URL\" data-id=\"https:\/\/www.uab.cat\/web\/estudis\/grau\/oferta-de-graus\/minors\/informacio-general-1345692270291.html?param1=1345692443624\">Faculdade de Tradu\u00e7\u00e3o e Interpreta\u00e7\u00e3o (UAB)<\/a><\/p>\n","protected":false},"excerpt":{"rendered":"<p>O portugu\u00eas \u00e9 uma l\u00edngua de \u00e2mbito global: falada nos cinco continentes e instrumento oficial nos principais organismos internacionais. Neste M\u00ednor o estudante ter\u00e1 acesso e compet\u00eancia b\u00e1sica de esta l\u00edngua, assim como uma aproxima\u00e7\u00e3o s\u00f3lida na diversidade cultural que expressa-se em portugu\u00eas. O qu\u00e9 \u00e9 um m\u00ednor? Um M\u00ednor \u00e9 um itiner\u00e1rio universit\u00e1rio organizado [&hellip;]<\/p>\n","protected":false},"author":2319,"featured_media":0,"parent":0,"menu_order":0,"comment_status":"closed","ping_status":"closed","template":"","meta":{"footnotes":""},"class_list":["post-1956","page","type-page","status-publish","hentry"],"_links":{"self":[{"href":"https:\/\/webs.uab.cat\/centrodelinguaportuguesacamoes\/wp-json\/wp\/v2\/pages\/1956","targetHints":{"allow":["GET"]}}],"collection":[{"href":"https:\/\/webs.uab.cat\/centrodelinguaportuguesacamoes\/wp-json\/wp\/v2\/pages"}],"about":[{"href":"https:\/\/webs.uab.cat\/centrodelinguaportuguesacamoes\/wp-json\/wp\/v2\/types\/page"}],"author":[{"embeddable":true,"href":"https:\/\/webs.uab.cat\/centrodelinguaportuguesacamoes\/wp-json\/wp\/v2\/users\/2319"}],"replies":[{"embeddable":true,"href":"https:\/\/webs.uab.cat\/centrodelinguaportuguesacamoes\/wp-json\/wp\/v2\/comments?post=1956"}],"version-history":[{"count":4,"href":"https:\/\/webs.uab.cat\/centrodelinguaportuguesacamoes\/wp-json\/wp\/v2\/pages\/1956\/revisions"}],"predecessor-version":[{"id":3757,"href":"https:\/\/webs.uab.cat\/centrodelinguaportuguesacamoes\/wp-json\/wp\/v2\/pages\/1956\/revisions\/3757"}],"wp:attachment":[{"href":"https:\/\/webs.uab.cat\/centrodelinguaportuguesacamoes\/wp-json\/wp\/v2\/media?parent=1956"}],"curies":[{"name":"wp","href":"https:\/\/api.w.org\/{rel}","templated":true}]}}